{"id":10641,"date":"2017-08-04T08:45:59","date_gmt":"2017-08-04T07:45:59","guid":{"rendered":"https:\/\/visitaltotamegaebarroso.pt\/accueil-principal\/"},"modified":"2024-01-05T16:37:10","modified_gmt":"2024-01-05T16:37:10","slug":"accueil-principal","status":"publish","type":"page","link":"https:\/\/visitaltotamegaebarroso.pt\/fr\/","title":{"rendered":"Accueil principal"},"content":{"rendered":"<div class=\"wpb-content-wrapper\"><p>[vc_row content_text_aligment=\u00a0\u00bbcenter\u00a0\u00bb css=\u00a0\u00bb.vc_custom_1680486215967{padding-top: 49px !important;padding-bottom: 44px !important;}\u00a0\u00bb][vc_column][vc_column_text]<\/p>\n<h4 style=\"text-align: center;\"><span style=\"color: black;\">D\u00e9couvrez l&rsquo;Alto T\u00e2mega et le Barroso<\/span><\/h4>\n<p>[\/vc_column_text][\/vc_column][\/vc_row][vc_row css=\u00a0\u00bb.vc_custom_1680485899998{padding-top: 50px !important;padding-bottom: 104px !important;}\u00a0\u00bb][vc_column]<div class=\"mkdf-elements-holder   mkdf-one-column  mkdf-responsive-mode-768 \" ><div class=\"mkdf-eh-item    \"  data-item-class=\"mkdf-eh-custom-3452\" data-1024-1280=\"0 95px 0\" data-680-768=\"0 52px 0\" data-680=\"0 30px 0\">\n\t<div class=\"mkdf-eh-item-inner\">\n\t\t<div class=\"mkdf-eh-item-content mkdf-eh-custom-3452\" style=\"padding: 0 95px 0\">\n\t\t\t<div class=\"mkdf-tours-destination-grid\">\n\t\t\t<div class=\"mkdf-tours-destination-holder mkdf-tours-row mkdf-tr-tiny-space mkdf-tours-columns-3\">\n\t\t\t<div class=\"mkdf-tours-row-inner-holder\">\n\t\t\t\t\t\t\t\t\t\n\t\t\t\t\t\t\t\t\t\t\t<div class=\"mkdf-tours-destination-grid-item mkdf-tours-row-item post-11876 destinations type-destinations status-publish has-post-thumbnail hentry\">\n\t\t\t\t\t\t\t<div class=\"mkdf-tours-destination-item-holder\">\n\t\t\t\t\t\t\t\t<a href=\"https:\/\/visitaltotamegaebarroso.pt\/fr\/destinations\/boticas\/\">\n\t\t\t\t\t\t\t\t\t<div class=\"mkdf-tours-destination-item-image\">\n\t\t\t\t\t\t\t\t\t\t<img width=\"1100\" height=\"550\" src=\"https:\/\/visitaltotamegaebarroso.pt\/wp-content\/uploads\/2023\/03\/AF_castro-outeiro-lesenho-1100x550.jpg\" class=\"attachment-roam_mikado_landscape size-roam_mikado_landscape wp-post-image\" alt=\"Castro de Outeiro Lesenho\" decoding=\"async\" loading=\"lazy\" \/>\t\t\t\t\t\t\t\t\t<\/div>\n\n\t\t\t\t\t\t\t\t\t<div class=\"mkdf-tours-destination-item-content\">\n\t\t\t\t\t\t\t\t\t\t<div class=\"mkdf-tours-destination-item-content-table\">\n\t\t\t\t\t\t\t\t\t\t\t<div class=\"mkdf-tours-destination-item-content-table-cell\">\n\t\t\t\t\t\t\t\t\t\t\t\t<h4 class=\"mkdf-tours-destination-item-title\">\n\t\t\t\t\t\t\t\t\t\t\t\t\tBoticas\t\t\t\t\t\t\t\t\t\t\t\t<\/h4>\n\t\t\t\t\t\t\t\t\t\t\t\t\t\t\t\t\t\t\t\t\t\t\t\t\t<h5 class=\"mkdf-tours-destination-desc\">La S\u00e9duction de la Montagne...<\/h5>\n\t\t\t\t\t\t\t\t\t\t\t\t\t\t\t\t\t\t\t\t\t\t\t<\/div>\n\t\t\t\t\t\t\t\t\t\t<\/div>\n\t\t\t\t\t\t\t\t\t<\/div>\n\t\t\t\t\t\t\t\t<\/a>\n\t\t\t\t\t\t\t<\/div>\n\t\t\t\t\t\t<\/div>\n\t\t\t\t\t\t\t\t\t\t\t\t\t\t\n\t\t\t\t\t\t\t\t\t\t\t<div class=\"mkdf-tours-destination-grid-item mkdf-tours-row-item post-11879 destinations type-destinations status-publish has-post-thumbnail hentry\">\n\t\t\t\t\t\t\t<div class=\"mkdf-tours-destination-item-holder\">\n\t\t\t\t\t\t\t\t<a href=\"https:\/\/visitaltotamegaebarroso.pt\/fr\/destinations\/chaves\/\">\n\t\t\t\t\t\t\t\t\t<div class=\"mkdf-tours-destination-item-image\">\n\t\t\t\t\t\t\t\t\t\t<img width=\"1100\" height=\"550\" src=\"https:\/\/visitaltotamegaebarroso.pt\/wp-content\/uploads\/2023\/03\/Chaves_1-1100x550.jpg\" class=\"attachment-roam_mikado_landscape size-roam_mikado_landscape wp-post-image\" alt=\"Castelo de Chaves\" decoding=\"async\" loading=\"lazy\" \/>\t\t\t\t\t\t\t\t\t<\/div>\n\n\t\t\t\t\t\t\t\t\t<div class=\"mkdf-tours-destination-item-content\">\n\t\t\t\t\t\t\t\t\t\t<div class=\"mkdf-tours-destination-item-content-table\">\n\t\t\t\t\t\t\t\t\t\t\t<div class=\"mkdf-tours-destination-item-content-table-cell\">\n\t\t\t\t\t\t\t\t\t\t\t\t<h4 class=\"mkdf-tours-destination-item-title\">\n\t\t\t\t\t\t\t\t\t\t\t\t\tChaves\t\t\t\t\t\t\t\t\t\t\t\t<\/h4>\n\t\t\t\t\t\t\t\t\t\t\t\t\t\t\t\t\t\t\t\t\t\t\t\t\t<h5 class=\"mkdf-tours-destination-desc\">Municipalit\u00e9 romaine et thermale<\/h5>\n\t\t\t\t\t\t\t\t\t\t\t\t\t\t\t\t\t\t\t\t\t\t\t<\/div>\n\t\t\t\t\t\t\t\t\t\t<\/div>\n\t\t\t\t\t\t\t\t\t<\/div>\n\t\t\t\t\t\t\t\t<\/a>\n\t\t\t\t\t\t\t<\/div>\n\t\t\t\t\t\t<\/div>\n\t\t\t\t\t\t\t\t\t\t\t\t\t\t\n\t\t\t\t\t\t\t\t\t\t\t<div class=\"mkdf-tours-destination-grid-item mkdf-tours-row-item post-11880 destinations type-destinations status-publish has-post-thumbnail hentry\">\n\t\t\t\t\t\t\t<div class=\"mkdf-tours-destination-item-holder\">\n\t\t\t\t\t\t\t\t<a href=\"https:\/\/visitaltotamegaebarroso.pt\/fr\/destinations\/montalegre\/\">\n\t\t\t\t\t\t\t\t\t<div class=\"mkdf-tours-destination-item-image\">\n\t\t\t\t\t\t\t\t\t\t<img width=\"1100\" height=\"550\" src=\"https:\/\/visitaltotamegaebarroso.pt\/wp-content\/uploads\/2023\/03\/Montalegre_3-1100x550.jpg\" class=\"attachment-roam_mikado_landscape size-roam_mikado_landscape wp-post-image\" alt=\"Montalegre\" decoding=\"async\" loading=\"lazy\" \/>\t\t\t\t\t\t\t\t\t<\/div>\n\n\t\t\t\t\t\t\t\t\t<div class=\"mkdf-tours-destination-item-content\">\n\t\t\t\t\t\t\t\t\t\t<div class=\"mkdf-tours-destination-item-content-table\">\n\t\t\t\t\t\t\t\t\t\t\t<div class=\"mkdf-tours-destination-item-content-table-cell\">\n\t\t\t\t\t\t\t\t\t\t\t\t<h4 class=\"mkdf-tours-destination-item-title\">\n\t\t\t\t\t\t\t\t\t\t\t\t\tMontalegre\t\t\t\t\t\t\t\t\t\t\t\t<\/h4>\n\t\t\t\t\t\t\t\t\t\t\t\t\t\t\t\t\t\t\t\t\t\t\t\t\t<h5 class=\"mkdf-tours-destination-desc\">Une id\u00e9e de la nature...<\/h5>\n\t\t\t\t\t\t\t\t\t\t\t\t\t\t\t\t\t\t\t\t\t\t\t<\/div>\n\t\t\t\t\t\t\t\t\t\t<\/div>\n\t\t\t\t\t\t\t\t\t<\/div>\n\t\t\t\t\t\t\t\t<\/a>\n\t\t\t\t\t\t\t<\/div>\n\t\t\t\t\t\t<\/div>\n\t\t\t\t\t\t\t\t\t\t\t\t\t\t\n\t\t\t\t\t\t\t\t\t\t\t<div class=\"mkdf-tours-destination-grid-item mkdf-tours-row-item post-11882 destinations type-destinations status-publish has-post-thumbnail hentry\">\n\t\t\t\t\t\t\t<div class=\"mkdf-tours-destination-item-holder\">\n\t\t\t\t\t\t\t\t<a href=\"https:\/\/visitaltotamegaebarroso.pt\/fr\/destinations\/ribeira-de-pena\/\">\n\t\t\t\t\t\t\t\t\t<div class=\"mkdf-tours-destination-item-image\">\n\t\t\t\t\t\t\t\t\t\t<img width=\"1100\" height=\"550\" src=\"https:\/\/visitaltotamegaebarroso.pt\/wp-content\/uploads\/2023\/03\/RibeiradePena_4-1100x550.jpg\" class=\"attachment-roam_mikado_landscape size-roam_mikado_landscape wp-post-image\" alt=\"Ribeira de Pena\" decoding=\"async\" loading=\"lazy\" \/>\t\t\t\t\t\t\t\t\t<\/div>\n\n\t\t\t\t\t\t\t\t\t<div class=\"mkdf-tours-destination-item-content\">\n\t\t\t\t\t\t\t\t\t\t<div class=\"mkdf-tours-destination-item-content-table\">\n\t\t\t\t\t\t\t\t\t\t\t<div class=\"mkdf-tours-destination-item-content-table-cell\">\n\t\t\t\t\t\t\t\t\t\t\t\t<h4 class=\"mkdf-tours-destination-item-title\">\n\t\t\t\t\t\t\t\t\t\t\t\t\tRibeira de Pena\t\t\t\t\t\t\t\t\t\t\t\t<\/h4>\n\t\t\t\t\t\t\t\t\t\t\t\t\t\t\t\t\t\t\t\t\t\t\t\t\t<h5 class=\"mkdf-tours-destination-desc\">ConVida, Naturalmente<\/h5>\n\t\t\t\t\t\t\t\t\t\t\t\t\t\t\t\t\t\t\t\t\t\t\t<\/div>\n\t\t\t\t\t\t\t\t\t\t<\/div>\n\t\t\t\t\t\t\t\t\t<\/div>\n\t\t\t\t\t\t\t\t<\/a>\n\t\t\t\t\t\t\t<\/div>\n\t\t\t\t\t\t<\/div>\n\t\t\t\t\t\t\t\t\t\t\t\t\t\t\n\t\t\t\t\t\t\t\t\t\t\t<div class=\"mkdf-tours-destination-grid-item mkdf-tours-row-item post-11884 destinations type-destinations status-publish has-post-thumbnail hentry\">\n\t\t\t\t\t\t\t<div class=\"mkdf-tours-destination-item-holder\">\n\t\t\t\t\t\t\t\t<a href=\"https:\/\/visitaltotamegaebarroso.pt\/fr\/destinations\/valpacos\/\">\n\t\t\t\t\t\t\t\t\t<div class=\"mkdf-tours-destination-item-image\">\n\t\t\t\t\t\t\t\t\t\t<img width=\"1100\" height=\"550\" src=\"https:\/\/visitaltotamegaebarroso.pt\/wp-content\/uploads\/2017\/08\/Valpacos-1100x550.jpg\" class=\"attachment-roam_mikado_landscape size-roam_mikado_landscape wp-post-image\" alt=\"\" decoding=\"async\" loading=\"lazy\" \/>\t\t\t\t\t\t\t\t\t<\/div>\n\n\t\t\t\t\t\t\t\t\t<div class=\"mkdf-tours-destination-item-content\">\n\t\t\t\t\t\t\t\t\t\t<div class=\"mkdf-tours-destination-item-content-table\">\n\t\t\t\t\t\t\t\t\t\t\t<div class=\"mkdf-tours-destination-item-content-table-cell\">\n\t\t\t\t\t\t\t\t\t\t\t\t<h4 class=\"mkdf-tours-destination-item-title\">\n\t\t\t\t\t\t\t\t\t\t\t\t\tValpa\u00e7os\t\t\t\t\t\t\t\t\t\t\t\t<\/h4>\n\t\t\t\t\t\t\t\t\t\t\t\t\t\t\t\t\t\t\t\t\t\t\t\t\t<h5 class=\"mkdf-tours-destination-desc\">L'Essence Naturelle...<\/h5>\n\t\t\t\t\t\t\t\t\t\t\t\t\t\t\t\t\t\t\t\t\t\t\t<\/div>\n\t\t\t\t\t\t\t\t\t\t<\/div>\n\t\t\t\t\t\t\t\t\t<\/div>\n\t\t\t\t\t\t\t\t<\/a>\n\t\t\t\t\t\t\t<\/div>\n\t\t\t\t\t\t<\/div>\n\t\t\t\t\t\t\t\t\t\t\t\t\t\t\n\t\t\t\t\t\t\t\t\t\t\t<div class=\"mkdf-tours-destination-grid-item mkdf-tours-row-item post-11883 destinations type-destinations status-publish has-post-thumbnail hentry\">\n\t\t\t\t\t\t\t<div class=\"mkdf-tours-destination-item-holder\">\n\t\t\t\t\t\t\t\t<a href=\"https:\/\/visitaltotamegaebarroso.pt\/fr\/destinations\/vila-pouca-de-aguiar\/\">\n\t\t\t\t\t\t\t\t\t<div class=\"mkdf-tours-destination-item-image\">\n\t\t\t\t\t\t\t\t\t\t<img width=\"1100\" height=\"550\" src=\"https:\/\/visitaltotamegaebarroso.pt\/wp-content\/uploads\/2017\/08\/VilaPouca-1100x550.jpg\" class=\"attachment-roam_mikado_landscape size-roam_mikado_landscape wp-post-image\" alt=\"\" decoding=\"async\" loading=\"lazy\" \/>\t\t\t\t\t\t\t\t\t<\/div>\n\n\t\t\t\t\t\t\t\t\t<div class=\"mkdf-tours-destination-item-content\">\n\t\t\t\t\t\t\t\t\t\t<div class=\"mkdf-tours-destination-item-content-table\">\n\t\t\t\t\t\t\t\t\t\t\t<div class=\"mkdf-tours-destination-item-content-table-cell\">\n\t\t\t\t\t\t\t\t\t\t\t\t<h4 class=\"mkdf-tours-destination-item-title\">\n\t\t\t\t\t\t\t\t\t\t\t\t\tVila Pouca de Aguiar\t\t\t\t\t\t\t\t\t\t\t\t<\/h4>\n\t\t\t\t\t\t\t\t\t\t\t\t\t\t\t\t\t\t\t\t\t\t\t\t\t<h5 class=\"mkdf-tours-destination-desc\">Laissez-vous envo\u00fbter...<\/h5>\n\t\t\t\t\t\t\t\t\t\t\t\t\t\t\t\t\t\t\t\t\t\t\t<\/div>\n\t\t\t\t\t\t\t\t\t\t<\/div>\n\t\t\t\t\t\t\t\t\t<\/div>\n\t\t\t\t\t\t\t\t<\/a>\n\t\t\t\t\t\t\t<\/div>\n\t\t\t\t\t\t<\/div>\n\t\t\t\t\t\t\t\t\t\t\t\t<\/div>\n\t\t<\/div>\n\n\t\t\n\t<\/div>\t\t<\/div>\n\t<\/div>\n<\/div><\/div>[\/vc_column][\/vc_row][vc_row row_content_width=\u00a0\u00bbgrid\u00a0\u00bb parallax_background_image=\u00a0\u00bb6339&Prime; css=\u00a0\u00bb.vc_custom_1680214068065{padding-top: 77px !important;padding-bottom: 107px !important;}\u00a0\u00bb][vc_column]<div class=\"mkdf-elements-holder   mkdf-two-columns  mkdf-responsive-mode-1024 \" ><div class=\"mkdf-eh-item    \"  data-item-class=\"mkdf-eh-custom-4881\" data-1280-1600=\"0 40px 0 0\" data-1024-1280=\"33px 40px 0 0\" data-768-1024=\"0 0 40px\" data-680-768=\"0 0 40px\" data-680=\"0 0 40px\">\n\t<div class=\"mkdf-eh-item-inner\">\n\t\t<div class=\"mkdf-eh-item-content mkdf-eh-custom-4881\" style=\"padding: 0 40px 0 0\">\n\t\t\t\t\t<\/div>\n\t<\/div>\n<\/div><div class=\"mkdf-eh-item    \"  data-item-class=\"mkdf-eh-custom-7549\">\n\t<div class=\"mkdf-eh-item-inner\">\n\t\t<div class=\"mkdf-eh-item-content mkdf-eh-custom-7549\" style=\"padding: 0\">\n\t\t\t[vc_column_text]<\/p>\n<h2><\/h2>\n<p>[\/vc_column_text][vc_column_text]<\/p>\n<h2><span style=\"color: #ffffff;\">C&rsquo;est ici que j&rsquo;aime \u00eatre<\/span><\/h2>\n<p>[\/vc_column_text][vc_empty_space height=\u00a0\u00bb20px\u00a0\u00bb][vc_column_text]<\/p>\n<h5><span style=\"color: #ffffff;\">Tombez amoureux d&rsquo;un territoire unique, fantastique \u00e0 vivre le temps d&rsquo;une journ\u00e9e ou d&rsquo;une vie !<\/span><\/h5>\n<h5><\/h5>\n<p>[\/vc_column_text][vc_empty_space height=\u00a0\u00bb17px\u00a0\u00bb]\t\t<\/div>\n\t<\/div>\n<\/div><\/div>[\/vc_column][\/vc_row][vc_row disable_element=\u00a0\u00bbyes\u00a0\u00bb css=\u00a0\u00bb.vc_custom_1704472626566{padding-bottom: 115px !important;}\u00a0\u00bb][vc_column][vc_empty_space height=\u00a0\u00bb20px\u00a0\u00bb]<div class=\"mkdf-elements-holder   mkdf-one-column  mkdf-responsive-mode-768 \" ><div class=\"mkdf-eh-item    \"  data-item-class=\"mkdf-eh-custom-6887\" data-680-768=\"0px 50px\" data-680=\"0px 30px\">\n\t<div class=\"mkdf-eh-item-inner\">\n\t\t<div class=\"mkdf-eh-item-content mkdf-eh-custom-6887\" style=\"padding: 0px 95px\">\n\t\t\t<div class=\"mkdf-section-title-holder  \" style=\"text-align: center\">\n\t<div class=\"mkdf-st-inner\">\n\t\t\t\t\t<h5 class=\"mkdf-st-subtitle\" >\n\t\t\t\tAlto T\u00e2mega e Barroso\t\t\t<\/h5>\n\t\t\t\t\t\t\t<h2 class=\"mkdf-st-title\" >\n\t\t\t\tTerritoire de l'eau et du bien-\u00eatre\t\t\t<\/h2>\n\t\t\t\t\t<\/div>\n<\/div>[vc_empty_space height=\u00a0\u00bb53px\u00a0\u00bb]<div class=\"mkdf-tours-list-holder mkdf-tours-row mkdf-tr-tiny-space mkdf-has-label mkdf-tours-columns-5\">\n\t\t\t\n\t\t\n        <div class=\"mkdf-tours-list-holder-inner mkdf-tours-row-inner-holder\">\n\t\t\t<div class=\"mkdf-tours-list-grid-sizer\"><\/div>\n\t\t\t<div class=\"mkdf-tours-gallery-simple-item mkdf-tours-row-item mkdf-tour-item-no-rating post-28303 tour-item type-tour-item status-publish has-post-thumbnail hentry tour-category-ribeira-de-pena-fr tour-category-histoire-et-art tour-category-points-dinterets\">\n\t\t\t<div class=\"mkdf-tours-gallery-simple-item-image-holder\">\n\t\t\t\t\t\t\n\t\t\t<div class=\"mkdf-tours-gallery-simple-item-image\">\n\t\t\t\t<img width=\"1200\" height=\"800\" src=\"https:\/\/visitaltotamegaebarroso.pt\/wp-content\/uploads\/2023\/07\/Eira-de-Lamelas.png\" class=\"attachment-full size-full wp-post-image\" alt=\"\" decoding=\"async\" loading=\"lazy\" srcset=\"https:\/\/visitaltotamegaebarroso.pt\/wp-content\/uploads\/2023\/07\/Eira-de-Lamelas.png 1200w, https:\/\/visitaltotamegaebarroso.pt\/wp-content\/uploads\/2023\/07\/Eira-de-Lamelas-300x200.png 300w, https:\/\/visitaltotamegaebarroso.pt\/wp-content\/uploads\/2023\/07\/Eira-de-Lamelas-1024x683.png 1024w, https:\/\/visitaltotamegaebarroso.pt\/wp-content\/uploads\/2023\/07\/Eira-de-Lamelas-768x512.png 768w\" sizes=\"(max-width: 1200px) 100vw, 1200px\" \/>\t\t\t\t<span class=\"mkdf-tours-gallery-simple-item-price-holder\">\n\t\t\t\t\t\n\t\t<span class=\"mkdf-tours-price-holder\">\n\t\t\t\t\t\t\t\t<\/span>\n\n\t\t\t\t\t\t<\/span>\t\t\t\t\n\t\t\t\t<div class=\"mkdf-tours-gallery-simple-item-content-holder\">\n\t\t\t\t\t<div class=\"mkdf-tours-gallery-simple-item-content-inner\">\n\t\t\t\t\t\t\t\t\t\t\t\t\t<h5 class=\"mkdf-tours-gallery-simple-item-destination-holder\">\n\t\t\t\t\t\t\t\t\n\t\t\t<a class=\"mkdf-tour-item-destination\" href=\"https:\/\/visitaltotamegaebarroso.pt\/fr\/destinations\/ribeira-de-pena\/\">\n\t\t\t\tRibeira de Pena\t\t\t<\/a>\n\n\t\t\t\t\t\t\t\t\t<\/h5>\n\t\t\t\t\t\t\t\t\t\t\t\t<div class=\"mkdf-tours-gallery-simple-title-holder\">\n\t\t\t\t\t\t\t<h4 class=\"mkdf-tour-title\">\n\t\t\t\t\t\t\t\tAire de battage de Lamelas\t\t\t\t\t\t\t<\/h4>\n\t\t\t\t\t\t<\/div>\n\t\t\t\t\t<\/div>\n\t\t\t\t<\/div>\n\t\t\t\t<a class=\"mkdf-tours-gallery-simple-item-link\" href=\"https:\/\/visitaltotamegaebarroso.pt\/fr\/tour-item\/aire-de-battage-de-lamelas\/\"><\/a>\n\t\t\t<\/div>\n\t\t<\/div>\n\t<\/div><div class=\"mkdf-tours-gallery-simple-item mkdf-tours-row-item mkdf-tour-item-no-rating post-27936 tour-item type-tour-item status-publish has-post-thumbnail hentry tour-category-vila-pouca-de-aguiar-fr tour-category-histoire-et-art tour-category-points-dinterets\">\n\t\t\t<div class=\"mkdf-tours-gallery-simple-item-image-holder\">\n\t\t\t\t\t\t\n\t\t\t<div class=\"mkdf-tours-gallery-simple-item-image\">\n\t\t\t\t<img width=\"1200\" height=\"800\" src=\"https:\/\/visitaltotamegaebarroso.pt\/wp-content\/uploads\/2023\/07\/Pelourinho-Alfarela-Jales.png\" class=\"attachment-full size-full wp-post-image\" alt=\"\" decoding=\"async\" loading=\"lazy\" srcset=\"https:\/\/visitaltotamegaebarroso.pt\/wp-content\/uploads\/2023\/07\/Pelourinho-Alfarela-Jales.png 1200w, https:\/\/visitaltotamegaebarroso.pt\/wp-content\/uploads\/2023\/07\/Pelourinho-Alfarela-Jales-300x200.png 300w, https:\/\/visitaltotamegaebarroso.pt\/wp-content\/uploads\/2023\/07\/Pelourinho-Alfarela-Jales-1024x683.png 1024w, https:\/\/visitaltotamegaebarroso.pt\/wp-content\/uploads\/2023\/07\/Pelourinho-Alfarela-Jales-768x512.png 768w\" sizes=\"(max-width: 1200px) 100vw, 1200px\" \/>\t\t\t\t<span class=\"mkdf-tours-gallery-simple-item-price-holder\">\n\t\t\t\t\t\n\t\t<span class=\"mkdf-tours-price-holder\">\n\t\t\t\t\t\t\t\t<\/span>\n\n\t\t\t\t\t\t<\/span>\t\t\t\t\n\t\t\t\t<div class=\"mkdf-tours-gallery-simple-item-content-holder\">\n\t\t\t\t\t<div class=\"mkdf-tours-gallery-simple-item-content-inner\">\n\t\t\t\t\t\t\t\t\t\t\t\t\t<h5 class=\"mkdf-tours-gallery-simple-item-destination-holder\">\n\t\t\t\t\t\t\t\t\n\t\t\t<a class=\"mkdf-tour-item-destination\" href=\"https:\/\/visitaltotamegaebarroso.pt\/fr\/destinations\/vila-pouca-de-aguiar\/\">\n\t\t\t\tVila Pouca de Aguiar\t\t\t<\/a>\n\n\t\t\t\t\t\t\t\t\t<\/h5>\n\t\t\t\t\t\t\t\t\t\t\t\t<div class=\"mkdf-tours-gallery-simple-title-holder\">\n\t\t\t\t\t\t\t<h4 class=\"mkdf-tour-title\">\n\t\t\t\t\t\t\t\tAlfarela de Jales Pilori\t\t\t\t\t\t\t<\/h4>\n\t\t\t\t\t\t<\/div>\n\t\t\t\t\t<\/div>\n\t\t\t\t<\/div>\n\t\t\t\t<a class=\"mkdf-tours-gallery-simple-item-link\" href=\"https:\/\/visitaltotamegaebarroso.pt\/fr\/tour-item\/pilori-de-cerva-2\/\"><\/a>\n\t\t\t<\/div>\n\t\t<\/div>\n\t<\/div><div class=\"mkdf-tours-gallery-simple-item mkdf-tours-row-item mkdf-tour-item-no-rating post-28176 tour-item type-tour-item status-publish has-post-thumbnail hentry tour-category-montalegre-fr tour-category-histoire-et-art tour-category-points-dinterets\">\n\t\t\t<div class=\"mkdf-tours-gallery-simple-item-image-holder\">\n\t\t\t\t\t\t\n\t\t\t<div class=\"mkdf-tours-gallery-simple-item-image\">\n\t\t\t\t<img width=\"1354\" height=\"804\" src=\"https:\/\/visitaltotamegaebarroso.pt\/wp-content\/uploads\/2023\/07\/Igreja-Velha-de-Salto-1354x804-1.jpg\" class=\"attachment-full size-full wp-post-image\" alt=\"\" decoding=\"async\" loading=\"lazy\" srcset=\"https:\/\/visitaltotamegaebarroso.pt\/wp-content\/uploads\/2023\/07\/Igreja-Velha-de-Salto-1354x804-1.jpg 1354w, https:\/\/visitaltotamegaebarroso.pt\/wp-content\/uploads\/2023\/07\/Igreja-Velha-de-Salto-1354x804-1-300x178.jpg 300w, https:\/\/visitaltotamegaebarroso.pt\/wp-content\/uploads\/2023\/07\/Igreja-Velha-de-Salto-1354x804-1-1024x608.jpg 1024w, https:\/\/visitaltotamegaebarroso.pt\/wp-content\/uploads\/2023\/07\/Igreja-Velha-de-Salto-1354x804-1-768x456.jpg 768w\" sizes=\"(max-width: 1354px) 100vw, 1354px\" \/>\t\t\t\t<span class=\"mkdf-tours-gallery-simple-item-price-holder\">\n\t\t\t\t\t\n\t\t<span class=\"mkdf-tours-price-holder\">\n\t\t\t\t\t\t\t\t<\/span>\n\n\t\t\t\t\t\t<\/span>\t\t\t\t\n\t\t\t\t<div class=\"mkdf-tours-gallery-simple-item-content-holder\">\n\t\t\t\t\t<div class=\"mkdf-tours-gallery-simple-item-content-inner\">\n\t\t\t\t\t\t\t\t\t\t\t\t\t<h5 class=\"mkdf-tours-gallery-simple-item-destination-holder\">\n\t\t\t\t\t\t\t\t\n\t\t\t<a class=\"mkdf-tour-item-destination\" href=\"https:\/\/visitaltotamegaebarroso.pt\/fr\/destinations\/montalegre\/\">\n\t\t\t\tMontalegre\t\t\t<\/a>\n\n\t\t\t\t\t\t\t\t\t<\/h5>\n\t\t\t\t\t\t\t\t\t\t\t\t<div class=\"mkdf-tours-gallery-simple-title-holder\">\n\t\t\t\t\t\t\t<h4 class=\"mkdf-tour-title\">\n\t\t\t\t\t\t\t\tAncienne \u00e9glise de Salto\t\t\t\t\t\t\t<\/h4>\n\t\t\t\t\t\t<\/div>\n\t\t\t\t\t<\/div>\n\t\t\t\t<\/div>\n\t\t\t\t<a class=\"mkdf-tours-gallery-simple-item-link\" href=\"https:\/\/visitaltotamegaebarroso.pt\/fr\/tour-item\/ancienne-eglise-de-salto\/\"><\/a>\n\t\t\t<\/div>\n\t\t<\/div>\n\t<\/div><div class=\"mkdf-tours-gallery-simple-item mkdf-tours-row-item mkdf-tour-item-no-rating post-28474 tour-item type-tour-item status-publish has-post-thumbnail hentry tour-category-vila-pouca-de-aguiar-fr tour-category-auberges tour-category-montagnes-et-rivieres tour-category-points-dinterets tour-category-pour-dormir tour-category-villages-et-traditions\">\n\t\t\t<div class=\"mkdf-tours-gallery-simple-item-image-holder\">\n\t\t\t\t\t\t\n\t\t\t<div class=\"mkdf-tours-gallery-simple-item-image\">\n\t\t\t\t<img width=\"1200\" height=\"800\" src=\"https:\/\/visitaltotamegaebarroso.pt\/wp-content\/uploads\/2023\/06\/Albergue-Sao-Pedro.png\" class=\"attachment-full size-full wp-post-image\" alt=\"Albergue de S\u00e3o Pedro Vila Pouca de Aguiar\" decoding=\"async\" loading=\"lazy\" srcset=\"https:\/\/visitaltotamegaebarroso.pt\/wp-content\/uploads\/2023\/06\/Albergue-Sao-Pedro.png 1200w, https:\/\/visitaltotamegaebarroso.pt\/wp-content\/uploads\/2023\/06\/Albergue-Sao-Pedro-300x200.png 300w, https:\/\/visitaltotamegaebarroso.pt\/wp-content\/uploads\/2023\/06\/Albergue-Sao-Pedro-1024x683.png 1024w, https:\/\/visitaltotamegaebarroso.pt\/wp-content\/uploads\/2023\/06\/Albergue-Sao-Pedro-768x512.png 768w\" sizes=\"(max-width: 1200px) 100vw, 1200px\" \/>\t\t\t\t<span class=\"mkdf-tours-gallery-simple-item-price-holder\">\n\t\t\t\t\t\n\t\t<span class=\"mkdf-tours-price-holder\">\n\t\t\t\t\t\t\t\t<\/span>\n\n\t\t\t\t\t\t<\/span>\t\t\t\t\n\t\t\t\t<div class=\"mkdf-tours-gallery-simple-item-content-holder\">\n\t\t\t\t\t<div class=\"mkdf-tours-gallery-simple-item-content-inner\">\n\t\t\t\t\t\t\t\t\t\t\t\t\t<h5 class=\"mkdf-tours-gallery-simple-item-destination-holder\">\n\t\t\t\t\t\t\t\t\n\t\t\t<a class=\"mkdf-tour-item-destination\" href=\"https:\/\/visitaltotamegaebarroso.pt\/fr\/destinations\/vila-pouca-de-aguiar\/\">\n\t\t\t\tVila Pouca de Aguiar\t\t\t<\/a>\n\n\t\t\t\t\t\t\t\t\t<\/h5>\n\t\t\t\t\t\t\t\t\t\t\t\t<div class=\"mkdf-tours-gallery-simple-title-holder\">\n\t\t\t\t\t\t\t<h4 class=\"mkdf-tour-title\">\n\t\t\t\t\t\t\t\tAuberge de jeunesse de San Pedro\t\t\t\t\t\t\t<\/h4>\n\t\t\t\t\t\t<\/div>\n\t\t\t\t\t<\/div>\n\t\t\t\t<\/div>\n\t\t\t\t<a class=\"mkdf-tours-gallery-simple-item-link\" href=\"https:\/\/visitaltotamegaebarroso.pt\/fr\/tour-item\/auberge-de-jeunesse-de-san-pedro\/\"><\/a>\n\t\t\t<\/div>\n\t\t<\/div>\n\t<\/div><div class=\"mkdf-tours-gallery-simple-item mkdf-tours-row-item mkdf-tour-item-no-rating post-28478 tour-item type-tour-item status-publish has-post-thumbnail hentry tour-category-vila-pouca-de-aguiar-fr tour-category-auberges tour-category-montagnes-et-rivieres tour-category-points-dinterets tour-category-pour-dormir tour-category-villages-et-traditions\">\n\t\t\t<div class=\"mkdf-tours-gallery-simple-item-image-holder\">\n\t\t\t\t\t\t\n\t\t\t<div class=\"mkdf-tours-gallery-simple-item-image\">\n\t\t\t\t<img width=\"1200\" height=\"800\" src=\"https:\/\/visitaltotamegaebarroso.pt\/wp-content\/uploads\/2023\/06\/Albergue-Sao-Lourenco.png\" class=\"attachment-full size-full wp-post-image\" alt=\"Albergue de S\u00e3o Louren\u00e7o Vila Pouca de Aguiar\" decoding=\"async\" loading=\"lazy\" srcset=\"https:\/\/visitaltotamegaebarroso.pt\/wp-content\/uploads\/2023\/06\/Albergue-Sao-Lourenco.png 1200w, https:\/\/visitaltotamegaebarroso.pt\/wp-content\/uploads\/2023\/06\/Albergue-Sao-Lourenco-300x200.png 300w, https:\/\/visitaltotamegaebarroso.pt\/wp-content\/uploads\/2023\/06\/Albergue-Sao-Lourenco-1024x683.png 1024w, https:\/\/visitaltotamegaebarroso.pt\/wp-content\/uploads\/2023\/06\/Albergue-Sao-Lourenco-768x512.png 768w\" sizes=\"(max-width: 1200px) 100vw, 1200px\" \/>\t\t\t\t<span class=\"mkdf-tours-gallery-simple-item-price-holder\">\n\t\t\t\t\t\n\t\t<span class=\"mkdf-tours-price-holder\">\n\t\t\t\t\t\t\t\t<\/span>\n\n\t\t\t\t\t\t<\/span>\t\t\t\t\n\t\t\t\t<div class=\"mkdf-tours-gallery-simple-item-content-holder\">\n\t\t\t\t\t<div class=\"mkdf-tours-gallery-simple-item-content-inner\">\n\t\t\t\t\t\t\t\t\t\t\t\t\t<h5 class=\"mkdf-tours-gallery-simple-item-destination-holder\">\n\t\t\t\t\t\t\t\t\n\t\t\t<a class=\"mkdf-tour-item-destination\" href=\"https:\/\/visitaltotamegaebarroso.pt\/fr\/destinations\/vila-pouca-de-aguiar\/\">\n\t\t\t\tVila Pouca de Aguiar\t\t\t<\/a>\n\n\t\t\t\t\t\t\t\t\t<\/h5>\n\t\t\t\t\t\t\t\t\t\t\t\t<div class=\"mkdf-tours-gallery-simple-title-holder\">\n\t\t\t\t\t\t\t<h4 class=\"mkdf-tour-title\">\n\t\t\t\t\t\t\t\tAuberge de jeunesse de S\u00e3o Louren\u00e7o\t\t\t\t\t\t\t<\/h4>\n\t\t\t\t\t\t<\/div>\n\t\t\t\t\t<\/div>\n\t\t\t\t<\/div>\n\t\t\t\t<a class=\"mkdf-tours-gallery-simple-item-link\" href=\"https:\/\/visitaltotamegaebarroso.pt\/fr\/tour-item\/auberge-de-jeunesse-de-sao-lourenco\/\"><\/a>\n\t\t\t<\/div>\n\t\t<\/div>\n\t<\/div><div class=\"mkdf-tours-gallery-simple-item mkdf-tours-row-item mkdf-tour-item-no-rating post-28483 tour-item type-tour-item status-publish has-post-thumbnail hentry tour-category-vila-pouca-de-aguiar-fr tour-category-auberges tour-category-montagnes-et-rivieres tour-category-points-dinterets tour-category-pour-dormir tour-category-villages-et-traditions\">\n\t\t\t<div class=\"mkdf-tours-gallery-simple-item-image-holder\">\n\t\t\t\t\t\t\n\t\t\t<div class=\"mkdf-tours-gallery-simple-item-image\">\n\t\t\t\t<img width=\"1500\" height=\"1000\" src=\"https:\/\/visitaltotamegaebarroso.pt\/wp-content\/uploads\/2023\/06\/Albergue-Santo-Antonio-1.png\" class=\"attachment-full size-full wp-post-image\" alt=\"\" decoding=\"async\" loading=\"lazy\" srcset=\"https:\/\/visitaltotamegaebarroso.pt\/wp-content\/uploads\/2023\/06\/Albergue-Santo-Antonio-1.png 1500w, https:\/\/visitaltotamegaebarroso.pt\/wp-content\/uploads\/2023\/06\/Albergue-Santo-Antonio-1-300x200.png 300w, https:\/\/visitaltotamegaebarroso.pt\/wp-content\/uploads\/2023\/06\/Albergue-Santo-Antonio-1-1024x683.png 1024w, https:\/\/visitaltotamegaebarroso.pt\/wp-content\/uploads\/2023\/06\/Albergue-Santo-Antonio-1-768x512.png 768w\" sizes=\"(max-width: 1500px) 100vw, 1500px\" \/>\t\t\t\t<span class=\"mkdf-tours-gallery-simple-item-price-holder\">\n\t\t\t\t\t\n\t\t<span class=\"mkdf-tours-price-holder\">\n\t\t\t\t\t\t\t\t<\/span>\n\n\t\t\t\t\t\t<\/span>\t\t\t\t\n\t\t\t\t<div class=\"mkdf-tours-gallery-simple-item-content-holder\">\n\t\t\t\t\t<div class=\"mkdf-tours-gallery-simple-item-content-inner\">\n\t\t\t\t\t\t\t\t\t\t\t\t\t<h5 class=\"mkdf-tours-gallery-simple-item-destination-holder\">\n\t\t\t\t\t\t\t\t\n\t\t\t<a class=\"mkdf-tour-item-destination\" href=\"https:\/\/visitaltotamegaebarroso.pt\/fr\/destinations\/vila-pouca-de-aguiar\/\">\n\t\t\t\tVila Pouca de Aguiar\t\t\t<\/a>\n\n\t\t\t\t\t\t\t\t\t<\/h5>\n\t\t\t\t\t\t\t\t\t\t\t\t<div class=\"mkdf-tours-gallery-simple-title-holder\">\n\t\t\t\t\t\t\t<h4 class=\"mkdf-tour-title\">\n\t\t\t\t\t\t\t\tAuberge de jeunesse Santo Ant\u00f3nio\t\t\t\t\t\t\t<\/h4>\n\t\t\t\t\t\t<\/div>\n\t\t\t\t\t<\/div>\n\t\t\t\t<\/div>\n\t\t\t\t<a class=\"mkdf-tours-gallery-simple-item-link\" href=\"https:\/\/visitaltotamegaebarroso.pt\/fr\/tour-item\/auberge-de-jeunesse-santo-antonio\/\"><\/a>\n\t\t\t<\/div>\n\t\t<\/div>\n\t<\/div><div class=\"mkdf-tours-gallery-simple-item mkdf-tours-row-item mkdf-tour-item-no-rating post-28487 tour-item type-tour-item status-publish has-post-thumbnail hentry tour-category-vila-pouca-de-aguiar-fr tour-category-auberges tour-category-montagnes-et-rivieres tour-category-points-dinterets tour-category-pour-dormir tour-category-villages-et-traditions\">\n\t\t\t<div class=\"mkdf-tours-gallery-simple-item-image-holder\">\n\t\t\t\t\t\t\n\t\t\t<div class=\"mkdf-tours-gallery-simple-item-image\">\n\t\t\t\t<img width=\"1200\" height=\"800\" src=\"https:\/\/visitaltotamegaebarroso.pt\/wp-content\/uploads\/2023\/06\/Albergue-Nossa-Senhora-Assuncao.png\" class=\"attachment-full size-full wp-post-image\" alt=\"Albergue da Nossa Senhora da Assun\u00e7\u00e3o\" decoding=\"async\" loading=\"lazy\" srcset=\"https:\/\/visitaltotamegaebarroso.pt\/wp-content\/uploads\/2023\/06\/Albergue-Nossa-Senhora-Assuncao.png 1200w, https:\/\/visitaltotamegaebarroso.pt\/wp-content\/uploads\/2023\/06\/Albergue-Nossa-Senhora-Assuncao-300x200.png 300w, https:\/\/visitaltotamegaebarroso.pt\/wp-content\/uploads\/2023\/06\/Albergue-Nossa-Senhora-Assuncao-1024x683.png 1024w, https:\/\/visitaltotamegaebarroso.pt\/wp-content\/uploads\/2023\/06\/Albergue-Nossa-Senhora-Assuncao-768x512.png 768w\" sizes=\"(max-width: 1200px) 100vw, 1200px\" \/>\t\t\t\t<span class=\"mkdf-tours-gallery-simple-item-price-holder\">\n\t\t\t\t\t\n\t\t<span class=\"mkdf-tours-price-holder\">\n\t\t\t\t\t\t\t\t<\/span>\n\n\t\t\t\t\t\t<\/span>\t\t\t\t\n\t\t\t\t<div class=\"mkdf-tours-gallery-simple-item-content-holder\">\n\t\t\t\t\t<div class=\"mkdf-tours-gallery-simple-item-content-inner\">\n\t\t\t\t\t\t\t\t\t\t\t\t\t<h5 class=\"mkdf-tours-gallery-simple-item-destination-holder\">\n\t\t\t\t\t\t\t\t\n\t\t\t<a class=\"mkdf-tour-item-destination\" href=\"https:\/\/visitaltotamegaebarroso.pt\/fr\/destinations\/vila-pouca-de-aguiar\/\">\n\t\t\t\tVila Pouca de Aguiar\t\t\t<\/a>\n\n\t\t\t\t\t\t\t\t\t<\/h5>\n\t\t\t\t\t\t\t\t\t\t\t\t<div class=\"mkdf-tours-gallery-simple-title-holder\">\n\t\t\t\t\t\t\t<h4 class=\"mkdf-tour-title\">\n\t\t\t\t\t\t\t\tAuberge de Notre-Dame de l&rsquo;Assomption\t\t\t\t\t\t\t<\/h4>\n\t\t\t\t\t\t<\/div>\n\t\t\t\t\t<\/div>\n\t\t\t\t<\/div>\n\t\t\t\t<a class=\"mkdf-tours-gallery-simple-item-link\" href=\"https:\/\/visitaltotamegaebarroso.pt\/fr\/tour-item\/auberge-de-notre-dame-de-lassomption\/\"><\/a>\n\t\t\t<\/div>\n\t\t<\/div>\n\t<\/div><div class=\"mkdf-tours-gallery-simple-item mkdf-tours-row-item mkdf-tour-item-no-rating post-28454 tour-item type-tour-item status-publish has-post-thumbnail hentry tour-category-valpacos-fr tour-category-histoire-et-art tour-category-points-dinterets\">\n\t\t\t<div class=\"mkdf-tours-gallery-simple-item-image-holder\">\n\t\t\t\t\t\t\n\t\t\t<div class=\"mkdf-tours-gallery-simple-item-image\">\n\t\t\t\t<img width=\"1354\" height=\"804\" src=\"https:\/\/visitaltotamegaebarroso.pt\/wp-content\/uploads\/2023\/06\/Auditorio-Arte-e-Cultura-Luis-Teixeira.png\" class=\"attachment-full size-full wp-post-image\" alt=\"Audit\u00f3rio Arte e Cultura Lu\u00eds Teixeira Valpa\u00e7os\" decoding=\"async\" loading=\"lazy\" srcset=\"https:\/\/visitaltotamegaebarroso.pt\/wp-content\/uploads\/2023\/06\/Auditorio-Arte-e-Cultura-Luis-Teixeira.png 1354w, https:\/\/visitaltotamegaebarroso.pt\/wp-content\/uploads\/2023\/06\/Auditorio-Arte-e-Cultura-Luis-Teixeira-300x178.png 300w, https:\/\/visitaltotamegaebarroso.pt\/wp-content\/uploads\/2023\/06\/Auditorio-Arte-e-Cultura-Luis-Teixeira-1024x608.png 1024w, https:\/\/visitaltotamegaebarroso.pt\/wp-content\/uploads\/2023\/06\/Auditorio-Arte-e-Cultura-Luis-Teixeira-768x456.png 768w\" sizes=\"(max-width: 1354px) 100vw, 1354px\" \/>\t\t\t\t<span class=\"mkdf-tours-gallery-simple-item-price-holder\">\n\t\t\t\t\t\n\t\t<span class=\"mkdf-tours-price-holder\">\n\t\t\t\t\t\t\t\t<\/span>\n\n\t\t\t\t\t\t<\/span>\t\t\t\t\n\t\t\t\t<div class=\"mkdf-tours-gallery-simple-item-content-holder\">\n\t\t\t\t\t<div class=\"mkdf-tours-gallery-simple-item-content-inner\">\n\t\t\t\t\t\t\t\t\t\t\t\t\t<h5 class=\"mkdf-tours-gallery-simple-item-destination-holder\">\n\t\t\t\t\t\t\t\t\n\t\t\t<a class=\"mkdf-tour-item-destination\" href=\"https:\/\/visitaltotamegaebarroso.pt\/fr\/destinations\/valpacos\/\">\n\t\t\t\tValpa\u00e7os\t\t\t<\/a>\n\n\t\t\t\t\t\t\t\t\t<\/h5>\n\t\t\t\t\t\t\t\t\t\t\t\t<div class=\"mkdf-tours-gallery-simple-title-holder\">\n\t\t\t\t\t\t\t<h4 class=\"mkdf-tour-title\">\n\t\t\t\t\t\t\t\tAuditorium d&rsquo;art et de culture Lu\u00eds Teixeira\t\t\t\t\t\t\t<\/h4>\n\t\t\t\t\t\t<\/div>\n\t\t\t\t\t<\/div>\n\t\t\t\t<\/div>\n\t\t\t\t<a class=\"mkdf-tours-gallery-simple-item-link\" href=\"https:\/\/visitaltotamegaebarroso.pt\/fr\/tour-item\/auditorium-dart-et-de-culture-luis-teixeira\/\"><\/a>\n\t\t\t<\/div>\n\t\t<\/div>\n\t<\/div><div class=\"mkdf-tours-gallery-simple-item mkdf-tours-row-item mkdf-tour-item-no-rating post-21217 tour-item type-tour-item status-publish has-post-thumbnail hentry tour-category-chaves-fr tour-category-histoire-et-art tour-category-points-dinterets tour-category-route-de-leau tour-category-spa-et-spa\">\n\t\t\t<div class=\"mkdf-tours-gallery-simple-item-image-holder\">\n\t\t\t\t\t\t\n\t\t\t<div class=\"mkdf-tours-gallery-simple-item-image\">\n\t\t\t\t<img width=\"1200\" height=\"800\" src=\"https:\/\/visitaltotamegaebarroso.pt\/wp-content\/uploads\/2023\/07\/Termas-Medicinais-Romanas-Chaves.png\" class=\"attachment-full size-full wp-post-image\" alt=\"\" decoding=\"async\" loading=\"lazy\" srcset=\"https:\/\/visitaltotamegaebarroso.pt\/wp-content\/uploads\/2023\/07\/Termas-Medicinais-Romanas-Chaves.png 1200w, https:\/\/visitaltotamegaebarroso.pt\/wp-content\/uploads\/2023\/07\/Termas-Medicinais-Romanas-Chaves-300x200.png 300w, https:\/\/visitaltotamegaebarroso.pt\/wp-content\/uploads\/2023\/07\/Termas-Medicinais-Romanas-Chaves-1024x683.png 1024w, https:\/\/visitaltotamegaebarroso.pt\/wp-content\/uploads\/2023\/07\/Termas-Medicinais-Romanas-Chaves-768x512.png 768w\" sizes=\"(max-width: 1200px) 100vw, 1200px\" \/>\t\t\t\t<span class=\"mkdf-tours-gallery-simple-item-price-holder\">\n\t\t\t\t\t\n\t\t<span class=\"mkdf-tours-price-holder\">\n\t\t\t\t\t\t\t<span class=\"mkdf-tours-item-price \">$1<\/span>\n\t\t\t\t\t\t\t\t<\/span>\n\n\t\t\t\t\t\t<\/span>\t\t\t\t\n\t\t\t\t<div class=\"mkdf-tours-gallery-simple-item-content-holder\">\n\t\t\t\t\t<div class=\"mkdf-tours-gallery-simple-item-content-inner\">\n\t\t\t\t\t\t\t\t\t\t\t\t\t<h5 class=\"mkdf-tours-gallery-simple-item-destination-holder\">\n\t\t\t\t\t\t\t\t\n\t\t\t<a class=\"mkdf-tour-item-destination\" href=\"https:\/\/visitaltotamegaebarroso.pt\/fr\/destinations\/chaves\/\">\n\t\t\t\tChaves\t\t\t<\/a>\n\n\t\t\t\t\t\t\t\t\t<\/h5>\n\t\t\t\t\t\t\t\t\t\t\t\t<div class=\"mkdf-tours-gallery-simple-title-holder\">\n\t\t\t\t\t\t\t<h4 class=\"mkdf-tour-title\">\n\t\t\t\t\t\t\t\tBains m\u00e9dicinaux romains Aquae Flaviae\t\t\t\t\t\t\t<\/h4>\n\t\t\t\t\t\t<\/div>\n\t\t\t\t\t<\/div>\n\t\t\t\t<\/div>\n\t\t\t\t<a class=\"mkdf-tours-gallery-simple-item-link\" href=\"https:\/\/visitaltotamegaebarroso.pt\/fr\/tour-item\/bains-medicinaux-romains-aquae-flaviae\/\"><\/a>\n\t\t\t<\/div>\n\t\t<\/div>\n\t<\/div><div class=\"mkdf-tours-gallery-simple-item mkdf-tours-row-item mkdf-tour-item-no-rating post-28446 tour-item type-tour-item status-publish has-post-thumbnail hentry tour-category-chaves-fr tour-category-histoire-et-art tour-category-montagnes-et-rivieres tour-category-points-dinterets\">\n\t\t\t<div class=\"mkdf-tours-gallery-simple-item-image-holder\">\n\t\t\t\t\t\t\n\t\t\t<div class=\"mkdf-tours-gallery-simple-item-image\">\n\t\t\t\t<img width=\"1200\" height=\"800\" src=\"https:\/\/visitaltotamegaebarroso.pt\/wp-content\/uploads\/2023\/06\/Barragem-Romana-Abobeleira.jpeg\" class=\"attachment-full size-full wp-post-image\" alt=\"Barragem Romana da Abobeleira Chaves\" decoding=\"async\" loading=\"lazy\" srcset=\"https:\/\/visitaltotamegaebarroso.pt\/wp-content\/uploads\/2023\/06\/Barragem-Romana-Abobeleira.jpeg 1200w, https:\/\/visitaltotamegaebarroso.pt\/wp-content\/uploads\/2023\/06\/Barragem-Romana-Abobeleira-300x200.jpeg 300w, https:\/\/visitaltotamegaebarroso.pt\/wp-content\/uploads\/2023\/06\/Barragem-Romana-Abobeleira-1024x683.jpeg 1024w, https:\/\/visitaltotamegaebarroso.pt\/wp-content\/uploads\/2023\/06\/Barragem-Romana-Abobeleira-768x512.jpeg 768w\" sizes=\"(max-width: 1200px) 100vw, 1200px\" \/>\t\t\t\t<span class=\"mkdf-tours-gallery-simple-item-price-holder\">\n\t\t\t\t\t\n\t\t<span class=\"mkdf-tours-price-holder\">\n\t\t\t\t\t\t\t\t<\/span>\n\n\t\t\t\t\t\t<\/span>\t\t\t\t\n\t\t\t\t<div class=\"mkdf-tours-gallery-simple-item-content-holder\">\n\t\t\t\t\t<div class=\"mkdf-tours-gallery-simple-item-content-inner\">\n\t\t\t\t\t\t\t\t\t\t\t\t\t<h5 class=\"mkdf-tours-gallery-simple-item-destination-holder\">\n\t\t\t\t\t\t\t\t\n\t\t\t<a class=\"mkdf-tour-item-destination\" href=\"https:\/\/visitaltotamegaebarroso.pt\/fr\/destinations\/chaves\/\">\n\t\t\t\tChaves\t\t\t<\/a>\n\n\t\t\t\t\t\t\t\t\t<\/h5>\n\t\t\t\t\t\t\t\t\t\t\t\t<div class=\"mkdf-tours-gallery-simple-title-holder\">\n\t\t\t\t\t\t\t<h4 class=\"mkdf-tour-title\">\n\t\t\t\t\t\t\t\tBarrage romain d&rsquo;Abobeleira\t\t\t\t\t\t\t<\/h4>\n\t\t\t\t\t\t<\/div>\n\t\t\t\t\t<\/div>\n\t\t\t\t<\/div>\n\t\t\t\t<a class=\"mkdf-tours-gallery-simple-item-link\" href=\"https:\/\/visitaltotamegaebarroso.pt\/fr\/tour-item\/barrage-romain-dabobeleira\/\"><\/a>\n\t\t\t<\/div>\n\t\t<\/div>\n\t<\/div><div class=\"mkdf-tours-gallery-simple-item mkdf-tours-row-item mkdf-tour-item-no-rating post-28442 tour-item type-tour-item status-publish has-post-thumbnail hentry tour-category-chaves-fr tour-category-histoire-et-art tour-category-points-dinterets\">\n\t\t\t<div class=\"mkdf-tours-gallery-simple-item-image-holder\">\n\t\t\t\t\t\t\n\t\t\t<div class=\"mkdf-tours-gallery-simple-item-image\">\n\t\t\t\t<img width=\"1200\" height=\"800\" src=\"https:\/\/visitaltotamegaebarroso.pt\/wp-content\/uploads\/2023\/06\/Biblioteca-Municipal-Chaves.png\" class=\"attachment-full size-full wp-post-image\" alt=\"Biblioteca Municipal de Chaves\" decoding=\"async\" loading=\"lazy\" srcset=\"https:\/\/visitaltotamegaebarroso.pt\/wp-content\/uploads\/2023\/06\/Biblioteca-Municipal-Chaves.png 1200w, https:\/\/visitaltotamegaebarroso.pt\/wp-content\/uploads\/2023\/06\/Biblioteca-Municipal-Chaves-300x200.png 300w, https:\/\/visitaltotamegaebarroso.pt\/wp-content\/uploads\/2023\/06\/Biblioteca-Municipal-Chaves-1024x683.png 1024w, https:\/\/visitaltotamegaebarroso.pt\/wp-content\/uploads\/2023\/06\/Biblioteca-Municipal-Chaves-768x512.png 768w\" sizes=\"(max-width: 1200px) 100vw, 1200px\" \/>\t\t\t\t<span class=\"mkdf-tours-gallery-simple-item-price-holder\">\n\t\t\t\t\t\n\t\t<span class=\"mkdf-tours-price-holder\">\n\t\t\t\t\t\t\t\t<\/span>\n\n\t\t\t\t\t\t<\/span>\t\t\t\t\n\t\t\t\t<div class=\"mkdf-tours-gallery-simple-item-content-holder\">\n\t\t\t\t\t<div class=\"mkdf-tours-gallery-simple-item-content-inner\">\n\t\t\t\t\t\t\t\t\t\t\t\t\t<h5 class=\"mkdf-tours-gallery-simple-item-destination-holder\">\n\t\t\t\t\t\t\t\t\n\t\t\t<a class=\"mkdf-tour-item-destination\" href=\"https:\/\/visitaltotamegaebarroso.pt\/fr\/destinations\/chaves\/\">\n\t\t\t\tChaves\t\t\t<\/a>\n\n\t\t\t\t\t\t\t\t\t<\/h5>\n\t\t\t\t\t\t\t\t\t\t\t\t<div class=\"mkdf-tours-gallery-simple-title-holder\">\n\t\t\t\t\t\t\t<h4 class=\"mkdf-tour-title\">\n\t\t\t\t\t\t\t\tBiblioth\u00e8que municipale de Chaves\t\t\t\t\t\t\t<\/h4>\n\t\t\t\t\t\t<\/div>\n\t\t\t\t\t<\/div>\n\t\t\t\t<\/div>\n\t\t\t\t<a class=\"mkdf-tours-gallery-simple-item-link\" href=\"https:\/\/visitaltotamegaebarroso.pt\/fr\/tour-item\/bibliotheque-municipale-de-chaves\/\"><\/a>\n\t\t\t<\/div>\n\t\t<\/div>\n\t<\/div><div class=\"mkdf-tours-gallery-simple-item mkdf-tours-row-item mkdf-tour-item-no-rating post-13044 tour-item type-tour-item status-publish has-post-thumbnail hentry tour-category-boticas-fr tour-category-montagnes-et-rivieres tour-category-points-dinterets tour-category-route-de-leau tour-category-routes-paysageres tour-category-sports-et-aventure\">\n\t\t\t<div class=\"mkdf-tours-gallery-simple-item-image-holder\">\n\t\t\t\t\t\t\n\t\t\t<div class=\"mkdf-tours-gallery-simple-item-image\">\n\t\t\t\t<img width=\"2000\" height=\"1333\" src=\"https:\/\/visitaltotamegaebarroso.pt\/wp-content\/uploads\/2023\/03\/AF_boticas-parque-natureza-e-biodiversidade.jpg\" class=\"attachment-full size-full wp-post-image\" alt=\"\" decoding=\"async\" loading=\"lazy\" srcset=\"https:\/\/visitaltotamegaebarroso.pt\/wp-content\/uploads\/2023\/03\/AF_boticas-parque-natureza-e-biodiversidade.jpg 2000w, https:\/\/visitaltotamegaebarroso.pt\/wp-content\/uploads\/2023\/03\/AF_boticas-parque-natureza-e-biodiversidade-300x200.jpg 300w, https:\/\/visitaltotamegaebarroso.pt\/wp-content\/uploads\/2023\/03\/AF_boticas-parque-natureza-e-biodiversidade-1024x682.jpg 1024w, https:\/\/visitaltotamegaebarroso.pt\/wp-content\/uploads\/2023\/03\/AF_boticas-parque-natureza-e-biodiversidade-768x512.jpg 768w, https:\/\/visitaltotamegaebarroso.pt\/wp-content\/uploads\/2023\/03\/AF_boticas-parque-natureza-e-biodiversidade-1536x1024.jpg 1536w, https:\/\/visitaltotamegaebarroso.pt\/wp-content\/uploads\/2023\/03\/AF_boticas-parque-natureza-e-biodiversidade-600x400.jpg 600w\" sizes=\"(max-width: 2000px) 100vw, 2000px\" \/>\t\t\t\t<span class=\"mkdf-tours-gallery-simple-item-price-holder\">\n\t\t\t\t\t\n\t\t<span class=\"mkdf-tours-price-holder\">\n\t\t\t\t\t\t\t\t<\/span>\n\n\t\t\t\t\t\t<\/span>\t\t\t\t\n\t\t\t\t<div class=\"mkdf-tours-gallery-simple-item-content-holder\">\n\t\t\t\t\t<div class=\"mkdf-tours-gallery-simple-item-content-inner\">\n\t\t\t\t\t\t\t\t\t\t\t\t\t<h5 class=\"mkdf-tours-gallery-simple-item-destination-holder\">\n\t\t\t\t\t\t\t\t\n\t\t\t<a class=\"mkdf-tour-item-destination\" href=\"https:\/\/visitaltotamegaebarroso.pt\/fr\/destinations\/boticas\/\">\n\t\t\t\tBoticas\t\t\t<\/a>\n\n\t\t\t\t\t\t\t\t\t<\/h5>\n\t\t\t\t\t\t\t\t\t\t\t\t<div class=\"mkdf-tours-gallery-simple-title-holder\">\n\t\t\t\t\t\t\t<h4 class=\"mkdf-tour-title\">\n\t\t\t\t\t\t\t\tBoticas Parque &#8211; Nature et Biodiversit\u00e9\t\t\t\t\t\t\t<\/h4>\n\t\t\t\t\t\t<\/div>\n\t\t\t\t\t<\/div>\n\t\t\t\t<\/div>\n\t\t\t\t<a class=\"mkdf-tours-gallery-simple-item-link\" href=\"https:\/\/visitaltotamegaebarroso.pt\/fr\/tour-item\/boticas-parque-natureza-e-biodiversidade\/\"><\/a>\n\t\t\t<\/div>\n\t\t<\/div>\n\t<\/div><div class=\"mkdf-tours-gallery-simple-item mkdf-tours-row-item mkdf-tour-item-no-rating post-21139 tour-item type-tour-item status-publish has-post-thumbnail hentry tour-category-valpacos-fr tour-category-histoire-et-art tour-category-points-dinterets tour-category-route-de-leau tour-category-routes-paysageres\">\n\t\t\t<div class=\"mkdf-tours-gallery-simple-item-image-holder\">\n\t\t\t\t\t\t\n\t\t\t<div class=\"mkdf-tours-gallery-simple-item-image\">\n\t\t\t\t<img width=\"1200\" height=\"800\" src=\"https:\/\/visitaltotamegaebarroso.pt\/wp-content\/uploads\/2023\/07\/Casa-Vinho.png\" class=\"attachment-full size-full wp-post-image\" alt=\"\" decoding=\"async\" loading=\"lazy\" srcset=\"https:\/\/visitaltotamegaebarroso.pt\/wp-content\/uploads\/2023\/07\/Casa-Vinho.png 1200w, https:\/\/visitaltotamegaebarroso.pt\/wp-content\/uploads\/2023\/07\/Casa-Vinho-300x200.png 300w, https:\/\/visitaltotamegaebarroso.pt\/wp-content\/uploads\/2023\/07\/Casa-Vinho-1024x683.png 1024w, https:\/\/visitaltotamegaebarroso.pt\/wp-content\/uploads\/2023\/07\/Casa-Vinho-768x512.png 768w\" sizes=\"(max-width: 1200px) 100vw, 1200px\" \/>\t\t\t\t<span class=\"mkdf-tours-gallery-simple-item-price-holder\">\n\t\t\t\t\t\n\t\t<span class=\"mkdf-tours-price-holder\">\n\t\t\t\t\t\t\t<span class=\"mkdf-tours-item-price \">$1<\/span>\n\t\t\t\t\t\t\t\t<\/span>\n\n\t\t\t\t\t\t<\/span>\t\t\t\t\n\t\t\t\t<div class=\"mkdf-tours-gallery-simple-item-content-holder\">\n\t\t\t\t\t<div class=\"mkdf-tours-gallery-simple-item-content-inner\">\n\t\t\t\t\t\t\t\t\t\t\t\t\t<h5 class=\"mkdf-tours-gallery-simple-item-destination-holder\">\n\t\t\t\t\t\t\t\t\n\t\t\t<a class=\"mkdf-tour-item-destination\" href=\"https:\/\/visitaltotamegaebarroso.pt\/fr\/destinations\/valpacos\/\">\n\t\t\t\tValpa\u00e7os\t\t\t<\/a>\n\n\t\t\t\t\t\t\t\t\t<\/h5>\n\t\t\t\t\t\t\t\t\t\t\t\t<div class=\"mkdf-tours-gallery-simple-title-holder\">\n\t\t\t\t\t\t\t<h4 class=\"mkdf-tour-title\">\n\t\t\t\t\t\t\t\tCasa do Vinho\t\t\t\t\t\t\t<\/h4>\n\t\t\t\t\t\t<\/div>\n\t\t\t\t\t<\/div>\n\t\t\t\t<\/div>\n\t\t\t\t<a class=\"mkdf-tours-gallery-simple-item-link\" href=\"https:\/\/visitaltotamegaebarroso.pt\/fr\/tour-item\/casa-do-vinho\/\"><\/a>\n\t\t\t<\/div>\n\t\t<\/div>\n\t<\/div><div class=\"mkdf-tours-gallery-simple-item mkdf-tours-row-item mkdf-tour-item-no-rating post-28389 tour-item type-tour-item status-publish hentry tour-category-montalegre-fr tour-category-montagnes-et-rivieres tour-category-points-dinterets\">\n\t<\/div><div class=\"mkdf-tours-gallery-simple-item mkdf-tours-row-item mkdf-tour-item-no-rating post-28393 tour-item type-tour-item status-publish has-post-thumbnail hentry tour-category-montalegre-fr tour-category-montagnes-et-rivieres tour-category-points-dinterets tour-category-sports-et-aventure\">\n\t\t\t<div class=\"mkdf-tours-gallery-simple-item-image-holder\">\n\t\t\t\t\t\t\n\t\t\t<div class=\"mkdf-tours-gallery-simple-item-image\">\n\t\t\t\t<img width=\"1200\" height=\"800\" src=\"https:\/\/visitaltotamegaebarroso.pt\/wp-content\/uploads\/2023\/07\/Cascata-Cela-Cavalos.png\" class=\"attachment-full size-full wp-post-image\" alt=\"\" decoding=\"async\" loading=\"lazy\" srcset=\"https:\/\/visitaltotamegaebarroso.pt\/wp-content\/uploads\/2023\/07\/Cascata-Cela-Cavalos.png 1200w, https:\/\/visitaltotamegaebarroso.pt\/wp-content\/uploads\/2023\/07\/Cascata-Cela-Cavalos-300x200.png 300w, https:\/\/visitaltotamegaebarroso.pt\/wp-content\/uploads\/2023\/07\/Cascata-Cela-Cavalos-1024x683.png 1024w, https:\/\/visitaltotamegaebarroso.pt\/wp-content\/uploads\/2023\/07\/Cascata-Cela-Cavalos-768x512.png 768w\" sizes=\"(max-width: 1200px) 100vw, 1200px\" \/>\t\t\t\t<span class=\"mkdf-tours-gallery-simple-item-price-holder\">\n\t\t\t\t\t\n\t\t<span class=\"mkdf-tours-price-holder\">\n\t\t\t\t\t\t\t\t<\/span>\n\n\t\t\t\t\t\t<\/span>\t\t\t\t\n\t\t\t\t<div class=\"mkdf-tours-gallery-simple-item-content-holder\">\n\t\t\t\t\t<div class=\"mkdf-tours-gallery-simple-item-content-inner\">\n\t\t\t\t\t\t\t\t\t\t\t\t\t<h5 class=\"mkdf-tours-gallery-simple-item-destination-holder\">\n\t\t\t\t\t\t\t\t\n\t\t\t<a class=\"mkdf-tour-item-destination\" href=\"https:\/\/visitaltotamegaebarroso.pt\/fr\/destinations\/montalegre\/\">\n\t\t\t\tMontalegre\t\t\t<\/a>\n\n\t\t\t\t\t\t\t\t\t<\/h5>\n\t\t\t\t\t\t\t\t\t\t\t\t<div class=\"mkdf-tours-gallery-simple-title-holder\">\n\t\t\t\t\t\t\t<h4 class=\"mkdf-tour-title\">\n\t\t\t\t\t\t\t\tCascade de Cela Cavalos\t\t\t\t\t\t\t<\/h4>\n\t\t\t\t\t\t<\/div>\n\t\t\t\t\t<\/div>\n\t\t\t\t<\/div>\n\t\t\t\t<a class=\"mkdf-tours-gallery-simple-item-link\" href=\"https:\/\/visitaltotamegaebarroso.pt\/fr\/tour-item\/cascade-de-cela-cavalos\/\"><\/a>\n\t\t\t<\/div>\n\t\t<\/div>\n\t<\/div><div class=\"mkdf-tours-gallery-simple-item mkdf-tours-row-item mkdf-tour-item-no-rating post-28385 tour-item type-tour-item status-publish has-post-thumbnail hentry tour-category-montalegre-fr tour-category-montagnes-et-rivieres tour-category-points-dinterets tour-category-sports-et-aventure\">\n\t\t\t<div class=\"mkdf-tours-gallery-simple-item-image-holder\">\n\t\t\t\t\t\t\n\t\t\t<div class=\"mkdf-tours-gallery-simple-item-image\">\n\t\t\t\t<img width=\"1200\" height=\"800\" src=\"https:\/\/visitaltotamegaebarroso.pt\/wp-content\/uploads\/2023\/07\/Cascata-Pincaes.png\" class=\"attachment-full size-full wp-post-image\" alt=\"\" decoding=\"async\" loading=\"lazy\" srcset=\"https:\/\/visitaltotamegaebarroso.pt\/wp-content\/uploads\/2023\/07\/Cascata-Pincaes.png 1200w, https:\/\/visitaltotamegaebarroso.pt\/wp-content\/uploads\/2023\/07\/Cascata-Pincaes-300x200.png 300w, https:\/\/visitaltotamegaebarroso.pt\/wp-content\/uploads\/2023\/07\/Cascata-Pincaes-1024x683.png 1024w, https:\/\/visitaltotamegaebarroso.pt\/wp-content\/uploads\/2023\/07\/Cascata-Pincaes-768x512.png 768w\" sizes=\"(max-width: 1200px) 100vw, 1200px\" \/>\t\t\t\t<span class=\"mkdf-tours-gallery-simple-item-price-holder\">\n\t\t\t\t\t\n\t\t<span class=\"mkdf-tours-price-holder\">\n\t\t\t\t\t\t\t\t<\/span>\n\n\t\t\t\t\t\t<\/span>\t\t\t\t\n\t\t\t\t<div class=\"mkdf-tours-gallery-simple-item-content-holder\">\n\t\t\t\t\t<div class=\"mkdf-tours-gallery-simple-item-content-inner\">\n\t\t\t\t\t\t\t\t\t\t\t\t\t<h5 class=\"mkdf-tours-gallery-simple-item-destination-holder\">\n\t\t\t\t\t\t\t\t\n\t\t\t<a class=\"mkdf-tour-item-destination\" href=\"https:\/\/visitaltotamegaebarroso.pt\/fr\/destinations\/montalegre\/\">\n\t\t\t\tMontalegre\t\t\t<\/a>\n\n\t\t\t\t\t\t\t\t\t<\/h5>\n\t\t\t\t\t\t\t\t\t\t\t\t<div class=\"mkdf-tours-gallery-simple-title-holder\">\n\t\t\t\t\t\t\t<h4 class=\"mkdf-tour-title\">\n\t\t\t\t\t\t\t\tCascade de Pinc\u00e3es\t\t\t\t\t\t\t<\/h4>\n\t\t\t\t\t\t<\/div>\n\t\t\t\t\t<\/div>\n\t\t\t\t<\/div>\n\t\t\t\t<a class=\"mkdf-tours-gallery-simple-item-link\" href=\"https:\/\/visitaltotamegaebarroso.pt\/fr\/tour-item\/cascade-de-pincaes\/\"><\/a>\n\t\t\t<\/div>\n\t\t<\/div>\n\t<\/div><div class=\"mkdf-tours-gallery-simple-item mkdf-tours-row-item mkdf-tour-item-no-rating post-28381 tour-item type-tour-item status-publish has-post-thumbnail hentry tour-category-montalegre-fr tour-category-montagnes-et-rivieres tour-category-points-dinterets tour-category-sports-et-aventure\">\n\t\t\t<div class=\"mkdf-tours-gallery-simple-item-image-holder\">\n\t\t\t\t\t\t\n\t\t\t<div class=\"mkdf-tours-gallery-simple-item-image\">\n\t\t\t\t<img width=\"1200\" height=\"800\" src=\"https:\/\/visitaltotamegaebarroso.pt\/wp-content\/uploads\/2023\/07\/Cascata-Pitoes.png\" class=\"attachment-full size-full wp-post-image\" alt=\"\" decoding=\"async\" loading=\"lazy\" srcset=\"https:\/\/visitaltotamegaebarroso.pt\/wp-content\/uploads\/2023\/07\/Cascata-Pitoes.png 1200w, https:\/\/visitaltotamegaebarroso.pt\/wp-content\/uploads\/2023\/07\/Cascata-Pitoes-300x200.png 300w, https:\/\/visitaltotamegaebarroso.pt\/wp-content\/uploads\/2023\/07\/Cascata-Pitoes-1024x683.png 1024w, https:\/\/visitaltotamegaebarroso.pt\/wp-content\/uploads\/2023\/07\/Cascata-Pitoes-768x512.png 768w\" sizes=\"(max-width: 1200px) 100vw, 1200px\" \/>\t\t\t\t<span class=\"mkdf-tours-gallery-simple-item-price-holder\">\n\t\t\t\t\t\n\t\t<span class=\"mkdf-tours-price-holder\">\n\t\t\t\t\t\t\t\t<\/span>\n\n\t\t\t\t\t\t<\/span>\t\t\t\t\n\t\t\t\t<div class=\"mkdf-tours-gallery-simple-item-content-holder\">\n\t\t\t\t\t<div class=\"mkdf-tours-gallery-simple-item-content-inner\">\n\t\t\t\t\t\t\t\t\t\t\t\t\t<h5 class=\"mkdf-tours-gallery-simple-item-destination-holder\">\n\t\t\t\t\t\t\t\t\n\t\t\t<a class=\"mkdf-tour-item-destination\" href=\"https:\/\/visitaltotamegaebarroso.pt\/fr\/destinations\/montalegre\/\">\n\t\t\t\tMontalegre\t\t\t<\/a>\n\n\t\t\t\t\t\t\t\t\t<\/h5>\n\t\t\t\t\t\t\t\t\t\t\t\t<div class=\"mkdf-tours-gallery-simple-title-holder\">\n\t\t\t\t\t\t\t<h4 class=\"mkdf-tour-title\">\n\t\t\t\t\t\t\t\tCascade de Pit\u00f5es das J\u00fanias\t\t\t\t\t\t\t<\/h4>\n\t\t\t\t\t\t<\/div>\n\t\t\t\t\t<\/div>\n\t\t\t\t<\/div>\n\t\t\t\t<a class=\"mkdf-tours-gallery-simple-item-link\" href=\"https:\/\/visitaltotamegaebarroso.pt\/fr\/tour-item\/cascade-de-pitoes-das-junias\/\"><\/a>\n\t\t\t<\/div>\n\t\t<\/div>\n\t<\/div><div class=\"mkdf-tours-gallery-simple-item mkdf-tours-row-item mkdf-tour-item-no-rating post-13047 tour-item type-tour-item status-publish has-post-thumbnail hentry tour-category-vila-pouca-de-aguiar-fr tour-category-histoire-et-art tour-category-montagnes-et-rivieres tour-category-points-dinterets\">\n\t\t\t<div class=\"mkdf-tours-gallery-simple-item-image-holder\">\n\t\t\t\t\t\t\n\t\t\t<div class=\"mkdf-tours-gallery-simple-item-image\">\n\t\t\t\t<img width=\"2000\" height=\"1334\" src=\"https:\/\/visitaltotamegaebarroso.pt\/wp-content\/uploads\/2023\/03\/AF_castelo-aguiar_2.jpg\" class=\"attachment-full size-full wp-post-image\" alt=\"\" decoding=\"async\" loading=\"lazy\" srcset=\"https:\/\/visitaltotamegaebarroso.pt\/wp-content\/uploads\/2023\/03\/AF_castelo-aguiar_2.jpg 2000w, https:\/\/visitaltotamegaebarroso.pt\/wp-content\/uploads\/2023\/03\/AF_castelo-aguiar_2-300x200.jpg 300w, https:\/\/visitaltotamegaebarroso.pt\/wp-content\/uploads\/2023\/03\/AF_castelo-aguiar_2-1024x683.jpg 1024w, https:\/\/visitaltotamegaebarroso.pt\/wp-content\/uploads\/2023\/03\/AF_castelo-aguiar_2-768x512.jpg 768w, https:\/\/visitaltotamegaebarroso.pt\/wp-content\/uploads\/2023\/03\/AF_castelo-aguiar_2-1536x1025.jpg 1536w, https:\/\/visitaltotamegaebarroso.pt\/wp-content\/uploads\/2023\/03\/AF_castelo-aguiar_2-600x400.jpg 600w\" sizes=\"(max-width: 2000px) 100vw, 2000px\" \/>\t\t\t\t<span class=\"mkdf-tours-gallery-simple-item-price-holder\">\n\t\t\t\t\t\n\t\t<span class=\"mkdf-tours-price-holder\">\n\t\t\t\t\t\t\t\t<\/span>\n\n\t\t\t\t\t\t<\/span>\t\t\t\t\n\t\t\t\t<div class=\"mkdf-tours-gallery-simple-item-content-holder\">\n\t\t\t\t\t<div class=\"mkdf-tours-gallery-simple-item-content-inner\">\n\t\t\t\t\t\t\t\t\t\t\t\t\t<h5 class=\"mkdf-tours-gallery-simple-item-destination-holder\">\n\t\t\t\t\t\t\t\t\n\t\t\t<a class=\"mkdf-tour-item-destination\" href=\"https:\/\/visitaltotamegaebarroso.pt\/fr\/destinations\/vila-pouca-de-aguiar\/\">\n\t\t\t\tVila Pouca de Aguiar\t\t\t<\/a>\n\n\t\t\t\t\t\t\t\t\t<\/h5>\n\t\t\t\t\t\t\t\t\t\t\t\t<div class=\"mkdf-tours-gallery-simple-title-holder\">\n\t\t\t\t\t\t\t<h4 class=\"mkdf-tour-title\">\n\t\t\t\t\t\t\t\tCastelo de Aguiar\t\t\t\t\t\t\t<\/h4>\n\t\t\t\t\t\t<\/div>\n\t\t\t\t\t<\/div>\n\t\t\t\t<\/div>\n\t\t\t\t<a class=\"mkdf-tours-gallery-simple-item-link\" href=\"https:\/\/visitaltotamegaebarroso.pt\/fr\/tour-item\/castelo-de-aguiar\/\"><\/a>\n\t\t\t<\/div>\n\t\t<\/div>\n\t<\/div><div class=\"mkdf-tours-gallery-simple-item mkdf-tours-row-item mkdf-tour-item-no-rating post-17270 tour-item type-tour-item status-publish has-post-thumbnail hentry tour-category-boticas-fr tour-category-histoire-et-art tour-category-points-dinterets\">\n\t\t\t<div class=\"mkdf-tours-gallery-simple-item-image-holder\">\n\t\t\t\t\t\t\n\t\t\t<div class=\"mkdf-tours-gallery-simple-item-image\">\n\t\t\t\t<img width=\"1200\" height=\"800\" src=\"https:\/\/visitaltotamegaebarroso.pt\/wp-content\/uploads\/2023\/06\/Castro-Cabeco.png\" class=\"attachment-full size-full wp-post-image\" alt=\"Castro do Cabe\u00e7o Boticas\" decoding=\"async\" loading=\"lazy\" srcset=\"https:\/\/visitaltotamegaebarroso.pt\/wp-content\/uploads\/2023\/06\/Castro-Cabeco.png 1200w, https:\/\/visitaltotamegaebarroso.pt\/wp-content\/uploads\/2023\/06\/Castro-Cabeco-300x200.png 300w, https:\/\/visitaltotamegaebarroso.pt\/wp-content\/uploads\/2023\/06\/Castro-Cabeco-1024x683.png 1024w, https:\/\/visitaltotamegaebarroso.pt\/wp-content\/uploads\/2023\/06\/Castro-Cabeco-768x512.png 768w\" sizes=\"(max-width: 1200px) 100vw, 1200px\" \/>\t\t\t\t<span class=\"mkdf-tours-gallery-simple-item-price-holder\">\n\t\t\t\t\t\n\t\t<span class=\"mkdf-tours-price-holder\">\n\t\t\t\t\t\t\t<span class=\"mkdf-tours-item-price \">$1<\/span>\n\t\t\t\t\t\t\t\t<\/span>\n\n\t\t\t\t\t\t<\/span>\t\t\t\t\n\t\t\t\t<div class=\"mkdf-tours-gallery-simple-item-content-holder\">\n\t\t\t\t\t<div class=\"mkdf-tours-gallery-simple-item-content-inner\">\n\t\t\t\t\t\t\t\t\t\t\t\t\t<h5 class=\"mkdf-tours-gallery-simple-item-destination-holder\">\n\t\t\t\t\t\t\t\t\n\t\t\t<a class=\"mkdf-tour-item-destination\" href=\"https:\/\/visitaltotamegaebarroso.pt\/fr\/destinations\/boticas\/\">\n\t\t\t\tBoticas\t\t\t<\/a>\n\n\t\t\t\t\t\t\t\t\t<\/h5>\n\t\t\t\t\t\t\t\t\t\t\t\t<div class=\"mkdf-tours-gallery-simple-title-holder\">\n\t\t\t\t\t\t\t<h4 class=\"mkdf-tour-title\">\n\t\t\t\t\t\t\t\tCastro de Cabe\u00e7o\t\t\t\t\t\t\t<\/h4>\n\t\t\t\t\t\t<\/div>\n\t\t\t\t\t<\/div>\n\t\t\t\t<\/div>\n\t\t\t\t<a class=\"mkdf-tours-gallery-simple-item-link\" href=\"https:\/\/visitaltotamegaebarroso.pt\/fr\/tour-item\/castro-de-cabeco\/\"><\/a>\n\t\t\t<\/div>\n\t\t<\/div>\n\t<\/div><div class=\"mkdf-tours-gallery-simple-item mkdf-tours-row-item mkdf-tour-item-no-rating post-16709 tour-item type-tour-item status-publish has-post-thumbnail hentry tour-category-boticas-fr tour-category-histoire-et-art tour-category-montagnes-et-rivieres tour-category-points-dinterets tour-category-routes-paysageres\">\n\t\t\t<div class=\"mkdf-tours-gallery-simple-item-image-holder\">\n\t\t\t\t\t\t\n\t\t\t<div class=\"mkdf-tours-gallery-simple-item-image\">\n\t\t\t\t<img width=\"1200\" height=\"800\" src=\"https:\/\/visitaltotamegaebarroso.pt\/wp-content\/uploads\/2023\/06\/Castro-Carvalhelhos.png\" class=\"attachment-full size-full wp-post-image\" alt=\"Castro de Carvalhelhos\" decoding=\"async\" loading=\"lazy\" srcset=\"https:\/\/visitaltotamegaebarroso.pt\/wp-content\/uploads\/2023\/06\/Castro-Carvalhelhos.png 1200w, https:\/\/visitaltotamegaebarroso.pt\/wp-content\/uploads\/2023\/06\/Castro-Carvalhelhos-300x200.png 300w, https:\/\/visitaltotamegaebarroso.pt\/wp-content\/uploads\/2023\/06\/Castro-Carvalhelhos-1024x683.png 1024w, https:\/\/visitaltotamegaebarroso.pt\/wp-content\/uploads\/2023\/06\/Castro-Carvalhelhos-768x512.png 768w\" sizes=\"(max-width: 1200px) 100vw, 1200px\" \/>\t\t\t\t<span class=\"mkdf-tours-gallery-simple-item-price-holder\">\n\t\t\t\t\t\n\t\t<span class=\"mkdf-tours-price-holder\">\n\t\t\t\t\t\t\t<span class=\"mkdf-tours-item-price \">$1<\/span>\n\t\t\t\t\t\t\t\t<\/span>\n\n\t\t\t\t\t\t<\/span>\t\t\t\t\n\t\t\t\t<div class=\"mkdf-tours-gallery-simple-item-content-holder\">\n\t\t\t\t\t<div class=\"mkdf-tours-gallery-simple-item-content-inner\">\n\t\t\t\t\t\t\t\t\t\t\t\t\t<h5 class=\"mkdf-tours-gallery-simple-item-destination-holder\">\n\t\t\t\t\t\t\t\t\n\t\t\t<a class=\"mkdf-tour-item-destination\" href=\"https:\/\/visitaltotamegaebarroso.pt\/fr\/destinations\/boticas\/\">\n\t\t\t\tBoticas\t\t\t<\/a>\n\n\t\t\t\t\t\t\t\t\t<\/h5>\n\t\t\t\t\t\t\t\t\t\t\t\t<div class=\"mkdf-tours-gallery-simple-title-holder\">\n\t\t\t\t\t\t\t<h4 class=\"mkdf-tour-title\">\n\t\t\t\t\t\t\t\tCastro de Carvalhelhos\t\t\t\t\t\t\t<\/h4>\n\t\t\t\t\t\t<\/div>\n\t\t\t\t\t<\/div>\n\t\t\t\t<\/div>\n\t\t\t\t<a class=\"mkdf-tours-gallery-simple-item-link\" href=\"https:\/\/visitaltotamegaebarroso.pt\/fr\/tour-item\/castro-de-carvalhelhos\/\"><\/a>\n\t\t\t<\/div>\n\t\t<\/div>\n\t<\/div><div class=\"mkdf-tours-gallery-simple-item mkdf-tours-row-item mkdf-tour-item-no-rating post-17261 tour-item type-tour-item status-publish has-post-thumbnail hentry tour-category-boticas-fr tour-category-histoire-et-art tour-category-points-dinterets tour-category-routes-paysageres tour-category-villages-et-traditions\">\n\t\t\t<div class=\"mkdf-tours-gallery-simple-item-image-holder\">\n\t\t\t\t\t\t\n\t\t\t<div class=\"mkdf-tours-gallery-simple-item-image\">\n\t\t\t\t<img width=\"1200\" height=\"800\" src=\"https:\/\/visitaltotamegaebarroso.pt\/wp-content\/uploads\/2023\/06\/castro-sapelos.jpg\" class=\"attachment-full size-full wp-post-image\" alt=\"Castro de Sapelos Boticas\" decoding=\"async\" loading=\"lazy\" srcset=\"https:\/\/visitaltotamegaebarroso.pt\/wp-content\/uploads\/2023\/06\/castro-sapelos.jpg 1200w, https:\/\/visitaltotamegaebarroso.pt\/wp-content\/uploads\/2023\/06\/castro-sapelos-300x200.jpg 300w, https:\/\/visitaltotamegaebarroso.pt\/wp-content\/uploads\/2023\/06\/castro-sapelos-1024x683.jpg 1024w, https:\/\/visitaltotamegaebarroso.pt\/wp-content\/uploads\/2023\/06\/castro-sapelos-768x512.jpg 768w\" sizes=\"(max-width: 1200px) 100vw, 1200px\" \/>\t\t\t\t<span class=\"mkdf-tours-gallery-simple-item-price-holder\">\n\t\t\t\t\t\n\t\t<span class=\"mkdf-tours-price-holder\">\n\t\t\t\t\t\t\t<span class=\"mkdf-tours-item-price \">$1<\/span>\n\t\t\t\t\t\t\t\t<\/span>\n\n\t\t\t\t\t\t<\/span>\t\t\t\t\n\t\t\t\t<div class=\"mkdf-tours-gallery-simple-item-content-holder\">\n\t\t\t\t\t<div class=\"mkdf-tours-gallery-simple-item-content-inner\">\n\t\t\t\t\t\t\t\t\t\t\t\t\t<h5 class=\"mkdf-tours-gallery-simple-item-destination-holder\">\n\t\t\t\t\t\t\t\t\n\t\t\t<a class=\"mkdf-tour-item-destination\" href=\"https:\/\/visitaltotamegaebarroso.pt\/fr\/destinations\/boticas\/\">\n\t\t\t\tBoticas\t\t\t<\/a>\n\n\t\t\t\t\t\t\t\t\t<\/h5>\n\t\t\t\t\t\t\t\t\t\t\t\t<div class=\"mkdf-tours-gallery-simple-title-holder\">\n\t\t\t\t\t\t\t<h4 class=\"mkdf-tour-title\">\n\t\t\t\t\t\t\t\tCastro de Sapelos\t\t\t\t\t\t\t<\/h4>\n\t\t\t\t\t\t<\/div>\n\t\t\t\t\t<\/div>\n\t\t\t\t<\/div>\n\t\t\t\t<a class=\"mkdf-tours-gallery-simple-item-link\" href=\"https:\/\/visitaltotamegaebarroso.pt\/fr\/tour-item\/castro-de-sapelos\/\"><\/a>\n\t\t\t<\/div>\n\t\t<\/div>\n\t<\/div><div class=\"mkdf-tours-gallery-simple-item mkdf-tours-row-item mkdf-tour-item-no-rating post-13312 tour-item type-tour-item status-publish has-post-thumbnail hentry tour-category-boticas-fr tour-category-histoire-et-art tour-category-points-dinterets tour-category-routes-paysageres tour-category-villages-et-traditions\">\n\t\t\t<div class=\"mkdf-tours-gallery-simple-item-image-holder\">\n\t\t\t\t\t\t\n\t\t\t<div class=\"mkdf-tours-gallery-simple-item-image\">\n\t\t\t\t<img width=\"2560\" height=\"731\" src=\"https:\/\/visitaltotamegaebarroso.pt\/wp-content\/uploads\/2017\/08\/Boticas_CastroOuteiroLesenho_Banner-1-scaled.jpg\" class=\"attachment-full size-full wp-post-image\" alt=\"Castro de Outeiro Lesenho - Boticas\" decoding=\"async\" loading=\"lazy\" srcset=\"https:\/\/visitaltotamegaebarroso.pt\/wp-content\/uploads\/2017\/08\/Boticas_CastroOuteiroLesenho_Banner-1-scaled.jpg 2560w, https:\/\/visitaltotamegaebarroso.pt\/wp-content\/uploads\/2017\/08\/Boticas_CastroOuteiroLesenho_Banner-1-300x86.jpg 300w, https:\/\/visitaltotamegaebarroso.pt\/wp-content\/uploads\/2017\/08\/Boticas_CastroOuteiroLesenho_Banner-1-1024x292.jpg 1024w, https:\/\/visitaltotamegaebarroso.pt\/wp-content\/uploads\/2017\/08\/Boticas_CastroOuteiroLesenho_Banner-1-768x219.jpg 768w, https:\/\/visitaltotamegaebarroso.pt\/wp-content\/uploads\/2017\/08\/Boticas_CastroOuteiroLesenho_Banner-1-1536x439.jpg 1536w, https:\/\/visitaltotamegaebarroso.pt\/wp-content\/uploads\/2017\/08\/Boticas_CastroOuteiroLesenho_Banner-1-600x171.jpg 600w\" sizes=\"(max-width: 2560px) 100vw, 2560px\" \/>\t\t\t\t<span class=\"mkdf-tours-gallery-simple-item-price-holder\">\n\t\t\t\t\t\n\t\t<span class=\"mkdf-tours-price-holder\">\n\t\t\t\t\t\t\t<span class=\"mkdf-tours-item-price \">$1<\/span>\n\t\t\t\t\t\t\t\t<\/span>\n\n\t\t\t\t\t\t<\/span>\t\t\t\t\n\t\t\t\t<div class=\"mkdf-tours-gallery-simple-item-content-holder\">\n\t\t\t\t\t<div class=\"mkdf-tours-gallery-simple-item-content-inner\">\n\t\t\t\t\t\t\t\t\t\t\t\t\t<h5 class=\"mkdf-tours-gallery-simple-item-destination-holder\">\n\t\t\t\t\t\t\t\t\n\t\t\t<a class=\"mkdf-tour-item-destination\" href=\"https:\/\/visitaltotamegaebarroso.pt\/fr\/destinations\/boticas\/\">\n\t\t\t\tBoticas\t\t\t<\/a>\n\n\t\t\t\t\t\t\t\t\t<\/h5>\n\t\t\t\t\t\t\t\t\t\t\t\t<div class=\"mkdf-tours-gallery-simple-title-holder\">\n\t\t\t\t\t\t\t<h4 class=\"mkdf-tour-title\">\n\t\t\t\t\t\t\t\tCastro do Outeiro de Lesenho\t\t\t\t\t\t\t<\/h4>\n\t\t\t\t\t\t<\/div>\n\t\t\t\t\t<\/div>\n\t\t\t\t<\/div>\n\t\t\t\t<a class=\"mkdf-tours-gallery-simple-item-link\" href=\"https:\/\/visitaltotamegaebarroso.pt\/fr\/tour-item\/castro-do-outeiro-de-lesenho\/\"><\/a>\n\t\t\t<\/div>\n\t\t<\/div>\n\t<\/div><div class=\"mkdf-tours-gallery-simple-item mkdf-tours-row-item mkdf-tour-item-no-rating post-22372 tour-item type-tour-item status-publish has-post-thumbnail hentry tour-category-chaves-fr tour-category-histoire-et-art tour-category-points-dinterets\">\n\t\t\t<div class=\"mkdf-tours-gallery-simple-item-image-holder\">\n\t\t\t\t\t\t\n\t\t\t<div class=\"mkdf-tours-gallery-simple-item-image\">\n\t\t\t\t<img width=\"1200\" height=\"800\" src=\"https:\/\/visitaltotamegaebarroso.pt\/wp-content\/uploads\/2023\/07\/Centro-Cultural-Chaves.png\" class=\"attachment-full size-full wp-post-image\" alt=\"\" decoding=\"async\" loading=\"lazy\" srcset=\"https:\/\/visitaltotamegaebarroso.pt\/wp-content\/uploads\/2023\/07\/Centro-Cultural-Chaves.png 1200w, https:\/\/visitaltotamegaebarroso.pt\/wp-content\/uploads\/2023\/07\/Centro-Cultural-Chaves-300x200.png 300w, https:\/\/visitaltotamegaebarroso.pt\/wp-content\/uploads\/2023\/07\/Centro-Cultural-Chaves-1024x683.png 1024w, https:\/\/visitaltotamegaebarroso.pt\/wp-content\/uploads\/2023\/07\/Centro-Cultural-Chaves-768x512.png 768w\" sizes=\"(max-width: 1200px) 100vw, 1200px\" \/>\t\t\t\t<span class=\"mkdf-tours-gallery-simple-item-price-holder\">\n\t\t\t\t\t\n\t\t<span class=\"mkdf-tours-price-holder\">\n\t\t\t\t\t\t\t<span class=\"mkdf-tours-item-price \">$1<\/span>\n\t\t\t\t\t\t\t\t<\/span>\n\n\t\t\t\t\t\t<\/span>\t\t\t\t\n\t\t\t\t<div class=\"mkdf-tours-gallery-simple-item-content-holder\">\n\t\t\t\t\t<div class=\"mkdf-tours-gallery-simple-item-content-inner\">\n\t\t\t\t\t\t\t\t\t\t\t\t\t<h5 class=\"mkdf-tours-gallery-simple-item-destination-holder\">\n\t\t\t\t\t\t\t\t\n\t\t\t<a class=\"mkdf-tour-item-destination\" href=\"https:\/\/visitaltotamegaebarroso.pt\/fr\/destinations\/chaves\/\">\n\t\t\t\tChaves\t\t\t<\/a>\n\n\t\t\t\t\t\t\t\t\t<\/h5>\n\t\t\t\t\t\t\t\t\t\t\t\t<div class=\"mkdf-tours-gallery-simple-title-holder\">\n\t\t\t\t\t\t\t<h4 class=\"mkdf-tour-title\">\n\t\t\t\t\t\t\t\tCentre Culturel de Chaves\t\t\t\t\t\t\t<\/h4>\n\t\t\t\t\t\t<\/div>\n\t\t\t\t\t<\/div>\n\t\t\t\t<\/div>\n\t\t\t\t<a class=\"mkdf-tours-gallery-simple-item-link\" href=\"https:\/\/visitaltotamegaebarroso.pt\/fr\/tour-item\/centre-culturel-de-chaves\/\"><\/a>\n\t\t\t<\/div>\n\t\t<\/div>\n\t<\/div><div class=\"mkdf-tours-gallery-simple-item mkdf-tours-row-item mkdf-tour-item-no-rating post-13360 tour-item type-tour-item status-publish has-post-thumbnail hentry tour-category-boticas-fr tour-category-histoire-et-art tour-category-points-dinterets tour-category-route-de-leau tour-category-routes-paysageres tour-category-spa-et-spa\">\n\t\t\t<div class=\"mkdf-tours-gallery-simple-item-image-holder\">\n\t\t\t\t\t\t\n\t\t\t<div class=\"mkdf-tours-gallery-simple-item-image\">\n\t\t\t\t<img width=\"2000\" height=\"1333\" src=\"https:\/\/visitaltotamegaebarroso.pt\/wp-content\/uploads\/2023\/03\/AF_centro-nadir-afonso.jpg\" class=\"attachment-full size-full wp-post-image\" alt=\"\" decoding=\"async\" loading=\"lazy\" srcset=\"https:\/\/visitaltotamegaebarroso.pt\/wp-content\/uploads\/2023\/03\/AF_centro-nadir-afonso.jpg 2000w, https:\/\/visitaltotamegaebarroso.pt\/wp-content\/uploads\/2023\/03\/AF_centro-nadir-afonso-300x200.jpg 300w, https:\/\/visitaltotamegaebarroso.pt\/wp-content\/uploads\/2023\/03\/AF_centro-nadir-afonso-1024x682.jpg 1024w, https:\/\/visitaltotamegaebarroso.pt\/wp-content\/uploads\/2023\/03\/AF_centro-nadir-afonso-768x512.jpg 768w, https:\/\/visitaltotamegaebarroso.pt\/wp-content\/uploads\/2023\/03\/AF_centro-nadir-afonso-1536x1024.jpg 1536w, https:\/\/visitaltotamegaebarroso.pt\/wp-content\/uploads\/2023\/03\/AF_centro-nadir-afonso-600x400.jpg 600w\" sizes=\"(max-width: 2000px) 100vw, 2000px\" \/>\t\t\t\t<span class=\"mkdf-tours-gallery-simple-item-price-holder\">\n\t\t\t\t\t\n\t\t<span class=\"mkdf-tours-price-holder\">\n\t\t\t\t\t\t\t<span class=\"mkdf-tours-item-price \">$1<\/span>\n\t\t\t\t\t\t\t\t<\/span>\n\n\t\t\t\t\t\t<\/span>\t\t\t\t\n\t\t\t\t<div class=\"mkdf-tours-gallery-simple-item-content-holder\">\n\t\t\t\t\t<div class=\"mkdf-tours-gallery-simple-item-content-inner\">\n\t\t\t\t\t\t\t\t\t\t\t\t\t<h5 class=\"mkdf-tours-gallery-simple-item-destination-holder\">\n\t\t\t\t\t\t\t\t\n\t\t\t<a class=\"mkdf-tour-item-destination\" href=\"https:\/\/visitaltotamegaebarroso.pt\/fr\/destinations\/boticas\/\">\n\t\t\t\tBoticas\t\t\t<\/a>\n\n\t\t\t\t\t\t\t\t\t<\/h5>\n\t\t\t\t\t\t\t\t\t\t\t\t<div class=\"mkdf-tours-gallery-simple-title-holder\">\n\t\t\t\t\t\t\t<h4 class=\"mkdf-tour-title\">\n\t\t\t\t\t\t\t\tCentre d&rsquo;art Nadir Afonso\t\t\t\t\t\t\t<\/h4>\n\t\t\t\t\t\t<\/div>\n\t\t\t\t\t<\/div>\n\t\t\t\t<\/div>\n\t\t\t\t<a class=\"mkdf-tours-gallery-simple-item-link\" href=\"https:\/\/visitaltotamegaebarroso.pt\/fr\/tour-item\/centre-dart-nadir-afonso\/\"><\/a>\n\t\t\t<\/div>\n\t\t<\/div>\n\t<\/div><div class=\"mkdf-tours-gallery-simple-item mkdf-tours-row-item mkdf-tour-item-no-rating post-28648 tour-item type-tour-item status-publish has-post-thumbnail hentry tour-category-vila-pouca-de-aguiar-fr tour-category-histoire-et-art tour-category-points-dinterets\">\n\t\t\t<div class=\"mkdf-tours-gallery-simple-item-image-holder\">\n\t\t\t\t\t\t\n\t\t\t<div class=\"mkdf-tours-gallery-simple-item-image\">\n\t\t\t\t<img width=\"670\" height=\"431\" src=\"https:\/\/visitaltotamegaebarroso.pt\/wp-content\/uploads\/2024\/06\/centrointerpretativotresminas.jpg\" class=\"attachment-full size-full wp-post-image\" alt=\"\" decoding=\"async\" loading=\"lazy\" srcset=\"https:\/\/visitaltotamegaebarroso.pt\/wp-content\/uploads\/2024\/06\/centrointerpretativotresminas.jpg 670w, https:\/\/visitaltotamegaebarroso.pt\/wp-content\/uploads\/2024\/06\/centrointerpretativotresminas-300x193.jpg 300w\" sizes=\"(max-width: 670px) 100vw, 670px\" \/>\t\t\t\t<span class=\"mkdf-tours-gallery-simple-item-price-holder\">\n\t\t\t\t\t\n\t\t<span class=\"mkdf-tours-price-holder\">\n\t\t\t\t\t\t\t\t<\/span>\n\n\t\t\t\t\t\t<\/span>\t\t\t\t\n\t\t\t\t<div class=\"mkdf-tours-gallery-simple-item-content-holder\">\n\t\t\t\t\t<div class=\"mkdf-tours-gallery-simple-item-content-inner\">\n\t\t\t\t\t\t\t\t\t\t\t\t\t<h5 class=\"mkdf-tours-gallery-simple-item-destination-holder\">\n\t\t\t\t\t\t\t\t\n\t\t\t<a class=\"mkdf-tour-item-destination\" href=\"https:\/\/visitaltotamegaebarroso.pt\/fr\/destinations\/vila-pouca-de-aguiar\/\">\n\t\t\t\tVila Pouca de Aguiar\t\t\t<\/a>\n\n\t\t\t\t\t\t\t\t\t<\/h5>\n\t\t\t\t\t\t\t\t\t\t\t\t<div class=\"mkdf-tours-gallery-simple-title-holder\">\n\t\t\t\t\t\t\t<h4 class=\"mkdf-tour-title\">\n\t\t\t\t\t\t\t\tCentre d&rsquo;interpr\u00e9tation de Tresminas\t\t\t\t\t\t\t<\/h4>\n\t\t\t\t\t\t<\/div>\n\t\t\t\t\t<\/div>\n\t\t\t\t<\/div>\n\t\t\t\t<a class=\"mkdf-tours-gallery-simple-item-link\" href=\"https:\/\/visitaltotamegaebarroso.pt\/fr\/tour-item\/centre-dinterpretation-de-tresminas\/\"><\/a>\n\t\t\t<\/div>\n\t\t<\/div>\n\t<\/div><div class=\"mkdf-tours-gallery-simple-item mkdf-tours-row-item mkdf-tour-item-no-rating post-17288 tour-item type-tour-item status-publish has-post-thumbnail hentry tour-category-boticas-fr tour-category-histoire-et-art tour-category-points-dinterets tour-category-routes-paysageres tour-category-villages-et-traditions\">\n\t\t\t<div class=\"mkdf-tours-gallery-simple-item-image-holder\">\n\t\t\t\t\t\t\n\t\t\t<div class=\"mkdf-tours-gallery-simple-item-image\">\n\t\t\t\t<img width=\"1200\" height=\"800\" src=\"https:\/\/visitaltotamegaebarroso.pt\/wp-content\/uploads\/2023\/06\/Centro-Interpretacao-Vale-do-Terva.png\" class=\"attachment-full size-full wp-post-image\" alt=\"Centro Interpretativo do Parque Arqueol\u00f3gico do Vale do Terva\" decoding=\"async\" loading=\"lazy\" srcset=\"https:\/\/visitaltotamegaebarroso.pt\/wp-content\/uploads\/2023\/06\/Centro-Interpretacao-Vale-do-Terva.png 1200w, https:\/\/visitaltotamegaebarroso.pt\/wp-content\/uploads\/2023\/06\/Centro-Interpretacao-Vale-do-Terva-300x200.png 300w, https:\/\/visitaltotamegaebarroso.pt\/wp-content\/uploads\/2023\/06\/Centro-Interpretacao-Vale-do-Terva-1024x683.png 1024w, https:\/\/visitaltotamegaebarroso.pt\/wp-content\/uploads\/2023\/06\/Centro-Interpretacao-Vale-do-Terva-768x512.png 768w\" sizes=\"(max-width: 1200px) 100vw, 1200px\" \/>\t\t\t\t<span class=\"mkdf-tours-gallery-simple-item-price-holder\">\n\t\t\t\t\t\n\t\t<span class=\"mkdf-tours-price-holder\">\n\t\t\t\t\t\t\t<span class=\"mkdf-tours-item-price \">$1<\/span>\n\t\t\t\t\t\t\t\t<\/span>\n\n\t\t\t\t\t\t<\/span>\t\t\t\t\n\t\t\t\t<div class=\"mkdf-tours-gallery-simple-item-content-holder\">\n\t\t\t\t\t<div class=\"mkdf-tours-gallery-simple-item-content-inner\">\n\t\t\t\t\t\t\t\t\t\t\t\t\t<h5 class=\"mkdf-tours-gallery-simple-item-destination-holder\">\n\t\t\t\t\t\t\t\t\n\t\t\t<a class=\"mkdf-tour-item-destination\" href=\"https:\/\/visitaltotamegaebarroso.pt\/fr\/destinations\/boticas\/\">\n\t\t\t\tBoticas\t\t\t<\/a>\n\n\t\t\t\t\t\t\t\t\t<\/h5>\n\t\t\t\t\t\t\t\t\t\t\t\t<div class=\"mkdf-tours-gallery-simple-title-holder\">\n\t\t\t\t\t\t\t<h4 class=\"mkdf-tour-title\">\n\t\t\t\t\t\t\t\tCentre d&rsquo;interpr\u00e9tation du parc arch\u00e9ologique de la vall\u00e9e de Terva\t\t\t\t\t\t\t<\/h4>\n\t\t\t\t\t\t<\/div>\n\t\t\t\t\t<\/div>\n\t\t\t\t<\/div>\n\t\t\t\t<a class=\"mkdf-tours-gallery-simple-item-link\" href=\"https:\/\/visitaltotamegaebarroso.pt\/fr\/tour-item\/centre-dinterpretation-du-parc-archeologique-de-la-vallee-de-terva\/\"><\/a>\n\t\t\t<\/div>\n\t\t<\/div>\n\t<\/div><div class=\"mkdf-tours-gallery-simple-item mkdf-tours-row-item mkdf-tour-item-no-rating post-28340 tour-item type-tour-item status-publish has-post-thumbnail hentry tour-category-montalegre-fr tour-category-montagnes-et-rivieres tour-category-points-dinterets tour-category-villages-et-traditions\">\n\t\t\t<div class=\"mkdf-tours-gallery-simple-item-image-holder\">\n\t\t\t\t\t\t\n\t\t\t<div class=\"mkdf-tours-gallery-simple-item-image\">\n\t\t\t\t<img width=\"1200\" height=\"800\" src=\"https:\/\/visitaltotamegaebarroso.pt\/wp-content\/uploads\/2023\/07\/Centro-Planalto-Mourela.png\" class=\"attachment-full size-full wp-post-image\" alt=\"\" decoding=\"async\" loading=\"lazy\" srcset=\"https:\/\/visitaltotamegaebarroso.pt\/wp-content\/uploads\/2023\/07\/Centro-Planalto-Mourela.png 1200w, https:\/\/visitaltotamegaebarroso.pt\/wp-content\/uploads\/2023\/07\/Centro-Planalto-Mourela-300x200.png 300w, https:\/\/visitaltotamegaebarroso.pt\/wp-content\/uploads\/2023\/07\/Centro-Planalto-Mourela-1024x683.png 1024w, https:\/\/visitaltotamegaebarroso.pt\/wp-content\/uploads\/2023\/07\/Centro-Planalto-Mourela-768x512.png 768w\" sizes=\"(max-width: 1200px) 100vw, 1200px\" \/>\t\t\t\t<span class=\"mkdf-tours-gallery-simple-item-price-holder\">\n\t\t\t\t\t\n\t\t<span class=\"mkdf-tours-price-holder\">\n\t\t\t\t\t\t\t\t<\/span>\n\n\t\t\t\t\t\t<\/span>\t\t\t\t\n\t\t\t\t<div class=\"mkdf-tours-gallery-simple-item-content-holder\">\n\t\t\t\t\t<div class=\"mkdf-tours-gallery-simple-item-content-inner\">\n\t\t\t\t\t\t\t\t\t\t\t\t\t<h5 class=\"mkdf-tours-gallery-simple-item-destination-holder\">\n\t\t\t\t\t\t\t\t\n\t\t\t<a class=\"mkdf-tour-item-destination\" href=\"https:\/\/visitaltotamegaebarroso.pt\/fr\/destinations\/montalegre\/\">\n\t\t\t\tMontalegre\t\t\t<\/a>\n\n\t\t\t\t\t\t\t\t\t<\/h5>\n\t\t\t\t\t\t\t\t\t\t\t\t<div class=\"mkdf-tours-gallery-simple-title-holder\">\n\t\t\t\t\t\t\t<h4 class=\"mkdf-tour-title\">\n\t\t\t\t\t\t\t\tCentre d&rsquo;interpr\u00e9tation du plateau de Mourela\t\t\t\t\t\t\t<\/h4>\n\t\t\t\t\t\t<\/div>\n\t\t\t\t\t<\/div>\n\t\t\t\t<\/div>\n\t\t\t\t<a class=\"mkdf-tours-gallery-simple-item-link\" href=\"https:\/\/visitaltotamegaebarroso.pt\/fr\/tour-item\/centre-dinterpretation-du-plateau-de-mourela\/\"><\/a>\n\t\t\t<\/div>\n\t\t<\/div>\n\t<\/div><div class=\"mkdf-tours-gallery-simple-item mkdf-tours-row-item mkdf-tour-item-no-rating post-28546 tour-item type-tour-item status-publish has-post-thumbnail hentry tour-category-vila-pouca-de-aguiar-fr tour-category-montagnes-et-rivieres\">\n\t\t\t<div class=\"mkdf-tours-gallery-simple-item-image-holder\">\n\t\t\t\t\t\t\n\t\t\t<div class=\"mkdf-tours-gallery-simple-item-image\">\n\t\t\t\t<img width=\"2560\" height=\"1993\" src=\"https:\/\/visitaltotamegaebarroso.pt\/wp-content\/uploads\/2024\/06\/Centro-de-Educacao-Ambiental-da-Lagoa-do-Alvao_VPA-scaled.jpg\" class=\"attachment-full size-full wp-post-image\" alt=\"\" decoding=\"async\" loading=\"lazy\" srcset=\"https:\/\/visitaltotamegaebarroso.pt\/wp-content\/uploads\/2024\/06\/Centro-de-Educacao-Ambiental-da-Lagoa-do-Alvao_VPA-scaled.jpg 2560w, https:\/\/visitaltotamegaebarroso.pt\/wp-content\/uploads\/2024\/06\/Centro-de-Educacao-Ambiental-da-Lagoa-do-Alvao_VPA-300x234.jpg 300w, https:\/\/visitaltotamegaebarroso.pt\/wp-content\/uploads\/2024\/06\/Centro-de-Educacao-Ambiental-da-Lagoa-do-Alvao_VPA-1024x797.jpg 1024w, https:\/\/visitaltotamegaebarroso.pt\/wp-content\/uploads\/2024\/06\/Centro-de-Educacao-Ambiental-da-Lagoa-do-Alvao_VPA-768x598.jpg 768w, https:\/\/visitaltotamegaebarroso.pt\/wp-content\/uploads\/2024\/06\/Centro-de-Educacao-Ambiental-da-Lagoa-do-Alvao_VPA-1536x1196.jpg 1536w\" sizes=\"(max-width: 2560px) 100vw, 2560px\" \/>\t\t\t\t<span class=\"mkdf-tours-gallery-simple-item-price-holder\">\n\t\t\t\t\t\n\t\t<span class=\"mkdf-tours-price-holder\">\n\t\t\t\t\t\t\t\t<\/span>\n\n\t\t\t\t\t\t<\/span>\t\t\t\t\n\t\t\t\t<div class=\"mkdf-tours-gallery-simple-item-content-holder\">\n\t\t\t\t\t<div class=\"mkdf-tours-gallery-simple-item-content-inner\">\n\t\t\t\t\t\t\t\t\t\t\t\t\t<h5 class=\"mkdf-tours-gallery-simple-item-destination-holder\">\n\t\t\t\t\t\t\t\t\n\t\t\t<a class=\"mkdf-tour-item-destination\" href=\"https:\/\/visitaltotamegaebarroso.pt\/fr\/destinations\/vila-pouca-de-aguiar\/\">\n\t\t\t\tVila Pouca de Aguiar\t\t\t<\/a>\n\n\t\t\t\t\t\t\t\t\t<\/h5>\n\t\t\t\t\t\t\t\t\t\t\t\t<div class=\"mkdf-tours-gallery-simple-title-holder\">\n\t\t\t\t\t\t\t<h4 class=\"mkdf-tour-title\">\n\t\t\t\t\t\t\t\tCentre d\u2019\u00e9ducation environnementale de Lagoa do Alv\u00e3o\t\t\t\t\t\t\t<\/h4>\n\t\t\t\t\t\t<\/div>\n\t\t\t\t\t<\/div>\n\t\t\t\t<\/div>\n\t\t\t\t<a class=\"mkdf-tours-gallery-simple-item-link\" href=\"https:\/\/visitaltotamegaebarroso.pt\/fr\/tour-item\/centre-deducation-environnementale-de-lagoa-do-alvao\/\"><\/a>\n\t\t\t<\/div>\n\t\t<\/div>\n\t<\/div><div class=\"mkdf-tours-gallery-simple-item mkdf-tours-row-item mkdf-tour-item-no-rating post-28528 tour-item type-tour-item status-publish has-post-thumbnail hentry tour-category-vila-pouca-de-aguiar-fr tour-category-histoire-et-art\">\n\t\t\t<div class=\"mkdf-tours-gallery-simple-item-image-holder\">\n\t\t\t\t\t\t\n\t\t\t<div class=\"mkdf-tours-gallery-simple-item-image\">\n\t\t\t\t<img width=\"1920\" height=\"1440\" src=\"https:\/\/visitaltotamegaebarroso.pt\/wp-content\/uploads\/2024\/06\/Centro-Interpretaivo-Mineiro-de-jales.jpeg\" class=\"attachment-full size-full wp-post-image\" alt=\"\" decoding=\"async\" loading=\"lazy\" srcset=\"https:\/\/visitaltotamegaebarroso.pt\/wp-content\/uploads\/2024\/06\/Centro-Interpretaivo-Mineiro-de-jales.jpeg 1920w, https:\/\/visitaltotamegaebarroso.pt\/wp-content\/uploads\/2024\/06\/Centro-Interpretaivo-Mineiro-de-jales-300x225.jpeg 300w, https:\/\/visitaltotamegaebarroso.pt\/wp-content\/uploads\/2024\/06\/Centro-Interpretaivo-Mineiro-de-jales-1024x768.jpeg 1024w, https:\/\/visitaltotamegaebarroso.pt\/wp-content\/uploads\/2024\/06\/Centro-Interpretaivo-Mineiro-de-jales-768x576.jpeg 768w, https:\/\/visitaltotamegaebarroso.pt\/wp-content\/uploads\/2024\/06\/Centro-Interpretaivo-Mineiro-de-jales-1536x1152.jpeg 1536w\" sizes=\"(max-width: 1920px) 100vw, 1920px\" \/>\t\t\t\t<span class=\"mkdf-tours-gallery-simple-item-price-holder\">\n\t\t\t\t\t\n\t\t<span class=\"mkdf-tours-price-holder\">\n\t\t\t\t\t\t\t\t<\/span>\n\n\t\t\t\t\t\t<\/span>\t\t\t\t\n\t\t\t\t<div class=\"mkdf-tours-gallery-simple-item-content-holder\">\n\t\t\t\t\t<div class=\"mkdf-tours-gallery-simple-item-content-inner\">\n\t\t\t\t\t\t\t\t\t\t\t\t\t<h5 class=\"mkdf-tours-gallery-simple-item-destination-holder\">\n\t\t\t\t\t\t\t\t\n\t\t\t<a class=\"mkdf-tour-item-destination\" href=\"https:\/\/visitaltotamegaebarroso.pt\/fr\/destinations\/vila-pouca-de-aguiar\/\">\n\t\t\t\tVila Pouca de Aguiar\t\t\t<\/a>\n\n\t\t\t\t\t\t\t\t\t<\/h5>\n\t\t\t\t\t\t\t\t\t\t\t\t<div class=\"mkdf-tours-gallery-simple-title-holder\">\n\t\t\t\t\t\t\t<h4 class=\"mkdf-tour-title\">\n\t\t\t\t\t\t\t\tCentre d\u2019interpr\u00e9tation de Jales Mining\t\t\t\t\t\t\t<\/h4>\n\t\t\t\t\t\t<\/div>\n\t\t\t\t\t<\/div>\n\t\t\t\t<\/div>\n\t\t\t\t<a class=\"mkdf-tours-gallery-simple-item-link\" href=\"https:\/\/visitaltotamegaebarroso.pt\/fr\/tour-item\/centre-dinterpretation-de-jales-mining\/\"><\/a>\n\t\t\t<\/div>\n\t\t<\/div>\n\t<\/div><div class=\"mkdf-tours-gallery-simple-item mkdf-tours-row-item mkdf-tour-item-no-rating post-13323 tour-item type-tour-item status-publish has-post-thumbnail hentry tour-category-vila-pouca-de-aguiar-fr tour-category-points-dinterets tour-category-route-de-leau tour-category-sports-et-aventure\">\n\t\t\t<div class=\"mkdf-tours-gallery-simple-item-image-holder\">\n\t\t\t\t\t\t\n\t\t\t<div class=\"mkdf-tours-gallery-simple-item-image\">\n\t\t\t\t<img width=\"2000\" height=\"1333\" src=\"https:\/\/visitaltotamegaebarroso.pt\/wp-content\/uploads\/2023\/03\/AF_centro-hipico-pedras-salgadas.jpg\" class=\"attachment-full size-full wp-post-image\" alt=\"Centro H\u00edpico das Pedras Salgadas\" decoding=\"async\" loading=\"lazy\" srcset=\"https:\/\/visitaltotamegaebarroso.pt\/wp-content\/uploads\/2023\/03\/AF_centro-hipico-pedras-salgadas.jpg 2000w, https:\/\/visitaltotamegaebarroso.pt\/wp-content\/uploads\/2023\/03\/AF_centro-hipico-pedras-salgadas-300x200.jpg 300w, https:\/\/visitaltotamegaebarroso.pt\/wp-content\/uploads\/2023\/03\/AF_centro-hipico-pedras-salgadas-1024x682.jpg 1024w, https:\/\/visitaltotamegaebarroso.pt\/wp-content\/uploads\/2023\/03\/AF_centro-hipico-pedras-salgadas-768x512.jpg 768w, https:\/\/visitaltotamegaebarroso.pt\/wp-content\/uploads\/2023\/03\/AF_centro-hipico-pedras-salgadas-1536x1024.jpg 1536w, https:\/\/visitaltotamegaebarroso.pt\/wp-content\/uploads\/2023\/03\/AF_centro-hipico-pedras-salgadas-600x400.jpg 600w\" sizes=\"(max-width: 2000px) 100vw, 2000px\" \/>\t\t\t\t<span class=\"mkdf-tours-gallery-simple-item-price-holder\">\n\t\t\t\t\t\n\t\t<span class=\"mkdf-tours-price-holder\">\n\t\t\t\t\t\t\t<span class=\"mkdf-tours-item-price \">$1<\/span>\n\t\t\t\t\t\t\t\t<\/span>\n\n\t\t\t\t\t\t<\/span>\t\t\t\t\n\t\t\t\t<div class=\"mkdf-tours-gallery-simple-item-content-holder\">\n\t\t\t\t\t<div class=\"mkdf-tours-gallery-simple-item-content-inner\">\n\t\t\t\t\t\t\t\t\t\t\t\t\t<h5 class=\"mkdf-tours-gallery-simple-item-destination-holder\">\n\t\t\t\t\t\t\t\t\n\t\t\t<a class=\"mkdf-tour-item-destination\" href=\"https:\/\/visitaltotamegaebarroso.pt\/fr\/destinations\/vila-pouca-de-aguiar\/\">\n\t\t\t\tVila Pouca de Aguiar\t\t\t<\/a>\n\n\t\t\t\t\t\t\t\t\t<\/h5>\n\t\t\t\t\t\t\t\t\t\t\t\t<div class=\"mkdf-tours-gallery-simple-title-holder\">\n\t\t\t\t\t\t\t<h4 class=\"mkdf-tour-title\">\n\t\t\t\t\t\t\t\tCentre \u00e9questre de Pedras Salgadas\t\t\t\t\t\t\t<\/h4>\n\t\t\t\t\t\t<\/div>\n\t\t\t\t\t<\/div>\n\t\t\t\t<\/div>\n\t\t\t\t<a class=\"mkdf-tours-gallery-simple-item-link\" href=\"https:\/\/visitaltotamegaebarroso.pt\/fr\/tour-item\/centro-hipico-das-pedras-salgadas\/\"><\/a>\n\t\t\t<\/div>\n\t\t<\/div>\n\t<\/div><div class=\"mkdf-tours-gallery-simple-item mkdf-tours-row-item mkdf-tour-item-no-rating post-17283 tour-item type-tour-item status-publish has-post-thumbnail hentry tour-category-boticas-fr tour-category-histoire-et-art tour-category-points-dinterets tour-category-routes-paysageres tour-category-villages-et-traditions\">\n\t\t\t<div class=\"mkdf-tours-gallery-simple-item-image-holder\">\n\t\t\t\t\t\t\n\t\t\t<div class=\"mkdf-tours-gallery-simple-item-image\">\n\t\t\t\t<img width=\"1200\" height=\"800\" src=\"https:\/\/visitaltotamegaebarroso.pt\/wp-content\/uploads\/2023\/06\/Centro-Europeu-de-Documentacao-e-Interpretacao-da-Escultura-Castreja.png\" class=\"attachment-full size-full wp-post-image\" alt=\"Centro Europeu de Documenta\u00e7\u00e3o e Interpreta\u00e7\u00e3o da Escultura Castreja (CEDIEC)\" decoding=\"async\" loading=\"lazy\" srcset=\"https:\/\/visitaltotamegaebarroso.pt\/wp-content\/uploads\/2023\/06\/Centro-Europeu-de-Documentacao-e-Interpretacao-da-Escultura-Castreja.png 1200w, https:\/\/visitaltotamegaebarroso.pt\/wp-content\/uploads\/2023\/06\/Centro-Europeu-de-Documentacao-e-Interpretacao-da-Escultura-Castreja-300x200.png 300w, https:\/\/visitaltotamegaebarroso.pt\/wp-content\/uploads\/2023\/06\/Centro-Europeu-de-Documentacao-e-Interpretacao-da-Escultura-Castreja-1024x683.png 1024w, https:\/\/visitaltotamegaebarroso.pt\/wp-content\/uploads\/2023\/06\/Centro-Europeu-de-Documentacao-e-Interpretacao-da-Escultura-Castreja-768x512.png 768w\" sizes=\"(max-width: 1200px) 100vw, 1200px\" \/>\t\t\t\t<span class=\"mkdf-tours-gallery-simple-item-price-holder\">\n\t\t\t\t\t\n\t\t<span class=\"mkdf-tours-price-holder\">\n\t\t\t\t\t\t\t<span class=\"mkdf-tours-item-price \">$1<\/span>\n\t\t\t\t\t\t\t\t<\/span>\n\n\t\t\t\t\t\t<\/span>\t\t\t\t\n\t\t\t\t<div class=\"mkdf-tours-gallery-simple-item-content-holder\">\n\t\t\t\t\t<div class=\"mkdf-tours-gallery-simple-item-content-inner\">\n\t\t\t\t\t\t\t\t\t\t\t\t\t<h5 class=\"mkdf-tours-gallery-simple-item-destination-holder\">\n\t\t\t\t\t\t\t\t\n\t\t\t<a class=\"mkdf-tour-item-destination\" href=\"https:\/\/visitaltotamegaebarroso.pt\/fr\/destinations\/boticas\/\">\n\t\t\t\tBoticas\t\t\t<\/a>\n\n\t\t\t\t\t\t\t\t\t<\/h5>\n\t\t\t\t\t\t\t\t\t\t\t\t<div class=\"mkdf-tours-gallery-simple-title-holder\">\n\t\t\t\t\t\t\t<h4 class=\"mkdf-tour-title\">\n\t\t\t\t\t\t\t\tCentre europ\u00e9en de documentation et d&rsquo;interpr\u00e9tation de la sculpture de Castreja (CEDIEC)\t\t\t\t\t\t\t<\/h4>\n\t\t\t\t\t\t<\/div>\n\t\t\t\t\t<\/div>\n\t\t\t\t<\/div>\n\t\t\t\t<a class=\"mkdf-tours-gallery-simple-item-link\" href=\"https:\/\/visitaltotamegaebarroso.pt\/fr\/tour-item\/centre-europeen-de-documentation-et-dinterpretation-de-la-sculpture-de-castreja-cediec\/\"><\/a>\n\t\t\t<\/div>\n\t\t<\/div>\n\t<\/div><div class=\"mkdf-tours-gallery-simple-item mkdf-tours-row-item mkdf-tour-item-no-rating post-28458 tour-item type-tour-item status-publish has-post-thumbnail hentry tour-category-valpacos-fr tour-category-gastronomie-eaux-et-vins tour-category-points-dinterets\">\n\t\t\t<div class=\"mkdf-tours-gallery-simple-item-image-holder\">\n\t\t\t\t\t\t\n\t\t\t<div class=\"mkdf-tours-gallery-simple-item-image\">\n\t\t\t\t<img width=\"1200\" height=\"800\" src=\"https:\/\/visitaltotamegaebarroso.pt\/wp-content\/uploads\/2023\/06\/Amendoal.png\" class=\"attachment-full size-full wp-post-image\" alt=\"Amendoal em Valpa\u00e7os\" decoding=\"async\" loading=\"lazy\" srcset=\"https:\/\/visitaltotamegaebarroso.pt\/wp-content\/uploads\/2023\/06\/Amendoal.png 1200w, https:\/\/visitaltotamegaebarroso.pt\/wp-content\/uploads\/2023\/06\/Amendoal-300x200.png 300w, https:\/\/visitaltotamegaebarroso.pt\/wp-content\/uploads\/2023\/06\/Amendoal-1024x683.png 1024w, https:\/\/visitaltotamegaebarroso.pt\/wp-content\/uploads\/2023\/06\/Amendoal-768x512.png 768w\" sizes=\"(max-width: 1200px) 100vw, 1200px\" \/>\t\t\t\t<span class=\"mkdf-tours-gallery-simple-item-price-holder\">\n\t\t\t\t\t\n\t\t<span class=\"mkdf-tours-price-holder\">\n\t\t\t\t\t\t\t\t<\/span>\n\n\t\t\t\t\t\t<\/span>\t\t\t\t\n\t\t\t\t<div class=\"mkdf-tours-gallery-simple-item-content-holder\">\n\t\t\t\t\t<div class=\"mkdf-tours-gallery-simple-item-content-inner\">\n\t\t\t\t\t\t\t\t\t\t\t\t\t<h5 class=\"mkdf-tours-gallery-simple-item-destination-holder\">\n\t\t\t\t\t\t\t\t\n\t\t\t<a class=\"mkdf-tour-item-destination\" href=\"https:\/\/visitaltotamegaebarroso.pt\/fr\/destinations\/valpacos\/\">\n\t\t\t\tValpa\u00e7os\t\t\t<\/a>\n\n\t\t\t\t\t\t\t\t\t<\/h5>\n\t\t\t\t\t\t\t\t\t\t\t\t<div class=\"mkdf-tours-gallery-simple-title-holder\">\n\t\t\t\t\t\t\t<h4 class=\"mkdf-tour-title\">\n\t\t\t\t\t\t\t\tChamp d&rsquo;amandes\t\t\t\t\t\t\t<\/h4>\n\t\t\t\t\t\t<\/div>\n\t\t\t\t\t<\/div>\n\t\t\t\t<\/div>\n\t\t\t\t<a class=\"mkdf-tours-gallery-simple-item-link\" href=\"https:\/\/visitaltotamegaebarroso.pt\/fr\/tour-item\/champ-damandes\/\"><\/a>\n\t\t\t<\/div>\n\t\t<\/div>\n\t<\/div><div class=\"mkdf-tours-gallery-simple-item mkdf-tours-row-item mkdf-tour-item-no-rating post-27552 tour-item type-tour-item status-publish has-post-thumbnail hentry tour-category-valpacos-fr tour-category-gastronomie-eaux-et-vins tour-category-points-dinterets\">\n\t\t\t<div class=\"mkdf-tours-gallery-simple-item-image-holder\">\n\t\t\t\t\t\t\n\t\t\t<div class=\"mkdf-tours-gallery-simple-item-image\">\n\t\t\t\t<img width=\"1200\" height=\"800\" src=\"https:\/\/visitaltotamegaebarroso.pt\/wp-content\/uploads\/2023\/07\/Soutos.png\" class=\"attachment-full size-full wp-post-image\" alt=\"\" decoding=\"async\" loading=\"lazy\" srcset=\"https:\/\/visitaltotamegaebarroso.pt\/wp-content\/uploads\/2023\/07\/Soutos.png 1200w, https:\/\/visitaltotamegaebarroso.pt\/wp-content\/uploads\/2023\/07\/Soutos-300x200.png 300w, https:\/\/visitaltotamegaebarroso.pt\/wp-content\/uploads\/2023\/07\/Soutos-1024x683.png 1024w, https:\/\/visitaltotamegaebarroso.pt\/wp-content\/uploads\/2023\/07\/Soutos-768x512.png 768w\" sizes=\"(max-width: 1200px) 100vw, 1200px\" \/>\t\t\t\t<span class=\"mkdf-tours-gallery-simple-item-price-holder\">\n\t\t\t\t\t\n\t\t<span class=\"mkdf-tours-price-holder\">\n\t\t\t\t\t\t\t\t<\/span>\n\n\t\t\t\t\t\t<\/span>\t\t\t\t\n\t\t\t\t<div class=\"mkdf-tours-gallery-simple-item-content-holder\">\n\t\t\t\t\t<div class=\"mkdf-tours-gallery-simple-item-content-inner\">\n\t\t\t\t\t\t\t\t\t\t\t\t\t<h5 class=\"mkdf-tours-gallery-simple-item-destination-holder\">\n\t\t\t\t\t\t\t\t\n\t\t\t<a class=\"mkdf-tour-item-destination\" href=\"https:\/\/visitaltotamegaebarroso.pt\/fr\/destinations\/valpacos\/\">\n\t\t\t\tValpa\u00e7os\t\t\t<\/a>\n\n\t\t\t\t\t\t\t\t\t<\/h5>\n\t\t\t\t\t\t\t\t\t\t\t\t<div class=\"mkdf-tours-gallery-simple-title-holder\">\n\t\t\t\t\t\t\t<h4 class=\"mkdf-tour-title\">\n\t\t\t\t\t\t\t\tChamp de marronniers\t\t\t\t\t\t\t<\/h4>\n\t\t\t\t\t\t<\/div>\n\t\t\t\t\t<\/div>\n\t\t\t\t<\/div>\n\t\t\t\t<a class=\"mkdf-tours-gallery-simple-item-link\" href=\"https:\/\/visitaltotamegaebarroso.pt\/fr\/tour-item\/champ-de-marronniers\/\"><\/a>\n\t\t\t<\/div>\n\t\t<\/div>\n\t<\/div><div class=\"mkdf-tours-gallery-simple-item mkdf-tours-row-item mkdf-tour-item-no-rating post-28425 tour-item type-tour-item status-publish has-post-thumbnail hentry tour-category-chaves-fr tour-category-histoire-et-art tour-category-points-dinterets\">\n\t\t\t<div class=\"mkdf-tours-gallery-simple-item-image-holder\">\n\t\t\t\t\t\t\n\t\t\t<div class=\"mkdf-tours-gallery-simple-item-image\">\n\t\t\t\t<img width=\"1200\" height=\"800\" src=\"https:\/\/visitaltotamegaebarroso.pt\/wp-content\/uploads\/2023\/07\/Capela-Senhora-das-Brotas.png\" class=\"attachment-full size-full wp-post-image\" alt=\"\" decoding=\"async\" loading=\"lazy\" srcset=\"https:\/\/visitaltotamegaebarroso.pt\/wp-content\/uploads\/2023\/07\/Capela-Senhora-das-Brotas.png 1200w, https:\/\/visitaltotamegaebarroso.pt\/wp-content\/uploads\/2023\/07\/Capela-Senhora-das-Brotas-300x200.png 300w, https:\/\/visitaltotamegaebarroso.pt\/wp-content\/uploads\/2023\/07\/Capela-Senhora-das-Brotas-1024x683.png 1024w, https:\/\/visitaltotamegaebarroso.pt\/wp-content\/uploads\/2023\/07\/Capela-Senhora-das-Brotas-768x512.png 768w\" sizes=\"(max-width: 1200px) 100vw, 1200px\" \/>\t\t\t\t<span class=\"mkdf-tours-gallery-simple-item-price-holder\">\n\t\t\t\t\t\n\t\t<span class=\"mkdf-tours-price-holder\">\n\t\t\t\t\t\t\t\t<\/span>\n\n\t\t\t\t\t\t<\/span>\t\t\t\t\n\t\t\t\t<div class=\"mkdf-tours-gallery-simple-item-content-holder\">\n\t\t\t\t\t<div class=\"mkdf-tours-gallery-simple-item-content-inner\">\n\t\t\t\t\t\t\t\t\t\t\t\t\t<h5 class=\"mkdf-tours-gallery-simple-item-destination-holder\">\n\t\t\t\t\t\t\t\t\n\t\t\t<a class=\"mkdf-tour-item-destination\" href=\"https:\/\/visitaltotamegaebarroso.pt\/fr\/destinations\/chaves\/\">\n\t\t\t\tChaves\t\t\t<\/a>\n\n\t\t\t\t\t\t\t\t\t<\/h5>\n\t\t\t\t\t\t\t\t\t\t\t\t<div class=\"mkdf-tours-gallery-simple-title-holder\">\n\t\t\t\t\t\t\t<h4 class=\"mkdf-tour-title\">\n\t\t\t\t\t\t\t\tChapelle de Notre-Dame de Brotas\t\t\t\t\t\t\t<\/h4>\n\t\t\t\t\t\t<\/div>\n\t\t\t\t\t<\/div>\n\t\t\t\t<\/div>\n\t\t\t\t<a class=\"mkdf-tours-gallery-simple-item-link\" href=\"https:\/\/visitaltotamegaebarroso.pt\/fr\/tour-item\/chapelle-de-notre-dame-de-brotas\/\"><\/a>\n\t\t\t<\/div>\n\t\t<\/div>\n\t<\/div><div class=\"mkdf-tours-gallery-simple-item mkdf-tours-row-item mkdf-tour-item-no-rating post-28434 tour-item type-tour-item status-publish has-post-thumbnail hentry tour-category-ribeira-de-pena-fr tour-category-histoire-et-art tour-category-points-dinterets\">\n\t\t\t<div class=\"mkdf-tours-gallery-simple-item-image-holder\">\n\t\t\t\t\t\t\n\t\t\t<div class=\"mkdf-tours-gallery-simple-item-image\">\n\t\t\t\t<img width=\"1200\" height=\"800\" src=\"https:\/\/visitaltotamegaebarroso.pt\/wp-content\/uploads\/2023\/06\/Capela-Senhora-Guia.png\" class=\"attachment-full size-full wp-post-image\" alt=\"Capela de Nossa Senhora da Guia Ribeira de Pena\" decoding=\"async\" loading=\"lazy\" srcset=\"https:\/\/visitaltotamegaebarroso.pt\/wp-content\/uploads\/2023\/06\/Capela-Senhora-Guia.png 1200w, https:\/\/visitaltotamegaebarroso.pt\/wp-content\/uploads\/2023\/06\/Capela-Senhora-Guia-300x200.png 300w, https:\/\/visitaltotamegaebarroso.pt\/wp-content\/uploads\/2023\/06\/Capela-Senhora-Guia-1024x683.png 1024w, https:\/\/visitaltotamegaebarroso.pt\/wp-content\/uploads\/2023\/06\/Capela-Senhora-Guia-768x512.png 768w\" sizes=\"(max-width: 1200px) 100vw, 1200px\" \/>\t\t\t\t<span class=\"mkdf-tours-gallery-simple-item-price-holder\">\n\t\t\t\t\t\n\t\t<span class=\"mkdf-tours-price-holder\">\n\t\t\t\t\t\t\t\t<\/span>\n\n\t\t\t\t\t\t<\/span>\t\t\t\t\n\t\t\t\t<div class=\"mkdf-tours-gallery-simple-item-content-holder\">\n\t\t\t\t\t<div class=\"mkdf-tours-gallery-simple-item-content-inner\">\n\t\t\t\t\t\t\t\t\t\t\t\t\t<h5 class=\"mkdf-tours-gallery-simple-item-destination-holder\">\n\t\t\t\t\t\t\t\t\n\t\t\t<a class=\"mkdf-tour-item-destination\" href=\"https:\/\/visitaltotamegaebarroso.pt\/fr\/destinations\/ribeira-de-pena\/\">\n\t\t\t\tRibeira de Pena\t\t\t<\/a>\n\n\t\t\t\t\t\t\t\t\t<\/h5>\n\t\t\t\t\t\t\t\t\t\t\t\t<div class=\"mkdf-tours-gallery-simple-title-holder\">\n\t\t\t\t\t\t\t<h4 class=\"mkdf-tour-title\">\n\t\t\t\t\t\t\t\tChapelle de Notre-Dame de Guia\t\t\t\t\t\t\t<\/h4>\n\t\t\t\t\t\t<\/div>\n\t\t\t\t\t<\/div>\n\t\t\t\t<\/div>\n\t\t\t\t<a class=\"mkdf-tours-gallery-simple-item-link\" href=\"https:\/\/visitaltotamegaebarroso.pt\/fr\/tour-item\/chapelle-de-notre-dame-de-guia\/\"><\/a>\n\t\t\t<\/div>\n\t\t<\/div>\n\t<\/div><div class=\"mkdf-tours-gallery-simple-item mkdf-tours-row-item mkdf-tour-item-no-rating post-28417 tour-item type-tour-item status-publish has-post-thumbnail hentry tour-category-ribeira-de-pena-fr tour-category-histoire-et-art tour-category-points-dinterets\">\n\t\t\t<div class=\"mkdf-tours-gallery-simple-item-image-holder\">\n\t\t\t\t\t\t\n\t\t\t<div class=\"mkdf-tours-gallery-simple-item-image\">\n\t\t\t\t<img width=\"968\" height=\"720\" src=\"https:\/\/visitaltotamegaebarroso.pt\/wp-content\/uploads\/2023\/07\/Capela-de-Nossa-Sra.-Da-Conceicao-Granja-Velha-1.jpg\" class=\"attachment-full size-full wp-post-image\" alt=\"\" decoding=\"async\" loading=\"lazy\" srcset=\"https:\/\/visitaltotamegaebarroso.pt\/wp-content\/uploads\/2023\/07\/Capela-de-Nossa-Sra.-Da-Conceicao-Granja-Velha-1.jpg 968w, https:\/\/visitaltotamegaebarroso.pt\/wp-content\/uploads\/2023\/07\/Capela-de-Nossa-Sra.-Da-Conceicao-Granja-Velha-1-300x223.jpg 300w, https:\/\/visitaltotamegaebarroso.pt\/wp-content\/uploads\/2023\/07\/Capela-de-Nossa-Sra.-Da-Conceicao-Granja-Velha-1-768x571.jpg 768w\" sizes=\"(max-width: 968px) 100vw, 968px\" \/>\t\t\t\t<span class=\"mkdf-tours-gallery-simple-item-price-holder\">\n\t\t\t\t\t\n\t\t<span class=\"mkdf-tours-price-holder\">\n\t\t\t\t\t\t\t\t<\/span>\n\n\t\t\t\t\t\t<\/span>\t\t\t\t\n\t\t\t\t<div class=\"mkdf-tours-gallery-simple-item-content-holder\">\n\t\t\t\t\t<div class=\"mkdf-tours-gallery-simple-item-content-inner\">\n\t\t\t\t\t\t\t\t\t\t\t\t\t<h5 class=\"mkdf-tours-gallery-simple-item-destination-holder\">\n\t\t\t\t\t\t\t\t\n\t\t\t<a class=\"mkdf-tour-item-destination\" href=\"https:\/\/visitaltotamegaebarroso.pt\/fr\/destinations\/ribeira-de-pena\/\">\n\t\t\t\tRibeira de Pena\t\t\t<\/a>\n\n\t\t\t\t\t\t\t\t\t<\/h5>\n\t\t\t\t\t\t\t\t\t\t\t\t<div class=\"mkdf-tours-gallery-simple-title-holder\">\n\t\t\t\t\t\t\t<h4 class=\"mkdf-tour-title\">\n\t\t\t\t\t\t\t\tChapelle de Notre-Dame de la Conception &#8211; Granja Velha\t\t\t\t\t\t\t<\/h4>\n\t\t\t\t\t\t<\/div>\n\t\t\t\t\t<\/div>\n\t\t\t\t<\/div>\n\t\t\t\t<a class=\"mkdf-tours-gallery-simple-item-link\" href=\"https:\/\/visitaltotamegaebarroso.pt\/fr\/tour-item\/chapelle-de-notre-dame-de-la-conception-granja-velha\/\"><\/a>\n\t\t\t<\/div>\n\t\t<\/div>\n\t<\/div><div class=\"mkdf-tours-gallery-simple-item mkdf-tours-row-item mkdf-tour-item-no-rating post-28429 tour-item type-tour-item status-publish has-post-thumbnail hentry tour-category-chaves-fr tour-category-histoire-et-art tour-category-points-dinterets\">\n\t\t\t<div class=\"mkdf-tours-gallery-simple-item-image-holder\">\n\t\t\t\t\t\t\n\t\t\t<div class=\"mkdf-tours-gallery-simple-item-image\">\n\t\t\t\t<img width=\"1200\" height=\"800\" src=\"https:\/\/visitaltotamegaebarroso.pt\/wp-content\/uploads\/2023\/06\/Capela-Senhora-da-Lapa.png\" class=\"attachment-full size-full wp-post-image\" alt=\"Capela de Nossa Senhora da Lapa Chaves\" decoding=\"async\" loading=\"lazy\" srcset=\"https:\/\/visitaltotamegaebarroso.pt\/wp-content\/uploads\/2023\/06\/Capela-Senhora-da-Lapa.png 1200w, https:\/\/visitaltotamegaebarroso.pt\/wp-content\/uploads\/2023\/06\/Capela-Senhora-da-Lapa-300x200.png 300w, https:\/\/visitaltotamegaebarroso.pt\/wp-content\/uploads\/2023\/06\/Capela-Senhora-da-Lapa-1024x683.png 1024w, https:\/\/visitaltotamegaebarroso.pt\/wp-content\/uploads\/2023\/06\/Capela-Senhora-da-Lapa-768x512.png 768w\" sizes=\"(max-width: 1200px) 100vw, 1200px\" \/>\t\t\t\t<span class=\"mkdf-tours-gallery-simple-item-price-holder\">\n\t\t\t\t\t\n\t\t<span class=\"mkdf-tours-price-holder\">\n\t\t\t\t\t\t\t\t<\/span>\n\n\t\t\t\t\t\t<\/span>\t\t\t\t\n\t\t\t\t<div class=\"mkdf-tours-gallery-simple-item-content-holder\">\n\t\t\t\t\t<div class=\"mkdf-tours-gallery-simple-item-content-inner\">\n\t\t\t\t\t\t\t\t\t\t\t\t\t<h5 class=\"mkdf-tours-gallery-simple-item-destination-holder\">\n\t\t\t\t\t\t\t\t\n\t\t\t<a class=\"mkdf-tour-item-destination\" href=\"https:\/\/visitaltotamegaebarroso.pt\/fr\/destinations\/chaves\/\">\n\t\t\t\tChaves\t\t\t<\/a>\n\n\t\t\t\t\t\t\t\t\t<\/h5>\n\t\t\t\t\t\t\t\t\t\t\t\t<div class=\"mkdf-tours-gallery-simple-title-holder\">\n\t\t\t\t\t\t\t<h4 class=\"mkdf-tour-title\">\n\t\t\t\t\t\t\t\tChapelle de Notre-Dame de Lapa\t\t\t\t\t\t\t<\/h4>\n\t\t\t\t\t\t<\/div>\n\t\t\t\t\t<\/div>\n\t\t\t\t<\/div>\n\t\t\t\t<a class=\"mkdf-tours-gallery-simple-item-link\" href=\"https:\/\/visitaltotamegaebarroso.pt\/fr\/tour-item\/chapelle-de-notre-dame-de-lapa\/\"><\/a>\n\t\t\t<\/div>\n\t\t<\/div>\n\t<\/div><div class=\"mkdf-tours-gallery-simple-item mkdf-tours-row-item mkdf-tour-item-no-rating post-28421 tour-item type-tour-item status-publish has-post-thumbnail hentry tour-category-chaves-fr tour-category-histoire-et-art tour-category-points-dinterets\">\n\t\t\t<div class=\"mkdf-tours-gallery-simple-item-image-holder\">\n\t\t\t\t\t\t\n\t\t\t<div class=\"mkdf-tours-gallery-simple-item-image\">\n\t\t\t\t<img width=\"1024\" height=\"768\" src=\"https:\/\/visitaltotamegaebarroso.pt\/wp-content\/uploads\/2023\/07\/Capela-Loreto_3.jpg\" class=\"attachment-full size-full wp-post-image\" alt=\"\" decoding=\"async\" loading=\"lazy\" srcset=\"https:\/\/visitaltotamegaebarroso.pt\/wp-content\/uploads\/2023\/07\/Capela-Loreto_3.jpg 1024w, https:\/\/visitaltotamegaebarroso.pt\/wp-content\/uploads\/2023\/07\/Capela-Loreto_3-300x225.jpg 300w, https:\/\/visitaltotamegaebarroso.pt\/wp-content\/uploads\/2023\/07\/Capela-Loreto_3-768x576.jpg 768w\" sizes=\"(max-width: 1024px) 100vw, 1024px\" \/>\t\t\t\t<span class=\"mkdf-tours-gallery-simple-item-price-holder\">\n\t\t\t\t\t\n\t\t<span class=\"mkdf-tours-price-holder\">\n\t\t\t\t\t\t\t\t<\/span>\n\n\t\t\t\t\t\t<\/span>\t\t\t\t\n\t\t\t\t<div class=\"mkdf-tours-gallery-simple-item-content-holder\">\n\t\t\t\t\t<div class=\"mkdf-tours-gallery-simple-item-content-inner\">\n\t\t\t\t\t\t\t\t\t\t\t\t\t<h5 class=\"mkdf-tours-gallery-simple-item-destination-holder\">\n\t\t\t\t\t\t\t\t\n\t\t\t<a class=\"mkdf-tour-item-destination\" href=\"https:\/\/visitaltotamegaebarroso.pt\/fr\/destinations\/chaves\/\">\n\t\t\t\tChaves\t\t\t<\/a>\n\n\t\t\t\t\t\t\t\t\t<\/h5>\n\t\t\t\t\t\t\t\t\t\t\t\t<div class=\"mkdf-tours-gallery-simple-title-holder\">\n\t\t\t\t\t\t\t<h4 class=\"mkdf-tour-title\">\n\t\t\t\t\t\t\t\tChapelle de Notre-Dame de Lorette \/ Chapelle de Santa Cabe\u00e7a\t\t\t\t\t\t\t<\/h4>\n\t\t\t\t\t\t<\/div>\n\t\t\t\t\t<\/div>\n\t\t\t\t<\/div>\n\t\t\t\t<a class=\"mkdf-tours-gallery-simple-item-link\" href=\"https:\/\/visitaltotamegaebarroso.pt\/fr\/tour-item\/chapelle-de-notre-dame-de-lorette-chapelle-de-santa-cabeca\/\"><\/a>\n\t\t\t<\/div>\n\t\t<\/div>\n\t<\/div><div class=\"mkdf-tours-gallery-simple-item mkdf-tours-row-item mkdf-tour-item-no-rating post-28676 tour-item type-tour-item status-publish has-post-thumbnail hentry tour-category-montalegre-fr tour-category-histoire-et-art tour-category-points-dinterets\">\n\t\t\t<div class=\"mkdf-tours-gallery-simple-item-image-holder\">\n\t\t\t\t\t\t\n\t\t\t<div class=\"mkdf-tours-gallery-simple-item-image\">\n\t\t\t\t<img width=\"1200\" height=\"800\" src=\"https:\/\/visitaltotamegaebarroso.pt\/wp-content\/uploads\/2023\/07\/Capela-Senhora-Neves.png\" class=\"attachment-full size-full wp-post-image\" alt=\"\" decoding=\"async\" loading=\"lazy\" srcset=\"https:\/\/visitaltotamegaebarroso.pt\/wp-content\/uploads\/2023\/07\/Capela-Senhora-Neves.png 1200w, https:\/\/visitaltotamegaebarroso.pt\/wp-content\/uploads\/2023\/07\/Capela-Senhora-Neves-300x200.png 300w, https:\/\/visitaltotamegaebarroso.pt\/wp-content\/uploads\/2023\/07\/Capela-Senhora-Neves-1024x683.png 1024w, https:\/\/visitaltotamegaebarroso.pt\/wp-content\/uploads\/2023\/07\/Capela-Senhora-Neves-768x512.png 768w\" sizes=\"(max-width: 1200px) 100vw, 1200px\" \/>\t\t\t\t<span class=\"mkdf-tours-gallery-simple-item-price-holder\">\n\t\t\t\t\t\n\t\t<span class=\"mkdf-tours-price-holder\">\n\t\t\t\t\t\t\t\t<\/span>\n\n\t\t\t\t\t\t<\/span>\t\t\t\t\n\t\t\t\t<div class=\"mkdf-tours-gallery-simple-item-content-holder\">\n\t\t\t\t\t<div class=\"mkdf-tours-gallery-simple-item-content-inner\">\n\t\t\t\t\t\t\t\t\t\t\t\t\t<h5 class=\"mkdf-tours-gallery-simple-item-destination-holder\">\n\t\t\t\t\t\t\t\t\n\t\t\t<a class=\"mkdf-tour-item-destination\" href=\"https:\/\/visitaltotamegaebarroso.pt\/fr\/destinations\/montalegre\/\">\n\t\t\t\tMontalegre\t\t\t<\/a>\n\n\t\t\t\t\t\t\t\t\t<\/h5>\n\t\t\t\t\t\t\t\t\t\t\t\t<div class=\"mkdf-tours-gallery-simple-title-holder\">\n\t\t\t\t\t\t\t<h4 class=\"mkdf-tour-title\">\n\t\t\t\t\t\t\t\tChapelle de Notre-Dame des Neiges\t\t\t\t\t\t\t<\/h4>\n\t\t\t\t\t\t<\/div>\n\t\t\t\t\t<\/div>\n\t\t\t\t<\/div>\n\t\t\t\t<a class=\"mkdf-tours-gallery-simple-item-link\" href=\"https:\/\/visitaltotamegaebarroso.pt\/fr\/tour-item\/chapelle-de-notre-dame-des-neiges\/\"><\/a>\n\t\t\t<\/div>\n\t\t<\/div>\n\t<\/div><div class=\"mkdf-tours-gallery-simple-item mkdf-tours-row-item mkdf-tour-item-no-rating post-28413 tour-item type-tour-item status-publish has-post-thumbnail hentry tour-category-ribeira-de-pena-fr tour-category-histoire-et-art tour-category-points-dinterets\">\n\t\t\t<div class=\"mkdf-tours-gallery-simple-item-image-holder\">\n\t\t\t\t\t\t\n\t\t\t<div class=\"mkdf-tours-gallery-simple-item-image\">\n\t\t\t\t<img width=\"1200\" height=\"800\" src=\"https:\/\/visitaltotamegaebarroso.pt\/wp-content\/uploads\/2023\/07\/Capela-Santa-Barbara.png\" class=\"attachment-full size-full wp-post-image\" alt=\"\" decoding=\"async\" loading=\"lazy\" srcset=\"https:\/\/visitaltotamegaebarroso.pt\/wp-content\/uploads\/2023\/07\/Capela-Santa-Barbara.png 1200w, https:\/\/visitaltotamegaebarroso.pt\/wp-content\/uploads\/2023\/07\/Capela-Santa-Barbara-300x200.png 300w, https:\/\/visitaltotamegaebarroso.pt\/wp-content\/uploads\/2023\/07\/Capela-Santa-Barbara-1024x683.png 1024w, https:\/\/visitaltotamegaebarroso.pt\/wp-content\/uploads\/2023\/07\/Capela-Santa-Barbara-768x512.png 768w\" sizes=\"(max-width: 1200px) 100vw, 1200px\" \/>\t\t\t\t<span class=\"mkdf-tours-gallery-simple-item-price-holder\">\n\t\t\t\t\t\n\t\t<span class=\"mkdf-tours-price-holder\">\n\t\t\t\t\t\t\t\t<\/span>\n\n\t\t\t\t\t\t<\/span>\t\t\t\t\n\t\t\t\t<div class=\"mkdf-tours-gallery-simple-item-content-holder\">\n\t\t\t\t\t<div class=\"mkdf-tours-gallery-simple-item-content-inner\">\n\t\t\t\t\t\t\t\t\t\t\t\t\t<h5 class=\"mkdf-tours-gallery-simple-item-destination-holder\">\n\t\t\t\t\t\t\t\t\n\t\t\t<a class=\"mkdf-tour-item-destination\" href=\"https:\/\/visitaltotamegaebarroso.pt\/fr\/destinations\/ribeira-de-pena\/\">\n\t\t\t\tRibeira de Pena\t\t\t<\/a>\n\n\t\t\t\t\t\t\t\t\t<\/h5>\n\t\t\t\t\t\t\t\t\t\t\t\t<div class=\"mkdf-tours-gallery-simple-title-holder\">\n\t\t\t\t\t\t\t<h4 class=\"mkdf-tour-title\">\n\t\t\t\t\t\t\t\tChapelle de Sainte-Barbara\t\t\t\t\t\t\t<\/h4>\n\t\t\t\t\t\t<\/div>\n\t\t\t\t\t<\/div>\n\t\t\t\t<\/div>\n\t\t\t\t<a class=\"mkdf-tours-gallery-simple-item-link\" href=\"https:\/\/visitaltotamegaebarroso.pt\/fr\/tour-item\/chapelle-de-sainte-barbara\/\"><\/a>\n\t\t\t<\/div>\n\t\t<\/div>\n\t<\/div><div class=\"mkdf-tours-gallery-simple-item mkdf-tours-row-item mkdf-tour-item-no-rating post-16702 tour-item type-tour-item status-publish has-post-thumbnail hentry tour-category-boticas-fr tour-category-histoire-et-art tour-category-points-dinterets\">\n\t\t\t<div class=\"mkdf-tours-gallery-simple-item-image-holder\">\n\t\t\t\t\t\t\n\t\t\t<div class=\"mkdf-tours-gallery-simple-item-image\">\n\t\t\t\t<img width=\"1200\" height=\"800\" src=\"https:\/\/visitaltotamegaebarroso.pt\/wp-content\/uploads\/2023\/06\/Capela-Santa-Margarida.png\" class=\"attachment-full size-full wp-post-image\" alt=\"Capela de Santa Margarida\" decoding=\"async\" loading=\"lazy\" srcset=\"https:\/\/visitaltotamegaebarroso.pt\/wp-content\/uploads\/2023\/06\/Capela-Santa-Margarida.png 1200w, https:\/\/visitaltotamegaebarroso.pt\/wp-content\/uploads\/2023\/06\/Capela-Santa-Margarida-300x200.png 300w, https:\/\/visitaltotamegaebarroso.pt\/wp-content\/uploads\/2023\/06\/Capela-Santa-Margarida-1024x683.png 1024w, https:\/\/visitaltotamegaebarroso.pt\/wp-content\/uploads\/2023\/06\/Capela-Santa-Margarida-768x512.png 768w\" sizes=\"(max-width: 1200px) 100vw, 1200px\" \/>\t\t\t\t<span class=\"mkdf-tours-gallery-simple-item-price-holder\">\n\t\t\t\t\t\n\t\t<span class=\"mkdf-tours-price-holder\">\n\t\t\t\t\t\t\t<span class=\"mkdf-tours-item-price \">$1<\/span>\n\t\t\t\t\t\t\t\t<\/span>\n\n\t\t\t\t\t\t<\/span>\t\t\t\t\n\t\t\t\t<div class=\"mkdf-tours-gallery-simple-item-content-holder\">\n\t\t\t\t\t<div class=\"mkdf-tours-gallery-simple-item-content-inner\">\n\t\t\t\t\t\t\t\t\t\t\t\t\t<h5 class=\"mkdf-tours-gallery-simple-item-destination-holder\">\n\t\t\t\t\t\t\t\t\n\t\t\t<a class=\"mkdf-tour-item-destination\" href=\"https:\/\/visitaltotamegaebarroso.pt\/fr\/destinations\/boticas\/\">\n\t\t\t\tBoticas\t\t\t<\/a>\n\n\t\t\t\t\t\t\t\t\t<\/h5>\n\t\t\t\t\t\t\t\t\t\t\t\t<div class=\"mkdf-tours-gallery-simple-title-holder\">\n\t\t\t\t\t\t\t<h4 class=\"mkdf-tour-title\">\n\t\t\t\t\t\t\t\tChapelle de Santa Margarida\t\t\t\t\t\t\t<\/h4>\n\t\t\t\t\t\t<\/div>\n\t\t\t\t\t<\/div>\n\t\t\t\t<\/div>\n\t\t\t\t<a class=\"mkdf-tours-gallery-simple-item-link\" href=\"https:\/\/visitaltotamegaebarroso.pt\/fr\/tour-item\/chapelle-de-santa-margarida\/\"><\/a>\n\t\t\t<\/div>\n\t\t<\/div>\n\t<\/div><div class=\"mkdf-tours-gallery-simple-item mkdf-tours-row-item mkdf-tour-item-no-rating post-28405 tour-item type-tour-item status-publish has-post-thumbnail hentry tour-category-chaves-fr tour-category-histoire-et-art tour-category-points-dinterets\">\n\t\t\t<div class=\"mkdf-tours-gallery-simple-item-image-holder\">\n\t\t\t\t\t\t\n\t\t\t<div class=\"mkdf-tours-gallery-simple-item-image\">\n\t\t\t\t<img width=\"1200\" height=\"800\" src=\"https:\/\/visitaltotamegaebarroso.pt\/wp-content\/uploads\/2023\/07\/Capela-Senhor-Calvario.png\" class=\"attachment-full size-full wp-post-image\" alt=\"\" decoding=\"async\" loading=\"lazy\" srcset=\"https:\/\/visitaltotamegaebarroso.pt\/wp-content\/uploads\/2023\/07\/Capela-Senhor-Calvario.png 1200w, https:\/\/visitaltotamegaebarroso.pt\/wp-content\/uploads\/2023\/07\/Capela-Senhor-Calvario-300x200.png 300w, https:\/\/visitaltotamegaebarroso.pt\/wp-content\/uploads\/2023\/07\/Capela-Senhor-Calvario-1024x683.png 1024w, https:\/\/visitaltotamegaebarroso.pt\/wp-content\/uploads\/2023\/07\/Capela-Senhor-Calvario-768x512.png 768w\" sizes=\"(max-width: 1200px) 100vw, 1200px\" \/>\t\t\t\t<span class=\"mkdf-tours-gallery-simple-item-price-holder\">\n\t\t\t\t\t\n\t\t<span class=\"mkdf-tours-price-holder\">\n\t\t\t\t\t\t\t\t<\/span>\n\n\t\t\t\t\t\t<\/span>\t\t\t\t\n\t\t\t\t<div class=\"mkdf-tours-gallery-simple-item-content-holder\">\n\t\t\t\t\t<div class=\"mkdf-tours-gallery-simple-item-content-inner\">\n\t\t\t\t\t\t\t\t\t\t\t\t\t<h5 class=\"mkdf-tours-gallery-simple-item-destination-holder\">\n\t\t\t\t\t\t\t\t\n\t\t\t<a class=\"mkdf-tour-item-destination\" href=\"https:\/\/visitaltotamegaebarroso.pt\/fr\/destinations\/chaves\/\">\n\t\t\t\tChaves\t\t\t<\/a>\n\n\t\t\t\t\t\t\t\t\t<\/h5>\n\t\t\t\t\t\t\t\t\t\t\t\t<div class=\"mkdf-tours-gallery-simple-title-holder\">\n\t\t\t\t\t\t\t<h4 class=\"mkdf-tour-title\">\n\t\t\t\t\t\t\t\tChapelle du Seigneur du Calvaire\t\t\t\t\t\t\t<\/h4>\n\t\t\t\t\t\t<\/div>\n\t\t\t\t\t<\/div>\n\t\t\t\t<\/div>\n\t\t\t\t<a class=\"mkdf-tours-gallery-simple-item-link\" href=\"https:\/\/visitaltotamegaebarroso.pt\/fr\/tour-item\/chapelle-du-seigneur-du-calvaire\/\"><\/a>\n\t\t\t<\/div>\n\t\t<\/div>\n\t<\/div><div class=\"mkdf-tours-gallery-simple-item mkdf-tours-row-item mkdf-tour-item-no-rating post-28409 tour-item type-tour-item status-publish has-post-thumbnail hentry tour-category-chaves-fr tour-category-histoire-et-art tour-category-points-dinterets\">\n\t\t\t<div class=\"mkdf-tours-gallery-simple-item-image-holder\">\n\t\t\t\t\t\t\n\t\t\t<div class=\"mkdf-tours-gallery-simple-item-image\">\n\t\t\t\t<img width=\"1200\" height=\"800\" src=\"https:\/\/visitaltotamegaebarroso.pt\/wp-content\/uploads\/2023\/07\/Capela-Sta-Catarina.png\" class=\"attachment-full size-full wp-post-image\" alt=\"\" decoding=\"async\" loading=\"lazy\" srcset=\"https:\/\/visitaltotamegaebarroso.pt\/wp-content\/uploads\/2023\/07\/Capela-Sta-Catarina.png 1200w, https:\/\/visitaltotamegaebarroso.pt\/wp-content\/uploads\/2023\/07\/Capela-Sta-Catarina-300x200.png 300w, https:\/\/visitaltotamegaebarroso.pt\/wp-content\/uploads\/2023\/07\/Capela-Sta-Catarina-1024x683.png 1024w, https:\/\/visitaltotamegaebarroso.pt\/wp-content\/uploads\/2023\/07\/Capela-Sta-Catarina-768x512.png 768w\" sizes=\"(max-width: 1200px) 100vw, 1200px\" \/>\t\t\t\t<span class=\"mkdf-tours-gallery-simple-item-price-holder\">\n\t\t\t\t\t\n\t\t<span class=\"mkdf-tours-price-holder\">\n\t\t\t\t\t\t\t\t<\/span>\n\n\t\t\t\t\t\t<\/span>\t\t\t\t\n\t\t\t\t<div class=\"mkdf-tours-gallery-simple-item-content-holder\">\n\t\t\t\t\t<div class=\"mkdf-tours-gallery-simple-item-content-inner\">\n\t\t\t\t\t\t\t\t\t\t\t\t\t<h5 class=\"mkdf-tours-gallery-simple-item-destination-holder\">\n\t\t\t\t\t\t\t\t\n\t\t\t<a class=\"mkdf-tour-item-destination\" href=\"https:\/\/visitaltotamegaebarroso.pt\/fr\/destinations\/chaves\/\">\n\t\t\t\tChaves\t\t\t<\/a>\n\n\t\t\t\t\t\t\t\t\t<\/h5>\n\t\t\t\t\t\t\t\t\t\t\t\t<div class=\"mkdf-tours-gallery-simple-title-holder\">\n\t\t\t\t\t\t\t<h4 class=\"mkdf-tour-title\">\n\t\t\t\t\t\t\t\tChapelle Sainte-Catherine\t\t\t\t\t\t\t<\/h4>\n\t\t\t\t\t\t<\/div>\n\t\t\t\t\t<\/div>\n\t\t\t\t<\/div>\n\t\t\t\t<a class=\"mkdf-tours-gallery-simple-item-link\" href=\"https:\/\/visitaltotamegaebarroso.pt\/fr\/tour-item\/chapelle-sainte-catherine\/\"><\/a>\n\t\t\t<\/div>\n\t\t<\/div>\n\t<\/div><div class=\"mkdf-tours-gallery-simple-item mkdf-tours-row-item mkdf-tour-item-no-rating post-28373 tour-item type-tour-item status-publish has-post-thumbnail hentry tour-category-chaves-fr tour-category-histoire-et-art tour-category-points-dinterets\">\n\t\t\t<div class=\"mkdf-tours-gallery-simple-item-image-holder\">\n\t\t\t\t\t\t\n\t\t\t<div class=\"mkdf-tours-gallery-simple-item-image\">\n\t\t\t\t<img width=\"1200\" height=\"800\" src=\"https:\/\/visitaltotamegaebarroso.pt\/wp-content\/uploads\/2023\/07\/Castelo-Chaves.png\" class=\"attachment-full size-full wp-post-image\" alt=\"\" decoding=\"async\" loading=\"lazy\" srcset=\"https:\/\/visitaltotamegaebarroso.pt\/wp-content\/uploads\/2023\/07\/Castelo-Chaves.png 1200w, https:\/\/visitaltotamegaebarroso.pt\/wp-content\/uploads\/2023\/07\/Castelo-Chaves-300x200.png 300w, https:\/\/visitaltotamegaebarroso.pt\/wp-content\/uploads\/2023\/07\/Castelo-Chaves-1024x683.png 1024w, https:\/\/visitaltotamegaebarroso.pt\/wp-content\/uploads\/2023\/07\/Castelo-Chaves-768x512.png 768w\" sizes=\"(max-width: 1200px) 100vw, 1200px\" \/>\t\t\t\t<span class=\"mkdf-tours-gallery-simple-item-price-holder\">\n\t\t\t\t\t\n\t\t<span class=\"mkdf-tours-price-holder\">\n\t\t\t\t\t\t\t<span class=\"mkdf-tours-item-price \">$1<\/span>\n\t\t\t\t\t\t\t\t<\/span>\n\n\t\t\t\t\t\t<\/span>\t\t\t\t\n\t\t\t\t<div class=\"mkdf-tours-gallery-simple-item-content-holder\">\n\t\t\t\t\t<div class=\"mkdf-tours-gallery-simple-item-content-inner\">\n\t\t\t\t\t\t\t\t\t\t\t\t\t<h5 class=\"mkdf-tours-gallery-simple-item-destination-holder\">\n\t\t\t\t\t\t\t\t\n\t\t\t<a class=\"mkdf-tour-item-destination\" href=\"https:\/\/visitaltotamegaebarroso.pt\/fr\/destinations\/chaves\/\">\n\t\t\t\tChaves\t\t\t<\/a>\n\n\t\t\t\t\t\t\t\t\t<\/h5>\n\t\t\t\t\t\t\t\t\t\t\t\t<div class=\"mkdf-tours-gallery-simple-title-holder\">\n\t\t\t\t\t\t\t<h4 class=\"mkdf-tour-title\">\n\t\t\t\t\t\t\t\tCh\u00e2teau de Chaves &#8211; Tour\t\t\t\t\t\t\t<\/h4>\n\t\t\t\t\t\t<\/div>\n\t\t\t\t\t<\/div>\n\t\t\t\t<\/div>\n\t\t\t\t<a class=\"mkdf-tours-gallery-simple-item-link\" href=\"https:\/\/visitaltotamegaebarroso.pt\/fr\/tour-item\/chateau-de-chaves-tour\/\"><\/a>\n\t\t\t<\/div>\n\t\t<\/div>\n\t<\/div><div class=\"mkdf-tours-gallery-simple-item mkdf-tours-row-item mkdf-tour-item-no-rating post-28369 tour-item type-tour-item status-publish has-post-thumbnail hentry tour-category-chaves-fr tour-category-histoire-et-art tour-category-montagnes-et-rivieres tour-category-points-dinterets tour-category-routes-paysageres\">\n\t\t\t<div class=\"mkdf-tours-gallery-simple-item-image-holder\">\n\t\t\t\t\t\t\n\t\t\t<div class=\"mkdf-tours-gallery-simple-item-image\">\n\t\t\t\t<img width=\"1200\" height=\"800\" src=\"https:\/\/visitaltotamegaebarroso.pt\/wp-content\/uploads\/2023\/07\/Castelo-Monforte.png\" class=\"attachment-full size-full wp-post-image\" alt=\"\" decoding=\"async\" loading=\"lazy\" srcset=\"https:\/\/visitaltotamegaebarroso.pt\/wp-content\/uploads\/2023\/07\/Castelo-Monforte.png 1200w, https:\/\/visitaltotamegaebarroso.pt\/wp-content\/uploads\/2023\/07\/Castelo-Monforte-300x200.png 300w, https:\/\/visitaltotamegaebarroso.pt\/wp-content\/uploads\/2023\/07\/Castelo-Monforte-1024x683.png 1024w, https:\/\/visitaltotamegaebarroso.pt\/wp-content\/uploads\/2023\/07\/Castelo-Monforte-768x512.png 768w\" sizes=\"(max-width: 1200px) 100vw, 1200px\" \/>\t\t\t\t<span class=\"mkdf-tours-gallery-simple-item-price-holder\">\n\t\t\t\t\t\n\t\t<span class=\"mkdf-tours-price-holder\">\n\t\t\t\t\t\t\t<span class=\"mkdf-tours-item-price \">$1<\/span>\n\t\t\t\t\t\t\t\t<\/span>\n\n\t\t\t\t\t\t<\/span>\t\t\t\t\n\t\t\t\t<div class=\"mkdf-tours-gallery-simple-item-content-holder\">\n\t\t\t\t\t<div class=\"mkdf-tours-gallery-simple-item-content-inner\">\n\t\t\t\t\t\t\t\t\t\t\t\t\t<h5 class=\"mkdf-tours-gallery-simple-item-destination-holder\">\n\t\t\t\t\t\t\t\t\n\t\t\t<a class=\"mkdf-tour-item-destination\" href=\"https:\/\/visitaltotamegaebarroso.pt\/fr\/destinations\/chaves\/\">\n\t\t\t\tChaves\t\t\t<\/a>\n\n\t\t\t\t\t\t\t\t\t<\/h5>\n\t\t\t\t\t\t\t\t\t\t\t\t<div class=\"mkdf-tours-gallery-simple-title-holder\">\n\t\t\t\t\t\t\t<h4 class=\"mkdf-tour-title\">\n\t\t\t\t\t\t\t\tCh\u00e2teau de Monforte de Rio Livre\t\t\t\t\t\t\t<\/h4>\n\t\t\t\t\t\t<\/div>\n\t\t\t\t\t<\/div>\n\t\t\t\t<\/div>\n\t\t\t\t<a class=\"mkdf-tours-gallery-simple-item-link\" href=\"https:\/\/visitaltotamegaebarroso.pt\/fr\/tour-item\/chateau-de-monforte-de-rio-livre\/\"><\/a>\n\t\t\t<\/div>\n\t\t<\/div>\n\t<\/div><div class=\"mkdf-tours-gallery-simple-item mkdf-tours-row-item mkdf-tour-item-no-rating post-21883 tour-item type-tour-item status-publish has-post-thumbnail hentry tour-category-montalegre-fr tour-category-histoire-et-art tour-category-points-dinterets tour-category-route-de-leau\">\n\t\t\t<div class=\"mkdf-tours-gallery-simple-item-image-holder\">\n\t\t\t\t\t\t\n\t\t\t<div class=\"mkdf-tours-gallery-simple-item-image\">\n\t\t\t\t<img width=\"1200\" height=\"800\" src=\"https:\/\/visitaltotamegaebarroso.pt\/wp-content\/uploads\/2023\/07\/Castelo-Montalegre.png\" class=\"attachment-full size-full wp-post-image\" alt=\"\" decoding=\"async\" loading=\"lazy\" srcset=\"https:\/\/visitaltotamegaebarroso.pt\/wp-content\/uploads\/2023\/07\/Castelo-Montalegre.png 1200w, https:\/\/visitaltotamegaebarroso.pt\/wp-content\/uploads\/2023\/07\/Castelo-Montalegre-300x200.png 300w, https:\/\/visitaltotamegaebarroso.pt\/wp-content\/uploads\/2023\/07\/Castelo-Montalegre-1024x683.png 1024w, https:\/\/visitaltotamegaebarroso.pt\/wp-content\/uploads\/2023\/07\/Castelo-Montalegre-768x512.png 768w\" sizes=\"(max-width: 1200px) 100vw, 1200px\" \/>\t\t\t\t<span class=\"mkdf-tours-gallery-simple-item-price-holder\">\n\t\t\t\t\t\n\t\t<span class=\"mkdf-tours-price-holder\">\n\t\t\t\t\t\t\t<span class=\"mkdf-tours-item-price \">$1<\/span>\n\t\t\t\t\t\t\t\t<\/span>\n\n\t\t\t\t\t\t<\/span>\t\t\t\t\n\t\t\t\t<div class=\"mkdf-tours-gallery-simple-item-content-holder\">\n\t\t\t\t\t<div class=\"mkdf-tours-gallery-simple-item-content-inner\">\n\t\t\t\t\t\t\t\t\t\t\t\t\t<h5 class=\"mkdf-tours-gallery-simple-item-destination-holder\">\n\t\t\t\t\t\t\t\t\n\t\t\t<a class=\"mkdf-tour-item-destination\" href=\"https:\/\/visitaltotamegaebarroso.pt\/fr\/destinations\/montalegre\/\">\n\t\t\t\tMontalegre\t\t\t<\/a>\n\n\t\t\t\t\t\t\t\t\t<\/h5>\n\t\t\t\t\t\t\t\t\t\t\t\t<div class=\"mkdf-tours-gallery-simple-title-holder\">\n\t\t\t\t\t\t\t<h4 class=\"mkdf-tour-title\">\n\t\t\t\t\t\t\t\tCh\u00e2teau de Montalegre\t\t\t\t\t\t\t<\/h4>\n\t\t\t\t\t\t<\/div>\n\t\t\t\t\t<\/div>\n\t\t\t\t<\/div>\n\t\t\t\t<a class=\"mkdf-tours-gallery-simple-item-link\" href=\"https:\/\/visitaltotamegaebarroso.pt\/fr\/tour-item\/chateau-de-montalegre\/\"><\/a>\n\t\t\t<\/div>\n\t\t<\/div>\n\t<\/div><div class=\"mkdf-tours-gallery-simple-item mkdf-tours-row-item mkdf-tour-item-no-rating post-28365 tour-item type-tour-item status-publish has-post-thumbnail hentry tour-category-chaves-fr tour-category-histoire-et-art tour-category-points-dinterets tour-category-villages-et-traditions\">\n\t\t\t<div class=\"mkdf-tours-gallery-simple-item-image-holder\">\n\t\t\t\t\t\t\n\t\t\t<div class=\"mkdf-tours-gallery-simple-item-image\">\n\t\t\t\t<img width=\"1200\" height=\"800\" src=\"https:\/\/visitaltotamegaebarroso.pt\/wp-content\/uploads\/2023\/07\/Torre-Menagem-Santo-Estevao.png\" class=\"attachment-full size-full wp-post-image\" alt=\"\" decoding=\"async\" loading=\"lazy\" srcset=\"https:\/\/visitaltotamegaebarroso.pt\/wp-content\/uploads\/2023\/07\/Torre-Menagem-Santo-Estevao.png 1200w, https:\/\/visitaltotamegaebarroso.pt\/wp-content\/uploads\/2023\/07\/Torre-Menagem-Santo-Estevao-300x200.png 300w, https:\/\/visitaltotamegaebarroso.pt\/wp-content\/uploads\/2023\/07\/Torre-Menagem-Santo-Estevao-1024x683.png 1024w, https:\/\/visitaltotamegaebarroso.pt\/wp-content\/uploads\/2023\/07\/Torre-Menagem-Santo-Estevao-768x512.png 768w\" sizes=\"(max-width: 1200px) 100vw, 1200px\" \/>\t\t\t\t<span class=\"mkdf-tours-gallery-simple-item-price-holder\">\n\t\t\t\t\t\n\t\t<span class=\"mkdf-tours-price-holder\">\n\t\t\t\t\t\t\t<span class=\"mkdf-tours-item-price \">$1<\/span>\n\t\t\t\t\t\t\t\t<\/span>\n\n\t\t\t\t\t\t<\/span>\t\t\t\t\n\t\t\t\t<div class=\"mkdf-tours-gallery-simple-item-content-holder\">\n\t\t\t\t\t<div class=\"mkdf-tours-gallery-simple-item-content-inner\">\n\t\t\t\t\t\t\t\t\t\t\t\t\t<h5 class=\"mkdf-tours-gallery-simple-item-destination-holder\">\n\t\t\t\t\t\t\t\t\n\t\t\t<a class=\"mkdf-tour-item-destination\" href=\"https:\/\/visitaltotamegaebarroso.pt\/fr\/destinations\/chaves\/\">\n\t\t\t\tChaves\t\t\t<\/a>\n\n\t\t\t\t\t\t\t\t\t<\/h5>\n\t\t\t\t\t\t\t\t\t\t\t\t<div class=\"mkdf-tours-gallery-simple-title-holder\">\n\t\t\t\t\t\t\t<h4 class=\"mkdf-tour-title\">\n\t\t\t\t\t\t\t\tCh\u00e2teau de Saint-\u00c9tienne &#8211; Tour\t\t\t\t\t\t\t<\/h4>\n\t\t\t\t\t\t<\/div>\n\t\t\t\t\t<\/div>\n\t\t\t\t<\/div>\n\t\t\t\t<a class=\"mkdf-tours-gallery-simple-item-link\" href=\"https:\/\/visitaltotamegaebarroso.pt\/fr\/tour-item\/chateau-de-saint-etienne-tour\/\"><\/a>\n\t\t\t<\/div>\n\t\t<\/div>\n\t<\/div><div class=\"mkdf-tours-gallery-simple-item mkdf-tours-row-item mkdf-tour-item-no-rating post-13326 tour-item type-tour-item status-publish has-post-thumbnail hentry tour-category-chaves-fr tour-category-points-dinterets tour-category-route-de-leau tour-category-spa-et-spa\">\n\t\t\t<div class=\"mkdf-tours-gallery-simple-item-image-holder\">\n\t\t\t\t\t\t\n\t\t\t<div class=\"mkdf-tours-gallery-simple-item-image\">\n\t\t\t\t<img width=\"2000\" height=\"1335\" src=\"https:\/\/visitaltotamegaebarroso.pt\/wp-content\/uploads\/2023\/03\/AF_termas-chaves.jpg\" class=\"attachment-full size-full wp-post-image\" alt=\"Chaves\" decoding=\"async\" loading=\"lazy\" srcset=\"https:\/\/visitaltotamegaebarroso.pt\/wp-content\/uploads\/2023\/03\/AF_termas-chaves.jpg 2000w, https:\/\/visitaltotamegaebarroso.pt\/wp-content\/uploads\/2023\/03\/AF_termas-chaves-300x200.jpg 300w, https:\/\/visitaltotamegaebarroso.pt\/wp-content\/uploads\/2023\/03\/AF_termas-chaves-1024x684.jpg 1024w, https:\/\/visitaltotamegaebarroso.pt\/wp-content\/uploads\/2023\/03\/AF_termas-chaves-768x513.jpg 768w, https:\/\/visitaltotamegaebarroso.pt\/wp-content\/uploads\/2023\/03\/AF_termas-chaves-1536x1025.jpg 1536w, https:\/\/visitaltotamegaebarroso.pt\/wp-content\/uploads\/2023\/03\/AF_termas-chaves-600x401.jpg 600w\" sizes=\"(max-width: 2000px) 100vw, 2000px\" \/>\t\t\t\t<span class=\"mkdf-tours-gallery-simple-item-price-holder\">\n\t\t\t\t\t\n\t\t<span class=\"mkdf-tours-price-holder\">\n\t\t\t\t\t\t\t<span class=\"mkdf-tours-item-price \">$1<\/span>\n\t\t\t\t\t\t\t\t<\/span>\n\n\t\t\t\t\t\t<\/span>\t\t\t\t\n\t\t\t\t<div class=\"mkdf-tours-gallery-simple-item-content-holder\">\n\t\t\t\t\t<div class=\"mkdf-tours-gallery-simple-item-content-inner\">\n\t\t\t\t\t\t\t\t\t\t\t\t\t<h5 class=\"mkdf-tours-gallery-simple-item-destination-holder\">\n\t\t\t\t\t\t\t\t\n\t\t\t<a class=\"mkdf-tour-item-destination\" href=\"https:\/\/visitaltotamegaebarroso.pt\/fr\/destinations\/chaves\/\">\n\t\t\t\tChaves\t\t\t<\/a>\n\n\t\t\t\t\t\t\t\t\t<\/h5>\n\t\t\t\t\t\t\t\t\t\t\t\t<div class=\"mkdf-tours-gallery-simple-title-holder\">\n\t\t\t\t\t\t\t<h4 class=\"mkdf-tour-title\">\n\t\t\t\t\t\t\t\tChaves &#8211; Termas e SPA\t\t\t\t\t\t\t<\/h4>\n\t\t\t\t\t\t<\/div>\n\t\t\t\t\t<\/div>\n\t\t\t\t<\/div>\n\t\t\t\t<a class=\"mkdf-tours-gallery-simple-item-link\" href=\"https:\/\/visitaltotamegaebarroso.pt\/fr\/tour-item\/chaves-termas-e-spa\/\"><\/a>\n\t\t\t<\/div>\n\t\t<\/div>\n\t<\/div><div class=\"mkdf-tours-gallery-simple-item mkdf-tours-row-item mkdf-tour-item-no-rating post-27536 tour-item type-tour-item status-publish has-post-thumbnail hentry tour-category-chaves-fr tour-category-histoire-et-art tour-category-montagnes-et-rivieres tour-category-points-dinterets tour-category-routes-paysageres tour-category-sports-et-aventure tour-category-villages-et-traditions\">\n\t\t\t<div class=\"mkdf-tours-gallery-simple-item-image-holder\">\n\t\t\t\t\t\t\n\t\t\t<div class=\"mkdf-tours-gallery-simple-item-image\">\n\t\t\t\t<img width=\"1200\" height=\"800\" src=\"https:\/\/visitaltotamegaebarroso.pt\/wp-content\/uploads\/2023\/07\/TRILHO-DA-RIBEIRA-DE-OURA-PR1CHV.png\" class=\"attachment-full size-full wp-post-image\" alt=\"\" decoding=\"async\" loading=\"lazy\" srcset=\"https:\/\/visitaltotamegaebarroso.pt\/wp-content\/uploads\/2023\/07\/TRILHO-DA-RIBEIRA-DE-OURA-PR1CHV.png 1200w, https:\/\/visitaltotamegaebarroso.pt\/wp-content\/uploads\/2023\/07\/TRILHO-DA-RIBEIRA-DE-OURA-PR1CHV-300x200.png 300w, https:\/\/visitaltotamegaebarroso.pt\/wp-content\/uploads\/2023\/07\/TRILHO-DA-RIBEIRA-DE-OURA-PR1CHV-1024x683.png 1024w, https:\/\/visitaltotamegaebarroso.pt\/wp-content\/uploads\/2023\/07\/TRILHO-DA-RIBEIRA-DE-OURA-PR1CHV-768x512.png 768w\" sizes=\"(max-width: 1200px) 100vw, 1200px\" \/>\t\t\t\t<span class=\"mkdf-tours-gallery-simple-item-price-holder\">\n\t\t\t\t\t\n\t\t<span class=\"mkdf-tours-price-holder\">\n\t\t\t\t\t\t\t\t<\/span>\n\n\t\t\t\t\t\t<\/span>\t\t\t\t\n\t\t\t\t<div class=\"mkdf-tours-gallery-simple-item-content-holder\">\n\t\t\t\t\t<div class=\"mkdf-tours-gallery-simple-item-content-inner\">\n\t\t\t\t\t\t\t\t\t\t\t\t<div class=\"mkdf-tours-gallery-simple-title-holder\">\n\t\t\t\t\t\t\t<h4 class=\"mkdf-tour-title\">\n\t\t\t\t\t\t\t\tChemin de la Ribeira de Oura &#8211; PR1 CHV\t\t\t\t\t\t\t<\/h4>\n\t\t\t\t\t\t<\/div>\n\t\t\t\t\t<\/div>\n\t\t\t\t<\/div>\n\t\t\t\t<a class=\"mkdf-tours-gallery-simple-item-link\" href=\"https:\/\/visitaltotamegaebarroso.pt\/fr\/tour-item\/chemin-de-la-ribeira-de-oura-pr1-chv\/\"><\/a>\n\t\t\t<\/div>\n\t\t<\/div>\n\t<\/div><div class=\"mkdf-tours-gallery-simple-item mkdf-tours-row-item mkdf-tour-item-no-rating post-27627 tour-item type-tour-item status-publish has-post-thumbnail hentry tour-category-ribeira-de-pena-fr tour-category-points-dinterets tour-category-sports-et-aventure\">\n\t\t\t<div class=\"mkdf-tours-gallery-simple-item-image-holder\">\n\t\t\t\t\t\t\n\t\t\t<div class=\"mkdf-tours-gallery-simple-item-image\">\n\t\t\t\t<img width=\"1354\" height=\"804\" src=\"https:\/\/visitaltotamegaebarroso.pt\/wp-content\/uploads\/2023\/07\/PR1_-Caminho-do-Abade-1354x804-1.jpg\" class=\"attachment-full size-full wp-post-image\" alt=\"\" decoding=\"async\" loading=\"lazy\" srcset=\"https:\/\/visitaltotamegaebarroso.pt\/wp-content\/uploads\/2023\/07\/PR1_-Caminho-do-Abade-1354x804-1.jpg 1354w, https:\/\/visitaltotamegaebarroso.pt\/wp-content\/uploads\/2023\/07\/PR1_-Caminho-do-Abade-1354x804-1-300x178.jpg 300w, https:\/\/visitaltotamegaebarroso.pt\/wp-content\/uploads\/2023\/07\/PR1_-Caminho-do-Abade-1354x804-1-1024x608.jpg 1024w, https:\/\/visitaltotamegaebarroso.pt\/wp-content\/uploads\/2023\/07\/PR1_-Caminho-do-Abade-1354x804-1-768x456.jpg 768w\" sizes=\"(max-width: 1354px) 100vw, 1354px\" \/>\t\t\t\t<span class=\"mkdf-tours-gallery-simple-item-price-holder\">\n\t\t\t\t\t\n\t\t<span class=\"mkdf-tours-price-holder\">\n\t\t\t\t\t\t\t\t<\/span>\n\n\t\t\t\t\t\t<\/span>\t\t\t\t\n\t\t\t\t<div class=\"mkdf-tours-gallery-simple-item-content-holder\">\n\t\t\t\t\t<div class=\"mkdf-tours-gallery-simple-item-content-inner\">\n\t\t\t\t\t\t\t\t\t\t\t\t\t<h5 class=\"mkdf-tours-gallery-simple-item-destination-holder\">\n\t\t\t\t\t\t\t\t\n\t\t\t<a class=\"mkdf-tour-item-destination\" href=\"https:\/\/visitaltotamegaebarroso.pt\/fr\/destinations\/ribeira-de-pena\/\">\n\t\t\t\tRibeira de Pena\t\t\t<\/a>\n\n\t\t\t\t\t\t\t\t\t<\/h5>\n\t\t\t\t\t\t\t\t\t\t\t\t<div class=\"mkdf-tours-gallery-simple-title-holder\">\n\t\t\t\t\t\t\t<h4 class=\"mkdf-tour-title\">\n\t\t\t\t\t\t\t\tChemin de randonn\u00e9e Abbot&rsquo;s Way &#8211; PR1 RPN\t\t\t\t\t\t\t<\/h4>\n\t\t\t\t\t\t<\/div>\n\t\t\t\t\t<\/div>\n\t\t\t\t<\/div>\n\t\t\t\t<a class=\"mkdf-tours-gallery-simple-item-link\" href=\"https:\/\/visitaltotamegaebarroso.pt\/fr\/tour-item\/chemin-de-randonnee-abbots-way-pr1-rpn\/\"><\/a>\n\t\t\t<\/div>\n\t\t<\/div>\n\t<\/div><div class=\"mkdf-tours-gallery-simple-item mkdf-tours-row-item mkdf-tour-item-no-rating post-28671 tour-item type-tour-item status-publish has-post-thumbnail hentry tour-category-boticas-fr tour-category-montagnes-et-rivieres tour-category-points-dinterets tour-category-sports-et-aventure\">\n\t\t\t<div class=\"mkdf-tours-gallery-simple-item-image-holder\">\n\t\t\t\t\t\t\n\t\t\t<div class=\"mkdf-tours-gallery-simple-item-image\">\n\t\t\t\t<img width=\"1200\" height=\"800\" src=\"https:\/\/visitaltotamegaebarroso.pt\/wp-content\/uploads\/2023\/07\/Rota-das-Levadas.png\" class=\"attachment-full size-full wp-post-image\" alt=\"\" decoding=\"async\" loading=\"lazy\" srcset=\"https:\/\/visitaltotamegaebarroso.pt\/wp-content\/uploads\/2023\/07\/Rota-das-Levadas.png 1200w, https:\/\/visitaltotamegaebarroso.pt\/wp-content\/uploads\/2023\/07\/Rota-das-Levadas-300x200.png 300w, https:\/\/visitaltotamegaebarroso.pt\/wp-content\/uploads\/2023\/07\/Rota-das-Levadas-1024x683.png 1024w, https:\/\/visitaltotamegaebarroso.pt\/wp-content\/uploads\/2023\/07\/Rota-das-Levadas-768x512.png 768w\" sizes=\"(max-width: 1200px) 100vw, 1200px\" \/>\t\t\t\t<span class=\"mkdf-tours-gallery-simple-item-price-holder\">\n\t\t\t\t\t\n\t\t<span class=\"mkdf-tours-price-holder\">\n\t\t\t\t\t\t\t\t<\/span>\n\n\t\t\t\t\t\t<\/span>\t\t\t\t\n\t\t\t\t<div class=\"mkdf-tours-gallery-simple-item-content-holder\">\n\t\t\t\t\t<div class=\"mkdf-tours-gallery-simple-item-content-inner\">\n\t\t\t\t\t\t\t\t\t\t\t\t\t<h5 class=\"mkdf-tours-gallery-simple-item-destination-holder\">\n\t\t\t\t\t\t\t\t\n\t\t\t<a class=\"mkdf-tour-item-destination\" href=\"https:\/\/visitaltotamegaebarroso.pt\/fr\/destinations\/boticas\/\">\n\t\t\t\tBoticas\t\t\t<\/a>\n\n\t\t\t\t\t\t\t\t\t<\/h5>\n\t\t\t\t\t\t\t\t\t\t\t\t<div class=\"mkdf-tours-gallery-simple-title-holder\">\n\t\t\t\t\t\t\t<h4 class=\"mkdf-tour-title\">\n\t\t\t\t\t\t\t\tChemin de randonn\u00e9e de la Route des Levadas &#8211; PR4 BTC\t\t\t\t\t\t\t<\/h4>\n\t\t\t\t\t\t<\/div>\n\t\t\t\t\t<\/div>\n\t\t\t\t<\/div>\n\t\t\t\t<a class=\"mkdf-tours-gallery-simple-item-link\" href=\"https:\/\/visitaltotamegaebarroso.pt\/fr\/tour-item\/chemin-de-randonnee-de-la-route-des-levadas-pr4-btc\/\"><\/a>\n\t\t\t<\/div>\n\t\t<\/div>\n\t<\/div><div class=\"mkdf-tours-gallery-simple-item mkdf-tours-row-item mkdf-tour-item-no-rating post-27623 tour-item type-tour-item status-publish has-post-thumbnail hentry tour-category-ribeira-de-pena-fr tour-category-points-dinterets tour-category-sports-et-aventure\">\n\t\t\t<div class=\"mkdf-tours-gallery-simple-item-image-holder\">\n\t\t\t\t\t\t\n\t\t\t<div class=\"mkdf-tours-gallery-simple-item-image\">\n\t\t\t\t<img width=\"1200\" height=\"800\" src=\"https:\/\/visitaltotamegaebarroso.pt\/wp-content\/uploads\/2023\/07\/Rota-Vale-Poio.png\" class=\"attachment-full size-full wp-post-image\" alt=\"\" decoding=\"async\" loading=\"lazy\" srcset=\"https:\/\/visitaltotamegaebarroso.pt\/wp-content\/uploads\/2023\/07\/Rota-Vale-Poio.png 1200w, https:\/\/visitaltotamegaebarroso.pt\/wp-content\/uploads\/2023\/07\/Rota-Vale-Poio-300x200.png 300w, https:\/\/visitaltotamegaebarroso.pt\/wp-content\/uploads\/2023\/07\/Rota-Vale-Poio-1024x683.png 1024w, https:\/\/visitaltotamegaebarroso.pt\/wp-content\/uploads\/2023\/07\/Rota-Vale-Poio-768x512.png 768w\" sizes=\"(max-width: 1200px) 100vw, 1200px\" \/>\t\t\t\t<span class=\"mkdf-tours-gallery-simple-item-price-holder\">\n\t\t\t\t\t\n\t\t<span class=\"mkdf-tours-price-holder\">\n\t\t\t\t\t\t\t\t<\/span>\n\n\t\t\t\t\t\t<\/span>\t\t\t\t\n\t\t\t\t<div class=\"mkdf-tours-gallery-simple-item-content-holder\">\n\t\t\t\t\t<div class=\"mkdf-tours-gallery-simple-item-content-inner\">\n\t\t\t\t\t\t\t\t\t\t\t\t<div class=\"mkdf-tours-gallery-simple-title-holder\">\n\t\t\t\t\t\t\t<h4 class=\"mkdf-tour-title\">\n\t\t\t\t\t\t\t\tChemin de randonn\u00e9e de la vall\u00e9e de P\u00f3io &#8211; PR3 RPN\t\t\t\t\t\t\t<\/h4>\n\t\t\t\t\t\t<\/div>\n\t\t\t\t\t<\/div>\n\t\t\t\t<\/div>\n\t\t\t\t<a class=\"mkdf-tours-gallery-simple-item-link\" href=\"https:\/\/visitaltotamegaebarroso.pt\/fr\/tour-item\/chemin-de-randonnee-de-la-vallee-de-poio-pr3-rpn\/\"><\/a>\n\t\t\t<\/div>\n\t\t<\/div>\n\t<\/div><div class=\"mkdf-tours-gallery-simple-item mkdf-tours-row-item mkdf-tour-item-no-rating post-27921 tour-item type-tour-item status-publish has-post-thumbnail hentry tour-category-boticas-fr tour-category-montagnes-et-rivieres tour-category-points-dinterets tour-category-sports-et-aventure\">\n\t\t\t<div class=\"mkdf-tours-gallery-simple-item-image-holder\">\n\t\t\t\t\t\t\n\t\t\t<div class=\"mkdf-tours-gallery-simple-item-image\">\n\t\t\t\t<img width=\"1200\" height=\"800\" src=\"https:\/\/visitaltotamegaebarroso.pt\/wp-content\/uploads\/2023\/07\/Trilho-Guerreiro.png\" class=\"attachment-full size-full wp-post-image\" alt=\"\" decoding=\"async\" loading=\"lazy\" srcset=\"https:\/\/visitaltotamegaebarroso.pt\/wp-content\/uploads\/2023\/07\/Trilho-Guerreiro.png 1200w, https:\/\/visitaltotamegaebarroso.pt\/wp-content\/uploads\/2023\/07\/Trilho-Guerreiro-300x200.png 300w, https:\/\/visitaltotamegaebarroso.pt\/wp-content\/uploads\/2023\/07\/Trilho-Guerreiro-1024x683.png 1024w, https:\/\/visitaltotamegaebarroso.pt\/wp-content\/uploads\/2023\/07\/Trilho-Guerreiro-768x512.png 768w\" sizes=\"(max-width: 1200px) 100vw, 1200px\" \/>\t\t\t\t<span class=\"mkdf-tours-gallery-simple-item-price-holder\">\n\t\t\t\t\t\n\t\t<span class=\"mkdf-tours-price-holder\">\n\t\t\t\t\t\t\t\t<\/span>\n\n\t\t\t\t\t\t<\/span>\t\t\t\t\n\t\t\t\t<div class=\"mkdf-tours-gallery-simple-item-content-holder\">\n\t\t\t\t\t<div class=\"mkdf-tours-gallery-simple-item-content-inner\">\n\t\t\t\t\t\t\t\t\t\t\t\t\t<h5 class=\"mkdf-tours-gallery-simple-item-destination-holder\">\n\t\t\t\t\t\t\t\t\n\t\t\t<a class=\"mkdf-tour-item-destination\" href=\"https:\/\/visitaltotamegaebarroso.pt\/fr\/destinations\/boticas\/\">\n\t\t\t\tBoticas\t\t\t<\/a>\n\n\t\t\t\t\t\t\t\t\t<\/h5>\n\t\t\t\t\t\t\t\t\t\t\t\t<div class=\"mkdf-tours-gallery-simple-title-holder\">\n\t\t\t\t\t\t\t<h4 class=\"mkdf-tour-title\">\n\t\t\t\t\t\t\t\tChemin de randonn\u00e9e Guerreiro &#8211; PR5 BTC RPN\t\t\t\t\t\t\t<\/h4>\n\t\t\t\t\t\t<\/div>\n\t\t\t\t\t<\/div>\n\t\t\t\t<\/div>\n\t\t\t\t<a class=\"mkdf-tours-gallery-simple-item-link\" href=\"https:\/\/visitaltotamegaebarroso.pt\/fr\/tour-item\/chemin-de-randonnee-guerreiro-pr5-btc-rpn\/\"><\/a>\n\t\t\t<\/div>\n\t\t<\/div>\n\t<\/div><div class=\"mkdf-tours-gallery-simple-item mkdf-tours-row-item mkdf-tour-item-no-rating post-28344 tour-item type-tour-item status-publish has-post-thumbnail hentry tour-category-vila-pouca-de-aguiar-fr tour-category-histoire-et-art tour-category-points-dinterets\">\n\t\t\t<div class=\"mkdf-tours-gallery-simple-item-image-holder\">\n\t\t\t\t\t\t\n\t\t\t<div class=\"mkdf-tours-gallery-simple-item-image\">\n\t\t\t\t<img width=\"1200\" height=\"800\" src=\"https:\/\/visitaltotamegaebarroso.pt\/wp-content\/uploads\/2023\/07\/Cavalete-Mineiro.png\" class=\"attachment-full size-full wp-post-image\" alt=\"\" decoding=\"async\" loading=\"lazy\" srcset=\"https:\/\/visitaltotamegaebarroso.pt\/wp-content\/uploads\/2023\/07\/Cavalete-Mineiro.png 1200w, https:\/\/visitaltotamegaebarroso.pt\/wp-content\/uploads\/2023\/07\/Cavalete-Mineiro-300x200.png 300w, https:\/\/visitaltotamegaebarroso.pt\/wp-content\/uploads\/2023\/07\/Cavalete-Mineiro-1024x683.png 1024w, https:\/\/visitaltotamegaebarroso.pt\/wp-content\/uploads\/2023\/07\/Cavalete-Mineiro-768x512.png 768w\" sizes=\"(max-width: 1200px) 100vw, 1200px\" \/>\t\t\t\t<span class=\"mkdf-tours-gallery-simple-item-price-holder\">\n\t\t\t\t\t\n\t\t<span class=\"mkdf-tours-price-holder\">\n\t\t\t\t\t\t\t\t<\/span>\n\n\t\t\t\t\t\t<\/span>\t\t\t\t\n\t\t\t\t<div class=\"mkdf-tours-gallery-simple-item-content-holder\">\n\t\t\t\t\t<div class=\"mkdf-tours-gallery-simple-item-content-inner\">\n\t\t\t\t\t\t\t\t\t\t\t\t\t<h5 class=\"mkdf-tours-gallery-simple-item-destination-holder\">\n\t\t\t\t\t\t\t\t\n\t\t\t<a class=\"mkdf-tour-item-destination\" href=\"https:\/\/visitaltotamegaebarroso.pt\/fr\/destinations\/vila-pouca-de-aguiar\/\">\n\t\t\t\tVila Pouca de Aguiar\t\t\t<\/a>\n\n\t\t\t\t\t\t\t\t\t<\/h5>\n\t\t\t\t\t\t\t\t\t\t\t\t<div class=\"mkdf-tours-gallery-simple-title-holder\">\n\t\t\t\t\t\t\t<h4 class=\"mkdf-tour-title\">\n\t\t\t\t\t\t\t\tChevalet minier de Campo de Jales\t\t\t\t\t\t\t<\/h4>\n\t\t\t\t\t\t<\/div>\n\t\t\t\t\t<\/div>\n\t\t\t\t<\/div>\n\t\t\t\t<a class=\"mkdf-tours-gallery-simple-item-link\" href=\"https:\/\/visitaltotamegaebarroso.pt\/fr\/tour-item\/chevalet-minier-de-campo-de-jales\/\"><\/a>\n\t\t\t<\/div>\n\t\t<\/div>\n\t<\/div><div class=\"mkdf-tours-gallery-simple-item mkdf-tours-row-item mkdf-tour-item-no-rating post-28352 tour-item type-tour-item status-publish has-post-thumbnail hentry tour-category-valpacos-fr tour-category-histoire-et-art tour-category-points-dinterets tour-category-routes-paysageres\">\n\t\t\t<div class=\"mkdf-tours-gallery-simple-item-image-holder\">\n\t\t\t\t\t\t\n\t\t\t<div class=\"mkdf-tours-gallery-simple-item-image\">\n\t\t\t\t<img width=\"1200\" height=\"800\" src=\"https:\/\/visitaltotamegaebarroso.pt\/wp-content\/uploads\/2023\/07\/Castro-de-Ribas.jpg\" class=\"attachment-full size-full wp-post-image\" alt=\"\" decoding=\"async\" loading=\"lazy\" srcset=\"https:\/\/visitaltotamegaebarroso.pt\/wp-content\/uploads\/2023\/07\/Castro-de-Ribas.jpg 1200w, https:\/\/visitaltotamegaebarroso.pt\/wp-content\/uploads\/2023\/07\/Castro-de-Ribas-300x200.jpg 300w, https:\/\/visitaltotamegaebarroso.pt\/wp-content\/uploads\/2023\/07\/Castro-de-Ribas-1024x683.jpg 1024w, https:\/\/visitaltotamegaebarroso.pt\/wp-content\/uploads\/2023\/07\/Castro-de-Ribas-768x512.jpg 768w\" sizes=\"(max-width: 1200px) 100vw, 1200px\" \/>\t\t\t\t<span class=\"mkdf-tours-gallery-simple-item-price-holder\">\n\t\t\t\t\t\n\t\t<span class=\"mkdf-tours-price-holder\">\n\t\t\t\t\t\t\t\t<\/span>\n\n\t\t\t\t\t\t<\/span>\t\t\t\t\n\t\t\t\t<div class=\"mkdf-tours-gallery-simple-item-content-holder\">\n\t\t\t\t\t<div class=\"mkdf-tours-gallery-simple-item-content-inner\">\n\t\t\t\t\t\t\t\t\t\t\t\t\t<h5 class=\"mkdf-tours-gallery-simple-item-destination-holder\">\n\t\t\t\t\t\t\t\t\n\t\t\t<a class=\"mkdf-tour-item-destination\" href=\"https:\/\/visitaltotamegaebarroso.pt\/fr\/destinations\/valpacos\/\">\n\t\t\t\tValpa\u00e7os\t\t\t<\/a>\n\n\t\t\t\t\t\t\t\t\t<\/h5>\n\t\t\t\t\t\t\t\t\t\t\t\t<div class=\"mkdf-tours-gallery-simple-title-holder\">\n\t\t\t\t\t\t\t<h4 class=\"mkdf-tour-title\">\n\t\t\t\t\t\t\t\tColine de Ribas\t\t\t\t\t\t\t<\/h4>\n\t\t\t\t\t\t<\/div>\n\t\t\t\t\t<\/div>\n\t\t\t\t<\/div>\n\t\t\t\t<a class=\"mkdf-tours-gallery-simple-item-link\" href=\"https:\/\/visitaltotamegaebarroso.pt\/fr\/tour-item\/fort-de-ribas\/\"><\/a>\n\t\t\t<\/div>\n\t\t<\/div>\n\t<\/div><div class=\"mkdf-tours-gallery-simple-item mkdf-tours-row-item mkdf-tour-item-no-rating post-28360 tour-item type-tour-item status-publish has-post-thumbnail hentry tour-category-ribeira-de-pena-fr tour-category-histoire-et-art tour-category-points-dinterets\">\n\t\t\t<div class=\"mkdf-tours-gallery-simple-item-image-holder\">\n\t\t\t\t\t\t\n\t\t\t<div class=\"mkdf-tours-gallery-simple-item-image\">\n\t\t\t\t<img width=\"1200\" height=\"800\" src=\"https:\/\/visitaltotamegaebarroso.pt\/wp-content\/uploads\/2023\/07\/Castro-de-Cabriz.png\" class=\"attachment-full size-full wp-post-image\" alt=\"\" decoding=\"async\" loading=\"lazy\" srcset=\"https:\/\/visitaltotamegaebarroso.pt\/wp-content\/uploads\/2023\/07\/Castro-de-Cabriz.png 1200w, https:\/\/visitaltotamegaebarroso.pt\/wp-content\/uploads\/2023\/07\/Castro-de-Cabriz-300x200.png 300w, https:\/\/visitaltotamegaebarroso.pt\/wp-content\/uploads\/2023\/07\/Castro-de-Cabriz-1024x683.png 1024w, https:\/\/visitaltotamegaebarroso.pt\/wp-content\/uploads\/2023\/07\/Castro-de-Cabriz-768x512.png 768w\" sizes=\"(max-width: 1200px) 100vw, 1200px\" \/>\t\t\t\t<span class=\"mkdf-tours-gallery-simple-item-price-holder\">\n\t\t\t\t\t\n\t\t<span class=\"mkdf-tours-price-holder\">\n\t\t\t\t\t\t\t\t<\/span>\n\n\t\t\t\t\t\t<\/span>\t\t\t\t\n\t\t\t\t<div class=\"mkdf-tours-gallery-simple-item-content-holder\">\n\t\t\t\t\t<div class=\"mkdf-tours-gallery-simple-item-content-inner\">\n\t\t\t\t\t\t\t\t\t\t\t\t\t<h5 class=\"mkdf-tours-gallery-simple-item-destination-holder\">\n\t\t\t\t\t\t\t\t\n\t\t\t<a class=\"mkdf-tour-item-destination\" href=\"https:\/\/visitaltotamegaebarroso.pt\/fr\/destinations\/ribeira-de-pena\/\">\n\t\t\t\tRibeira de Pena\t\t\t<\/a>\n\n\t\t\t\t\t\t\t\t\t<\/h5>\n\t\t\t\t\t\t\t\t\t\t\t\t<div class=\"mkdf-tours-gallery-simple-title-holder\">\n\t\t\t\t\t\t\t<h4 class=\"mkdf-tour-title\">\n\t\t\t\t\t\t\t\tColline de Cabriz\t\t\t\t\t\t\t<\/h4>\n\t\t\t\t\t\t<\/div>\n\t\t\t\t\t<\/div>\n\t\t\t\t<\/div>\n\t\t\t\t<a class=\"mkdf-tours-gallery-simple-item-link\" href=\"https:\/\/visitaltotamegaebarroso.pt\/fr\/tour-item\/colline-de-cabriz\/\"><\/a>\n\t\t\t<\/div>\n\t\t<\/div>\n\t<\/div><div class=\"mkdf-tours-gallery-simple-item mkdf-tours-row-item mkdf-tour-item-no-rating post-28356 tour-item type-tour-item status-publish has-post-thumbnail hentry tour-category-chaves-fr tour-category-histoire-et-art tour-category-points-dinterets tour-category-routes-paysageres\">\n\t\t\t<div class=\"mkdf-tours-gallery-simple-item-image-holder\">\n\t\t\t\t\t\t\n\t\t\t<div class=\"mkdf-tours-gallery-simple-item-image\">\n\t\t\t\t<img width=\"1200\" height=\"800\" src=\"https:\/\/visitaltotamegaebarroso.pt\/wp-content\/uploads\/2023\/07\/Castro-Curalha.png\" class=\"attachment-full size-full wp-post-image\" alt=\"\" decoding=\"async\" loading=\"lazy\" srcset=\"https:\/\/visitaltotamegaebarroso.pt\/wp-content\/uploads\/2023\/07\/Castro-Curalha.png 1200w, https:\/\/visitaltotamegaebarroso.pt\/wp-content\/uploads\/2023\/07\/Castro-Curalha-300x200.png 300w, https:\/\/visitaltotamegaebarroso.pt\/wp-content\/uploads\/2023\/07\/Castro-Curalha-1024x683.png 1024w, https:\/\/visitaltotamegaebarroso.pt\/wp-content\/uploads\/2023\/07\/Castro-Curalha-768x512.png 768w\" sizes=\"(max-width: 1200px) 100vw, 1200px\" \/>\t\t\t\t<span class=\"mkdf-tours-gallery-simple-item-price-holder\">\n\t\t\t\t\t\n\t\t<span class=\"mkdf-tours-price-holder\">\n\t\t\t\t\t\t\t<span class=\"mkdf-tours-item-price \">$1<\/span>\n\t\t\t\t\t\t\t\t<\/span>\n\n\t\t\t\t\t\t<\/span>\t\t\t\t\n\t\t\t\t<div class=\"mkdf-tours-gallery-simple-item-content-holder\">\n\t\t\t\t\t<div class=\"mkdf-tours-gallery-simple-item-content-inner\">\n\t\t\t\t\t\t\t\t\t\t\t\t\t<h5 class=\"mkdf-tours-gallery-simple-item-destination-holder\">\n\t\t\t\t\t\t\t\t\n\t\t\t<a class=\"mkdf-tour-item-destination\" href=\"https:\/\/visitaltotamegaebarroso.pt\/fr\/destinations\/chaves\/\">\n\t\t\t\tChaves\t\t\t<\/a>\n\n\t\t\t\t\t\t\t\t\t<\/h5>\n\t\t\t\t\t\t\t\t\t\t\t\t<div class=\"mkdf-tours-gallery-simple-title-holder\">\n\t\t\t\t\t\t\t<h4 class=\"mkdf-tour-title\">\n\t\t\t\t\t\t\t\tColline de Curalha\t\t\t\t\t\t\t<\/h4>\n\t\t\t\t\t\t<\/div>\n\t\t\t\t\t<\/div>\n\t\t\t\t<\/div>\n\t\t\t\t<a class=\"mkdf-tours-gallery-simple-item-link\" href=\"https:\/\/visitaltotamegaebarroso.pt\/fr\/tour-item\/colline-de-curalha\/\"><\/a>\n\t\t\t<\/div>\n\t\t<\/div>\n\t<\/div><div class=\"mkdf-tours-gallery-simple-item mkdf-tours-row-item mkdf-tour-item-no-rating post-28348 tour-item type-tour-item status-publish has-post-thumbnail hentry tour-category-ribeira-de-pena-fr tour-category-histoire-et-art tour-category-points-dinterets\">\n\t\t\t<div class=\"mkdf-tours-gallery-simple-item-image-holder\">\n\t\t\t\t\t\t\n\t\t\t<div class=\"mkdf-tours-gallery-simple-item-image\">\n\t\t\t\t<img width=\"1200\" height=\"800\" src=\"https:\/\/visitaltotamegaebarroso.pt\/wp-content\/uploads\/2023\/07\/Castro-Lesenho.png\" class=\"attachment-full size-full wp-post-image\" alt=\"\" decoding=\"async\" loading=\"lazy\" srcset=\"https:\/\/visitaltotamegaebarroso.pt\/wp-content\/uploads\/2023\/07\/Castro-Lesenho.png 1200w, https:\/\/visitaltotamegaebarroso.pt\/wp-content\/uploads\/2023\/07\/Castro-Lesenho-300x200.png 300w, https:\/\/visitaltotamegaebarroso.pt\/wp-content\/uploads\/2023\/07\/Castro-Lesenho-1024x683.png 1024w, https:\/\/visitaltotamegaebarroso.pt\/wp-content\/uploads\/2023\/07\/Castro-Lesenho-768x512.png 768w\" sizes=\"(max-width: 1200px) 100vw, 1200px\" \/>\t\t\t\t<span class=\"mkdf-tours-gallery-simple-item-price-holder\">\n\t\t\t\t\t\n\t\t<span class=\"mkdf-tours-price-holder\">\n\t\t\t\t\t\t\t\t<\/span>\n\n\t\t\t\t\t\t<\/span>\t\t\t\t\n\t\t\t\t<div class=\"mkdf-tours-gallery-simple-item-content-holder\">\n\t\t\t\t\t<div class=\"mkdf-tours-gallery-simple-item-content-inner\">\n\t\t\t\t\t\t\t\t\t\t\t\t\t<h5 class=\"mkdf-tours-gallery-simple-item-destination-holder\">\n\t\t\t\t\t\t\t\t\n\t\t\t<a class=\"mkdf-tour-item-destination\" href=\"https:\/\/visitaltotamegaebarroso.pt\/fr\/destinations\/ribeira-de-pena\/\">\n\t\t\t\tRibeira de Pena\t\t\t<\/a>\n\n\t\t\t\t\t\t\t\t\t<\/h5>\n\t\t\t\t\t\t\t\t\t\t\t\t<div class=\"mkdf-tours-gallery-simple-title-holder\">\n\t\t\t\t\t\t\t<h4 class=\"mkdf-tour-title\">\n\t\t\t\t\t\t\t\tColline de Lesenho\t\t\t\t\t\t\t<\/h4>\n\t\t\t\t\t\t<\/div>\n\t\t\t\t\t<\/div>\n\t\t\t\t<\/div>\n\t\t\t\t<a class=\"mkdf-tours-gallery-simple-item-link\" href=\"https:\/\/visitaltotamegaebarroso.pt\/fr\/tour-item\/colline-de-lesenho\/\"><\/a>\n\t\t\t<\/div>\n\t\t<\/div>\n\t<\/div><div class=\"mkdf-tours-gallery-simple-item mkdf-tours-row-item mkdf-tour-item-no-rating post-21954 tour-item type-tour-item status-publish has-post-thumbnail hentry tour-category-vila-pouca-de-aguiar-fr tour-category-histoire-et-art tour-category-montagnes-et-rivieres tour-category-points-dinterets tour-category-route-de-leau\">\n\t\t\t<div class=\"mkdf-tours-gallery-simple-item-image-holder\">\n\t\t\t\t\t\t\n\t\t\t<div class=\"mkdf-tours-gallery-simple-item-image\">\n\t\t\t\t<img width=\"1200\" height=\"800\" src=\"https:\/\/visitaltotamegaebarroso.pt\/wp-content\/uploads\/2023\/07\/Complexo-Tresminas.png\" class=\"attachment-full size-full wp-post-image\" alt=\"\" decoding=\"async\" loading=\"lazy\" srcset=\"https:\/\/visitaltotamegaebarroso.pt\/wp-content\/uploads\/2023\/07\/Complexo-Tresminas.png 1200w, https:\/\/visitaltotamegaebarroso.pt\/wp-content\/uploads\/2023\/07\/Complexo-Tresminas-300x200.png 300w, https:\/\/visitaltotamegaebarroso.pt\/wp-content\/uploads\/2023\/07\/Complexo-Tresminas-1024x683.png 1024w, https:\/\/visitaltotamegaebarroso.pt\/wp-content\/uploads\/2023\/07\/Complexo-Tresminas-768x512.png 768w\" sizes=\"(max-width: 1200px) 100vw, 1200px\" \/>\t\t\t\t<span class=\"mkdf-tours-gallery-simple-item-price-holder\">\n\t\t\t\t\t\n\t\t<span class=\"mkdf-tours-price-holder\">\n\t\t\t\t\t\t\t<span class=\"mkdf-tours-item-price \">$1<\/span>\n\t\t\t\t\t\t\t\t<\/span>\n\n\t\t\t\t\t\t<\/span>\t\t\t\t\n\t\t\t\t<div class=\"mkdf-tours-gallery-simple-item-content-holder\">\n\t\t\t\t\t<div class=\"mkdf-tours-gallery-simple-item-content-inner\">\n\t\t\t\t\t\t\t\t\t\t\t\t\t<h5 class=\"mkdf-tours-gallery-simple-item-destination-holder\">\n\t\t\t\t\t\t\t\t\n\t\t\t<a class=\"mkdf-tour-item-destination\" href=\"https:\/\/visitaltotamegaebarroso.pt\/fr\/destinations\/vila-pouca-de-aguiar\/\">\n\t\t\t\tVila Pouca de Aguiar\t\t\t<\/a>\n\n\t\t\t\t\t\t\t\t\t<\/h5>\n\t\t\t\t\t\t\t\t\t\t\t\t<div class=\"mkdf-tours-gallery-simple-title-holder\">\n\t\t\t\t\t\t\t<h4 class=\"mkdf-tour-title\">\n\t\t\t\t\t\t\t\tComplexe aurif\u00e8re romain de Tresminas\t\t\t\t\t\t\t<\/h4>\n\t\t\t\t\t\t<\/div>\n\t\t\t\t\t<\/div>\n\t\t\t\t<\/div>\n\t\t\t\t<a class=\"mkdf-tours-gallery-simple-item-link\" href=\"https:\/\/visitaltotamegaebarroso.pt\/fr\/tour-item\/complexe-aurifere-romain-de-tresminas\/\"><\/a>\n\t\t\t<\/div>\n\t\t<\/div>\n\t<\/div><div class=\"mkdf-tours-gallery-simple-item mkdf-tours-row-item mkdf-tour-item-no-rating post-28307 tour-item type-tour-item status-publish has-post-thumbnail hentry tour-category-vila-pouca-de-aguiar-fr tour-category-montagnes-et-rivieres tour-category-points-dinterets tour-category-sports-et-aventure\">\n\t\t\t<div class=\"mkdf-tours-gallery-simple-item-image-holder\">\n\t\t\t\t\t\t\n\t\t\t<div class=\"mkdf-tours-gallery-simple-item-image\">\n\t\t\t\t<img width=\"1200\" height=\"800\" src=\"https:\/\/visitaltotamegaebarroso.pt\/wp-content\/uploads\/2023\/07\/Ecopista-do-Corgo.png\" class=\"attachment-full size-full wp-post-image\" alt=\"\" decoding=\"async\" loading=\"lazy\" srcset=\"https:\/\/visitaltotamegaebarroso.pt\/wp-content\/uploads\/2023\/07\/Ecopista-do-Corgo.png 1200w, https:\/\/visitaltotamegaebarroso.pt\/wp-content\/uploads\/2023\/07\/Ecopista-do-Corgo-300x200.png 300w, https:\/\/visitaltotamegaebarroso.pt\/wp-content\/uploads\/2023\/07\/Ecopista-do-Corgo-1024x683.png 1024w, https:\/\/visitaltotamegaebarroso.pt\/wp-content\/uploads\/2023\/07\/Ecopista-do-Corgo-768x512.png 768w\" sizes=\"(max-width: 1200px) 100vw, 1200px\" \/>\t\t\t\t<span class=\"mkdf-tours-gallery-simple-item-price-holder\">\n\t\t\t\t\t\n\t\t<span class=\"mkdf-tours-price-holder\">\n\t\t\t\t\t\t\t\t<\/span>\n\n\t\t\t\t\t\t<\/span>\t\t\t\t\n\t\t\t\t<div class=\"mkdf-tours-gallery-simple-item-content-holder\">\n\t\t\t\t\t<div class=\"mkdf-tours-gallery-simple-item-content-inner\">\n\t\t\t\t\t\t\t\t\t\t\t\t\t<h5 class=\"mkdf-tours-gallery-simple-item-destination-holder\">\n\t\t\t\t\t\t\t\t\n\t\t\t<a class=\"mkdf-tour-item-destination\" href=\"https:\/\/visitaltotamegaebarroso.pt\/fr\/destinations\/vila-pouca-de-aguiar\/\">\n\t\t\t\tVila Pouca de Aguiar\t\t\t<\/a>\n\n\t\t\t\t\t\t\t\t\t<\/h5>\n\t\t\t\t\t\t\t\t\t\t\t\t<div class=\"mkdf-tours-gallery-simple-title-holder\">\n\t\t\t\t\t\t\t<h4 class=\"mkdf-tour-title\">\n\t\t\t\t\t\t\t\tCorgo Ecotrailway\t\t\t\t\t\t\t<\/h4>\n\t\t\t\t\t\t<\/div>\n\t\t\t\t\t<\/div>\n\t\t\t\t<\/div>\n\t\t\t\t<a class=\"mkdf-tours-gallery-simple-item-link\" href=\"https:\/\/visitaltotamegaebarroso.pt\/fr\/tour-item\/corgo-ecotrailway\/\"><\/a>\n\t\t\t<\/div>\n\t\t<\/div>\n\t<\/div><div class=\"mkdf-tours-gallery-simple-item mkdf-tours-row-item mkdf-tour-item-no-rating post-27585 tour-item type-tour-item status-publish has-post-thumbnail hentry tour-category-boticas-fr tour-category-montagnes-et-rivieres tour-category-points-dinterets tour-category-routes-paysageres tour-category-spa-et-spa\">\n\t\t\t<div class=\"mkdf-tours-gallery-simple-item-image-holder\">\n\t\t\t\t\t\t\n\t\t\t<div class=\"mkdf-tours-gallery-simple-item-image\">\n\t\t\t\t<img width=\"1200\" height=\"800\" src=\"https:\/\/visitaltotamegaebarroso.pt\/wp-content\/uploads\/2023\/07\/Ribeiro-Fontao.png\" class=\"attachment-full size-full wp-post-image\" alt=\"\" decoding=\"async\" loading=\"lazy\" srcset=\"https:\/\/visitaltotamegaebarroso.pt\/wp-content\/uploads\/2023\/07\/Ribeiro-Fontao.png 1200w, https:\/\/visitaltotamegaebarroso.pt\/wp-content\/uploads\/2023\/07\/Ribeiro-Fontao-300x200.png 300w, https:\/\/visitaltotamegaebarroso.pt\/wp-content\/uploads\/2023\/07\/Ribeiro-Fontao-1024x683.png 1024w, https:\/\/visitaltotamegaebarroso.pt\/wp-content\/uploads\/2023\/07\/Ribeiro-Fontao-768x512.png 768w\" sizes=\"(max-width: 1200px) 100vw, 1200px\" \/>\t\t\t\t<span class=\"mkdf-tours-gallery-simple-item-price-holder\">\n\t\t\t\t\t\n\t\t<span class=\"mkdf-tours-price-holder\">\n\t\t\t\t\t\t\t\t<\/span>\n\n\t\t\t\t\t\t<\/span>\t\t\t\t\n\t\t\t\t<div class=\"mkdf-tours-gallery-simple-item-content-holder\">\n\t\t\t\t\t<div class=\"mkdf-tours-gallery-simple-item-content-inner\">\n\t\t\t\t\t\t\t\t\t\t\t\t\t<h5 class=\"mkdf-tours-gallery-simple-item-destination-holder\">\n\t\t\t\t\t\t\t\t\n\t\t\t<a class=\"mkdf-tour-item-destination\" href=\"https:\/\/visitaltotamegaebarroso.pt\/fr\/destinations\/boticas\/\">\n\t\t\t\tBoticas\t\t\t<\/a>\n\n\t\t\t\t\t\t\t\t\t<\/h5>\n\t\t\t\t\t\t\t\t\t\t\t\t<div class=\"mkdf-tours-gallery-simple-title-holder\">\n\t\t\t\t\t\t\t<h4 class=\"mkdf-tour-title\">\n\t\t\t\t\t\t\t\tC\u00f4tes de Font\u00e3o\t\t\t\t\t\t\t<\/h4>\n\t\t\t\t\t\t<\/div>\n\t\t\t\t\t<\/div>\n\t\t\t\t<\/div>\n\t\t\t\t<a class=\"mkdf-tours-gallery-simple-item-link\" href=\"https:\/\/visitaltotamegaebarroso.pt\/fr\/tour-item\/cotes-de-fontao\/\"><\/a>\n\t\t\t<\/div>\n\t\t<\/div>\n\t<\/div><div class=\"mkdf-tours-gallery-simple-item mkdf-tours-row-item mkdf-tour-item-no-rating post-27544 tour-item type-tour-item status-publish has-post-thumbnail hentry tour-category-chaves-fr tour-category-histoire-et-art tour-category-montagnes-et-rivieres tour-category-points-dinterets tour-category-routes-paysageres tour-category-sports-et-aventure tour-category-villages-et-traditions\">\n\t\t\t<div class=\"mkdf-tours-gallery-simple-item-image-holder\">\n\t\t\t\t\t\t\n\t\t\t<div class=\"mkdf-tours-gallery-simple-item-image\">\n\t\t\t\t<img width=\"1030\" height=\"788\" src=\"https:\/\/visitaltotamegaebarroso.pt\/wp-content\/uploads\/2023\/07\/Trilho-Cova-do-Ladrao.png\" class=\"attachment-full size-full wp-post-image\" alt=\"\" decoding=\"async\" loading=\"lazy\" srcset=\"https:\/\/visitaltotamegaebarroso.pt\/wp-content\/uploads\/2023\/07\/Trilho-Cova-do-Ladrao.png 1030w, https:\/\/visitaltotamegaebarroso.pt\/wp-content\/uploads\/2023\/07\/Trilho-Cova-do-Ladrao-300x230.png 300w, https:\/\/visitaltotamegaebarroso.pt\/wp-content\/uploads\/2023\/07\/Trilho-Cova-do-Ladrao-1024x783.png 1024w, https:\/\/visitaltotamegaebarroso.pt\/wp-content\/uploads\/2023\/07\/Trilho-Cova-do-Ladrao-768x588.png 768w\" sizes=\"(max-width: 1030px) 100vw, 1030px\" \/>\t\t\t\t<span class=\"mkdf-tours-gallery-simple-item-price-holder\">\n\t\t\t\t\t\n\t\t<span class=\"mkdf-tours-price-holder\">\n\t\t\t\t\t\t\t\t<\/span>\n\n\t\t\t\t\t\t<\/span>\t\t\t\t\n\t\t\t\t<div class=\"mkdf-tours-gallery-simple-item-content-holder\">\n\t\t\t\t\t<div class=\"mkdf-tours-gallery-simple-item-content-inner\">\n\t\t\t\t\t\t\t\t\t\t\t\t<div class=\"mkdf-tours-gallery-simple-title-holder\">\n\t\t\t\t\t\t\t<h4 class=\"mkdf-tour-title\">\n\t\t\t\t\t\t\t\tCova do Ladr\u00e3o | Sentier Moreiras &#8211; PR5 CHV\t\t\t\t\t\t\t<\/h4>\n\t\t\t\t\t\t<\/div>\n\t\t\t\t\t<\/div>\n\t\t\t\t<\/div>\n\t\t\t\t<a class=\"mkdf-tours-gallery-simple-item-link\" href=\"https:\/\/visitaltotamegaebarroso.pt\/fr\/tour-item\/cova-do-ladrao-sentier-moreiras-pr5-chv\/\"><\/a>\n\t\t\t<\/div>\n\t\t<\/div>\n\t<\/div><div class=\"mkdf-tours-gallery-simple-item mkdf-tours-row-item mkdf-tour-item-no-rating post-28335 tour-item type-tour-item status-publish has-post-thumbnail hentry tour-category-boticas-fr tour-category-histoire-et-art tour-category-points-dinterets\">\n\t\t\t<div class=\"mkdf-tours-gallery-simple-item-image-holder\">\n\t\t\t\t\t\t\n\t\t\t<div class=\"mkdf-tours-gallery-simple-item-image\">\n\t\t\t\t<img width=\"1030\" height=\"804\" src=\"https:\/\/visitaltotamegaebarroso.pt\/wp-content\/uploads\/2023\/07\/Cruzeiro-Covas-Barroso-1030x804-1.jpg\" class=\"attachment-full size-full wp-post-image\" alt=\"\" decoding=\"async\" loading=\"lazy\" srcset=\"https:\/\/visitaltotamegaebarroso.pt\/wp-content\/uploads\/2023\/07\/Cruzeiro-Covas-Barroso-1030x804-1.jpg 1030w, https:\/\/visitaltotamegaebarroso.pt\/wp-content\/uploads\/2023\/07\/Cruzeiro-Covas-Barroso-1030x804-1-300x234.jpg 300w, https:\/\/visitaltotamegaebarroso.pt\/wp-content\/uploads\/2023\/07\/Cruzeiro-Covas-Barroso-1030x804-1-1024x799.jpg 1024w, https:\/\/visitaltotamegaebarroso.pt\/wp-content\/uploads\/2023\/07\/Cruzeiro-Covas-Barroso-1030x804-1-768x599.jpg 768w\" sizes=\"(max-width: 1030px) 100vw, 1030px\" \/>\t\t\t\t<span class=\"mkdf-tours-gallery-simple-item-price-holder\">\n\t\t\t\t\t\n\t\t<span class=\"mkdf-tours-price-holder\">\n\t\t\t\t\t\t\t\t<\/span>\n\n\t\t\t\t\t\t<\/span>\t\t\t\t\n\t\t\t\t<div class=\"mkdf-tours-gallery-simple-item-content-holder\">\n\t\t\t\t\t<div class=\"mkdf-tours-gallery-simple-item-content-inner\">\n\t\t\t\t\t\t\t\t\t\t\t\t\t<h5 class=\"mkdf-tours-gallery-simple-item-destination-holder\">\n\t\t\t\t\t\t\t\t\n\t\t\t<a class=\"mkdf-tour-item-destination\" href=\"https:\/\/visitaltotamegaebarroso.pt\/fr\/destinations\/boticas\/\">\n\t\t\t\tBoticas\t\t\t<\/a>\n\n\t\t\t\t\t\t\t\t\t<\/h5>\n\t\t\t\t\t\t\t\t\t\t\t\t<div class=\"mkdf-tours-gallery-simple-title-holder\">\n\t\t\t\t\t\t\t<h4 class=\"mkdf-tour-title\">\n\t\t\t\t\t\t\t\tCroix de Covas do Barroso\t\t\t\t\t\t\t<\/h4>\n\t\t\t\t\t\t<\/div>\n\t\t\t\t\t<\/div>\n\t\t\t\t<\/div>\n\t\t\t\t<a class=\"mkdf-tours-gallery-simple-item-link\" href=\"https:\/\/visitaltotamegaebarroso.pt\/fr\/tour-item\/croix-de-covas-do-barroso\/\"><\/a>\n\t\t\t<\/div>\n\t\t<\/div>\n\t<\/div><div class=\"mkdf-tours-gallery-simple-item mkdf-tours-row-item mkdf-tour-item-no-rating post-28331 tour-item type-tour-item status-publish has-post-thumbnail hentry tour-category-valpacos-fr tour-category-histoire-et-art tour-category-points-dinterets\">\n\t\t\t<div class=\"mkdf-tours-gallery-simple-item-image-holder\">\n\t\t\t\t\t\t\n\t\t\t<div class=\"mkdf-tours-gallery-simple-item-image\">\n\t\t\t\t<img width=\"1200\" height=\"800\" src=\"https:\/\/visitaltotamegaebarroso.pt\/wp-content\/uploads\/2023\/07\/Dois-dos-treze-Marcos-Miliarios.jpg\" class=\"attachment-full size-full wp-post-image\" alt=\"\" decoding=\"async\" loading=\"lazy\" srcset=\"https:\/\/visitaltotamegaebarroso.pt\/wp-content\/uploads\/2023\/07\/Dois-dos-treze-Marcos-Miliarios.jpg 1200w, https:\/\/visitaltotamegaebarroso.pt\/wp-content\/uploads\/2023\/07\/Dois-dos-treze-Marcos-Miliarios-300x200.jpg 300w, https:\/\/visitaltotamegaebarroso.pt\/wp-content\/uploads\/2023\/07\/Dois-dos-treze-Marcos-Miliarios-1024x683.jpg 1024w, https:\/\/visitaltotamegaebarroso.pt\/wp-content\/uploads\/2023\/07\/Dois-dos-treze-Marcos-Miliarios-768x512.jpg 768w\" sizes=\"(max-width: 1200px) 100vw, 1200px\" \/>\t\t\t\t<span class=\"mkdf-tours-gallery-simple-item-price-holder\">\n\t\t\t\t\t\n\t\t<span class=\"mkdf-tours-price-holder\">\n\t\t\t\t\t\t\t\t<\/span>\n\n\t\t\t\t\t\t<\/span>\t\t\t\t\n\t\t\t\t<div class=\"mkdf-tours-gallery-simple-item-content-holder\">\n\t\t\t\t\t<div class=\"mkdf-tours-gallery-simple-item-content-inner\">\n\t\t\t\t\t\t\t\t\t\t\t\t\t<h5 class=\"mkdf-tours-gallery-simple-item-destination-holder\">\n\t\t\t\t\t\t\t\t\n\t\t\t<a class=\"mkdf-tour-item-destination\" href=\"https:\/\/visitaltotamegaebarroso.pt\/fr\/destinations\/valpacos\/\">\n\t\t\t\tValpa\u00e7os\t\t\t<\/a>\n\n\t\t\t\t\t\t\t\t\t<\/h5>\n\t\t\t\t\t\t\t\t\t\t\t\t<div class=\"mkdf-tours-gallery-simple-title-holder\">\n\t\t\t\t\t\t\t<h4 class=\"mkdf-tour-title\">\n\t\t\t\t\t\t\t\tDeux des treize bornes (entre Braga et Chaves) \u00e0 Valpa\u00e7os\t\t\t\t\t\t\t<\/h4>\n\t\t\t\t\t\t<\/div>\n\t\t\t\t\t<\/div>\n\t\t\t\t<\/div>\n\t\t\t\t<a class=\"mkdf-tours-gallery-simple-item-link\" href=\"https:\/\/visitaltotamegaebarroso.pt\/fr\/tour-item\/deux-des-treize-bornes-entre-braga-et-chaves-a-valpacos\/\"><\/a>\n\t\t\t<\/div>\n\t\t<\/div>\n\t<\/div><div class=\"mkdf-tours-gallery-simple-item mkdf-tours-row-item mkdf-tour-item-no-rating post-28315 tour-item type-tour-item status-publish has-post-thumbnail hentry tour-category-montalegre-fr tour-category-montagnes-et-rivieres tour-category-points-dinterets tour-category-villages-et-traditions\">\n\t\t\t<div class=\"mkdf-tours-gallery-simple-item-image-holder\">\n\t\t\t\t\t\t\n\t\t\t<div class=\"mkdf-tours-gallery-simple-item-image\">\n\t\t\t\t<img width=\"1200\" height=\"800\" src=\"https:\/\/visitaltotamegaebarroso.pt\/wp-content\/uploads\/2023\/07\/Ecomuseu-Avifauna.png\" class=\"attachment-full size-full wp-post-image\" alt=\"\" decoding=\"async\" loading=\"lazy\" srcset=\"https:\/\/visitaltotamegaebarroso.pt\/wp-content\/uploads\/2023\/07\/Ecomuseu-Avifauna.png 1200w, https:\/\/visitaltotamegaebarroso.pt\/wp-content\/uploads\/2023\/07\/Ecomuseu-Avifauna-300x200.png 300w, https:\/\/visitaltotamegaebarroso.pt\/wp-content\/uploads\/2023\/07\/Ecomuseu-Avifauna-1024x683.png 1024w, https:\/\/visitaltotamegaebarroso.pt\/wp-content\/uploads\/2023\/07\/Ecomuseu-Avifauna-768x512.png 768w\" sizes=\"(max-width: 1200px) 100vw, 1200px\" \/>\t\t\t\t<span class=\"mkdf-tours-gallery-simple-item-price-holder\">\n\t\t\t\t\t\n\t\t<span class=\"mkdf-tours-price-holder\">\n\t\t\t\t\t\t\t\t<\/span>\n\n\t\t\t\t\t\t<\/span>\t\t\t\t\n\t\t\t\t<div class=\"mkdf-tours-gallery-simple-item-content-holder\">\n\t\t\t\t\t<div class=\"mkdf-tours-gallery-simple-item-content-inner\">\n\t\t\t\t\t\t\t\t\t\t\t\t\t<h5 class=\"mkdf-tours-gallery-simple-item-destination-holder\">\n\t\t\t\t\t\t\t\t\n\t\t\t<a class=\"mkdf-tour-item-destination\" href=\"https:\/\/visitaltotamegaebarroso.pt\/fr\/destinations\/montalegre\/\">\n\t\t\t\tMontalegre\t\t\t<\/a>\n\n\t\t\t\t\t\t\t\t\t<\/h5>\n\t\t\t\t\t\t\t\t\t\t\t\t<div class=\"mkdf-tours-gallery-simple-title-holder\">\n\t\t\t\t\t\t\t<h4 class=\"mkdf-tour-title\">\n\t\t\t\t\t\t\t\t\u00c9comus\u00e9e de Barroso &#8211; Centre d&rsquo;interpr\u00e9tation de l&rsquo;avifaune de la r\u00e9gion\t\t\t\t\t\t\t<\/h4>\n\t\t\t\t\t\t<\/div>\n\t\t\t\t\t<\/div>\n\t\t\t\t<\/div>\n\t\t\t\t<a class=\"mkdf-tours-gallery-simple-item-link\" href=\"https:\/\/visitaltotamegaebarroso.pt\/fr\/tour-item\/ecomusee-de-barroso-centre-dinterpretation-de-lavifaune-de-la-region\/\"><\/a>\n\t\t\t<\/div>\n\t\t<\/div>\n\t<\/div><div class=\"mkdf-tours-gallery-simple-item mkdf-tours-row-item mkdf-tour-item-no-rating post-28311 tour-item type-tour-item status-publish has-post-thumbnail hentry tour-category-montalegre-fr tour-category-histoire-et-art tour-category-points-dinterets tour-category-villages-et-traditions\">\n\t\t\t<div class=\"mkdf-tours-gallery-simple-item-image-holder\">\n\t\t\t\t\t\t\n\t\t\t<div class=\"mkdf-tours-gallery-simple-item-image\">\n\t\t\t\t<img width=\"1200\" height=\"800\" src=\"https:\/\/visitaltotamegaebarroso.pt\/wp-content\/uploads\/2023\/07\/Ecomuseu-Minas-Borralha.png\" class=\"attachment-full size-full wp-post-image\" alt=\"\" decoding=\"async\" loading=\"lazy\" srcset=\"https:\/\/visitaltotamegaebarroso.pt\/wp-content\/uploads\/2023\/07\/Ecomuseu-Minas-Borralha.png 1200w, https:\/\/visitaltotamegaebarroso.pt\/wp-content\/uploads\/2023\/07\/Ecomuseu-Minas-Borralha-300x200.png 300w, https:\/\/visitaltotamegaebarroso.pt\/wp-content\/uploads\/2023\/07\/Ecomuseu-Minas-Borralha-1024x683.png 1024w, https:\/\/visitaltotamegaebarroso.pt\/wp-content\/uploads\/2023\/07\/Ecomuseu-Minas-Borralha-768x512.png 768w\" sizes=\"(max-width: 1200px) 100vw, 1200px\" \/>\t\t\t\t<span class=\"mkdf-tours-gallery-simple-item-price-holder\">\n\t\t\t\t\t\n\t\t<span class=\"mkdf-tours-price-holder\">\n\t\t\t\t\t\t\t\t<\/span>\n\n\t\t\t\t\t\t<\/span>\t\t\t\t\n\t\t\t\t<div class=\"mkdf-tours-gallery-simple-item-content-holder\">\n\t\t\t\t\t<div class=\"mkdf-tours-gallery-simple-item-content-inner\">\n\t\t\t\t\t\t\t\t\t\t\t\t\t<h5 class=\"mkdf-tours-gallery-simple-item-destination-holder\">\n\t\t\t\t\t\t\t\t\n\t\t\t<a class=\"mkdf-tour-item-destination\" href=\"https:\/\/visitaltotamegaebarroso.pt\/fr\/destinations\/montalegre\/\">\n\t\t\t\tMontalegre\t\t\t<\/a>\n\n\t\t\t\t\t\t\t\t\t<\/h5>\n\t\t\t\t\t\t\t\t\t\t\t\t<div class=\"mkdf-tours-gallery-simple-title-holder\">\n\t\t\t\t\t\t\t<h4 class=\"mkdf-tour-title\">\n\t\t\t\t\t\t\t\tEcomus\u00e9e de Barroso &#8211; Centre d&rsquo;interpr\u00e9tation des mines de Borralha\t\t\t\t\t\t\t<\/h4>\n\t\t\t\t\t\t<\/div>\n\t\t\t\t\t<\/div>\n\t\t\t\t<\/div>\n\t\t\t\t<a class=\"mkdf-tours-gallery-simple-item-link\" href=\"https:\/\/visitaltotamegaebarroso.pt\/fr\/tour-item\/ecomusee-de-barroso-centre-dinterpretation-des-mines-de-borralha\/\"><\/a>\n\t\t\t<\/div>\n\t\t<\/div>\n\t<\/div><div class=\"mkdf-tours-gallery-simple-item mkdf-tours-row-item mkdf-tour-item-no-rating post-28323 tour-item type-tour-item status-publish has-post-thumbnail hentry tour-category-montalegre-fr tour-category-histoire-et-art tour-category-points-dinterets tour-category-villages-et-traditions\">\n\t\t\t<div class=\"mkdf-tours-gallery-simple-item-image-holder\">\n\t\t\t\t\t\t\n\t\t\t<div class=\"mkdf-tours-gallery-simple-item-image\">\n\t\t\t\t<img width=\"1200\" height=\"800\" src=\"https:\/\/visitaltotamegaebarroso.pt\/wp-content\/uploads\/2023\/07\/Ecomuseu-Casa-Capitao.png\" class=\"attachment-full size-full wp-post-image\" alt=\"\" decoding=\"async\" loading=\"lazy\" srcset=\"https:\/\/visitaltotamegaebarroso.pt\/wp-content\/uploads\/2023\/07\/Ecomuseu-Casa-Capitao.png 1200w, https:\/\/visitaltotamegaebarroso.pt\/wp-content\/uploads\/2023\/07\/Ecomuseu-Casa-Capitao-300x200.png 300w, https:\/\/visitaltotamegaebarroso.pt\/wp-content\/uploads\/2023\/07\/Ecomuseu-Casa-Capitao-1024x683.png 1024w, https:\/\/visitaltotamegaebarroso.pt\/wp-content\/uploads\/2023\/07\/Ecomuseu-Casa-Capitao-768x512.png 768w\" sizes=\"(max-width: 1200px) 100vw, 1200px\" \/>\t\t\t\t<span class=\"mkdf-tours-gallery-simple-item-price-holder\">\n\t\t\t\t\t\n\t\t<span class=\"mkdf-tours-price-holder\">\n\t\t\t\t\t\t\t\t<\/span>\n\n\t\t\t\t\t\t<\/span>\t\t\t\t\n\t\t\t\t<div class=\"mkdf-tours-gallery-simple-item-content-holder\">\n\t\t\t\t\t<div class=\"mkdf-tours-gallery-simple-item-content-inner\">\n\t\t\t\t\t\t\t\t\t\t\t\t\t<h5 class=\"mkdf-tours-gallery-simple-item-destination-holder\">\n\t\t\t\t\t\t\t\t\n\t\t\t<a class=\"mkdf-tour-item-destination\" href=\"https:\/\/visitaltotamegaebarroso.pt\/fr\/destinations\/montalegre\/\">\n\t\t\t\tMontalegre\t\t\t<\/a>\n\n\t\t\t\t\t\t\t\t\t<\/h5>\n\t\t\t\t\t\t\t\t\t\t\t\t<div class=\"mkdf-tours-gallery-simple-title-holder\">\n\t\t\t\t\t\t\t<h4 class=\"mkdf-tour-title\">\n\t\t\t\t\t\t\t\tEcomus\u00e9e de Barroso &#8211; Maison du capitaine\t\t\t\t\t\t\t<\/h4>\n\t\t\t\t\t\t<\/div>\n\t\t\t\t\t<\/div>\n\t\t\t\t<\/div>\n\t\t\t\t<a class=\"mkdf-tours-gallery-simple-item-link\" href=\"https:\/\/visitaltotamegaebarroso.pt\/fr\/tour-item\/ecomusee-de-barroso-maison-du-capitaine\/\"><\/a>\n\t\t\t<\/div>\n\t\t<\/div>\n\t<\/div><div class=\"mkdf-tours-gallery-simple-item mkdf-tours-row-item mkdf-tour-item-no-rating post-28319 tour-item type-tour-item status-publish has-post-thumbnail hentry tour-category-boticas-fr tour-category-histoire-et-art tour-category-points-dinterets tour-category-routes-paysageres tour-category-villages-et-traditions\">\n\t\t\t<div class=\"mkdf-tours-gallery-simple-item-image-holder\">\n\t\t\t\t\t\t\n\t\t\t<div class=\"mkdf-tours-gallery-simple-item-image\">\n\t\t\t\t<img width=\"1200\" height=\"800\" src=\"https:\/\/visitaltotamegaebarroso.pt\/wp-content\/uploads\/2023\/07\/Ecomuseu-Quinta-Cruzeiro.png\" class=\"attachment-full size-full wp-post-image\" alt=\"\" decoding=\"async\" loading=\"lazy\" srcset=\"https:\/\/visitaltotamegaebarroso.pt\/wp-content\/uploads\/2023\/07\/Ecomuseu-Quinta-Cruzeiro.png 1200w, https:\/\/visitaltotamegaebarroso.pt\/wp-content\/uploads\/2023\/07\/Ecomuseu-Quinta-Cruzeiro-300x200.png 300w, https:\/\/visitaltotamegaebarroso.pt\/wp-content\/uploads\/2023\/07\/Ecomuseu-Quinta-Cruzeiro-1024x683.png 1024w, https:\/\/visitaltotamegaebarroso.pt\/wp-content\/uploads\/2023\/07\/Ecomuseu-Quinta-Cruzeiro-768x512.png 768w\" sizes=\"(max-width: 1200px) 100vw, 1200px\" \/>\t\t\t\t<span class=\"mkdf-tours-gallery-simple-item-price-holder\">\n\t\t\t\t\t\n\t\t<span class=\"mkdf-tours-price-holder\">\n\t\t\t\t\t\t\t\t<\/span>\n\n\t\t\t\t\t\t<\/span>\t\t\t\t\n\t\t\t\t<div class=\"mkdf-tours-gallery-simple-item-content-holder\">\n\t\t\t\t\t<div class=\"mkdf-tours-gallery-simple-item-content-inner\">\n\t\t\t\t\t\t\t\t\t\t\t\t\t<h5 class=\"mkdf-tours-gallery-simple-item-destination-holder\">\n\t\t\t\t\t\t\t\t\n\t\t\t<a class=\"mkdf-tour-item-destination\" href=\"https:\/\/visitaltotamegaebarroso.pt\/fr\/destinations\/boticas\/\">\n\t\t\t\tBoticas\t\t\t<\/a>\n\n\t\t\t\t\t\t\t\t\t<\/h5>\n\t\t\t\t\t\t\t\t\t\t\t\t<div class=\"mkdf-tours-gallery-simple-title-holder\">\n\t\t\t\t\t\t\t<h4 class=\"mkdf-tour-title\">\n\t\t\t\t\t\t\t\tEcomus\u00e9e de Barroso &#8211; Maison-mus\u00e9e de Quinta do Cruzeiro\t\t\t\t\t\t\t<\/h4>\n\t\t\t\t\t\t<\/div>\n\t\t\t\t\t<\/div>\n\t\t\t\t<\/div>\n\t\t\t\t<a class=\"mkdf-tours-gallery-simple-item-link\" href=\"https:\/\/visitaltotamegaebarroso.pt\/fr\/tour-item\/ecomusee-de-barroso-maison-musee-de-quinta-do-cruzeiro\/\"><\/a>\n\t\t\t<\/div>\n\t\t<\/div>\n\t<\/div><div class=\"mkdf-tours-gallery-simple-item mkdf-tours-row-item mkdf-tour-item-no-rating post-22157 tour-item type-tour-item status-publish has-post-thumbnail hentry tour-category-boticas-fr tour-category-histoire-et-art tour-category-points-dinterets tour-category-routes-paysageres tour-category-villages-et-traditions\">\n\t\t\t<div class=\"mkdf-tours-gallery-simple-item-image-holder\">\n\t\t\t\t\t\t\n\t\t\t<div class=\"mkdf-tours-gallery-simple-item-image\">\n\t\t\t\t<img width=\"1200\" height=\"800\" src=\"https:\/\/visitaltotamegaebarroso.pt\/wp-content\/uploads\/2023\/07\/Ecomuseu-Rural-Boticas.png\" class=\"attachment-full size-full wp-post-image\" alt=\"\" decoding=\"async\" loading=\"lazy\" srcset=\"https:\/\/visitaltotamegaebarroso.pt\/wp-content\/uploads\/2023\/07\/Ecomuseu-Rural-Boticas.png 1200w, https:\/\/visitaltotamegaebarroso.pt\/wp-content\/uploads\/2023\/07\/Ecomuseu-Rural-Boticas-300x200.png 300w, https:\/\/visitaltotamegaebarroso.pt\/wp-content\/uploads\/2023\/07\/Ecomuseu-Rural-Boticas-1024x683.png 1024w, https:\/\/visitaltotamegaebarroso.pt\/wp-content\/uploads\/2023\/07\/Ecomuseu-Rural-Boticas-768x512.png 768w\" sizes=\"(max-width: 1200px) 100vw, 1200px\" \/>\t\t\t\t<span class=\"mkdf-tours-gallery-simple-item-price-holder\">\n\t\t\t\t\t\n\t\t<span class=\"mkdf-tours-price-holder\">\n\t\t\t\t\t\t\t<span class=\"mkdf-tours-item-price \">$1<\/span>\n\t\t\t\t\t\t\t\t<\/span>\n\n\t\t\t\t\t\t<\/span>\t\t\t\t\n\t\t\t\t<div class=\"mkdf-tours-gallery-simple-item-content-holder\">\n\t\t\t\t\t<div class=\"mkdf-tours-gallery-simple-item-content-inner\">\n\t\t\t\t\t\t\t\t\t\t\t\t\t<h5 class=\"mkdf-tours-gallery-simple-item-destination-holder\">\n\t\t\t\t\t\t\t\t\n\t\t\t<a class=\"mkdf-tour-item-destination\" href=\"https:\/\/visitaltotamegaebarroso.pt\/fr\/destinations\/boticas\/\">\n\t\t\t\tBoticas\t\t\t<\/a>\n\n\t\t\t\t\t\t\t\t\t<\/h5>\n\t\t\t\t\t\t\t\t\t\t\t\t<div class=\"mkdf-tours-gallery-simple-title-holder\">\n\t\t\t\t\t\t\t<h4 class=\"mkdf-tour-title\">\n\t\t\t\t\t\t\t\t\u00c9comus\u00e9e de Barroso &#8211; Mus\u00e9e rural de Boticas\t\t\t\t\t\t\t<\/h4>\n\t\t\t\t\t\t<\/div>\n\t\t\t\t\t<\/div>\n\t\t\t\t<\/div>\n\t\t\t\t<a class=\"mkdf-tours-gallery-simple-item-link\" href=\"https:\/\/visitaltotamegaebarroso.pt\/fr\/tour-item\/ecomusee-de-barroso-musee-rural-de-boticas\/\"><\/a>\n\t\t\t<\/div>\n\t\t<\/div>\n\t<\/div><div class=\"mkdf-tours-gallery-simple-item mkdf-tours-row-item mkdf-tour-item-no-rating post-28327 tour-item type-tour-item status-publish has-post-thumbnail hentry tour-category-montalegre-fr tour-category-points-dinterets tour-category-villages-et-traditions\">\n\t\t\t<div class=\"mkdf-tours-gallery-simple-item-image-holder\">\n\t\t\t\t\t\t\n\t\t\t<div class=\"mkdf-tours-gallery-simple-item-image\">\n\t\t\t\t<img width=\"1200\" height=\"800\" src=\"https:\/\/visitaltotamegaebarroso.pt\/wp-content\/uploads\/2023\/07\/Ecomuseu-Aldeia.png\" class=\"attachment-full size-full wp-post-image\" alt=\"\" decoding=\"async\" loading=\"lazy\" srcset=\"https:\/\/visitaltotamegaebarroso.pt\/wp-content\/uploads\/2023\/07\/Ecomuseu-Aldeia.png 1200w, https:\/\/visitaltotamegaebarroso.pt\/wp-content\/uploads\/2023\/07\/Ecomuseu-Aldeia-300x200.png 300w, https:\/\/visitaltotamegaebarroso.pt\/wp-content\/uploads\/2023\/07\/Ecomuseu-Aldeia-1024x683.png 1024w, https:\/\/visitaltotamegaebarroso.pt\/wp-content\/uploads\/2023\/07\/Ecomuseu-Aldeia-768x512.png 768w\" sizes=\"(max-width: 1200px) 100vw, 1200px\" \/>\t\t\t\t<span class=\"mkdf-tours-gallery-simple-item-price-holder\">\n\t\t\t\t\t\n\t\t<span class=\"mkdf-tours-price-holder\">\n\t\t\t\t\t\t\t\t<\/span>\n\n\t\t\t\t\t\t<\/span>\t\t\t\t\n\t\t\t\t<div class=\"mkdf-tours-gallery-simple-item-content-holder\">\n\t\t\t\t\t<div class=\"mkdf-tours-gallery-simple-item-content-inner\">\n\t\t\t\t\t\t\t\t\t\t\t\t\t<h5 class=\"mkdf-tours-gallery-simple-item-destination-holder\">\n\t\t\t\t\t\t\t\t\n\t\t\t<a class=\"mkdf-tour-item-destination\" href=\"https:\/\/visitaltotamegaebarroso.pt\/fr\/destinations\/montalegre\/\">\n\t\t\t\tMontalegre\t\t\t<\/a>\n\n\t\t\t\t\t\t\t\t\t<\/h5>\n\t\t\t\t\t\t\t\t\t\t\t\t<div class=\"mkdf-tours-gallery-simple-title-holder\">\n\t\t\t\t\t\t\t<h4 class=\"mkdf-tour-title\">\n\t\t\t\t\t\t\t\tEcomus\u00e9e de Barroso &#8211; Village Ecomus\u00e9e\t\t\t\t\t\t\t<\/h4>\n\t\t\t\t\t\t<\/div>\n\t\t\t\t\t<\/div>\n\t\t\t\t<\/div>\n\t\t\t\t<a class=\"mkdf-tours-gallery-simple-item-link\" href=\"https:\/\/visitaltotamegaebarroso.pt\/fr\/tour-item\/ecomusee-de-barroso-village-ecomusee\/\"><\/a>\n\t\t\t<\/div>\n\t\t<\/div>\n\t<\/div><div class=\"mkdf-tours-gallery-simple-item mkdf-tours-row-item mkdf-tour-item-no-rating post-28401 tour-item type-tour-item status-publish has-post-thumbnail hentry tour-category-ribeira-de-pena-fr tour-category-histoire-et-art tour-category-points-dinterets\">\n\t\t\t<div class=\"mkdf-tours-gallery-simple-item-image-holder\">\n\t\t\t\t\t\t\n\t\t\t<div class=\"mkdf-tours-gallery-simple-item-image\">\n\t\t\t\t<img width=\"1200\" height=\"800\" src=\"https:\/\/visitaltotamegaebarroso.pt\/wp-content\/uploads\/2023\/07\/Casa-Camilo.png\" class=\"attachment-full size-full wp-post-image\" alt=\"\" decoding=\"async\" loading=\"lazy\" srcset=\"https:\/\/visitaltotamegaebarroso.pt\/wp-content\/uploads\/2023\/07\/Casa-Camilo.png 1200w, https:\/\/visitaltotamegaebarroso.pt\/wp-content\/uploads\/2023\/07\/Casa-Camilo-300x200.png 300w, https:\/\/visitaltotamegaebarroso.pt\/wp-content\/uploads\/2023\/07\/Casa-Camilo-1024x683.png 1024w, https:\/\/visitaltotamegaebarroso.pt\/wp-content\/uploads\/2023\/07\/Casa-Camilo-768x512.png 768w\" sizes=\"(max-width: 1200px) 100vw, 1200px\" \/>\t\t\t\t<span class=\"mkdf-tours-gallery-simple-item-price-holder\">\n\t\t\t\t\t\n\t\t<span class=\"mkdf-tours-price-holder\">\n\t\t\t\t\t\t\t\t<\/span>\n\n\t\t\t\t\t\t<\/span>\t\t\t\t\n\t\t\t\t<div class=\"mkdf-tours-gallery-simple-item-content-holder\">\n\t\t\t\t\t<div class=\"mkdf-tours-gallery-simple-item-content-inner\">\n\t\t\t\t\t\t\t\t\t\t\t\t\t<h5 class=\"mkdf-tours-gallery-simple-item-destination-holder\">\n\t\t\t\t\t\t\t\t\n\t\t\t<a class=\"mkdf-tour-item-destination\" href=\"https:\/\/visitaltotamegaebarroso.pt\/fr\/destinations\/ribeira-de-pena\/\">\n\t\t\t\tRibeira de Pena\t\t\t<\/a>\n\n\t\t\t\t\t\t\t\t\t<\/h5>\n\t\t\t\t\t\t\t\t\t\t\t\t<div class=\"mkdf-tours-gallery-simple-title-holder\">\n\t\t\t\t\t\t\t<h4 class=\"mkdf-tour-title\">\n\t\t\t\t\t\t\t\tEcomus\u00e9e de Ribeira de Pena | Maison Camilo\t\t\t\t\t\t\t<\/h4>\n\t\t\t\t\t\t<\/div>\n\t\t\t\t\t<\/div>\n\t\t\t\t<\/div>\n\t\t\t\t<a class=\"mkdf-tours-gallery-simple-item-link\" href=\"https:\/\/visitaltotamegaebarroso.pt\/fr\/tour-item\/ecomusee-de-ribeira-de-pena-maison-camilo\/\"><\/a>\n\t\t\t<\/div>\n\t\t<\/div>\n\t<\/div><div class=\"mkdf-tours-gallery-simple-item mkdf-tours-row-item mkdf-tour-item-no-rating post-22358 tour-item type-tour-item status-publish has-post-thumbnail hentry tour-category-ribeira-de-pena-fr tour-category-points-dinterets tour-category-villages-et-traditions\">\n\t\t\t<div class=\"mkdf-tours-gallery-simple-item-image-holder\">\n\t\t\t\t\t\t\n\t\t\t<div class=\"mkdf-tours-gallery-simple-item-image\">\n\t\t\t\t<img width=\"1200\" height=\"800\" src=\"https:\/\/visitaltotamegaebarroso.pt\/wp-content\/uploads\/2023\/07\/Museu-Escola.png\" class=\"attachment-full size-full wp-post-image\" alt=\"\" decoding=\"async\" loading=\"lazy\" srcset=\"https:\/\/visitaltotamegaebarroso.pt\/wp-content\/uploads\/2023\/07\/Museu-Escola.png 1200w, https:\/\/visitaltotamegaebarroso.pt\/wp-content\/uploads\/2023\/07\/Museu-Escola-300x200.png 300w, https:\/\/visitaltotamegaebarroso.pt\/wp-content\/uploads\/2023\/07\/Museu-Escola-1024x683.png 1024w, https:\/\/visitaltotamegaebarroso.pt\/wp-content\/uploads\/2023\/07\/Museu-Escola-768x512.png 768w\" sizes=\"(max-width: 1200px) 100vw, 1200px\" \/>\t\t\t\t<span class=\"mkdf-tours-gallery-simple-item-price-holder\">\n\t\t\t\t\t\n\t\t<span class=\"mkdf-tours-price-holder\">\n\t\t\t\t\t\t\t<span class=\"mkdf-tours-item-price \">$1<\/span>\n\t\t\t\t\t\t\t\t<\/span>\n\n\t\t\t\t\t\t<\/span>\t\t\t\t\n\t\t\t\t<div class=\"mkdf-tours-gallery-simple-item-content-holder\">\n\t\t\t\t\t<div class=\"mkdf-tours-gallery-simple-item-content-inner\">\n\t\t\t\t\t\t\t\t\t\t\t\t\t<h5 class=\"mkdf-tours-gallery-simple-item-destination-holder\">\n\t\t\t\t\t\t\t\t\n\t\t\t<a class=\"mkdf-tour-item-destination\" href=\"https:\/\/visitaltotamegaebarroso.pt\/fr\/destinations\/ribeira-de-pena\/\">\n\t\t\t\tRibeira de Pena\t\t\t<\/a>\n\n\t\t\t\t\t\t\t\t\t<\/h5>\n\t\t\t\t\t\t\t\t\t\t\t\t<div class=\"mkdf-tours-gallery-simple-title-holder\">\n\t\t\t\t\t\t\t<h4 class=\"mkdf-tour-title\">\n\t\t\t\t\t\t\t\t\u00c9comus\u00e9e de Ribeira de Pena | Mus\u00e9e de l&rsquo;\u00e9cole\t\t\t\t\t\t\t<\/h4>\n\t\t\t\t\t\t<\/div>\n\t\t\t\t\t<\/div>\n\t\t\t\t<\/div>\n\t\t\t\t<a class=\"mkdf-tours-gallery-simple-item-link\" href=\"https:\/\/visitaltotamegaebarroso.pt\/fr\/tour-item\/ecomusee-de-ribeira-de-pena-musee-de-lecole\/\"><\/a>\n\t\t\t<\/div>\n\t\t<\/div>\n\t<\/div><div class=\"mkdf-tours-gallery-simple-item mkdf-tours-row-item mkdf-tour-item-no-rating post-28120 tour-item type-tour-item status-publish has-post-thumbnail hentry tour-category-ribeira-de-pena-fr tour-category-points-dinterets tour-category-villages-et-traditions\">\n\t\t\t<div class=\"mkdf-tours-gallery-simple-item-image-holder\">\n\t\t\t\t\t\t\n\t\t\t<div class=\"mkdf-tours-gallery-simple-item-image\">\n\t\t\t\t<img width=\"1200\" height=\"800\" src=\"https:\/\/visitaltotamegaebarroso.pt\/wp-content\/uploads\/2023\/07\/Museu-Venda-Nova.png\" class=\"attachment-full size-full wp-post-image\" alt=\"\" decoding=\"async\" loading=\"lazy\" srcset=\"https:\/\/visitaltotamegaebarroso.pt\/wp-content\/uploads\/2023\/07\/Museu-Venda-Nova.png 1200w, https:\/\/visitaltotamegaebarroso.pt\/wp-content\/uploads\/2023\/07\/Museu-Venda-Nova-300x200.png 300w, https:\/\/visitaltotamegaebarroso.pt\/wp-content\/uploads\/2023\/07\/Museu-Venda-Nova-1024x683.png 1024w, https:\/\/visitaltotamegaebarroso.pt\/wp-content\/uploads\/2023\/07\/Museu-Venda-Nova-768x512.png 768w\" sizes=\"(max-width: 1200px) 100vw, 1200px\" \/>\t\t\t\t<span class=\"mkdf-tours-gallery-simple-item-price-holder\">\n\t\t\t\t\t\n\t\t<span class=\"mkdf-tours-price-holder\">\n\t\t\t\t\t\t\t\t<\/span>\n\n\t\t\t\t\t\t<\/span>\t\t\t\t\n\t\t\t\t<div class=\"mkdf-tours-gallery-simple-item-content-holder\">\n\t\t\t\t\t<div class=\"mkdf-tours-gallery-simple-item-content-inner\">\n\t\t\t\t\t\t\t\t\t\t\t\t\t<h5 class=\"mkdf-tours-gallery-simple-item-destination-holder\">\n\t\t\t\t\t\t\t\t\n\t\t\t<a class=\"mkdf-tour-item-destination\" href=\"https:\/\/visitaltotamegaebarroso.pt\/fr\/destinations\/ribeira-de-pena\/\">\n\t\t\t\tRibeira de Pena\t\t\t<\/a>\n\n\t\t\t\t\t\t\t\t\t<\/h5>\n\t\t\t\t\t\t\t\t\t\t\t\t<div class=\"mkdf-tours-gallery-simple-title-holder\">\n\t\t\t\t\t\t\t<h4 class=\"mkdf-tour-title\">\n\t\t\t\t\t\t\t\tEcomus\u00e9e de Ribeira de Pena | Mus\u00e9e de Venda Nova\t\t\t\t\t\t\t<\/h4>\n\t\t\t\t\t\t<\/div>\n\t\t\t\t\t<\/div>\n\t\t\t\t<\/div>\n\t\t\t\t<a class=\"mkdf-tours-gallery-simple-item-link\" href=\"https:\/\/visitaltotamegaebarroso.pt\/fr\/tour-item\/ecomusee-de-ribeira-de-pena-musee-de-venda-nova\/\"><\/a>\n\t\t\t<\/div>\n\t\t<\/div>\n\t<\/div><div class=\"mkdf-tours-gallery-simple-item mkdf-tours-row-item mkdf-tour-item-no-rating post-28110 tour-item type-tour-item status-publish has-post-thumbnail hentry tour-category-ribeira-de-pena-fr tour-category-points-dinterets tour-category-villages-et-traditions\">\n\t\t\t<div class=\"mkdf-tours-gallery-simple-item-image-holder\">\n\t\t\t\t\t\t\n\t\t\t<div class=\"mkdf-tours-gallery-simple-item-image\">\n\t\t\t\t<img width=\"1200\" height=\"800\" src=\"https:\/\/visitaltotamegaebarroso.pt\/wp-content\/uploads\/2023\/07\/Museu-Linho.png\" class=\"attachment-full size-full wp-post-image\" alt=\"\" decoding=\"async\" loading=\"lazy\" srcset=\"https:\/\/visitaltotamegaebarroso.pt\/wp-content\/uploads\/2023\/07\/Museu-Linho.png 1200w, https:\/\/visitaltotamegaebarroso.pt\/wp-content\/uploads\/2023\/07\/Museu-Linho-300x200.png 300w, https:\/\/visitaltotamegaebarroso.pt\/wp-content\/uploads\/2023\/07\/Museu-Linho-1024x683.png 1024w, https:\/\/visitaltotamegaebarroso.pt\/wp-content\/uploads\/2023\/07\/Museu-Linho-768x512.png 768w\" sizes=\"(max-width: 1200px) 100vw, 1200px\" \/>\t\t\t\t<span class=\"mkdf-tours-gallery-simple-item-price-holder\">\n\t\t\t\t\t\n\t\t<span class=\"mkdf-tours-price-holder\">\n\t\t\t\t\t\t\t\t<\/span>\n\n\t\t\t\t\t\t<\/span>\t\t\t\t\n\t\t\t\t<div class=\"mkdf-tours-gallery-simple-item-content-holder\">\n\t\t\t\t\t<div class=\"mkdf-tours-gallery-simple-item-content-inner\">\n\t\t\t\t\t\t\t\t\t\t\t\t\t<h5 class=\"mkdf-tours-gallery-simple-item-destination-holder\">\n\t\t\t\t\t\t\t\t\n\t\t\t<a class=\"mkdf-tour-item-destination\" href=\"https:\/\/visitaltotamegaebarroso.pt\/fr\/destinations\/ribeira-de-pena\/\">\n\t\t\t\tRibeira de Pena\t\t\t<\/a>\n\n\t\t\t\t\t\t\t\t\t<\/h5>\n\t\t\t\t\t\t\t\t\t\t\t\t<div class=\"mkdf-tours-gallery-simple-title-holder\">\n\t\t\t\t\t\t\t<h4 class=\"mkdf-tour-title\">\n\t\t\t\t\t\t\t\tEcomus\u00e9e de Ribeira de Pena | Mus\u00e9e du lin\t\t\t\t\t\t\t<\/h4>\n\t\t\t\t\t\t<\/div>\n\t\t\t\t\t<\/div>\n\t\t\t\t<\/div>\n\t\t\t\t<a class=\"mkdf-tours-gallery-simple-item-link\" href=\"https:\/\/visitaltotamegaebarroso.pt\/fr\/tour-item\/ecomusee-de-ribeira-de-pena-musee-du-lin\/\"><\/a>\n\t\t\t<\/div>\n\t\t<\/div>\n\t<\/div><div class=\"mkdf-tours-gallery-simple-item mkdf-tours-row-item mkdf-tour-item-no-rating post-28105 tour-item type-tour-item status-publish has-post-thumbnail hentry tour-category-ribeira-de-pena-fr tour-category-histoire-et-art tour-category-points-dinterets\">\n\t\t\t<div class=\"mkdf-tours-gallery-simple-item-image-holder\">\n\t\t\t\t\t\t\n\t\t\t<div class=\"mkdf-tours-gallery-simple-item-image\">\n\t\t\t\t<img width=\"1200\" height=\"800\" src=\"https:\/\/visitaltotamegaebarroso.pt\/wp-content\/uploads\/2023\/07\/Museu-Volframio.png\" class=\"attachment-full size-full wp-post-image\" alt=\"\" decoding=\"async\" loading=\"lazy\" srcset=\"https:\/\/visitaltotamegaebarroso.pt\/wp-content\/uploads\/2023\/07\/Museu-Volframio.png 1200w, https:\/\/visitaltotamegaebarroso.pt\/wp-content\/uploads\/2023\/07\/Museu-Volframio-300x200.png 300w, https:\/\/visitaltotamegaebarroso.pt\/wp-content\/uploads\/2023\/07\/Museu-Volframio-1024x683.png 1024w, https:\/\/visitaltotamegaebarroso.pt\/wp-content\/uploads\/2023\/07\/Museu-Volframio-768x512.png 768w\" sizes=\"(max-width: 1200px) 100vw, 1200px\" \/>\t\t\t\t<span class=\"mkdf-tours-gallery-simple-item-price-holder\">\n\t\t\t\t\t\n\t\t<span class=\"mkdf-tours-price-holder\">\n\t\t\t\t\t\t\t\t<\/span>\n\n\t\t\t\t\t\t<\/span>\t\t\t\t\n\t\t\t\t<div class=\"mkdf-tours-gallery-simple-item-content-holder\">\n\t\t\t\t\t<div class=\"mkdf-tours-gallery-simple-item-content-inner\">\n\t\t\t\t\t\t\t\t\t\t\t\t\t<h5 class=\"mkdf-tours-gallery-simple-item-destination-holder\">\n\t\t\t\t\t\t\t\t\n\t\t\t<a class=\"mkdf-tour-item-destination\" href=\"https:\/\/visitaltotamegaebarroso.pt\/fr\/destinations\/ribeira-de-pena\/\">\n\t\t\t\tRibeira de Pena\t\t\t<\/a>\n\n\t\t\t\t\t\t\t\t\t<\/h5>\n\t\t\t\t\t\t\t\t\t\t\t\t<div class=\"mkdf-tours-gallery-simple-title-holder\">\n\t\t\t\t\t\t\t<h4 class=\"mkdf-tour-title\">\n\t\t\t\t\t\t\t\tEcomus\u00e9e de Ribeira de Pena | Mus\u00e9e Wolfram\t\t\t\t\t\t\t<\/h4>\n\t\t\t\t\t\t<\/div>\n\t\t\t\t\t<\/div>\n\t\t\t\t<\/div>\n\t\t\t\t<a class=\"mkdf-tours-gallery-simple-item-link\" href=\"https:\/\/visitaltotamegaebarroso.pt\/fr\/tour-item\/ecomusee-de-ribeira-de-pena-musee-wolfram\/\"><\/a>\n\t\t\t<\/div>\n\t\t<\/div>\n\t<\/div><div class=\"mkdf-tours-gallery-simple-item mkdf-tours-row-item mkdf-tour-item-no-rating post-21885 tour-item type-tour-item status-publish has-post-thumbnail hentry tour-category-montalegre-fr tour-category-histoire-et-art tour-category-points-dinterets tour-category-route-de-leau tour-category-villages-et-traditions\">\n\t\t\t<div class=\"mkdf-tours-gallery-simple-item-image-holder\">\n\t\t\t\t\t\t\n\t\t\t<div class=\"mkdf-tours-gallery-simple-item-image\">\n\t\t\t\t<img width=\"1200\" height=\"800\" src=\"https:\/\/visitaltotamegaebarroso.pt\/wp-content\/uploads\/2023\/07\/Ecomuseu-de-Barroso_Espaco-Padre-Fontes.png\" class=\"attachment-full size-full wp-post-image\" alt=\"\" decoding=\"async\" loading=\"lazy\" srcset=\"https:\/\/visitaltotamegaebarroso.pt\/wp-content\/uploads\/2023\/07\/Ecomuseu-de-Barroso_Espaco-Padre-Fontes.png 1200w, https:\/\/visitaltotamegaebarroso.pt\/wp-content\/uploads\/2023\/07\/Ecomuseu-de-Barroso_Espaco-Padre-Fontes-300x200.png 300w, https:\/\/visitaltotamegaebarroso.pt\/wp-content\/uploads\/2023\/07\/Ecomuseu-de-Barroso_Espaco-Padre-Fontes-1024x683.png 1024w, https:\/\/visitaltotamegaebarroso.pt\/wp-content\/uploads\/2023\/07\/Ecomuseu-de-Barroso_Espaco-Padre-Fontes-768x512.png 768w\" sizes=\"(max-width: 1200px) 100vw, 1200px\" \/>\t\t\t\t<span class=\"mkdf-tours-gallery-simple-item-price-holder\">\n\t\t\t\t\t\n\t\t<span class=\"mkdf-tours-price-holder\">\n\t\t\t\t\t\t\t<span class=\"mkdf-tours-item-price \">$1<\/span>\n\t\t\t\t\t\t\t\t<\/span>\n\n\t\t\t\t\t\t<\/span>\t\t\t\t\n\t\t\t\t<div class=\"mkdf-tours-gallery-simple-item-content-holder\">\n\t\t\t\t\t<div class=\"mkdf-tours-gallery-simple-item-content-inner\">\n\t\t\t\t\t\t\t\t\t\t\t\t\t<h5 class=\"mkdf-tours-gallery-simple-item-destination-holder\">\n\t\t\t\t\t\t\t\t\n\t\t\t<a class=\"mkdf-tour-item-destination\" href=\"https:\/\/visitaltotamegaebarroso.pt\/fr\/destinations\/montalegre\/\">\n\t\t\t\tMontalegre\t\t\t<\/a>\n\n\t\t\t\t\t\t\t\t\t<\/h5>\n\t\t\t\t\t\t\t\t\t\t\t\t<div class=\"mkdf-tours-gallery-simple-title-holder\">\n\t\t\t\t\t\t\t<h4 class=\"mkdf-tour-title\">\n\t\t\t\t\t\t\t\tEcomus\u00e9e du Barroso &#8211; Espa\u00e7o Padre Fontes\t\t\t\t\t\t\t<\/h4>\n\t\t\t\t\t\t<\/div>\n\t\t\t\t\t<\/div>\n\t\t\t\t<\/div>\n\t\t\t\t<a class=\"mkdf-tours-gallery-simple-item-link\" href=\"https:\/\/visitaltotamegaebarroso.pt\/fr\/tour-item\/ecomusee-du-barroso-espaco-padre-fontes\/\"><\/a>\n\t\t\t<\/div>\n\t\t<\/div>\n\t<\/div><div class=\"mkdf-tours-gallery-simple-item mkdf-tours-row-item mkdf-tour-item-no-rating post-27787 tour-item type-tour-item status-publish has-post-thumbnail hentry tour-category-montalegre-fr tour-category-montagnes-et-rivieres tour-category-points-dinterets tour-category-villages-et-traditions\">\n\t\t\t<div class=\"mkdf-tours-gallery-simple-item-image-holder\">\n\t\t\t\t\t\t\n\t\t\t<div class=\"mkdf-tours-gallery-simple-item-image\">\n\t\t\t\t<img width=\"1200\" height=\"800\" src=\"https:\/\/visitaltotamegaebarroso.pt\/wp-content\/uploads\/2023\/07\/Ecomuseu-Vezeira-e-a-Serra.png\" class=\"attachment-full size-full wp-post-image\" alt=\"\" decoding=\"async\" loading=\"lazy\" srcset=\"https:\/\/visitaltotamegaebarroso.pt\/wp-content\/uploads\/2023\/07\/Ecomuseu-Vezeira-e-a-Serra.png 1200w, https:\/\/visitaltotamegaebarroso.pt\/wp-content\/uploads\/2023\/07\/Ecomuseu-Vezeira-e-a-Serra-300x200.png 300w, https:\/\/visitaltotamegaebarroso.pt\/wp-content\/uploads\/2023\/07\/Ecomuseu-Vezeira-e-a-Serra-1024x683.png 1024w, https:\/\/visitaltotamegaebarroso.pt\/wp-content\/uploads\/2023\/07\/Ecomuseu-Vezeira-e-a-Serra-768x512.png 768w\" sizes=\"(max-width: 1200px) 100vw, 1200px\" \/>\t\t\t\t<span class=\"mkdf-tours-gallery-simple-item-price-holder\">\n\t\t\t\t\t\n\t\t<span class=\"mkdf-tours-price-holder\">\n\t\t\t\t\t\t\t<span class=\"mkdf-tours-item-price \">$1<\/span>\n\t\t\t\t\t\t\t\t<\/span>\n\n\t\t\t\t\t\t<\/span>\t\t\t\t\n\t\t\t\t<div class=\"mkdf-tours-gallery-simple-item-content-holder\">\n\t\t\t\t\t<div class=\"mkdf-tours-gallery-simple-item-content-inner\">\n\t\t\t\t\t\t\t\t\t\t\t\t\t<h5 class=\"mkdf-tours-gallery-simple-item-destination-holder\">\n\t\t\t\t\t\t\t\t\n\t\t\t<a class=\"mkdf-tour-item-destination\" href=\"https:\/\/visitaltotamegaebarroso.pt\/fr\/destinations\/montalegre\/\">\n\t\t\t\tMontalegre\t\t\t<\/a>\n\n\t\t\t\t\t\t\t\t\t<\/h5>\n\t\t\t\t\t\t\t\t\t\t\t\t<div class=\"mkdf-tours-gallery-simple-title-holder\">\n\t\t\t\t\t\t\t<h4 class=\"mkdf-tour-title\">\n\t\t\t\t\t\t\t\tEcomuseu de Barroso &#8211; Vezeira e a Serra\t\t\t\t\t\t\t<\/h4>\n\t\t\t\t\t\t<\/div>\n\t\t\t\t\t<\/div>\n\t\t\t\t<\/div>\n\t\t\t\t<a class=\"mkdf-tours-gallery-simple-item-link\" href=\"https:\/\/visitaltotamegaebarroso.pt\/fr\/tour-item\/ecomuseu-de-barroso-vezeira-e-a-serra\/\"><\/a>\n\t\t\t<\/div>\n\t\t<\/div>\n\t<\/div><div class=\"mkdf-tours-gallery-simple-item mkdf-tours-row-item mkdf-tour-item-no-rating post-21172 tour-item type-tour-item status-publish has-post-thumbnail hentry tour-category-valpacos-fr tour-category-histoire-et-art tour-category-montagnes-et-rivieres tour-category-points-dinterets tour-category-route-de-leau tour-category-routes-paysageres tour-category-sports-et-aventure tour-category-villages-et-traditions\">\n\t\t\t<div class=\"mkdf-tours-gallery-simple-item-image-holder\">\n\t\t\t\t\t\t\n\t\t\t<div class=\"mkdf-tours-gallery-simple-item-image\">\n\t\t\t\t<img width=\"1354\" height=\"804\" src=\"https:\/\/visitaltotamegaebarroso.pt\/wp-content\/uploads\/2023\/07\/Ecovia-do-Rabacal_redimensionada-1354x804-1.jpg\" class=\"attachment-full size-full wp-post-image\" alt=\"\" decoding=\"async\" loading=\"lazy\" srcset=\"https:\/\/visitaltotamegaebarroso.pt\/wp-content\/uploads\/2023\/07\/Ecovia-do-Rabacal_redimensionada-1354x804-1.jpg 1354w, https:\/\/visitaltotamegaebarroso.pt\/wp-content\/uploads\/2023\/07\/Ecovia-do-Rabacal_redimensionada-1354x804-1-300x178.jpg 300w, https:\/\/visitaltotamegaebarroso.pt\/wp-content\/uploads\/2023\/07\/Ecovia-do-Rabacal_redimensionada-1354x804-1-1024x608.jpg 1024w, https:\/\/visitaltotamegaebarroso.pt\/wp-content\/uploads\/2023\/07\/Ecovia-do-Rabacal_redimensionada-1354x804-1-768x456.jpg 768w\" sizes=\"(max-width: 1354px) 100vw, 1354px\" \/>\t\t\t\t<span class=\"mkdf-tours-gallery-simple-item-price-holder\">\n\t\t\t\t\t\n\t\t<span class=\"mkdf-tours-price-holder\">\n\t\t\t\t\t\t\t<span class=\"mkdf-tours-item-price \">$1<\/span>\n\t\t\t\t\t\t\t\t<\/span>\n\n\t\t\t\t\t\t<\/span>\t\t\t\t\n\t\t\t\t<div class=\"mkdf-tours-gallery-simple-item-content-holder\">\n\t\t\t\t\t<div class=\"mkdf-tours-gallery-simple-item-content-inner\">\n\t\t\t\t\t\t\t\t\t\t\t\t\t<h5 class=\"mkdf-tours-gallery-simple-item-destination-holder\">\n\t\t\t\t\t\t\t\t\n\t\t\t<a class=\"mkdf-tour-item-destination\" href=\"https:\/\/visitaltotamegaebarroso.pt\/fr\/destinations\/valpacos\/\">\n\t\t\t\tValpa\u00e7os\t\t\t<\/a>\n\n\t\t\t\t\t\t\t\t\t<\/h5>\n\t\t\t\t\t\t\t\t\t\t\t\t<div class=\"mkdf-tours-gallery-simple-title-holder\">\n\t\t\t\t\t\t\t<h4 class=\"mkdf-tour-title\">\n\t\t\t\t\t\t\t\tEcovia do Raba\u00e7al &#8211; De Praia Fluvial \u00e0 Lilela (PR2 &#8211; VLP)\t\t\t\t\t\t\t<\/h4>\n\t\t\t\t\t\t<\/div>\n\t\t\t\t\t<\/div>\n\t\t\t\t<\/div>\n\t\t\t\t<a class=\"mkdf-tours-gallery-simple-item-link\" href=\"https:\/\/visitaltotamegaebarroso.pt\/fr\/tour-item\/ecovia-do-rabacal-de-praia-fluvial-a-lilela-pr2-vlp\/\"><\/a>\n\t\t\t<\/div>\n\t\t<\/div>\n\t<\/div><div class=\"mkdf-tours-gallery-simple-item mkdf-tours-row-item mkdf-tour-item-no-rating post-21181 tour-item type-tour-item status-publish has-post-thumbnail hentry tour-category-valpacos-fr tour-category-histoire-et-art tour-category-montagnes-et-rivieres tour-category-points-dinterets tour-category-route-de-leau tour-category-sports-et-aventure tour-category-villages-et-traditions\">\n\t\t\t<div class=\"mkdf-tours-gallery-simple-item-image-holder\">\n\t\t\t\t\t\t\n\t\t\t<div class=\"mkdf-tours-gallery-simple-item-image\">\n\t\t\t\t<img width=\"1354\" height=\"804\" src=\"https:\/\/visitaltotamegaebarroso.pt\/wp-content\/uploads\/2023\/07\/Ecovia-do-Rabacal_redimensionada-1354x804-1.jpg\" class=\"attachment-full size-full wp-post-image\" alt=\"\" decoding=\"async\" loading=\"lazy\" srcset=\"https:\/\/visitaltotamegaebarroso.pt\/wp-content\/uploads\/2023\/07\/Ecovia-do-Rabacal_redimensionada-1354x804-1.jpg 1354w, https:\/\/visitaltotamegaebarroso.pt\/wp-content\/uploads\/2023\/07\/Ecovia-do-Rabacal_redimensionada-1354x804-1-300x178.jpg 300w, https:\/\/visitaltotamegaebarroso.pt\/wp-content\/uploads\/2023\/07\/Ecovia-do-Rabacal_redimensionada-1354x804-1-1024x608.jpg 1024w, https:\/\/visitaltotamegaebarroso.pt\/wp-content\/uploads\/2023\/07\/Ecovia-do-Rabacal_redimensionada-1354x804-1-768x456.jpg 768w\" sizes=\"(max-width: 1354px) 100vw, 1354px\" \/>\t\t\t\t<span class=\"mkdf-tours-gallery-simple-item-price-holder\">\n\t\t\t\t\t\n\t\t<span class=\"mkdf-tours-price-holder\">\n\t\t\t\t\t\t\t<span class=\"mkdf-tours-item-price \">$1<\/span>\n\t\t\t\t\t\t\t\t<\/span>\n\n\t\t\t\t\t\t<\/span>\t\t\t\t\n\t\t\t\t<div class=\"mkdf-tours-gallery-simple-item-content-holder\">\n\t\t\t\t\t<div class=\"mkdf-tours-gallery-simple-item-content-inner\">\n\t\t\t\t\t\t\t\t\t\t\t\t\t<h5 class=\"mkdf-tours-gallery-simple-item-destination-holder\">\n\t\t\t\t\t\t\t\t\n\t\t\t<a class=\"mkdf-tour-item-destination\" href=\"https:\/\/visitaltotamegaebarroso.pt\/fr\/destinations\/valpacos\/\">\n\t\t\t\tValpa\u00e7os\t\t\t<\/a>\n\n\t\t\t\t\t\t\t\t\t<\/h5>\n\t\t\t\t\t\t\t\t\t\t\t\t<div class=\"mkdf-tours-gallery-simple-title-holder\">\n\t\t\t\t\t\t\t<h4 class=\"mkdf-tour-title\">\n\t\t\t\t\t\t\t\tEcovia do Raba\u00e7al &#8211; De Sonim \u00e0 Praia Fluvial (PR1 VLP)\t\t\t\t\t\t\t<\/h4>\n\t\t\t\t\t\t<\/div>\n\t\t\t\t\t<\/div>\n\t\t\t\t<\/div>\n\t\t\t\t<a class=\"mkdf-tours-gallery-simple-item-link\" href=\"https:\/\/visitaltotamegaebarroso.pt\/fr\/tour-item\/ecovia-do-rabacal-de-sonim-a-praia-fluvial-pr1-vlp\/\"><\/a>\n\t\t\t<\/div>\n\t\t<\/div>\n\t<\/div><div class=\"mkdf-tours-gallery-simple-item mkdf-tours-row-item mkdf-tour-item-no-rating post-21932 tour-item type-tour-item status-publish has-post-thumbnail hentry tour-category-valpacos-fr tour-category-histoire-et-art tour-category-montagnes-et-rivieres tour-category-points-dinterets tour-category-route-de-leau tour-category-sports-et-aventure tour-category-villages-et-traditions\">\n\t\t\t<div class=\"mkdf-tours-gallery-simple-item-image-holder\">\n\t\t\t\t\t\t\n\t\t\t<div class=\"mkdf-tours-gallery-simple-item-image\">\n\t\t\t\t<img width=\"1354\" height=\"804\" src=\"https:\/\/visitaltotamegaebarroso.pt\/wp-content\/uploads\/2023\/07\/Ecovia-do-Rabacal_redimensionada-1354x804-1.jpg\" class=\"attachment-full size-full wp-post-image\" alt=\"\" decoding=\"async\" loading=\"lazy\" srcset=\"https:\/\/visitaltotamegaebarroso.pt\/wp-content\/uploads\/2023\/07\/Ecovia-do-Rabacal_redimensionada-1354x804-1.jpg 1354w, https:\/\/visitaltotamegaebarroso.pt\/wp-content\/uploads\/2023\/07\/Ecovia-do-Rabacal_redimensionada-1354x804-1-300x178.jpg 300w, https:\/\/visitaltotamegaebarroso.pt\/wp-content\/uploads\/2023\/07\/Ecovia-do-Rabacal_redimensionada-1354x804-1-1024x608.jpg 1024w, https:\/\/visitaltotamegaebarroso.pt\/wp-content\/uploads\/2023\/07\/Ecovia-do-Rabacal_redimensionada-1354x804-1-768x456.jpg 768w\" sizes=\"(max-width: 1354px) 100vw, 1354px\" \/>\t\t\t\t<span class=\"mkdf-tours-gallery-simple-item-price-holder\">\n\t\t\t\t\t\n\t\t<span class=\"mkdf-tours-price-holder\">\n\t\t\t\t\t\t\t<span class=\"mkdf-tours-item-price \">$1<\/span>\n\t\t\t\t\t\t\t\t<\/span>\n\n\t\t\t\t\t\t<\/span>\t\t\t\t\n\t\t\t\t<div class=\"mkdf-tours-gallery-simple-item-content-holder\">\n\t\t\t\t\t<div class=\"mkdf-tours-gallery-simple-item-content-inner\">\n\t\t\t\t\t\t\t\t\t\t\t\t\t<h5 class=\"mkdf-tours-gallery-simple-item-destination-holder\">\n\t\t\t\t\t\t\t\t\n\t\t\t<a class=\"mkdf-tour-item-destination\" href=\"https:\/\/visitaltotamegaebarroso.pt\/fr\/destinations\/valpacos\/\">\n\t\t\t\tValpa\u00e7os\t\t\t<\/a>\n\n\t\t\t\t\t\t\t\t\t<\/h5>\n\t\t\t\t\t\t\t\t\t\t\t\t<div class=\"mkdf-tours-gallery-simple-title-holder\">\n\t\t\t\t\t\t\t<h4 class=\"mkdf-tour-title\">\n\t\t\t\t\t\t\t\tEcovia do Raba\u00e7al &#8211; De Tinhela \u00e0 Praia Fluvial (PR3 VLP)\t\t\t\t\t\t\t<\/h4>\n\t\t\t\t\t\t<\/div>\n\t\t\t\t\t<\/div>\n\t\t\t\t<\/div>\n\t\t\t\t<a class=\"mkdf-tours-gallery-simple-item-link\" href=\"https:\/\/visitaltotamegaebarroso.pt\/fr\/tour-item\/ecovia-do-rabacal-de-tinhela-a-praia-fluvial-pr3-vlp\/\"><\/a>\n\t\t\t<\/div>\n\t\t<\/div>\n\t<\/div><div class=\"mkdf-tours-gallery-simple-item mkdf-tours-row-item mkdf-tour-item-no-rating post-28248 tour-item type-tour-item status-publish has-post-thumbnail hentry tour-category-chaves-fr tour-category-histoire-et-art tour-category-points-dinterets\">\n\t\t\t<div class=\"mkdf-tours-gallery-simple-item-image-holder\">\n\t\t\t\t\t\t\n\t\t\t<div class=\"mkdf-tours-gallery-simple-item-image\">\n\t\t\t\t<img width=\"1200\" height=\"800\" src=\"https:\/\/visitaltotamegaebarroso.pt\/wp-content\/uploads\/2023\/07\/Igreja-Misericordia.png\" class=\"attachment-full size-full wp-post-image\" alt=\"\" decoding=\"async\" loading=\"lazy\" srcset=\"https:\/\/visitaltotamegaebarroso.pt\/wp-content\/uploads\/2023\/07\/Igreja-Misericordia.png 1200w, https:\/\/visitaltotamegaebarroso.pt\/wp-content\/uploads\/2023\/07\/Igreja-Misericordia-300x200.png 300w, https:\/\/visitaltotamegaebarroso.pt\/wp-content\/uploads\/2023\/07\/Igreja-Misericordia-1024x683.png 1024w, https:\/\/visitaltotamegaebarroso.pt\/wp-content\/uploads\/2023\/07\/Igreja-Misericordia-768x512.png 768w\" sizes=\"(max-width: 1200px) 100vw, 1200px\" \/>\t\t\t\t<span class=\"mkdf-tours-gallery-simple-item-price-holder\">\n\t\t\t\t\t\n\t\t<span class=\"mkdf-tours-price-holder\">\n\t\t\t\t\t\t\t<span class=\"mkdf-tours-item-price \">$1<\/span>\n\t\t\t\t\t\t\t\t<\/span>\n\n\t\t\t\t\t\t<\/span>\t\t\t\t\n\t\t\t\t<div class=\"mkdf-tours-gallery-simple-item-content-holder\">\n\t\t\t\t\t<div class=\"mkdf-tours-gallery-simple-item-content-inner\">\n\t\t\t\t\t\t\t\t\t\t\t\t\t<h5 class=\"mkdf-tours-gallery-simple-item-destination-holder\">\n\t\t\t\t\t\t\t\t\n\t\t\t<a class=\"mkdf-tour-item-destination\" href=\"https:\/\/visitaltotamegaebarroso.pt\/fr\/destinations\/chaves\/\">\n\t\t\t\tChaves\t\t\t<\/a>\n\n\t\t\t\t\t\t\t\t\t<\/h5>\n\t\t\t\t\t\t\t\t\t\t\t\t<div class=\"mkdf-tours-gallery-simple-title-holder\">\n\t\t\t\t\t\t\t<h4 class=\"mkdf-tour-title\">\n\t\t\t\t\t\t\t\tEglise de la Mis\u00e9ricorde de Chaves\t\t\t\t\t\t\t<\/h4>\n\t\t\t\t\t\t<\/div>\n\t\t\t\t\t<\/div>\n\t\t\t\t<\/div>\n\t\t\t\t<a class=\"mkdf-tours-gallery-simple-item-link\" href=\"https:\/\/visitaltotamegaebarroso.pt\/fr\/tour-item\/eglise-de-la-misericorde-de-chaves\/\"><\/a>\n\t\t\t<\/div>\n\t\t<\/div>\n\t<\/div><div class=\"mkdf-tours-gallery-simple-item mkdf-tours-row-item mkdf-tour-item-no-rating post-28239 tour-item type-tour-item status-publish has-post-thumbnail hentry tour-category-vila-pouca-de-aguiar-fr tour-category-histoire-et-art\">\n\t\t\t<div class=\"mkdf-tours-gallery-simple-item-image-holder\">\n\t\t\t\t\t\t\n\t\t\t<div class=\"mkdf-tours-gallery-simple-item-image\">\n\t\t\t\t<img width=\"1354\" height=\"804\" src=\"https:\/\/visitaltotamegaebarroso.pt\/wp-content\/uploads\/2023\/07\/Igreja-de-Santa-Eulalia-de-Pensalvos-1354x804-1.png\" class=\"attachment-full size-full wp-post-image\" alt=\"\" decoding=\"async\" loading=\"lazy\" srcset=\"https:\/\/visitaltotamegaebarroso.pt\/wp-content\/uploads\/2023\/07\/Igreja-de-Santa-Eulalia-de-Pensalvos-1354x804-1.png 1354w, https:\/\/visitaltotamegaebarroso.pt\/wp-content\/uploads\/2023\/07\/Igreja-de-Santa-Eulalia-de-Pensalvos-1354x804-1-300x178.png 300w, https:\/\/visitaltotamegaebarroso.pt\/wp-content\/uploads\/2023\/07\/Igreja-de-Santa-Eulalia-de-Pensalvos-1354x804-1-1024x608.png 1024w, https:\/\/visitaltotamegaebarroso.pt\/wp-content\/uploads\/2023\/07\/Igreja-de-Santa-Eulalia-de-Pensalvos-1354x804-1-768x456.png 768w\" sizes=\"(max-width: 1354px) 100vw, 1354px\" \/>\t\t\t\t<span class=\"mkdf-tours-gallery-simple-item-price-holder\">\n\t\t\t\t\t\n\t\t<span class=\"mkdf-tours-price-holder\">\n\t\t\t\t\t\t\t\t<\/span>\n\n\t\t\t\t\t\t<\/span>\t\t\t\t\n\t\t\t\t<div class=\"mkdf-tours-gallery-simple-item-content-holder\">\n\t\t\t\t\t<div class=\"mkdf-tours-gallery-simple-item-content-inner\">\n\t\t\t\t\t\t\t\t\t\t\t\t\t<h5 class=\"mkdf-tours-gallery-simple-item-destination-holder\">\n\t\t\t\t\t\t\t\t\n\t\t\t<a class=\"mkdf-tour-item-destination\" href=\"https:\/\/visitaltotamegaebarroso.pt\/fr\/destinations\/vila-pouca-de-aguiar\/\">\n\t\t\t\tVila Pouca de Aguiar\t\t\t<\/a>\n\n\t\t\t\t\t\t\t\t\t<\/h5>\n\t\t\t\t\t\t\t\t\t\t\t\t<div class=\"mkdf-tours-gallery-simple-title-holder\">\n\t\t\t\t\t\t\t<h4 class=\"mkdf-tour-title\">\n\t\t\t\t\t\t\t\t\u00c9glise de Santa Eul\u00e1lia de Pensalvos\t\t\t\t\t\t\t<\/h4>\n\t\t\t\t\t\t<\/div>\n\t\t\t\t\t<\/div>\n\t\t\t\t<\/div>\n\t\t\t\t<a class=\"mkdf-tours-gallery-simple-item-link\" href=\"https:\/\/visitaltotamegaebarroso.pt\/fr\/tour-item\/eglise-de-santa-eulalia-de-pensalvos\/\"><\/a>\n\t\t\t<\/div>\n\t\t<\/div>\n\t<\/div><div class=\"mkdf-tours-gallery-simple-item mkdf-tours-row-item mkdf-tour-item-no-rating post-28235 tour-item type-tour-item status-publish has-post-thumbnail hentry tour-category-chaves-fr tour-category-histoire-et-art tour-category-points-dinterets\">\n\t\t\t<div class=\"mkdf-tours-gallery-simple-item-image-holder\">\n\t\t\t\t\t\t\n\t\t\t<div class=\"mkdf-tours-gallery-simple-item-image\">\n\t\t\t\t<img width=\"1200\" height=\"800\" src=\"https:\/\/visitaltotamegaebarroso.pt\/wp-content\/uploads\/2023\/07\/Igreja-Sta-Maria-Maior.png\" class=\"attachment-full size-full wp-post-image\" alt=\"\" decoding=\"async\" loading=\"lazy\" srcset=\"https:\/\/visitaltotamegaebarroso.pt\/wp-content\/uploads\/2023\/07\/Igreja-Sta-Maria-Maior.png 1200w, https:\/\/visitaltotamegaebarroso.pt\/wp-content\/uploads\/2023\/07\/Igreja-Sta-Maria-Maior-300x200.png 300w, https:\/\/visitaltotamegaebarroso.pt\/wp-content\/uploads\/2023\/07\/Igreja-Sta-Maria-Maior-1024x683.png 1024w, https:\/\/visitaltotamegaebarroso.pt\/wp-content\/uploads\/2023\/07\/Igreja-Sta-Maria-Maior-768x512.png 768w\" sizes=\"(max-width: 1200px) 100vw, 1200px\" \/>\t\t\t\t<span class=\"mkdf-tours-gallery-simple-item-price-holder\">\n\t\t\t\t\t\n\t\t<span class=\"mkdf-tours-price-holder\">\n\t\t\t\t\t\t\t<span class=\"mkdf-tours-item-price \">$1<\/span>\n\t\t\t\t\t\t\t\t<\/span>\n\n\t\t\t\t\t\t<\/span>\t\t\t\t\n\t\t\t\t<div class=\"mkdf-tours-gallery-simple-item-content-holder\">\n\t\t\t\t\t<div class=\"mkdf-tours-gallery-simple-item-content-inner\">\n\t\t\t\t\t\t\t\t\t\t\t\t\t<h5 class=\"mkdf-tours-gallery-simple-item-destination-holder\">\n\t\t\t\t\t\t\t\t\n\t\t\t<a class=\"mkdf-tour-item-destination\" href=\"https:\/\/visitaltotamegaebarroso.pt\/fr\/destinations\/chaves\/\">\n\t\t\t\tChaves\t\t\t<\/a>\n\n\t\t\t\t\t\t\t\t\t<\/h5>\n\t\t\t\t\t\t\t\t\t\t\t\t<div class=\"mkdf-tours-gallery-simple-title-holder\">\n\t\t\t\t\t\t\t<h4 class=\"mkdf-tour-title\">\n\t\t\t\t\t\t\t\t\u00c9glise de Santa Maria Maior &#8211; Mat\u00e9riaux de Chaves\t\t\t\t\t\t\t<\/h4>\n\t\t\t\t\t\t<\/div>\n\t\t\t\t\t<\/div>\n\t\t\t\t<\/div>\n\t\t\t\t<a class=\"mkdf-tours-gallery-simple-item-link\" href=\"https:\/\/visitaltotamegaebarroso.pt\/fr\/tour-item\/eglise-de-santa-maria-maior-materiaux-de-chaves\/\"><\/a>\n\t\t\t<\/div>\n\t\t<\/div>\n\t<\/div><div class=\"mkdf-tours-gallery-simple-item mkdf-tours-row-item mkdf-tour-item-no-rating post-28231 tour-item type-tour-item status-publish has-post-thumbnail hentry tour-category-valpacos-fr tour-category-histoire-et-art tour-category-points-dinterets\">\n\t\t\t<div class=\"mkdf-tours-gallery-simple-item-image-holder\">\n\t\t\t\t\t\t\n\t\t\t<div class=\"mkdf-tours-gallery-simple-item-image\">\n\t\t\t\t<img width=\"1200\" height=\"800\" src=\"https:\/\/visitaltotamegaebarroso.pt\/wp-content\/uploads\/2023\/07\/Igreja-de-Santa-Valha-1.jpg\" class=\"attachment-full size-full wp-post-image\" alt=\"\" decoding=\"async\" loading=\"lazy\" srcset=\"https:\/\/visitaltotamegaebarroso.pt\/wp-content\/uploads\/2023\/07\/Igreja-de-Santa-Valha-1.jpg 1200w, https:\/\/visitaltotamegaebarroso.pt\/wp-content\/uploads\/2023\/07\/Igreja-de-Santa-Valha-1-300x200.jpg 300w, https:\/\/visitaltotamegaebarroso.pt\/wp-content\/uploads\/2023\/07\/Igreja-de-Santa-Valha-1-1024x683.jpg 1024w, https:\/\/visitaltotamegaebarroso.pt\/wp-content\/uploads\/2023\/07\/Igreja-de-Santa-Valha-1-768x512.jpg 768w\" sizes=\"(max-width: 1200px) 100vw, 1200px\" \/>\t\t\t\t<span class=\"mkdf-tours-gallery-simple-item-price-holder\">\n\t\t\t\t\t\n\t\t<span class=\"mkdf-tours-price-holder\">\n\t\t\t\t\t\t\t\t<\/span>\n\n\t\t\t\t\t\t<\/span>\t\t\t\t\n\t\t\t\t<div class=\"mkdf-tours-gallery-simple-item-content-holder\">\n\t\t\t\t\t<div class=\"mkdf-tours-gallery-simple-item-content-inner\">\n\t\t\t\t\t\t\t\t\t\t\t\t\t<h5 class=\"mkdf-tours-gallery-simple-item-destination-holder\">\n\t\t\t\t\t\t\t\t\n\t\t\t<a class=\"mkdf-tour-item-destination\" href=\"https:\/\/visitaltotamegaebarroso.pt\/fr\/destinations\/valpacos\/\">\n\t\t\t\tValpa\u00e7os\t\t\t<\/a>\n\n\t\t\t\t\t\t\t\t\t<\/h5>\n\t\t\t\t\t\t\t\t\t\t\t\t<div class=\"mkdf-tours-gallery-simple-title-holder\">\n\t\t\t\t\t\t\t<h4 class=\"mkdf-tour-title\">\n\t\t\t\t\t\t\t\t\u00c9glise de Santa Valha\t\t\t\t\t\t\t<\/h4>\n\t\t\t\t\t\t<\/div>\n\t\t\t\t\t<\/div>\n\t\t\t\t<\/div>\n\t\t\t\t<a class=\"mkdf-tours-gallery-simple-item-link\" href=\"https:\/\/visitaltotamegaebarroso.pt\/fr\/tour-item\/eglise-de-santa-valha\/\"><\/a>\n\t\t\t<\/div>\n\t\t<\/div>\n\t<\/div><div class=\"mkdf-tours-gallery-simple-item mkdf-tours-row-item mkdf-tour-item-no-rating post-28216 tour-item type-tour-item status-publish has-post-thumbnail hentry tour-category-vila-pouca-de-aguiar-fr tour-category-histoire-et-art tour-category-montagnes-et-rivieres tour-category-points-dinterets\">\n\t\t\t<div class=\"mkdf-tours-gallery-simple-item-image-holder\">\n\t\t\t\t\t\t\n\t\t\t<div class=\"mkdf-tours-gallery-simple-item-image\">\n\t\t\t\t<img width=\"1200\" height=\"800\" src=\"https:\/\/visitaltotamegaebarroso.pt\/wp-content\/uploads\/2023\/07\/Igreja-Sao-Martinho.png\" class=\"attachment-full size-full wp-post-image\" alt=\"\" decoding=\"async\" loading=\"lazy\" srcset=\"https:\/\/visitaltotamegaebarroso.pt\/wp-content\/uploads\/2023\/07\/Igreja-Sao-Martinho.png 1200w, https:\/\/visitaltotamegaebarroso.pt\/wp-content\/uploads\/2023\/07\/Igreja-Sao-Martinho-300x200.png 300w, https:\/\/visitaltotamegaebarroso.pt\/wp-content\/uploads\/2023\/07\/Igreja-Sao-Martinho-1024x683.png 1024w, https:\/\/visitaltotamegaebarroso.pt\/wp-content\/uploads\/2023\/07\/Igreja-Sao-Martinho-768x512.png 768w\" sizes=\"(max-width: 1200px) 100vw, 1200px\" \/>\t\t\t\t<span class=\"mkdf-tours-gallery-simple-item-price-holder\">\n\t\t\t\t\t\n\t\t<span class=\"mkdf-tours-price-holder\">\n\t\t\t\t\t\t\t\t<\/span>\n\n\t\t\t\t\t\t<\/span>\t\t\t\t\n\t\t\t\t<div class=\"mkdf-tours-gallery-simple-item-content-holder\">\n\t\t\t\t\t<div class=\"mkdf-tours-gallery-simple-item-content-inner\">\n\t\t\t\t\t\t\t\t\t\t\t\t\t<h5 class=\"mkdf-tours-gallery-simple-item-destination-holder\">\n\t\t\t\t\t\t\t\t\n\t\t\t<a class=\"mkdf-tour-item-destination\" href=\"https:\/\/visitaltotamegaebarroso.pt\/fr\/destinations\/vila-pouca-de-aguiar\/\">\n\t\t\t\tVila Pouca de Aguiar\t\t\t<\/a>\n\n\t\t\t\t\t\t\t\t\t<\/h5>\n\t\t\t\t\t\t\t\t\t\t\t\t<div class=\"mkdf-tours-gallery-simple-title-holder\">\n\t\t\t\t\t\t\t<h4 class=\"mkdf-tour-title\">\n\t\t\t\t\t\t\t\t\u00c9glise de S\u00e3o Martinho de Bornes et chapelle de S\u00e3o Geraldo\t\t\t\t\t\t\t<\/h4>\n\t\t\t\t\t\t<\/div>\n\t\t\t\t\t<\/div>\n\t\t\t\t<\/div>\n\t\t\t\t<a class=\"mkdf-tours-gallery-simple-item-link\" href=\"https:\/\/visitaltotamegaebarroso.pt\/fr\/tour-item\/eglise-de-sao-martinho-de-bornes-et-chapelle-de-sao-geraldo\/\"><\/a>\n\t\t\t<\/div>\n\t\t<\/div>\n\t<\/div><div class=\"mkdf-tours-gallery-simple-item mkdf-tours-row-item mkdf-tour-item-no-rating post-28212 tour-item type-tour-item status-publish has-post-thumbnail hentry tour-category-montalegre-fr tour-category-histoire-et-art tour-category-points-dinterets\">\n\t\t\t<div class=\"mkdf-tours-gallery-simple-item-image-holder\">\n\t\t\t\t\t\t\n\t\t\t<div class=\"mkdf-tours-gallery-simple-item-image\">\n\t\t\t\t<img width=\"1200\" height=\"800\" src=\"https:\/\/visitaltotamegaebarroso.pt\/wp-content\/uploads\/2023\/07\/Igreja-Sao-Vicente-Cha.png\" class=\"attachment-full size-full wp-post-image\" alt=\"\" decoding=\"async\" loading=\"lazy\" srcset=\"https:\/\/visitaltotamegaebarroso.pt\/wp-content\/uploads\/2023\/07\/Igreja-Sao-Vicente-Cha.png 1200w, https:\/\/visitaltotamegaebarroso.pt\/wp-content\/uploads\/2023\/07\/Igreja-Sao-Vicente-Cha-300x200.png 300w, https:\/\/visitaltotamegaebarroso.pt\/wp-content\/uploads\/2023\/07\/Igreja-Sao-Vicente-Cha-1024x683.png 1024w, https:\/\/visitaltotamegaebarroso.pt\/wp-content\/uploads\/2023\/07\/Igreja-Sao-Vicente-Cha-768x512.png 768w\" sizes=\"(max-width: 1200px) 100vw, 1200px\" \/>\t\t\t\t<span class=\"mkdf-tours-gallery-simple-item-price-holder\">\n\t\t\t\t\t\n\t\t<span class=\"mkdf-tours-price-holder\">\n\t\t\t\t\t\t\t\t<\/span>\n\n\t\t\t\t\t\t<\/span>\t\t\t\t\n\t\t\t\t<div class=\"mkdf-tours-gallery-simple-item-content-holder\">\n\t\t\t\t\t<div class=\"mkdf-tours-gallery-simple-item-content-inner\">\n\t\t\t\t\t\t\t\t\t\t\t\t\t<h5 class=\"mkdf-tours-gallery-simple-item-destination-holder\">\n\t\t\t\t\t\t\t\t\n\t\t\t<a class=\"mkdf-tour-item-destination\" href=\"https:\/\/visitaltotamegaebarroso.pt\/fr\/destinations\/montalegre\/\">\n\t\t\t\tMontalegre\t\t\t<\/a>\n\n\t\t\t\t\t\t\t\t\t<\/h5>\n\t\t\t\t\t\t\t\t\t\t\t\t<div class=\"mkdf-tours-gallery-simple-title-holder\">\n\t\t\t\t\t\t\t<h4 class=\"mkdf-tour-title\">\n\t\t\t\t\t\t\t\t\u00c9glise de S\u00e3o Vicente da Ch\u00e3\t\t\t\t\t\t\t<\/h4>\n\t\t\t\t\t\t<\/div>\n\t\t\t\t\t<\/div>\n\t\t\t\t<\/div>\n\t\t\t\t<a class=\"mkdf-tours-gallery-simple-item-link\" href=\"https:\/\/visitaltotamegaebarroso.pt\/fr\/tour-item\/eglise-de-sao-vicente-da-cha\/\"><\/a>\n\t\t\t<\/div>\n\t\t<\/div>\n\t<\/div><div class=\"mkdf-tours-gallery-simple-item mkdf-tours-row-item mkdf-tour-item-no-rating post-28208 tour-item type-tour-item status-publish has-post-thumbnail hentry tour-category-ribeira-de-pena-fr tour-category-histoire-et-art tour-category-points-dinterets\">\n\t\t\t<div class=\"mkdf-tours-gallery-simple-item-image-holder\">\n\t\t\t\t\t\t\n\t\t\t<div class=\"mkdf-tours-gallery-simple-item-image\">\n\t\t\t\t<img width=\"1200\" height=\"800\" src=\"https:\/\/visitaltotamegaebarroso.pt\/wp-content\/uploads\/2023\/07\/Igreja-Canedo.png\" class=\"attachment-full size-full wp-post-image\" alt=\"\" decoding=\"async\" loading=\"lazy\" srcset=\"https:\/\/visitaltotamegaebarroso.pt\/wp-content\/uploads\/2023\/07\/Igreja-Canedo.png 1200w, https:\/\/visitaltotamegaebarroso.pt\/wp-content\/uploads\/2023\/07\/Igreja-Canedo-300x200.png 300w, https:\/\/visitaltotamegaebarroso.pt\/wp-content\/uploads\/2023\/07\/Igreja-Canedo-1024x683.png 1024w, https:\/\/visitaltotamegaebarroso.pt\/wp-content\/uploads\/2023\/07\/Igreja-Canedo-768x512.png 768w\" sizes=\"(max-width: 1200px) 100vw, 1200px\" \/>\t\t\t\t<span class=\"mkdf-tours-gallery-simple-item-price-holder\">\n\t\t\t\t\t\n\t\t<span class=\"mkdf-tours-price-holder\">\n\t\t\t\t\t\t\t\t<\/span>\n\n\t\t\t\t\t\t<\/span>\t\t\t\t\n\t\t\t\t<div class=\"mkdf-tours-gallery-simple-item-content-holder\">\n\t\t\t\t\t<div class=\"mkdf-tours-gallery-simple-item-content-inner\">\n\t\t\t\t\t\t\t\t\t\t\t\t\t<h5 class=\"mkdf-tours-gallery-simple-item-destination-holder\">\n\t\t\t\t\t\t\t\t\n\t\t\t<a class=\"mkdf-tour-item-destination\" href=\"https:\/\/visitaltotamegaebarroso.pt\/fr\/destinations\/ribeira-de-pena\/\">\n\t\t\t\tRibeira de Pena\t\t\t<\/a>\n\n\t\t\t\t\t\t\t\t\t<\/h5>\n\t\t\t\t\t\t\t\t\t\t\t\t<div class=\"mkdf-tours-gallery-simple-title-holder\">\n\t\t\t\t\t\t\t<h4 class=\"mkdf-tour-title\">\n\t\t\t\t\t\t\t\t\u00c9glise et ancien couvent de Canedo\t\t\t\t\t\t\t<\/h4>\n\t\t\t\t\t\t<\/div>\n\t\t\t\t\t<\/div>\n\t\t\t\t<\/div>\n\t\t\t\t<a class=\"mkdf-tours-gallery-simple-item-link\" href=\"https:\/\/visitaltotamegaebarroso.pt\/fr\/tour-item\/eglise-et-ancien-couvent-de-canedo\/\"><\/a>\n\t\t\t<\/div>\n\t\t<\/div>\n\t<\/div><div class=\"mkdf-tours-gallery-simple-item mkdf-tours-row-item mkdf-tour-item-no-rating post-28204 tour-item type-tour-item status-publish has-post-thumbnail hentry tour-category-ribeira-de-pena-fr tour-category-histoire-et-art tour-category-points-dinterets\">\n\t\t\t<div class=\"mkdf-tours-gallery-simple-item-image-holder\">\n\t\t\t\t\t\t\n\t\t\t<div class=\"mkdf-tours-gallery-simple-item-image\">\n\t\t\t\t<img width=\"1200\" height=\"800\" src=\"https:\/\/visitaltotamegaebarroso.pt\/wp-content\/uploads\/2023\/07\/Igreja-Matriz-Divino-Salvador.png\" class=\"attachment-full size-full wp-post-image\" alt=\"\" decoding=\"async\" loading=\"lazy\" srcset=\"https:\/\/visitaltotamegaebarroso.pt\/wp-content\/uploads\/2023\/07\/Igreja-Matriz-Divino-Salvador.png 1200w, https:\/\/visitaltotamegaebarroso.pt\/wp-content\/uploads\/2023\/07\/Igreja-Matriz-Divino-Salvador-300x200.png 300w, https:\/\/visitaltotamegaebarroso.pt\/wp-content\/uploads\/2023\/07\/Igreja-Matriz-Divino-Salvador-1024x683.png 1024w, https:\/\/visitaltotamegaebarroso.pt\/wp-content\/uploads\/2023\/07\/Igreja-Matriz-Divino-Salvador-768x512.png 768w\" sizes=\"(max-width: 1200px) 100vw, 1200px\" \/>\t\t\t\t<span class=\"mkdf-tours-gallery-simple-item-price-holder\">\n\t\t\t\t\t\n\t\t<span class=\"mkdf-tours-price-holder\">\n\t\t\t\t\t\t\t\t<\/span>\n\n\t\t\t\t\t\t<\/span>\t\t\t\t\n\t\t\t\t<div class=\"mkdf-tours-gallery-simple-item-content-holder\">\n\t\t\t\t\t<div class=\"mkdf-tours-gallery-simple-item-content-inner\">\n\t\t\t\t\t\t\t\t\t\t\t\t\t<h5 class=\"mkdf-tours-gallery-simple-item-destination-holder\">\n\t\t\t\t\t\t\t\t\n\t\t\t<a class=\"mkdf-tour-item-destination\" href=\"https:\/\/visitaltotamegaebarroso.pt\/fr\/destinations\/ribeira-de-pena\/\">\n\t\t\t\tRibeira de Pena\t\t\t<\/a>\n\n\t\t\t\t\t\t\t\t\t<\/h5>\n\t\t\t\t\t\t\t\t\t\t\t\t<div class=\"mkdf-tours-gallery-simple-title-holder\">\n\t\t\t\t\t\t\t<h4 class=\"mkdf-tour-title\">\n\t\t\t\t\t\t\t\t\u00c9glise m\u00e8re du Divin Sauveur\t\t\t\t\t\t\t<\/h4>\n\t\t\t\t\t\t<\/div>\n\t\t\t\t\t<\/div>\n\t\t\t\t<\/div>\n\t\t\t\t<a class=\"mkdf-tours-gallery-simple-item-link\" href=\"https:\/\/visitaltotamegaebarroso.pt\/fr\/tour-item\/eglise-mere-du-divin-sauveur\/\"><\/a>\n\t\t\t<\/div>\n\t\t<\/div>\n\t<\/div><div class=\"mkdf-tours-gallery-simple-item mkdf-tours-row-item mkdf-tour-item-no-rating post-28243 tour-item type-tour-item status-publish has-post-thumbnail hentry tour-category-chaves-fr tour-category-histoire-et-art tour-category-points-dinterets\">\n\t\t\t<div class=\"mkdf-tours-gallery-simple-item-image-holder\">\n\t\t\t\t\t\t\n\t\t\t<div class=\"mkdf-tours-gallery-simple-item-image\">\n\t\t\t\t<img width=\"1200\" height=\"800\" src=\"https:\/\/visitaltotamegaebarroso.pt\/wp-content\/uploads\/2023\/07\/Igreja-Nossa-Senhora-Azinheira.png\" class=\"attachment-full size-full wp-post-image\" alt=\"\" decoding=\"async\" loading=\"lazy\" srcset=\"https:\/\/visitaltotamegaebarroso.pt\/wp-content\/uploads\/2023\/07\/Igreja-Nossa-Senhora-Azinheira.png 1200w, https:\/\/visitaltotamegaebarroso.pt\/wp-content\/uploads\/2023\/07\/Igreja-Nossa-Senhora-Azinheira-300x200.png 300w, https:\/\/visitaltotamegaebarroso.pt\/wp-content\/uploads\/2023\/07\/Igreja-Nossa-Senhora-Azinheira-1024x683.png 1024w, https:\/\/visitaltotamegaebarroso.pt\/wp-content\/uploads\/2023\/07\/Igreja-Nossa-Senhora-Azinheira-768x512.png 768w\" sizes=\"(max-width: 1200px) 100vw, 1200px\" \/>\t\t\t\t<span class=\"mkdf-tours-gallery-simple-item-price-holder\">\n\t\t\t\t\t\n\t\t<span class=\"mkdf-tours-price-holder\">\n\t\t\t\t\t\t\t<span class=\"mkdf-tours-item-price \">$1<\/span>\n\t\t\t\t\t\t\t\t<\/span>\n\n\t\t\t\t\t\t<\/span>\t\t\t\t\n\t\t\t\t<div class=\"mkdf-tours-gallery-simple-item-content-holder\">\n\t\t\t\t\t<div class=\"mkdf-tours-gallery-simple-item-content-inner\">\n\t\t\t\t\t\t\t\t\t\t\t\t\t<h5 class=\"mkdf-tours-gallery-simple-item-destination-holder\">\n\t\t\t\t\t\t\t\t\n\t\t\t<a class=\"mkdf-tour-item-destination\" href=\"https:\/\/visitaltotamegaebarroso.pt\/fr\/destinations\/chaves\/\">\n\t\t\t\tChaves\t\t\t<\/a>\n\n\t\t\t\t\t\t\t\t\t<\/h5>\n\t\t\t\t\t\t\t\t\t\t\t\t<div class=\"mkdf-tours-gallery-simple-title-holder\">\n\t\t\t\t\t\t\t<h4 class=\"mkdf-tour-title\">\n\t\t\t\t\t\t\t\t\u00c9glise Notre-Dame d&rsquo;Azinheira\t\t\t\t\t\t\t<\/h4>\n\t\t\t\t\t\t<\/div>\n\t\t\t\t\t<\/div>\n\t\t\t\t<\/div>\n\t\t\t\t<a class=\"mkdf-tours-gallery-simple-item-link\" href=\"https:\/\/visitaltotamegaebarroso.pt\/fr\/tour-item\/eglise-notre-dame-dazinheira\/\"><\/a>\n\t\t\t<\/div>\n\t\t<\/div>\n\t<\/div><div class=\"mkdf-tours-gallery-simple-item mkdf-tours-row-item mkdf-tour-item-no-rating post-28200 tour-item type-tour-item status-publish has-post-thumbnail hentry tour-category-chaves-fr tour-category-histoire-et-art tour-category-points-dinterets\">\n\t\t\t<div class=\"mkdf-tours-gallery-simple-item-image-holder\">\n\t\t\t\t\t\t\n\t\t\t<div class=\"mkdf-tours-gallery-simple-item-image\">\n\t\t\t\t<img width=\"1200\" height=\"800\" src=\"https:\/\/visitaltotamegaebarroso.pt\/wp-content\/uploads\/2023\/07\/Igreja-Nossa-Senhora-Conceicao.png\" class=\"attachment-full size-full wp-post-image\" alt=\"\" decoding=\"async\" loading=\"lazy\" srcset=\"https:\/\/visitaltotamegaebarroso.pt\/wp-content\/uploads\/2023\/07\/Igreja-Nossa-Senhora-Conceicao.png 1200w, https:\/\/visitaltotamegaebarroso.pt\/wp-content\/uploads\/2023\/07\/Igreja-Nossa-Senhora-Conceicao-300x200.png 300w, https:\/\/visitaltotamegaebarroso.pt\/wp-content\/uploads\/2023\/07\/Igreja-Nossa-Senhora-Conceicao-1024x683.png 1024w, https:\/\/visitaltotamegaebarroso.pt\/wp-content\/uploads\/2023\/07\/Igreja-Nossa-Senhora-Conceicao-768x512.png 768w\" sizes=\"(max-width: 1200px) 100vw, 1200px\" \/>\t\t\t\t<span class=\"mkdf-tours-gallery-simple-item-price-holder\">\n\t\t\t\t\t\n\t\t<span class=\"mkdf-tours-price-holder\">\n\t\t\t\t\t\t\t<span class=\"mkdf-tours-item-price \">$1<\/span>\n\t\t\t\t\t\t\t\t<\/span>\n\n\t\t\t\t\t\t<\/span>\t\t\t\t\n\t\t\t\t<div class=\"mkdf-tours-gallery-simple-item-content-holder\">\n\t\t\t\t\t<div class=\"mkdf-tours-gallery-simple-item-content-inner\">\n\t\t\t\t\t\t\t\t\t\t\t\t\t<h5 class=\"mkdf-tours-gallery-simple-item-destination-holder\">\n\t\t\t\t\t\t\t\t\n\t\t\t<a class=\"mkdf-tour-item-destination\" href=\"https:\/\/visitaltotamegaebarroso.pt\/fr\/destinations\/chaves\/\">\n\t\t\t\tChaves\t\t\t<\/a>\n\n\t\t\t\t\t\t\t\t\t<\/h5>\n\t\t\t\t\t\t\t\t\t\t\t\t<div class=\"mkdf-tours-gallery-simple-title-holder\">\n\t\t\t\t\t\t\t<h4 class=\"mkdf-tour-title\">\n\t\t\t\t\t\t\t\t\u00c9glise Notre-Dame de la Conception\t\t\t\t\t\t\t<\/h4>\n\t\t\t\t\t\t<\/div>\n\t\t\t\t\t<\/div>\n\t\t\t\t<\/div>\n\t\t\t\t<a class=\"mkdf-tours-gallery-simple-item-link\" href=\"https:\/\/visitaltotamegaebarroso.pt\/fr\/tour-item\/eglise-notre-dame-de-la-conception\/\"><\/a>\n\t\t\t<\/div>\n\t\t<\/div>\n\t<\/div><div class=\"mkdf-tours-gallery-simple-item mkdf-tours-row-item mkdf-tour-item-no-rating post-28195 tour-item type-tour-item status-publish has-post-thumbnail hentry tour-category-valpacos-fr tour-category-histoire-et-art tour-category-points-dinterets tour-category-routes-paysageres\">\n\t\t\t<div class=\"mkdf-tours-gallery-simple-item-image-holder\">\n\t\t\t\t\t\t\n\t\t\t<div class=\"mkdf-tours-gallery-simple-item-image\">\n\t\t\t\t<img width=\"1200\" height=\"800\" src=\"https:\/\/visitaltotamegaebarroso.pt\/wp-content\/uploads\/2023\/07\/Igreja-Carrazedo-Montenegro.png\" class=\"attachment-full size-full wp-post-image\" alt=\"\" decoding=\"async\" loading=\"lazy\" srcset=\"https:\/\/visitaltotamegaebarroso.pt\/wp-content\/uploads\/2023\/07\/Igreja-Carrazedo-Montenegro.png 1200w, https:\/\/visitaltotamegaebarroso.pt\/wp-content\/uploads\/2023\/07\/Igreja-Carrazedo-Montenegro-300x200.png 300w, https:\/\/visitaltotamegaebarroso.pt\/wp-content\/uploads\/2023\/07\/Igreja-Carrazedo-Montenegro-1024x683.png 1024w, https:\/\/visitaltotamegaebarroso.pt\/wp-content\/uploads\/2023\/07\/Igreja-Carrazedo-Montenegro-768x512.png 768w\" sizes=\"(max-width: 1200px) 100vw, 1200px\" \/>\t\t\t\t<span class=\"mkdf-tours-gallery-simple-item-price-holder\">\n\t\t\t\t\t\n\t\t<span class=\"mkdf-tours-price-holder\">\n\t\t\t\t\t\t\t\t<\/span>\n\n\t\t\t\t\t\t<\/span>\t\t\t\t\n\t\t\t\t<div class=\"mkdf-tours-gallery-simple-item-content-holder\">\n\t\t\t\t\t<div class=\"mkdf-tours-gallery-simple-item-content-inner\">\n\t\t\t\t\t\t\t\t\t\t\t\t\t<h5 class=\"mkdf-tours-gallery-simple-item-destination-holder\">\n\t\t\t\t\t\t\t\t\n\t\t\t<a class=\"mkdf-tour-item-destination\" href=\"https:\/\/visitaltotamegaebarroso.pt\/fr\/destinations\/valpacos\/\">\n\t\t\t\tValpa\u00e7os\t\t\t<\/a>\n\n\t\t\t\t\t\t\t\t\t<\/h5>\n\t\t\t\t\t\t\t\t\t\t\t\t<div class=\"mkdf-tours-gallery-simple-title-holder\">\n\t\t\t\t\t\t\t<h4 class=\"mkdf-tour-title\">\n\t\t\t\t\t\t\t\t\u00c9glise paroissiale de Carrazedo de Montenegro\t\t\t\t\t\t\t<\/h4>\n\t\t\t\t\t\t<\/div>\n\t\t\t\t\t<\/div>\n\t\t\t\t<\/div>\n\t\t\t\t<a class=\"mkdf-tours-gallery-simple-item-link\" href=\"https:\/\/visitaltotamegaebarroso.pt\/fr\/tour-item\/eglise-paroissiale-de-carrazedo-de-montenegro\/\"><\/a>\n\t\t\t<\/div>\n\t\t<\/div>\n\t<\/div><div class=\"mkdf-tours-gallery-simple-item mkdf-tours-row-item mkdf-tour-item-no-rating post-28191 tour-item type-tour-item status-publish has-post-thumbnail hentry tour-category-boticas-fr tour-category-histoire-et-art tour-category-points-dinterets tour-category-routes-paysageres tour-category-villages-et-traditions\">\n\t\t\t<div class=\"mkdf-tours-gallery-simple-item-image-holder\">\n\t\t\t\t\t\t\n\t\t\t<div class=\"mkdf-tours-gallery-simple-item-image\">\n\t\t\t\t<img width=\"1200\" height=\"800\" src=\"https:\/\/visitaltotamegaebarroso.pt\/wp-content\/uploads\/2023\/07\/Igreja-Santa-Maria-Covas.png\" class=\"attachment-full size-full wp-post-image\" alt=\"\" decoding=\"async\" loading=\"lazy\" srcset=\"https:\/\/visitaltotamegaebarroso.pt\/wp-content\/uploads\/2023\/07\/Igreja-Santa-Maria-Covas.png 1200w, https:\/\/visitaltotamegaebarroso.pt\/wp-content\/uploads\/2023\/07\/Igreja-Santa-Maria-Covas-300x200.png 300w, https:\/\/visitaltotamegaebarroso.pt\/wp-content\/uploads\/2023\/07\/Igreja-Santa-Maria-Covas-1024x683.png 1024w, https:\/\/visitaltotamegaebarroso.pt\/wp-content\/uploads\/2023\/07\/Igreja-Santa-Maria-Covas-768x512.png 768w\" sizes=\"(max-width: 1200px) 100vw, 1200px\" \/>\t\t\t\t<span class=\"mkdf-tours-gallery-simple-item-price-holder\">\n\t\t\t\t\t\n\t\t<span class=\"mkdf-tours-price-holder\">\n\t\t\t\t\t\t\t\t<\/span>\n\n\t\t\t\t\t\t<\/span>\t\t\t\t\n\t\t\t\t<div class=\"mkdf-tours-gallery-simple-item-content-holder\">\n\t\t\t\t\t<div class=\"mkdf-tours-gallery-simple-item-content-inner\">\n\t\t\t\t\t\t\t\t\t\t\t\t\t<h5 class=\"mkdf-tours-gallery-simple-item-destination-holder\">\n\t\t\t\t\t\t\t\t\n\t\t\t<a class=\"mkdf-tour-item-destination\" href=\"https:\/\/visitaltotamegaebarroso.pt\/fr\/destinations\/boticas\/\">\n\t\t\t\tBoticas\t\t\t<\/a>\n\n\t\t\t\t\t\t\t\t\t<\/h5>\n\t\t\t\t\t\t\t\t\t\t\t\t<div class=\"mkdf-tours-gallery-simple-title-holder\">\n\t\t\t\t\t\t\t<h4 class=\"mkdf-tour-title\">\n\t\t\t\t\t\t\t\t\u00c9glise paroissiale de Santa Maria de Covas do Barroso\t\t\t\t\t\t\t<\/h4>\n\t\t\t\t\t\t<\/div>\n\t\t\t\t\t<\/div>\n\t\t\t\t<\/div>\n\t\t\t\t<a class=\"mkdf-tours-gallery-simple-item-link\" href=\"https:\/\/visitaltotamegaebarroso.pt\/fr\/tour-item\/eglise-paroissiale-de-santa-maria-de-covas-do-barroso\/\"><\/a>\n\t\t\t<\/div>\n\t\t<\/div>\n\t<\/div><div class=\"mkdf-tours-gallery-simple-item mkdf-tours-row-item mkdf-tour-item-no-rating post-28186 tour-item type-tour-item status-publish has-post-thumbnail hentry tour-category-chaves-fr tour-category-histoire-et-art tour-category-points-dinterets tour-category-villages-et-traditions\">\n\t\t\t<div class=\"mkdf-tours-gallery-simple-item-image-holder\">\n\t\t\t\t\t\t\n\t\t\t<div class=\"mkdf-tours-gallery-simple-item-image\">\n\t\t\t\t<img width=\"1200\" height=\"800\" src=\"https:\/\/visitaltotamegaebarroso.pt\/wp-content\/uploads\/2023\/07\/Igreja-de-Santa-Leocadia.jpg\" class=\"attachment-full size-full wp-post-image\" alt=\"\" decoding=\"async\" loading=\"lazy\" srcset=\"https:\/\/visitaltotamegaebarroso.pt\/wp-content\/uploads\/2023\/07\/Igreja-de-Santa-Leocadia.jpg 1200w, https:\/\/visitaltotamegaebarroso.pt\/wp-content\/uploads\/2023\/07\/Igreja-de-Santa-Leocadia-300x200.jpg 300w, https:\/\/visitaltotamegaebarroso.pt\/wp-content\/uploads\/2023\/07\/Igreja-de-Santa-Leocadia-1024x683.jpg 1024w, https:\/\/visitaltotamegaebarroso.pt\/wp-content\/uploads\/2023\/07\/Igreja-de-Santa-Leocadia-768x512.jpg 768w\" sizes=\"(max-width: 1200px) 100vw, 1200px\" \/>\t\t\t\t<span class=\"mkdf-tours-gallery-simple-item-price-holder\">\n\t\t\t\t\t\n\t\t<span class=\"mkdf-tours-price-holder\">\n\t\t\t\t\t\t\t<span class=\"mkdf-tours-item-price \">$1<\/span>\n\t\t\t\t\t\t\t\t<\/span>\n\n\t\t\t\t\t\t<\/span>\t\t\t\t\n\t\t\t\t<div class=\"mkdf-tours-gallery-simple-item-content-holder\">\n\t\t\t\t\t<div class=\"mkdf-tours-gallery-simple-item-content-inner\">\n\t\t\t\t\t\t\t\t\t\t\t\t\t<h5 class=\"mkdf-tours-gallery-simple-item-destination-holder\">\n\t\t\t\t\t\t\t\t\n\t\t\t<a class=\"mkdf-tour-item-destination\" href=\"https:\/\/visitaltotamegaebarroso.pt\/fr\/destinations\/chaves\/\">\n\t\t\t\tChaves\t\t\t<\/a>\n\n\t\t\t\t\t\t\t\t\t<\/h5>\n\t\t\t\t\t\t\t\t\t\t\t\t<div class=\"mkdf-tours-gallery-simple-title-holder\">\n\t\t\t\t\t\t\t<h4 class=\"mkdf-tour-title\">\n\t\t\t\t\t\t\t\t\u00c9glise romane de Sainte-L\u00e9ocadie\t\t\t\t\t\t\t<\/h4>\n\t\t\t\t\t\t<\/div>\n\t\t\t\t\t<\/div>\n\t\t\t\t<\/div>\n\t\t\t\t<a class=\"mkdf-tours-gallery-simple-item-link\" href=\"https:\/\/visitaltotamegaebarroso.pt\/fr\/tour-item\/eglise-romane-de-sainte-leocadie\/\"><\/a>\n\t\t\t<\/div>\n\t\t<\/div>\n\t<\/div><div class=\"mkdf-tours-gallery-simple-item mkdf-tours-row-item mkdf-tour-item-no-rating post-28181 tour-item type-tour-item status-publish has-post-thumbnail hentry tour-category-chaves-fr tour-category-histoire-et-art tour-category-montagnes-et-rivieres tour-category-points-dinterets tour-category-villages-et-traditions\">\n\t\t\t<div class=\"mkdf-tours-gallery-simple-item-image-holder\">\n\t\t\t\t\t\t\n\t\t\t<div class=\"mkdf-tours-gallery-simple-item-image\">\n\t\t\t\t<img width=\"1200\" height=\"800\" src=\"https:\/\/visitaltotamegaebarroso.pt\/wp-content\/uploads\/2023\/07\/Igreja-Sao-Tiago.jpg\" class=\"attachment-full size-full wp-post-image\" alt=\"\" decoding=\"async\" loading=\"lazy\" srcset=\"https:\/\/visitaltotamegaebarroso.pt\/wp-content\/uploads\/2023\/07\/Igreja-Sao-Tiago.jpg 1200w, https:\/\/visitaltotamegaebarroso.pt\/wp-content\/uploads\/2023\/07\/Igreja-Sao-Tiago-300x200.jpg 300w, https:\/\/visitaltotamegaebarroso.pt\/wp-content\/uploads\/2023\/07\/Igreja-Sao-Tiago-1024x683.jpg 1024w, https:\/\/visitaltotamegaebarroso.pt\/wp-content\/uploads\/2023\/07\/Igreja-Sao-Tiago-768x512.jpg 768w\" sizes=\"(max-width: 1200px) 100vw, 1200px\" \/>\t\t\t\t<span class=\"mkdf-tours-gallery-simple-item-price-holder\">\n\t\t\t\t\t\n\t\t<span class=\"mkdf-tours-price-holder\">\n\t\t\t\t\t\t\t<span class=\"mkdf-tours-item-price \">$1<\/span>\n\t\t\t\t\t\t\t\t<\/span>\n\n\t\t\t\t\t\t<\/span>\t\t\t\t\n\t\t\t\t<div class=\"mkdf-tours-gallery-simple-item-content-holder\">\n\t\t\t\t\t<div class=\"mkdf-tours-gallery-simple-item-content-inner\">\n\t\t\t\t\t\t\t\t\t\t\t\t\t<h5 class=\"mkdf-tours-gallery-simple-item-destination-holder\">\n\t\t\t\t\t\t\t\t\n\t\t\t<a class=\"mkdf-tour-item-destination\" href=\"https:\/\/visitaltotamegaebarroso.pt\/fr\/destinations\/chaves\/\">\n\t\t\t\tChaves\t\t\t<\/a>\n\n\t\t\t\t\t\t\t\t\t<\/h5>\n\t\t\t\t\t\t\t\t\t\t\t\t<div class=\"mkdf-tours-gallery-simple-title-holder\">\n\t\t\t\t\t\t\t<h4 class=\"mkdf-tour-title\">\n\t\t\t\t\t\t\t\t\u00c9glise Saint-Jacques\t\t\t\t\t\t\t<\/h4>\n\t\t\t\t\t\t<\/div>\n\t\t\t\t\t<\/div>\n\t\t\t\t<\/div>\n\t\t\t\t<a class=\"mkdf-tours-gallery-simple-item-link\" href=\"https:\/\/visitaltotamegaebarroso.pt\/fr\/tour-item\/eglise-saint-jacques\/\"><\/a>\n\t\t\t<\/div>\n\t\t<\/div>\n\t<\/div><div class=\"mkdf-tours-gallery-simple-item mkdf-tours-row-item mkdf-tour-item-no-rating post-28226 tour-item type-tour-item status-publish has-post-thumbnail hentry tour-category-chaves-fr tour-category-histoire-et-art tour-category-montagnes-et-rivieres tour-category-points-dinterets tour-category-villages-et-traditions\">\n\t\t\t<div class=\"mkdf-tours-gallery-simple-item-image-holder\">\n\t\t\t\t\t\t\n\t\t\t<div class=\"mkdf-tours-gallery-simple-item-image\">\n\t\t\t\t<img width=\"1200\" height=\"800\" src=\"https:\/\/visitaltotamegaebarroso.pt\/wp-content\/uploads\/2023\/07\/Igreja-de-Sao-Joao-Baptista.jpg\" class=\"attachment-full size-full wp-post-image\" alt=\"\" decoding=\"async\" loading=\"lazy\" srcset=\"https:\/\/visitaltotamegaebarroso.pt\/wp-content\/uploads\/2023\/07\/Igreja-de-Sao-Joao-Baptista.jpg 1200w, https:\/\/visitaltotamegaebarroso.pt\/wp-content\/uploads\/2023\/07\/Igreja-de-Sao-Joao-Baptista-300x200.jpg 300w, https:\/\/visitaltotamegaebarroso.pt\/wp-content\/uploads\/2023\/07\/Igreja-de-Sao-Joao-Baptista-1024x683.jpg 1024w, https:\/\/visitaltotamegaebarroso.pt\/wp-content\/uploads\/2023\/07\/Igreja-de-Sao-Joao-Baptista-768x512.jpg 768w\" sizes=\"(max-width: 1200px) 100vw, 1200px\" \/>\t\t\t\t<span class=\"mkdf-tours-gallery-simple-item-price-holder\">\n\t\t\t\t\t\n\t\t<span class=\"mkdf-tours-price-holder\">\n\t\t\t\t\t\t\t<span class=\"mkdf-tours-item-price \">$1<\/span>\n\t\t\t\t\t\t\t\t<\/span>\n\n\t\t\t\t\t\t<\/span>\t\t\t\t\n\t\t\t\t<div class=\"mkdf-tours-gallery-simple-item-content-holder\">\n\t\t\t\t\t<div class=\"mkdf-tours-gallery-simple-item-content-inner\">\n\t\t\t\t\t\t\t\t\t\t\t\t\t<h5 class=\"mkdf-tours-gallery-simple-item-destination-holder\">\n\t\t\t\t\t\t\t\t\n\t\t\t<a class=\"mkdf-tour-item-destination\" href=\"https:\/\/visitaltotamegaebarroso.pt\/fr\/destinations\/chaves\/\">\n\t\t\t\tChaves\t\t\t<\/a>\n\n\t\t\t\t\t\t\t\t\t<\/h5>\n\t\t\t\t\t\t\t\t\t\t\t\t<div class=\"mkdf-tours-gallery-simple-title-holder\">\n\t\t\t\t\t\t\t<h4 class=\"mkdf-tour-title\">\n\t\t\t\t\t\t\t\t\u00c9glise Saint-Jean-Baptiste\t\t\t\t\t\t\t<\/h4>\n\t\t\t\t\t\t<\/div>\n\t\t\t\t\t<\/div>\n\t\t\t\t<\/div>\n\t\t\t\t<a class=\"mkdf-tours-gallery-simple-item-link\" href=\"https:\/\/visitaltotamegaebarroso.pt\/fr\/tour-item\/eglise-saint-jean-baptiste\/\"><\/a>\n\t\t\t<\/div>\n\t\t<\/div>\n\t<\/div><div class=\"mkdf-tours-gallery-simple-item mkdf-tours-row-item mkdf-tour-item-no-rating post-28221 tour-item type-tour-item status-publish has-post-thumbnail hentry tour-category-chaves-fr tour-category-histoire-et-art tour-category-points-dinterets\">\n\t\t\t<div class=\"mkdf-tours-gallery-simple-item-image-holder\">\n\t\t\t\t\t\t\n\t\t\t<div class=\"mkdf-tours-gallery-simple-item-image\">\n\t\t\t\t<img width=\"1200\" height=\"800\" src=\"https:\/\/visitaltotamegaebarroso.pt\/wp-content\/uploads\/2023\/07\/Igreja-Sao-Joao-Deus.png\" class=\"attachment-full size-full wp-post-image\" alt=\"\" decoding=\"async\" loading=\"lazy\" srcset=\"https:\/\/visitaltotamegaebarroso.pt\/wp-content\/uploads\/2023\/07\/Igreja-Sao-Joao-Deus.png 1200w, https:\/\/visitaltotamegaebarroso.pt\/wp-content\/uploads\/2023\/07\/Igreja-Sao-Joao-Deus-300x200.png 300w, https:\/\/visitaltotamegaebarroso.pt\/wp-content\/uploads\/2023\/07\/Igreja-Sao-Joao-Deus-1024x683.png 1024w, https:\/\/visitaltotamegaebarroso.pt\/wp-content\/uploads\/2023\/07\/Igreja-Sao-Joao-Deus-768x512.png 768w\" sizes=\"(max-width: 1200px) 100vw, 1200px\" \/>\t\t\t\t<span class=\"mkdf-tours-gallery-simple-item-price-holder\">\n\t\t\t\t\t\n\t\t<span class=\"mkdf-tours-price-holder\">\n\t\t\t\t\t\t\t<span class=\"mkdf-tours-item-price \">$1<\/span>\n\t\t\t\t\t\t\t\t<\/span>\n\n\t\t\t\t\t\t<\/span>\t\t\t\t\n\t\t\t\t<div class=\"mkdf-tours-gallery-simple-item-content-holder\">\n\t\t\t\t\t<div class=\"mkdf-tours-gallery-simple-item-content-inner\">\n\t\t\t\t\t\t\t\t\t\t\t\t\t<h5 class=\"mkdf-tours-gallery-simple-item-destination-holder\">\n\t\t\t\t\t\t\t\t\n\t\t\t<a class=\"mkdf-tour-item-destination\" href=\"https:\/\/visitaltotamegaebarroso.pt\/fr\/destinations\/chaves\/\">\n\t\t\t\tChaves\t\t\t<\/a>\n\n\t\t\t\t\t\t\t\t\t<\/h5>\n\t\t\t\t\t\t\t\t\t\t\t\t<div class=\"mkdf-tours-gallery-simple-title-holder\">\n\t\t\t\t\t\t\t<h4 class=\"mkdf-tour-title\">\n\t\t\t\t\t\t\t\t\u00c9glise St Jean de Dieu\t\t\t\t\t\t\t<\/h4>\n\t\t\t\t\t\t<\/div>\n\t\t\t\t\t<\/div>\n\t\t\t\t<\/div>\n\t\t\t\t<a class=\"mkdf-tours-gallery-simple-item-link\" href=\"https:\/\/visitaltotamegaebarroso.pt\/fr\/tour-item\/eglise-st-jean-de-dieu\/\"><\/a>\n\t\t\t<\/div>\n\t\t<\/div>\n\t<\/div><div class=\"mkdf-tours-gallery-simple-item mkdf-tours-row-item mkdf-tour-item-no-rating post-28168 tour-item type-tour-item status-publish has-post-thumbnail hentry tour-category-valpacos-fr tour-category-gastronomie-eaux-et-vins tour-category-histoire-et-art tour-category-points-dinterets tour-category-routes-paysageres\">\n\t\t\t<div class=\"mkdf-tours-gallery-simple-item-image-holder\">\n\t\t\t\t\t\t\n\t\t\t<div class=\"mkdf-tours-gallery-simple-item-image\">\n\t\t\t\t<img width=\"1200\" height=\"800\" src=\"https:\/\/visitaltotamegaebarroso.pt\/wp-content\/uploads\/2023\/07\/Lagares-Cavados.png\" class=\"attachment-full size-full wp-post-image\" alt=\"\" decoding=\"async\" loading=\"lazy\" srcset=\"https:\/\/visitaltotamegaebarroso.pt\/wp-content\/uploads\/2023\/07\/Lagares-Cavados.png 1200w, https:\/\/visitaltotamegaebarroso.pt\/wp-content\/uploads\/2023\/07\/Lagares-Cavados-300x200.png 300w, https:\/\/visitaltotamegaebarroso.pt\/wp-content\/uploads\/2023\/07\/Lagares-Cavados-1024x683.png 1024w, https:\/\/visitaltotamegaebarroso.pt\/wp-content\/uploads\/2023\/07\/Lagares-Cavados-768x512.png 768w\" sizes=\"(max-width: 1200px) 100vw, 1200px\" \/>\t\t\t\t<span class=\"mkdf-tours-gallery-simple-item-price-holder\">\n\t\t\t\t\t\n\t\t<span class=\"mkdf-tours-price-holder\">\n\t\t\t\t\t\t\t\t<\/span>\n\n\t\t\t\t\t\t<\/span>\t\t\t\t\n\t\t\t\t<div class=\"mkdf-tours-gallery-simple-item-content-holder\">\n\t\t\t\t\t<div class=\"mkdf-tours-gallery-simple-item-content-inner\">\n\t\t\t\t\t\t\t\t\t\t\t\t\t<h5 class=\"mkdf-tours-gallery-simple-item-destination-holder\">\n\t\t\t\t\t\t\t\t\n\t\t\t<a class=\"mkdf-tour-item-destination\" href=\"https:\/\/visitaltotamegaebarroso.pt\/fr\/destinations\/valpacos\/\">\n\t\t\t\tValpa\u00e7os\t\t\t<\/a>\n\n\t\t\t\t\t\t\t\t\t<\/h5>\n\t\t\t\t\t\t\t\t\t\t\t\t<div class=\"mkdf-tours-gallery-simple-title-holder\">\n\t\t\t\t\t\t\t<h4 class=\"mkdf-tour-title\">\n\t\t\t\t\t\t\t\t\u00c9tangs creus\u00e9s dans la roche\t\t\t\t\t\t\t<\/h4>\n\t\t\t\t\t\t<\/div>\n\t\t\t\t\t<\/div>\n\t\t\t\t<\/div>\n\t\t\t\t<a class=\"mkdf-tours-gallery-simple-item-link\" href=\"https:\/\/visitaltotamegaebarroso.pt\/fr\/tour-item\/etangs-creuses-dans-la-roche\/\"><\/a>\n\t\t\t<\/div>\n\t\t<\/div>\n\t<\/div><div class=\"mkdf-tours-gallery-simple-item mkdf-tours-row-item mkdf-tour-item-no-rating post-27611 tour-item type-tour-item status-publish has-post-thumbnail hentry tour-category-valpacos-fr tour-category-histoire-et-art tour-category-points-dinterets tour-category-villages-et-traditions\">\n\t\t\t<div class=\"mkdf-tours-gallery-simple-item-image-holder\">\n\t\t\t\t\t\t\n\t\t\t<div class=\"mkdf-tours-gallery-simple-item-image\">\n\t\t\t\t<img width=\"1200\" height=\"800\" src=\"https:\/\/visitaltotamegaebarroso.pt\/wp-content\/uploads\/2023\/07\/Quinta-dos-Ciprestes.jpg\" class=\"attachment-full size-full wp-post-image\" alt=\"\" decoding=\"async\" loading=\"lazy\" srcset=\"https:\/\/visitaltotamegaebarroso.pt\/wp-content\/uploads\/2023\/07\/Quinta-dos-Ciprestes.jpg 1200w, https:\/\/visitaltotamegaebarroso.pt\/wp-content\/uploads\/2023\/07\/Quinta-dos-Ciprestes-300x200.jpg 300w, https:\/\/visitaltotamegaebarroso.pt\/wp-content\/uploads\/2023\/07\/Quinta-dos-Ciprestes-1024x683.jpg 1024w, https:\/\/visitaltotamegaebarroso.pt\/wp-content\/uploads\/2023\/07\/Quinta-dos-Ciprestes-768x512.jpg 768w\" sizes=\"(max-width: 1200px) 100vw, 1200px\" \/>\t\t\t\t<span class=\"mkdf-tours-gallery-simple-item-price-holder\">\n\t\t\t\t\t\n\t\t<span class=\"mkdf-tours-price-holder\">\n\t\t\t\t\t\t\t\t<\/span>\n\n\t\t\t\t\t\t<\/span>\t\t\t\t\n\t\t\t\t<div class=\"mkdf-tours-gallery-simple-item-content-holder\">\n\t\t\t\t\t<div class=\"mkdf-tours-gallery-simple-item-content-inner\">\n\t\t\t\t\t\t\t\t\t\t\t\t\t<h5 class=\"mkdf-tours-gallery-simple-item-destination-holder\">\n\t\t\t\t\t\t\t\t\n\t\t\t<a class=\"mkdf-tour-item-destination\" href=\"https:\/\/visitaltotamegaebarroso.pt\/fr\/destinations\/valpacos\/\">\n\t\t\t\tValpa\u00e7os\t\t\t<\/a>\n\n\t\t\t\t\t\t\t\t\t<\/h5>\n\t\t\t\t\t\t\t\t\t\t\t\t<div class=\"mkdf-tours-gallery-simple-title-holder\">\n\t\t\t\t\t\t\t<h4 class=\"mkdf-tour-title\">\n\t\t\t\t\t\t\t\tFerme des Ciprestes\t\t\t\t\t\t\t<\/h4>\n\t\t\t\t\t\t<\/div>\n\t\t\t\t\t<\/div>\n\t\t\t\t<\/div>\n\t\t\t\t<a class=\"mkdf-tours-gallery-simple-item-link\" href=\"https:\/\/visitaltotamegaebarroso.pt\/fr\/tour-item\/ferme-des-ciprestes\/\"><\/a>\n\t\t\t<\/div>\n\t\t<\/div>\n\t<\/div><div class=\"mkdf-tours-gallery-simple-item mkdf-tours-row-item mkdf-tour-item-no-rating post-28279 tour-item type-tour-item status-publish has-post-thumbnail hentry tour-category-chaves-fr tour-category-histoire-et-art tour-category-points-dinterets tour-category-routes-paysageres tour-category-spa-et-spa\">\n\t\t\t<div class=\"mkdf-tours-gallery-simple-item-image-holder\">\n\t\t\t\t\t\t\n\t\t\t<div class=\"mkdf-tours-gallery-simple-item-image\">\n\t\t\t\t<img width=\"1200\" height=\"800\" src=\"https:\/\/visitaltotamegaebarroso.pt\/wp-content\/uploads\/2023\/07\/Fonte-de-Campilho.jpg\" class=\"attachment-full size-full wp-post-image\" alt=\"\" decoding=\"async\" loading=\"lazy\" srcset=\"https:\/\/visitaltotamegaebarroso.pt\/wp-content\/uploads\/2023\/07\/Fonte-de-Campilho.jpg 1200w, https:\/\/visitaltotamegaebarroso.pt\/wp-content\/uploads\/2023\/07\/Fonte-de-Campilho-300x200.jpg 300w, https:\/\/visitaltotamegaebarroso.pt\/wp-content\/uploads\/2023\/07\/Fonte-de-Campilho-1024x683.jpg 1024w, https:\/\/visitaltotamegaebarroso.pt\/wp-content\/uploads\/2023\/07\/Fonte-de-Campilho-768x512.jpg 768w\" sizes=\"(max-width: 1200px) 100vw, 1200px\" \/>\t\t\t\t<span class=\"mkdf-tours-gallery-simple-item-price-holder\">\n\t\t\t\t\t\n\t\t<span class=\"mkdf-tours-price-holder\">\n\t\t\t\t\t\t\t<span class=\"mkdf-tours-item-price \">$1<\/span>\n\t\t\t\t\t\t\t\t<\/span>\n\n\t\t\t\t\t\t<\/span>\t\t\t\t\n\t\t\t\t<div class=\"mkdf-tours-gallery-simple-item-content-holder\">\n\t\t\t\t\t<div class=\"mkdf-tours-gallery-simple-item-content-inner\">\n\t\t\t\t\t\t\t\t\t\t\t\t\t<h5 class=\"mkdf-tours-gallery-simple-item-destination-holder\">\n\t\t\t\t\t\t\t\t\n\t\t\t<a class=\"mkdf-tour-item-destination\" href=\"https:\/\/visitaltotamegaebarroso.pt\/fr\/destinations\/chaves\/\">\n\t\t\t\tChaves\t\t\t<\/a>\n\n\t\t\t\t\t\t\t\t\t<\/h5>\n\t\t\t\t\t\t\t\t\t\t\t\t<div class=\"mkdf-tours-gallery-simple-title-holder\">\n\t\t\t\t\t\t\t<h4 class=\"mkdf-tour-title\">\n\t\t\t\t\t\t\t\tFontaine de Campilho\t\t\t\t\t\t\t<\/h4>\n\t\t\t\t\t\t<\/div>\n\t\t\t\t\t<\/div>\n\t\t\t\t<\/div>\n\t\t\t\t<a class=\"mkdf-tours-gallery-simple-item-link\" href=\"https:\/\/visitaltotamegaebarroso.pt\/fr\/tour-item\/fontaine-de-campilho\/\"><\/a>\n\t\t\t<\/div>\n\t\t<\/div>\n\t<\/div><div class=\"mkdf-tours-gallery-simple-item mkdf-tours-row-item mkdf-tour-item-no-rating post-28262 tour-item type-tour-item status-publish has-post-thumbnail hentry tour-category-chaves-fr tour-category-histoire-et-art tour-category-points-dinterets\">\n\t\t\t<div class=\"mkdf-tours-gallery-simple-item-image-holder\">\n\t\t\t\t\t\t\n\t\t\t<div class=\"mkdf-tours-gallery-simple-item-image\">\n\t\t\t\t<img width=\"1200\" height=\"800\" src=\"https:\/\/visitaltotamegaebarroso.pt\/wp-content\/uploads\/2023\/07\/Forte-Sao-Francisco.png\" class=\"attachment-full size-full wp-post-image\" alt=\"\" decoding=\"async\" loading=\"lazy\" srcset=\"https:\/\/visitaltotamegaebarroso.pt\/wp-content\/uploads\/2023\/07\/Forte-Sao-Francisco.png 1200w, https:\/\/visitaltotamegaebarroso.pt\/wp-content\/uploads\/2023\/07\/Forte-Sao-Francisco-300x200.png 300w, https:\/\/visitaltotamegaebarroso.pt\/wp-content\/uploads\/2023\/07\/Forte-Sao-Francisco-1024x683.png 1024w, https:\/\/visitaltotamegaebarroso.pt\/wp-content\/uploads\/2023\/07\/Forte-Sao-Francisco-768x512.png 768w\" sizes=\"(max-width: 1200px) 100vw, 1200px\" \/>\t\t\t\t<span class=\"mkdf-tours-gallery-simple-item-price-holder\">\n\t\t\t\t\t\n\t\t<span class=\"mkdf-tours-price-holder\">\n\t\t\t\t\t\t\t<span class=\"mkdf-tours-item-price \">$1<\/span>\n\t\t\t\t\t\t\t\t<\/span>\n\n\t\t\t\t\t\t<\/span>\t\t\t\t\n\t\t\t\t<div class=\"mkdf-tours-gallery-simple-item-content-holder\">\n\t\t\t\t\t<div class=\"mkdf-tours-gallery-simple-item-content-inner\">\n\t\t\t\t\t\t\t\t\t\t\t\t\t<h5 class=\"mkdf-tours-gallery-simple-item-destination-holder\">\n\t\t\t\t\t\t\t\t\n\t\t\t<a class=\"mkdf-tour-item-destination\" href=\"https:\/\/visitaltotamegaebarroso.pt\/fr\/destinations\/chaves\/\">\n\t\t\t\tChaves\t\t\t<\/a>\n\n\t\t\t\t\t\t\t\t\t<\/h5>\n\t\t\t\t\t\t\t\t\t\t\t\t<div class=\"mkdf-tours-gallery-simple-title-holder\">\n\t\t\t\t\t\t\t<h4 class=\"mkdf-tour-title\">\n\t\t\t\t\t\t\t\tFort de Saint-Fran\u00e7ois\t\t\t\t\t\t\t<\/h4>\n\t\t\t\t\t\t<\/div>\n\t\t\t\t\t<\/div>\n\t\t\t\t<\/div>\n\t\t\t\t<a class=\"mkdf-tours-gallery-simple-item-link\" href=\"https:\/\/visitaltotamegaebarroso.pt\/fr\/tour-item\/fort-de-saint-francois\/\"><\/a>\n\t\t\t<\/div>\n\t\t<\/div>\n\t<\/div><div class=\"mkdf-tours-gallery-simple-item mkdf-tours-row-item mkdf-tour-item-no-rating post-28271 tour-item type-tour-item status-publish has-post-thumbnail hentry tour-category-boticas-fr tour-category-histoire-et-art tour-category-points-dinterets tour-category-routes-paysageres tour-category-villages-et-traditions\">\n\t\t\t<div class=\"mkdf-tours-gallery-simple-item-image-holder\">\n\t\t\t\t\t\t\n\t\t\t<div class=\"mkdf-tours-gallery-simple-item-image\">\n\t\t\t\t<img width=\"1200\" height=\"800\" src=\"https:\/\/visitaltotamegaebarroso.pt\/wp-content\/uploads\/2023\/07\/Forno-Comunitario.png\" class=\"attachment-full size-full wp-post-image\" alt=\"\" decoding=\"async\" loading=\"lazy\" srcset=\"https:\/\/visitaltotamegaebarroso.pt\/wp-content\/uploads\/2023\/07\/Forno-Comunitario.png 1200w, https:\/\/visitaltotamegaebarroso.pt\/wp-content\/uploads\/2023\/07\/Forno-Comunitario-300x200.png 300w, https:\/\/visitaltotamegaebarroso.pt\/wp-content\/uploads\/2023\/07\/Forno-Comunitario-1024x683.png 1024w, https:\/\/visitaltotamegaebarroso.pt\/wp-content\/uploads\/2023\/07\/Forno-Comunitario-768x512.png 768w\" sizes=\"(max-width: 1200px) 100vw, 1200px\" \/>\t\t\t\t<span class=\"mkdf-tours-gallery-simple-item-price-holder\">\n\t\t\t\t\t\n\t\t<span class=\"mkdf-tours-price-holder\">\n\t\t\t\t\t\t\t\t<\/span>\n\n\t\t\t\t\t\t<\/span>\t\t\t\t\n\t\t\t\t<div class=\"mkdf-tours-gallery-simple-item-content-holder\">\n\t\t\t\t\t<div class=\"mkdf-tours-gallery-simple-item-content-inner\">\n\t\t\t\t\t\t\t\t\t\t\t\t\t<h5 class=\"mkdf-tours-gallery-simple-item-destination-holder\">\n\t\t\t\t\t\t\t\t\n\t\t\t<a class=\"mkdf-tour-item-destination\" href=\"https:\/\/visitaltotamegaebarroso.pt\/fr\/destinations\/boticas\/\">\n\t\t\t\tBoticas\t\t\t<\/a>\n\n\t\t\t\t\t\t\t\t\t<\/h5>\n\t\t\t\t\t\t\t\t\t\t\t\t<div class=\"mkdf-tours-gallery-simple-title-holder\">\n\t\t\t\t\t\t\t<h4 class=\"mkdf-tour-title\">\n\t\t\t\t\t\t\t\tFour communautaire de Covas do Barroso\t\t\t\t\t\t\t<\/h4>\n\t\t\t\t\t\t<\/div>\n\t\t\t\t\t<\/div>\n\t\t\t\t<\/div>\n\t\t\t\t<a class=\"mkdf-tours-gallery-simple-item-link\" href=\"https:\/\/visitaltotamegaebarroso.pt\/fr\/tour-item\/four-communautaire-de-covas-do-barroso\/\"><\/a>\n\t\t\t<\/div>\n\t\t<\/div>\n\t<\/div><div class=\"mkdf-tours-gallery-simple-item mkdf-tours-row-item mkdf-tour-item-no-rating post-28267 tour-item type-tour-item status-publish has-post-thumbnail hentry tour-category-montalegre-fr tour-category-histoire-et-art tour-category-points-dinterets tour-category-villages-et-traditions\">\n\t\t\t<div class=\"mkdf-tours-gallery-simple-item-image-holder\">\n\t\t\t\t\t\t\n\t\t\t<div class=\"mkdf-tours-gallery-simple-item-image\">\n\t\t\t\t<img width=\"1200\" height=\"800\" src=\"https:\/\/visitaltotamegaebarroso.pt\/wp-content\/uploads\/2023\/07\/Forno-Tourem.png\" class=\"attachment-full size-full wp-post-image\" alt=\"\" decoding=\"async\" loading=\"lazy\" srcset=\"https:\/\/visitaltotamegaebarroso.pt\/wp-content\/uploads\/2023\/07\/Forno-Tourem.png 1200w, https:\/\/visitaltotamegaebarroso.pt\/wp-content\/uploads\/2023\/07\/Forno-Tourem-300x200.png 300w, https:\/\/visitaltotamegaebarroso.pt\/wp-content\/uploads\/2023\/07\/Forno-Tourem-1024x683.png 1024w, https:\/\/visitaltotamegaebarroso.pt\/wp-content\/uploads\/2023\/07\/Forno-Tourem-768x512.png 768w\" sizes=\"(max-width: 1200px) 100vw, 1200px\" \/>\t\t\t\t<span class=\"mkdf-tours-gallery-simple-item-price-holder\">\n\t\t\t\t\t\n\t\t<span class=\"mkdf-tours-price-holder\">\n\t\t\t\t\t\t\t\t<\/span>\n\n\t\t\t\t\t\t<\/span>\t\t\t\t\n\t\t\t\t<div class=\"mkdf-tours-gallery-simple-item-content-holder\">\n\t\t\t\t\t<div class=\"mkdf-tours-gallery-simple-item-content-inner\">\n\t\t\t\t\t\t\t\t\t\t\t\t\t<h5 class=\"mkdf-tours-gallery-simple-item-destination-holder\">\n\t\t\t\t\t\t\t\t\n\t\t\t<a class=\"mkdf-tour-item-destination\" href=\"https:\/\/visitaltotamegaebarroso.pt\/fr\/destinations\/montalegre\/\">\n\t\t\t\tMontalegre\t\t\t<\/a>\n\n\t\t\t\t\t\t\t\t\t<\/h5>\n\t\t\t\t\t\t\t\t\t\t\t\t<div class=\"mkdf-tours-gallery-simple-title-holder\">\n\t\t\t\t\t\t\t<h4 class=\"mkdf-tour-title\">\n\t\t\t\t\t\t\t\tFour du peuple de Tour\u00e9m\t\t\t\t\t\t\t<\/h4>\n\t\t\t\t\t\t<\/div>\n\t\t\t\t\t<\/div>\n\t\t\t\t<\/div>\n\t\t\t\t<a class=\"mkdf-tours-gallery-simple-item-link\" href=\"https:\/\/visitaltotamegaebarroso.pt\/fr\/tour-item\/four-du-peuple-de-tourem\/\"><\/a>\n\t\t\t<\/div>\n\t\t<\/div>\n\t<\/div><div class=\"mkdf-tours-gallery-simple-item mkdf-tours-row-item mkdf-tour-item-no-rating post-28503 tour-item type-tour-item status-publish has-post-thumbnail hentry tour-category-montalegre-fr tour-category-montagnes-et-rivieres tour-category-points-dinterets tour-category-sports-et-aventure\">\n\t\t\t<div class=\"mkdf-tours-gallery-simple-item-image-holder\">\n\t\t\t\t\t\t\n\t\t\t<div class=\"mkdf-tours-gallery-simple-item-image\">\n\t\t\t\t<img width=\"1200\" height=\"800\" src=\"https:\/\/visitaltotamegaebarroso.pt\/wp-content\/uploads\/2023\/06\/Alto-Rabagao.png\" class=\"attachment-full size-full wp-post-image\" alt=\"Albufeira do Alto do Rabag\u00e3o\" decoding=\"async\" loading=\"lazy\" srcset=\"https:\/\/visitaltotamegaebarroso.pt\/wp-content\/uploads\/2023\/06\/Alto-Rabagao.png 1200w, https:\/\/visitaltotamegaebarroso.pt\/wp-content\/uploads\/2023\/06\/Alto-Rabagao-300x200.png 300w, https:\/\/visitaltotamegaebarroso.pt\/wp-content\/uploads\/2023\/06\/Alto-Rabagao-1024x683.png 1024w, https:\/\/visitaltotamegaebarroso.pt\/wp-content\/uploads\/2023\/06\/Alto-Rabagao-768x512.png 768w\" sizes=\"(max-width: 1200px) 100vw, 1200px\" \/>\t\t\t\t<span class=\"mkdf-tours-gallery-simple-item-price-holder\">\n\t\t\t\t\t\n\t\t<span class=\"mkdf-tours-price-holder\">\n\t\t\t\t\t\t\t\t<\/span>\n\n\t\t\t\t\t\t<\/span>\t\t\t\t\n\t\t\t\t<div class=\"mkdf-tours-gallery-simple-item-content-holder\">\n\t\t\t\t\t<div class=\"mkdf-tours-gallery-simple-item-content-inner\">\n\t\t\t\t\t\t\t\t\t\t\t\t\t<h5 class=\"mkdf-tours-gallery-simple-item-destination-holder\">\n\t\t\t\t\t\t\t\t\n\t\t\t<a class=\"mkdf-tour-item-destination\" href=\"https:\/\/visitaltotamegaebarroso.pt\/fr\/destinations\/montalegre\/\">\n\t\t\t\tMontalegre\t\t\t<\/a>\n\n\t\t\t\t\t\t\t\t\t<\/h5>\n\t\t\t\t\t\t\t\t\t\t\t\t<div class=\"mkdf-tours-gallery-simple-title-holder\">\n\t\t\t\t\t\t\t<h4 class=\"mkdf-tour-title\">\n\t\t\t\t\t\t\t\tfranc\u00eas R\u00e9servoir d\u2019Alto Rabag\u00e3o\t\t\t\t\t\t\t<\/h4>\n\t\t\t\t\t\t<\/div>\n\t\t\t\t\t<\/div>\n\t\t\t\t<\/div>\n\t\t\t\t<a class=\"mkdf-tours-gallery-simple-item-link\" href=\"https:\/\/visitaltotamegaebarroso.pt\/fr\/tour-item\/frances-reservoir-dalto-rabagao\/\"><\/a>\n\t\t\t<\/div>\n\t\t<\/div>\n\t<\/div><div class=\"mkdf-tours-gallery-simple-item mkdf-tours-row-item mkdf-tour-item-no-rating post-28299 tour-item type-tour-item status-publish has-post-thumbnail hentry tour-category-ribeira-de-pena-fr tour-category-points-dinterets tour-category-villages-et-traditions\">\n\t\t\t<div class=\"mkdf-tours-gallery-simple-item-image-holder\">\n\t\t\t\t\t\t\n\t\t\t<div class=\"mkdf-tours-gallery-simple-item-image\">\n\t\t\t\t<img width=\"1200\" height=\"800\" src=\"https:\/\/visitaltotamegaebarroso.pt\/wp-content\/uploads\/2023\/07\/Espigueiros-Penalonga.png\" class=\"attachment-full size-full wp-post-image\" alt=\"\" decoding=\"async\" loading=\"lazy\" srcset=\"https:\/\/visitaltotamegaebarroso.pt\/wp-content\/uploads\/2023\/07\/Espigueiros-Penalonga.png 1200w, https:\/\/visitaltotamegaebarroso.pt\/wp-content\/uploads\/2023\/07\/Espigueiros-Penalonga-300x200.png 300w, https:\/\/visitaltotamegaebarroso.pt\/wp-content\/uploads\/2023\/07\/Espigueiros-Penalonga-1024x683.png 1024w, https:\/\/visitaltotamegaebarroso.pt\/wp-content\/uploads\/2023\/07\/Espigueiros-Penalonga-768x512.png 768w\" sizes=\"(max-width: 1200px) 100vw, 1200px\" \/>\t\t\t\t<span class=\"mkdf-tours-gallery-simple-item-price-holder\">\n\t\t\t\t\t\n\t\t<span class=\"mkdf-tours-price-holder\">\n\t\t\t\t\t\t\t\t<\/span>\n\n\t\t\t\t\t\t<\/span>\t\t\t\t\n\t\t\t\t<div class=\"mkdf-tours-gallery-simple-item-content-holder\">\n\t\t\t\t\t<div class=\"mkdf-tours-gallery-simple-item-content-inner\">\n\t\t\t\t\t\t\t\t\t\t\t\t\t<h5 class=\"mkdf-tours-gallery-simple-item-destination-holder\">\n\t\t\t\t\t\t\t\t\n\t\t\t<a class=\"mkdf-tour-item-destination\" href=\"https:\/\/visitaltotamegaebarroso.pt\/fr\/destinations\/ribeira-de-pena\/\">\n\t\t\t\tRibeira de Pena\t\t\t<\/a>\n\n\t\t\t\t\t\t\t\t\t<\/h5>\n\t\t\t\t\t\t\t\t\t\t\t\t<div class=\"mkdf-tours-gallery-simple-title-holder\">\n\t\t\t\t\t\t\t<h4 class=\"mkdf-tour-title\">\n\t\t\t\t\t\t\t\tGreniers de Penalonga\t\t\t\t\t\t\t<\/h4>\n\t\t\t\t\t\t<\/div>\n\t\t\t\t\t<\/div>\n\t\t\t\t<\/div>\n\t\t\t\t<a class=\"mkdf-tours-gallery-simple-item-link\" href=\"https:\/\/visitaltotamegaebarroso.pt\/fr\/tour-item\/greniers-de-penalonga\/\"><\/a>\n\t\t\t<\/div>\n\t\t<\/div>\n\t<\/div><div class=\"mkdf-tours-gallery-simple-item mkdf-tours-row-item mkdf-tour-item-no-rating post-28252 tour-item type-tour-item status-publish has-post-thumbnail hentry tour-category-boticas-fr tour-category-gastronomie-eaux-et-vins tour-category-histoire-et-art tour-category-points-dinterets tour-category-routes-paysageres\">\n\t\t\t<div class=\"mkdf-tours-gallery-simple-item-image-holder\">\n\t\t\t\t\t\t\n\t\t\t<div class=\"mkdf-tours-gallery-simple-item-image\">\n\t\t\t\t<img width=\"1200\" height=\"800\" src=\"https:\/\/visitaltotamegaebarroso.pt\/wp-content\/uploads\/2023\/07\/Guerreiro-Galaico.png\" class=\"attachment-full size-full wp-post-image\" alt=\"\" decoding=\"async\" loading=\"lazy\" srcset=\"https:\/\/visitaltotamegaebarroso.pt\/wp-content\/uploads\/2023\/07\/Guerreiro-Galaico.png 1200w, https:\/\/visitaltotamegaebarroso.pt\/wp-content\/uploads\/2023\/07\/Guerreiro-Galaico-300x200.png 300w, https:\/\/visitaltotamegaebarroso.pt\/wp-content\/uploads\/2023\/07\/Guerreiro-Galaico-1024x683.png 1024w, https:\/\/visitaltotamegaebarroso.pt\/wp-content\/uploads\/2023\/07\/Guerreiro-Galaico-768x512.png 768w\" sizes=\"(max-width: 1200px) 100vw, 1200px\" \/>\t\t\t\t<span class=\"mkdf-tours-gallery-simple-item-price-holder\">\n\t\t\t\t\t\n\t\t<span class=\"mkdf-tours-price-holder\">\n\t\t\t\t\t\t\t\t<\/span>\n\n\t\t\t\t\t\t<\/span>\t\t\t\t\n\t\t\t\t<div class=\"mkdf-tours-gallery-simple-item-content-holder\">\n\t\t\t\t\t<div class=\"mkdf-tours-gallery-simple-item-content-inner\">\n\t\t\t\t\t\t\t\t\t\t\t\t\t<h5 class=\"mkdf-tours-gallery-simple-item-destination-holder\">\n\t\t\t\t\t\t\t\t\n\t\t\t<a class=\"mkdf-tour-item-destination\" href=\"https:\/\/visitaltotamegaebarroso.pt\/fr\/destinations\/boticas\/\">\n\t\t\t\tBoticas\t\t\t<\/a>\n\n\t\t\t\t\t\t\t\t\t<\/h5>\n\t\t\t\t\t\t\t\t\t\t\t\t<div class=\"mkdf-tours-gallery-simple-title-holder\">\n\t\t\t\t\t\t\t<h4 class=\"mkdf-tour-title\">\n\t\t\t\t\t\t\t\tGuerrier galicien &#8211; R\u00e9plique\t\t\t\t\t\t\t<\/h4>\n\t\t\t\t\t\t<\/div>\n\t\t\t\t\t<\/div>\n\t\t\t\t<\/div>\n\t\t\t\t<a class=\"mkdf-tours-gallery-simple-item-link\" href=\"https:\/\/visitaltotamegaebarroso.pt\/fr\/tour-item\/guerrier-galicien-replique\/\"><\/a>\n\t\t\t<\/div>\n\t\t<\/div>\n\t<\/div><div class=\"mkdf-tours-gallery-simple-item mkdf-tours-row-item mkdf-tour-item-no-rating post-28462 tour-item type-tour-item status-publish has-post-thumbnail hentry tour-category-vila-pouca-de-aguiar-fr tour-category-points-dinterets tour-category-villages-et-traditions\">\n\t\t\t<div class=\"mkdf-tours-gallery-simple-item-image-holder\">\n\t\t\t\t\t\t\n\t\t\t<div class=\"mkdf-tours-gallery-simple-item-image\">\n\t\t\t\t<img width=\"1200\" height=\"800\" src=\"https:\/\/visitaltotamegaebarroso.pt\/wp-content\/uploads\/2023\/06\/Alto-Canastros.png\" class=\"attachment-full size-full wp-post-image\" alt=\"Alto dos Canastros Vila Pouca de Aguiar\" decoding=\"async\" loading=\"lazy\" srcset=\"https:\/\/visitaltotamegaebarroso.pt\/wp-content\/uploads\/2023\/06\/Alto-Canastros.png 1200w, https:\/\/visitaltotamegaebarroso.pt\/wp-content\/uploads\/2023\/06\/Alto-Canastros-300x200.png 300w, https:\/\/visitaltotamegaebarroso.pt\/wp-content\/uploads\/2023\/06\/Alto-Canastros-1024x683.png 1024w, https:\/\/visitaltotamegaebarroso.pt\/wp-content\/uploads\/2023\/06\/Alto-Canastros-768x512.png 768w\" sizes=\"(max-width: 1200px) 100vw, 1200px\" \/>\t\t\t\t<span class=\"mkdf-tours-gallery-simple-item-price-holder\">\n\t\t\t\t\t\n\t\t<span class=\"mkdf-tours-price-holder\">\n\t\t\t\t\t\t\t\t<\/span>\n\n\t\t\t\t\t\t<\/span>\t\t\t\t\n\t\t\t\t<div class=\"mkdf-tours-gallery-simple-item-content-holder\">\n\t\t\t\t\t<div class=\"mkdf-tours-gallery-simple-item-content-inner\">\n\t\t\t\t\t\t\t\t\t\t\t\t\t<h5 class=\"mkdf-tours-gallery-simple-item-destination-holder\">\n\t\t\t\t\t\t\t\t\n\t\t\t<a class=\"mkdf-tour-item-destination\" href=\"https:\/\/visitaltotamegaebarroso.pt\/fr\/destinations\/vila-pouca-de-aguiar\/\">\n\t\t\t\tVila Pouca de Aguiar\t\t\t<\/a>\n\n\t\t\t\t\t\t\t\t\t<\/h5>\n\t\t\t\t\t\t\t\t\t\t\t\t<div class=\"mkdf-tours-gallery-simple-title-holder\">\n\t\t\t\t\t\t\t<h4 class=\"mkdf-tour-title\">\n\t\t\t\t\t\t\t\tHaut de Canastros\t\t\t\t\t\t\t<\/h4>\n\t\t\t\t\t\t<\/div>\n\t\t\t\t\t<\/div>\n\t\t\t\t<\/div>\n\t\t\t\t<a class=\"mkdf-tours-gallery-simple-item-link\" href=\"https:\/\/visitaltotamegaebarroso.pt\/fr\/tour-item\/haut-de-canastros\/\"><\/a>\n\t\t\t<\/div>\n\t\t<\/div>\n\t<\/div><div class=\"mkdf-tours-gallery-simple-item mkdf-tours-row-item mkdf-tour-item-no-rating post-27449 tour-item type-tour-item status-publish has-post-thumbnail hentry tour-category-chaves-fr tour-category-histoire-et-art tour-category-points-dinterets tour-category-routes-paysageres tour-category-spa-et-spa\">\n\t\t\t<div class=\"mkdf-tours-gallery-simple-item-image-holder\">\n\t\t\t\t\t\t\n\t\t\t<div class=\"mkdf-tours-gallery-simple-item-image\">\n\t\t\t\t<img width=\"1200\" height=\"800\" src=\"https:\/\/visitaltotamegaebarroso.pt\/wp-content\/uploads\/2023\/07\/Vidago-Palace.png\" class=\"attachment-full size-full wp-post-image\" alt=\"\" decoding=\"async\" loading=\"lazy\" srcset=\"https:\/\/visitaltotamegaebarroso.pt\/wp-content\/uploads\/2023\/07\/Vidago-Palace.png 1200w, https:\/\/visitaltotamegaebarroso.pt\/wp-content\/uploads\/2023\/07\/Vidago-Palace-300x200.png 300w, https:\/\/visitaltotamegaebarroso.pt\/wp-content\/uploads\/2023\/07\/Vidago-Palace-1024x683.png 1024w, https:\/\/visitaltotamegaebarroso.pt\/wp-content\/uploads\/2023\/07\/Vidago-Palace-768x512.png 768w\" sizes=\"(max-width: 1200px) 100vw, 1200px\" \/>\t\t\t\t<span class=\"mkdf-tours-gallery-simple-item-price-holder\">\n\t\t\t\t\t\n\t\t<span class=\"mkdf-tours-price-holder\">\n\t\t\t\t\t\t\t\t<\/span>\n\n\t\t\t\t\t\t<\/span>\t\t\t\t\n\t\t\t\t<div class=\"mkdf-tours-gallery-simple-item-content-holder\">\n\t\t\t\t\t<div class=\"mkdf-tours-gallery-simple-item-content-inner\">\n\t\t\t\t\t\t\t\t\t\t\t\t\t<h5 class=\"mkdf-tours-gallery-simple-item-destination-holder\">\n\t\t\t\t\t\t\t\t\n\t\t\t<a class=\"mkdf-tour-item-destination\" href=\"https:\/\/visitaltotamegaebarroso.pt\/fr\/destinations\/chaves\/\">\n\t\t\t\tChaves\t\t\t<\/a>\n\n\t\t\t\t\t\t\t\t\t<\/h5>\n\t\t\t\t\t\t\t\t\t\t\t\t<div class=\"mkdf-tours-gallery-simple-title-holder\">\n\t\t\t\t\t\t\t<h4 class=\"mkdf-tour-title\">\n\t\t\t\t\t\t\t\tH\u00f4tel Vidago Palace\t\t\t\t\t\t\t<\/h4>\n\t\t\t\t\t\t<\/div>\n\t\t\t\t\t<\/div>\n\t\t\t\t<\/div>\n\t\t\t\t<a class=\"mkdf-tours-gallery-simple-item-link\" href=\"https:\/\/visitaltotamegaebarroso.pt\/fr\/tour-item\/hotel-vidago-palace-2\/\"><\/a>\n\t\t\t<\/div>\n\t\t<\/div>\n\t<\/div><div class=\"mkdf-tours-gallery-simple-item mkdf-tours-row-item mkdf-tour-item-no-rating post-28495 tour-item type-tour-item status-publish has-post-thumbnail hentry tour-category-vila-pouca-de-aguiar-fr tour-category-histoire-et-art tour-category-montagnes-et-rivieres tour-category-points-dinterets tour-category-sports-et-aventure tour-category-villages-et-traditions\">\n\t\t\t<div class=\"mkdf-tours-gallery-simple-item-image-holder\">\n\t\t\t\t\t\t\n\t\t\t<div class=\"mkdf-tours-gallery-simple-item-image\">\n\t\t\t\t<img width=\"1200\" height=\"800\" src=\"https:\/\/visitaltotamegaebarroso.pt\/wp-content\/uploads\/2023\/06\/Caminho-portugues-interior-Samtiago.png\" class=\"attachment-full size-full wp-post-image\" alt=\"Caminho Portugu\u00eas de Santiago Interior\" decoding=\"async\" loading=\"lazy\" srcset=\"https:\/\/visitaltotamegaebarroso.pt\/wp-content\/uploads\/2023\/06\/Caminho-portugues-interior-Samtiago.png 1200w, https:\/\/visitaltotamegaebarroso.pt\/wp-content\/uploads\/2023\/06\/Caminho-portugues-interior-Samtiago-300x200.png 300w, https:\/\/visitaltotamegaebarroso.pt\/wp-content\/uploads\/2023\/06\/Caminho-portugues-interior-Samtiago-1024x683.png 1024w, https:\/\/visitaltotamegaebarroso.pt\/wp-content\/uploads\/2023\/06\/Caminho-portugues-interior-Samtiago-768x512.png 768w\" sizes=\"(max-width: 1200px) 100vw, 1200px\" \/>\t\t\t\t<span class=\"mkdf-tours-gallery-simple-item-price-holder\">\n\t\t\t\t\t\n\t\t<span class=\"mkdf-tours-price-holder\">\n\t\t\t\t\t\t\t\t<\/span>\n\n\t\t\t\t\t\t<\/span>\t\t\t\t\n\t\t\t\t<div class=\"mkdf-tours-gallery-simple-item-content-holder\">\n\t\t\t\t\t<div class=\"mkdf-tours-gallery-simple-item-content-inner\">\n\t\t\t\t\t\t\t\t\t\t\t\t\t<h5 class=\"mkdf-tours-gallery-simple-item-destination-holder\">\n\t\t\t\t\t\t\t\t\n\t\t\t<a class=\"mkdf-tour-item-destination\" href=\"https:\/\/visitaltotamegaebarroso.pt\/fr\/destinations\/vila-pouca-de-aguiar\/\">\n\t\t\t\tVila Pouca de Aguiar\t\t\t<\/a>\n\n\t\t\t\t\t\t\t\t\t<\/h5>\n\t\t\t\t\t\t\t\t\t\t\t\t<div class=\"mkdf-tours-gallery-simple-title-holder\">\n\t\t\t\t\t\t\t<h4 class=\"mkdf-tour-title\">\n\t\t\t\t\t\t\t\tInt\u00e9rieur du chemin portugais de Santiago\t\t\t\t\t\t\t<\/h4>\n\t\t\t\t\t\t<\/div>\n\t\t\t\t\t<\/div>\n\t\t\t\t<\/div>\n\t\t\t\t<a class=\"mkdf-tours-gallery-simple-item-link\" href=\"https:\/\/visitaltotamegaebarroso.pt\/fr\/tour-item\/interieur-du-chemin-portugais-de-santiago\/\"><\/a>\n\t\t\t<\/div>\n\t\t<\/div>\n\t<\/div><div class=\"mkdf-tours-gallery-simple-item mkdf-tours-row-item mkdf-tour-item-no-rating post-28172 tour-item type-tour-item status-publish has-post-thumbnail hentry tour-category-chaves-fr tour-category-montagnes-et-rivieres tour-category-points-dinterets\">\n\t\t\t<div class=\"mkdf-tours-gallery-simple-item-image-holder\">\n\t\t\t\t\t\t\n\t\t\t<div class=\"mkdf-tours-gallery-simple-item-image\">\n\t\t\t\t<img width=\"1200\" height=\"800\" src=\"https:\/\/visitaltotamegaebarroso.pt\/wp-content\/uploads\/2023\/07\/Jardim-Publico-Chaves.png\" class=\"attachment-full size-full wp-post-image\" alt=\"\" decoding=\"async\" loading=\"lazy\" srcset=\"https:\/\/visitaltotamegaebarroso.pt\/wp-content\/uploads\/2023\/07\/Jardim-Publico-Chaves.png 1200w, https:\/\/visitaltotamegaebarroso.pt\/wp-content\/uploads\/2023\/07\/Jardim-Publico-Chaves-300x200.png 300w, https:\/\/visitaltotamegaebarroso.pt\/wp-content\/uploads\/2023\/07\/Jardim-Publico-Chaves-1024x683.png 1024w, https:\/\/visitaltotamegaebarroso.pt\/wp-content\/uploads\/2023\/07\/Jardim-Publico-Chaves-768x512.png 768w\" sizes=\"(max-width: 1200px) 100vw, 1200px\" \/>\t\t\t\t<span class=\"mkdf-tours-gallery-simple-item-price-holder\">\n\t\t\t\t\t\n\t\t<span class=\"mkdf-tours-price-holder\">\n\t\t\t\t\t\t\t<span class=\"mkdf-tours-item-price \">$1<\/span>\n\t\t\t\t\t\t\t\t<\/span>\n\n\t\t\t\t\t\t<\/span>\t\t\t\t\n\t\t\t\t<div class=\"mkdf-tours-gallery-simple-item-content-holder\">\n\t\t\t\t\t<div class=\"mkdf-tours-gallery-simple-item-content-inner\">\n\t\t\t\t\t\t\t\t\t\t\t\t\t<h5 class=\"mkdf-tours-gallery-simple-item-destination-holder\">\n\t\t\t\t\t\t\t\t\n\t\t\t<a class=\"mkdf-tour-item-destination\" href=\"https:\/\/visitaltotamegaebarroso.pt\/fr\/destinations\/chaves\/\">\n\t\t\t\tChaves\t\t\t<\/a>\n\n\t\t\t\t\t\t\t\t\t<\/h5>\n\t\t\t\t\t\t\t\t\t\t\t\t<div class=\"mkdf-tours-gallery-simple-title-holder\">\n\t\t\t\t\t\t\t<h4 class=\"mkdf-tour-title\">\n\t\t\t\t\t\t\t\tJardin public de Chaves\t\t\t\t\t\t\t<\/h4>\n\t\t\t\t\t\t<\/div>\n\t\t\t\t\t<\/div>\n\t\t\t\t<\/div>\n\t\t\t\t<a class=\"mkdf-tours-gallery-simple-item-link\" href=\"https:\/\/visitaltotamegaebarroso.pt\/fr\/tour-item\/jardin-public-de-chaves\/\"><\/a>\n\t\t\t<\/div>\n\t\t<\/div>\n\t<\/div><div class=\"mkdf-tours-gallery-simple-item mkdf-tours-row-item mkdf-tour-item-no-rating post-28377 tour-item type-tour-item status-publish has-post-thumbnail hentry tour-category-ribeira-de-pena-fr tour-category-montagnes-et-rivieres tour-category-points-dinterets\">\n\t\t\t<div class=\"mkdf-tours-gallery-simple-item-image-holder\">\n\t\t\t\t\t\t\n\t\t\t<div class=\"mkdf-tours-gallery-simple-item-image\">\n\t\t\t\t<img width=\"1200\" height=\"800\" src=\"https:\/\/visitaltotamegaebarroso.pt\/wp-content\/uploads\/2023\/07\/Cascata-Cai-Dalto-1.png\" class=\"attachment-full size-full wp-post-image\" alt=\"\" decoding=\"async\" loading=\"lazy\" srcset=\"https:\/\/visitaltotamegaebarroso.pt\/wp-content\/uploads\/2023\/07\/Cascata-Cai-Dalto-1.png 1200w, https:\/\/visitaltotamegaebarroso.pt\/wp-content\/uploads\/2023\/07\/Cascata-Cai-Dalto-1-300x200.png 300w, https:\/\/visitaltotamegaebarroso.pt\/wp-content\/uploads\/2023\/07\/Cascata-Cai-Dalto-1-1024x683.png 1024w, https:\/\/visitaltotamegaebarroso.pt\/wp-content\/uploads\/2023\/07\/Cascata-Cai-Dalto-1-768x512.png 768w\" sizes=\"(max-width: 1200px) 100vw, 1200px\" \/>\t\t\t\t<span class=\"mkdf-tours-gallery-simple-item-price-holder\">\n\t\t\t\t\t\n\t\t<span class=\"mkdf-tours-price-holder\">\n\t\t\t\t\t\t\t\t<\/span>\n\n\t\t\t\t\t\t<\/span>\t\t\t\t\n\t\t\t\t<div class=\"mkdf-tours-gallery-simple-item-content-holder\">\n\t\t\t\t\t<div class=\"mkdf-tours-gallery-simple-item-content-inner\">\n\t\t\t\t\t\t\t\t\t\t\t\t\t<h5 class=\"mkdf-tours-gallery-simple-item-destination-holder\">\n\t\t\t\t\t\t\t\t\n\t\t\t<a class=\"mkdf-tour-item-destination\" href=\"https:\/\/visitaltotamegaebarroso.pt\/fr\/destinations\/ribeira-de-pena\/\">\n\t\t\t\tRibeira de Pena\t\t\t<\/a>\n\n\t\t\t\t\t\t\t\t\t<\/h5>\n\t\t\t\t\t\t\t\t\t\t\t\t<div class=\"mkdf-tours-gallery-simple-title-holder\">\n\t\t\t\t\t\t\t<h4 class=\"mkdf-tour-title\">\n\t\t\t\t\t\t\t\tLa cascade de Cai d&rsquo;Alto\t\t\t\t\t\t\t<\/h4>\n\t\t\t\t\t\t<\/div>\n\t\t\t\t\t<\/div>\n\t\t\t\t<\/div>\n\t\t\t\t<a class=\"mkdf-tours-gallery-simple-item-link\" href=\"https:\/\/visitaltotamegaebarroso.pt\/fr\/tour-item\/la-cascade-de-cai-dalto\/\"><\/a>\n\t\t\t<\/div>\n\t\t<\/div>\n\t<\/div><div class=\"mkdf-tours-gallery-simple-item mkdf-tours-row-item mkdf-tour-item-no-rating post-28275 tour-item type-tour-item status-publish has-post-thumbnail hentry tour-category-boticas-fr tour-category-montagnes-et-rivieres tour-category-points-dinterets tour-category-routes-paysageres\">\n\t\t\t<div class=\"mkdf-tours-gallery-simple-item-image-holder\">\n\t\t\t\t\t\t\n\t\t\t<div class=\"mkdf-tours-gallery-simple-item-image\">\n\t\t\t\t<img width=\"1200\" height=\"800\" src=\"https:\/\/visitaltotamegaebarroso.pt\/wp-content\/uploads\/2023\/07\/Fonte-dos-Amores.png\" class=\"attachment-full size-full wp-post-image\" alt=\"\" decoding=\"async\" loading=\"lazy\" srcset=\"https:\/\/visitaltotamegaebarroso.pt\/wp-content\/uploads\/2023\/07\/Fonte-dos-Amores.png 1200w, https:\/\/visitaltotamegaebarroso.pt\/wp-content\/uploads\/2023\/07\/Fonte-dos-Amores-300x200.png 300w, https:\/\/visitaltotamegaebarroso.pt\/wp-content\/uploads\/2023\/07\/Fonte-dos-Amores-1024x683.png 1024w, https:\/\/visitaltotamegaebarroso.pt\/wp-content\/uploads\/2023\/07\/Fonte-dos-Amores-768x512.png 768w\" sizes=\"(max-width: 1200px) 100vw, 1200px\" \/>\t\t\t\t<span class=\"mkdf-tours-gallery-simple-item-price-holder\">\n\t\t\t\t\t\n\t\t<span class=\"mkdf-tours-price-holder\">\n\t\t\t\t\t\t\t\t<\/span>\n\n\t\t\t\t\t\t<\/span>\t\t\t\t\n\t\t\t\t<div class=\"mkdf-tours-gallery-simple-item-content-holder\">\n\t\t\t\t\t<div class=\"mkdf-tours-gallery-simple-item-content-inner\">\n\t\t\t\t\t\t\t\t\t\t\t\t\t<h5 class=\"mkdf-tours-gallery-simple-item-destination-holder\">\n\t\t\t\t\t\t\t\t\n\t\t\t<a class=\"mkdf-tour-item-destination\" href=\"https:\/\/visitaltotamegaebarroso.pt\/fr\/destinations\/boticas\/\">\n\t\t\t\tBoticas\t\t\t<\/a>\n\n\t\t\t\t\t\t\t\t\t<\/h5>\n\t\t\t\t\t\t\t\t\t\t\t\t<div class=\"mkdf-tours-gallery-simple-title-holder\">\n\t\t\t\t\t\t\t<h4 class=\"mkdf-tour-title\">\n\t\t\t\t\t\t\t\tLa fontaine d&rsquo;amour\t\t\t\t\t\t\t<\/h4>\n\t\t\t\t\t\t<\/div>\n\t\t\t\t\t<\/div>\n\t\t\t\t<\/div>\n\t\t\t\t<a class=\"mkdf-tours-gallery-simple-item-link\" href=\"https:\/\/visitaltotamegaebarroso.pt\/fr\/tour-item\/la-fontaine-damour\/\"><\/a>\n\t\t\t<\/div>\n\t\t<\/div>\n\t<\/div><div class=\"mkdf-tours-gallery-simple-item mkdf-tours-row-item mkdf-tour-item-no-rating post-28060 tour-item type-tour-item status-publish has-post-thumbnail hentry tour-category-ribeira-de-pena-fr tour-category-histoire-et-art tour-category-points-dinterets\">\n\t\t\t<div class=\"mkdf-tours-gallery-simple-item-image-holder\">\n\t\t\t\t\t\t\n\t\t\t<div class=\"mkdf-tours-gallery-simple-item-image\">\n\t\t\t\t<img width=\"1200\" height=\"800\" src=\"https:\/\/visitaltotamegaebarroso.pt\/wp-content\/uploads\/2023\/07\/Necropole-Povoa.png\" class=\"attachment-full size-full wp-post-image\" alt=\"\" decoding=\"async\" loading=\"lazy\" srcset=\"https:\/\/visitaltotamegaebarroso.pt\/wp-content\/uploads\/2023\/07\/Necropole-Povoa.png 1200w, https:\/\/visitaltotamegaebarroso.pt\/wp-content\/uploads\/2023\/07\/Necropole-Povoa-300x200.png 300w, https:\/\/visitaltotamegaebarroso.pt\/wp-content\/uploads\/2023\/07\/Necropole-Povoa-1024x683.png 1024w, https:\/\/visitaltotamegaebarroso.pt\/wp-content\/uploads\/2023\/07\/Necropole-Povoa-768x512.png 768w\" sizes=\"(max-width: 1200px) 100vw, 1200px\" \/>\t\t\t\t<span class=\"mkdf-tours-gallery-simple-item-price-holder\">\n\t\t\t\t\t\n\t\t<span class=\"mkdf-tours-price-holder\">\n\t\t\t\t\t\t\t\t<\/span>\n\n\t\t\t\t\t\t<\/span>\t\t\t\t\n\t\t\t\t<div class=\"mkdf-tours-gallery-simple-item-content-holder\">\n\t\t\t\t\t<div class=\"mkdf-tours-gallery-simple-item-content-inner\">\n\t\t\t\t\t\t\t\t\t\t\t\t\t<h5 class=\"mkdf-tours-gallery-simple-item-destination-holder\">\n\t\t\t\t\t\t\t\t\n\t\t\t<a class=\"mkdf-tour-item-destination\" href=\"https:\/\/visitaltotamegaebarroso.pt\/fr\/destinations\/ribeira-de-pena\/\">\n\t\t\t\tRibeira de Pena\t\t\t<\/a>\n\n\t\t\t\t\t\t\t\t\t<\/h5>\n\t\t\t\t\t\t\t\t\t\t\t\t<div class=\"mkdf-tours-gallery-simple-title-holder\">\n\t\t\t\t\t\t\t<h4 class=\"mkdf-tour-title\">\n\t\t\t\t\t\t\t\tLa n\u00e9cropole de P\u00f3voa\t\t\t\t\t\t\t<\/h4>\n\t\t\t\t\t\t<\/div>\n\t\t\t\t\t<\/div>\n\t\t\t\t<\/div>\n\t\t\t\t<a class=\"mkdf-tours-gallery-simple-item-link\" href=\"https:\/\/visitaltotamegaebarroso.pt\/fr\/tour-item\/la-necropole-de-povoa\/\"><\/a>\n\t\t\t<\/div>\n\t\t<\/div>\n\t<\/div><div class=\"mkdf-tours-gallery-simple-item mkdf-tours-row-item mkdf-tour-item-no-rating post-27951 tour-item type-tour-item status-publish has-post-thumbnail hentry tour-category-chaves-fr tour-category-montagnes-et-rivieres tour-category-points-dinterets tour-category-routes-paysageres\">\n\t\t\t<div class=\"mkdf-tours-gallery-simple-item-image-holder\">\n\t\t\t\t\t\t\n\t\t\t<div class=\"mkdf-tours-gallery-simple-item-image\">\n\t\t\t\t<img width=\"1200\" height=\"800\" src=\"https:\/\/visitaltotamegaebarroso.pt\/wp-content\/uploads\/2023\/07\/Pedra-Bolideira.jpg\" class=\"attachment-full size-full wp-post-image\" alt=\"\" decoding=\"async\" loading=\"lazy\" srcset=\"https:\/\/visitaltotamegaebarroso.pt\/wp-content\/uploads\/2023\/07\/Pedra-Bolideira.jpg 1200w, https:\/\/visitaltotamegaebarroso.pt\/wp-content\/uploads\/2023\/07\/Pedra-Bolideira-300x200.jpg 300w, https:\/\/visitaltotamegaebarroso.pt\/wp-content\/uploads\/2023\/07\/Pedra-Bolideira-1024x683.jpg 1024w, https:\/\/visitaltotamegaebarroso.pt\/wp-content\/uploads\/2023\/07\/Pedra-Bolideira-768x512.jpg 768w\" sizes=\"(max-width: 1200px) 100vw, 1200px\" \/>\t\t\t\t<span class=\"mkdf-tours-gallery-simple-item-price-holder\">\n\t\t\t\t\t\n\t\t<span class=\"mkdf-tours-price-holder\">\n\t\t\t\t\t\t\t\t<\/span>\n\n\t\t\t\t\t\t<\/span>\t\t\t\t\n\t\t\t\t<div class=\"mkdf-tours-gallery-simple-item-content-holder\">\n\t\t\t\t\t<div class=\"mkdf-tours-gallery-simple-item-content-inner\">\n\t\t\t\t\t\t\t\t\t\t\t\t\t<h5 class=\"mkdf-tours-gallery-simple-item-destination-holder\">\n\t\t\t\t\t\t\t\t\n\t\t\t<a class=\"mkdf-tour-item-destination\" href=\"https:\/\/visitaltotamegaebarroso.pt\/fr\/destinations\/chaves\/\">\n\t\t\t\tChaves\t\t\t<\/a>\n\n\t\t\t\t\t\t\t\t\t<\/h5>\n\t\t\t\t\t\t\t\t\t\t\t\t<div class=\"mkdf-tours-gallery-simple-title-holder\">\n\t\t\t\t\t\t\t<h4 class=\"mkdf-tour-title\">\n\t\t\t\t\t\t\t\tLa pierre Bolideira\t\t\t\t\t\t\t<\/h4>\n\t\t\t\t\t\t<\/div>\n\t\t\t\t\t<\/div>\n\t\t\t\t<\/div>\n\t\t\t\t<a class=\"mkdf-tours-gallery-simple-item-link\" href=\"https:\/\/visitaltotamegaebarroso.pt\/fr\/tour-item\/la-pierre-bolideira\/\"><\/a>\n\t\t\t<\/div>\n\t\t<\/div>\n\t<\/div><div class=\"mkdf-tours-gallery-simple-item mkdf-tours-row-item mkdf-tour-item-no-rating post-21946 tour-item type-tour-item status-publish has-post-thumbnail hentry tour-category-vila-pouca-de-aguiar-fr tour-category-montagnes-et-rivieres tour-category-points-dinterets tour-category-route-de-leau tour-category-routes-paysageres\">\n\t\t\t<div class=\"mkdf-tours-gallery-simple-item-image-holder\">\n\t\t\t\t\t\t\n\t\t\t<div class=\"mkdf-tours-gallery-simple-item-image\">\n\t\t\t\t<img width=\"1200\" height=\"800\" src=\"https:\/\/visitaltotamegaebarroso.pt\/wp-content\/uploads\/2023\/07\/Lagoa-Alvao.png\" class=\"attachment-full size-full wp-post-image\" alt=\"\" decoding=\"async\" loading=\"lazy\" srcset=\"https:\/\/visitaltotamegaebarroso.pt\/wp-content\/uploads\/2023\/07\/Lagoa-Alvao.png 1200w, https:\/\/visitaltotamegaebarroso.pt\/wp-content\/uploads\/2023\/07\/Lagoa-Alvao-300x200.png 300w, https:\/\/visitaltotamegaebarroso.pt\/wp-content\/uploads\/2023\/07\/Lagoa-Alvao-1024x683.png 1024w, https:\/\/visitaltotamegaebarroso.pt\/wp-content\/uploads\/2023\/07\/Lagoa-Alvao-768x512.png 768w\" sizes=\"(max-width: 1200px) 100vw, 1200px\" \/>\t\t\t\t<span class=\"mkdf-tours-gallery-simple-item-price-holder\">\n\t\t\t\t\t\n\t\t<span class=\"mkdf-tours-price-holder\">\n\t\t\t\t\t\t\t<span class=\"mkdf-tours-item-price \">$1<\/span>\n\t\t\t\t\t\t\t\t<\/span>\n\n\t\t\t\t\t\t<\/span>\t\t\t\t\n\t\t\t\t<div class=\"mkdf-tours-gallery-simple-item-content-holder\">\n\t\t\t\t\t<div class=\"mkdf-tours-gallery-simple-item-content-inner\">\n\t\t\t\t\t\t\t\t\t\t\t\t\t<h5 class=\"mkdf-tours-gallery-simple-item-destination-holder\">\n\t\t\t\t\t\t\t\t\n\t\t\t<a class=\"mkdf-tour-item-destination\" href=\"https:\/\/visitaltotamegaebarroso.pt\/fr\/destinations\/vila-pouca-de-aguiar\/\">\n\t\t\t\tVila Pouca de Aguiar\t\t\t<\/a>\n\n\t\t\t\t\t\t\t\t\t<\/h5>\n\t\t\t\t\t\t\t\t\t\t\t\t<div class=\"mkdf-tours-gallery-simple-title-holder\">\n\t\t\t\t\t\t\t<h4 class=\"mkdf-tour-title\">\n\t\t\t\t\t\t\t\tLagune d&rsquo;Alv\u00e3o\t\t\t\t\t\t\t<\/h4>\n\t\t\t\t\t\t<\/div>\n\t\t\t\t\t<\/div>\n\t\t\t\t<\/div>\n\t\t\t\t<a class=\"mkdf-tours-gallery-simple-item-link\" href=\"https:\/\/visitaltotamegaebarroso.pt\/fr\/tour-item\/lagune-dalvao\/\"><\/a>\n\t\t\t<\/div>\n\t\t<\/div>\n\t<\/div><div class=\"mkdf-tours-gallery-simple-item mkdf-tours-row-item mkdf-tour-item-no-rating post-28257 tour-item type-tour-item status-publish has-post-thumbnail hentry tour-category-chaves-fr tour-category-histoire-et-art tour-category-points-dinterets\">\n\t\t\t<div class=\"mkdf-tours-gallery-simple-item-image-holder\">\n\t\t\t\t\t\t\n\t\t\t<div class=\"mkdf-tours-gallery-simple-item-image\">\n\t\t\t\t<img width=\"1200\" height=\"800\" src=\"https:\/\/visitaltotamegaebarroso.pt\/wp-content\/uploads\/2023\/07\/Forte-S-Neutel.png\" class=\"attachment-full size-full wp-post-image\" alt=\"\" decoding=\"async\" loading=\"lazy\" srcset=\"https:\/\/visitaltotamegaebarroso.pt\/wp-content\/uploads\/2023\/07\/Forte-S-Neutel.png 1200w, https:\/\/visitaltotamegaebarroso.pt\/wp-content\/uploads\/2023\/07\/Forte-S-Neutel-300x200.png 300w, https:\/\/visitaltotamegaebarroso.pt\/wp-content\/uploads\/2023\/07\/Forte-S-Neutel-1024x683.png 1024w, https:\/\/visitaltotamegaebarroso.pt\/wp-content\/uploads\/2023\/07\/Forte-S-Neutel-768x512.png 768w\" sizes=\"(max-width: 1200px) 100vw, 1200px\" \/>\t\t\t\t<span class=\"mkdf-tours-gallery-simple-item-price-holder\">\n\t\t\t\t\t\n\t\t<span class=\"mkdf-tours-price-holder\">\n\t\t\t\t\t\t\t<span class=\"mkdf-tours-item-price \">$1<\/span>\n\t\t\t\t\t\t\t\t<\/span>\n\n\t\t\t\t\t\t<\/span>\t\t\t\t\n\t\t\t\t<div class=\"mkdf-tours-gallery-simple-item-content-holder\">\n\t\t\t\t\t<div class=\"mkdf-tours-gallery-simple-item-content-inner\">\n\t\t\t\t\t\t\t\t\t\t\t\t\t<h5 class=\"mkdf-tours-gallery-simple-item-destination-holder\">\n\t\t\t\t\t\t\t\t\n\t\t\t<a class=\"mkdf-tour-item-destination\" href=\"https:\/\/visitaltotamegaebarroso.pt\/fr\/destinations\/chaves\/\">\n\t\t\t\tChaves\t\t\t<\/a>\n\n\t\t\t\t\t\t\t\t\t<\/h5>\n\t\t\t\t\t\t\t\t\t\t\t\t<div class=\"mkdf-tours-gallery-simple-title-holder\">\n\t\t\t\t\t\t\t<h4 class=\"mkdf-tour-title\">\n\t\t\t\t\t\t\t\tLe Fort de St Neutel\t\t\t\t\t\t\t<\/h4>\n\t\t\t\t\t\t<\/div>\n\t\t\t\t\t<\/div>\n\t\t\t\t<\/div>\n\t\t\t\t<a class=\"mkdf-tours-gallery-simple-item-link\" href=\"https:\/\/visitaltotamegaebarroso.pt\/fr\/tour-item\/le-fort-de-st-neutel\/\"><\/a>\n\t\t\t<\/div>\n\t\t<\/div>\n\t<\/div><div class=\"mkdf-tours-gallery-simple-item mkdf-tours-row-item mkdf-tour-item-no-rating post-28491 tour-item type-tour-item status-publish has-post-thumbnail hentry tour-category-montalegre-fr tour-category-gastronomie-eaux-et-vins tour-category-montagnes-et-rivieres tour-category-points-dinterets tour-category-villages-et-traditions\">\n\t\t\t<div class=\"mkdf-tours-gallery-simple-item-image-holder\">\n\t\t\t\t\t\t\n\t\t\t<div class=\"mkdf-tours-gallery-simple-item-image\">\n\t\t\t\t<img width=\"2560\" height=\"1707\" src=\"https:\/\/visitaltotamegaebarroso.pt\/wp-content\/uploads\/2023\/06\/VinhaMaisAltaPortugalMontalegre-scaled.jpg\" class=\"attachment-full size-full wp-post-image\" alt=\"Vinha mais alta de Portugal\" decoding=\"async\" loading=\"lazy\" srcset=\"https:\/\/visitaltotamegaebarroso.pt\/wp-content\/uploads\/2023\/06\/VinhaMaisAltaPortugalMontalegre-scaled.jpg 2560w, https:\/\/visitaltotamegaebarroso.pt\/wp-content\/uploads\/2023\/06\/VinhaMaisAltaPortugalMontalegre-300x200.jpg 300w, https:\/\/visitaltotamegaebarroso.pt\/wp-content\/uploads\/2023\/06\/VinhaMaisAltaPortugalMontalegre-1024x683.jpg 1024w, https:\/\/visitaltotamegaebarroso.pt\/wp-content\/uploads\/2023\/06\/VinhaMaisAltaPortugalMontalegre-768x512.jpg 768w, https:\/\/visitaltotamegaebarroso.pt\/wp-content\/uploads\/2023\/06\/VinhaMaisAltaPortugalMontalegre-1536x1024.jpg 1536w\" sizes=\"(max-width: 2560px) 100vw, 2560px\" \/>\t\t\t\t<span class=\"mkdf-tours-gallery-simple-item-price-holder\">\n\t\t\t\t\t\n\t\t<span class=\"mkdf-tours-price-holder\">\n\t\t\t\t\t\t\t\t<\/span>\n\n\t\t\t\t\t\t<\/span>\t\t\t\t\n\t\t\t\t<div class=\"mkdf-tours-gallery-simple-item-content-holder\">\n\t\t\t\t\t<div class=\"mkdf-tours-gallery-simple-item-content-inner\">\n\t\t\t\t\t\t\t\t\t\t\t\t\t<h5 class=\"mkdf-tours-gallery-simple-item-destination-holder\">\n\t\t\t\t\t\t\t\t\n\t\t\t<a class=\"mkdf-tour-item-destination\" href=\"https:\/\/visitaltotamegaebarroso.pt\/fr\/destinations\/montalegre\/\">\n\t\t\t\tMontalegre\t\t\t<\/a>\n\n\t\t\t\t\t\t\t\t\t<\/h5>\n\t\t\t\t\t\t\t\t\t\t\t\t<div class=\"mkdf-tours-gallery-simple-title-holder\">\n\t\t\t\t\t\t\t<h4 class=\"mkdf-tour-title\">\n\t\t\t\t\t\t\t\tLe plus haut vignoble du Portugal\t\t\t\t\t\t\t<\/h4>\n\t\t\t\t\t\t<\/div>\n\t\t\t\t\t<\/div>\n\t\t\t\t<\/div>\n\t\t\t\t<a class=\"mkdf-tours-gallery-simple-item-link\" href=\"https:\/\/visitaltotamegaebarroso.pt\/fr\/tour-item\/le-plus-haut-vignoble-du-portugal\/\"><\/a>\n\t\t\t<\/div>\n\t\t<\/div>\n\t<\/div><div class=\"mkdf-tours-gallery-simple-item mkdf-tours-row-item mkdf-tour-item-no-rating post-21202 tour-item type-tour-item status-publish has-post-thumbnail hentry tour-category-chaves-fr tour-category-histoire-et-art tour-category-montagnes-et-rivieres tour-category-points-dinterets tour-category-route-de-leau\">\n\t\t\t<div class=\"mkdf-tours-gallery-simple-item-image-holder\">\n\t\t\t\t\t\t\n\t\t\t<div class=\"mkdf-tours-gallery-simple-item-image\">\n\t\t\t\t<img width=\"1200\" height=\"800\" src=\"https:\/\/visitaltotamegaebarroso.pt\/wp-content\/uploads\/2023\/07\/Ponte-Trajano.png\" class=\"attachment-full size-full wp-post-image\" alt=\"\" decoding=\"async\" loading=\"lazy\" srcset=\"https:\/\/visitaltotamegaebarroso.pt\/wp-content\/uploads\/2023\/07\/Ponte-Trajano.png 1200w, https:\/\/visitaltotamegaebarroso.pt\/wp-content\/uploads\/2023\/07\/Ponte-Trajano-300x200.png 300w, https:\/\/visitaltotamegaebarroso.pt\/wp-content\/uploads\/2023\/07\/Ponte-Trajano-1024x683.png 1024w, https:\/\/visitaltotamegaebarroso.pt\/wp-content\/uploads\/2023\/07\/Ponte-Trajano-768x512.png 768w\" sizes=\"(max-width: 1200px) 100vw, 1200px\" \/>\t\t\t\t<span class=\"mkdf-tours-gallery-simple-item-price-holder\">\n\t\t\t\t\t\n\t\t<span class=\"mkdf-tours-price-holder\">\n\t\t\t\t\t\t\t<span class=\"mkdf-tours-item-price \">$1<\/span>\n\t\t\t\t\t\t\t\t<\/span>\n\n\t\t\t\t\t\t<\/span>\t\t\t\t\n\t\t\t\t<div class=\"mkdf-tours-gallery-simple-item-content-holder\">\n\t\t\t\t\t<div class=\"mkdf-tours-gallery-simple-item-content-inner\">\n\t\t\t\t\t\t\t\t\t\t\t\t\t<h5 class=\"mkdf-tours-gallery-simple-item-destination-holder\">\n\t\t\t\t\t\t\t\t\n\t\t\t<a class=\"mkdf-tour-item-destination\" href=\"https:\/\/visitaltotamegaebarroso.pt\/fr\/destinations\/chaves\/\">\n\t\t\t\tChaves\t\t\t<\/a>\n\n\t\t\t\t\t\t\t\t\t<\/h5>\n\t\t\t\t\t\t\t\t\t\t\t\t<div class=\"mkdf-tours-gallery-simple-title-holder\">\n\t\t\t\t\t\t\t<h4 class=\"mkdf-tour-title\">\n\t\t\t\t\t\t\t\tLe pont romain de Trajan\t\t\t\t\t\t\t<\/h4>\n\t\t\t\t\t\t<\/div>\n\t\t\t\t\t<\/div>\n\t\t\t\t<\/div>\n\t\t\t\t<a class=\"mkdf-tours-gallery-simple-item-link\" href=\"https:\/\/visitaltotamegaebarroso.pt\/fr\/tour-item\/le-pont-romain-de-trajan\/\"><\/a>\n\t\t\t<\/div>\n\t\t<\/div>\n\t<\/div><div class=\"mkdf-tours-gallery-simple-item mkdf-tours-row-item mkdf-tour-item-no-rating post-28052 tour-item type-tour-item status-publish has-post-thumbnail hentry tour-category-valpacos-fr tour-category-histoire-et-art tour-category-points-dinterets\">\n\t\t\t<div class=\"mkdf-tours-gallery-simple-item-image-holder\">\n\t\t\t\t\t\t\n\t\t\t<div class=\"mkdf-tours-gallery-simple-item-image\">\n\t\t\t\t<img width=\"1200\" height=\"800\" src=\"https:\/\/visitaltotamegaebarroso.pt\/wp-content\/uploads\/2023\/07\/Pacos-Concelho.png\" class=\"attachment-full size-full wp-post-image\" alt=\"\" decoding=\"async\" loading=\"lazy\" srcset=\"https:\/\/visitaltotamegaebarroso.pt\/wp-content\/uploads\/2023\/07\/Pacos-Concelho.png 1200w, https:\/\/visitaltotamegaebarroso.pt\/wp-content\/uploads\/2023\/07\/Pacos-Concelho-300x200.png 300w, https:\/\/visitaltotamegaebarroso.pt\/wp-content\/uploads\/2023\/07\/Pacos-Concelho-1024x683.png 1024w, https:\/\/visitaltotamegaebarroso.pt\/wp-content\/uploads\/2023\/07\/Pacos-Concelho-768x512.png 768w\" sizes=\"(max-width: 1200px) 100vw, 1200px\" \/>\t\t\t\t<span class=\"mkdf-tours-gallery-simple-item-price-holder\">\n\t\t\t\t\t\n\t\t<span class=\"mkdf-tours-price-holder\">\n\t\t\t\t\t\t\t\t<\/span>\n\n\t\t\t\t\t\t<\/span>\t\t\t\t\n\t\t\t\t<div class=\"mkdf-tours-gallery-simple-item-content-holder\">\n\t\t\t\t\t<div class=\"mkdf-tours-gallery-simple-item-content-inner\">\n\t\t\t\t\t\t\t\t\t\t\t\t\t<h5 class=\"mkdf-tours-gallery-simple-item-destination-holder\">\n\t\t\t\t\t\t\t\t\n\t\t\t<a class=\"mkdf-tour-item-destination\" href=\"https:\/\/visitaltotamegaebarroso.pt\/fr\/destinations\/valpacos\/\">\n\t\t\t\tValpa\u00e7os\t\t\t<\/a>\n\n\t\t\t\t\t\t\t\t\t<\/h5>\n\t\t\t\t\t\t\t\t\t\t\t\t<div class=\"mkdf-tours-gallery-simple-title-holder\">\n\t\t\t\t\t\t\t<h4 class=\"mkdf-tour-title\">\n\t\t\t\t\t\t\t\tMairie\t\t\t\t\t\t\t<\/h4>\n\t\t\t\t\t\t<\/div>\n\t\t\t\t\t<\/div>\n\t\t\t\t<\/div>\n\t\t\t\t<a class=\"mkdf-tours-gallery-simple-item-link\" href=\"https:\/\/visitaltotamegaebarroso.pt\/fr\/tour-item\/mairie\/\"><\/a>\n\t\t\t<\/div>\n\t\t<\/div>\n\t<\/div><div class=\"mkdf-tours-gallery-simple-item mkdf-tours-row-item mkdf-tour-item-no-rating post-28123 tour-item type-tour-item status-publish has-post-thumbnail hentry tour-category-chaves-fr tour-category-histoire-et-art tour-category-points-dinterets\">\n\t\t\t<div class=\"mkdf-tours-gallery-simple-item-image-holder\">\n\t\t\t\t\t\t\n\t\t\t<div class=\"mkdf-tours-gallery-simple-item-image\">\n\t\t\t\t<img width=\"1200\" height=\"800\" src=\"https:\/\/visitaltotamegaebarroso.pt\/wp-content\/uploads\/2023\/07\/Pacos-Concelho-Casa-Morgado.png\" class=\"attachment-full size-full wp-post-image\" alt=\"\" decoding=\"async\" loading=\"lazy\" srcset=\"https:\/\/visitaltotamegaebarroso.pt\/wp-content\/uploads\/2023\/07\/Pacos-Concelho-Casa-Morgado.png 1200w, https:\/\/visitaltotamegaebarroso.pt\/wp-content\/uploads\/2023\/07\/Pacos-Concelho-Casa-Morgado-300x200.png 300w, https:\/\/visitaltotamegaebarroso.pt\/wp-content\/uploads\/2023\/07\/Pacos-Concelho-Casa-Morgado-1024x683.png 1024w, https:\/\/visitaltotamegaebarroso.pt\/wp-content\/uploads\/2023\/07\/Pacos-Concelho-Casa-Morgado-768x512.png 768w\" sizes=\"(max-width: 1200px) 100vw, 1200px\" \/>\t\t\t\t<span class=\"mkdf-tours-gallery-simple-item-price-holder\">\n\t\t\t\t\t\n\t\t<span class=\"mkdf-tours-price-holder\">\n\t\t\t\t\t\t\t<span class=\"mkdf-tours-item-price \">$1<\/span>\n\t\t\t\t\t\t\t\t<\/span>\n\n\t\t\t\t\t\t<\/span>\t\t\t\t\n\t\t\t\t<div class=\"mkdf-tours-gallery-simple-item-content-holder\">\n\t\t\t\t\t<div class=\"mkdf-tours-gallery-simple-item-content-inner\">\n\t\t\t\t\t\t\t\t\t\t\t\t\t<h5 class=\"mkdf-tours-gallery-simple-item-destination-holder\">\n\t\t\t\t\t\t\t\t\n\t\t\t<a class=\"mkdf-tour-item-destination\" href=\"https:\/\/visitaltotamegaebarroso.pt\/fr\/destinations\/chaves\/\">\n\t\t\t\tChaves\t\t\t<\/a>\n\n\t\t\t\t\t\t\t\t\t<\/h5>\n\t\t\t\t\t\t\t\t\t\t\t\t<div class=\"mkdf-tours-gallery-simple-title-holder\">\n\t\t\t\t\t\t\t<h4 class=\"mkdf-tour-title\">\n\t\t\t\t\t\t\t\tMairie &#8211; Maison du Morgado de Vilar de Perdizes\t\t\t\t\t\t\t<\/h4>\n\t\t\t\t\t\t<\/div>\n\t\t\t\t\t<\/div>\n\t\t\t\t<\/div>\n\t\t\t\t<a class=\"mkdf-tours-gallery-simple-item-link\" href=\"https:\/\/visitaltotamegaebarroso.pt\/fr\/tour-item\/mairie-maison-du-morgado-de-vilar-de-perdizes\/\"><\/a>\n\t\t\t<\/div>\n\t\t<\/div>\n\t<\/div><div class=\"mkdf-tours-gallery-simple-item mkdf-tours-row-item mkdf-tour-item-no-rating post-28397 tour-item type-tour-item status-publish has-post-thumbnail hentry tour-category-chaves-fr tour-category-histoire-et-art tour-category-points-dinterets\">\n\t\t\t<div class=\"mkdf-tours-gallery-simple-item-image-holder\">\n\t\t\t\t\t\t\n\t\t\t<div class=\"mkdf-tours-gallery-simple-item-image\">\n\t\t\t\t<img width=\"1200\" height=\"800\" src=\"https:\/\/visitaltotamegaebarroso.pt\/wp-content\/uploads\/2023\/07\/Casa-Museu-Joao-Vieira.png\" class=\"attachment-full size-full wp-post-image\" alt=\"\" decoding=\"async\" loading=\"lazy\" srcset=\"https:\/\/visitaltotamegaebarroso.pt\/wp-content\/uploads\/2023\/07\/Casa-Museu-Joao-Vieira.png 1200w, https:\/\/visitaltotamegaebarroso.pt\/wp-content\/uploads\/2023\/07\/Casa-Museu-Joao-Vieira-300x200.png 300w, https:\/\/visitaltotamegaebarroso.pt\/wp-content\/uploads\/2023\/07\/Casa-Museu-Joao-Vieira-1024x683.png 1024w, https:\/\/visitaltotamegaebarroso.pt\/wp-content\/uploads\/2023\/07\/Casa-Museu-Joao-Vieira-768x512.png 768w\" sizes=\"(max-width: 1200px) 100vw, 1200px\" \/>\t\t\t\t<span class=\"mkdf-tours-gallery-simple-item-price-holder\">\n\t\t\t\t\t\n\t\t<span class=\"mkdf-tours-price-holder\">\n\t\t\t\t\t\t\t\t<\/span>\n\n\t\t\t\t\t\t<\/span>\t\t\t\t\n\t\t\t\t<div class=\"mkdf-tours-gallery-simple-item-content-holder\">\n\t\t\t\t\t<div class=\"mkdf-tours-gallery-simple-item-content-inner\">\n\t\t\t\t\t\t\t\t\t\t\t\t\t<h5 class=\"mkdf-tours-gallery-simple-item-destination-holder\">\n\t\t\t\t\t\t\t\t\n\t\t\t<a class=\"mkdf-tour-item-destination\" href=\"https:\/\/visitaltotamegaebarroso.pt\/fr\/destinations\/chaves\/\">\n\t\t\t\tChaves\t\t\t<\/a>\n\n\t\t\t\t\t\t\t\t\t<\/h5>\n\t\t\t\t\t\t\t\t\t\t\t\t<div class=\"mkdf-tours-gallery-simple-title-holder\">\n\t\t\t\t\t\t\t<h4 class=\"mkdf-tour-title\">\n\t\t\t\t\t\t\t\tMaison-mus\u00e9e Jo\u00e3o Vieira\t\t\t\t\t\t\t<\/h4>\n\t\t\t\t\t\t<\/div>\n\t\t\t\t\t<\/div>\n\t\t\t\t<\/div>\n\t\t\t\t<a class=\"mkdf-tours-gallery-simple-item-link\" href=\"https:\/\/visitaltotamegaebarroso.pt\/fr\/tour-item\/maison-musee-joao-vieira\/\"><\/a>\n\t\t\t<\/div>\n\t\t<\/div>\n\t<\/div><div class=\"mkdf-tours-gallery-simple-item mkdf-tours-row-item mkdf-tour-item-no-rating post-27558 tour-item type-tour-item status-publish has-post-thumbnail hentry tour-category-valpacos-fr tour-category-histoire-et-art tour-category-points-dinterets tour-category-villages-et-traditions\">\n\t\t\t<div class=\"mkdf-tours-gallery-simple-item-image-holder\">\n\t\t\t\t\t\t\n\t\t\t<div class=\"mkdf-tours-gallery-simple-item-image\">\n\t\t\t\t<img width=\"1200\" height=\"800\" src=\"https:\/\/visitaltotamegaebarroso.pt\/wp-content\/uploads\/2023\/07\/Solar-dos-Calainhos.jpg\" class=\"attachment-full size-full wp-post-image\" alt=\"\" decoding=\"async\" loading=\"lazy\" srcset=\"https:\/\/visitaltotamegaebarroso.pt\/wp-content\/uploads\/2023\/07\/Solar-dos-Calainhos.jpg 1200w, https:\/\/visitaltotamegaebarroso.pt\/wp-content\/uploads\/2023\/07\/Solar-dos-Calainhos-300x200.jpg 300w, https:\/\/visitaltotamegaebarroso.pt\/wp-content\/uploads\/2023\/07\/Solar-dos-Calainhos-1024x683.jpg 1024w, https:\/\/visitaltotamegaebarroso.pt\/wp-content\/uploads\/2023\/07\/Solar-dos-Calainhos-768x512.jpg 768w\" sizes=\"(max-width: 1200px) 100vw, 1200px\" \/>\t\t\t\t<span class=\"mkdf-tours-gallery-simple-item-price-holder\">\n\t\t\t\t\t\n\t\t<span class=\"mkdf-tours-price-holder\">\n\t\t\t\t\t\t\t\t<\/span>\n\n\t\t\t\t\t\t<\/span>\t\t\t\t\n\t\t\t\t<div class=\"mkdf-tours-gallery-simple-item-content-holder\">\n\t\t\t\t\t<div class=\"mkdf-tours-gallery-simple-item-content-inner\">\n\t\t\t\t\t\t\t\t\t\t\t\t\t<h5 class=\"mkdf-tours-gallery-simple-item-destination-holder\">\n\t\t\t\t\t\t\t\t\n\t\t\t<a class=\"mkdf-tour-item-destination\" href=\"https:\/\/visitaltotamegaebarroso.pt\/fr\/destinations\/valpacos\/\">\n\t\t\t\tValpa\u00e7os\t\t\t<\/a>\n\n\t\t\t\t\t\t\t\t\t<\/h5>\n\t\t\t\t\t\t\t\t\t\t\t\t<div class=\"mkdf-tours-gallery-simple-title-holder\">\n\t\t\t\t\t\t\t<h4 class=\"mkdf-tour-title\">\n\t\t\t\t\t\t\t\tManoir de Cala\u00ednhos\t\t\t\t\t\t\t<\/h4>\n\t\t\t\t\t\t<\/div>\n\t\t\t\t\t<\/div>\n\t\t\t\t<\/div>\n\t\t\t\t<a class=\"mkdf-tours-gallery-simple-item-link\" href=\"https:\/\/visitaltotamegaebarroso.pt\/fr\/tour-item\/manoir-de-calainhos\/\"><\/a>\n\t\t\t<\/div>\n\t\t<\/div>\n\t<\/div><div class=\"mkdf-tours-gallery-simple-item mkdf-tours-row-item mkdf-tour-item-no-rating post-28164 tour-item type-tour-item status-publish has-post-thumbnail hentry tour-category-ribeira-de-pena-fr tour-category-histoire-et-art tour-category-points-dinterets\">\n\t\t\t<div class=\"mkdf-tours-gallery-simple-item-image-holder\">\n\t\t\t\t\t\t\n\t\t\t<div class=\"mkdf-tours-gallery-simple-item-image\">\n\t\t\t\t<img width=\"1070\" height=\"802\" src=\"https:\/\/visitaltotamegaebarroso.pt\/wp-content\/uploads\/2023\/07\/Menir-Pedra_cmrp.jpg\" class=\"attachment-full size-full wp-post-image\" alt=\"\" decoding=\"async\" loading=\"lazy\" srcset=\"https:\/\/visitaltotamegaebarroso.pt\/wp-content\/uploads\/2023\/07\/Menir-Pedra_cmrp.jpg 1070w, https:\/\/visitaltotamegaebarroso.pt\/wp-content\/uploads\/2023\/07\/Menir-Pedra_cmrp-300x225.jpg 300w, https:\/\/visitaltotamegaebarroso.pt\/wp-content\/uploads\/2023\/07\/Menir-Pedra_cmrp-1024x768.jpg 1024w, https:\/\/visitaltotamegaebarroso.pt\/wp-content\/uploads\/2023\/07\/Menir-Pedra_cmrp-768x576.jpg 768w\" sizes=\"(max-width: 1070px) 100vw, 1070px\" \/>\t\t\t\t<span class=\"mkdf-tours-gallery-simple-item-price-holder\">\n\t\t\t\t\t\n\t\t<span class=\"mkdf-tours-price-holder\">\n\t\t\t\t\t\t\t\t<\/span>\n\n\t\t\t\t\t\t<\/span>\t\t\t\t\n\t\t\t\t<div class=\"mkdf-tours-gallery-simple-item-content-holder\">\n\t\t\t\t\t<div class=\"mkdf-tours-gallery-simple-item-content-inner\">\n\t\t\t\t\t\t\t\t\t\t\t\t\t<h5 class=\"mkdf-tours-gallery-simple-item-destination-holder\">\n\t\t\t\t\t\t\t\t\n\t\t\t<a class=\"mkdf-tour-item-destination\" href=\"https:\/\/visitaltotamegaebarroso.pt\/fr\/destinations\/ribeira-de-pena\/\">\n\t\t\t\tRibeira de Pena\t\t\t<\/a>\n\n\t\t\t\t\t\t\t\t\t<\/h5>\n\t\t\t\t\t\t\t\t\t\t\t\t<div class=\"mkdf-tours-gallery-simple-title-holder\">\n\t\t\t\t\t\t\t<h4 class=\"mkdf-tour-title\">\n\t\t\t\t\t\t\t\tMenhir de Pedra d&rsquo;Anta\t\t\t\t\t\t\t<\/h4>\n\t\t\t\t\t\t<\/div>\n\t\t\t\t\t<\/div>\n\t\t\t\t<\/div>\n\t\t\t\t<a class=\"mkdf-tours-gallery-simple-item-link\" href=\"https:\/\/visitaltotamegaebarroso.pt\/fr\/tour-item\/menhir-de-pedra-danta\/\"><\/a>\n\t\t\t<\/div>\n\t\t<\/div>\n\t<\/div><div class=\"mkdf-tours-gallery-simple-item mkdf-tours-row-item mkdf-tour-item-no-rating post-28132 tour-item type-tour-item status-publish has-post-thumbnail hentry tour-category-montalegre-fr tour-category-histoire-et-art tour-category-points-dinterets tour-category-villages-et-traditions\">\n\t\t\t<div class=\"mkdf-tours-gallery-simple-item-image-holder\">\n\t\t\t\t\t\t\n\t\t\t<div class=\"mkdf-tours-gallery-simple-item-image\">\n\t\t\t\t<img width=\"1200\" height=\"800\" src=\"https:\/\/visitaltotamegaebarroso.pt\/wp-content\/uploads\/2023\/07\/Mosteiro-Santa-Maria-Junias.png\" class=\"attachment-full size-full wp-post-image\" alt=\"\" decoding=\"async\" loading=\"lazy\" srcset=\"https:\/\/visitaltotamegaebarroso.pt\/wp-content\/uploads\/2023\/07\/Mosteiro-Santa-Maria-Junias.png 1200w, https:\/\/visitaltotamegaebarroso.pt\/wp-content\/uploads\/2023\/07\/Mosteiro-Santa-Maria-Junias-300x200.png 300w, https:\/\/visitaltotamegaebarroso.pt\/wp-content\/uploads\/2023\/07\/Mosteiro-Santa-Maria-Junias-1024x683.png 1024w, https:\/\/visitaltotamegaebarroso.pt\/wp-content\/uploads\/2023\/07\/Mosteiro-Santa-Maria-Junias-768x512.png 768w\" sizes=\"(max-width: 1200px) 100vw, 1200px\" \/>\t\t\t\t<span class=\"mkdf-tours-gallery-simple-item-price-holder\">\n\t\t\t\t\t\n\t\t<span class=\"mkdf-tours-price-holder\">\n\t\t\t\t\t\t\t\t<\/span>\n\n\t\t\t\t\t\t<\/span>\t\t\t\t\n\t\t\t\t<div class=\"mkdf-tours-gallery-simple-item-content-holder\">\n\t\t\t\t\t<div class=\"mkdf-tours-gallery-simple-item-content-inner\">\n\t\t\t\t\t\t\t\t\t\t\t\t\t<h5 class=\"mkdf-tours-gallery-simple-item-destination-holder\">\n\t\t\t\t\t\t\t\t\n\t\t\t<a class=\"mkdf-tour-item-destination\" href=\"https:\/\/visitaltotamegaebarroso.pt\/fr\/destinations\/montalegre\/\">\n\t\t\t\tMontalegre\t\t\t<\/a>\n\n\t\t\t\t\t\t\t\t\t<\/h5>\n\t\t\t\t\t\t\t\t\t\t\t\t<div class=\"mkdf-tours-gallery-simple-title-holder\">\n\t\t\t\t\t\t\t<h4 class=\"mkdf-tour-title\">\n\t\t\t\t\t\t\t\tMonast\u00e8re de Santa Maria das J\u00fanias\t\t\t\t\t\t\t<\/h4>\n\t\t\t\t\t\t<\/div>\n\t\t\t\t\t<\/div>\n\t\t\t\t<\/div>\n\t\t\t\t<a class=\"mkdf-tours-gallery-simple-item-link\" href=\"https:\/\/visitaltotamegaebarroso.pt\/fr\/tour-item\/monastere-de-santa-maria-das-junias\/\"><\/a>\n\t\t\t<\/div>\n\t\t<\/div>\n\t<\/div><div class=\"mkdf-tours-gallery-simple-item mkdf-tours-row-item mkdf-tour-item-no-rating post-28560 tour-item type-tour-item status-publish has-post-thumbnail hentry tour-category-vila-pouca-de-aguiar-fr tour-category-histoire-et-art\">\n\t\t\t<div class=\"mkdf-tours-gallery-simple-item-image-holder\">\n\t\t\t\t\t\t\n\t\t\t<div class=\"mkdf-tours-gallery-simple-item-image\">\n\t\t\t\t<img width=\"2560\" height=\"1920\" src=\"https:\/\/visitaltotamegaebarroso.pt\/wp-content\/uploads\/2024\/06\/Mamoa-do-Alto-do-Cotorino-scaled.jpg\" class=\"attachment-full size-full wp-post-image\" alt=\"\" decoding=\"async\" loading=\"lazy\" srcset=\"https:\/\/visitaltotamegaebarroso.pt\/wp-content\/uploads\/2024\/06\/Mamoa-do-Alto-do-Cotorino-scaled.jpg 2560w, https:\/\/visitaltotamegaebarroso.pt\/wp-content\/uploads\/2024\/06\/Mamoa-do-Alto-do-Cotorino-300x225.jpg 300w, https:\/\/visitaltotamegaebarroso.pt\/wp-content\/uploads\/2024\/06\/Mamoa-do-Alto-do-Cotorino-1024x768.jpg 1024w, https:\/\/visitaltotamegaebarroso.pt\/wp-content\/uploads\/2024\/06\/Mamoa-do-Alto-do-Cotorino-768x576.jpg 768w, https:\/\/visitaltotamegaebarroso.pt\/wp-content\/uploads\/2024\/06\/Mamoa-do-Alto-do-Cotorino-1536x1152.jpg 1536w\" sizes=\"(max-width: 2560px) 100vw, 2560px\" \/>\t\t\t\t<span class=\"mkdf-tours-gallery-simple-item-price-holder\">\n\t\t\t\t\t\n\t\t<span class=\"mkdf-tours-price-holder\">\n\t\t\t\t\t\t\t\t<\/span>\n\n\t\t\t\t\t\t<\/span>\t\t\t\t\n\t\t\t\t<div class=\"mkdf-tours-gallery-simple-item-content-holder\">\n\t\t\t\t\t<div class=\"mkdf-tours-gallery-simple-item-content-inner\">\n\t\t\t\t\t\t\t\t\t\t\t\t\t<h5 class=\"mkdf-tours-gallery-simple-item-destination-holder\">\n\t\t\t\t\t\t\t\t\n\t\t\t<a class=\"mkdf-tour-item-destination\" href=\"https:\/\/visitaltotamegaebarroso.pt\/fr\/destinations\/vila-pouca-de-aguiar\/\">\n\t\t\t\tVila Pouca de Aguiar\t\t\t<\/a>\n\n\t\t\t\t\t\t\t\t\t<\/h5>\n\t\t\t\t\t\t\t\t\t\t\t\t<div class=\"mkdf-tours-gallery-simple-title-holder\">\n\t\t\t\t\t\t\t<h4 class=\"mkdf-tour-title\">\n\t\t\t\t\t\t\t\tMonticule de l\u2019Alto do Cotorino\t\t\t\t\t\t\t<\/h4>\n\t\t\t\t\t\t<\/div>\n\t\t\t\t\t<\/div>\n\t\t\t\t<\/div>\n\t\t\t\t<a class=\"mkdf-tours-gallery-simple-item-link\" href=\"https:\/\/visitaltotamegaebarroso.pt\/fr\/tour-item\/monticule-de-lalto-do-cotorino\/\"><\/a>\n\t\t\t<\/div>\n\t\t<\/div>\n\t<\/div><div class=\"mkdf-tours-gallery-simple-item mkdf-tours-row-item mkdf-tour-item-no-rating post-28144 tour-item type-tour-item status-publish has-post-thumbnail hentry tour-category-boticas-fr tour-category-histoire-et-art tour-category-points-dinterets tour-category-routes-paysageres tour-category-villages-et-traditions\">\n\t\t\t<div class=\"mkdf-tours-gallery-simple-item-image-holder\">\n\t\t\t\t\t\t\n\t\t\t<div class=\"mkdf-tours-gallery-simple-item-image\">\n\t\t\t\t<img width=\"1200\" height=\"800\" src=\"https:\/\/visitaltotamegaebarroso.pt\/wp-content\/uploads\/2023\/07\/moinho-aruba-1.jpg\" class=\"attachment-full size-full wp-post-image\" alt=\"\" decoding=\"async\" loading=\"lazy\" srcset=\"https:\/\/visitaltotamegaebarroso.pt\/wp-content\/uploads\/2023\/07\/moinho-aruba-1.jpg 1200w, https:\/\/visitaltotamegaebarroso.pt\/wp-content\/uploads\/2023\/07\/moinho-aruba-1-300x200.jpg 300w, https:\/\/visitaltotamegaebarroso.pt\/wp-content\/uploads\/2023\/07\/moinho-aruba-1-1024x683.jpg 1024w, https:\/\/visitaltotamegaebarroso.pt\/wp-content\/uploads\/2023\/07\/moinho-aruba-1-768x512.jpg 768w\" sizes=\"(max-width: 1200px) 100vw, 1200px\" \/>\t\t\t\t<span class=\"mkdf-tours-gallery-simple-item-price-holder\">\n\t\t\t\t\t\n\t\t<span class=\"mkdf-tours-price-holder\">\n\t\t\t\t\t\t\t\t<\/span>\n\n\t\t\t\t\t\t<\/span>\t\t\t\t\n\t\t\t\t<div class=\"mkdf-tours-gallery-simple-item-content-holder\">\n\t\t\t\t\t<div class=\"mkdf-tours-gallery-simple-item-content-inner\">\n\t\t\t\t\t\t\t\t\t\t\t\t\t<h5 class=\"mkdf-tours-gallery-simple-item-destination-holder\">\n\t\t\t\t\t\t\t\t\n\t\t\t<a class=\"mkdf-tour-item-destination\" href=\"https:\/\/visitaltotamegaebarroso.pt\/fr\/destinations\/boticas\/\">\n\t\t\t\tBoticas\t\t\t<\/a>\n\n\t\t\t\t\t\t\t\t\t<\/h5>\n\t\t\t\t\t\t\t\t\t\t\t\t<div class=\"mkdf-tours-gallery-simple-title-holder\">\n\t\t\t\t\t\t\t<h4 class=\"mkdf-tour-title\">\n\t\t\t\t\t\t\t\tMoulin d&rsquo;Aruba\t\t\t\t\t\t\t<\/h4>\n\t\t\t\t\t\t<\/div>\n\t\t\t\t\t<\/div>\n\t\t\t\t<\/div>\n\t\t\t\t<a class=\"mkdf-tours-gallery-simple-item-link\" href=\"https:\/\/visitaltotamegaebarroso.pt\/fr\/tour-item\/moulin-daruba\/\"><\/a>\n\t\t\t<\/div>\n\t\t<\/div>\n\t<\/div><div class=\"mkdf-tours-gallery-simple-item mkdf-tours-row-item mkdf-tour-item-no-rating post-28140 tour-item type-tour-item status-publish has-post-thumbnail hentry tour-category-ribeira-de-pena-fr tour-category-points-dinterets tour-category-villages-et-traditions\">\n\t\t\t<div class=\"mkdf-tours-gallery-simple-item-image-holder\">\n\t\t\t\t\t\t\n\t\t\t<div class=\"mkdf-tours-gallery-simple-item-image\">\n\t\t\t\t<img width=\"1200\" height=\"800\" src=\"https:\/\/visitaltotamegaebarroso.pt\/wp-content\/uploads\/2023\/07\/Moinhos-de-Bustelo.png\" class=\"attachment-full size-full wp-post-image\" alt=\"\" decoding=\"async\" loading=\"lazy\" srcset=\"https:\/\/visitaltotamegaebarroso.pt\/wp-content\/uploads\/2023\/07\/Moinhos-de-Bustelo.png 1200w, https:\/\/visitaltotamegaebarroso.pt\/wp-content\/uploads\/2023\/07\/Moinhos-de-Bustelo-300x200.png 300w, https:\/\/visitaltotamegaebarroso.pt\/wp-content\/uploads\/2023\/07\/Moinhos-de-Bustelo-1024x683.png 1024w, https:\/\/visitaltotamegaebarroso.pt\/wp-content\/uploads\/2023\/07\/Moinhos-de-Bustelo-768x512.png 768w\" sizes=\"(max-width: 1200px) 100vw, 1200px\" \/>\t\t\t\t<span class=\"mkdf-tours-gallery-simple-item-price-holder\">\n\t\t\t\t\t\n\t\t<span class=\"mkdf-tours-price-holder\">\n\t\t\t\t\t\t\t\t<\/span>\n\n\t\t\t\t\t\t<\/span>\t\t\t\t\n\t\t\t\t<div class=\"mkdf-tours-gallery-simple-item-content-holder\">\n\t\t\t\t\t<div class=\"mkdf-tours-gallery-simple-item-content-inner\">\n\t\t\t\t\t\t\t\t\t\t\t\t\t<h5 class=\"mkdf-tours-gallery-simple-item-destination-holder\">\n\t\t\t\t\t\t\t\t\n\t\t\t<a class=\"mkdf-tour-item-destination\" href=\"https:\/\/visitaltotamegaebarroso.pt\/fr\/destinations\/ribeira-de-pena\/\">\n\t\t\t\tRibeira de Pena\t\t\t<\/a>\n\n\t\t\t\t\t\t\t\t\t<\/h5>\n\t\t\t\t\t\t\t\t\t\t\t\t<div class=\"mkdf-tours-gallery-simple-title-holder\">\n\t\t\t\t\t\t\t<h4 class=\"mkdf-tour-title\">\n\t\t\t\t\t\t\t\tMoulins de Bustelo\t\t\t\t\t\t\t<\/h4>\n\t\t\t\t\t\t<\/div>\n\t\t\t\t\t<\/div>\n\t\t\t\t<\/div>\n\t\t\t\t<a class=\"mkdf-tours-gallery-simple-item-link\" href=\"https:\/\/visitaltotamegaebarroso.pt\/fr\/tour-item\/moulins-de-bustelo\/\"><\/a>\n\t\t\t<\/div>\n\t\t<\/div>\n\t<\/div><div class=\"mkdf-tours-gallery-simple-item mkdf-tours-row-item mkdf-tour-item-no-rating post-28136 tour-item type-tour-item status-publish has-post-thumbnail hentry tour-category-ribeira-de-pena-fr tour-category-points-dinterets tour-category-villages-et-traditions\">\n\t\t\t<div class=\"mkdf-tours-gallery-simple-item-image-holder\">\n\t\t\t\t\t\t\n\t\t\t<div class=\"mkdf-tours-gallery-simple-item-image\">\n\t\t\t\t<img width=\"1200\" height=\"800\" src=\"https:\/\/visitaltotamegaebarroso.pt\/wp-content\/uploads\/2023\/07\/Moinhos-sto-Aleixo.png\" class=\"attachment-full size-full wp-post-image\" alt=\"\" decoding=\"async\" loading=\"lazy\" srcset=\"https:\/\/visitaltotamegaebarroso.pt\/wp-content\/uploads\/2023\/07\/Moinhos-sto-Aleixo.png 1200w, https:\/\/visitaltotamegaebarroso.pt\/wp-content\/uploads\/2023\/07\/Moinhos-sto-Aleixo-300x200.png 300w, https:\/\/visitaltotamegaebarroso.pt\/wp-content\/uploads\/2023\/07\/Moinhos-sto-Aleixo-1024x683.png 1024w, https:\/\/visitaltotamegaebarroso.pt\/wp-content\/uploads\/2023\/07\/Moinhos-sto-Aleixo-768x512.png 768w\" sizes=\"(max-width: 1200px) 100vw, 1200px\" \/>\t\t\t\t<span class=\"mkdf-tours-gallery-simple-item-price-holder\">\n\t\t\t\t\t\n\t\t<span class=\"mkdf-tours-price-holder\">\n\t\t\t\t\t\t\t\t<\/span>\n\n\t\t\t\t\t\t<\/span>\t\t\t\t\n\t\t\t\t<div class=\"mkdf-tours-gallery-simple-item-content-holder\">\n\t\t\t\t\t<div class=\"mkdf-tours-gallery-simple-item-content-inner\">\n\t\t\t\t\t\t\t\t\t\t\t\t\t<h5 class=\"mkdf-tours-gallery-simple-item-destination-holder\">\n\t\t\t\t\t\t\t\t\n\t\t\t<a class=\"mkdf-tour-item-destination\" href=\"https:\/\/visitaltotamegaebarroso.pt\/fr\/destinations\/ribeira-de-pena\/\">\n\t\t\t\tRibeira de Pena\t\t\t<\/a>\n\n\t\t\t\t\t\t\t\t\t<\/h5>\n\t\t\t\t\t\t\t\t\t\t\t\t<div class=\"mkdf-tours-gallery-simple-title-holder\">\n\t\t\t\t\t\t\t<h4 class=\"mkdf-tour-title\">\n\t\t\t\t\t\t\t\tMoulins de Santo Aleixo\t\t\t\t\t\t\t<\/h4>\n\t\t\t\t\t\t<\/div>\n\t\t\t\t\t<\/div>\n\t\t\t\t<\/div>\n\t\t\t\t<a class=\"mkdf-tours-gallery-simple-item-link\" href=\"https:\/\/visitaltotamegaebarroso.pt\/fr\/tour-item\/moulins-de-santo-aleixo\/\"><\/a>\n\t\t\t<\/div>\n\t\t<\/div>\n\t<\/div><div class=\"mkdf-tours-gallery-simple-item mkdf-tours-row-item mkdf-tour-item-no-rating post-28115 tour-item type-tour-item status-publish has-post-thumbnail hentry tour-category-chaves-fr tour-category-histoire-et-art tour-category-points-dinterets\">\n\t\t\t<div class=\"mkdf-tours-gallery-simple-item-image-holder\">\n\t\t\t\t\t\t\n\t\t\t<div class=\"mkdf-tours-gallery-simple-item-image\">\n\t\t\t\t<img width=\"1200\" height=\"800\" src=\"https:\/\/visitaltotamegaebarroso.pt\/wp-content\/uploads\/2023\/07\/Macna.png\" class=\"attachment-full size-full wp-post-image\" alt=\"\" decoding=\"async\" loading=\"lazy\" srcset=\"https:\/\/visitaltotamegaebarroso.pt\/wp-content\/uploads\/2023\/07\/Macna.png 1200w, https:\/\/visitaltotamegaebarroso.pt\/wp-content\/uploads\/2023\/07\/Macna-300x200.png 300w, https:\/\/visitaltotamegaebarroso.pt\/wp-content\/uploads\/2023\/07\/Macna-1024x683.png 1024w, https:\/\/visitaltotamegaebarroso.pt\/wp-content\/uploads\/2023\/07\/Macna-768x512.png 768w\" sizes=\"(max-width: 1200px) 100vw, 1200px\" \/>\t\t\t\t<span class=\"mkdf-tours-gallery-simple-item-price-holder\">\n\t\t\t\t\t\n\t\t<span class=\"mkdf-tours-price-holder\">\n\t\t\t\t\t\t\t<span class=\"mkdf-tours-item-price \">$1<\/span>\n\t\t\t\t\t\t\t\t<\/span>\n\n\t\t\t\t\t\t<\/span>\t\t\t\t\n\t\t\t\t<div class=\"mkdf-tours-gallery-simple-item-content-holder\">\n\t\t\t\t\t<div class=\"mkdf-tours-gallery-simple-item-content-inner\">\n\t\t\t\t\t\t\t\t\t\t\t\t\t<h5 class=\"mkdf-tours-gallery-simple-item-destination-holder\">\n\t\t\t\t\t\t\t\t\n\t\t\t<a class=\"mkdf-tour-item-destination\" href=\"https:\/\/visitaltotamegaebarroso.pt\/fr\/destinations\/chaves\/\">\n\t\t\t\tChaves\t\t\t<\/a>\n\n\t\t\t\t\t\t\t\t\t<\/h5>\n\t\t\t\t\t\t\t\t\t\t\t\t<div class=\"mkdf-tours-gallery-simple-title-holder\">\n\t\t\t\t\t\t\t<h4 class=\"mkdf-tour-title\">\n\t\t\t\t\t\t\t\tMus\u00e9e d&rsquo;art contemporain Nadir Afonso &#8211; MACNA\t\t\t\t\t\t\t<\/h4>\n\t\t\t\t\t\t<\/div>\n\t\t\t\t\t<\/div>\n\t\t\t\t<\/div>\n\t\t\t\t<a class=\"mkdf-tours-gallery-simple-item-link\" href=\"https:\/\/visitaltotamegaebarroso.pt\/fr\/tour-item\/musee-dart-contemporain-nadir-afonso-macna\/\"><\/a>\n\t\t\t<\/div>\n\t\t<\/div>\n\t<\/div><div class=\"mkdf-tours-gallery-simple-item mkdf-tours-row-item mkdf-tour-item-no-rating post-28085 tour-item type-tour-item status-publish has-post-thumbnail hentry tour-category-valpacos-fr tour-category-histoire-et-art tour-category-points-dinterets tour-category-villages-et-traditions\">\n\t\t\t<div class=\"mkdf-tours-gallery-simple-item-image-holder\">\n\t\t\t\t\t\t\n\t\t\t<div class=\"mkdf-tours-gallery-simple-item-image\">\n\t\t\t\t<img width=\"1200\" height=\"800\" src=\"https:\/\/visitaltotamegaebarroso.pt\/wp-content\/uploads\/2023\/07\/Museu-Memorias.png\" class=\"attachment-full size-full wp-post-image\" alt=\"\" decoding=\"async\" loading=\"lazy\" srcset=\"https:\/\/visitaltotamegaebarroso.pt\/wp-content\/uploads\/2023\/07\/Museu-Memorias.png 1200w, https:\/\/visitaltotamegaebarroso.pt\/wp-content\/uploads\/2023\/07\/Museu-Memorias-300x200.png 300w, https:\/\/visitaltotamegaebarroso.pt\/wp-content\/uploads\/2023\/07\/Museu-Memorias-1024x683.png 1024w, https:\/\/visitaltotamegaebarroso.pt\/wp-content\/uploads\/2023\/07\/Museu-Memorias-768x512.png 768w\" sizes=\"(max-width: 1200px) 100vw, 1200px\" \/>\t\t\t\t<span class=\"mkdf-tours-gallery-simple-item-price-holder\">\n\t\t\t\t\t\n\t\t<span class=\"mkdf-tours-price-holder\">\n\t\t\t\t\t\t\t\t<\/span>\n\n\t\t\t\t\t\t<\/span>\t\t\t\t\n\t\t\t\t<div class=\"mkdf-tours-gallery-simple-item-content-holder\">\n\t\t\t\t\t<div class=\"mkdf-tours-gallery-simple-item-content-inner\">\n\t\t\t\t\t\t\t\t\t\t\t\t\t<h5 class=\"mkdf-tours-gallery-simple-item-destination-holder\">\n\t\t\t\t\t\t\t\t\n\t\t\t<a class=\"mkdf-tour-item-destination\" href=\"https:\/\/visitaltotamegaebarroso.pt\/fr\/destinations\/valpacos\/\">\n\t\t\t\tValpa\u00e7os\t\t\t<\/a>\n\n\t\t\t\t\t\t\t\t\t<\/h5>\n\t\t\t\t\t\t\t\t\t\t\t\t<div class=\"mkdf-tours-gallery-simple-title-holder\">\n\t\t\t\t\t\t\t<h4 class=\"mkdf-tour-title\">\n\t\t\t\t\t\t\t\tMus\u00e9e de la m\u00e9moire &#8211; Fornos do Pinhal\t\t\t\t\t\t\t<\/h4>\n\t\t\t\t\t\t<\/div>\n\t\t\t\t\t<\/div>\n\t\t\t\t<\/div>\n\t\t\t\t<a class=\"mkdf-tours-gallery-simple-item-link\" href=\"https:\/\/visitaltotamegaebarroso.pt\/fr\/tour-item\/musee-de-la-memoire-fornos-do-pinhal\/\"><\/a>\n\t\t\t<\/div>\n\t\t<\/div>\n\t<\/div><div class=\"mkdf-tours-gallery-simple-item mkdf-tours-row-item mkdf-tour-item-no-rating post-28128 tour-item type-tour-item status-publish has-post-thumbnail hentry tour-category-chaves-fr tour-category-histoire-et-art tour-category-points-dinterets\">\n\t\t\t<div class=\"mkdf-tours-gallery-simple-item-image-holder\">\n\t\t\t\t\t\t\n\t\t\t<div class=\"mkdf-tours-gallery-simple-item-image\">\n\t\t\t\t<img width=\"1200\" height=\"800\" src=\"https:\/\/visitaltotamegaebarroso.pt\/wp-content\/uploads\/2023\/07\/Museu-da-Regiao-Flaviense.png\" class=\"attachment-full size-full wp-post-image\" alt=\"\" decoding=\"async\" loading=\"lazy\" srcset=\"https:\/\/visitaltotamegaebarroso.pt\/wp-content\/uploads\/2023\/07\/Museu-da-Regiao-Flaviense.png 1200w, https:\/\/visitaltotamegaebarroso.pt\/wp-content\/uploads\/2023\/07\/Museu-da-Regiao-Flaviense-300x200.png 300w, https:\/\/visitaltotamegaebarroso.pt\/wp-content\/uploads\/2023\/07\/Museu-da-Regiao-Flaviense-1024x683.png 1024w, https:\/\/visitaltotamegaebarroso.pt\/wp-content\/uploads\/2023\/07\/Museu-da-Regiao-Flaviense-768x512.png 768w\" sizes=\"(max-width: 1200px) 100vw, 1200px\" \/>\t\t\t\t<span class=\"mkdf-tours-gallery-simple-item-price-holder\">\n\t\t\t\t\t\n\t\t<span class=\"mkdf-tours-price-holder\">\n\t\t\t\t\t\t\t<span class=\"mkdf-tours-item-price \">$1<\/span>\n\t\t\t\t\t\t\t\t<\/span>\n\n\t\t\t\t\t\t<\/span>\t\t\t\t\n\t\t\t\t<div class=\"mkdf-tours-gallery-simple-item-content-holder\">\n\t\t\t\t\t<div class=\"mkdf-tours-gallery-simple-item-content-inner\">\n\t\t\t\t\t\t\t\t\t\t\t\t\t<h5 class=\"mkdf-tours-gallery-simple-item-destination-holder\">\n\t\t\t\t\t\t\t\t\n\t\t\t<a class=\"mkdf-tour-item-destination\" href=\"https:\/\/visitaltotamegaebarroso.pt\/fr\/destinations\/chaves\/\">\n\t\t\t\tChaves\t\t\t<\/a>\n\n\t\t\t\t\t\t\t\t\t<\/h5>\n\t\t\t\t\t\t\t\t\t\t\t\t<div class=\"mkdf-tours-gallery-simple-title-holder\">\n\t\t\t\t\t\t\t<h4 class=\"mkdf-tour-title\">\n\t\t\t\t\t\t\t\tMus\u00e9e de la r\u00e9gion flavienne &#8211; Palais des ducs de Bragance\t\t\t\t\t\t\t<\/h4>\n\t\t\t\t\t\t<\/div>\n\t\t\t\t\t<\/div>\n\t\t\t\t<\/div>\n\t\t\t\t<a class=\"mkdf-tours-gallery-simple-item-link\" href=\"https:\/\/visitaltotamegaebarroso.pt\/fr\/tour-item\/musee-de-la-region-flavienne-palais-des-ducs-de-bragance\/\"><\/a>\n\t\t\t<\/div>\n\t\t<\/div>\n\t<\/div><div class=\"mkdf-tours-gallery-simple-item mkdf-tours-row-item mkdf-tour-item-no-rating post-28068 tour-item type-tour-item status-publish has-post-thumbnail hentry tour-category-vila-pouca-de-aguiar-fr tour-category-histoire-et-art tour-category-points-dinterets\">\n\t\t\t<div class=\"mkdf-tours-gallery-simple-item-image-holder\">\n\t\t\t\t\t\t\n\t\t\t<div class=\"mkdf-tours-gallery-simple-item-image\">\n\t\t\t\t<img width=\"1200\" height=\"800\" src=\"https:\/\/visitaltotamegaebarroso.pt\/wp-content\/uploads\/2023\/07\/Museu-Padre-Jose-Rafael.png\" class=\"attachment-full size-full wp-post-image\" alt=\"\" decoding=\"async\" loading=\"lazy\" srcset=\"https:\/\/visitaltotamegaebarroso.pt\/wp-content\/uploads\/2023\/07\/Museu-Padre-Jose-Rafael.png 1200w, https:\/\/visitaltotamegaebarroso.pt\/wp-content\/uploads\/2023\/07\/Museu-Padre-Jose-Rafael-300x200.png 300w, https:\/\/visitaltotamegaebarroso.pt\/wp-content\/uploads\/2023\/07\/Museu-Padre-Jose-Rafael-1024x683.png 1024w, https:\/\/visitaltotamegaebarroso.pt\/wp-content\/uploads\/2023\/07\/Museu-Padre-Jose-Rafael-768x512.png 768w\" sizes=\"(max-width: 1200px) 100vw, 1200px\" \/>\t\t\t\t<span class=\"mkdf-tours-gallery-simple-item-price-holder\">\n\t\t\t\t\t\n\t\t<span class=\"mkdf-tours-price-holder\">\n\t\t\t\t\t\t\t\t<\/span>\n\n\t\t\t\t\t\t<\/span>\t\t\t\t\n\t\t\t\t<div class=\"mkdf-tours-gallery-simple-item-content-holder\">\n\t\t\t\t\t<div class=\"mkdf-tours-gallery-simple-item-content-inner\">\n\t\t\t\t\t\t\t\t\t\t\t\t\t<h5 class=\"mkdf-tours-gallery-simple-item-destination-holder\">\n\t\t\t\t\t\t\t\t\n\t\t\t<a class=\"mkdf-tour-item-destination\" href=\"https:\/\/visitaltotamegaebarroso.pt\/fr\/destinations\/vila-pouca-de-aguiar\/\">\n\t\t\t\tVila Pouca de Aguiar\t\t\t<\/a>\n\n\t\t\t\t\t\t\t\t\t<\/h5>\n\t\t\t\t\t\t\t\t\t\t\t\t<div class=\"mkdf-tours-gallery-simple-title-holder\">\n\t\t\t\t\t\t\t<h4 class=\"mkdf-tour-title\">\n\t\t\t\t\t\t\t\tMus\u00e9e municipal P\u00e8re Jos\u00e9 Rafael Rodrigues\t\t\t\t\t\t\t<\/h4>\n\t\t\t\t\t\t<\/div>\n\t\t\t\t\t<\/div>\n\t\t\t\t<\/div>\n\t\t\t\t<a class=\"mkdf-tours-gallery-simple-item-link\" href=\"https:\/\/visitaltotamegaebarroso.pt\/fr\/tour-item\/musee-municipal-pere-jose-rafael-rodrigues\/\"><\/a>\n\t\t\t<\/div>\n\t\t<\/div>\n\t<\/div><div class=\"mkdf-tours-gallery-simple-item mkdf-tours-row-item mkdf-tour-item-no-rating post-21227 tour-item type-tour-item status-publish has-post-thumbnail hentry tour-category-boticas-fr tour-category-chaves-fr tour-category-montalegre-fr tour-category-ribeira-de-pena-fr tour-category-valpacos-fr tour-category-vila-pouca-de-aguiar-fr tour-category-histoire-et-art tour-category-points-dinterets tour-category-route-de-leau\">\n\t\t\t<div class=\"mkdf-tours-gallery-simple-item-image-holder\">\n\t\t\t\t\t\t\n\t\t\t<div class=\"mkdf-tours-gallery-simple-item-image\">\n\t\t\t\t<img width=\"1030\" height=\"742\" src=\"https:\/\/visitaltotamegaebarroso.pt\/wp-content\/uploads\/2023\/07\/PTAT-1_edited.jpg\" class=\"attachment-full size-full wp-post-image\" alt=\"\" decoding=\"async\" loading=\"lazy\" srcset=\"https:\/\/visitaltotamegaebarroso.pt\/wp-content\/uploads\/2023\/07\/PTAT-1_edited.jpg 1030w, https:\/\/visitaltotamegaebarroso.pt\/wp-content\/uploads\/2023\/07\/PTAT-1_edited-300x216.jpg 300w, https:\/\/visitaltotamegaebarroso.pt\/wp-content\/uploads\/2023\/07\/PTAT-1_edited-1024x738.jpg 1024w, https:\/\/visitaltotamegaebarroso.pt\/wp-content\/uploads\/2023\/07\/PTAT-1_edited-768x553.jpg 768w\" sizes=\"(max-width: 1030px) 100vw, 1030px\" \/>\t\t\t\t<span class=\"mkdf-tours-gallery-simple-item-price-holder\">\n\t\t\t\t\t\n\t\t<span class=\"mkdf-tours-price-holder\">\n\t\t\t\t\t\t\t<span class=\"mkdf-tours-item-price \">$1<\/span>\n\t\t\t\t\t\t\t\t<\/span>\n\n\t\t\t\t\t\t<\/span>\t\t\t\t\n\t\t\t\t<div class=\"mkdf-tours-gallery-simple-item-content-holder\">\n\t\t\t\t\t<div class=\"mkdf-tours-gallery-simple-item-content-inner\">\n\t\t\t\t\t\t\t\t\t\t\t\t\t<h5 class=\"mkdf-tours-gallery-simple-item-destination-holder\">\n\t\t\t\t\t\t\t\t\n\t\t\t<a class=\"mkdf-tour-item-destination\" href=\"https:\/\/visitaltotamegaebarroso.pt\/fr\/destinations\/chaves\/\">\n\t\t\t\tChaves\t\t\t<\/a>\n\n\t\t\t\t\t\t\t\t\t<\/h5>\n\t\t\t\t\t\t\t\t\t\t\t\t<div class=\"mkdf-tours-gallery-simple-title-holder\">\n\t\t\t\t\t\t\t<h4 class=\"mkdf-tour-title\">\n\t\t\t\t\t\t\t\tOffice de tourisme Alto T\u00e2mega e Barroso\t\t\t\t\t\t\t<\/h4>\n\t\t\t\t\t\t<\/div>\n\t\t\t\t\t<\/div>\n\t\t\t\t<\/div>\n\t\t\t\t<a class=\"mkdf-tours-gallery-simple-item-link\" href=\"https:\/\/visitaltotamegaebarroso.pt\/fr\/tour-item\/office-de-tourisme-alto-tamega-e-barroso\/\"><\/a>\n\t\t\t<\/div>\n\t\t<\/div>\n\t<\/div><div class=\"mkdf-tours-gallery-simple-item mkdf-tours-row-item mkdf-tour-item-no-rating post-13276 tour-item type-tour-item status-publish has-post-thumbnail hentry tour-category-valpacos-fr tour-category-gastronomie-eaux-et-vins tour-category-points-dinterets\">\n\t\t\t<div class=\"mkdf-tours-gallery-simple-item-image-holder\">\n\t\t\t\t\t\t\n\t\t\t<div class=\"mkdf-tours-gallery-simple-item-image\">\n\t\t\t\t<img width=\"2000\" height=\"1125\" src=\"https:\/\/visitaltotamegaebarroso.pt\/wp-content\/uploads\/2023\/03\/AF_olival.jpg\" class=\"attachment-full size-full wp-post-image\" alt=\"\" decoding=\"async\" loading=\"lazy\" srcset=\"https:\/\/visitaltotamegaebarroso.pt\/wp-content\/uploads\/2023\/03\/AF_olival.jpg 2000w, https:\/\/visitaltotamegaebarroso.pt\/wp-content\/uploads\/2023\/03\/AF_olival-300x169.jpg 300w, https:\/\/visitaltotamegaebarroso.pt\/wp-content\/uploads\/2023\/03\/AF_olival-1024x576.jpg 1024w, https:\/\/visitaltotamegaebarroso.pt\/wp-content\/uploads\/2023\/03\/AF_olival-768x432.jpg 768w, https:\/\/visitaltotamegaebarroso.pt\/wp-content\/uploads\/2023\/03\/AF_olival-1536x864.jpg 1536w, https:\/\/visitaltotamegaebarroso.pt\/wp-content\/uploads\/2023\/03\/AF_olival-600x338.jpg 600w\" sizes=\"(max-width: 2000px) 100vw, 2000px\" \/>\t\t\t\t<span class=\"mkdf-tours-gallery-simple-item-price-holder\">\n\t\t\t\t\t\n\t\t<span class=\"mkdf-tours-price-holder\">\n\t\t\t\t\t\t\t<span class=\"mkdf-tours-item-price \">$1<\/span>\n\t\t\t\t\t\t\t\t<\/span>\n\n\t\t\t\t\t\t<\/span>\t\t\t\t\n\t\t\t\t<div class=\"mkdf-tours-gallery-simple-item-content-holder\">\n\t\t\t\t\t<div class=\"mkdf-tours-gallery-simple-item-content-inner\">\n\t\t\t\t\t\t\t\t\t\t\t\t\t<h5 class=\"mkdf-tours-gallery-simple-item-destination-holder\">\n\t\t\t\t\t\t\t\t\n\t\t\t<a class=\"mkdf-tour-item-destination\" href=\"https:\/\/visitaltotamegaebarroso.pt\/fr\/destinations\/valpacos\/\">\n\t\t\t\tValpa\u00e7os\t\t\t<\/a>\n\n\t\t\t\t\t\t\t\t\t<\/h5>\n\t\t\t\t\t\t\t\t\t\t\t\t<div class=\"mkdf-tours-gallery-simple-title-holder\">\n\t\t\t\t\t\t\t<h4 class=\"mkdf-tour-title\">\n\t\t\t\t\t\t\t\tOliveraie\t\t\t\t\t\t\t<\/h4>\n\t\t\t\t\t\t<\/div>\n\t\t\t\t\t<\/div>\n\t\t\t\t<\/div>\n\t\t\t\t<a class=\"mkdf-tours-gallery-simple-item-link\" href=\"https:\/\/visitaltotamegaebarroso.pt\/fr\/tour-item\/oliveraie\/\"><\/a>\n\t\t\t<\/div>\n\t\t<\/div>\n\t<\/div><div class=\"mkdf-tours-gallery-simple-item mkdf-tours-row-item mkdf-tour-item-no-rating post-28040 tour-item type-tour-item status-publish has-post-thumbnail hentry tour-category-chaves-fr tour-category-montagnes-et-rivieres tour-category-points-dinterets tour-category-routes-paysageres\">\n\t\t\t<div class=\"mkdf-tours-gallery-simple-item-image-holder\">\n\t\t\t\t\t\t\n\t\t\t<div class=\"mkdf-tours-gallery-simple-item-image\">\n\t\t\t\t<img width=\"1200\" height=\"800\" src=\"https:\/\/visitaltotamegaebarroso.pt\/wp-content\/uploads\/2023\/07\/Parque-Botanico-e-Zoologico-da-Quinta-do-Rebentao.jpg\" class=\"attachment-full size-full wp-post-image\" alt=\"\" decoding=\"async\" loading=\"lazy\" srcset=\"https:\/\/visitaltotamegaebarroso.pt\/wp-content\/uploads\/2023\/07\/Parque-Botanico-e-Zoologico-da-Quinta-do-Rebentao.jpg 1200w, https:\/\/visitaltotamegaebarroso.pt\/wp-content\/uploads\/2023\/07\/Parque-Botanico-e-Zoologico-da-Quinta-do-Rebentao-300x200.jpg 300w, https:\/\/visitaltotamegaebarroso.pt\/wp-content\/uploads\/2023\/07\/Parque-Botanico-e-Zoologico-da-Quinta-do-Rebentao-1024x683.jpg 1024w, https:\/\/visitaltotamegaebarroso.pt\/wp-content\/uploads\/2023\/07\/Parque-Botanico-e-Zoologico-da-Quinta-do-Rebentao-768x512.jpg 768w\" sizes=\"(max-width: 1200px) 100vw, 1200px\" \/>\t\t\t\t<span class=\"mkdf-tours-gallery-simple-item-price-holder\">\n\t\t\t\t\t\n\t\t<span class=\"mkdf-tours-price-holder\">\n\t\t\t\t\t\t\t\t<\/span>\n\n\t\t\t\t\t\t<\/span>\t\t\t\t\n\t\t\t\t<div class=\"mkdf-tours-gallery-simple-item-content-holder\">\n\t\t\t\t\t<div class=\"mkdf-tours-gallery-simple-item-content-inner\">\n\t\t\t\t\t\t\t\t\t\t\t\t\t<h5 class=\"mkdf-tours-gallery-simple-item-destination-holder\">\n\t\t\t\t\t\t\t\t\n\t\t\t<a class=\"mkdf-tour-item-destination\" href=\"https:\/\/visitaltotamegaebarroso.pt\/fr\/destinations\/chaves\/\">\n\t\t\t\tChaves\t\t\t<\/a>\n\n\t\t\t\t\t\t\t\t\t<\/h5>\n\t\t\t\t\t\t\t\t\t\t\t\t<div class=\"mkdf-tours-gallery-simple-title-holder\">\n\t\t\t\t\t\t\t<h4 class=\"mkdf-tour-title\">\n\t\t\t\t\t\t\t\tParc botanique et zoologique de Quinta do Rebent\u00e3o\t\t\t\t\t\t\t<\/h4>\n\t\t\t\t\t\t<\/div>\n\t\t\t\t\t<\/div>\n\t\t\t\t<\/div>\n\t\t\t\t<a class=\"mkdf-tours-gallery-simple-item-link\" href=\"https:\/\/visitaltotamegaebarroso.pt\/fr\/tour-item\/parc-botanique-et-zoologique-de-quinta-do-rebentao\/\"><\/a>\n\t\t\t<\/div>\n\t\t<\/div>\n\t<\/div><div class=\"mkdf-tours-gallery-simple-item mkdf-tours-row-item mkdf-tour-item-no-rating post-27955 tour-item type-tour-item status-publish has-post-thumbnail hentry tour-category-chaves-fr tour-category-montagnes-et-rivieres tour-category-points-dinterets tour-category-routes-paysageres\">\n\t\t\t<div class=\"mkdf-tours-gallery-simple-item-image-holder\">\n\t\t\t\t\t\t\n\t\t\t<div class=\"mkdf-tours-gallery-simple-item-image\">\n\t\t\t\t<img width=\"1200\" height=\"800\" src=\"https:\/\/visitaltotamegaebarroso.pt\/wp-content\/uploads\/2023\/07\/Parque-de-Lazer-de-Segirei.jpg\" class=\"attachment-full size-full wp-post-image\" alt=\"\" decoding=\"async\" loading=\"lazy\" srcset=\"https:\/\/visitaltotamegaebarroso.pt\/wp-content\/uploads\/2023\/07\/Parque-de-Lazer-de-Segirei.jpg 1200w, https:\/\/visitaltotamegaebarroso.pt\/wp-content\/uploads\/2023\/07\/Parque-de-Lazer-de-Segirei-300x200.jpg 300w, https:\/\/visitaltotamegaebarroso.pt\/wp-content\/uploads\/2023\/07\/Parque-de-Lazer-de-Segirei-1024x683.jpg 1024w, https:\/\/visitaltotamegaebarroso.pt\/wp-content\/uploads\/2023\/07\/Parque-de-Lazer-de-Segirei-768x512.jpg 768w\" sizes=\"(max-width: 1200px) 100vw, 1200px\" \/>\t\t\t\t<span class=\"mkdf-tours-gallery-simple-item-price-holder\">\n\t\t\t\t\t\n\t\t<span class=\"mkdf-tours-price-holder\">\n\t\t\t\t\t\t\t\t<\/span>\n\n\t\t\t\t\t\t<\/span>\t\t\t\t\n\t\t\t\t<div class=\"mkdf-tours-gallery-simple-item-content-holder\">\n\t\t\t\t\t<div class=\"mkdf-tours-gallery-simple-item-content-inner\">\n\t\t\t\t\t\t\t\t\t\t\t\t\t<h5 class=\"mkdf-tours-gallery-simple-item-destination-holder\">\n\t\t\t\t\t\t\t\t\n\t\t\t<a class=\"mkdf-tour-item-destination\" href=\"https:\/\/visitaltotamegaebarroso.pt\/fr\/destinations\/chaves\/\">\n\t\t\t\tChaves\t\t\t<\/a>\n\n\t\t\t\t\t\t\t\t\t<\/h5>\n\t\t\t\t\t\t\t\t\t\t\t\t<div class=\"mkdf-tours-gallery-simple-title-holder\">\n\t\t\t\t\t\t\t<h4 class=\"mkdf-tour-title\">\n\t\t\t\t\t\t\t\tParc de loisirs de Segirei\t\t\t\t\t\t\t<\/h4>\n\t\t\t\t\t\t<\/div>\n\t\t\t\t\t<\/div>\n\t\t\t\t<\/div>\n\t\t\t\t<a class=\"mkdf-tours-gallery-simple-item-link\" href=\"https:\/\/visitaltotamegaebarroso.pt\/fr\/tour-item\/parc-de-loisirs-de-segirei\/\"><\/a>\n\t\t\t<\/div>\n\t\t<\/div>\n\t<\/div><div class=\"mkdf-tours-gallery-simple-item mkdf-tours-row-item mkdf-tour-item-no-rating post-28045 tour-item type-tour-item status-publish has-post-thumbnail hentry tour-category-ribeira-de-pena-fr tour-category-montagnes-et-rivieres tour-category-points-dinterets tour-category-villages-et-traditions\">\n\t\t\t<div class=\"mkdf-tours-gallery-simple-item-image-holder\">\n\t\t\t\t\t\t\n\t\t\t<div class=\"mkdf-tours-gallery-simple-item-image\">\n\t\t\t\t<img width=\"1200\" height=\"800\" src=\"https:\/\/visitaltotamegaebarroso.pt\/wp-content\/uploads\/2023\/07\/Parque-Ambiental-Bucheiro.png\" class=\"attachment-full size-full wp-post-image\" alt=\"\" decoding=\"async\" loading=\"lazy\" srcset=\"https:\/\/visitaltotamegaebarroso.pt\/wp-content\/uploads\/2023\/07\/Parque-Ambiental-Bucheiro.png 1200w, https:\/\/visitaltotamegaebarroso.pt\/wp-content\/uploads\/2023\/07\/Parque-Ambiental-Bucheiro-300x200.png 300w, https:\/\/visitaltotamegaebarroso.pt\/wp-content\/uploads\/2023\/07\/Parque-Ambiental-Bucheiro-1024x683.png 1024w, https:\/\/visitaltotamegaebarroso.pt\/wp-content\/uploads\/2023\/07\/Parque-Ambiental-Bucheiro-768x512.png 768w\" sizes=\"(max-width: 1200px) 100vw, 1200px\" \/>\t\t\t\t<span class=\"mkdf-tours-gallery-simple-item-price-holder\">\n\t\t\t\t\t\n\t\t<span class=\"mkdf-tours-price-holder\">\n\t\t\t\t\t\t\t\t<\/span>\n\n\t\t\t\t\t\t<\/span>\t\t\t\t\n\t\t\t\t<div class=\"mkdf-tours-gallery-simple-item-content-holder\">\n\t\t\t\t\t<div class=\"mkdf-tours-gallery-simple-item-content-inner\">\n\t\t\t\t\t\t\t\t\t\t\t\t\t<h5 class=\"mkdf-tours-gallery-simple-item-destination-holder\">\n\t\t\t\t\t\t\t\t\n\t\t\t<a class=\"mkdf-tour-item-destination\" href=\"https:\/\/visitaltotamegaebarroso.pt\/fr\/destinations\/ribeira-de-pena\/\">\n\t\t\t\tRibeira de Pena\t\t\t<\/a>\n\n\t\t\t\t\t\t\t\t\t<\/h5>\n\t\t\t\t\t\t\t\t\t\t\t\t<div class=\"mkdf-tours-gallery-simple-title-holder\">\n\t\t\t\t\t\t\t<h4 class=\"mkdf-tour-title\">\n\t\t\t\t\t\t\t\tParc environnemental de Bucheiro\t\t\t\t\t\t\t<\/h4>\n\t\t\t\t\t\t<\/div>\n\t\t\t\t\t<\/div>\n\t\t\t\t<\/div>\n\t\t\t\t<a class=\"mkdf-tours-gallery-simple-item-link\" href=\"https:\/\/visitaltotamegaebarroso.pt\/fr\/tour-item\/parc-environnemental-de-bucheiro\/\"><\/a>\n\t\t\t<\/div>\n\t\t<\/div>\n\t<\/div><div class=\"mkdf-tours-gallery-simple-item mkdf-tours-row-item mkdf-tour-item-no-rating post-13273 tour-item type-tour-item status-publish has-post-thumbnail hentry tour-category-ribeira-de-pena-fr tour-category-gastronomie-eaux-et-vins tour-category-montagnes-et-rivieres tour-category-points-dinterets tour-category-route-de-leau tour-category-sports-et-aventure\">\n\t\t\t<div class=\"mkdf-tours-gallery-simple-item-image-holder\">\n\t\t\t\t\t\t\n\t\t\t<div class=\"mkdf-tours-gallery-simple-item-image\">\n\t\t\t\t<img width=\"2000\" height=\"1829\" src=\"https:\/\/visitaltotamegaebarroso.pt\/wp-content\/uploads\/2023\/03\/AF_pena-aventura-park.jpg\" class=\"attachment-full size-full wp-post-image\" alt=\"\" decoding=\"async\" loading=\"lazy\" srcset=\"https:\/\/visitaltotamegaebarroso.pt\/wp-content\/uploads\/2023\/03\/AF_pena-aventura-park.jpg 2000w, https:\/\/visitaltotamegaebarroso.pt\/wp-content\/uploads\/2023\/03\/AF_pena-aventura-park-300x274.jpg 300w, https:\/\/visitaltotamegaebarroso.pt\/wp-content\/uploads\/2023\/03\/AF_pena-aventura-park-1024x936.jpg 1024w, https:\/\/visitaltotamegaebarroso.pt\/wp-content\/uploads\/2023\/03\/AF_pena-aventura-park-768x702.jpg 768w, https:\/\/visitaltotamegaebarroso.pt\/wp-content\/uploads\/2023\/03\/AF_pena-aventura-park-1536x1405.jpg 1536w, https:\/\/visitaltotamegaebarroso.pt\/wp-content\/uploads\/2023\/03\/AF_pena-aventura-park-600x549.jpg 600w\" sizes=\"(max-width: 2000px) 100vw, 2000px\" \/>\t\t\t\t<span class=\"mkdf-tours-gallery-simple-item-price-holder\">\n\t\t\t\t\t\n\t\t<span class=\"mkdf-tours-price-holder\">\n\t\t\t\t\t\t\t<span class=\"mkdf-tours-item-price \">$1<\/span>\n\t\t\t\t\t\t\t\t<\/span>\n\n\t\t\t\t\t\t<\/span>\t\t\t\t\n\t\t\t\t<div class=\"mkdf-tours-gallery-simple-item-content-holder\">\n\t\t\t\t\t<div class=\"mkdf-tours-gallery-simple-item-content-inner\">\n\t\t\t\t\t\t\t\t\t\t\t\t\t<h5 class=\"mkdf-tours-gallery-simple-item-destination-holder\">\n\t\t\t\t\t\t\t\t\n\t\t\t<a class=\"mkdf-tour-item-destination\" href=\"https:\/\/visitaltotamegaebarroso.pt\/fr\/destinations\/ribeira-de-pena\/\">\n\t\t\t\tRibeira de Pena\t\t\t<\/a>\n\n\t\t\t\t\t\t\t\t\t<\/h5>\n\t\t\t\t\t\t\t\t\t\t\t\t<div class=\"mkdf-tours-gallery-simple-title-holder\">\n\t\t\t\t\t\t\t<h4 class=\"mkdf-tour-title\">\n\t\t\t\t\t\t\t\tParc Pena Aventura\t\t\t\t\t\t\t<\/h4>\n\t\t\t\t\t\t<\/div>\n\t\t\t\t\t<\/div>\n\t\t\t\t<\/div>\n\t\t\t\t<a class=\"mkdf-tours-gallery-simple-item-link\" href=\"https:\/\/visitaltotamegaebarroso.pt\/fr\/tour-item\/parc-pena-aventura\/\"><\/a>\n\t\t\t<\/div>\n\t\t<\/div>\n\t<\/div><div class=\"mkdf-tours-gallery-simple-item mkdf-tours-row-item mkdf-tour-item-no-rating post-13282 tour-item type-tour-item status-publish has-post-thumbnail hentry tour-category-vila-pouca-de-aguiar-fr tour-category-gastronomie-eaux-et-vins tour-category-histoire-et-art tour-category-points-dinterets tour-category-spa-et-spa\">\n\t\t\t<div class=\"mkdf-tours-gallery-simple-item-image-holder\">\n\t\t\t\t\t\t\n\t\t\t<div class=\"mkdf-tours-gallery-simple-item-image\">\n\t\t\t\t<img width=\"2000\" height=\"1333\" src=\"https:\/\/visitaltotamegaebarroso.pt\/wp-content\/uploads\/2023\/03\/AF_parque-termal-pedras-salgadas.jpg\" class=\"attachment-full size-full wp-post-image\" alt=\"\" decoding=\"async\" loading=\"lazy\" srcset=\"https:\/\/visitaltotamegaebarroso.pt\/wp-content\/uploads\/2023\/03\/AF_parque-termal-pedras-salgadas.jpg 2000w, https:\/\/visitaltotamegaebarroso.pt\/wp-content\/uploads\/2023\/03\/AF_parque-termal-pedras-salgadas-300x200.jpg 300w, https:\/\/visitaltotamegaebarroso.pt\/wp-content\/uploads\/2023\/03\/AF_parque-termal-pedras-salgadas-1024x682.jpg 1024w, https:\/\/visitaltotamegaebarroso.pt\/wp-content\/uploads\/2023\/03\/AF_parque-termal-pedras-salgadas-768x512.jpg 768w, https:\/\/visitaltotamegaebarroso.pt\/wp-content\/uploads\/2023\/03\/AF_parque-termal-pedras-salgadas-1536x1024.jpg 1536w, https:\/\/visitaltotamegaebarroso.pt\/wp-content\/uploads\/2023\/03\/AF_parque-termal-pedras-salgadas-600x400.jpg 600w\" sizes=\"(max-width: 2000px) 100vw, 2000px\" \/>\t\t\t\t<span class=\"mkdf-tours-gallery-simple-item-price-holder\">\n\t\t\t\t\t\n\t\t<span class=\"mkdf-tours-price-holder\">\n\t\t\t\t\t\t\t<span class=\"mkdf-tours-item-price \">$1<\/span>\n\t\t\t\t\t\t\t\t<\/span>\n\n\t\t\t\t\t\t<\/span>\t\t\t\t\n\t\t\t\t<div class=\"mkdf-tours-gallery-simple-item-content-holder\">\n\t\t\t\t\t<div class=\"mkdf-tours-gallery-simple-item-content-inner\">\n\t\t\t\t\t\t\t\t\t\t\t\t\t<h5 class=\"mkdf-tours-gallery-simple-item-destination-holder\">\n\t\t\t\t\t\t\t\t\n\t\t\t<a class=\"mkdf-tour-item-destination\" href=\"https:\/\/visitaltotamegaebarroso.pt\/fr\/destinations\/vila-pouca-de-aguiar\/\">\n\t\t\t\tVila Pouca de Aguiar\t\t\t<\/a>\n\n\t\t\t\t\t\t\t\t\t<\/h5>\n\t\t\t\t\t\t\t\t\t\t\t\t<div class=\"mkdf-tours-gallery-simple-title-holder\">\n\t\t\t\t\t\t\t<h4 class=\"mkdf-tour-title\">\n\t\t\t\t\t\t\t\tParc thermal de Pedras Salgadas\t\t\t\t\t\t\t<\/h4>\n\t\t\t\t\t\t<\/div>\n\t\t\t\t\t<\/div>\n\t\t\t\t<\/div>\n\t\t\t\t<a class=\"mkdf-tours-gallery-simple-item-link\" href=\"https:\/\/visitaltotamegaebarroso.pt\/fr\/tour-item\/parc-thermal-de-pedras-salgadas\/\"><\/a>\n\t\t\t<\/div>\n\t\t<\/div>\n\t<\/div><div class=\"mkdf-tours-gallery-simple-item mkdf-tours-row-item mkdf-tour-item-no-rating post-28438 tour-item type-tour-item status-publish has-post-thumbnail hentry tour-category-chaves-fr tour-category-points-dinterets tour-category-sports-et-aventure\">\n\t\t\t<div class=\"mkdf-tours-gallery-simple-item-image-holder\">\n\t\t\t\t\t\t\n\t\t\t<div class=\"mkdf-tours-gallery-simple-item-image\">\n\t\t\t\t<img width=\"1200\" height=\"800\" src=\"https:\/\/visitaltotamegaebarroso.pt\/wp-content\/uploads\/2023\/06\/Campo-Clube-de-Golfe-de-Vidago.png\" class=\"attachment-full size-full wp-post-image\" alt=\"Campo do Clube de Golfe de Vidago\" decoding=\"async\" loading=\"lazy\" srcset=\"https:\/\/visitaltotamegaebarroso.pt\/wp-content\/uploads\/2023\/06\/Campo-Clube-de-Golfe-de-Vidago.png 1200w, https:\/\/visitaltotamegaebarroso.pt\/wp-content\/uploads\/2023\/06\/Campo-Clube-de-Golfe-de-Vidago-300x200.png 300w, https:\/\/visitaltotamegaebarroso.pt\/wp-content\/uploads\/2023\/06\/Campo-Clube-de-Golfe-de-Vidago-1024x683.png 1024w, https:\/\/visitaltotamegaebarroso.pt\/wp-content\/uploads\/2023\/06\/Campo-Clube-de-Golfe-de-Vidago-768x512.png 768w\" sizes=\"(max-width: 1200px) 100vw, 1200px\" \/>\t\t\t\t<span class=\"mkdf-tours-gallery-simple-item-price-holder\">\n\t\t\t\t\t\n\t\t<span class=\"mkdf-tours-price-holder\">\n\t\t\t\t\t\t\t\t<\/span>\n\n\t\t\t\t\t\t<\/span>\t\t\t\t\n\t\t\t\t<div class=\"mkdf-tours-gallery-simple-item-content-holder\">\n\t\t\t\t\t<div class=\"mkdf-tours-gallery-simple-item-content-inner\">\n\t\t\t\t\t\t\t\t\t\t\t\t\t<h5 class=\"mkdf-tours-gallery-simple-item-destination-holder\">\n\t\t\t\t\t\t\t\t\n\t\t\t<a class=\"mkdf-tour-item-destination\" href=\"https:\/\/visitaltotamegaebarroso.pt\/fr\/destinations\/chaves\/\">\n\t\t\t\tChaves\t\t\t<\/a>\n\n\t\t\t\t\t\t\t\t\t<\/h5>\n\t\t\t\t\t\t\t\t\t\t\t\t<div class=\"mkdf-tours-gallery-simple-title-holder\">\n\t\t\t\t\t\t\t<h4 class=\"mkdf-tour-title\">\n\t\t\t\t\t\t\t\tParcours du Vidago Golf Club\t\t\t\t\t\t\t<\/h4>\n\t\t\t\t\t\t<\/div>\n\t\t\t\t\t<\/div>\n\t\t\t\t<\/div>\n\t\t\t\t<a class=\"mkdf-tours-gallery-simple-item-link\" href=\"https:\/\/visitaltotamegaebarroso.pt\/fr\/tour-item\/parcours-du-vidago-golf-club\/\"><\/a>\n\t\t\t<\/div>\n\t\t<\/div>\n\t<\/div><div class=\"mkdf-tours-gallery-simple-item mkdf-tours-row-item mkdf-tour-item-no-rating post-28507 tour-item type-tour-item status-publish has-post-thumbnail hentry tour-category-valpacos-fr tour-category-montagnes-et-rivieres\">\n\t\t\t<div class=\"mkdf-tours-gallery-simple-item-image-holder\">\n\t\t\t\t\t\t\n\t\t\t<div class=\"mkdf-tours-gallery-simple-item-image\">\n\t\t\t\t<img width=\"1920\" height=\"1080\" src=\"https:\/\/visitaltotamegaebarroso.pt\/wp-content\/uploads\/2024\/06\/Passadicos-da-Ribeira-da-Fraga_VLP.jpg\" class=\"attachment-full size-full wp-post-image\" alt=\"\" decoding=\"async\" loading=\"lazy\" srcset=\"https:\/\/visitaltotamegaebarroso.pt\/wp-content\/uploads\/2024\/06\/Passadicos-da-Ribeira-da-Fraga_VLP.jpg 1920w, https:\/\/visitaltotamegaebarroso.pt\/wp-content\/uploads\/2024\/06\/Passadicos-da-Ribeira-da-Fraga_VLP-300x169.jpg 300w, https:\/\/visitaltotamegaebarroso.pt\/wp-content\/uploads\/2024\/06\/Passadicos-da-Ribeira-da-Fraga_VLP-1024x576.jpg 1024w, https:\/\/visitaltotamegaebarroso.pt\/wp-content\/uploads\/2024\/06\/Passadicos-da-Ribeira-da-Fraga_VLP-768x432.jpg 768w, https:\/\/visitaltotamegaebarroso.pt\/wp-content\/uploads\/2024\/06\/Passadicos-da-Ribeira-da-Fraga_VLP-1536x864.jpg 1536w\" sizes=\"(max-width: 1920px) 100vw, 1920px\" \/>\t\t\t\t<span class=\"mkdf-tours-gallery-simple-item-price-holder\">\n\t\t\t\t\t\n\t\t<span class=\"mkdf-tours-price-holder\">\n\t\t\t\t\t\t\t\t<\/span>\n\n\t\t\t\t\t\t<\/span>\t\t\t\t\n\t\t\t\t<div class=\"mkdf-tours-gallery-simple-item-content-holder\">\n\t\t\t\t\t<div class=\"mkdf-tours-gallery-simple-item-content-inner\">\n\t\t\t\t\t\t\t\t\t\t\t\t\t<h5 class=\"mkdf-tours-gallery-simple-item-destination-holder\">\n\t\t\t\t\t\t\t\t\n\t\t\t<a class=\"mkdf-tour-item-destination\" href=\"https:\/\/visitaltotamegaebarroso.pt\/fr\/destinations\/valpacos\/\">\n\t\t\t\tValpa\u00e7os\t\t\t<\/a>\n\n\t\t\t\t\t\t\t\t\t<\/h5>\n\t\t\t\t\t\t\t\t\t\t\t\t<div class=\"mkdf-tours-gallery-simple-title-holder\">\n\t\t\t\t\t\t\t<h4 class=\"mkdf-tour-title\">\n\t\t\t\t\t\t\t\tPasserelles de la Ribeira da Fraga\t\t\t\t\t\t\t<\/h4>\n\t\t\t\t\t\t<\/div>\n\t\t\t\t\t<\/div>\n\t\t\t\t<\/div>\n\t\t\t\t<a class=\"mkdf-tours-gallery-simple-item-link\" href=\"https:\/\/visitaltotamegaebarroso.pt\/fr\/tour-item\/passerelles-de-la-ribeira-da-fraga\/\"><\/a>\n\t\t\t<\/div>\n\t\t<\/div>\n\t<\/div><div class=\"mkdf-tours-gallery-simple-item mkdf-tours-row-item mkdf-tour-item-no-rating post-28287 tour-item type-tour-item status-publish has-post-thumbnail hentry tour-category-montalegre-fr tour-category-points-dinterets tour-category-villages-et-traditions\">\n\t\t\t<div class=\"mkdf-tours-gallery-simple-item-image-holder\">\n\t\t\t\t\t\t\n\t\t\t<div class=\"mkdf-tours-gallery-simple-item-image\">\n\t\t\t\t<img width=\"1200\" height=\"800\" src=\"https:\/\/visitaltotamegaebarroso.pt\/wp-content\/uploads\/2023\/07\/Fojo-Avelar.png\" class=\"attachment-full size-full wp-post-image\" alt=\"\" decoding=\"async\" loading=\"lazy\" srcset=\"https:\/\/visitaltotamegaebarroso.pt\/wp-content\/uploads\/2023\/07\/Fojo-Avelar.png 1200w, https:\/\/visitaltotamegaebarroso.pt\/wp-content\/uploads\/2023\/07\/Fojo-Avelar-300x200.png 300w, https:\/\/visitaltotamegaebarroso.pt\/wp-content\/uploads\/2023\/07\/Fojo-Avelar-1024x683.png 1024w, https:\/\/visitaltotamegaebarroso.pt\/wp-content\/uploads\/2023\/07\/Fojo-Avelar-768x512.png 768w\" sizes=\"(max-width: 1200px) 100vw, 1200px\" \/>\t\t\t\t<span class=\"mkdf-tours-gallery-simple-item-price-holder\">\n\t\t\t\t\t\n\t\t<span class=\"mkdf-tours-price-holder\">\n\t\t\t\t\t\t\t\t<\/span>\n\n\t\t\t\t\t\t<\/span>\t\t\t\t\n\t\t\t\t<div class=\"mkdf-tours-gallery-simple-item-content-holder\">\n\t\t\t\t\t<div class=\"mkdf-tours-gallery-simple-item-content-inner\">\n\t\t\t\t\t\t\t\t\t\t\t\t\t<h5 class=\"mkdf-tours-gallery-simple-item-destination-holder\">\n\t\t\t\t\t\t\t\t\n\t\t\t<a class=\"mkdf-tour-item-destination\" href=\"https:\/\/visitaltotamegaebarroso.pt\/fr\/destinations\/montalegre\/\">\n\t\t\t\tMontalegre\t\t\t<\/a>\n\n\t\t\t\t\t\t\t\t\t<\/h5>\n\t\t\t\t\t\t\t\t\t\t\t\t<div class=\"mkdf-tours-gallery-simple-title-holder\">\n\t\t\t\t\t\t\t<h4 class=\"mkdf-tour-title\">\n\t\t\t\t\t\t\t\tPi\u00e8ge \u00e0 Loups de Avelar\t\t\t\t\t\t\t<\/h4>\n\t\t\t\t\t\t<\/div>\n\t\t\t\t\t<\/div>\n\t\t\t\t<\/div>\n\t\t\t\t<a class=\"mkdf-tours-gallery-simple-item-link\" href=\"https:\/\/visitaltotamegaebarroso.pt\/fr\/tour-item\/piege-a-loups-de-avelar\/\"><\/a>\n\t\t\t<\/div>\n\t\t<\/div>\n\t<\/div><div class=\"mkdf-tours-gallery-simple-item mkdf-tours-row-item mkdf-tour-item-no-rating post-28283 tour-item type-tour-item status-publish has-post-thumbnail hentry tour-category-montalegre-fr tour-category-montagnes-et-rivieres tour-category-points-dinterets tour-category-villages-et-traditions\">\n\t\t\t<div class=\"mkdf-tours-gallery-simple-item-image-holder\">\n\t\t\t\t\t\t\n\t\t\t<div class=\"mkdf-tours-gallery-simple-item-image\">\n\t\t\t\t<img width=\"1200\" height=\"800\" src=\"https:\/\/visitaltotamegaebarroso.pt\/wp-content\/uploads\/2023\/07\/Fojo-Lobo-Fafiao.png\" class=\"attachment-full size-full wp-post-image\" alt=\"\" decoding=\"async\" loading=\"lazy\" srcset=\"https:\/\/visitaltotamegaebarroso.pt\/wp-content\/uploads\/2023\/07\/Fojo-Lobo-Fafiao.png 1200w, https:\/\/visitaltotamegaebarroso.pt\/wp-content\/uploads\/2023\/07\/Fojo-Lobo-Fafiao-300x200.png 300w, https:\/\/visitaltotamegaebarroso.pt\/wp-content\/uploads\/2023\/07\/Fojo-Lobo-Fafiao-1024x683.png 1024w, https:\/\/visitaltotamegaebarroso.pt\/wp-content\/uploads\/2023\/07\/Fojo-Lobo-Fafiao-768x512.png 768w\" sizes=\"(max-width: 1200px) 100vw, 1200px\" \/>\t\t\t\t<span class=\"mkdf-tours-gallery-simple-item-price-holder\">\n\t\t\t\t\t\n\t\t<span class=\"mkdf-tours-price-holder\">\n\t\t\t\t\t\t\t\t<\/span>\n\n\t\t\t\t\t\t<\/span>\t\t\t\t\n\t\t\t\t<div class=\"mkdf-tours-gallery-simple-item-content-holder\">\n\t\t\t\t\t<div class=\"mkdf-tours-gallery-simple-item-content-inner\">\n\t\t\t\t\t\t\t\t\t\t\t\t\t<h5 class=\"mkdf-tours-gallery-simple-item-destination-holder\">\n\t\t\t\t\t\t\t\t\n\t\t\t<a class=\"mkdf-tour-item-destination\" href=\"https:\/\/visitaltotamegaebarroso.pt\/fr\/destinations\/montalegre\/\">\n\t\t\t\tMontalegre\t\t\t<\/a>\n\n\t\t\t\t\t\t\t\t\t<\/h5>\n\t\t\t\t\t\t\t\t\t\t\t\t<div class=\"mkdf-tours-gallery-simple-title-holder\">\n\t\t\t\t\t\t\t<h4 class=\"mkdf-tour-title\">\n\t\t\t\t\t\t\t\tPi\u00e8ge \u00e0 Loups de Fafi\u00e3o\t\t\t\t\t\t\t<\/h4>\n\t\t\t\t\t\t<\/div>\n\t\t\t\t\t<\/div>\n\t\t\t\t<\/div>\n\t\t\t\t<a class=\"mkdf-tours-gallery-simple-item-link\" href=\"https:\/\/visitaltotamegaebarroso.pt\/fr\/tour-item\/piege-a-loups-de-fafiao\/\"><\/a>\n\t\t\t<\/div>\n\t\t<\/div>\n\t<\/div><div class=\"mkdf-tours-gallery-simple-item mkdf-tours-row-item mkdf-tour-item-no-rating post-28291 tour-item type-tour-item status-publish has-post-thumbnail hentry tour-category-montalegre-fr tour-category-montagnes-et-rivieres tour-category-points-dinterets tour-category-villages-et-traditions\">\n\t\t\t<div class=\"mkdf-tours-gallery-simple-item-image-holder\">\n\t\t\t\t\t\t\n\t\t\t<div class=\"mkdf-tours-gallery-simple-item-image\">\n\t\t\t\t<img width=\"1200\" height=\"800\" src=\"https:\/\/visitaltotamegaebarroso.pt\/wp-content\/uploads\/2023\/07\/Fojo-Parada.png\" class=\"attachment-full size-full wp-post-image\" alt=\"\" decoding=\"async\" loading=\"lazy\" srcset=\"https:\/\/visitaltotamegaebarroso.pt\/wp-content\/uploads\/2023\/07\/Fojo-Parada.png 1200w, https:\/\/visitaltotamegaebarroso.pt\/wp-content\/uploads\/2023\/07\/Fojo-Parada-300x200.png 300w, https:\/\/visitaltotamegaebarroso.pt\/wp-content\/uploads\/2023\/07\/Fojo-Parada-1024x683.png 1024w, https:\/\/visitaltotamegaebarroso.pt\/wp-content\/uploads\/2023\/07\/Fojo-Parada-768x512.png 768w\" sizes=\"(max-width: 1200px) 100vw, 1200px\" \/>\t\t\t\t<span class=\"mkdf-tours-gallery-simple-item-price-holder\">\n\t\t\t\t\t\n\t\t<span class=\"mkdf-tours-price-holder\">\n\t\t\t\t\t\t\t\t<\/span>\n\n\t\t\t\t\t\t<\/span>\t\t\t\t\n\t\t\t\t<div class=\"mkdf-tours-gallery-simple-item-content-holder\">\n\t\t\t\t\t<div class=\"mkdf-tours-gallery-simple-item-content-inner\">\n\t\t\t\t\t\t\t\t\t\t\t\t\t<h5 class=\"mkdf-tours-gallery-simple-item-destination-holder\">\n\t\t\t\t\t\t\t\t\n\t\t\t<a class=\"mkdf-tour-item-destination\" href=\"https:\/\/visitaltotamegaebarroso.pt\/fr\/destinations\/montalegre\/\">\n\t\t\t\tMontalegre\t\t\t<\/a>\n\n\t\t\t\t\t\t\t\t\t<\/h5>\n\t\t\t\t\t\t\t\t\t\t\t\t<div class=\"mkdf-tours-gallery-simple-title-holder\">\n\t\t\t\t\t\t\t<h4 class=\"mkdf-tour-title\">\n\t\t\t\t\t\t\t\tPi\u00e8ge \u00e0 loups de Parada\t\t\t\t\t\t\t<\/h4>\n\t\t\t\t\t\t<\/div>\n\t\t\t\t\t<\/div>\n\t\t\t\t<\/div>\n\t\t\t\t<a class=\"mkdf-tours-gallery-simple-item-link\" href=\"https:\/\/visitaltotamegaebarroso.pt\/fr\/tour-item\/piege-a-loups-davelar\/\"><\/a>\n\t\t\t<\/div>\n\t\t<\/div>\n\t<\/div><div class=\"mkdf-tours-gallery-simple-item mkdf-tours-row-item mkdf-tour-item-no-rating post-27947 tour-item type-tour-item status-publish has-post-thumbnail hentry tour-category-valpacos-fr tour-category-histoire-et-art tour-category-points-dinterets\">\n\t\t\t<div class=\"mkdf-tours-gallery-simple-item-image-holder\">\n\t\t\t\t\t\t\n\t\t\t<div class=\"mkdf-tours-gallery-simple-item-image\">\n\t\t\t\t<img width=\"1200\" height=\"800\" src=\"https:\/\/visitaltotamegaebarroso.pt\/wp-content\/uploads\/2023\/07\/Pelourinho-de-Agua-Reves.jpg\" class=\"attachment-full size-full wp-post-image\" alt=\"\" decoding=\"async\" loading=\"lazy\" srcset=\"https:\/\/visitaltotamegaebarroso.pt\/wp-content\/uploads\/2023\/07\/Pelourinho-de-Agua-Reves.jpg 1200w, https:\/\/visitaltotamegaebarroso.pt\/wp-content\/uploads\/2023\/07\/Pelourinho-de-Agua-Reves-300x200.jpg 300w, https:\/\/visitaltotamegaebarroso.pt\/wp-content\/uploads\/2023\/07\/Pelourinho-de-Agua-Reves-1024x683.jpg 1024w, https:\/\/visitaltotamegaebarroso.pt\/wp-content\/uploads\/2023\/07\/Pelourinho-de-Agua-Reves-768x512.jpg 768w\" sizes=\"(max-width: 1200px) 100vw, 1200px\" \/>\t\t\t\t<span class=\"mkdf-tours-gallery-simple-item-price-holder\">\n\t\t\t\t\t\n\t\t<span class=\"mkdf-tours-price-holder\">\n\t\t\t\t\t\t\t\t<\/span>\n\n\t\t\t\t\t\t<\/span>\t\t\t\t\n\t\t\t\t<div class=\"mkdf-tours-gallery-simple-item-content-holder\">\n\t\t\t\t\t<div class=\"mkdf-tours-gallery-simple-item-content-inner\">\n\t\t\t\t\t\t\t\t\t\t\t\t\t<h5 class=\"mkdf-tours-gallery-simple-item-destination-holder\">\n\t\t\t\t\t\t\t\t\n\t\t\t<a class=\"mkdf-tour-item-destination\" href=\"https:\/\/visitaltotamegaebarroso.pt\/fr\/destinations\/valpacos\/\">\n\t\t\t\tValpa\u00e7os\t\t\t<\/a>\n\n\t\t\t\t\t\t\t\t\t<\/h5>\n\t\t\t\t\t\t\t\t\t\t\t\t<div class=\"mkdf-tours-gallery-simple-title-holder\">\n\t\t\t\t\t\t\t<h4 class=\"mkdf-tour-title\">\n\t\t\t\t\t\t\t\tPilori d&rsquo;eau Rev\u00e9s\t\t\t\t\t\t\t<\/h4>\n\t\t\t\t\t\t<\/div>\n\t\t\t\t\t<\/div>\n\t\t\t\t<\/div>\n\t\t\t\t<a class=\"mkdf-tours-gallery-simple-item-link\" href=\"https:\/\/visitaltotamegaebarroso.pt\/fr\/tour-item\/pilori-deau-reves\/\"><\/a>\n\t\t\t<\/div>\n\t\t<\/div>\n\t<\/div><div class=\"mkdf-tours-gallery-simple-item mkdf-tours-row-item mkdf-tour-item-no-rating post-27931 tour-item type-tour-item status-publish has-post-thumbnail hentry tour-category-ribeira-de-pena-fr tour-category-histoire-et-art tour-category-points-dinterets\">\n\t\t\t<div class=\"mkdf-tours-gallery-simple-item-image-holder\">\n\t\t\t\t\t\t\n\t\t\t<div class=\"mkdf-tours-gallery-simple-item-image\">\n\t\t\t\t<img width=\"1200\" height=\"800\" src=\"https:\/\/visitaltotamegaebarroso.pt\/wp-content\/uploads\/2023\/07\/Pelourinho-de-Cerva.png\" class=\"attachment-full size-full wp-post-image\" alt=\"\" decoding=\"async\" loading=\"lazy\" srcset=\"https:\/\/visitaltotamegaebarroso.pt\/wp-content\/uploads\/2023\/07\/Pelourinho-de-Cerva.png 1200w, https:\/\/visitaltotamegaebarroso.pt\/wp-content\/uploads\/2023\/07\/Pelourinho-de-Cerva-300x200.png 300w, https:\/\/visitaltotamegaebarroso.pt\/wp-content\/uploads\/2023\/07\/Pelourinho-de-Cerva-1024x683.png 1024w, https:\/\/visitaltotamegaebarroso.pt\/wp-content\/uploads\/2023\/07\/Pelourinho-de-Cerva-768x512.png 768w\" sizes=\"(max-width: 1200px) 100vw, 1200px\" \/>\t\t\t\t<span class=\"mkdf-tours-gallery-simple-item-price-holder\">\n\t\t\t\t\t\n\t\t<span class=\"mkdf-tours-price-holder\">\n\t\t\t\t\t\t\t\t<\/span>\n\n\t\t\t\t\t\t<\/span>\t\t\t\t\n\t\t\t\t<div class=\"mkdf-tours-gallery-simple-item-content-holder\">\n\t\t\t\t\t<div class=\"mkdf-tours-gallery-simple-item-content-inner\">\n\t\t\t\t\t\t\t\t\t\t\t\t\t<h5 class=\"mkdf-tours-gallery-simple-item-destination-holder\">\n\t\t\t\t\t\t\t\t\n\t\t\t<a class=\"mkdf-tour-item-destination\" href=\"https:\/\/visitaltotamegaebarroso.pt\/fr\/destinations\/ribeira-de-pena\/\">\n\t\t\t\tRibeira de Pena\t\t\t<\/a>\n\n\t\t\t\t\t\t\t\t\t<\/h5>\n\t\t\t\t\t\t\t\t\t\t\t\t<div class=\"mkdf-tours-gallery-simple-title-holder\">\n\t\t\t\t\t\t\t<h4 class=\"mkdf-tour-title\">\n\t\t\t\t\t\t\t\tPilori de Cerva\t\t\t\t\t\t\t<\/h4>\n\t\t\t\t\t\t<\/div>\n\t\t\t\t\t<\/div>\n\t\t\t\t<\/div>\n\t\t\t\t<a class=\"mkdf-tours-gallery-simple-item-link\" href=\"https:\/\/visitaltotamegaebarroso.pt\/fr\/tour-item\/pilori-de-cerva\/\"><\/a>\n\t\t\t<\/div>\n\t\t<\/div>\n\t<\/div><div class=\"mkdf-tours-gallery-simple-item mkdf-tours-row-item mkdf-tour-item-no-rating post-27927 tour-item type-tour-item status-publish has-post-thumbnail hentry tour-category-chaves-fr tour-category-histoire-et-art tour-category-points-dinterets\">\n\t\t\t<div class=\"mkdf-tours-gallery-simple-item-image-holder\">\n\t\t\t\t\t\t\n\t\t\t<div class=\"mkdf-tours-gallery-simple-item-image\">\n\t\t\t\t<img width=\"1200\" height=\"800\" src=\"https:\/\/visitaltotamegaebarroso.pt\/wp-content\/uploads\/2023\/07\/pelourinho-chaves-1.jpg\" class=\"attachment-full size-full wp-post-image\" alt=\"\" decoding=\"async\" loading=\"lazy\" srcset=\"https:\/\/visitaltotamegaebarroso.pt\/wp-content\/uploads\/2023\/07\/pelourinho-chaves-1.jpg 1200w, https:\/\/visitaltotamegaebarroso.pt\/wp-content\/uploads\/2023\/07\/pelourinho-chaves-1-300x200.jpg 300w, https:\/\/visitaltotamegaebarroso.pt\/wp-content\/uploads\/2023\/07\/pelourinho-chaves-1-1024x683.jpg 1024w, https:\/\/visitaltotamegaebarroso.pt\/wp-content\/uploads\/2023\/07\/pelourinho-chaves-1-768x512.jpg 768w\" sizes=\"(max-width: 1200px) 100vw, 1200px\" \/>\t\t\t\t<span class=\"mkdf-tours-gallery-simple-item-price-holder\">\n\t\t\t\t\t\n\t\t<span class=\"mkdf-tours-price-holder\">\n\t\t\t\t\t\t\t\t<\/span>\n\n\t\t\t\t\t\t<\/span>\t\t\t\t\n\t\t\t\t<div class=\"mkdf-tours-gallery-simple-item-content-holder\">\n\t\t\t\t\t<div class=\"mkdf-tours-gallery-simple-item-content-inner\">\n\t\t\t\t\t\t\t\t\t\t\t\t\t<h5 class=\"mkdf-tours-gallery-simple-item-destination-holder\">\n\t\t\t\t\t\t\t\t\n\t\t\t<a class=\"mkdf-tour-item-destination\" href=\"https:\/\/visitaltotamegaebarroso.pt\/fr\/destinations\/chaves\/\">\n\t\t\t\tChaves\t\t\t<\/a>\n\n\t\t\t\t\t\t\t\t\t<\/h5>\n\t\t\t\t\t\t\t\t\t\t\t\t<div class=\"mkdf-tours-gallery-simple-title-holder\">\n\t\t\t\t\t\t\t<h4 class=\"mkdf-tour-title\">\n\t\t\t\t\t\t\t\tPilori de Chaves\t\t\t\t\t\t\t<\/h4>\n\t\t\t\t\t\t<\/div>\n\t\t\t\t\t<\/div>\n\t\t\t\t<\/div>\n\t\t\t\t<a class=\"mkdf-tours-gallery-simple-item-link\" href=\"https:\/\/visitaltotamegaebarroso.pt\/fr\/tour-item\/pilori-de-chaves\/\"><\/a>\n\t\t\t<\/div>\n\t\t<\/div>\n\t<\/div><div class=\"mkdf-tours-gallery-simple-item mkdf-tours-row-item mkdf-tour-item-no-rating post-27923 tour-item type-tour-item status-publish has-post-thumbnail hentry tour-category-boticas-fr tour-category-histoire-et-art tour-category-points-dinterets tour-category-routes-paysageres tour-category-villages-et-traditions\">\n\t\t\t<div class=\"mkdf-tours-gallery-simple-item-image-holder\">\n\t\t\t\t\t\t\n\t\t\t<div class=\"mkdf-tours-gallery-simple-item-image\">\n\t\t\t\t<img width=\"1200\" height=\"800\" src=\"https:\/\/visitaltotamegaebarroso.pt\/wp-content\/uploads\/2023\/07\/Pelourinho-Dornelas.png\" class=\"attachment-full size-full wp-post-image\" alt=\"\" decoding=\"async\" loading=\"lazy\" srcset=\"https:\/\/visitaltotamegaebarroso.pt\/wp-content\/uploads\/2023\/07\/Pelourinho-Dornelas.png 1200w, https:\/\/visitaltotamegaebarroso.pt\/wp-content\/uploads\/2023\/07\/Pelourinho-Dornelas-300x200.png 300w, https:\/\/visitaltotamegaebarroso.pt\/wp-content\/uploads\/2023\/07\/Pelourinho-Dornelas-1024x683.png 1024w, https:\/\/visitaltotamegaebarroso.pt\/wp-content\/uploads\/2023\/07\/Pelourinho-Dornelas-768x512.png 768w\" sizes=\"(max-width: 1200px) 100vw, 1200px\" \/>\t\t\t\t<span class=\"mkdf-tours-gallery-simple-item-price-holder\">\n\t\t\t\t\t\n\t\t<span class=\"mkdf-tours-price-holder\">\n\t\t\t\t\t\t\t\t<\/span>\n\n\t\t\t\t\t\t<\/span>\t\t\t\t\n\t\t\t\t<div class=\"mkdf-tours-gallery-simple-item-content-holder\">\n\t\t\t\t\t<div class=\"mkdf-tours-gallery-simple-item-content-inner\">\n\t\t\t\t\t\t\t\t\t\t\t\t\t<h5 class=\"mkdf-tours-gallery-simple-item-destination-holder\">\n\t\t\t\t\t\t\t\t\n\t\t\t<a class=\"mkdf-tour-item-destination\" href=\"https:\/\/visitaltotamegaebarroso.pt\/fr\/destinations\/boticas\/\">\n\t\t\t\tBoticas\t\t\t<\/a>\n\n\t\t\t\t\t\t\t\t\t<\/h5>\n\t\t\t\t\t\t\t\t\t\t\t\t<div class=\"mkdf-tours-gallery-simple-title-holder\">\n\t\t\t\t\t\t\t<h4 class=\"mkdf-tour-title\">\n\t\t\t\t\t\t\t\tPilori de Dornelas\t\t\t\t\t\t\t<\/h4>\n\t\t\t\t\t\t<\/div>\n\t\t\t\t\t<\/div>\n\t\t\t\t<\/div>\n\t\t\t\t<a class=\"mkdf-tours-gallery-simple-item-link\" href=\"https:\/\/visitaltotamegaebarroso.pt\/fr\/tour-item\/pilori-de-dornelas\/\"><\/a>\n\t\t\t<\/div>\n\t\t<\/div>\n\t<\/div><div class=\"mkdf-tours-gallery-simple-item mkdf-tours-row-item mkdf-tour-item-no-rating post-27516 tour-item type-tour-item status-publish has-post-thumbnail hentry tour-category-chaves-fr tour-category-histoire-et-art tour-category-montagnes-et-rivieres tour-category-points-dinterets tour-category-routes-paysageres tour-category-sports-et-aventure tour-category-villages-et-traditions\">\n\t\t\t<div class=\"mkdf-tours-gallery-simple-item-image-holder\">\n\t\t\t\t\t\t\n\t\t\t<div class=\"mkdf-tours-gallery-simple-item-image\">\n\t\t\t\t<img width=\"1030\" height=\"770\" src=\"https:\/\/visitaltotamegaebarroso.pt\/wp-content\/uploads\/2023\/07\/Trilho-vidago___arcosso.jpg\" class=\"attachment-full size-full wp-post-image\" alt=\"\" decoding=\"async\" loading=\"lazy\" srcset=\"https:\/\/visitaltotamegaebarroso.pt\/wp-content\/uploads\/2023\/07\/Trilho-vidago___arcosso.jpg 1030w, https:\/\/visitaltotamegaebarroso.pt\/wp-content\/uploads\/2023\/07\/Trilho-vidago___arcosso-300x224.jpg 300w, https:\/\/visitaltotamegaebarroso.pt\/wp-content\/uploads\/2023\/07\/Trilho-vidago___arcosso-1024x766.jpg 1024w, https:\/\/visitaltotamegaebarroso.pt\/wp-content\/uploads\/2023\/07\/Trilho-vidago___arcosso-768x574.jpg 768w\" sizes=\"(max-width: 1030px) 100vw, 1030px\" \/>\t\t\t\t<span class=\"mkdf-tours-gallery-simple-item-price-holder\">\n\t\t\t\t\t\n\t\t<span class=\"mkdf-tours-price-holder\">\n\t\t\t\t\t\t\t\t<\/span>\n\n\t\t\t\t\t\t<\/span>\t\t\t\t\n\t\t\t\t<div class=\"mkdf-tours-gallery-simple-item-content-holder\">\n\t\t\t\t\t<div class=\"mkdf-tours-gallery-simple-item-content-inner\">\n\t\t\t\t\t\t\t\t\t\t\t\t<div class=\"mkdf-tours-gallery-simple-title-holder\">\n\t\t\t\t\t\t\t<h4 class=\"mkdf-tour-title\">\n\t\t\t\t\t\t\t\tPiste Vidago-Arcoss\u00f3 &#8211; PR2 CHV\t\t\t\t\t\t\t<\/h4>\n\t\t\t\t\t\t<\/div>\n\t\t\t\t\t<\/div>\n\t\t\t\t<\/div>\n\t\t\t\t<a class=\"mkdf-tours-gallery-simple-item-link\" href=\"https:\/\/visitaltotamegaebarroso.pt\/fr\/tour-item\/piste-vidago-arcosso-pr2-chv\/\"><\/a>\n\t\t\t<\/div>\n\t\t<\/div>\n\t<\/div><div class=\"mkdf-tours-gallery-simple-item mkdf-tours-row-item mkdf-tour-item-no-rating post-27619 tour-item type-tour-item status-publish has-post-thumbnail hentry tour-category-boticas-fr tour-category-gastronomie-eaux-et-vins tour-category-histoire-et-art tour-category-points-dinterets tour-category-spa-et-spa\">\n\t\t\t<div class=\"mkdf-tours-gallery-simple-item-image-holder\">\n\t\t\t\t\t\t\n\t\t\t<div class=\"mkdf-tours-gallery-simple-item-image\">\n\t\t\t\t<img width=\"1200\" height=\"800\" src=\"https:\/\/visitaltotamegaebarroso.pt\/wp-content\/uploads\/2023\/07\/Praca-Municipio.png\" class=\"attachment-full size-full wp-post-image\" alt=\"\" decoding=\"async\" loading=\"lazy\" srcset=\"https:\/\/visitaltotamegaebarroso.pt\/wp-content\/uploads\/2023\/07\/Praca-Municipio.png 1200w, https:\/\/visitaltotamegaebarroso.pt\/wp-content\/uploads\/2023\/07\/Praca-Municipio-300x200.png 300w, https:\/\/visitaltotamegaebarroso.pt\/wp-content\/uploads\/2023\/07\/Praca-Municipio-1024x683.png 1024w, https:\/\/visitaltotamegaebarroso.pt\/wp-content\/uploads\/2023\/07\/Praca-Municipio-768x512.png 768w\" sizes=\"(max-width: 1200px) 100vw, 1200px\" \/>\t\t\t\t<span class=\"mkdf-tours-gallery-simple-item-price-holder\">\n\t\t\t\t\t\n\t\t<span class=\"mkdf-tours-price-holder\">\n\t\t\t\t\t\t\t\t<\/span>\n\n\t\t\t\t\t\t<\/span>\t\t\t\t\n\t\t\t\t<div class=\"mkdf-tours-gallery-simple-item-content-holder\">\n\t\t\t\t\t<div class=\"mkdf-tours-gallery-simple-item-content-inner\">\n\t\t\t\t\t\t\t\t\t\t\t\t\t<h5 class=\"mkdf-tours-gallery-simple-item-destination-holder\">\n\t\t\t\t\t\t\t\t\n\t\t\t<a class=\"mkdf-tour-item-destination\" href=\"https:\/\/visitaltotamegaebarroso.pt\/fr\/destinations\/boticas\/\">\n\t\t\t\tBoticas\t\t\t<\/a>\n\n\t\t\t\t\t\t\t\t\t<\/h5>\n\t\t\t\t\t\t\t\t\t\t\t\t<div class=\"mkdf-tours-gallery-simple-title-holder\">\n\t\t\t\t\t\t\t<h4 class=\"mkdf-tour-title\">\n\t\t\t\t\t\t\t\tPlace de la ville\t\t\t\t\t\t\t<\/h4>\n\t\t\t\t\t\t<\/div>\n\t\t\t\t\t<\/div>\n\t\t\t\t<\/div>\n\t\t\t\t<a class=\"mkdf-tours-gallery-simple-item-link\" href=\"https:\/\/visitaltotamegaebarroso.pt\/fr\/tour-item\/place-de-la-ville\/\"><\/a>\n\t\t\t<\/div>\n\t\t<\/div>\n\t<\/div><div class=\"mkdf-tours-gallery-simple-item mkdf-tours-row-item mkdf-tour-item-no-rating post-27615 tour-item type-tour-item status-publish has-post-thumbnail hentry tour-category-valpacos-fr tour-category-montagnes-et-rivieres tour-category-points-dinterets tour-category-sports-et-aventure\">\n\t\t\t<div class=\"mkdf-tours-gallery-simple-item-image-holder\">\n\t\t\t\t\t\t\n\t\t\t<div class=\"mkdf-tours-gallery-simple-item-image\">\n\t\t\t\t<img width=\"1200\" height=\"800\" src=\"https:\/\/visitaltotamegaebarroso.pt\/wp-content\/uploads\/2023\/07\/Praia-Fluvial-Rio-Torto.png\" class=\"attachment-full size-full wp-post-image\" alt=\"\" decoding=\"async\" loading=\"lazy\" srcset=\"https:\/\/visitaltotamegaebarroso.pt\/wp-content\/uploads\/2023\/07\/Praia-Fluvial-Rio-Torto.png 1200w, https:\/\/visitaltotamegaebarroso.pt\/wp-content\/uploads\/2023\/07\/Praia-Fluvial-Rio-Torto-300x200.png 300w, https:\/\/visitaltotamegaebarroso.pt\/wp-content\/uploads\/2023\/07\/Praia-Fluvial-Rio-Torto-1024x683.png 1024w, https:\/\/visitaltotamegaebarroso.pt\/wp-content\/uploads\/2023\/07\/Praia-Fluvial-Rio-Torto-768x512.png 768w\" sizes=\"(max-width: 1200px) 100vw, 1200px\" \/>\t\t\t\t<span class=\"mkdf-tours-gallery-simple-item-price-holder\">\n\t\t\t\t\t\n\t\t<span class=\"mkdf-tours-price-holder\">\n\t\t\t\t\t\t\t\t<\/span>\n\n\t\t\t\t\t\t<\/span>\t\t\t\t\n\t\t\t\t<div class=\"mkdf-tours-gallery-simple-item-content-holder\">\n\t\t\t\t\t<div class=\"mkdf-tours-gallery-simple-item-content-inner\">\n\t\t\t\t\t\t\t\t\t\t\t\t\t<h5 class=\"mkdf-tours-gallery-simple-item-destination-holder\">\n\t\t\t\t\t\t\t\t\n\t\t\t<a class=\"mkdf-tour-item-destination\" href=\"https:\/\/visitaltotamegaebarroso.pt\/fr\/destinations\/valpacos\/\">\n\t\t\t\tValpa\u00e7os\t\t\t<\/a>\n\n\t\t\t\t\t\t\t\t\t<\/h5>\n\t\t\t\t\t\t\t\t\t\t\t\t<div class=\"mkdf-tours-gallery-simple-title-holder\">\n\t\t\t\t\t\t\t<h4 class=\"mkdf-tour-title\">\n\t\t\t\t\t\t\t\tPlage fluviale de Rio Torto\t\t\t\t\t\t\t<\/h4>\n\t\t\t\t\t\t<\/div>\n\t\t\t\t\t<\/div>\n\t\t\t\t<\/div>\n\t\t\t\t<a class=\"mkdf-tours-gallery-simple-item-link\" href=\"https:\/\/visitaltotamegaebarroso.pt\/fr\/tour-item\/plage-fluviale-de-rio-torto\/\"><\/a>\n\t\t\t<\/div>\n\t\t<\/div>\n\t<\/div><div class=\"mkdf-tours-gallery-simple-item mkdf-tours-row-item mkdf-tour-item-no-rating post-28160 tour-item type-tour-item status-publish has-post-thumbnail hentry tour-category-montalegre-fr tour-category-montagnes-et-rivieres tour-category-points-dinterets\">\n\t\t\t<div class=\"mkdf-tours-gallery-simple-item-image-holder\">\n\t\t\t\t\t\t\n\t\t\t<div class=\"mkdf-tours-gallery-simple-item-image\">\n\t\t\t\t<img width=\"1200\" height=\"800\" src=\"https:\/\/visitaltotamegaebarroso.pt\/wp-content\/uploads\/2023\/07\/Miradouro-Corujeira.png\" class=\"attachment-full size-full wp-post-image\" alt=\"\" decoding=\"async\" loading=\"lazy\" srcset=\"https:\/\/visitaltotamegaebarroso.pt\/wp-content\/uploads\/2023\/07\/Miradouro-Corujeira.png 1200w, https:\/\/visitaltotamegaebarroso.pt\/wp-content\/uploads\/2023\/07\/Miradouro-Corujeira-300x200.png 300w, https:\/\/visitaltotamegaebarroso.pt\/wp-content\/uploads\/2023\/07\/Miradouro-Corujeira-1024x683.png 1024w, https:\/\/visitaltotamegaebarroso.pt\/wp-content\/uploads\/2023\/07\/Miradouro-Corujeira-768x512.png 768w\" sizes=\"(max-width: 1200px) 100vw, 1200px\" \/>\t\t\t\t<span class=\"mkdf-tours-gallery-simple-item-price-holder\">\n\t\t\t\t\t\n\t\t<span class=\"mkdf-tours-price-holder\">\n\t\t\t\t\t\t\t\t<\/span>\n\n\t\t\t\t\t\t<\/span>\t\t\t\t\n\t\t\t\t<div class=\"mkdf-tours-gallery-simple-item-content-holder\">\n\t\t\t\t\t<div class=\"mkdf-tours-gallery-simple-item-content-inner\">\n\t\t\t\t\t\t\t\t\t\t\t\t\t<h5 class=\"mkdf-tours-gallery-simple-item-destination-holder\">\n\t\t\t\t\t\t\t\t\n\t\t\t<a class=\"mkdf-tour-item-destination\" href=\"https:\/\/visitaltotamegaebarroso.pt\/fr\/destinations\/montalegre\/\">\n\t\t\t\tMontalegre\t\t\t<\/a>\n\n\t\t\t\t\t\t\t\t\t<\/h5>\n\t\t\t\t\t\t\t\t\t\t\t\t<div class=\"mkdf-tours-gallery-simple-title-holder\">\n\t\t\t\t\t\t\t<h4 class=\"mkdf-tour-title\">\n\t\t\t\t\t\t\t\tPoint de vue de Corujeira\t\t\t\t\t\t\t<\/h4>\n\t\t\t\t\t\t<\/div>\n\t\t\t\t\t<\/div>\n\t\t\t\t<\/div>\n\t\t\t\t<a class=\"mkdf-tours-gallery-simple-item-link\" href=\"https:\/\/visitaltotamegaebarroso.pt\/fr\/tour-item\/point-de-vue-de-corujeira\/\"><\/a>\n\t\t\t<\/div>\n\t\t<\/div>\n\t<\/div><div class=\"mkdf-tours-gallery-simple-item mkdf-tours-row-item mkdf-tour-item-no-rating post-28499 tour-item type-tour-item status-publish has-post-thumbnail hentry tour-category-montalegre-fr tour-category-montagnes-et-rivieres tour-category-points-dinterets tour-category-routes-paysageres tour-category-sports-et-aventure\">\n\t\t\t<div class=\"mkdf-tours-gallery-simple-item-image-holder\">\n\t\t\t\t\t\t\n\t\t\t<div class=\"mkdf-tours-gallery-simple-item-image\">\n\t\t\t\t<img width=\"1200\" height=\"800\" src=\"https:\/\/visitaltotamegaebarroso.pt\/wp-content\/uploads\/2023\/06\/Miradouro-de-Fafiao.png\" class=\"attachment-full size-full wp-post-image\" alt=\"Miradouro de Fafi\u00e3o\" decoding=\"async\" loading=\"lazy\" srcset=\"https:\/\/visitaltotamegaebarroso.pt\/wp-content\/uploads\/2023\/06\/Miradouro-de-Fafiao.png 1200w, https:\/\/visitaltotamegaebarroso.pt\/wp-content\/uploads\/2023\/06\/Miradouro-de-Fafiao-300x200.png 300w, https:\/\/visitaltotamegaebarroso.pt\/wp-content\/uploads\/2023\/06\/Miradouro-de-Fafiao-1024x683.png 1024w, https:\/\/visitaltotamegaebarroso.pt\/wp-content\/uploads\/2023\/06\/Miradouro-de-Fafiao-768x512.png 768w\" sizes=\"(max-width: 1200px) 100vw, 1200px\" \/>\t\t\t\t<span class=\"mkdf-tours-gallery-simple-item-price-holder\">\n\t\t\t\t\t\n\t\t<span class=\"mkdf-tours-price-holder\">\n\t\t\t\t\t\t\t\t<\/span>\n\n\t\t\t\t\t\t<\/span>\t\t\t\t\n\t\t\t\t<div class=\"mkdf-tours-gallery-simple-item-content-holder\">\n\t\t\t\t\t<div class=\"mkdf-tours-gallery-simple-item-content-inner\">\n\t\t\t\t\t\t\t\t\t\t\t\t\t<h5 class=\"mkdf-tours-gallery-simple-item-destination-holder\">\n\t\t\t\t\t\t\t\t\n\t\t\t<a class=\"mkdf-tour-item-destination\" href=\"https:\/\/visitaltotamegaebarroso.pt\/fr\/destinations\/montalegre\/\">\n\t\t\t\tMontalegre\t\t\t<\/a>\n\n\t\t\t\t\t\t\t\t\t<\/h5>\n\t\t\t\t\t\t\t\t\t\t\t\t<div class=\"mkdf-tours-gallery-simple-title-holder\">\n\t\t\t\t\t\t\t<h4 class=\"mkdf-tour-title\">\n\t\t\t\t\t\t\t\tPoint de vue de Fafi\u00e3o\t\t\t\t\t\t\t<\/h4>\n\t\t\t\t\t\t<\/div>\n\t\t\t\t\t<\/div>\n\t\t\t\t<\/div>\n\t\t\t\t<a class=\"mkdf-tours-gallery-simple-item-link\" href=\"https:\/\/visitaltotamegaebarroso.pt\/fr\/tour-item\/point-de-vue-de-fafiao\/\"><\/a>\n\t\t\t<\/div>\n\t\t<\/div>\n\t<\/div><div class=\"mkdf-tours-gallery-simple-item mkdf-tours-row-item mkdf-tour-item-no-rating post-28152 tour-item type-tour-item status-publish has-post-thumbnail hentry tour-category-valpacos-fr tour-category-points-dinterets tour-category-routes-paysageres tour-category-sports-et-aventure\">\n\t\t\t<div class=\"mkdf-tours-gallery-simple-item-image-holder\">\n\t\t\t\t\t\t\n\t\t\t<div class=\"mkdf-tours-gallery-simple-item-image\">\n\t\t\t\t<img width=\"1200\" height=\"800\" src=\"https:\/\/visitaltotamegaebarroso.pt\/wp-content\/uploads\/2023\/07\/Miradouro-Santa-Comba.png\" class=\"attachment-full size-full wp-post-image\" alt=\"\" decoding=\"async\" loading=\"lazy\" srcset=\"https:\/\/visitaltotamegaebarroso.pt\/wp-content\/uploads\/2023\/07\/Miradouro-Santa-Comba.png 1200w, https:\/\/visitaltotamegaebarroso.pt\/wp-content\/uploads\/2023\/07\/Miradouro-Santa-Comba-300x200.png 300w, https:\/\/visitaltotamegaebarroso.pt\/wp-content\/uploads\/2023\/07\/Miradouro-Santa-Comba-1024x683.png 1024w, https:\/\/visitaltotamegaebarroso.pt\/wp-content\/uploads\/2023\/07\/Miradouro-Santa-Comba-768x512.png 768w\" sizes=\"(max-width: 1200px) 100vw, 1200px\" \/>\t\t\t\t<span class=\"mkdf-tours-gallery-simple-item-price-holder\">\n\t\t\t\t\t\n\t\t<span class=\"mkdf-tours-price-holder\">\n\t\t\t\t\t\t\t\t<\/span>\n\n\t\t\t\t\t\t<\/span>\t\t\t\t\n\t\t\t\t<div class=\"mkdf-tours-gallery-simple-item-content-holder\">\n\t\t\t\t\t<div class=\"mkdf-tours-gallery-simple-item-content-inner\">\n\t\t\t\t\t\t\t\t\t\t\t\t\t<h5 class=\"mkdf-tours-gallery-simple-item-destination-holder\">\n\t\t\t\t\t\t\t\t\n\t\t\t<a class=\"mkdf-tour-item-destination\" href=\"https:\/\/visitaltotamegaebarroso.pt\/fr\/destinations\/valpacos\/\">\n\t\t\t\tValpa\u00e7os\t\t\t<\/a>\n\n\t\t\t\t\t\t\t\t\t<\/h5>\n\t\t\t\t\t\t\t\t\t\t\t\t<div class=\"mkdf-tours-gallery-simple-title-holder\">\n\t\t\t\t\t\t\t<h4 class=\"mkdf-tour-title\">\n\t\t\t\t\t\t\t\tPoint de vue de Santa Comba\t\t\t\t\t\t\t<\/h4>\n\t\t\t\t\t\t<\/div>\n\t\t\t\t\t<\/div>\n\t\t\t\t<\/div>\n\t\t\t\t<a class=\"mkdf-tours-gallery-simple-item-link\" href=\"https:\/\/visitaltotamegaebarroso.pt\/fr\/tour-item\/point-de-vue-de-santa-comba\/\"><\/a>\n\t\t\t<\/div>\n\t\t<\/div>\n\t<\/div><div class=\"mkdf-tours-gallery-simple-item mkdf-tours-row-item mkdf-tour-item-no-rating post-28156 tour-item type-tour-item status-publish has-post-thumbnail hentry tour-category-vila-pouca-de-aguiar-fr tour-category-points-dinterets tour-category-routes-paysageres\">\n\t\t\t<div class=\"mkdf-tours-gallery-simple-item-image-holder\">\n\t\t\t\t\t\t\n\t\t\t<div class=\"mkdf-tours-gallery-simple-item-image\">\n\t\t\t\t<img width=\"1200\" height=\"800\" src=\"https:\/\/visitaltotamegaebarroso.pt\/wp-content\/uploads\/2023\/07\/Miradouro-Senhora-Conceicao.png\" class=\"attachment-full size-full wp-post-image\" alt=\"\" decoding=\"async\" loading=\"lazy\" srcset=\"https:\/\/visitaltotamegaebarroso.pt\/wp-content\/uploads\/2023\/07\/Miradouro-Senhora-Conceicao.png 1200w, https:\/\/visitaltotamegaebarroso.pt\/wp-content\/uploads\/2023\/07\/Miradouro-Senhora-Conceicao-300x200.png 300w, https:\/\/visitaltotamegaebarroso.pt\/wp-content\/uploads\/2023\/07\/Miradouro-Senhora-Conceicao-1024x683.png 1024w, https:\/\/visitaltotamegaebarroso.pt\/wp-content\/uploads\/2023\/07\/Miradouro-Senhora-Conceicao-768x512.png 768w\" sizes=\"(max-width: 1200px) 100vw, 1200px\" \/>\t\t\t\t<span class=\"mkdf-tours-gallery-simple-item-price-holder\">\n\t\t\t\t\t\n\t\t<span class=\"mkdf-tours-price-holder\">\n\t\t\t\t\t\t\t\t<\/span>\n\n\t\t\t\t\t\t<\/span>\t\t\t\t\n\t\t\t\t<div class=\"mkdf-tours-gallery-simple-item-content-holder\">\n\t\t\t\t\t<div class=\"mkdf-tours-gallery-simple-item-content-inner\">\n\t\t\t\t\t\t\t\t\t\t\t\t\t<h5 class=\"mkdf-tours-gallery-simple-item-destination-holder\">\n\t\t\t\t\t\t\t\t\n\t\t\t<a class=\"mkdf-tour-item-destination\" href=\"https:\/\/visitaltotamegaebarroso.pt\/fr\/destinations\/vila-pouca-de-aguiar\/\">\n\t\t\t\tVila Pouca de Aguiar\t\t\t<\/a>\n\n\t\t\t\t\t\t\t\t\t<\/h5>\n\t\t\t\t\t\t\t\t\t\t\t\t<div class=\"mkdf-tours-gallery-simple-title-holder\">\n\t\t\t\t\t\t\t<h4 class=\"mkdf-tour-title\">\n\t\t\t\t\t\t\t\tPoint de vue de Santa Comba\t\t\t\t\t\t\t<\/h4>\n\t\t\t\t\t\t<\/div>\n\t\t\t\t\t<\/div>\n\t\t\t\t<\/div>\n\t\t\t\t<a class=\"mkdf-tours-gallery-simple-item-link\" href=\"https:\/\/visitaltotamegaebarroso.pt\/fr\/tour-item\/point-de-vue-de-santa-comba-2\/\"><\/a>\n\t\t\t<\/div>\n\t\t<\/div>\n\t<\/div><div class=\"mkdf-tours-gallery-simple-item mkdf-tours-row-item mkdf-tour-item-no-rating post-28148 tour-item type-tour-item status-publish has-post-thumbnail hentry tour-category-chaves-fr tour-category-montagnes-et-rivieres tour-category-points-dinterets tour-category-routes-paysageres tour-category-villages-et-traditions\">\n\t\t\t<div class=\"mkdf-tours-gallery-simple-item-image-holder\">\n\t\t\t\t\t\t\n\t\t\t<div class=\"mkdf-tours-gallery-simple-item-image\">\n\t\t\t\t<img width=\"1200\" height=\"800\" src=\"https:\/\/visitaltotamegaebarroso.pt\/wp-content\/uploads\/2023\/07\/Miradouro-de-Sao-Lourenco.jpg\" class=\"attachment-full size-full wp-post-image\" alt=\"\" decoding=\"async\" loading=\"lazy\" srcset=\"https:\/\/visitaltotamegaebarroso.pt\/wp-content\/uploads\/2023\/07\/Miradouro-de-Sao-Lourenco.jpg 1200w, https:\/\/visitaltotamegaebarroso.pt\/wp-content\/uploads\/2023\/07\/Miradouro-de-Sao-Lourenco-300x200.jpg 300w, https:\/\/visitaltotamegaebarroso.pt\/wp-content\/uploads\/2023\/07\/Miradouro-de-Sao-Lourenco-1024x683.jpg 1024w, https:\/\/visitaltotamegaebarroso.pt\/wp-content\/uploads\/2023\/07\/Miradouro-de-Sao-Lourenco-768x512.jpg 768w\" sizes=\"(max-width: 1200px) 100vw, 1200px\" \/>\t\t\t\t<span class=\"mkdf-tours-gallery-simple-item-price-holder\">\n\t\t\t\t\t\n\t\t<span class=\"mkdf-tours-price-holder\">\n\t\t\t\t\t\t\t<span class=\"mkdf-tours-item-price \">$1<\/span>\n\t\t\t\t\t\t\t\t<\/span>\n\n\t\t\t\t\t\t<\/span>\t\t\t\t\n\t\t\t\t<div class=\"mkdf-tours-gallery-simple-item-content-holder\">\n\t\t\t\t\t<div class=\"mkdf-tours-gallery-simple-item-content-inner\">\n\t\t\t\t\t\t\t\t\t\t\t\t\t<h5 class=\"mkdf-tours-gallery-simple-item-destination-holder\">\n\t\t\t\t\t\t\t\t\n\t\t\t<a class=\"mkdf-tour-item-destination\" href=\"https:\/\/visitaltotamegaebarroso.pt\/fr\/destinations\/chaves\/\">\n\t\t\t\tChaves\t\t\t<\/a>\n\n\t\t\t\t\t\t\t\t\t<\/h5>\n\t\t\t\t\t\t\t\t\t\t\t\t<div class=\"mkdf-tours-gallery-simple-title-holder\">\n\t\t\t\t\t\t\t<h4 class=\"mkdf-tour-title\">\n\t\t\t\t\t\t\t\tPoint de vue de S\u00e3o Louren\u00e7o\t\t\t\t\t\t\t<\/h4>\n\t\t\t\t\t\t<\/div>\n\t\t\t\t\t<\/div>\n\t\t\t\t<\/div>\n\t\t\t\t<a class=\"mkdf-tours-gallery-simple-item-link\" href=\"https:\/\/visitaltotamegaebarroso.pt\/fr\/tour-item\/point-de-vue-de-sao-lourenco\/\"><\/a>\n\t\t\t<\/div>\n\t\t<\/div>\n\t<\/div><div class=\"mkdf-tours-gallery-simple-item mkdf-tours-row-item mkdf-tour-item-no-rating post-13062 tour-item type-tour-item status-publish has-post-thumbnail hentry tour-category-chaves-fr tour-category-histoire-et-art tour-category-montagnes-et-rivieres tour-category-points-dinterets\">\n\t\t\t<div class=\"mkdf-tours-gallery-simple-item-image-holder\">\n\t\t\t\t\t\t\n\t\t\t<div class=\"mkdf-tours-gallery-simple-item-image\">\n\t\t\t\t<img width=\"2000\" height=\"1332\" src=\"https:\/\/visitaltotamegaebarroso.pt\/wp-content\/uploads\/2023\/03\/AF_poldras.jpg\" class=\"attachment-full size-full wp-post-image\" alt=\"\" decoding=\"async\" loading=\"lazy\" srcset=\"https:\/\/visitaltotamegaebarroso.pt\/wp-content\/uploads\/2023\/03\/AF_poldras.jpg 2000w, https:\/\/visitaltotamegaebarroso.pt\/wp-content\/uploads\/2023\/03\/AF_poldras-300x200.jpg 300w, https:\/\/visitaltotamegaebarroso.pt\/wp-content\/uploads\/2023\/03\/AF_poldras-1024x682.jpg 1024w, https:\/\/visitaltotamegaebarroso.pt\/wp-content\/uploads\/2023\/03\/AF_poldras-768x511.jpg 768w, https:\/\/visitaltotamegaebarroso.pt\/wp-content\/uploads\/2023\/03\/AF_poldras-1536x1023.jpg 1536w, https:\/\/visitaltotamegaebarroso.pt\/wp-content\/uploads\/2023\/03\/AF_poldras-600x400.jpg 600w\" sizes=\"(max-width: 2000px) 100vw, 2000px\" \/>\t\t\t\t<span class=\"mkdf-tours-gallery-simple-item-price-holder\">\n\t\t\t\t\t\n\t\t<span class=\"mkdf-tours-price-holder\">\n\t\t\t\t\t\t\t\t<\/span>\n\n\t\t\t\t\t\t<\/span>\t\t\t\t\n\t\t\t\t<div class=\"mkdf-tours-gallery-simple-item-content-holder\">\n\t\t\t\t\t<div class=\"mkdf-tours-gallery-simple-item-content-inner\">\n\t\t\t\t\t\t\t\t\t\t\t\t<div class=\"mkdf-tours-gallery-simple-title-holder\">\n\t\t\t\t\t\t\t<h4 class=\"mkdf-tour-title\">\n\t\t\t\t\t\t\t\tPoldras\t\t\t\t\t\t\t<\/h4>\n\t\t\t\t\t\t<\/div>\n\t\t\t\t\t<\/div>\n\t\t\t\t<\/div>\n\t\t\t\t<a class=\"mkdf-tours-gallery-simple-item-link\" href=\"https:\/\/visitaltotamegaebarroso.pt\/fr\/tour-item\/poldras\/\"><\/a>\n\t\t\t<\/div>\n\t\t<\/div>\n\t<\/div><div class=\"mkdf-tours-gallery-simple-item mkdf-tours-row-item mkdf-tour-item-no-rating post-27913 tour-item type-tour-item status-publish has-post-thumbnail hentry tour-category-valpacos-fr tour-category-histoire-et-art tour-category-points-dinterets tour-category-routes-paysageres\">\n\t\t\t<div class=\"mkdf-tours-gallery-simple-item-image-holder\">\n\t\t\t\t\t\t\n\t\t\t<div class=\"mkdf-tours-gallery-simple-item-image\">\n\t\t\t\t<img width=\"1200\" height=\"800\" src=\"https:\/\/visitaltotamegaebarroso.pt\/wp-content\/uploads\/2023\/07\/Ponte-Arquinho.png\" class=\"attachment-full size-full wp-post-image\" alt=\"\" decoding=\"async\" loading=\"lazy\" srcset=\"https:\/\/visitaltotamegaebarroso.pt\/wp-content\/uploads\/2023\/07\/Ponte-Arquinho.png 1200w, https:\/\/visitaltotamegaebarroso.pt\/wp-content\/uploads\/2023\/07\/Ponte-Arquinho-300x200.png 300w, https:\/\/visitaltotamegaebarroso.pt\/wp-content\/uploads\/2023\/07\/Ponte-Arquinho-1024x683.png 1024w, https:\/\/visitaltotamegaebarroso.pt\/wp-content\/uploads\/2023\/07\/Ponte-Arquinho-768x512.png 768w\" sizes=\"(max-width: 1200px) 100vw, 1200px\" \/>\t\t\t\t<span class=\"mkdf-tours-gallery-simple-item-price-holder\">\n\t\t\t\t\t\n\t\t<span class=\"mkdf-tours-price-holder\">\n\t\t\t\t\t\t\t\t<\/span>\n\n\t\t\t\t\t\t<\/span>\t\t\t\t\n\t\t\t\t<div class=\"mkdf-tours-gallery-simple-item-content-holder\">\n\t\t\t\t\t<div class=\"mkdf-tours-gallery-simple-item-content-inner\">\n\t\t\t\t\t\t\t\t\t\t\t\t\t<h5 class=\"mkdf-tours-gallery-simple-item-destination-holder\">\n\t\t\t\t\t\t\t\t\n\t\t\t<a class=\"mkdf-tour-item-destination\" href=\"https:\/\/visitaltotamegaebarroso.pt\/fr\/destinations\/valpacos\/\">\n\t\t\t\tValpa\u00e7os\t\t\t<\/a>\n\n\t\t\t\t\t\t\t\t\t<\/h5>\n\t\t\t\t\t\t\t\t\t\t\t\t<div class=\"mkdf-tours-gallery-simple-title-holder\">\n\t\t\t\t\t\t\t<h4 class=\"mkdf-tour-title\">\n\t\t\t\t\t\t\t\tPont de Arquinho\t\t\t\t\t\t\t<\/h4>\n\t\t\t\t\t\t<\/div>\n\t\t\t\t\t<\/div>\n\t\t\t\t<\/div>\n\t\t\t\t<a class=\"mkdf-tours-gallery-simple-item-link\" href=\"https:\/\/visitaltotamegaebarroso.pt\/fr\/tour-item\/pont-de-rabacal-2\/\"><\/a>\n\t\t\t<\/div>\n\t\t<\/div>\n\t<\/div><div class=\"mkdf-tours-gallery-simple-item mkdf-tours-row-item mkdf-tour-item-no-rating post-13270 tour-item type-tour-item status-publish has-post-thumbnail hentry tour-category-ribeira-de-pena-fr tour-category-histoire-et-art tour-category-montagnes-et-rivieres tour-category-points-dinterets\">\n\t\t\t<div class=\"mkdf-tours-gallery-simple-item-image-holder\">\n\t\t\t\t\t\t\n\t\t\t<div class=\"mkdf-tours-gallery-simple-item-image\">\n\t\t\t\t<img width=\"1070\" height=\"700\" src=\"https:\/\/visitaltotamegaebarroso.pt\/wp-content\/uploads\/2023\/03\/Ponte-de-Arame_2.jpg\" class=\"attachment-full size-full wp-post-image\" alt=\"\" decoding=\"async\" loading=\"lazy\" srcset=\"https:\/\/visitaltotamegaebarroso.pt\/wp-content\/uploads\/2023\/03\/Ponte-de-Arame_2.jpg 1070w, https:\/\/visitaltotamegaebarroso.pt\/wp-content\/uploads\/2023\/03\/Ponte-de-Arame_2-300x196.jpg 300w, https:\/\/visitaltotamegaebarroso.pt\/wp-content\/uploads\/2023\/03\/Ponte-de-Arame_2-1024x670.jpg 1024w, https:\/\/visitaltotamegaebarroso.pt\/wp-content\/uploads\/2023\/03\/Ponte-de-Arame_2-768x502.jpg 768w, https:\/\/visitaltotamegaebarroso.pt\/wp-content\/uploads\/2023\/03\/Ponte-de-Arame_2-600x393.jpg 600w\" sizes=\"(max-width: 1070px) 100vw, 1070px\" \/>\t\t\t\t<span class=\"mkdf-tours-gallery-simple-item-price-holder\">\n\t\t\t\t\t\n\t\t<span class=\"mkdf-tours-price-holder\">\n\t\t\t\t\t\t\t<span class=\"mkdf-tours-item-price \">$1<\/span>\n\t\t\t\t\t\t\t\t<\/span>\n\n\t\t\t\t\t\t<\/span>\t\t\t\t\n\t\t\t\t<div class=\"mkdf-tours-gallery-simple-item-content-holder\">\n\t\t\t\t\t<div class=\"mkdf-tours-gallery-simple-item-content-inner\">\n\t\t\t\t\t\t\t\t\t\t\t\t\t<h5 class=\"mkdf-tours-gallery-simple-item-destination-holder\">\n\t\t\t\t\t\t\t\t\n\t\t\t<a class=\"mkdf-tour-item-destination\" href=\"https:\/\/visitaltotamegaebarroso.pt\/fr\/destinations\/ribeira-de-pena\/\">\n\t\t\t\tRibeira de Pena\t\t\t<\/a>\n\n\t\t\t\t\t\t\t\t\t<\/h5>\n\t\t\t\t\t\t\t\t\t\t\t\t<div class=\"mkdf-tours-gallery-simple-title-holder\">\n\t\t\t\t\t\t\t<h4 class=\"mkdf-tour-title\">\n\t\t\t\t\t\t\t\tPont de Fil\t\t\t\t\t\t\t<\/h4>\n\t\t\t\t\t\t<\/div>\n\t\t\t\t\t<\/div>\n\t\t\t\t<\/div>\n\t\t\t\t<a class=\"mkdf-tours-gallery-simple-item-link\" href=\"https:\/\/visitaltotamegaebarroso.pt\/fr\/tour-item\/pont-de-fil\/\"><\/a>\n\t\t\t<\/div>\n\t\t<\/div>\n\t<\/div><div class=\"mkdf-tours-gallery-simple-item mkdf-tours-row-item mkdf-tour-item-no-rating post-27917 tour-item type-tour-item status-publish has-post-thumbnail hentry tour-category-ribeira-de-pena-fr tour-category-histoire-et-art tour-category-points-dinterets\">\n\t\t\t<div class=\"mkdf-tours-gallery-simple-item-image-holder\">\n\t\t\t\t\t\t\n\t\t\t<div class=\"mkdf-tours-gallery-simple-item-image\">\n\t\t\t\t<img width=\"1200\" height=\"800\" src=\"https:\/\/visitaltotamegaebarroso.pt\/wp-content\/uploads\/2023\/07\/Ponte-Louredo.png\" class=\"attachment-full size-full wp-post-image\" alt=\"\" decoding=\"async\" loading=\"lazy\" srcset=\"https:\/\/visitaltotamegaebarroso.pt\/wp-content\/uploads\/2023\/07\/Ponte-Louredo.png 1200w, https:\/\/visitaltotamegaebarroso.pt\/wp-content\/uploads\/2023\/07\/Ponte-Louredo-300x200.png 300w, https:\/\/visitaltotamegaebarroso.pt\/wp-content\/uploads\/2023\/07\/Ponte-Louredo-1024x683.png 1024w, https:\/\/visitaltotamegaebarroso.pt\/wp-content\/uploads\/2023\/07\/Ponte-Louredo-768x512.png 768w\" sizes=\"(max-width: 1200px) 100vw, 1200px\" \/>\t\t\t\t<span class=\"mkdf-tours-gallery-simple-item-price-holder\">\n\t\t\t\t\t\n\t\t<span class=\"mkdf-tours-price-holder\">\n\t\t\t\t\t\t\t\t<\/span>\n\n\t\t\t\t\t\t<\/span>\t\t\t\t\n\t\t\t\t<div class=\"mkdf-tours-gallery-simple-item-content-holder\">\n\t\t\t\t\t<div class=\"mkdf-tours-gallery-simple-item-content-inner\">\n\t\t\t\t\t\t\t\t\t\t\t\t\t<h5 class=\"mkdf-tours-gallery-simple-item-destination-holder\">\n\t\t\t\t\t\t\t\t\n\t\t\t<a class=\"mkdf-tour-item-destination\" href=\"https:\/\/visitaltotamegaebarroso.pt\/fr\/destinations\/ribeira-de-pena\/\">\n\t\t\t\tRibeira de Pena\t\t\t<\/a>\n\n\t\t\t\t\t\t\t\t\t<\/h5>\n\t\t\t\t\t\t\t\t\t\t\t\t<div class=\"mkdf-tours-gallery-simple-title-holder\">\n\t\t\t\t\t\t\t<h4 class=\"mkdf-tour-title\">\n\t\t\t\t\t\t\t\tPont de Lour\u00eado\t\t\t\t\t\t\t<\/h4>\n\t\t\t\t\t\t<\/div>\n\t\t\t\t\t<\/div>\n\t\t\t\t<\/div>\n\t\t\t\t<a class=\"mkdf-tours-gallery-simple-item-link\" href=\"https:\/\/visitaltotamegaebarroso.pt\/fr\/tour-item\/pont-de-louredo\/\"><\/a>\n\t\t\t<\/div>\n\t\t<\/div>\n\t<\/div><div class=\"mkdf-tours-gallery-simple-item mkdf-tours-row-item mkdf-tour-item-no-rating post-27904 tour-item type-tour-item status-publish has-post-thumbnail hentry tour-category-boticas-fr tour-category-histoire-et-art tour-category-montagnes-et-rivieres tour-category-points-dinterets tour-category-routes-paysageres\">\n\t\t\t<div class=\"mkdf-tours-gallery-simple-item-image-holder\">\n\t\t\t\t\t\t\n\t\t\t<div class=\"mkdf-tours-gallery-simple-item-image\">\n\t\t\t\t<img width=\"1200\" height=\"800\" src=\"https:\/\/visitaltotamegaebarroso.pt\/wp-content\/uploads\/2023\/07\/Ponte-Pedrinha.png\" class=\"attachment-full size-full wp-post-image\" alt=\"\" decoding=\"async\" loading=\"lazy\" srcset=\"https:\/\/visitaltotamegaebarroso.pt\/wp-content\/uploads\/2023\/07\/Ponte-Pedrinha.png 1200w, https:\/\/visitaltotamegaebarroso.pt\/wp-content\/uploads\/2023\/07\/Ponte-Pedrinha-300x200.png 300w, https:\/\/visitaltotamegaebarroso.pt\/wp-content\/uploads\/2023\/07\/Ponte-Pedrinha-1024x683.png 1024w, https:\/\/visitaltotamegaebarroso.pt\/wp-content\/uploads\/2023\/07\/Ponte-Pedrinha-768x512.png 768w\" sizes=\"(max-width: 1200px) 100vw, 1200px\" \/>\t\t\t\t<span class=\"mkdf-tours-gallery-simple-item-price-holder\">\n\t\t\t\t\t\n\t\t<span class=\"mkdf-tours-price-holder\">\n\t\t\t\t\t\t\t\t<\/span>\n\n\t\t\t\t\t\t<\/span>\t\t\t\t\n\t\t\t\t<div class=\"mkdf-tours-gallery-simple-item-content-holder\">\n\t\t\t\t\t<div class=\"mkdf-tours-gallery-simple-item-content-inner\">\n\t\t\t\t\t\t\t\t\t\t\t\t\t<h5 class=\"mkdf-tours-gallery-simple-item-destination-holder\">\n\t\t\t\t\t\t\t\t\n\t\t\t<a class=\"mkdf-tour-item-destination\" href=\"https:\/\/visitaltotamegaebarroso.pt\/fr\/destinations\/boticas\/\">\n\t\t\t\tBoticas\t\t\t<\/a>\n\n\t\t\t\t\t\t\t\t\t<\/h5>\n\t\t\t\t\t\t\t\t\t\t\t\t<div class=\"mkdf-tours-gallery-simple-title-holder\">\n\t\t\t\t\t\t\t<h4 class=\"mkdf-tour-title\">\n\t\t\t\t\t\t\t\tPont de Pedrinha\t\t\t\t\t\t\t<\/h4>\n\t\t\t\t\t\t<\/div>\n\t\t\t\t\t<\/div>\n\t\t\t\t<\/div>\n\t\t\t\t<a class=\"mkdf-tours-gallery-simple-item-link\" href=\"https:\/\/visitaltotamegaebarroso.pt\/fr\/tour-item\/pont-de-pedrinha\/\"><\/a>\n\t\t\t<\/div>\n\t\t<\/div>\n\t<\/div><div class=\"mkdf-tours-gallery-simple-item mkdf-tours-row-item mkdf-tour-item-no-rating post-27909 tour-item type-tour-item status-publish has-post-thumbnail hentry tour-category-valpacos-fr tour-category-histoire-et-art tour-category-points-dinterets tour-category-routes-paysageres\">\n\t\t\t<div class=\"mkdf-tours-gallery-simple-item-image-holder\">\n\t\t\t\t\t\t\n\t\t\t<div class=\"mkdf-tours-gallery-simple-item-image\">\n\t\t\t\t<img width=\"1200\" height=\"800\" src=\"https:\/\/visitaltotamegaebarroso.pt\/wp-content\/uploads\/2023\/07\/Ponte-Rabacal.png\" class=\"attachment-full size-full wp-post-image\" alt=\"\" decoding=\"async\" loading=\"lazy\" srcset=\"https:\/\/visitaltotamegaebarroso.pt\/wp-content\/uploads\/2023\/07\/Ponte-Rabacal.png 1200w, https:\/\/visitaltotamegaebarroso.pt\/wp-content\/uploads\/2023\/07\/Ponte-Rabacal-300x200.png 300w, https:\/\/visitaltotamegaebarroso.pt\/wp-content\/uploads\/2023\/07\/Ponte-Rabacal-1024x683.png 1024w, https:\/\/visitaltotamegaebarroso.pt\/wp-content\/uploads\/2023\/07\/Ponte-Rabacal-768x512.png 768w\" sizes=\"(max-width: 1200px) 100vw, 1200px\" \/>\t\t\t\t<span class=\"mkdf-tours-gallery-simple-item-price-holder\">\n\t\t\t\t\t\n\t\t<span class=\"mkdf-tours-price-holder\">\n\t\t\t\t\t\t\t\t<\/span>\n\n\t\t\t\t\t\t<\/span>\t\t\t\t\n\t\t\t\t<div class=\"mkdf-tours-gallery-simple-item-content-holder\">\n\t\t\t\t\t<div class=\"mkdf-tours-gallery-simple-item-content-inner\">\n\t\t\t\t\t\t\t\t\t\t\t\t\t<h5 class=\"mkdf-tours-gallery-simple-item-destination-holder\">\n\t\t\t\t\t\t\t\t\n\t\t\t<a class=\"mkdf-tour-item-destination\" href=\"https:\/\/visitaltotamegaebarroso.pt\/fr\/destinations\/valpacos\/\">\n\t\t\t\tValpa\u00e7os\t\t\t<\/a>\n\n\t\t\t\t\t\t\t\t\t<\/h5>\n\t\t\t\t\t\t\t\t\t\t\t\t<div class=\"mkdf-tours-gallery-simple-title-holder\">\n\t\t\t\t\t\t\t<h4 class=\"mkdf-tour-title\">\n\t\t\t\t\t\t\t\tPont de Raba\u00e7al\t\t\t\t\t\t\t<\/h4>\n\t\t\t\t\t\t<\/div>\n\t\t\t\t\t<\/div>\n\t\t\t\t<\/div>\n\t\t\t\t<a class=\"mkdf-tours-gallery-simple-item-link\" href=\"https:\/\/visitaltotamegaebarroso.pt\/fr\/tour-item\/pont-de-rabacal\/\"><\/a>\n\t\t\t<\/div>\n\t\t<\/div>\n\t<\/div><div class=\"mkdf-tours-gallery-simple-item mkdf-tours-row-item mkdf-tour-item-no-rating post-27647 tour-item type-tour-item status-publish has-post-thumbnail hentry tour-category-montalegre-fr tour-category-histoire-et-art tour-category-points-dinterets tour-category-villages-et-traditions\">\n\t\t\t<div class=\"mkdf-tours-gallery-simple-item-image-holder\">\n\t\t\t\t\t\t\n\t\t\t<div class=\"mkdf-tours-gallery-simple-item-image\">\n\t\t\t\t<img width=\"1200\" height=\"800\" src=\"https:\/\/visitaltotamegaebarroso.pt\/wp-content\/uploads\/2023\/07\/PONTE-DA-MISARELA2.jpg\" class=\"attachment-full size-full wp-post-image\" alt=\"\" decoding=\"async\" loading=\"lazy\" srcset=\"https:\/\/visitaltotamegaebarroso.pt\/wp-content\/uploads\/2023\/07\/PONTE-DA-MISARELA2.jpg 1200w, https:\/\/visitaltotamegaebarroso.pt\/wp-content\/uploads\/2023\/07\/PONTE-DA-MISARELA2-300x200.jpg 300w, https:\/\/visitaltotamegaebarroso.pt\/wp-content\/uploads\/2023\/07\/PONTE-DA-MISARELA2-1024x683.jpg 1024w, https:\/\/visitaltotamegaebarroso.pt\/wp-content\/uploads\/2023\/07\/PONTE-DA-MISARELA2-768x512.jpg 768w\" sizes=\"(max-width: 1200px) 100vw, 1200px\" \/>\t\t\t\t<span class=\"mkdf-tours-gallery-simple-item-price-holder\">\n\t\t\t\t\t\n\t\t<span class=\"mkdf-tours-price-holder\">\n\t\t\t\t\t\t\t<span class=\"mkdf-tours-item-price \">$1<\/span>\n\t\t\t\t\t\t\t\t<\/span>\n\n\t\t\t\t\t\t<\/span>\t\t\t\t\n\t\t\t\t<div class=\"mkdf-tours-gallery-simple-item-content-holder\">\n\t\t\t\t\t<div class=\"mkdf-tours-gallery-simple-item-content-inner\">\n\t\t\t\t\t\t\t\t\t\t\t\t\t<h5 class=\"mkdf-tours-gallery-simple-item-destination-holder\">\n\t\t\t\t\t\t\t\t\n\t\t\t<a class=\"mkdf-tour-item-destination\" href=\"https:\/\/visitaltotamegaebarroso.pt\/fr\/destinations\/montalegre\/\">\n\t\t\t\tMontalegre\t\t\t<\/a>\n\n\t\t\t\t\t\t\t\t\t<\/h5>\n\t\t\t\t\t\t\t\t\t\t\t\t<div class=\"mkdf-tours-gallery-simple-title-holder\">\n\t\t\t\t\t\t\t<h4 class=\"mkdf-tour-title\">\n\t\t\t\t\t\t\t\tPonte da Misarela &#8211; Pont du Diable\t\t\t\t\t\t\t<\/h4>\n\t\t\t\t\t\t<\/div>\n\t\t\t\t\t<\/div>\n\t\t\t\t<\/div>\n\t\t\t\t<a class=\"mkdf-tours-gallery-simple-item-link\" href=\"https:\/\/visitaltotamegaebarroso.pt\/fr\/tour-item\/ponte-da-misarela-pont-du-diable\/\"><\/a>\n\t\t\t<\/div>\n\t\t<\/div>\n\t<\/div><div class=\"mkdf-tours-gallery-simple-item mkdf-tours-row-item mkdf-tour-item-no-rating post-13056 tour-item type-tour-item status-publish has-post-thumbnail hentry tour-category-ribeira-de-pena-fr tour-category-histoire-et-art tour-category-montagnes-et-rivieres tour-category-points-dinterets\">\n\t\t\t<div class=\"mkdf-tours-gallery-simple-item-image-holder\">\n\t\t\t\t\t\t\n\t\t\t<div class=\"mkdf-tours-gallery-simple-item-image\">\n\t\t\t\t<img width=\"2000\" height=\"1333\" src=\"https:\/\/visitaltotamegaebarroso.pt\/wp-content\/uploads\/2023\/03\/AF_ponte-alvite.jpg\" class=\"attachment-full size-full wp-post-image\" alt=\"\" decoding=\"async\" loading=\"lazy\" srcset=\"https:\/\/visitaltotamegaebarroso.pt\/wp-content\/uploads\/2023\/03\/AF_ponte-alvite.jpg 2000w, https:\/\/visitaltotamegaebarroso.pt\/wp-content\/uploads\/2023\/03\/AF_ponte-alvite-300x200.jpg 300w, https:\/\/visitaltotamegaebarroso.pt\/wp-content\/uploads\/2023\/03\/AF_ponte-alvite-1024x682.jpg 1024w, https:\/\/visitaltotamegaebarroso.pt\/wp-content\/uploads\/2023\/03\/AF_ponte-alvite-768x512.jpg 768w, https:\/\/visitaltotamegaebarroso.pt\/wp-content\/uploads\/2023\/03\/AF_ponte-alvite-1536x1024.jpg 1536w, https:\/\/visitaltotamegaebarroso.pt\/wp-content\/uploads\/2023\/03\/AF_ponte-alvite-600x400.jpg 600w\" sizes=\"(max-width: 2000px) 100vw, 2000px\" \/>\t\t\t\t<span class=\"mkdf-tours-gallery-simple-item-price-holder\">\n\t\t\t\t\t\n\t\t<span class=\"mkdf-tours-price-holder\">\n\t\t\t\t\t\t\t\t<\/span>\n\n\t\t\t\t\t\t<\/span>\t\t\t\t\n\t\t\t\t<div class=\"mkdf-tours-gallery-simple-item-content-holder\">\n\t\t\t\t\t<div class=\"mkdf-tours-gallery-simple-item-content-inner\">\n\t\t\t\t\t\t\t\t\t\t\t\t<div class=\"mkdf-tours-gallery-simple-title-holder\">\n\t\t\t\t\t\t\t<h4 class=\"mkdf-tour-title\">\n\t\t\t\t\t\t\t\tPonte de Alvite\t\t\t\t\t\t\t<\/h4>\n\t\t\t\t\t\t<\/div>\n\t\t\t\t\t<\/div>\n\t\t\t\t<\/div>\n\t\t\t\t<a class=\"mkdf-tours-gallery-simple-item-link\" href=\"https:\/\/visitaltotamegaebarroso.pt\/fr\/tour-item\/ponte-de-alvite\/\"><\/a>\n\t\t\t<\/div>\n\t\t<\/div>\n\t<\/div><div class=\"mkdf-tours-gallery-simple-item mkdf-tours-row-item mkdf-tour-item-no-rating post-22416 tour-item type-tour-item status-publish has-post-thumbnail hentry tour-category-vila-pouca-de-aguiar-fr tour-category-histoire-et-art tour-category-points-dinterets\">\n\t\t\t<div class=\"mkdf-tours-gallery-simple-item-image-holder\">\n\t\t\t\t\t\t\n\t\t\t<div class=\"mkdf-tours-gallery-simple-item-image\">\n\t\t\t\t<img width=\"1354\" height=\"804\" src=\"https:\/\/visitaltotamegaebarroso.pt\/wp-content\/uploads\/2023\/07\/Ponte-Romana-da-Barrela-de-Jales-1-1354x804-1.jpg\" class=\"attachment-full size-full wp-post-image\" alt=\"\" decoding=\"async\" loading=\"lazy\" srcset=\"https:\/\/visitaltotamegaebarroso.pt\/wp-content\/uploads\/2023\/07\/Ponte-Romana-da-Barrela-de-Jales-1-1354x804-1.jpg 1354w, https:\/\/visitaltotamegaebarroso.pt\/wp-content\/uploads\/2023\/07\/Ponte-Romana-da-Barrela-de-Jales-1-1354x804-1-300x178.jpg 300w, https:\/\/visitaltotamegaebarroso.pt\/wp-content\/uploads\/2023\/07\/Ponte-Romana-da-Barrela-de-Jales-1-1354x804-1-1024x608.jpg 1024w, https:\/\/visitaltotamegaebarroso.pt\/wp-content\/uploads\/2023\/07\/Ponte-Romana-da-Barrela-de-Jales-1-1354x804-1-768x456.jpg 768w\" sizes=\"(max-width: 1354px) 100vw, 1354px\" \/>\t\t\t\t<span class=\"mkdf-tours-gallery-simple-item-price-holder\">\n\t\t\t\t\t\n\t\t<span class=\"mkdf-tours-price-holder\">\n\t\t\t\t\t\t\t<span class=\"mkdf-tours-item-price \">$1<\/span>\n\t\t\t\t\t\t\t\t<\/span>\n\n\t\t\t\t\t\t<\/span>\t\t\t\t\n\t\t\t\t<div class=\"mkdf-tours-gallery-simple-item-content-holder\">\n\t\t\t\t\t<div class=\"mkdf-tours-gallery-simple-item-content-inner\">\n\t\t\t\t\t\t\t\t\t\t\t\t\t<h5 class=\"mkdf-tours-gallery-simple-item-destination-holder\">\n\t\t\t\t\t\t\t\t\n\t\t\t<a class=\"mkdf-tour-item-destination\" href=\"https:\/\/visitaltotamegaebarroso.pt\/fr\/destinations\/vila-pouca-de-aguiar\/\">\n\t\t\t\tVila Pouca de Aguiar\t\t\t<\/a>\n\n\t\t\t\t\t\t\t\t\t<\/h5>\n\t\t\t\t\t\t\t\t\t\t\t\t<div class=\"mkdf-tours-gallery-simple-title-holder\">\n\t\t\t\t\t\t\t<h4 class=\"mkdf-tour-title\">\n\t\t\t\t\t\t\t\tPonte Romana do Arco\t\t\t\t\t\t\t<\/h4>\n\t\t\t\t\t\t<\/div>\n\t\t\t\t\t<\/div>\n\t\t\t\t<\/div>\n\t\t\t\t<a class=\"mkdf-tours-gallery-simple-item-link\" href=\"https:\/\/visitaltotamegaebarroso.pt\/fr\/tour-item\/ponte-romana-do-arco\/\"><\/a>\n\t\t\t<\/div>\n\t\t<\/div>\n\t<\/div><div class=\"mkdf-tours-gallery-simple-item mkdf-tours-row-item mkdf-tour-item-no-rating post-13068 tour-item type-tour-item status-publish has-post-thumbnail hentry tour-category-valpacos-fr tour-category-montagnes-et-rivieres tour-category-points-dinterets tour-category-routes-paysageres tour-category-sports-et-aventure\">\n\t\t\t<div class=\"mkdf-tours-gallery-simple-item-image-holder\">\n\t\t\t\t\t\t\n\t\t\t<div class=\"mkdf-tours-gallery-simple-item-image\">\n\t\t\t\t<img width=\"2000\" height=\"1123\" src=\"https:\/\/visitaltotamegaebarroso.pt\/wp-content\/uploads\/2023\/03\/AF_praia-fluvial-rabacal.jpg\" class=\"attachment-full size-full wp-post-image\" alt=\"\" decoding=\"async\" loading=\"lazy\" srcset=\"https:\/\/visitaltotamegaebarroso.pt\/wp-content\/uploads\/2023\/03\/AF_praia-fluvial-rabacal.jpg 2000w, https:\/\/visitaltotamegaebarroso.pt\/wp-content\/uploads\/2023\/03\/AF_praia-fluvial-rabacal-300x168.jpg 300w, https:\/\/visitaltotamegaebarroso.pt\/wp-content\/uploads\/2023\/03\/AF_praia-fluvial-rabacal-1024x575.jpg 1024w, https:\/\/visitaltotamegaebarroso.pt\/wp-content\/uploads\/2023\/03\/AF_praia-fluvial-rabacal-768x431.jpg 768w, https:\/\/visitaltotamegaebarroso.pt\/wp-content\/uploads\/2023\/03\/AF_praia-fluvial-rabacal-1536x862.jpg 1536w, https:\/\/visitaltotamegaebarroso.pt\/wp-content\/uploads\/2023\/03\/AF_praia-fluvial-rabacal-600x337.jpg 600w\" sizes=\"(max-width: 2000px) 100vw, 2000px\" \/>\t\t\t\t<span class=\"mkdf-tours-gallery-simple-item-price-holder\">\n\t\t\t\t\t\n\t\t<span class=\"mkdf-tours-price-holder\">\n\t\t\t\t\t\t\t\t<\/span>\n\n\t\t\t\t\t\t<\/span>\t\t\t\t\n\t\t\t\t<div class=\"mkdf-tours-gallery-simple-item-content-holder\">\n\t\t\t\t\t<div class=\"mkdf-tours-gallery-simple-item-content-inner\">\n\t\t\t\t\t\t\t\t\t\t\t\t\t<h5 class=\"mkdf-tours-gallery-simple-item-destination-holder\">\n\t\t\t\t\t\t\t\t\n\t\t\t<a class=\"mkdf-tour-item-destination\" href=\"https:\/\/visitaltotamegaebarroso.pt\/fr\/destinations\/valpacos\/\">\n\t\t\t\tValpa\u00e7os\t\t\t<\/a>\n\n\t\t\t\t\t\t\t\t\t<\/h5>\n\t\t\t\t\t\t\t\t\t\t\t\t<div class=\"mkdf-tours-gallery-simple-title-holder\">\n\t\t\t\t\t\t\t<h4 class=\"mkdf-tour-title\">\n\t\t\t\t\t\t\t\tPraia Fluvial do Raba\u00e7al\t\t\t\t\t\t\t<\/h4>\n\t\t\t\t\t\t<\/div>\n\t\t\t\t\t<\/div>\n\t\t\t\t<\/div>\n\t\t\t\t<a class=\"mkdf-tours-gallery-simple-item-link\" href=\"https:\/\/visitaltotamegaebarroso.pt\/fr\/tour-item\/praia-fluvial-do-rabacal\/\"><\/a>\n\t\t\t<\/div>\n\t\t<\/div>\n\t<\/div><div class=\"mkdf-tours-gallery-simple-item mkdf-tours-row-item mkdf-tour-item-no-rating post-27603 tour-item type-tour-item status-publish has-post-thumbnail hentry tour-category-boticas-fr tour-category-montagnes-et-rivieres tour-category-points-dinterets\">\n\t\t\t<div class=\"mkdf-tours-gallery-simple-item-image-holder\">\n\t\t\t\t\t\t\n\t\t\t<div class=\"mkdf-tours-gallery-simple-item-image\">\n\t\t\t\t<img width=\"1200\" height=\"800\" src=\"https:\/\/visitaltotamegaebarroso.pt\/wp-content\/uploads\/2023\/07\/Rede-Observatorios-Agrelos.png\" class=\"attachment-full size-full wp-post-image\" alt=\"\" decoding=\"async\" loading=\"lazy\" srcset=\"https:\/\/visitaltotamegaebarroso.pt\/wp-content\/uploads\/2023\/07\/Rede-Observatorios-Agrelos.png 1200w, https:\/\/visitaltotamegaebarroso.pt\/wp-content\/uploads\/2023\/07\/Rede-Observatorios-Agrelos-300x200.png 300w, https:\/\/visitaltotamegaebarroso.pt\/wp-content\/uploads\/2023\/07\/Rede-Observatorios-Agrelos-1024x683.png 1024w, https:\/\/visitaltotamegaebarroso.pt\/wp-content\/uploads\/2023\/07\/Rede-Observatorios-Agrelos-768x512.png 768w\" sizes=\"(max-width: 1200px) 100vw, 1200px\" \/>\t\t\t\t<span class=\"mkdf-tours-gallery-simple-item-price-holder\">\n\t\t\t\t\t\n\t\t<span class=\"mkdf-tours-price-holder\">\n\t\t\t\t\t\t\t\t<\/span>\n\n\t\t\t\t\t\t<\/span>\t\t\t\t\n\t\t\t\t<div class=\"mkdf-tours-gallery-simple-item-content-holder\">\n\t\t\t\t\t<div class=\"mkdf-tours-gallery-simple-item-content-inner\">\n\t\t\t\t\t\t\t\t\t\t\t\t\t<h5 class=\"mkdf-tours-gallery-simple-item-destination-holder\">\n\t\t\t\t\t\t\t\t\n\t\t\t<a class=\"mkdf-tour-item-destination\" href=\"https:\/\/visitaltotamegaebarroso.pt\/fr\/destinations\/boticas\/\">\n\t\t\t\tBoticas\t\t\t<\/a>\n\n\t\t\t\t\t\t\t\t\t<\/h5>\n\t\t\t\t\t\t\t\t\t\t\t\t<div class=\"mkdf-tours-gallery-simple-title-holder\">\n\t\t\t\t\t\t\t<h4 class=\"mkdf-tour-title\">\n\t\t\t\t\t\t\t\tR\u00e9seau d&rsquo;observatoires du territoire du GIAHS &#8211; Secrets de Barroso &#8211; Alto do Pinheiro &#8211; Agrelos\t\t\t\t\t\t\t<\/h4>\n\t\t\t\t\t\t<\/div>\n\t\t\t\t\t<\/div>\n\t\t\t\t<\/div>\n\t\t\t\t<a class=\"mkdf-tours-gallery-simple-item-link\" href=\"https:\/\/visitaltotamegaebarroso.pt\/fr\/tour-item\/reseau-dobservatoires-du-territoire-du-giahs-secrets-de-barroso-alto-do-pinheiro-agrelos\/\"><\/a>\n\t\t\t<\/div>\n\t\t<\/div>\n\t<\/div><div class=\"mkdf-tours-gallery-simple-item mkdf-tours-row-item mkdf-tour-item-no-rating post-27607 tour-item type-tour-item status-publish has-post-thumbnail hentry tour-category-boticas-fr tour-category-montagnes-et-rivieres tour-category-points-dinterets\">\n\t\t\t<div class=\"mkdf-tours-gallery-simple-item-image-holder\">\n\t\t\t\t\t\t\n\t\t\t<div class=\"mkdf-tours-gallery-simple-item-image\">\n\t\t\t\t<img width=\"1200\" height=\"800\" src=\"https:\/\/visitaltotamegaebarroso.pt\/wp-content\/uploads\/2023\/07\/Rede-Observatorios-Covas.png\" class=\"attachment-full size-full wp-post-image\" alt=\"\" decoding=\"async\" loading=\"lazy\" srcset=\"https:\/\/visitaltotamegaebarroso.pt\/wp-content\/uploads\/2023\/07\/Rede-Observatorios-Covas.png 1200w, https:\/\/visitaltotamegaebarroso.pt\/wp-content\/uploads\/2023\/07\/Rede-Observatorios-Covas-300x200.png 300w, https:\/\/visitaltotamegaebarroso.pt\/wp-content\/uploads\/2023\/07\/Rede-Observatorios-Covas-1024x683.png 1024w, https:\/\/visitaltotamegaebarroso.pt\/wp-content\/uploads\/2023\/07\/Rede-Observatorios-Covas-768x512.png 768w\" sizes=\"(max-width: 1200px) 100vw, 1200px\" \/>\t\t\t\t<span class=\"mkdf-tours-gallery-simple-item-price-holder\">\n\t\t\t\t\t\n\t\t<span class=\"mkdf-tours-price-holder\">\n\t\t\t\t\t\t\t\t<\/span>\n\n\t\t\t\t\t\t<\/span>\t\t\t\t\n\t\t\t\t<div class=\"mkdf-tours-gallery-simple-item-content-holder\">\n\t\t\t\t\t<div class=\"mkdf-tours-gallery-simple-item-content-inner\">\n\t\t\t\t\t\t\t\t\t\t\t\t\t<h5 class=\"mkdf-tours-gallery-simple-item-destination-holder\">\n\t\t\t\t\t\t\t\t\n\t\t\t<a class=\"mkdf-tour-item-destination\" href=\"https:\/\/visitaltotamegaebarroso.pt\/fr\/destinations\/boticas\/\">\n\t\t\t\tBoticas\t\t\t<\/a>\n\n\t\t\t\t\t\t\t\t\t<\/h5>\n\t\t\t\t\t\t\t\t\t\t\t\t<div class=\"mkdf-tours-gallery-simple-title-holder\">\n\t\t\t\t\t\t\t<h4 class=\"mkdf-tour-title\">\n\t\t\t\t\t\t\t\tR\u00e9seau d&rsquo;observatoires du territoire du GIAHS &#8211; Segredos do Barroso &#8211; Olhar do Guerreiro &#8211; Alto do Castro &#8211; Covas do Barroso\t\t\t\t\t\t\t<\/h4>\n\t\t\t\t\t\t<\/div>\n\t\t\t\t\t<\/div>\n\t\t\t\t<\/div>\n\t\t\t\t<a class=\"mkdf-tours-gallery-simple-item-link\" href=\"https:\/\/visitaltotamegaebarroso.pt\/fr\/tour-item\/reseau-dobservatoires-du-territoire-du-giahs-segredos-do-barroso-olhar-do-guerreiro-alto-do-castro-covas-do-barroso\/\"><\/a>\n\t\t\t<\/div>\n\t\t<\/div>\n\t<\/div><div class=\"mkdf-tours-gallery-simple-item mkdf-tours-row-item mkdf-tour-item-no-rating post-27599 tour-item type-tour-item status-publish has-post-thumbnail hentry tour-category-boticas-fr tour-category-montagnes-et-rivieres tour-category-points-dinterets\">\n\t\t\t<div class=\"mkdf-tours-gallery-simple-item-image-holder\">\n\t\t\t\t\t\t\n\t\t\t<div class=\"mkdf-tours-gallery-simple-item-image\">\n\t\t\t\t<img width=\"1200\" height=\"800\" src=\"https:\/\/visitaltotamegaebarroso.pt\/wp-content\/uploads\/2023\/07\/Rede-Observatorios-Seirraos.png\" class=\"attachment-full size-full wp-post-image\" alt=\"\" decoding=\"async\" loading=\"lazy\" srcset=\"https:\/\/visitaltotamegaebarroso.pt\/wp-content\/uploads\/2023\/07\/Rede-Observatorios-Seirraos.png 1200w, https:\/\/visitaltotamegaebarroso.pt\/wp-content\/uploads\/2023\/07\/Rede-Observatorios-Seirraos-300x200.png 300w, https:\/\/visitaltotamegaebarroso.pt\/wp-content\/uploads\/2023\/07\/Rede-Observatorios-Seirraos-1024x683.png 1024w, https:\/\/visitaltotamegaebarroso.pt\/wp-content\/uploads\/2023\/07\/Rede-Observatorios-Seirraos-768x512.png 768w\" sizes=\"(max-width: 1200px) 100vw, 1200px\" \/>\t\t\t\t<span class=\"mkdf-tours-gallery-simple-item-price-holder\">\n\t\t\t\t\t\n\t\t<span class=\"mkdf-tours-price-holder\">\n\t\t\t\t\t\t\t\t<\/span>\n\n\t\t\t\t\t\t<\/span>\t\t\t\t\n\t\t\t\t<div class=\"mkdf-tours-gallery-simple-item-content-holder\">\n\t\t\t\t\t<div class=\"mkdf-tours-gallery-simple-item-content-inner\">\n\t\t\t\t\t\t\t\t\t\t\t\t\t<h5 class=\"mkdf-tours-gallery-simple-item-destination-holder\">\n\t\t\t\t\t\t\t\t\n\t\t\t<a class=\"mkdf-tour-item-destination\" href=\"https:\/\/visitaltotamegaebarroso.pt\/fr\/destinations\/boticas\/\">\n\t\t\t\tBoticas\t\t\t<\/a>\n\n\t\t\t\t\t\t\t\t\t<\/h5>\n\t\t\t\t\t\t\t\t\t\t\t\t<div class=\"mkdf-tours-gallery-simple-title-holder\">\n\t\t\t\t\t\t\t<h4 class=\"mkdf-tour-title\">\n\t\t\t\t\t\t\t\tR\u00e9seau d&rsquo;observatoires du territoire du GIAHS &#8211; Tr\u00e9sor de Barroso &#8211; Point de vue de Seirr\u00e3os\t\t\t\t\t\t\t<\/h4>\n\t\t\t\t\t\t<\/div>\n\t\t\t\t\t<\/div>\n\t\t\t\t<\/div>\n\t\t\t\t<a class=\"mkdf-tours-gallery-simple-item-link\" href=\"https:\/\/visitaltotamegaebarroso.pt\/fr\/tour-item\/reseau-dobservatoires-du-territoire-du-giahs-tresor-de-barroso-point-de-vue-de-seirraos\/\"><\/a>\n\t\t\t<\/div>\n\t\t<\/div>\n\t<\/div><div class=\"mkdf-tours-gallery-simple-item mkdf-tours-row-item mkdf-tour-item-no-rating post-27594 tour-item type-tour-item status-publish has-post-thumbnail hentry tour-category-boticas-fr tour-category-montagnes-et-rivieres tour-category-points-dinterets\">\n\t\t\t<div class=\"mkdf-tours-gallery-simple-item-image-holder\">\n\t\t\t\t\t\t\n\t\t\t<div class=\"mkdf-tours-gallery-simple-item-image\">\n\t\t\t\t<img width=\"1200\" height=\"800\" src=\"https:\/\/visitaltotamegaebarroso.pt\/wp-content\/uploads\/2023\/07\/Rede-Observatorios-Alturas.png\" class=\"attachment-full size-full wp-post-image\" alt=\"\" decoding=\"async\" loading=\"lazy\" srcset=\"https:\/\/visitaltotamegaebarroso.pt\/wp-content\/uploads\/2023\/07\/Rede-Observatorios-Alturas.png 1200w, https:\/\/visitaltotamegaebarroso.pt\/wp-content\/uploads\/2023\/07\/Rede-Observatorios-Alturas-300x200.png 300w, https:\/\/visitaltotamegaebarroso.pt\/wp-content\/uploads\/2023\/07\/Rede-Observatorios-Alturas-1024x683.png 1024w, https:\/\/visitaltotamegaebarroso.pt\/wp-content\/uploads\/2023\/07\/Rede-Observatorios-Alturas-768x512.png 768w\" sizes=\"(max-width: 1200px) 100vw, 1200px\" \/>\t\t\t\t<span class=\"mkdf-tours-gallery-simple-item-price-holder\">\n\t\t\t\t\t\n\t\t<span class=\"mkdf-tours-price-holder\">\n\t\t\t\t\t\t\t\t<\/span>\n\n\t\t\t\t\t\t<\/span>\t\t\t\t\n\t\t\t\t<div class=\"mkdf-tours-gallery-simple-item-content-holder\">\n\t\t\t\t\t<div class=\"mkdf-tours-gallery-simple-item-content-inner\">\n\t\t\t\t\t\t\t\t\t\t\t\t\t<h5 class=\"mkdf-tours-gallery-simple-item-destination-holder\">\n\t\t\t\t\t\t\t\t\n\t\t\t<a class=\"mkdf-tour-item-destination\" href=\"https:\/\/visitaltotamegaebarroso.pt\/fr\/destinations\/boticas\/\">\n\t\t\t\tBoticas\t\t\t<\/a>\n\n\t\t\t\t\t\t\t\t\t<\/h5>\n\t\t\t\t\t\t\t\t\t\t\t\t<div class=\"mkdf-tours-gallery-simple-title-holder\">\n\t\t\t\t\t\t\t<h4 class=\"mkdf-tour-title\">\n\t\t\t\t\t\t\t\tR\u00e9seau d&rsquo;observatoires du territoire du SMIH &#8211; Teto do Mundo &#8211; Couto dos Corvos &#8211; Alturas do Barroso\t\t\t\t\t\t\t<\/h4>\n\t\t\t\t\t\t<\/div>\n\t\t\t\t\t<\/div>\n\t\t\t\t<\/div>\n\t\t\t\t<a class=\"mkdf-tours-gallery-simple-item-link\" href=\"https:\/\/visitaltotamegaebarroso.pt\/fr\/tour-item\/reseau-dobservatoires-du-territoire-du-smih-teto-do-mundo-couto-dos-corvos-alturas-do-barroso\/\"><\/a>\n\t\t\t<\/div>\n\t\t<\/div>\n\t<\/div><div class=\"mkdf-tours-gallery-simple-item mkdf-tours-row-item mkdf-tour-item-no-rating post-27589 tour-item type-tour-item status-publish has-post-thumbnail hentry tour-category-chaves-fr tour-category-histoire-et-art tour-category-montagnes-et-rivieres tour-category-points-dinterets tour-category-routes-paysageres tour-category-sports-et-aventure tour-category-villages-et-traditions\">\n\t\t\t<div class=\"mkdf-tours-gallery-simple-item-image-holder\">\n\t\t\t\t\t\t\n\t\t\t<div class=\"mkdf-tours-gallery-simple-item-image\">\n\t\t\t\t<img width=\"1200\" height=\"800\" src=\"https:\/\/visitaltotamegaebarroso.pt\/wp-content\/uploads\/2023\/07\/Rede-de-Percursos-Pedestres.jpg\" class=\"attachment-full size-full wp-post-image\" alt=\"\" decoding=\"async\" loading=\"lazy\" srcset=\"https:\/\/visitaltotamegaebarroso.pt\/wp-content\/uploads\/2023\/07\/Rede-de-Percursos-Pedestres.jpg 1200w, https:\/\/visitaltotamegaebarroso.pt\/wp-content\/uploads\/2023\/07\/Rede-de-Percursos-Pedestres-300x200.jpg 300w, https:\/\/visitaltotamegaebarroso.pt\/wp-content\/uploads\/2023\/07\/Rede-de-Percursos-Pedestres-1024x683.jpg 1024w, https:\/\/visitaltotamegaebarroso.pt\/wp-content\/uploads\/2023\/07\/Rede-de-Percursos-Pedestres-768x512.jpg 768w\" sizes=\"(max-width: 1200px) 100vw, 1200px\" \/>\t\t\t\t<span class=\"mkdf-tours-gallery-simple-item-price-holder\">\n\t\t\t\t\t\n\t\t<span class=\"mkdf-tours-price-holder\">\n\t\t\t\t\t\t\t\t<\/span>\n\n\t\t\t\t\t\t<\/span>\t\t\t\t\n\t\t\t\t<div class=\"mkdf-tours-gallery-simple-item-content-holder\">\n\t\t\t\t\t<div class=\"mkdf-tours-gallery-simple-item-content-inner\">\n\t\t\t\t\t\t\t\t\t\t\t\t\t<h5 class=\"mkdf-tours-gallery-simple-item-destination-holder\">\n\t\t\t\t\t\t\t\t\n\t\t\t<a class=\"mkdf-tour-item-destination\" href=\"https:\/\/visitaltotamegaebarroso.pt\/fr\/destinations\/chaves\/\">\n\t\t\t\tChaves\t\t\t<\/a>\n\n\t\t\t\t\t\t\t\t\t<\/h5>\n\t\t\t\t\t\t\t\t\t\t\t\t<div class=\"mkdf-tours-gallery-simple-title-holder\">\n\t\t\t\t\t\t\t<h4 class=\"mkdf-tour-title\">\n\t\t\t\t\t\t\t\tR\u00e9seau de sentiers p\u00e9destres &#8211; Chaves\t\t\t\t\t\t\t<\/h4>\n\t\t\t\t\t\t<\/div>\n\t\t\t\t\t<\/div>\n\t\t\t\t<\/div>\n\t\t\t\t<a class=\"mkdf-tours-gallery-simple-item-link\" href=\"https:\/\/visitaltotamegaebarroso.pt\/fr\/tour-item\/reseau-de-sentiers-pedestres-chaves\/\"><\/a>\n\t\t\t<\/div>\n\t\t<\/div>\n\t<\/div><div class=\"mkdf-tours-gallery-simple-item mkdf-tours-row-item mkdf-tour-item-no-rating post-27581 tour-item type-tour-item status-publish has-post-thumbnail hentry tour-category-montalegre-fr tour-category-montagnes-et-rivieres tour-category-points-dinterets\">\n\t\t\t<div class=\"mkdf-tours-gallery-simple-item-image-holder\">\n\t\t\t\t\t\t\n\t\t\t<div class=\"mkdf-tours-gallery-simple-item-image\">\n\t\t\t\t<img width=\"1200\" height=\"800\" src=\"https:\/\/visitaltotamegaebarroso.pt\/wp-content\/uploads\/2023\/07\/Parque-Rio-Cavado.png\" class=\"attachment-full size-full wp-post-image\" alt=\"\" decoding=\"async\" loading=\"lazy\" srcset=\"https:\/\/visitaltotamegaebarroso.pt\/wp-content\/uploads\/2023\/07\/Parque-Rio-Cavado.png 1200w, https:\/\/visitaltotamegaebarroso.pt\/wp-content\/uploads\/2023\/07\/Parque-Rio-Cavado-300x200.png 300w, https:\/\/visitaltotamegaebarroso.pt\/wp-content\/uploads\/2023\/07\/Parque-Rio-Cavado-1024x683.png 1024w, https:\/\/visitaltotamegaebarroso.pt\/wp-content\/uploads\/2023\/07\/Parque-Rio-Cavado-768x512.png 768w\" sizes=\"(max-width: 1200px) 100vw, 1200px\" \/>\t\t\t\t<span class=\"mkdf-tours-gallery-simple-item-price-holder\">\n\t\t\t\t\t\n\t\t<span class=\"mkdf-tours-price-holder\">\n\t\t\t\t\t\t\t\t<\/span>\n\n\t\t\t\t\t\t<\/span>\t\t\t\t\n\t\t\t\t<div class=\"mkdf-tours-gallery-simple-item-content-holder\">\n\t\t\t\t\t<div class=\"mkdf-tours-gallery-simple-item-content-inner\">\n\t\t\t\t\t\t\t\t\t\t\t\t\t<h5 class=\"mkdf-tours-gallery-simple-item-destination-holder\">\n\t\t\t\t\t\t\t\t\n\t\t\t<a class=\"mkdf-tour-item-destination\" href=\"https:\/\/visitaltotamegaebarroso.pt\/fr\/destinations\/montalegre\/\">\n\t\t\t\tMontalegre\t\t\t<\/a>\n\n\t\t\t\t\t\t\t\t\t<\/h5>\n\t\t\t\t\t\t\t\t\t\t\t\t<div class=\"mkdf-tours-gallery-simple-title-holder\">\n\t\t\t\t\t\t\t<h4 class=\"mkdf-tour-title\">\n\t\t\t\t\t\t\t\tRivi\u00e8re C\u00e1vado (Parc de la rivi\u00e8re C\u00e1vado)\t\t\t\t\t\t\t<\/h4>\n\t\t\t\t\t\t<\/div>\n\t\t\t\t\t<\/div>\n\t\t\t\t<\/div>\n\t\t\t\t<a class=\"mkdf-tours-gallery-simple-item-link\" href=\"https:\/\/visitaltotamegaebarroso.pt\/fr\/tour-item\/riviere-cavado-parc-de-la-riviere-cavado\/\"><\/a>\n\t\t\t<\/div>\n\t\t<\/div>\n\t<\/div><div class=\"mkdf-tours-gallery-simple-item mkdf-tours-row-item mkdf-tour-item-no-rating post-28569 tour-item type-tour-item status-publish has-post-thumbnail hentry tour-category-montalegre-fr tour-category-points-dinterets tour-category-routes-paysageres\">\n\t\t\t<div class=\"mkdf-tours-gallery-simple-item-image-holder\">\n\t\t\t\t\t\t\n\t\t\t<div class=\"mkdf-tours-gallery-simple-item-image\">\n\t\t\t\t<img width=\"1200\" height=\"800\" src=\"https:\/\/visitaltotamegaebarroso.pt\/wp-content\/uploads\/2023\/07\/Nacional-103.png\" class=\"attachment-full size-full wp-post-image\" alt=\"\" decoding=\"async\" loading=\"lazy\" srcset=\"https:\/\/visitaltotamegaebarroso.pt\/wp-content\/uploads\/2023\/07\/Nacional-103.png 1200w, https:\/\/visitaltotamegaebarroso.pt\/wp-content\/uploads\/2023\/07\/Nacional-103-300x200.png 300w, https:\/\/visitaltotamegaebarroso.pt\/wp-content\/uploads\/2023\/07\/Nacional-103-1024x683.png 1024w, https:\/\/visitaltotamegaebarroso.pt\/wp-content\/uploads\/2023\/07\/Nacional-103-768x512.png 768w\" sizes=\"(max-width: 1200px) 100vw, 1200px\" \/>\t\t\t\t<span class=\"mkdf-tours-gallery-simple-item-price-holder\">\n\t\t\t\t\t\n\t\t<span class=\"mkdf-tours-price-holder\">\n\t\t\t\t\t\t\t\t<\/span>\n\n\t\t\t\t\t\t<\/span>\t\t\t\t\n\t\t\t\t<div class=\"mkdf-tours-gallery-simple-item-content-holder\">\n\t\t\t\t\t<div class=\"mkdf-tours-gallery-simple-item-content-inner\">\n\t\t\t\t\t\t\t\t\t\t\t\t<div class=\"mkdf-tours-gallery-simple-title-holder\">\n\t\t\t\t\t\t\t<h4 class=\"mkdf-tour-title\">\n\t\t\t\t\t\t\t\tRoute 103 (N103)\t\t\t\t\t\t\t<\/h4>\n\t\t\t\t\t\t<\/div>\n\t\t\t\t\t<\/div>\n\t\t\t\t<\/div>\n\t\t\t\t<a class=\"mkdf-tours-gallery-simple-item-link\" href=\"https:\/\/visitaltotamegaebarroso.pt\/fr\/tour-item\/route-103-n103\/\"><\/a>\n\t\t\t<\/div>\n\t\t<\/div>\n\t<\/div><div class=\"mkdf-tours-gallery-simple-item mkdf-tours-row-item mkdf-tour-item-no-rating post-27577 tour-item type-tour-item status-publish has-post-thumbnail hentry tour-category-chaves-fr tour-category-histoire-et-art tour-category-montagnes-et-rivieres tour-category-points-dinterets tour-category-routes-paysageres tour-category-sports-et-aventure tour-category-villages-et-traditions\">\n\t\t\t<div class=\"mkdf-tours-gallery-simple-item-image-holder\">\n\t\t\t\t\t\t\n\t\t\t<div class=\"mkdf-tours-gallery-simple-item-image\">\n\t\t\t\t<img width=\"1354\" height=\"804\" src=\"https:\/\/visitaltotamegaebarroso.pt\/wp-content\/uploads\/2023\/07\/Rota-Sentidos-1-1354x804-1.jpeg\" class=\"attachment-full size-full wp-post-image\" alt=\"\" decoding=\"async\" loading=\"lazy\" srcset=\"https:\/\/visitaltotamegaebarroso.pt\/wp-content\/uploads\/2023\/07\/Rota-Sentidos-1-1354x804-1.jpeg 1354w, https:\/\/visitaltotamegaebarroso.pt\/wp-content\/uploads\/2023\/07\/Rota-Sentidos-1-1354x804-1-300x178.jpeg 300w, https:\/\/visitaltotamegaebarroso.pt\/wp-content\/uploads\/2023\/07\/Rota-Sentidos-1-1354x804-1-1024x608.jpeg 1024w, https:\/\/visitaltotamegaebarroso.pt\/wp-content\/uploads\/2023\/07\/Rota-Sentidos-1-1354x804-1-768x456.jpeg 768w\" sizes=\"(max-width: 1354px) 100vw, 1354px\" \/>\t\t\t\t<span class=\"mkdf-tours-gallery-simple-item-price-holder\">\n\t\t\t\t\t\n\t\t<span class=\"mkdf-tours-price-holder\">\n\t\t\t\t\t\t\t\t<\/span>\n\n\t\t\t\t\t\t<\/span>\t\t\t\t\n\t\t\t\t<div class=\"mkdf-tours-gallery-simple-item-content-holder\">\n\t\t\t\t\t<div class=\"mkdf-tours-gallery-simple-item-content-inner\">\n\t\t\t\t\t\t\t\t\t\t\t\t<div class=\"mkdf-tours-gallery-simple-title-holder\">\n\t\t\t\t\t\t\t<h4 class=\"mkdf-tour-title\">\n\t\t\t\t\t\t\t\tRoute marginale des sens &#8211; PR11 CHV\t\t\t\t\t\t\t<\/h4>\n\t\t\t\t\t\t<\/div>\n\t\t\t\t\t<\/div>\n\t\t\t\t<\/div>\n\t\t\t\t<a class=\"mkdf-tours-gallery-simple-item-link\" href=\"https:\/\/visitaltotamegaebarroso.pt\/fr\/tour-item\/route-marginale-des-sens-pr11-chv\/\"><\/a>\n\t\t\t<\/div>\n\t\t<\/div>\n\t<\/div><div class=\"mkdf-tours-gallery-simple-item mkdf-tours-row-item mkdf-tour-item-no-rating post-13051 tour-item type-tour-item status-publish has-post-thumbnail hentry tour-category-chaves-fr tour-category-points-dinterets tour-category-route-de-leau tour-category-routes-paysageres\">\n\t\t\t<div class=\"mkdf-tours-gallery-simple-item-image-holder\">\n\t\t\t\t\t\t\n\t\t\t<div class=\"mkdf-tours-gallery-simple-item-image\">\n\t\t\t\t<img width=\"2000\" height=\"1239\" src=\"https:\/\/visitaltotamegaebarroso.pt\/wp-content\/uploads\/2023\/03\/AF_estrada-nacional-2_2.jpg\" class=\"attachment-full size-full wp-post-image\" alt=\"\" decoding=\"async\" loading=\"lazy\" srcset=\"https:\/\/visitaltotamegaebarroso.pt\/wp-content\/uploads\/2023\/03\/AF_estrada-nacional-2_2.jpg 2000w, https:\/\/visitaltotamegaebarroso.pt\/wp-content\/uploads\/2023\/03\/AF_estrada-nacional-2_2-300x186.jpg 300w, https:\/\/visitaltotamegaebarroso.pt\/wp-content\/uploads\/2023\/03\/AF_estrada-nacional-2_2-1024x634.jpg 1024w, https:\/\/visitaltotamegaebarroso.pt\/wp-content\/uploads\/2023\/03\/AF_estrada-nacional-2_2-768x476.jpg 768w, https:\/\/visitaltotamegaebarroso.pt\/wp-content\/uploads\/2023\/03\/AF_estrada-nacional-2_2-1536x952.jpg 1536w, https:\/\/visitaltotamegaebarroso.pt\/wp-content\/uploads\/2023\/03\/AF_estrada-nacional-2_2-600x372.jpg 600w\" sizes=\"(max-width: 2000px) 100vw, 2000px\" \/>\t\t\t\t<span class=\"mkdf-tours-gallery-simple-item-price-holder\">\n\t\t\t\t\t\n\t\t<span class=\"mkdf-tours-price-holder\">\n\t\t\t\t\t\t\t<span class=\"mkdf-tours-item-price \">$1<\/span>\n\t\t\t\t\t\t\t\t<\/span>\n\n\t\t\t\t\t\t<\/span>\t\t\t\t\n\t\t\t\t<div class=\"mkdf-tours-gallery-simple-item-content-holder\">\n\t\t\t\t\t<div class=\"mkdf-tours-gallery-simple-item-content-inner\">\n\t\t\t\t\t\t\t\t\t\t\t\t\t<h5 class=\"mkdf-tours-gallery-simple-item-destination-holder\">\n\t\t\t\t\t\t\t\t\n\t\t\t<a class=\"mkdf-tour-item-destination\" href=\"https:\/\/visitaltotamegaebarroso.pt\/fr\/destinations\/chaves\/\">\n\t\t\t\tChaves\t\t\t<\/a>\n\n\t\t\t\t\t\t\t\t\t<\/h5>\n\t\t\t\t\t\t\t\t\t\t\t\t<div class=\"mkdf-tours-gallery-simple-title-holder\">\n\t\t\t\t\t\t\t<h4 class=\"mkdf-tour-title\">\n\t\t\t\t\t\t\t\tRoute Nationale 2 &#8211; N2\t\t\t\t\t\t\t<\/h4>\n\t\t\t\t\t\t<\/div>\n\t\t\t\t\t<\/div>\n\t\t\t\t<\/div>\n\t\t\t\t<a class=\"mkdf-tours-gallery-simple-item-link\" href=\"https:\/\/visitaltotamegaebarroso.pt\/fr\/tour-item\/estrada-nacional-2-n2\/\"><\/a>\n\t\t\t<\/div>\n\t\t<\/div>\n\t<\/div><div class=\"mkdf-tours-gallery-simple-item mkdf-tours-row-item mkdf-tour-item-no-rating post-28637 tour-item type-tour-item status-publish has-post-thumbnail hentry tour-category-valpacos-fr tour-category-histoire-et-art\">\n\t\t\t<div class=\"mkdf-tours-gallery-simple-item-image-holder\">\n\t\t\t\t\t\t\n\t\t\t<div class=\"mkdf-tours-gallery-simple-item-image\">\n\t\t\t\t<img width=\"1200\" height=\"800\" src=\"https:\/\/visitaltotamegaebarroso.pt\/wp-content\/uploads\/2024\/06\/Via-Augusta.jpg\" class=\"attachment-full size-full wp-post-image\" alt=\"\" decoding=\"async\" loading=\"lazy\" srcset=\"https:\/\/visitaltotamegaebarroso.pt\/wp-content\/uploads\/2024\/06\/Via-Augusta.jpg 1200w, https:\/\/visitaltotamegaebarroso.pt\/wp-content\/uploads\/2024\/06\/Via-Augusta-300x200.jpg 300w, https:\/\/visitaltotamegaebarroso.pt\/wp-content\/uploads\/2024\/06\/Via-Augusta-1024x683.jpg 1024w, https:\/\/visitaltotamegaebarroso.pt\/wp-content\/uploads\/2024\/06\/Via-Augusta-768x512.jpg 768w, https:\/\/visitaltotamegaebarroso.pt\/wp-content\/uploads\/2024\/06\/Via-Augusta-391x260.jpg 391w\" sizes=\"(max-width: 1200px) 100vw, 1200px\" \/>\t\t\t\t<span class=\"mkdf-tours-gallery-simple-item-price-holder\">\n\t\t\t\t\t\n\t\t<span class=\"mkdf-tours-price-holder\">\n\t\t\t\t\t\t\t\t<\/span>\n\n\t\t\t\t\t\t<\/span>\t\t\t\t\n\t\t\t\t<div class=\"mkdf-tours-gallery-simple-item-content-holder\">\n\t\t\t\t\t<div class=\"mkdf-tours-gallery-simple-item-content-inner\">\n\t\t\t\t\t\t\t\t\t\t\t\t\t<h5 class=\"mkdf-tours-gallery-simple-item-destination-holder\">\n\t\t\t\t\t\t\t\t\n\t\t\t<a class=\"mkdf-tour-item-destination\" href=\"https:\/\/visitaltotamegaebarroso.pt\/fr\/destinations\/valpacos\/\">\n\t\t\t\tValpa\u00e7os\t\t\t<\/a>\n\n\t\t\t\t\t\t\t\t\t<\/h5>\n\t\t\t\t\t\t\t\t\t\t\t\t<div class=\"mkdf-tours-gallery-simple-title-holder\">\n\t\t\t\t\t\t\t<h4 class=\"mkdf-tour-title\">\n\t\t\t\t\t\t\t\tRoutes d&rsquo;ao\u00fbt\t\t\t\t\t\t\t<\/h4>\n\t\t\t\t\t\t<\/div>\n\t\t\t\t\t<\/div>\n\t\t\t\t<\/div>\n\t\t\t\t<a class=\"mkdf-tours-gallery-simple-item-link\" href=\"https:\/\/visitaltotamegaebarroso.pt\/fr\/tour-item\/routes-daout\/\"><\/a>\n\t\t\t<\/div>\n\t\t<\/div>\n\t<\/div><div class=\"mkdf-tours-gallery-simple-item mkdf-tours-row-item mkdf-tour-item-no-rating post-27573 tour-item type-tour-item status-publish has-post-thumbnail hentry tour-category-montalegre-fr tour-category-montagnes-et-rivieres tour-category-points-dinterets tour-category-villages-et-traditions\">\n\t\t\t<div class=\"mkdf-tours-gallery-simple-item-image-holder\">\n\t\t\t\t\t\t\n\t\t\t<div class=\"mkdf-tours-gallery-simple-item-image\">\n\t\t\t\t<img width=\"1200\" height=\"800\" src=\"https:\/\/visitaltotamegaebarroso.pt\/wp-content\/uploads\/2023\/07\/S.-Joao-Fraga.png\" class=\"attachment-full size-full wp-post-image\" alt=\"\" decoding=\"async\" loading=\"lazy\" srcset=\"https:\/\/visitaltotamegaebarroso.pt\/wp-content\/uploads\/2023\/07\/S.-Joao-Fraga.png 1200w, https:\/\/visitaltotamegaebarroso.pt\/wp-content\/uploads\/2023\/07\/S.-Joao-Fraga-300x200.png 300w, https:\/\/visitaltotamegaebarroso.pt\/wp-content\/uploads\/2023\/07\/S.-Joao-Fraga-1024x683.png 1024w, https:\/\/visitaltotamegaebarroso.pt\/wp-content\/uploads\/2023\/07\/S.-Joao-Fraga-768x512.png 768w\" sizes=\"(max-width: 1200px) 100vw, 1200px\" \/>\t\t\t\t<span class=\"mkdf-tours-gallery-simple-item-price-holder\">\n\t\t\t\t\t\n\t\t<span class=\"mkdf-tours-price-holder\">\n\t\t\t\t\t\t\t\t<\/span>\n\n\t\t\t\t\t\t<\/span>\t\t\t\t\n\t\t\t\t<div class=\"mkdf-tours-gallery-simple-item-content-holder\">\n\t\t\t\t\t<div class=\"mkdf-tours-gallery-simple-item-content-inner\">\n\t\t\t\t\t\t\t\t\t\t\t\t\t<h5 class=\"mkdf-tours-gallery-simple-item-destination-holder\">\n\t\t\t\t\t\t\t\t\n\t\t\t<a class=\"mkdf-tour-item-destination\" href=\"https:\/\/visitaltotamegaebarroso.pt\/fr\/destinations\/montalegre\/\">\n\t\t\t\tMontalegre\t\t\t<\/a>\n\n\t\t\t\t\t\t\t\t\t<\/h5>\n\t\t\t\t\t\t\t\t\t\t\t\t<div class=\"mkdf-tours-gallery-simple-title-holder\">\n\t\t\t\t\t\t\t<h4 class=\"mkdf-tour-title\">\n\t\t\t\t\t\t\t\tS. Jo\u00e3o da Fraga\t\t\t\t\t\t\t<\/h4>\n\t\t\t\t\t\t<\/div>\n\t\t\t\t\t<\/div>\n\t\t\t\t<\/div>\n\t\t\t\t<a class=\"mkdf-tours-gallery-simple-item-link\" href=\"https:\/\/visitaltotamegaebarroso.pt\/fr\/tour-item\/s-joao-da-fraga\/\"><\/a>\n\t\t\t<\/div>\n\t\t<\/div>\n\t<\/div><div class=\"mkdf-tours-gallery-simple-item mkdf-tours-row-item mkdf-tour-item-no-rating post-27791 tour-item type-tour-item status-publish has-post-thumbnail hentry tour-category-chaves-fr tour-category-histoire-et-art tour-category-montagnes-et-rivieres tour-category-points-dinterets tour-category-routes-paysageres\">\n\t\t\t<div class=\"mkdf-tours-gallery-simple-item-image-holder\">\n\t\t\t\t\t\t\n\t\t\t<div class=\"mkdf-tours-gallery-simple-item-image\">\n\t\t\t\t<img width=\"1200\" height=\"800\" src=\"https:\/\/visitaltotamegaebarroso.pt\/wp-content\/uploads\/2023\/07\/Santuario-de-Sao-Caetano.jpg\" class=\"attachment-full size-full wp-post-image\" alt=\"\" decoding=\"async\" loading=\"lazy\" srcset=\"https:\/\/visitaltotamegaebarroso.pt\/wp-content\/uploads\/2023\/07\/Santuario-de-Sao-Caetano.jpg 1200w, https:\/\/visitaltotamegaebarroso.pt\/wp-content\/uploads\/2023\/07\/Santuario-de-Sao-Caetano-300x200.jpg 300w, https:\/\/visitaltotamegaebarroso.pt\/wp-content\/uploads\/2023\/07\/Santuario-de-Sao-Caetano-1024x683.jpg 1024w, https:\/\/visitaltotamegaebarroso.pt\/wp-content\/uploads\/2023\/07\/Santuario-de-Sao-Caetano-768x512.jpg 768w\" sizes=\"(max-width: 1200px) 100vw, 1200px\" \/>\t\t\t\t<span class=\"mkdf-tours-gallery-simple-item-price-holder\">\n\t\t\t\t\t\n\t\t<span class=\"mkdf-tours-price-holder\">\n\t\t\t\t\t\t\t<span class=\"mkdf-tours-item-price \">$1<\/span>\n\t\t\t\t\t\t\t\t<\/span>\n\n\t\t\t\t\t\t<\/span>\t\t\t\t\n\t\t\t\t<div class=\"mkdf-tours-gallery-simple-item-content-holder\">\n\t\t\t\t\t<div class=\"mkdf-tours-gallery-simple-item-content-inner\">\n\t\t\t\t\t\t\t\t\t\t\t\t\t<h5 class=\"mkdf-tours-gallery-simple-item-destination-holder\">\n\t\t\t\t\t\t\t\t\n\t\t\t<a class=\"mkdf-tour-item-destination\" href=\"https:\/\/visitaltotamegaebarroso.pt\/fr\/destinations\/chaves\/\">\n\t\t\t\tChaves\t\t\t<\/a>\n\n\t\t\t\t\t\t\t\t\t<\/h5>\n\t\t\t\t\t\t\t\t\t\t\t\t<div class=\"mkdf-tours-gallery-simple-title-holder\">\n\t\t\t\t\t\t\t<h4 class=\"mkdf-tour-title\">\n\t\t\t\t\t\t\t\tSanctuaire de S\u00e3o Caetano\t\t\t\t\t\t\t<\/h4>\n\t\t\t\t\t\t<\/div>\n\t\t\t\t\t<\/div>\n\t\t\t\t<\/div>\n\t\t\t\t<a class=\"mkdf-tours-gallery-simple-item-link\" href=\"https:\/\/visitaltotamegaebarroso.pt\/fr\/tour-item\/sanctuaire-de-sao-caetano\/\"><\/a>\n\t\t\t<\/div>\n\t\t<\/div>\n\t<\/div><div class=\"mkdf-tours-gallery-simple-item mkdf-tours-row-item mkdf-tour-item-no-rating post-27569 tour-item type-tour-item status-publish has-post-thumbnail hentry tour-category-boticas-fr tour-category-histoire-et-art tour-category-points-dinterets tour-category-routes-paysageres tour-category-villages-et-traditions\">\n\t\t\t<div class=\"mkdf-tours-gallery-simple-item-image-holder\">\n\t\t\t\t\t\t\n\t\t\t<div class=\"mkdf-tours-gallery-simple-item-image\">\n\t\t\t\t<img width=\"1200\" height=\"800\" src=\"https:\/\/visitaltotamegaebarroso.pt\/wp-content\/uploads\/2023\/07\/Santuario-Senhor-Monte.png\" class=\"attachment-full size-full wp-post-image\" alt=\"\" decoding=\"async\" loading=\"lazy\" srcset=\"https:\/\/visitaltotamegaebarroso.pt\/wp-content\/uploads\/2023\/07\/Santuario-Senhor-Monte.png 1200w, https:\/\/visitaltotamegaebarroso.pt\/wp-content\/uploads\/2023\/07\/Santuario-Senhor-Monte-300x200.png 300w, https:\/\/visitaltotamegaebarroso.pt\/wp-content\/uploads\/2023\/07\/Santuario-Senhor-Monte-1024x683.png 1024w, https:\/\/visitaltotamegaebarroso.pt\/wp-content\/uploads\/2023\/07\/Santuario-Senhor-Monte-768x512.png 768w\" sizes=\"(max-width: 1200px) 100vw, 1200px\" \/>\t\t\t\t<span class=\"mkdf-tours-gallery-simple-item-price-holder\">\n\t\t\t\t\t\n\t\t<span class=\"mkdf-tours-price-holder\">\n\t\t\t\t\t\t\t\t<\/span>\n\n\t\t\t\t\t\t<\/span>\t\t\t\t\n\t\t\t\t<div class=\"mkdf-tours-gallery-simple-item-content-holder\">\n\t\t\t\t\t<div class=\"mkdf-tours-gallery-simple-item-content-inner\">\n\t\t\t\t\t\t\t\t\t\t\t\t\t<h5 class=\"mkdf-tours-gallery-simple-item-destination-holder\">\n\t\t\t\t\t\t\t\t\n\t\t\t<a class=\"mkdf-tour-item-destination\" href=\"https:\/\/visitaltotamegaebarroso.pt\/fr\/destinations\/boticas\/\">\n\t\t\t\tBoticas\t\t\t<\/a>\n\n\t\t\t\t\t\t\t\t\t<\/h5>\n\t\t\t\t\t\t\t\t\t\t\t\t<div class=\"mkdf-tours-gallery-simple-title-holder\">\n\t\t\t\t\t\t\t<h4 class=\"mkdf-tour-title\">\n\t\t\t\t\t\t\t\tSanctuaire du Senhor do Monte\t\t\t\t\t\t\t<\/h4>\n\t\t\t\t\t\t<\/div>\n\t\t\t\t\t<\/div>\n\t\t\t\t<\/div>\n\t\t\t\t<a class=\"mkdf-tours-gallery-simple-item-link\" href=\"https:\/\/visitaltotamegaebarroso.pt\/fr\/tour-item\/sanctuaire-du-senhor-do-monte\/\"><\/a>\n\t\t\t<\/div>\n\t\t<\/div>\n\t<\/div><div class=\"mkdf-tours-gallery-simple-item mkdf-tours-row-item mkdf-tour-item-no-rating post-27566 tour-item type-tour-item status-publish has-post-thumbnail hentry tour-category-valpacos-fr tour-category-histoire-et-art tour-category-points-dinterets\">\n\t\t\t<div class=\"mkdf-tours-gallery-simple-item-image-holder\">\n\t\t\t\t\t\t\n\t\t\t<div class=\"mkdf-tours-gallery-simple-item-image\">\n\t\t\t\t<img width=\"1200\" height=\"800\" src=\"https:\/\/visitaltotamegaebarroso.pt\/wp-content\/uploads\/2023\/07\/Santuario-Rupestre-de-Argeriz.jpg\" class=\"attachment-full size-full wp-post-image\" alt=\"\" decoding=\"async\" loading=\"lazy\" srcset=\"https:\/\/visitaltotamegaebarroso.pt\/wp-content\/uploads\/2023\/07\/Santuario-Rupestre-de-Argeriz.jpg 1200w, https:\/\/visitaltotamegaebarroso.pt\/wp-content\/uploads\/2023\/07\/Santuario-Rupestre-de-Argeriz-300x200.jpg 300w, https:\/\/visitaltotamegaebarroso.pt\/wp-content\/uploads\/2023\/07\/Santuario-Rupestre-de-Argeriz-1024x683.jpg 1024w, https:\/\/visitaltotamegaebarroso.pt\/wp-content\/uploads\/2023\/07\/Santuario-Rupestre-de-Argeriz-768x512.jpg 768w\" sizes=\"(max-width: 1200px) 100vw, 1200px\" \/>\t\t\t\t<span class=\"mkdf-tours-gallery-simple-item-price-holder\">\n\t\t\t\t\t\n\t\t<span class=\"mkdf-tours-price-holder\">\n\t\t\t\t\t\t\t\t<\/span>\n\n\t\t\t\t\t\t<\/span>\t\t\t\t\n\t\t\t\t<div class=\"mkdf-tours-gallery-simple-item-content-holder\">\n\t\t\t\t\t<div class=\"mkdf-tours-gallery-simple-item-content-inner\">\n\t\t\t\t\t\t\t\t\t\t\t\t\t<h5 class=\"mkdf-tours-gallery-simple-item-destination-holder\">\n\t\t\t\t\t\t\t\t\n\t\t\t<a class=\"mkdf-tour-item-destination\" href=\"https:\/\/visitaltotamegaebarroso.pt\/fr\/destinations\/valpacos\/\">\n\t\t\t\tValpa\u00e7os\t\t\t<\/a>\n\n\t\t\t\t\t\t\t\t\t<\/h5>\n\t\t\t\t\t\t\t\t\t\t\t\t<div class=\"mkdf-tours-gallery-simple-title-holder\">\n\t\t\t\t\t\t\t<h4 class=\"mkdf-tour-title\">\n\t\t\t\t\t\t\t\tSanctuaire rupestre d&rsquo;Argeriz ou \u00ab\u00a0Pias dos Mouros\u00a0\u00bb.\t\t\t\t\t\t\t<\/h4>\n\t\t\t\t\t\t<\/div>\n\t\t\t\t\t<\/div>\n\t\t\t\t<\/div>\n\t\t\t\t<a class=\"mkdf-tours-gallery-simple-item-link\" href=\"https:\/\/visitaltotamegaebarroso.pt\/fr\/tour-item\/sanctuaire-rupestre-dargeriz-ou-pias-dos-mouros\/\"><\/a>\n\t\t\t<\/div>\n\t\t<\/div>\n\t<\/div><div class=\"mkdf-tours-gallery-simple-item mkdf-tours-row-item mkdf-tour-item-no-rating post-13059 tour-item type-tour-item status-publish has-post-thumbnail hentry tour-category-valpacos-fr tour-category-histoire-et-art tour-category-points-dinterets tour-category-routes-paysageres\">\n\t\t\t<div class=\"mkdf-tours-gallery-simple-item-image-holder\">\n\t\t\t\t\t\t\n\t\t\t<div class=\"mkdf-tours-gallery-simple-item-image\">\n\t\t\t\t<img width=\"2000\" height=\"1125\" src=\"https:\/\/visitaltotamegaebarroso.pt\/wp-content\/uploads\/2023\/03\/AF_santuario-n.s.-saude.jpg\" class=\"attachment-full size-full wp-post-image\" alt=\"\" decoding=\"async\" loading=\"lazy\" srcset=\"https:\/\/visitaltotamegaebarroso.pt\/wp-content\/uploads\/2023\/03\/AF_santuario-n.s.-saude.jpg 2000w, https:\/\/visitaltotamegaebarroso.pt\/wp-content\/uploads\/2023\/03\/AF_santuario-n.s.-saude-300x169.jpg 300w, https:\/\/visitaltotamegaebarroso.pt\/wp-content\/uploads\/2023\/03\/AF_santuario-n.s.-saude-1024x576.jpg 1024w, https:\/\/visitaltotamegaebarroso.pt\/wp-content\/uploads\/2023\/03\/AF_santuario-n.s.-saude-768x432.jpg 768w, https:\/\/visitaltotamegaebarroso.pt\/wp-content\/uploads\/2023\/03\/AF_santuario-n.s.-saude-1536x864.jpg 1536w, https:\/\/visitaltotamegaebarroso.pt\/wp-content\/uploads\/2023\/03\/AF_santuario-n.s.-saude-600x338.jpg 600w\" sizes=\"(max-width: 2000px) 100vw, 2000px\" \/>\t\t\t\t<span class=\"mkdf-tours-gallery-simple-item-price-holder\">\n\t\t\t\t\t\n\t\t<span class=\"mkdf-tours-price-holder\">\n\t\t\t\t\t\t\t\t<\/span>\n\n\t\t\t\t\t\t<\/span>\t\t\t\t\n\t\t\t\t<div class=\"mkdf-tours-gallery-simple-item-content-holder\">\n\t\t\t\t\t<div class=\"mkdf-tours-gallery-simple-item-content-inner\">\n\t\t\t\t\t\t\t\t\t\t\t\t\t<h5 class=\"mkdf-tours-gallery-simple-item-destination-holder\">\n\t\t\t\t\t\t\t\t\n\t\t\t<a class=\"mkdf-tour-item-destination\" href=\"https:\/\/visitaltotamegaebarroso.pt\/fr\/destinations\/valpacos\/\">\n\t\t\t\tValpa\u00e7os\t\t\t<\/a>\n\n\t\t\t\t\t\t\t\t\t<\/h5>\n\t\t\t\t\t\t\t\t\t\t\t\t<div class=\"mkdf-tours-gallery-simple-title-holder\">\n\t\t\t\t\t\t\t<h4 class=\"mkdf-tour-title\">\n\t\t\t\t\t\t\t\tSantu\u00e1rio de Nossa Senhora da Sa\u00fade\t\t\t\t\t\t\t<\/h4>\n\t\t\t\t\t\t<\/div>\n\t\t\t\t\t<\/div>\n\t\t\t\t<\/div>\n\t\t\t\t<a class=\"mkdf-tours-gallery-simple-item-link\" href=\"https:\/\/visitaltotamegaebarroso.pt\/fr\/tour-item\/santuario-de-nossa-senhora-da-saude\/\"><\/a>\n\t\t\t<\/div>\n\t\t<\/div>\n\t<\/div><div class=\"mkdf-tours-gallery-simple-item mkdf-tours-row-item mkdf-tour-item-no-rating post-27495 tour-item type-tour-item status-publish has-post-thumbnail hentry tour-category-vila-pouca-de-aguiar-fr tour-category-montagnes-et-rivieres tour-category-points-dinterets tour-category-sports-et-aventure\">\n\t\t\t<div class=\"mkdf-tours-gallery-simple-item-image-holder\">\n\t\t\t\t\t\t\n\t\t\t<div class=\"mkdf-tours-gallery-simple-item-image\">\n\t\t\t\t<img width=\"1200\" height=\"800\" src=\"https:\/\/visitaltotamegaebarroso.pt\/wp-content\/uploads\/2023\/07\/Trilho-Ribeirinhos-Zimao.png\" class=\"attachment-full size-full wp-post-image\" alt=\"\" decoding=\"async\" loading=\"lazy\" srcset=\"https:\/\/visitaltotamegaebarroso.pt\/wp-content\/uploads\/2023\/07\/Trilho-Ribeirinhos-Zimao.png 1200w, https:\/\/visitaltotamegaebarroso.pt\/wp-content\/uploads\/2023\/07\/Trilho-Ribeirinhos-Zimao-300x200.png 300w, https:\/\/visitaltotamegaebarroso.pt\/wp-content\/uploads\/2023\/07\/Trilho-Ribeirinhos-Zimao-1024x683.png 1024w, https:\/\/visitaltotamegaebarroso.pt\/wp-content\/uploads\/2023\/07\/Trilho-Ribeirinhos-Zimao-768x512.png 768w\" sizes=\"(max-width: 1200px) 100vw, 1200px\" \/>\t\t\t\t<span class=\"mkdf-tours-gallery-simple-item-price-holder\">\n\t\t\t\t\t\n\t\t<span class=\"mkdf-tours-price-holder\">\n\t\t\t\t\t\t\t\t<\/span>\n\n\t\t\t\t\t\t<\/span>\t\t\t\t\n\t\t\t\t<div class=\"mkdf-tours-gallery-simple-item-content-holder\">\n\t\t\t\t\t<div class=\"mkdf-tours-gallery-simple-item-content-inner\">\n\t\t\t\t\t\t\t\t\t\t\t\t\t<h5 class=\"mkdf-tours-gallery-simple-item-destination-holder\">\n\t\t\t\t\t\t\t\t\n\t\t\t<a class=\"mkdf-tour-item-destination\" href=\"https:\/\/visitaltotamegaebarroso.pt\/fr\/destinations\/vila-pouca-de-aguiar\/\">\n\t\t\t\tVila Pouca de Aguiar\t\t\t<\/a>\n\n\t\t\t\t\t\t\t\t\t<\/h5>\n\t\t\t\t\t\t\t\t\t\t\t\t<div class=\"mkdf-tours-gallery-simple-title-holder\">\n\t\t\t\t\t\t\t<h4 class=\"mkdf-tour-title\">\n\t\t\t\t\t\t\t\tSentier d&rsquo;interpr\u00e9tation des \u00e9cosyst\u00e8mes riverains &#8211; PR8 VPA\t\t\t\t\t\t\t<\/h4>\n\t\t\t\t\t\t<\/div>\n\t\t\t\t\t<\/div>\n\t\t\t\t<\/div>\n\t\t\t\t<a class=\"mkdf-tours-gallery-simple-item-link\" href=\"https:\/\/visitaltotamegaebarroso.pt\/fr\/tour-item\/sentier-dinterpretation-des-ecosystemes-riverains-pr8-vpa\/\"><\/a>\n\t\t\t<\/div>\n\t\t<\/div>\n\t<\/div><div class=\"mkdf-tours-gallery-simple-item mkdf-tours-row-item mkdf-tour-item-no-rating post-27486 tour-item type-tour-item status-publish has-post-thumbnail hentry tour-category-vila-pouca-de-aguiar-fr tour-category-montagnes-et-rivieres tour-category-points-dinterets tour-category-sports-et-aventure\">\n\t\t\t<div class=\"mkdf-tours-gallery-simple-item-image-holder\">\n\t\t\t\t\t\t\n\t\t\t<div class=\"mkdf-tours-gallery-simple-item-image\">\n\t\t\t\t<img width=\"1200\" height=\"800\" src=\"https:\/\/visitaltotamegaebarroso.pt\/wp-content\/uploads\/2023\/07\/Trilho-Matos-Altitude.png\" class=\"attachment-full size-full wp-post-image\" alt=\"\" decoding=\"async\" loading=\"lazy\" srcset=\"https:\/\/visitaltotamegaebarroso.pt\/wp-content\/uploads\/2023\/07\/Trilho-Matos-Altitude.png 1200w, https:\/\/visitaltotamegaebarroso.pt\/wp-content\/uploads\/2023\/07\/Trilho-Matos-Altitude-300x200.png 300w, https:\/\/visitaltotamegaebarroso.pt\/wp-content\/uploads\/2023\/07\/Trilho-Matos-Altitude-1024x683.png 1024w, https:\/\/visitaltotamegaebarroso.pt\/wp-content\/uploads\/2023\/07\/Trilho-Matos-Altitude-768x512.png 768w\" sizes=\"(max-width: 1200px) 100vw, 1200px\" \/>\t\t\t\t<span class=\"mkdf-tours-gallery-simple-item-price-holder\">\n\t\t\t\t\t\n\t\t<span class=\"mkdf-tours-price-holder\">\n\t\t\t\t\t\t\t\t<\/span>\n\n\t\t\t\t\t\t<\/span>\t\t\t\t\n\t\t\t\t<div class=\"mkdf-tours-gallery-simple-item-content-holder\">\n\t\t\t\t\t<div class=\"mkdf-tours-gallery-simple-item-content-inner\">\n\t\t\t\t\t\t\t\t\t\t\t\t\t<h5 class=\"mkdf-tours-gallery-simple-item-destination-holder\">\n\t\t\t\t\t\t\t\t\n\t\t\t<a class=\"mkdf-tour-item-destination\" href=\"https:\/\/visitaltotamegaebarroso.pt\/fr\/destinations\/vila-pouca-de-aguiar\/\">\n\t\t\t\tVila Pouca de Aguiar\t\t\t<\/a>\n\n\t\t\t\t\t\t\t\t\t<\/h5>\n\t\t\t\t\t\t\t\t\t\t\t\t<div class=\"mkdf-tours-gallery-simple-title-holder\">\n\t\t\t\t\t\t\t<h4 class=\"mkdf-tour-title\">\n\t\t\t\t\t\t\t\tSentier d&rsquo;interpr\u00e9tation des For\u00eats de haute altitude &#8211; PR3 VPA\t\t\t\t\t\t\t<\/h4>\n\t\t\t\t\t\t<\/div>\n\t\t\t\t\t<\/div>\n\t\t\t\t<\/div>\n\t\t\t\t<a class=\"mkdf-tours-gallery-simple-item-link\" href=\"https:\/\/visitaltotamegaebarroso.pt\/fr\/tour-item\/sentier-dinterpretation-des-forets-de-haute-altitude-pr3-vpa\/\"><\/a>\n\t\t\t<\/div>\n\t\t<\/div>\n\t<\/div><div class=\"mkdf-tours-gallery-simple-item mkdf-tours-row-item mkdf-tour-item-no-rating post-27490 tour-item type-tour-item status-publish has-post-thumbnail hentry tour-category-vila-pouca-de-aguiar-fr tour-category-montagnes-et-rivieres tour-category-points-dinterets tour-category-sports-et-aventure\">\n\t\t\t<div class=\"mkdf-tours-gallery-simple-item-image-holder\">\n\t\t\t\t\t\t\n\t\t\t<div class=\"mkdf-tours-gallery-simple-item-image\">\n\t\t\t\t<img width=\"1200\" height=\"800\" src=\"https:\/\/visitaltotamegaebarroso.pt\/wp-content\/uploads\/2023\/07\/Trilho-Mamiferos-Aquaticos.png\" class=\"attachment-full size-full wp-post-image\" alt=\"\" decoding=\"async\" loading=\"lazy\" srcset=\"https:\/\/visitaltotamegaebarroso.pt\/wp-content\/uploads\/2023\/07\/Trilho-Mamiferos-Aquaticos.png 1200w, https:\/\/visitaltotamegaebarroso.pt\/wp-content\/uploads\/2023\/07\/Trilho-Mamiferos-Aquaticos-300x200.png 300w, https:\/\/visitaltotamegaebarroso.pt\/wp-content\/uploads\/2023\/07\/Trilho-Mamiferos-Aquaticos-1024x683.png 1024w, https:\/\/visitaltotamegaebarroso.pt\/wp-content\/uploads\/2023\/07\/Trilho-Mamiferos-Aquaticos-768x512.png 768w\" sizes=\"(max-width: 1200px) 100vw, 1200px\" \/>\t\t\t\t<span class=\"mkdf-tours-gallery-simple-item-price-holder\">\n\t\t\t\t\t\n\t\t<span class=\"mkdf-tours-price-holder\">\n\t\t\t\t\t\t\t\t<\/span>\n\n\t\t\t\t\t\t<\/span>\t\t\t\t\n\t\t\t\t<div class=\"mkdf-tours-gallery-simple-item-content-holder\">\n\t\t\t\t\t<div class=\"mkdf-tours-gallery-simple-item-content-inner\">\n\t\t\t\t\t\t\t\t\t\t\t\t\t<h5 class=\"mkdf-tours-gallery-simple-item-destination-holder\">\n\t\t\t\t\t\t\t\t\n\t\t\t<a class=\"mkdf-tour-item-destination\" href=\"https:\/\/visitaltotamegaebarroso.pt\/fr\/destinations\/vila-pouca-de-aguiar\/\">\n\t\t\t\tVila Pouca de Aguiar\t\t\t<\/a>\n\n\t\t\t\t\t\t\t\t\t<\/h5>\n\t\t\t\t\t\t\t\t\t\t\t\t<div class=\"mkdf-tours-gallery-simple-title-holder\">\n\t\t\t\t\t\t\t<h4 class=\"mkdf-tour-title\">\n\t\t\t\t\t\t\t\tSentier d&rsquo;interpr\u00e9tation des mammif\u00e8res aquatiques &#8211; PR4 VPA\t\t\t\t\t\t\t<\/h4>\n\t\t\t\t\t\t<\/div>\n\t\t\t\t\t<\/div>\n\t\t\t\t<\/div>\n\t\t\t\t<a class=\"mkdf-tours-gallery-simple-item-link\" href=\"https:\/\/visitaltotamegaebarroso.pt\/fr\/tour-item\/sentier-dinterpretation-des-mammiferes-aquatiques-pr4-vpa\/\"><\/a>\n\t\t\t<\/div>\n\t\t<\/div>\n\t<\/div><div class=\"mkdf-tours-gallery-simple-item mkdf-tours-row-item mkdf-tour-item-no-rating post-27499 tour-item type-tour-item status-publish has-post-thumbnail hentry tour-category-vila-pouca-de-aguiar-fr tour-category-montagnes-et-rivieres tour-category-points-dinterets tour-category-sports-et-aventure\">\n\t\t\t<div class=\"mkdf-tours-gallery-simple-item-image-holder\">\n\t\t\t\t\t\t\n\t\t\t<div class=\"mkdf-tours-gallery-simple-item-image\">\n\t\t\t\t<img width=\"1200\" height=\"800\" src=\"https:\/\/visitaltotamegaebarroso.pt\/wp-content\/uploads\/2023\/07\/Trilho-Aves-Rapina.png\" class=\"attachment-full size-full wp-post-image\" alt=\"\" decoding=\"async\" loading=\"lazy\" srcset=\"https:\/\/visitaltotamegaebarroso.pt\/wp-content\/uploads\/2023\/07\/Trilho-Aves-Rapina.png 1200w, https:\/\/visitaltotamegaebarroso.pt\/wp-content\/uploads\/2023\/07\/Trilho-Aves-Rapina-300x200.png 300w, https:\/\/visitaltotamegaebarroso.pt\/wp-content\/uploads\/2023\/07\/Trilho-Aves-Rapina-1024x683.png 1024w, https:\/\/visitaltotamegaebarroso.pt\/wp-content\/uploads\/2023\/07\/Trilho-Aves-Rapina-768x512.png 768w\" sizes=\"(max-width: 1200px) 100vw, 1200px\" \/>\t\t\t\t<span class=\"mkdf-tours-gallery-simple-item-price-holder\">\n\t\t\t\t\t\n\t\t<span class=\"mkdf-tours-price-holder\">\n\t\t\t\t\t\t\t\t<\/span>\n\n\t\t\t\t\t\t<\/span>\t\t\t\t\n\t\t\t\t<div class=\"mkdf-tours-gallery-simple-item-content-holder\">\n\t\t\t\t\t<div class=\"mkdf-tours-gallery-simple-item-content-inner\">\n\t\t\t\t\t\t\t\t\t\t\t\t\t<h5 class=\"mkdf-tours-gallery-simple-item-destination-holder\">\n\t\t\t\t\t\t\t\t\n\t\t\t<a class=\"mkdf-tour-item-destination\" href=\"https:\/\/visitaltotamegaebarroso.pt\/fr\/destinations\/vila-pouca-de-aguiar\/\">\n\t\t\t\tVila Pouca de Aguiar\t\t\t<\/a>\n\n\t\t\t\t\t\t\t\t\t<\/h5>\n\t\t\t\t\t\t\t\t\t\t\t\t<div class=\"mkdf-tours-gallery-simple-title-holder\">\n\t\t\t\t\t\t\t<h4 class=\"mkdf-tour-title\">\n\t\t\t\t\t\t\t\tSentier d&rsquo;interpr\u00e9tation des oiseaux de proie &#8211; PR14 VPA\t\t\t\t\t\t\t<\/h4>\n\t\t\t\t\t\t<\/div>\n\t\t\t\t\t<\/div>\n\t\t\t\t<\/div>\n\t\t\t\t<a class=\"mkdf-tours-gallery-simple-item-link\" href=\"https:\/\/visitaltotamegaebarroso.pt\/fr\/tour-item\/sentier-dinterpretation-des-oiseaux-de-proie-pr14-vpa\/\"><\/a>\n\t\t\t<\/div>\n\t\t<\/div>\n\t<\/div><div class=\"mkdf-tours-gallery-simple-item mkdf-tours-row-item mkdf-tour-item-no-rating post-27504 tour-item type-tour-item status-publish has-post-thumbnail hentry tour-category-vila-pouca-de-aguiar-fr tour-category-montagnes-et-rivieres tour-category-points-dinterets tour-category-sports-et-aventure\">\n\t\t\t<div class=\"mkdf-tours-gallery-simple-item-image-holder\">\n\t\t\t\t\t\t\n\t\t\t<div class=\"mkdf-tours-gallery-simple-item-image\">\n\t\t\t\t<img width=\"1200\" height=\"800\" src=\"https:\/\/visitaltotamegaebarroso.pt\/wp-content\/uploads\/2023\/07\/Trilho-Veronica.png\" class=\"attachment-full size-full wp-post-image\" alt=\"\" decoding=\"async\" loading=\"lazy\" srcset=\"https:\/\/visitaltotamegaebarroso.pt\/wp-content\/uploads\/2023\/07\/Trilho-Veronica.png 1200w, https:\/\/visitaltotamegaebarroso.pt\/wp-content\/uploads\/2023\/07\/Trilho-Veronica-300x200.png 300w, https:\/\/visitaltotamegaebarroso.pt\/wp-content\/uploads\/2023\/07\/Trilho-Veronica-1024x683.png 1024w, https:\/\/visitaltotamegaebarroso.pt\/wp-content\/uploads\/2023\/07\/Trilho-Veronica-768x512.png 768w\" sizes=\"(max-width: 1200px) 100vw, 1200px\" \/>\t\t\t\t<span class=\"mkdf-tours-gallery-simple-item-price-holder\">\n\t\t\t\t\t\n\t\t<span class=\"mkdf-tours-price-holder\">\n\t\t\t\t\t\t\t\t<\/span>\n\n\t\t\t\t\t\t<\/span>\t\t\t\t\n\t\t\t\t<div class=\"mkdf-tours-gallery-simple-item-content-holder\">\n\t\t\t\t\t<div class=\"mkdf-tours-gallery-simple-item-content-inner\">\n\t\t\t\t\t\t\t\t\t\t\t\t\t<h5 class=\"mkdf-tours-gallery-simple-item-destination-holder\">\n\t\t\t\t\t\t\t\t\n\t\t\t<a class=\"mkdf-tour-item-destination\" href=\"https:\/\/visitaltotamegaebarroso.pt\/fr\/destinations\/vila-pouca-de-aguiar\/\">\n\t\t\t\tVila Pouca de Aguiar\t\t\t<\/a>\n\n\t\t\t\t\t\t\t\t\t<\/h5>\n\t\t\t\t\t\t\t\t\t\t\t\t<div class=\"mkdf-tours-gallery-simple-title-holder\">\n\t\t\t\t\t\t\t<h4 class=\"mkdf-tour-title\">\n\t\t\t\t\t\t\t\tSentier d&rsquo;interpr\u00e9tation Veronica Micrantha &#8211; PR1 VPA\t\t\t\t\t\t\t<\/h4>\n\t\t\t\t\t\t<\/div>\n\t\t\t\t\t<\/div>\n\t\t\t\t<\/div>\n\t\t\t\t<a class=\"mkdf-tours-gallery-simple-item-link\" href=\"https:\/\/visitaltotamegaebarroso.pt\/fr\/tour-item\/sentier-dinterpretation-veronica-micrantha-pr1-vpa\/\"><\/a>\n\t\t\t<\/div>\n\t\t<\/div>\n\t<\/div><div class=\"mkdf-tours-gallery-simple-item mkdf-tours-row-item mkdf-tour-item-no-rating post-27530 tour-item type-tour-item status-publish has-post-thumbnail hentry tour-category-chaves-fr tour-category-histoire-et-art tour-category-montagnes-et-rivieres tour-category-points-dinterets tour-category-routes-paysageres tour-category-sports-et-aventure tour-category-villages-et-traditions\">\n\t\t\t<div class=\"mkdf-tours-gallery-simple-item-image-holder\">\n\t\t\t\t\t\t\n\t\t\t<div class=\"mkdf-tours-gallery-simple-item-image\">\n\t\t\t\t<img width=\"1200\" height=\"800\" src=\"https:\/\/visitaltotamegaebarroso.pt\/wp-content\/uploads\/2023\/07\/TRILHO-DAS-COLINAS-PR4CHV.png\" class=\"attachment-full size-full wp-post-image\" alt=\"\" decoding=\"async\" loading=\"lazy\" srcset=\"https:\/\/visitaltotamegaebarroso.pt\/wp-content\/uploads\/2023\/07\/TRILHO-DAS-COLINAS-PR4CHV.png 1200w, https:\/\/visitaltotamegaebarroso.pt\/wp-content\/uploads\/2023\/07\/TRILHO-DAS-COLINAS-PR4CHV-300x200.png 300w, https:\/\/visitaltotamegaebarroso.pt\/wp-content\/uploads\/2023\/07\/TRILHO-DAS-COLINAS-PR4CHV-1024x683.png 1024w, https:\/\/visitaltotamegaebarroso.pt\/wp-content\/uploads\/2023\/07\/TRILHO-DAS-COLINAS-PR4CHV-768x512.png 768w\" sizes=\"(max-width: 1200px) 100vw, 1200px\" \/>\t\t\t\t<span class=\"mkdf-tours-gallery-simple-item-price-holder\">\n\t\t\t\t\t\n\t\t<span class=\"mkdf-tours-price-holder\">\n\t\t\t\t\t\t\t\t<\/span>\n\n\t\t\t\t\t\t<\/span>\t\t\t\t\n\t\t\t\t<div class=\"mkdf-tours-gallery-simple-item-content-holder\">\n\t\t\t\t\t<div class=\"mkdf-tours-gallery-simple-item-content-inner\">\n\t\t\t\t\t\t\t\t\t\t\t\t<div class=\"mkdf-tours-gallery-simple-title-holder\">\n\t\t\t\t\t\t\t<h4 class=\"mkdf-tour-title\">\n\t\t\t\t\t\t\t\tSentier de la colline &#8211; PR4 CHV\t\t\t\t\t\t\t<\/h4>\n\t\t\t\t\t\t<\/div>\n\t\t\t\t\t<\/div>\n\t\t\t\t<\/div>\n\t\t\t\t<a class=\"mkdf-tours-gallery-simple-item-link\" href=\"https:\/\/visitaltotamegaebarroso.pt\/fr\/tour-item\/sentier-de-la-colline-pr4-chv\/\"><\/a>\n\t\t\t<\/div>\n\t\t<\/div>\n\t<\/div><div class=\"mkdf-tours-gallery-simple-item mkdf-tours-row-item mkdf-tour-item-no-rating post-27508 tour-item type-tour-item status-publish has-post-thumbnail hentry tour-category-chaves-fr tour-category-histoire-et-art tour-category-montagnes-et-rivieres tour-category-points-dinterets tour-category-routes-paysageres tour-category-sports-et-aventure tour-category-villages-et-traditions\">\n\t\t\t<div class=\"mkdf-tours-gallery-simple-item-image-holder\">\n\t\t\t\t\t\t\n\t\t\t<div class=\"mkdf-tours-gallery-simple-item-image\">\n\t\t\t\t<img width=\"1354\" height=\"804\" src=\"https:\/\/visitaltotamegaebarroso.pt\/wp-content\/uploads\/2023\/07\/Trilho-Castelo-Monforte-1354x804-1.jpg\" class=\"attachment-full size-full wp-post-image\" alt=\"\" decoding=\"async\" loading=\"lazy\" srcset=\"https:\/\/visitaltotamegaebarroso.pt\/wp-content\/uploads\/2023\/07\/Trilho-Castelo-Monforte-1354x804-1.jpg 1354w, https:\/\/visitaltotamegaebarroso.pt\/wp-content\/uploads\/2023\/07\/Trilho-Castelo-Monforte-1354x804-1-300x178.jpg 300w, https:\/\/visitaltotamegaebarroso.pt\/wp-content\/uploads\/2023\/07\/Trilho-Castelo-Monforte-1354x804-1-1024x608.jpg 1024w, https:\/\/visitaltotamegaebarroso.pt\/wp-content\/uploads\/2023\/07\/Trilho-Castelo-Monforte-1354x804-1-768x456.jpg 768w\" sizes=\"(max-width: 1354px) 100vw, 1354px\" \/>\t\t\t\t<span class=\"mkdf-tours-gallery-simple-item-price-holder\">\n\t\t\t\t\t\n\t\t<span class=\"mkdf-tours-price-holder\">\n\t\t\t\t\t\t\t\t<\/span>\n\n\t\t\t\t\t\t<\/span>\t\t\t\t\n\t\t\t\t<div class=\"mkdf-tours-gallery-simple-item-content-holder\">\n\t\t\t\t\t<div class=\"mkdf-tours-gallery-simple-item-content-inner\">\n\t\t\t\t\t\t\t\t\t\t\t\t<div class=\"mkdf-tours-gallery-simple-title-holder\">\n\t\t\t\t\t\t\t<h4 class=\"mkdf-tour-title\">\n\t\t\t\t\t\t\t\tSentier du ch\u00e2teau de Monforte &#8211; PR9 CHV\t\t\t\t\t\t\t<\/h4>\n\t\t\t\t\t\t<\/div>\n\t\t\t\t\t<\/div>\n\t\t\t\t<\/div>\n\t\t\t\t<a class=\"mkdf-tours-gallery-simple-item-link\" href=\"https:\/\/visitaltotamegaebarroso.pt\/fr\/tour-item\/sentier-du-chateau-de-monforte-pr9-chv\/\"><\/a>\n\t\t\t<\/div>\n\t\t<\/div>\n\t<\/div><div class=\"mkdf-tours-gallery-simple-item mkdf-tours-row-item mkdf-tour-item-no-rating post-27525 tour-item type-tour-item status-publish has-post-thumbnail hentry tour-category-chaves-fr tour-category-histoire-et-art tour-category-montagnes-et-rivieres tour-category-points-dinterets tour-category-routes-paysageres tour-category-sports-et-aventure tour-category-villages-et-traditions\">\n\t\t\t<div class=\"mkdf-tours-gallery-simple-item-image-holder\">\n\t\t\t\t\t\t\n\t\t\t<div class=\"mkdf-tours-gallery-simple-item-image\">\n\t\t\t\t<img width=\"1030\" height=\"770\" src=\"https:\/\/visitaltotamegaebarroso.pt\/wp-content\/uploads\/2023\/07\/Trilho-moinhos_s_lourenco.jpg\" class=\"attachment-full size-full wp-post-image\" alt=\"\" decoding=\"async\" loading=\"lazy\" srcset=\"https:\/\/visitaltotamegaebarroso.pt\/wp-content\/uploads\/2023\/07\/Trilho-moinhos_s_lourenco.jpg 1030w, https:\/\/visitaltotamegaebarroso.pt\/wp-content\/uploads\/2023\/07\/Trilho-moinhos_s_lourenco-300x224.jpg 300w, https:\/\/visitaltotamegaebarroso.pt\/wp-content\/uploads\/2023\/07\/Trilho-moinhos_s_lourenco-1024x766.jpg 1024w, https:\/\/visitaltotamegaebarroso.pt\/wp-content\/uploads\/2023\/07\/Trilho-moinhos_s_lourenco-768x574.jpg 768w\" sizes=\"(max-width: 1030px) 100vw, 1030px\" \/>\t\t\t\t<span class=\"mkdf-tours-gallery-simple-item-price-holder\">\n\t\t\t\t\t\n\t\t<span class=\"mkdf-tours-price-holder\">\n\t\t\t\t\t\t\t\t<\/span>\n\n\t\t\t\t\t\t<\/span>\t\t\t\t\n\t\t\t\t<div class=\"mkdf-tours-gallery-simple-item-content-holder\">\n\t\t\t\t\t<div class=\"mkdf-tours-gallery-simple-item-content-inner\">\n\t\t\t\t\t\t\t\t\t\t\t\t<div class=\"mkdf-tours-gallery-simple-title-holder\">\n\t\t\t\t\t\t\t<h4 class=\"mkdf-tour-title\">\n\t\t\t\t\t\t\t\tSentier Moinhos de S. Louren\u00e7o &#8211; PR10 CHV\t\t\t\t\t\t\t<\/h4>\n\t\t\t\t\t\t<\/div>\n\t\t\t\t\t<\/div>\n\t\t\t\t<\/div>\n\t\t\t\t<a class=\"mkdf-tours-gallery-simple-item-link\" href=\"https:\/\/visitaltotamegaebarroso.pt\/fr\/tour-item\/sentier-moinhos-de-s-lourenco-pr10-chv\/\"><\/a>\n\t\t\t<\/div>\n\t\t<\/div>\n\t<\/div><div class=\"mkdf-tours-gallery-simple-item mkdf-tours-row-item mkdf-tour-item-no-rating post-27540 tour-item type-tour-item status-publish has-post-thumbnail hentry tour-category-chaves-fr tour-category-histoire-et-art tour-category-montagnes-et-rivieres tour-category-points-dinterets tour-category-routes-paysageres tour-category-sports-et-aventure tour-category-villages-et-traditions\">\n\t\t\t<div class=\"mkdf-tours-gallery-simple-item-image-holder\">\n\t\t\t\t\t\t\n\t\t\t<div class=\"mkdf-tours-gallery-simple-item-image\">\n\t\t\t\t<img width=\"1030\" height=\"770\" src=\"https:\/\/visitaltotamegaebarroso.pt\/wp-content\/uploads\/2023\/07\/Trilho-Quinta-rebentao.jpg\" class=\"attachment-full size-full wp-post-image\" alt=\"\" decoding=\"async\" loading=\"lazy\" srcset=\"https:\/\/visitaltotamegaebarroso.pt\/wp-content\/uploads\/2023\/07\/Trilho-Quinta-rebentao.jpg 1030w, https:\/\/visitaltotamegaebarroso.pt\/wp-content\/uploads\/2023\/07\/Trilho-Quinta-rebentao-300x224.jpg 300w, https:\/\/visitaltotamegaebarroso.pt\/wp-content\/uploads\/2023\/07\/Trilho-Quinta-rebentao-1024x766.jpg 1024w, https:\/\/visitaltotamegaebarroso.pt\/wp-content\/uploads\/2023\/07\/Trilho-Quinta-rebentao-768x574.jpg 768w\" sizes=\"(max-width: 1030px) 100vw, 1030px\" \/>\t\t\t\t<span class=\"mkdf-tours-gallery-simple-item-price-holder\">\n\t\t\t\t\t\n\t\t<span class=\"mkdf-tours-price-holder\">\n\t\t\t\t\t\t\t\t<\/span>\n\n\t\t\t\t\t\t<\/span>\t\t\t\t\n\t\t\t\t<div class=\"mkdf-tours-gallery-simple-item-content-holder\">\n\t\t\t\t\t<div class=\"mkdf-tours-gallery-simple-item-content-inner\">\n\t\t\t\t\t\t\t\t\t\t\t\t<div class=\"mkdf-tours-gallery-simple-title-holder\">\n\t\t\t\t\t\t\t<h4 class=\"mkdf-tour-title\">\n\t\t\t\t\t\t\t\tSentier Quinta do Rebent\u00e3o &#8211; PR6 CHV\t\t\t\t\t\t\t<\/h4>\n\t\t\t\t\t\t<\/div>\n\t\t\t\t\t<\/div>\n\t\t\t\t<\/div>\n\t\t\t\t<a class=\"mkdf-tours-gallery-simple-item-link\" href=\"https:\/\/visitaltotamegaebarroso.pt\/fr\/tour-item\/sentier-quinta-do-rebentao-pr6-chv\/\"><\/a>\n\t\t\t<\/div>\n\t\t<\/div>\n\t<\/div><div class=\"mkdf-tours-gallery-simple-item mkdf-tours-row-item mkdf-tour-item-no-rating post-27520 tour-item type-tour-item status-publish has-post-thumbnail hentry tour-category-chaves-fr tour-category-histoire-et-art tour-category-montagnes-et-rivieres tour-category-points-dinterets tour-category-routes-paysageres tour-category-sports-et-aventure tour-category-villages-et-traditions\">\n\t\t\t<div class=\"mkdf-tours-gallery-simple-item-image-holder\">\n\t\t\t\t\t\t\n\t\t\t<div class=\"mkdf-tours-gallery-simple-item-image\">\n\t\t\t\t<img width=\"980\" height=\"704\" src=\"https:\/\/visitaltotamegaebarroso.pt\/wp-content\/uploads\/2023\/07\/04_senhora_do_engaranho_1_1_980_2500.jpg\" class=\"attachment-full size-full wp-post-image\" alt=\"\" decoding=\"async\" loading=\"lazy\" srcset=\"https:\/\/visitaltotamegaebarroso.pt\/wp-content\/uploads\/2023\/07\/04_senhora_do_engaranho_1_1_980_2500.jpg 980w, https:\/\/visitaltotamegaebarroso.pt\/wp-content\/uploads\/2023\/07\/04_senhora_do_engaranho_1_1_980_2500-300x216.jpg 300w, https:\/\/visitaltotamegaebarroso.pt\/wp-content\/uploads\/2023\/07\/04_senhora_do_engaranho_1_1_980_2500-768x552.jpg 768w\" sizes=\"(max-width: 980px) 100vw, 980px\" \/>\t\t\t\t<span class=\"mkdf-tours-gallery-simple-item-price-holder\">\n\t\t\t\t\t\n\t\t<span class=\"mkdf-tours-price-holder\">\n\t\t\t\t\t\t\t\t<\/span>\n\n\t\t\t\t\t\t<\/span>\t\t\t\t\n\t\t\t\t<div class=\"mkdf-tours-gallery-simple-item-content-holder\">\n\t\t\t\t\t<div class=\"mkdf-tours-gallery-simple-item-content-inner\">\n\t\t\t\t\t\t\t\t\t\t\t\t<div class=\"mkdf-tours-gallery-simple-title-holder\">\n\t\t\t\t\t\t\t<h4 class=\"mkdf-tour-title\">\n\t\t\t\t\t\t\t\tSentier Seara Velha-Castel\u00f5es &#8211; PR7 CHV\t\t\t\t\t\t\t<\/h4>\n\t\t\t\t\t\t<\/div>\n\t\t\t\t\t<\/div>\n\t\t\t\t<\/div>\n\t\t\t\t<a class=\"mkdf-tours-gallery-simple-item-link\" href=\"https:\/\/visitaltotamegaebarroso.pt\/fr\/tour-item\/sentier-seara-velha-casteloes-pr7-chv\/\"><\/a>\n\t\t\t<\/div>\n\t\t<\/div>\n\t<\/div><div class=\"mkdf-tours-gallery-simple-item mkdf-tours-row-item mkdf-tour-item-no-rating post-27512 tour-item type-tour-item status-publish has-post-thumbnail hentry tour-category-chaves-fr tour-category-histoire-et-art tour-category-montagnes-et-rivieres tour-category-points-dinterets tour-category-routes-paysageres tour-category-sports-et-aventure tour-category-villages-et-traditions\">\n\t\t\t<div class=\"mkdf-tours-gallery-simple-item-image-holder\">\n\t\t\t\t\t\t\n\t\t\t<div class=\"mkdf-tours-gallery-simple-item-image\">\n\t\t\t\t<img width=\"1030\" height=\"770\" src=\"https:\/\/visitaltotamegaebarroso.pt\/wp-content\/uploads\/2023\/07\/Trilho-vilarelho-da-raia.jpg\" class=\"attachment-full size-full wp-post-image\" alt=\"\" decoding=\"async\" loading=\"lazy\" srcset=\"https:\/\/visitaltotamegaebarroso.pt\/wp-content\/uploads\/2023\/07\/Trilho-vilarelho-da-raia.jpg 1030w, https:\/\/visitaltotamegaebarroso.pt\/wp-content\/uploads\/2023\/07\/Trilho-vilarelho-da-raia-300x224.jpg 300w, https:\/\/visitaltotamegaebarroso.pt\/wp-content\/uploads\/2023\/07\/Trilho-vilarelho-da-raia-1024x766.jpg 1024w, https:\/\/visitaltotamegaebarroso.pt\/wp-content\/uploads\/2023\/07\/Trilho-vilarelho-da-raia-768x574.jpg 768w\" sizes=\"(max-width: 1030px) 100vw, 1030px\" \/>\t\t\t\t<span class=\"mkdf-tours-gallery-simple-item-price-holder\">\n\t\t\t\t\t\n\t\t<span class=\"mkdf-tours-price-holder\">\n\t\t\t\t\t\t\t\t<\/span>\n\n\t\t\t\t\t\t<\/span>\t\t\t\t\n\t\t\t\t<div class=\"mkdf-tours-gallery-simple-item-content-holder\">\n\t\t\t\t\t<div class=\"mkdf-tours-gallery-simple-item-content-inner\">\n\t\t\t\t\t\t\t\t\t\t\t\t<div class=\"mkdf-tours-gallery-simple-title-holder\">\n\t\t\t\t\t\t\t<h4 class=\"mkdf-tour-title\">\n\t\t\t\t\t\t\t\tSentier Vilarelho da Raia &#8211; PR8 CHV\t\t\t\t\t\t\t<\/h4>\n\t\t\t\t\t\t<\/div>\n\t\t\t\t\t<\/div>\n\t\t\t\t<\/div>\n\t\t\t\t<a class=\"mkdf-tours-gallery-simple-item-link\" href=\"https:\/\/visitaltotamegaebarroso.pt\/fr\/tour-item\/sentier-vilarelho-da-raia-pr8-chv\/\"><\/a>\n\t\t\t<\/div>\n\t\t<\/div>\n\t<\/div><div class=\"mkdf-tours-gallery-simple-item mkdf-tours-row-item mkdf-tour-item-no-rating post-13065 tour-item type-tour-item status-publish has-post-thumbnail hentry tour-category-montalegre-fr tour-category-montagnes-et-rivieres tour-category-points-dinterets tour-category-sports-et-aventure\">\n\t\t\t<div class=\"mkdf-tours-gallery-simple-item-image-holder\">\n\t\t\t\t\t\t\n\t\t\t<div class=\"mkdf-tours-gallery-simple-item-image\">\n\t\t\t\t<img width=\"2000\" height=\"1333\" src=\"https:\/\/visitaltotamegaebarroso.pt\/wp-content\/uploads\/2023\/03\/AF_serra-larouco2.jpg\" class=\"attachment-full size-full wp-post-image\" alt=\"\" decoding=\"async\" loading=\"lazy\" srcset=\"https:\/\/visitaltotamegaebarroso.pt\/wp-content\/uploads\/2023\/03\/AF_serra-larouco2.jpg 2000w, https:\/\/visitaltotamegaebarroso.pt\/wp-content\/uploads\/2023\/03\/AF_serra-larouco2-300x200.jpg 300w, https:\/\/visitaltotamegaebarroso.pt\/wp-content\/uploads\/2023\/03\/AF_serra-larouco2-1024x682.jpg 1024w, https:\/\/visitaltotamegaebarroso.pt\/wp-content\/uploads\/2023\/03\/AF_serra-larouco2-768x512.jpg 768w, https:\/\/visitaltotamegaebarroso.pt\/wp-content\/uploads\/2023\/03\/AF_serra-larouco2-1536x1024.jpg 1536w, https:\/\/visitaltotamegaebarroso.pt\/wp-content\/uploads\/2023\/03\/AF_serra-larouco2-600x400.jpg 600w\" sizes=\"(max-width: 2000px) 100vw, 2000px\" \/>\t\t\t\t<span class=\"mkdf-tours-gallery-simple-item-price-holder\">\n\t\t\t\t\t\n\t\t<span class=\"mkdf-tours-price-holder\">\n\t\t\t\t\t\t\t\t<\/span>\n\n\t\t\t\t\t\t<\/span>\t\t\t\t\n\t\t\t\t<div class=\"mkdf-tours-gallery-simple-item-content-holder\">\n\t\t\t\t\t<div class=\"mkdf-tours-gallery-simple-item-content-inner\">\n\t\t\t\t\t\t\t\t\t\t\t\t\t<h5 class=\"mkdf-tours-gallery-simple-item-destination-holder\">\n\t\t\t\t\t\t\t\t\n\t\t\t<a class=\"mkdf-tour-item-destination\" href=\"https:\/\/visitaltotamegaebarroso.pt\/fr\/destinations\/montalegre\/\">\n\t\t\t\tMontalegre\t\t\t<\/a>\n\n\t\t\t\t\t\t\t\t\t<\/h5>\n\t\t\t\t\t\t\t\t\t\t\t\t<div class=\"mkdf-tours-gallery-simple-title-holder\">\n\t\t\t\t\t\t\t<h4 class=\"mkdf-tour-title\">\n\t\t\t\t\t\t\t\tSerra do Larouco\t\t\t\t\t\t\t<\/h4>\n\t\t\t\t\t\t<\/div>\n\t\t\t\t\t<\/div>\n\t\t\t\t<\/div>\n\t\t\t\t<a class=\"mkdf-tours-gallery-simple-item-link\" href=\"https:\/\/visitaltotamegaebarroso.pt\/fr\/tour-item\/serra-do-larouco\/\"><\/a>\n\t\t\t<\/div>\n\t\t<\/div>\n\t<\/div><div class=\"mkdf-tours-gallery-simple-item mkdf-tours-row-item mkdf-tour-item-no-rating post-13041 tour-item type-tour-item status-publish has-post-thumbnail hentry tour-category-montalegre-fr tour-category-montagnes-et-rivieres tour-category-points-dinterets tour-category-sports-et-aventure\">\n\t\t\t<div class=\"mkdf-tours-gallery-simple-item-image-holder\">\n\t\t\t\t\t\t\n\t\t\t<div class=\"mkdf-tours-gallery-simple-item-image\">\n\t\t\t\t<img width=\"2000\" height=\"1125\" src=\"https:\/\/visitaltotamegaebarroso.pt\/wp-content\/uploads\/2023\/03\/AF_7-lagoas.jpg\" class=\"attachment-full size-full wp-post-image\" alt=\"7 lagoas ger\u00eas montalegre\" decoding=\"async\" loading=\"lazy\" srcset=\"https:\/\/visitaltotamegaebarroso.pt\/wp-content\/uploads\/2023\/03\/AF_7-lagoas.jpg 2000w, https:\/\/visitaltotamegaebarroso.pt\/wp-content\/uploads\/2023\/03\/AF_7-lagoas-300x169.jpg 300w, https:\/\/visitaltotamegaebarroso.pt\/wp-content\/uploads\/2023\/03\/AF_7-lagoas-1024x576.jpg 1024w, https:\/\/visitaltotamegaebarroso.pt\/wp-content\/uploads\/2023\/03\/AF_7-lagoas-768x432.jpg 768w, https:\/\/visitaltotamegaebarroso.pt\/wp-content\/uploads\/2023\/03\/AF_7-lagoas-1536x864.jpg 1536w, https:\/\/visitaltotamegaebarroso.pt\/wp-content\/uploads\/2023\/03\/AF_7-lagoas-600x338.jpg 600w\" sizes=\"(max-width: 2000px) 100vw, 2000px\" \/>\t\t\t\t<span class=\"mkdf-tours-gallery-simple-item-price-holder\">\n\t\t\t\t\t\n\t\t<span class=\"mkdf-tours-price-holder\">\n\t\t\t\t\t\t\t<span class=\"mkdf-tours-item-price \">$1<\/span>\n\t\t\t\t\t\t\t\t<\/span>\n\n\t\t\t\t\t\t<\/span>\t\t\t\t\n\t\t\t\t<div class=\"mkdf-tours-gallery-simple-item-content-holder\">\n\t\t\t\t\t<div class=\"mkdf-tours-gallery-simple-item-content-inner\">\n\t\t\t\t\t\t\t\t\t\t\t\t\t<h5 class=\"mkdf-tours-gallery-simple-item-destination-holder\">\n\t\t\t\t\t\t\t\t\n\t\t\t<a class=\"mkdf-tour-item-destination\" href=\"https:\/\/visitaltotamegaebarroso.pt\/fr\/destinations\/montalegre\/\">\n\t\t\t\tMontalegre\t\t\t<\/a>\n\n\t\t\t\t\t\t\t\t\t<\/h5>\n\t\t\t\t\t\t\t\t\t\t\t\t<div class=\"mkdf-tours-gallery-simple-title-holder\">\n\t\t\t\t\t\t\t<h4 class=\"mkdf-tour-title\">\n\t\t\t\t\t\t\t\tSete Lagoas (Po\u00e7os Verdes do Sobroso)\t\t\t\t\t\t\t<\/h4>\n\t\t\t\t\t\t<\/div>\n\t\t\t\t\t<\/div>\n\t\t\t\t<\/div>\n\t\t\t\t<a class=\"mkdf-tours-gallery-simple-item-link\" href=\"https:\/\/visitaltotamegaebarroso.pt\/fr\/tour-item\/sete-lagoas-pocos-verdes-do-sobroso\/\"><\/a>\n\t\t\t<\/div>\n\t\t<\/div>\n\t<\/div><div class=\"mkdf-tours-gallery-simple-item mkdf-tours-row-item mkdf-tour-item-no-rating post-28450 tour-item type-tour-item status-publish has-post-thumbnail hentry tour-category-chaves-fr tour-category-histoire-et-art tour-category-points-dinterets tour-category-routes-paysageres tour-category-spa-et-spa\">\n\t\t\t<div class=\"mkdf-tours-gallery-simple-item-image-holder\">\n\t\t\t\t\t\t\n\t\t\t<div class=\"mkdf-tours-gallery-simple-item-image\">\n\t\t\t\t<img width=\"1200\" height=\"800\" src=\"https:\/\/visitaltotamegaebarroso.pt\/wp-content\/uploads\/2023\/06\/Balneario-Pedagogico.png\" class=\"attachment-full size-full wp-post-image\" alt=\"Balne\u00e1rio Pedag\u00f3gico de Vidago Termas de Chaves\" decoding=\"async\" loading=\"lazy\" srcset=\"https:\/\/visitaltotamegaebarroso.pt\/wp-content\/uploads\/2023\/06\/Balneario-Pedagogico.png 1200w, https:\/\/visitaltotamegaebarroso.pt\/wp-content\/uploads\/2023\/06\/Balneario-Pedagogico-300x200.png 300w, https:\/\/visitaltotamegaebarroso.pt\/wp-content\/uploads\/2023\/06\/Balneario-Pedagogico-1024x683.png 1024w, https:\/\/visitaltotamegaebarroso.pt\/wp-content\/uploads\/2023\/06\/Balneario-Pedagogico-768x512.png 768w\" sizes=\"(max-width: 1200px) 100vw, 1200px\" \/>\t\t\t\t<span class=\"mkdf-tours-gallery-simple-item-price-holder\">\n\t\t\t\t\t\n\t\t<span class=\"mkdf-tours-price-holder\">\n\t\t\t\t\t\t\t\t<\/span>\n\n\t\t\t\t\t\t<\/span>\t\t\t\t\n\t\t\t\t<div class=\"mkdf-tours-gallery-simple-item-content-holder\">\n\t\t\t\t\t<div class=\"mkdf-tours-gallery-simple-item-content-inner\">\n\t\t\t\t\t\t\t\t\t\t\t\t\t<h5 class=\"mkdf-tours-gallery-simple-item-destination-holder\">\n\t\t\t\t\t\t\t\t\n\t\t\t<a class=\"mkdf-tour-item-destination\" href=\"https:\/\/visitaltotamegaebarroso.pt\/fr\/destinations\/chaves\/\">\n\t\t\t\tChaves\t\t\t<\/a>\n\n\t\t\t\t\t\t\t\t\t<\/h5>\n\t\t\t\t\t\t\t\t\t\t\t\t<div class=\"mkdf-tours-gallery-simple-title-holder\">\n\t\t\t\t\t\t\t<h4 class=\"mkdf-tour-title\">\n\t\t\t\t\t\t\t\tSpa p\u00e9dagogique Vidago\t\t\t\t\t\t\t<\/h4>\n\t\t\t\t\t\t<\/div>\n\t\t\t\t\t<\/div>\n\t\t\t\t<\/div>\n\t\t\t\t<a class=\"mkdf-tours-gallery-simple-item-link\" href=\"https:\/\/visitaltotamegaebarroso.pt\/fr\/tour-item\/spa-pedagogique-vidago\/\"><\/a>\n\t\t\t<\/div>\n\t\t<\/div>\n\t<\/div><div class=\"mkdf-tours-gallery-simple-item mkdf-tours-row-item mkdf-tour-item-no-rating post-28295 tour-item type-tour-item status-publish has-post-thumbnail hentry tour-category-chaves-fr tour-category-histoire-et-art tour-category-montagnes-et-rivieres tour-category-points-dinterets tour-category-routes-paysageres\">\n\t\t\t<div class=\"mkdf-tours-gallery-simple-item-image-holder\">\n\t\t\t\t\t\t\n\t\t\t<div class=\"mkdf-tours-gallery-simple-item-image\">\n\t\t\t\t<img width=\"1200\" height=\"804\" src=\"https:\/\/visitaltotamegaebarroso.pt\/wp-content\/uploads\/2023\/07\/Estelas-de-Guerreiro-1200x804-1.jpg\" class=\"attachment-full size-full wp-post-image\" alt=\"\" decoding=\"async\" loading=\"lazy\" srcset=\"https:\/\/visitaltotamegaebarroso.pt\/wp-content\/uploads\/2023\/07\/Estelas-de-Guerreiro-1200x804-1.jpg 1200w, https:\/\/visitaltotamegaebarroso.pt\/wp-content\/uploads\/2023\/07\/Estelas-de-Guerreiro-1200x804-1-300x201.jpg 300w, https:\/\/visitaltotamegaebarroso.pt\/wp-content\/uploads\/2023\/07\/Estelas-de-Guerreiro-1200x804-1-1024x686.jpg 1024w, https:\/\/visitaltotamegaebarroso.pt\/wp-content\/uploads\/2023\/07\/Estelas-de-Guerreiro-1200x804-1-768x515.jpg 768w\" sizes=\"(max-width: 1200px) 100vw, 1200px\" \/>\t\t\t\t<span class=\"mkdf-tours-gallery-simple-item-price-holder\">\n\t\t\t\t\t\n\t\t<span class=\"mkdf-tours-price-holder\">\n\t\t\t\t\t\t\t<span class=\"mkdf-tours-item-price \">$1<\/span>\n\t\t\t\t\t\t\t\t<\/span>\n\n\t\t\t\t\t\t<\/span>\t\t\t\t\n\t\t\t\t<div class=\"mkdf-tours-gallery-simple-item-content-holder\">\n\t\t\t\t\t<div class=\"mkdf-tours-gallery-simple-item-content-inner\">\n\t\t\t\t\t\t\t\t\t\t\t\t\t<h5 class=\"mkdf-tours-gallery-simple-item-destination-holder\">\n\t\t\t\t\t\t\t\t\n\t\t\t<a class=\"mkdf-tour-item-destination\" href=\"https:\/\/visitaltotamegaebarroso.pt\/fr\/destinations\/chaves\/\">\n\t\t\t\tChaves\t\t\t<\/a>\n\n\t\t\t\t\t\t\t\t\t<\/h5>\n\t\t\t\t\t\t\t\t\t\t\t\t<div class=\"mkdf-tours-gallery-simple-title-holder\">\n\t\t\t\t\t\t\t<h4 class=\"mkdf-tour-title\">\n\t\t\t\t\t\t\t\tSt\u00e8les de guerriers\t\t\t\t\t\t\t<\/h4>\n\t\t\t\t\t\t<\/div>\n\t\t\t\t\t<\/div>\n\t\t\t\t<\/div>\n\t\t\t\t<a class=\"mkdf-tours-gallery-simple-item-link\" href=\"https:\/\/visitaltotamegaebarroso.pt\/fr\/tour-item\/steles-de-guerriers\/\"><\/a>\n\t\t\t<\/div>\n\t\t<\/div>\n\t<\/div><div class=\"mkdf-tours-gallery-simple-item mkdf-tours-row-item mkdf-tour-item-no-rating post-27465 tour-item type-tour-item status-publish has-post-thumbnail hentry tour-category-chaves-fr tour-category-points-dinterets tour-category-sports-et-aventure\">\n\t\t\t<div class=\"mkdf-tours-gallery-simple-item-image-holder\">\n\t\t\t\t\t\t\n\t\t\t<div class=\"mkdf-tours-gallery-simple-item-image\">\n\t\t\t\t<img width=\"1354\" height=\"804\" src=\"https:\/\/visitaltotamegaebarroso.pt\/wp-content\/uploads\/2023\/07\/Golf-Vidago-1354x804-1.jpg\" class=\"attachment-full size-full wp-post-image\" alt=\"\" decoding=\"async\" loading=\"lazy\" srcset=\"https:\/\/visitaltotamegaebarroso.pt\/wp-content\/uploads\/2023\/07\/Golf-Vidago-1354x804-1.jpg 1354w, https:\/\/visitaltotamegaebarroso.pt\/wp-content\/uploads\/2023\/07\/Golf-Vidago-1354x804-1-300x178.jpg 300w, https:\/\/visitaltotamegaebarroso.pt\/wp-content\/uploads\/2023\/07\/Golf-Vidago-1354x804-1-1024x608.jpg 1024w, https:\/\/visitaltotamegaebarroso.pt\/wp-content\/uploads\/2023\/07\/Golf-Vidago-1354x804-1-768x456.jpg 768w\" sizes=\"(max-width: 1354px) 100vw, 1354px\" \/>\t\t\t\t<span class=\"mkdf-tours-gallery-simple-item-price-holder\">\n\t\t\t\t\t\n\t\t<span class=\"mkdf-tours-price-holder\">\n\t\t\t\t\t\t\t\t<\/span>\n\n\t\t\t\t\t\t<\/span>\t\t\t\t\n\t\t\t\t<div class=\"mkdf-tours-gallery-simple-item-content-holder\">\n\t\t\t\t\t<div class=\"mkdf-tours-gallery-simple-item-content-inner\">\n\t\t\t\t\t\t\t\t\t\t\t\t\t<h5 class=\"mkdf-tours-gallery-simple-item-destination-holder\">\n\t\t\t\t\t\t\t\t\n\t\t\t<a class=\"mkdf-tour-item-destination\" href=\"https:\/\/visitaltotamegaebarroso.pt\/fr\/destinations\/chaves\/\">\n\t\t\t\tChaves\t\t\t<\/a>\n\n\t\t\t\t\t\t\t\t\t<\/h5>\n\t\t\t\t\t\t\t\t\t\t\t\t<div class=\"mkdf-tours-gallery-simple-title-holder\">\n\t\t\t\t\t\t\t<h4 class=\"mkdf-tour-title\">\n\t\t\t\t\t\t\t\tTerrain de Golf Vidago Palace\t\t\t\t\t\t\t<\/h4>\n\t\t\t\t\t\t<\/div>\n\t\t\t\t\t<\/div>\n\t\t\t\t<\/div>\n\t\t\t\t<a class=\"mkdf-tours-gallery-simple-item-link\" href=\"https:\/\/visitaltotamegaebarroso.pt\/fr\/tour-item\/terrain-de-golf-vidago-palace\/\"><\/a>\n\t\t\t<\/div>\n\t\t<\/div>\n\t<\/div><div class=\"mkdf-tours-gallery-simple-item mkdf-tours-row-item mkdf-tour-item-no-rating post-27561 tour-item type-tour-item status-publish has-post-thumbnail hentry tour-category-boticas-fr tour-category-histoire-et-art tour-category-points-dinterets\">\n\t\t\t<div class=\"mkdf-tours-gallery-simple-item-image-holder\">\n\t\t\t\t\t\t\n\t\t\t<div class=\"mkdf-tours-gallery-simple-item-image\">\n\t\t\t\t<img width=\"1200\" height=\"800\" src=\"https:\/\/visitaltotamegaebarroso.pt\/wp-content\/uploads\/2023\/07\/Sepulturas-Antropomorficas.png\" class=\"attachment-full size-full wp-post-image\" alt=\"\" decoding=\"async\" loading=\"lazy\" srcset=\"https:\/\/visitaltotamegaebarroso.pt\/wp-content\/uploads\/2023\/07\/Sepulturas-Antropomorficas.png 1200w, https:\/\/visitaltotamegaebarroso.pt\/wp-content\/uploads\/2023\/07\/Sepulturas-Antropomorficas-300x200.png 300w, https:\/\/visitaltotamegaebarroso.pt\/wp-content\/uploads\/2023\/07\/Sepulturas-Antropomorficas-1024x683.png 1024w, https:\/\/visitaltotamegaebarroso.pt\/wp-content\/uploads\/2023\/07\/Sepulturas-Antropomorficas-768x512.png 768w\" sizes=\"(max-width: 1200px) 100vw, 1200px\" \/>\t\t\t\t<span class=\"mkdf-tours-gallery-simple-item-price-holder\">\n\t\t\t\t\t\n\t\t<span class=\"mkdf-tours-price-holder\">\n\t\t\t\t\t\t\t\t<\/span>\n\n\t\t\t\t\t\t<\/span>\t\t\t\t\n\t\t\t\t<div class=\"mkdf-tours-gallery-simple-item-content-holder\">\n\t\t\t\t\t<div class=\"mkdf-tours-gallery-simple-item-content-inner\">\n\t\t\t\t\t\t\t\t\t\t\t\t\t<h5 class=\"mkdf-tours-gallery-simple-item-destination-holder\">\n\t\t\t\t\t\t\t\t\n\t\t\t<a class=\"mkdf-tour-item-destination\" href=\"https:\/\/visitaltotamegaebarroso.pt\/fr\/destinations\/boticas\/\">\n\t\t\t\tBoticas\t\t\t<\/a>\n\n\t\t\t\t\t\t\t\t\t<\/h5>\n\t\t\t\t\t\t\t\t\t\t\t\t<div class=\"mkdf-tours-gallery-simple-title-holder\">\n\t\t\t\t\t\t\t<h4 class=\"mkdf-tour-title\">\n\t\t\t\t\t\t\t\tTombes anthropomorphes de Sapi\u00e3os\t\t\t\t\t\t\t<\/h4>\n\t\t\t\t\t\t<\/div>\n\t\t\t\t\t<\/div>\n\t\t\t\t<\/div>\n\t\t\t\t<a class=\"mkdf-tours-gallery-simple-item-link\" href=\"https:\/\/visitaltotamegaebarroso.pt\/fr\/tour-item\/tombes-anthropomorphes-de-sapiaos\/\"><\/a>\n\t\t\t<\/div>\n\t\t<\/div>\n\t<\/div><div class=\"mkdf-tours-gallery-simple-item mkdf-tours-row-item mkdf-tour-item-no-rating post-27548 tour-item type-tour-item status-publish has-post-thumbnail hentry tour-category-montalegre-fr tour-category-histoire-et-art tour-category-points-dinterets tour-category-villages-et-traditions\">\n\t\t\t<div class=\"mkdf-tours-gallery-simple-item-image-holder\">\n\t\t\t\t\t\t\n\t\t\t<div class=\"mkdf-tours-gallery-simple-item-image\">\n\t\t\t\t<img width=\"1200\" height=\"800\" src=\"https:\/\/visitaltotamegaebarroso.pt\/wp-content\/uploads\/2023\/07\/Torre-Boi.png\" class=\"attachment-full size-full wp-post-image\" alt=\"\" decoding=\"async\" loading=\"lazy\" srcset=\"https:\/\/visitaltotamegaebarroso.pt\/wp-content\/uploads\/2023\/07\/Torre-Boi.png 1200w, https:\/\/visitaltotamegaebarroso.pt\/wp-content\/uploads\/2023\/07\/Torre-Boi-300x200.png 300w, https:\/\/visitaltotamegaebarroso.pt\/wp-content\/uploads\/2023\/07\/Torre-Boi-1024x683.png 1024w, https:\/\/visitaltotamegaebarroso.pt\/wp-content\/uploads\/2023\/07\/Torre-Boi-768x512.png 768w\" sizes=\"(max-width: 1200px) 100vw, 1200px\" \/>\t\t\t\t<span class=\"mkdf-tours-gallery-simple-item-price-holder\">\n\t\t\t\t\t\n\t\t<span class=\"mkdf-tours-price-holder\">\n\t\t\t\t\t\t\t\t<\/span>\n\n\t\t\t\t\t\t<\/span>\t\t\t\t\n\t\t\t\t<div class=\"mkdf-tours-gallery-simple-item-content-holder\">\n\t\t\t\t\t<div class=\"mkdf-tours-gallery-simple-item-content-inner\">\n\t\t\t\t\t\t\t\t\t\t\t\t\t<h5 class=\"mkdf-tours-gallery-simple-item-destination-holder\">\n\t\t\t\t\t\t\t\t\n\t\t\t<a class=\"mkdf-tour-item-destination\" href=\"https:\/\/visitaltotamegaebarroso.pt\/fr\/destinations\/montalegre\/\">\n\t\t\t\tMontalegre\t\t\t<\/a>\n\n\t\t\t\t\t\t\t\t\t<\/h5>\n\t\t\t\t\t\t\t\t\t\t\t\t<div class=\"mkdf-tours-gallery-simple-title-holder\">\n\t\t\t\t\t\t\t<h4 class=\"mkdf-tour-title\">\n\t\t\t\t\t\t\t\tTour de l&rsquo;Ox\t\t\t\t\t\t\t<\/h4>\n\t\t\t\t\t\t<\/div>\n\t\t\t\t\t<\/div>\n\t\t\t\t<\/div>\n\t\t\t\t<a class=\"mkdf-tours-gallery-simple-item-link\" href=\"https:\/\/visitaltotamegaebarroso.pt\/fr\/tour-item\/tour-de-lox\/\"><\/a>\n\t\t\t<\/div>\n\t\t<\/div>\n\t<\/div><div class=\"mkdf-tours-gallery-simple-item mkdf-tours-row-item mkdf-tour-item-no-rating post-27481 tour-item type-tour-item status-publish has-post-thumbnail hentry tour-category-valpacos-fr tour-category-montagnes-et-rivieres tour-category-points-dinterets tour-category-sports-et-aventure\">\n\t\t\t<div class=\"mkdf-tours-gallery-simple-item-image-holder\">\n\t\t\t\t\t\t\n\t\t\t<div class=\"mkdf-tours-gallery-simple-item-image\">\n\t\t\t\t<img width=\"1200\" height=\"800\" src=\"https:\/\/visitaltotamegaebarroso.pt\/wp-content\/uploads\/2023\/07\/Via-Ferrata.png\" class=\"attachment-full size-full wp-post-image\" alt=\"\" decoding=\"async\" loading=\"lazy\" srcset=\"https:\/\/visitaltotamegaebarroso.pt\/wp-content\/uploads\/2023\/07\/Via-Ferrata.png 1200w, https:\/\/visitaltotamegaebarroso.pt\/wp-content\/uploads\/2023\/07\/Via-Ferrata-300x200.png 300w, https:\/\/visitaltotamegaebarroso.pt\/wp-content\/uploads\/2023\/07\/Via-Ferrata-1024x683.png 1024w, https:\/\/visitaltotamegaebarroso.pt\/wp-content\/uploads\/2023\/07\/Via-Ferrata-768x512.png 768w\" sizes=\"(max-width: 1200px) 100vw, 1200px\" \/>\t\t\t\t<span class=\"mkdf-tours-gallery-simple-item-price-holder\">\n\t\t\t\t\t\n\t\t<span class=\"mkdf-tours-price-holder\">\n\t\t\t\t\t\t\t\t<\/span>\n\n\t\t\t\t\t\t<\/span>\t\t\t\t\n\t\t\t\t<div class=\"mkdf-tours-gallery-simple-item-content-holder\">\n\t\t\t\t\t<div class=\"mkdf-tours-gallery-simple-item-content-inner\">\n\t\t\t\t\t\t\t\t\t\t\t\t\t<h5 class=\"mkdf-tours-gallery-simple-item-destination-holder\">\n\t\t\t\t\t\t\t\t\n\t\t\t<a class=\"mkdf-tour-item-destination\" href=\"https:\/\/visitaltotamegaebarroso.pt\/fr\/destinations\/valpacos\/\">\n\t\t\t\tValpa\u00e7os\t\t\t<\/a>\n\n\t\t\t\t\t\t\t\t\t<\/h5>\n\t\t\t\t\t\t\t\t\t\t\t\t<div class=\"mkdf-tours-gallery-simple-title-holder\">\n\t\t\t\t\t\t\t<h4 class=\"mkdf-tour-title\">\n\t\t\t\t\t\t\t\tVia Ferrata\t\t\t\t\t\t\t<\/h4>\n\t\t\t\t\t\t<\/div>\n\t\t\t\t\t<\/div>\n\t\t\t\t<\/div>\n\t\t\t\t<a class=\"mkdf-tours-gallery-simple-item-link\" href=\"https:\/\/visitaltotamegaebarroso.pt\/fr\/tour-item\/via-ferrata\/\"><\/a>\n\t\t\t<\/div>\n\t\t<\/div>\n\t<\/div><div class=\"mkdf-tours-gallery-simple-item mkdf-tours-row-item mkdf-tour-item-no-rating post-22426 tour-item type-tour-item status-publish has-post-thumbnail hentry tour-category-vila-pouca-de-aguiar-fr tour-category-points-dinterets tour-category-routes-paysageres\">\n\t\t\t<div class=\"mkdf-tours-gallery-simple-item-image-holder\">\n\t\t\t\t\t\t\n\t\t\t<div class=\"mkdf-tours-gallery-simple-item-image\">\n\t\t\t\t<img width=\"1200\" height=\"800\" src=\"https:\/\/visitaltotamegaebarroso.pt\/wp-content\/uploads\/2023\/07\/Via-Panoramica-Lagoa.png\" class=\"attachment-full size-full wp-post-image\" alt=\"\" decoding=\"async\" loading=\"lazy\" srcset=\"https:\/\/visitaltotamegaebarroso.pt\/wp-content\/uploads\/2023\/07\/Via-Panoramica-Lagoa.png 1200w, https:\/\/visitaltotamegaebarroso.pt\/wp-content\/uploads\/2023\/07\/Via-Panoramica-Lagoa-300x200.png 300w, https:\/\/visitaltotamegaebarroso.pt\/wp-content\/uploads\/2023\/07\/Via-Panoramica-Lagoa-1024x683.png 1024w, https:\/\/visitaltotamegaebarroso.pt\/wp-content\/uploads\/2023\/07\/Via-Panoramica-Lagoa-768x512.png 768w\" sizes=\"(max-width: 1200px) 100vw, 1200px\" \/>\t\t\t\t<span class=\"mkdf-tours-gallery-simple-item-price-holder\">\n\t\t\t\t\t\n\t\t<span class=\"mkdf-tours-price-holder\">\n\t\t\t\t\t\t\t<span class=\"mkdf-tours-item-price \">$1<\/span>\n\t\t\t\t\t\t\t\t<\/span>\n\n\t\t\t\t\t\t<\/span>\t\t\t\t\n\t\t\t\t<div class=\"mkdf-tours-gallery-simple-item-content-holder\">\n\t\t\t\t\t<div class=\"mkdf-tours-gallery-simple-item-content-inner\">\n\t\t\t\t\t\t\t\t\t\t\t\t\t<h5 class=\"mkdf-tours-gallery-simple-item-destination-holder\">\n\t\t\t\t\t\t\t\t\n\t\t\t<a class=\"mkdf-tour-item-destination\" href=\"https:\/\/visitaltotamegaebarroso.pt\/fr\/destinations\/vila-pouca-de-aguiar\/\">\n\t\t\t\tVila Pouca de Aguiar\t\t\t<\/a>\n\n\t\t\t\t\t\t\t\t\t<\/h5>\n\t\t\t\t\t\t\t\t\t\t\t\t<div class=\"mkdf-tours-gallery-simple-title-holder\">\n\t\t\t\t\t\t\t<h4 class=\"mkdf-tour-title\">\n\t\t\t\t\t\t\t\tVia Panoramique de Lagoa\t\t\t\t\t\t\t<\/h4>\n\t\t\t\t\t\t<\/div>\n\t\t\t\t\t<\/div>\n\t\t\t\t<\/div>\n\t\t\t\t<a class=\"mkdf-tours-gallery-simple-item-link\" href=\"https:\/\/visitaltotamegaebarroso.pt\/fr\/tour-item\/via-panoramique-de-lagoa\/\"><\/a>\n\t\t\t<\/div>\n\t\t<\/div>\n\t<\/div><div class=\"mkdf-tours-gallery-simple-item mkdf-tours-row-item mkdf-tour-item-no-rating post-27393 tour-item type-tour-item status-publish has-post-thumbnail hentry tour-category-valpacos-fr tour-category-gastronomie-eaux-et-vins tour-category-points-dinterets\">\n\t\t\t<div class=\"mkdf-tours-gallery-simple-item-image-holder\">\n\t\t\t\t\t\t\n\t\t\t<div class=\"mkdf-tours-gallery-simple-item-image\">\n\t\t\t\t<img width=\"1200\" height=\"800\" src=\"https:\/\/visitaltotamegaebarroso.pt\/wp-content\/uploads\/2023\/07\/Vinha.png\" class=\"attachment-full size-full wp-post-image\" alt=\"\" decoding=\"async\" loading=\"lazy\" srcset=\"https:\/\/visitaltotamegaebarroso.pt\/wp-content\/uploads\/2023\/07\/Vinha.png 1200w, https:\/\/visitaltotamegaebarroso.pt\/wp-content\/uploads\/2023\/07\/Vinha-300x200.png 300w, https:\/\/visitaltotamegaebarroso.pt\/wp-content\/uploads\/2023\/07\/Vinha-1024x683.png 1024w, https:\/\/visitaltotamegaebarroso.pt\/wp-content\/uploads\/2023\/07\/Vinha-768x512.png 768w\" sizes=\"(max-width: 1200px) 100vw, 1200px\" \/>\t\t\t\t<span class=\"mkdf-tours-gallery-simple-item-price-holder\">\n\t\t\t\t\t\n\t\t<span class=\"mkdf-tours-price-holder\">\n\t\t\t\t\t\t\t\t<\/span>\n\n\t\t\t\t\t\t<\/span>\t\t\t\t\n\t\t\t\t<div class=\"mkdf-tours-gallery-simple-item-content-holder\">\n\t\t\t\t\t<div class=\"mkdf-tours-gallery-simple-item-content-inner\">\n\t\t\t\t\t\t\t\t\t\t\t\t\t<h5 class=\"mkdf-tours-gallery-simple-item-destination-holder\">\n\t\t\t\t\t\t\t\t\n\t\t\t<a class=\"mkdf-tour-item-destination\" href=\"https:\/\/visitaltotamegaebarroso.pt\/fr\/destinations\/valpacos\/\">\n\t\t\t\tValpa\u00e7os\t\t\t<\/a>\n\n\t\t\t\t\t\t\t\t\t<\/h5>\n\t\t\t\t\t\t\t\t\t\t\t\t<div class=\"mkdf-tours-gallery-simple-title-holder\">\n\t\t\t\t\t\t\t<h4 class=\"mkdf-tour-title\">\n\t\t\t\t\t\t\t\tVignoble\t\t\t\t\t\t\t<\/h4>\n\t\t\t\t\t\t<\/div>\n\t\t\t\t\t<\/div>\n\t\t\t\t<\/div>\n\t\t\t\t<a class=\"mkdf-tours-gallery-simple-item-link\" href=\"https:\/\/visitaltotamegaebarroso.pt\/fr\/tour-item\/vignoble\/\"><\/a>\n\t\t\t<\/div>\n\t\t<\/div>\n\t<\/div><div class=\"mkdf-tours-gallery-simple-item mkdf-tours-row-item mkdf-tour-item-no-rating post-27415 tour-item type-tour-item status-publish has-post-thumbnail hentry tour-category-chaves-fr tour-category-histoire-et-art tour-category-points-dinterets tour-category-villages-et-traditions\">\n\t\t\t<div class=\"mkdf-tours-gallery-simple-item-image-holder\">\n\t\t\t\t\t\t\n\t\t\t<div class=\"mkdf-tours-gallery-simple-item-image\">\n\t\t\t\t<img width=\"1200\" height=\"800\" src=\"https:\/\/visitaltotamegaebarroso.pt\/wp-content\/uploads\/2023\/07\/Vilar-Nantes.png\" class=\"attachment-full size-full wp-post-image\" alt=\"\" decoding=\"async\" loading=\"lazy\" srcset=\"https:\/\/visitaltotamegaebarroso.pt\/wp-content\/uploads\/2023\/07\/Vilar-Nantes.png 1200w, https:\/\/visitaltotamegaebarroso.pt\/wp-content\/uploads\/2023\/07\/Vilar-Nantes-300x200.png 300w, https:\/\/visitaltotamegaebarroso.pt\/wp-content\/uploads\/2023\/07\/Vilar-Nantes-1024x683.png 1024w, https:\/\/visitaltotamegaebarroso.pt\/wp-content\/uploads\/2023\/07\/Vilar-Nantes-768x512.png 768w\" sizes=\"(max-width: 1200px) 100vw, 1200px\" \/>\t\t\t\t<span class=\"mkdf-tours-gallery-simple-item-price-holder\">\n\t\t\t\t\t\n\t\t<span class=\"mkdf-tours-price-holder\">\n\t\t\t\t\t\t\t\t<\/span>\n\n\t\t\t\t\t\t<\/span>\t\t\t\t\n\t\t\t\t<div class=\"mkdf-tours-gallery-simple-item-content-holder\">\n\t\t\t\t\t<div class=\"mkdf-tours-gallery-simple-item-content-inner\">\n\t\t\t\t\t\t\t\t\t\t\t\t\t<h5 class=\"mkdf-tours-gallery-simple-item-destination-holder\">\n\t\t\t\t\t\t\t\t\n\t\t\t<a class=\"mkdf-tour-item-destination\" href=\"https:\/\/visitaltotamegaebarroso.pt\/fr\/destinations\/chaves\/\">\n\t\t\t\tChaves\t\t\t<\/a>\n\n\t\t\t\t\t\t\t\t\t<\/h5>\n\t\t\t\t\t\t\t\t\t\t\t\t<div class=\"mkdf-tours-gallery-simple-title-holder\">\n\t\t\t\t\t\t\t<h4 class=\"mkdf-tour-title\">\n\t\t\t\t\t\t\t\tVilar de Nantes\t\t\t\t\t\t\t<\/h4>\n\t\t\t\t\t\t<\/div>\n\t\t\t\t\t<\/div>\n\t\t\t\t<\/div>\n\t\t\t\t<a class=\"mkdf-tours-gallery-simple-item-link\" href=\"https:\/\/visitaltotamegaebarroso.pt\/fr\/tour-item\/vilar-de-nantes\/\"><\/a>\n\t\t\t<\/div>\n\t\t<\/div>\n\t<\/div><div class=\"mkdf-tours-gallery-simple-item mkdf-tours-row-item mkdf-tour-item-no-rating post-13267 tour-item type-tour-item status-publish has-post-thumbnail hentry tour-category-montalegre-fr tour-category-points-dinterets tour-category-villages-et-traditions\">\n\t\t\t<div class=\"mkdf-tours-gallery-simple-item-image-holder\">\n\t\t\t\t\t\t\n\t\t\t<div class=\"mkdf-tours-gallery-simple-item-image\">\n\t\t\t\t<img width=\"2000\" height=\"1124\" src=\"https:\/\/visitaltotamegaebarroso.pt\/wp-content\/uploads\/2023\/03\/AF_vilarinho-negroes.jpg\" class=\"attachment-full size-full wp-post-image\" alt=\"\" decoding=\"async\" loading=\"lazy\" srcset=\"https:\/\/visitaltotamegaebarroso.pt\/wp-content\/uploads\/2023\/03\/AF_vilarinho-negroes.jpg 2000w, https:\/\/visitaltotamegaebarroso.pt\/wp-content\/uploads\/2023\/03\/AF_vilarinho-negroes-300x169.jpg 300w, https:\/\/visitaltotamegaebarroso.pt\/wp-content\/uploads\/2023\/03\/AF_vilarinho-negroes-1024x575.jpg 1024w, https:\/\/visitaltotamegaebarroso.pt\/wp-content\/uploads\/2023\/03\/AF_vilarinho-negroes-768x432.jpg 768w, https:\/\/visitaltotamegaebarroso.pt\/wp-content\/uploads\/2023\/03\/AF_vilarinho-negroes-1536x863.jpg 1536w, https:\/\/visitaltotamegaebarroso.pt\/wp-content\/uploads\/2023\/03\/AF_vilarinho-negroes-600x337.jpg 600w\" sizes=\"(max-width: 2000px) 100vw, 2000px\" \/>\t\t\t\t<span class=\"mkdf-tours-gallery-simple-item-price-holder\">\n\t\t\t\t\t\n\t\t<span class=\"mkdf-tours-price-holder\">\n\t\t\t\t\t\t\t<span class=\"mkdf-tours-item-price \">$1<\/span>\n\t\t\t\t\t\t\t\t<\/span>\n\n\t\t\t\t\t\t<\/span>\t\t\t\t\n\t\t\t\t<div class=\"mkdf-tours-gallery-simple-item-content-holder\">\n\t\t\t\t\t<div class=\"mkdf-tours-gallery-simple-item-content-inner\">\n\t\t\t\t\t\t\t\t\t\t\t\t\t<h5 class=\"mkdf-tours-gallery-simple-item-destination-holder\">\n\t\t\t\t\t\t\t\t\n\t\t\t<a class=\"mkdf-tour-item-destination\" href=\"https:\/\/visitaltotamegaebarroso.pt\/fr\/destinations\/montalegre\/\">\n\t\t\t\tMontalegre\t\t\t<\/a>\n\n\t\t\t\t\t\t\t\t\t<\/h5>\n\t\t\t\t\t\t\t\t\t\t\t\t<div class=\"mkdf-tours-gallery-simple-title-holder\">\n\t\t\t\t\t\t\t<h4 class=\"mkdf-tour-title\">\n\t\t\t\t\t\t\t\tVilarinho de Negr\u00f5es\t\t\t\t\t\t\t<\/h4>\n\t\t\t\t\t\t<\/div>\n\t\t\t\t\t<\/div>\n\t\t\t\t<\/div>\n\t\t\t\t<a class=\"mkdf-tours-gallery-simple-item-link\" href=\"https:\/\/visitaltotamegaebarroso.pt\/fr\/tour-item\/village-de-negrees\/\"><\/a>\n\t\t\t<\/div>\n\t\t<\/div>\n\t<\/div><div class=\"mkdf-tours-gallery-simple-item mkdf-tours-row-item mkdf-tour-item-no-rating post-28470 tour-item type-tour-item status-publish has-post-thumbnail hentry tour-category-ribeira-de-pena-fr tour-category-points-dinterets tour-category-villages-et-traditions\">\n\t\t\t<div class=\"mkdf-tours-gallery-simple-item-image-holder\">\n\t\t\t\t\t\t\n\t\t\t<div class=\"mkdf-tours-gallery-simple-item-image\">\n\t\t\t\t<img width=\"1200\" height=\"800\" src=\"https:\/\/visitaltotamegaebarroso.pt\/wp-content\/uploads\/2023\/06\/Agunchos.png\" class=\"attachment-full size-full wp-post-image\" alt=\"Aldeia de Agunchos Ribeira de Pena\" decoding=\"async\" loading=\"lazy\" srcset=\"https:\/\/visitaltotamegaebarroso.pt\/wp-content\/uploads\/2023\/06\/Agunchos.png 1200w, https:\/\/visitaltotamegaebarroso.pt\/wp-content\/uploads\/2023\/06\/Agunchos-300x200.png 300w, https:\/\/visitaltotamegaebarroso.pt\/wp-content\/uploads\/2023\/06\/Agunchos-1024x683.png 1024w, https:\/\/visitaltotamegaebarroso.pt\/wp-content\/uploads\/2023\/06\/Agunchos-768x512.png 768w\" sizes=\"(max-width: 1200px) 100vw, 1200px\" \/>\t\t\t\t<span class=\"mkdf-tours-gallery-simple-item-price-holder\">\n\t\t\t\t\t\n\t\t<span class=\"mkdf-tours-price-holder\">\n\t\t\t\t\t\t\t\t<\/span>\n\n\t\t\t\t\t\t<\/span>\t\t\t\t\n\t\t\t\t<div class=\"mkdf-tours-gallery-simple-item-content-holder\">\n\t\t\t\t\t<div class=\"mkdf-tours-gallery-simple-item-content-inner\">\n\t\t\t\t\t\t\t\t\t\t\t\t\t<h5 class=\"mkdf-tours-gallery-simple-item-destination-holder\">\n\t\t\t\t\t\t\t\t\n\t\t\t<a class=\"mkdf-tour-item-destination\" href=\"https:\/\/visitaltotamegaebarroso.pt\/fr\/destinations\/ribeira-de-pena\/\">\n\t\t\t\tRibeira de Pena\t\t\t<\/a>\n\n\t\t\t\t\t\t\t\t\t<\/h5>\n\t\t\t\t\t\t\t\t\t\t\t\t<div class=\"mkdf-tours-gallery-simple-title-holder\">\n\t\t\t\t\t\t\t<h4 class=\"mkdf-tour-title\">\n\t\t\t\t\t\t\t\tVillage de Agunchos\t\t\t\t\t\t\t<\/h4>\n\t\t\t\t\t\t<\/div>\n\t\t\t\t\t<\/div>\n\t\t\t\t<\/div>\n\t\t\t\t<a class=\"mkdf-tours-gallery-simple-item-link\" href=\"https:\/\/visitaltotamegaebarroso.pt\/fr\/tour-item\/village-de-agunchos\/\"><\/a>\n\t\t\t<\/div>\n\t\t<\/div>\n\t<\/div><div class=\"mkdf-tours-gallery-simple-item mkdf-tours-row-item mkdf-tour-item-no-rating post-28466 tour-item type-tour-item status-publish has-post-thumbnail hentry tour-category-ribeira-de-pena-fr tour-category-points-dinterets tour-category-villages-et-traditions\">\n\t\t\t<div class=\"mkdf-tours-gallery-simple-item-image-holder\">\n\t\t\t\t\t\t\n\t\t\t<div class=\"mkdf-tours-gallery-simple-item-image\">\n\t\t\t\t<img width=\"1200\" height=\"800\" src=\"https:\/\/visitaltotamegaebarroso.pt\/wp-content\/uploads\/2023\/06\/Aldeia-Sto-Aleixo.png\" class=\"attachment-full size-full wp-post-image\" alt=\"Aldeia de Santo Aleixo de Al\u00e9m T\u00e2mega\" decoding=\"async\" loading=\"lazy\" srcset=\"https:\/\/visitaltotamegaebarroso.pt\/wp-content\/uploads\/2023\/06\/Aldeia-Sto-Aleixo.png 1200w, https:\/\/visitaltotamegaebarroso.pt\/wp-content\/uploads\/2023\/06\/Aldeia-Sto-Aleixo-300x200.png 300w, https:\/\/visitaltotamegaebarroso.pt\/wp-content\/uploads\/2023\/06\/Aldeia-Sto-Aleixo-1024x683.png 1024w, https:\/\/visitaltotamegaebarroso.pt\/wp-content\/uploads\/2023\/06\/Aldeia-Sto-Aleixo-768x512.png 768w\" sizes=\"(max-width: 1200px) 100vw, 1200px\" \/>\t\t\t\t<span class=\"mkdf-tours-gallery-simple-item-price-holder\">\n\t\t\t\t\t\n\t\t<span class=\"mkdf-tours-price-holder\">\n\t\t\t\t\t\t\t\t<\/span>\n\n\t\t\t\t\t\t<\/span>\t\t\t\t\n\t\t\t\t<div class=\"mkdf-tours-gallery-simple-item-content-holder\">\n\t\t\t\t\t<div class=\"mkdf-tours-gallery-simple-item-content-inner\">\n\t\t\t\t\t\t\t\t\t\t\t\t\t<h5 class=\"mkdf-tours-gallery-simple-item-destination-holder\">\n\t\t\t\t\t\t\t\t\n\t\t\t<a class=\"mkdf-tour-item-destination\" href=\"https:\/\/visitaltotamegaebarroso.pt\/fr\/destinations\/ribeira-de-pena\/\">\n\t\t\t\tRibeira de Pena\t\t\t<\/a>\n\n\t\t\t\t\t\t\t\t\t<\/h5>\n\t\t\t\t\t\t\t\t\t\t\t\t<div class=\"mkdf-tours-gallery-simple-title-holder\">\n\t\t\t\t\t\t\t<h4 class=\"mkdf-tour-title\">\n\t\t\t\t\t\t\t\tVillage de Santo Aleixo de Al\u00e9m T\u00e2mega\t\t\t\t\t\t\t<\/h4>\n\t\t\t\t\t\t<\/div>\n\t\t\t\t\t<\/div>\n\t\t\t\t<\/div>\n\t\t\t\t<a class=\"mkdf-tours-gallery-simple-item-link\" href=\"https:\/\/visitaltotamegaebarroso.pt\/fr\/tour-item\/village-de-santo-aleixo-de-alem-tamega\/\"><\/a>\n\t\t\t<\/div>\n\t\t<\/div>\n\t<\/div><div class=\"mkdf-tours-gallery-simple-item mkdf-tours-row-item mkdf-tour-item-no-rating post-13365 tour-item type-tour-item status-publish has-post-thumbnail hentry tour-category-boticas-fr tour-category-montagnes-et-rivieres tour-category-points-dinterets tour-category-routes-paysageres tour-category-villages-et-traditions\">\n\t\t\t<div class=\"mkdf-tours-gallery-simple-item-image-holder\">\n\t\t\t\t\t\t\n\t\t\t<div class=\"mkdf-tours-gallery-simple-item-image\">\n\t\t\t\t<img width=\"1200\" height=\"800\" src=\"https:\/\/visitaltotamegaebarroso.pt\/wp-content\/uploads\/2023\/06\/Aldeia-Vilarinho-Seco.png\" class=\"attachment-full size-full wp-post-image\" alt=\"Aldeia de Vilarinho Seco\" decoding=\"async\" loading=\"lazy\" srcset=\"https:\/\/visitaltotamegaebarroso.pt\/wp-content\/uploads\/2023\/06\/Aldeia-Vilarinho-Seco.png 1200w, https:\/\/visitaltotamegaebarroso.pt\/wp-content\/uploads\/2023\/06\/Aldeia-Vilarinho-Seco-300x200.png 300w, https:\/\/visitaltotamegaebarroso.pt\/wp-content\/uploads\/2023\/06\/Aldeia-Vilarinho-Seco-1024x683.png 1024w, https:\/\/visitaltotamegaebarroso.pt\/wp-content\/uploads\/2023\/06\/Aldeia-Vilarinho-Seco-768x512.png 768w\" sizes=\"(max-width: 1200px) 100vw, 1200px\" \/>\t\t\t\t<span class=\"mkdf-tours-gallery-simple-item-price-holder\">\n\t\t\t\t\t\n\t\t<span class=\"mkdf-tours-price-holder\">\n\t\t\t\t\t\t\t<span class=\"mkdf-tours-item-price \">$1<\/span>\n\t\t\t\t\t\t\t\t<\/span>\n\n\t\t\t\t\t\t<\/span>\t\t\t\t\n\t\t\t\t<div class=\"mkdf-tours-gallery-simple-item-content-holder\">\n\t\t\t\t\t<div class=\"mkdf-tours-gallery-simple-item-content-inner\">\n\t\t\t\t\t\t\t\t\t\t\t\t\t<h5 class=\"mkdf-tours-gallery-simple-item-destination-holder\">\n\t\t\t\t\t\t\t\t\n\t\t\t<a class=\"mkdf-tour-item-destination\" href=\"https:\/\/visitaltotamegaebarroso.pt\/fr\/destinations\/boticas\/\">\n\t\t\t\tBoticas\t\t\t<\/a>\n\n\t\t\t\t\t\t\t\t\t<\/h5>\n\t\t\t\t\t\t\t\t\t\t\t\t<div class=\"mkdf-tours-gallery-simple-title-holder\">\n\t\t\t\t\t\t\t<h4 class=\"mkdf-tour-title\">\n\t\t\t\t\t\t\t\tVillage Pr\u00e9serv\u00e9 de Vilarinho Seco\t\t\t\t\t\t\t<\/h4>\n\t\t\t\t\t\t<\/div>\n\t\t\t\t\t<\/div>\n\t\t\t\t<\/div>\n\t\t\t\t<a class=\"mkdf-tours-gallery-simple-item-link\" href=\"https:\/\/visitaltotamegaebarroso.pt\/fr\/tour-item\/aldeia-preservada-de-vilarinho-seco\/\"><\/a>\n\t\t\t<\/div>\n\t\t<\/div>\n\t<\/div>\t\t<\/div>\n\n\t\t\n\n\t\t<\/div>\t\t<\/div>\n\t<\/div>\n<\/div><\/div>[\/vc_column][\/vc_row][vc_row css=\u00a0\u00bb.vc_custom_1501857279072{padding-top: 104px !important;}\u00a0\u00bb][vc_column]<div class=\"mkdf-elements-holder   mkdf-one-column  mkdf-responsive-mode-768 \" ><div class=\"mkdf-eh-item   mkdf-horizontal-alignment-center \"  data-item-class=\"mkdf-eh-custom-1552\" data-1280-1600=\"0 19% 73px\" data-1024-1280=\"0 17% 73px\" data-768-1024=\"0 8% 73px\" data-680-768=\"0 7% 73px\" data-680=\"0 3% 73px\">\n\t<div class=\"mkdf-eh-item-inner\">\n\t\t<div class=\"mkdf-eh-item-content mkdf-eh-custom-1552\" style=\"padding: 0 30% 63px\">\n\t\t\t<div class=\"mkdf-section-title-holder  \" style=\"text-align: center\">\n\t<div class=\"mkdf-st-inner\">\n\t\t\t\t\t<h5 class=\"mkdf-st-subtitle\" >\n\t\t\t\tD\u00e9couvrez ce que nous avons de mieux \u00e0 offrir\t\t\t<\/h5>\n\t\t\t\t\t\t\t<h2 class=\"mkdf-st-title\" >\n\t\t\t\tAlto T\u00e2mega et Barroso\t\t\t<\/h2>\n\t\t\t\t\t\t\t<p class=\"mkdf-st-text\" >\n\t\t\t\tUne terre d'enchantement o\u00f9 la nature \u00e0 l'\u00e9tat pur s'allie \u00e0 un patrimoine et \u00e0 des traditions s\u00e9culaires, \u00e0 des produits d'excellence et \u00e0 une gastronomie unique.\t\t\t<\/p>\n\t\t\t<\/div>\n<\/div>\t\t<\/div>\n\t<\/div>\n<\/div><\/div><div class=\"mkdf-elements-holder   mkdf-one-column  mkdf-responsive-mode-768 \" ><div class=\"mkdf-eh-item    \"  data-item-class=\"mkdf-eh-custom-1199\" data-680-768=\"0 51px 95px\" data-680=\"0 29px 95px\">\n\t<div class=\"mkdf-eh-item-inner\">\n\t\t<div class=\"mkdf-eh-item-content mkdf-eh-custom-1199\" style=\"padding: 0 95px 115px\">\n\t\t\t<div class=\"mkdf-blog-list-holder mkdf-bl-boxed mkdf-bl-three-columns mkdf-large-space mkdf-bl-pag-load-more\"  data-type=boxed data-number-of-posts=3 data-number-of-columns=3 data-space-between-items=large data-category=noticias data-order-by=date data-order=DESC data-image-size=medium data-title-tag=h4 data-excerpt-length=40 data-post-info-section=yes data-post-info-image=yes data-post-info-author=no data-post-info-date=yes data-post-info-category=yes data-post-info-comments=no data-post-info-like=no data-post-info-share=yes data-pagination-type=load-more data-holder-classes=mkdf-bl-boxed mkdf-bl-three-columns mkdf-large-space mkdf-bl-pag-load-more data-max-num-pages=21 data-next-page=2>\n\t<div class=\"mkdf-bl-wrapper mkdf-outer-space\">\n\t\t<ul class=\"mkdf-blog-list\">\n\t\t\t<li class=\"mkdf-bl-item mkdf-item-space clearfix\">\n\t<div class=\"mkdf-bli-inner\">\n\t\t\n\t<div class=\"mkdf-post-image\">\n\t\t\t\t\t<a itemprop=\"url\" href=\"https:\/\/visitaltotamegaebarroso.pt\/fr\/15-avril-au-3-mai-un-voyage-a-travers-le-temps-le-ptat-accueille-une-exposition-dhorloges-anciennes\/\" title=\"15 avril au 3 mai | Un voyage \u00e0 travers le temps : le PTAT accueille une exposition d\u2019horloges anciennes\">\n\t\t\t\t\t\t\t\t\t<img width=\"212\" height=\"300\" src=\"https:\/\/visitaltotamegaebarroso.pt\/wp-content\/uploads\/2026\/04\/EXPOSICAO-Relogios-212x300.png\" class=\"attachment-medium size-medium wp-post-image\" alt=\"\" decoding=\"async\" loading=\"lazy\" srcset=\"https:\/\/visitaltotamegaebarroso.pt\/wp-content\/uploads\/2026\/04\/EXPOSICAO-Relogios-212x300.png 212w, https:\/\/visitaltotamegaebarroso.pt\/wp-content\/uploads\/2026\/04\/EXPOSICAO-Relogios-724x1024.png 724w, https:\/\/visitaltotamegaebarroso.pt\/wp-content\/uploads\/2026\/04\/EXPOSICAO-Relogios-768x1086.png 768w, https:\/\/visitaltotamegaebarroso.pt\/wp-content\/uploads\/2026\/04\/EXPOSICAO-Relogios-1086x1536.png 1086w, https:\/\/visitaltotamegaebarroso.pt\/wp-content\/uploads\/2026\/04\/EXPOSICAO-Relogios.png 1414w\" sizes=\"(max-width: 212px) 100vw, 212px\" \/>\t\t\t\t\t\t\t\t<\/a>\n\t\t\t\t\t<\/div>\n        <div class=\"mkdf-bli-content\">\n                            <div class=\"mkdf-bli-info\">\n\t                <div itemprop=\"dateCreated\" class=\"mkdf-post-info-date entry-date published updated\">\n            <a itemprop=\"url\" href=\"https:\/\/visitaltotamegaebarroso.pt\/fr\/2026\/04\/\">\n            \n            <div class=\"mkdf-post-date-wrap\">\n                14 de avril, 2026            <\/div>\n        <\/a>\n        <meta itemprop=\"interactionCount\" content=\"UserComments: 0\"\/>\n<\/div><div class=\"mkdf-post-info-category\">\n    <span aria-hidden=\"true\" class=\"icon_tag\"><\/span><a href=\"https:\/\/visitaltotamegaebarroso.pt\/fr\/category\/nouvelles\/\" rel=\"category tag\">Nouvelles<\/a><\/div>    <div class=\"mkdf-blog-share\">\n        <div class=\"mkdf-social-share-holder mkdf-list\">\n\t\t<ul>\n\t\t<li class=\"mkdf-facebook-share\">\n\t<a itemprop=\"url\" class=\"mkdf-share-link\" href=\"#\" onclick=\"window.open(&#039;http:\/\/www.facebook.com\/sharer\/sharer.php?u=https:\/\/visitaltotamegaebarroso.pt\/fr\/15-avril-au-3-mai-un-voyage-a-travers-le-temps-le-ptat-accueille-une-exposition-dhorloges-anciennes\/&#039;);\">\n\t\t\t\t\t<span class=\"mkdf-social-network-icon fa fa-facebook\"><\/span>\n\t\t\t<\/a>\n<\/li><li class=\"mkdf-twitter-share\">\n\t<a itemprop=\"url\" class=\"mkdf-share-link\" href=\"#\" onclick=\"window.open(&#039;https:\/\/twitter.com\/intent\/tweet?text=Le+Posto+de+Turismo+do+Alto+T%C3%A2mega+e+Barroso+%28PTAT%29+accueille%2C+du+15+avril+au+3+mai%2C+une+exposition+consacr%C3%A9e+%C3%A0+ https:\/\/visitaltotamegaebarroso.pt\/fr\/15-avril-au-3-mai-un-voyage-a-travers-le-temps-le-ptat-accueille-une-exposition-dhorloges-anciennes\/&#039;, &#039;popupwindow&#039;, &#039;scrollbars=yes,width=800,height=400&#039;);\">\n\t\t\t\t\t<span class=\"mkdf-social-network-icon fa fa-twitter\"><\/span>\n\t\t\t<\/a>\n<\/li>\t<\/ul>\n<\/div>    <\/div>\n                <\/div>\n            \t\n\t        \n<h4 itemprop=\"name\" class=\"entry-title mkdf-post-title\" >\n            <a itemprop=\"url\" href=\"https:\/\/visitaltotamegaebarroso.pt\/fr\/15-avril-au-3-mai-un-voyage-a-travers-le-temps-le-ptat-accueille-une-exposition-dhorloges-anciennes\/\" title=\"15 avril au 3 mai | Un voyage \u00e0 travers le temps : le PTAT accueille une exposition d\u2019horloges anciennes\">\n            15 avril au 3 mai | Un voyage \u00e0 travers le temps : le PTAT accueille une exposition d\u2019horloges anciennes            <\/a>\n    <\/h4>\t\n\t        <div class=\"mkdf-bli-excerpt\">\n\t\t        \t\t<div class=\"mkdf-post-excerpt-holder\">\n\t\t\t<p itemprop=\"description\" class=\"mkdf-post-excerpt\">\n\t\t\t\tLe Posto de Turismo do Alto T\u00e2mega e Barroso (PTAT) accueille, du 15 avril au 3 mai, une exposition consacr\u00e9e \u00e0 l\u2019univers des horloges anciennes, dans le cadre d\u2019une initiative d\u00e9velopp\u00e9e en partenariat avec la Casa dos Candeias \u2013 Museu\t\t\t<\/p>\n\t\t<\/div>\n\t\t\t        \t<div class=\"mkdf-post-read-more-button\">\n\t\t<a itemprop=\"url\" href=\"https:\/\/visitaltotamegaebarroso.pt\/fr\/15-avril-au-3-mai-un-voyage-a-travers-le-temps-le-ptat-accueille-une-exposition-dhorloges-anciennes\/\" target=\"_self\"  class=\"mkdf-btn mkdf-btn-medium mkdf-btn-simple mkdf-blog-list-button\"  >    <span class=\"mkdf-btn-text\">EN SAVOIR PLUS<\/span>    <\/a>\t<\/div>\n\t        <\/div>\n        <\/div>\n\t<\/div>\n<\/li><li class=\"mkdf-bl-item mkdf-item-space clearfix\">\n\t<div class=\"mkdf-bli-inner\">\n\t\t\n\t<div class=\"mkdf-post-image\">\n\t\t\t\t\t<a itemprop=\"url\" href=\"https:\/\/visitaltotamegaebarroso.pt\/fr\/la-cimat-renforce-la-promotion-territoriale-lors-de-la-35e-foire-de-la-viande-fumee-de-montalegre\/\" title=\"La CIMAT renforce la promotion territoriale lors de la 35e Foire de la Viande Fum\u00e9e de Montalegre\">\n\t\t\t\t\t\t\t\t\t<img width=\"300\" height=\"139\" src=\"https:\/\/visitaltotamegaebarroso.pt\/wp-content\/uploads\/2026\/01\/Feira-do-Fumeiro-de-Montalegre_1-300x139.jpeg\" class=\"attachment-medium size-medium wp-post-image\" alt=\"\" decoding=\"async\" loading=\"lazy\" srcset=\"https:\/\/visitaltotamegaebarroso.pt\/wp-content\/uploads\/2026\/01\/Feira-do-Fumeiro-de-Montalegre_1-300x139.jpeg 300w, https:\/\/visitaltotamegaebarroso.pt\/wp-content\/uploads\/2026\/01\/Feira-do-Fumeiro-de-Montalegre_1-1024x473.jpeg 1024w, https:\/\/visitaltotamegaebarroso.pt\/wp-content\/uploads\/2026\/01\/Feira-do-Fumeiro-de-Montalegre_1-768x355.jpeg 768w, https:\/\/visitaltotamegaebarroso.pt\/wp-content\/uploads\/2026\/01\/Feira-do-Fumeiro-de-Montalegre_1-1536x710.jpeg 1536w\" sizes=\"(max-width: 300px) 100vw, 300px\" \/>\t\t\t\t\t\t\t\t<\/a>\n\t\t\t\t\t<\/div>\n        <div class=\"mkdf-bli-content\">\n                            <div class=\"mkdf-bli-info\">\n\t                <div itemprop=\"dateCreated\" class=\"mkdf-post-info-date entry-date published updated\">\n            <a itemprop=\"url\" href=\"https:\/\/visitaltotamegaebarroso.pt\/fr\/2026\/01\/\">\n            \n            <div class=\"mkdf-post-date-wrap\">\n                27 de janvier, 2026            <\/div>\n        <\/a>\n        <meta itemprop=\"interactionCount\" content=\"UserComments: 0\"\/>\n<\/div><div class=\"mkdf-post-info-category\">\n    <span aria-hidden=\"true\" class=\"icon_tag\"><\/span><a href=\"https:\/\/visitaltotamegaebarroso.pt\/fr\/category\/nouvelles\/\" rel=\"category tag\">Nouvelles<\/a><\/div>    <div class=\"mkdf-blog-share\">\n        <div class=\"mkdf-social-share-holder mkdf-list\">\n\t\t<ul>\n\t\t<li class=\"mkdf-facebook-share\">\n\t<a itemprop=\"url\" class=\"mkdf-share-link\" href=\"#\" onclick=\"window.open(&#039;http:\/\/www.facebook.com\/sharer\/sharer.php?u=https:\/\/visitaltotamegaebarroso.pt\/fr\/la-cimat-renforce-la-promotion-territoriale-lors-de-la-35e-foire-de-la-viande-fumee-de-montalegre\/&#039;);\">\n\t\t\t\t\t<span class=\"mkdf-social-network-icon fa fa-facebook\"><\/span>\n\t\t\t<\/a>\n<\/li><li class=\"mkdf-twitter-share\">\n\t<a itemprop=\"url\" class=\"mkdf-share-link\" href=\"#\" onclick=\"window.open(&#039;https:\/\/twitter.com\/intent\/tweet?text=La+Communaut%C3%A9+Intercommunale+d%26%23039%3BAlto+T%C3%A2mega+et+Barroso+%28CIMAT%29+%C3%A9tait+pr%C3%A9sente+%C3%A0+la+35e+Foire+de+la+Viande+Fum%C3%A9e+ https:\/\/visitaltotamegaebarroso.pt\/fr\/la-cimat-renforce-la-promotion-territoriale-lors-de-la-35e-foire-de-la-viande-fumee-de-montalegre\/&#039;, &#039;popupwindow&#039;, &#039;scrollbars=yes,width=800,height=400&#039;);\">\n\t\t\t\t\t<span class=\"mkdf-social-network-icon fa fa-twitter\"><\/span>\n\t\t\t<\/a>\n<\/li>\t<\/ul>\n<\/div>    <\/div>\n                <\/div>\n            \t\n\t        \n<h4 itemprop=\"name\" class=\"entry-title mkdf-post-title\" >\n            <a itemprop=\"url\" href=\"https:\/\/visitaltotamegaebarroso.pt\/fr\/la-cimat-renforce-la-promotion-territoriale-lors-de-la-35e-foire-de-la-viande-fumee-de-montalegre\/\" title=\"La CIMAT renforce la promotion territoriale lors de la 35e Foire de la Viande Fum\u00e9e de Montalegre\">\n            La CIMAT renforce la promotion territoriale lors de la 35e Foire de la Viande Fum\u00e9e de Montalegre            <\/a>\n    <\/h4>\t\n\t        <div class=\"mkdf-bli-excerpt\">\n\t\t        \t\t<div class=\"mkdf-post-excerpt-holder\">\n\t\t\t<p itemprop=\"description\" class=\"mkdf-post-excerpt\">\n\t\t\t\tLa Communaut\u00e9 Intercommunale d'Alto T\u00e2mega et Barroso (CIMAT) \u00e9tait pr\u00e9sente \u00e0 la 35e Foire de la Viande Fum\u00e9e de Montalegre, qui s'est tenue du 22 au 25 janvier au Pavillon Polyvalent de Montalegre, dans le cadre de sa strat\u00e9gie de\t\t\t<\/p>\n\t\t<\/div>\n\t\t\t        \t<div class=\"mkdf-post-read-more-button\">\n\t\t<a itemprop=\"url\" href=\"https:\/\/visitaltotamegaebarroso.pt\/fr\/la-cimat-renforce-la-promotion-territoriale-lors-de-la-35e-foire-de-la-viande-fumee-de-montalegre\/\" target=\"_self\"  class=\"mkdf-btn mkdf-btn-medium mkdf-btn-simple mkdf-blog-list-button\"  >    <span class=\"mkdf-btn-text\">EN SAVOIR PLUS<\/span>    <\/a>\t<\/div>\n\t        <\/div>\n        <\/div>\n\t<\/div>\n<\/li><li class=\"mkdf-bl-item mkdf-item-space clearfix\">\n\t<div class=\"mkdf-bli-inner\">\n\t\t\n\t<div class=\"mkdf-post-image\">\n\t\t\t\t\t<a itemprop=\"url\" href=\"https:\/\/visitaltotamegaebarroso.pt\/fr\/la-communaute-intercommunale-dalto-tamega-et-barroso-cimat-renforce-sa-strategie-de-promotion-touristique-a-fitur-2026\/\" title=\"La Communaut\u00e9 Intercommunale d&rsquo;Alto T\u00e2mega et Barroso (CIMAT) renforce sa strat\u00e9gie de promotion touristique \u00e0 FITUR 2026\">\n\t\t\t\t\t\t\t\t\t<img width=\"300\" height=\"225\" src=\"https:\/\/visitaltotamegaebarroso.pt\/wp-content\/uploads\/2026\/01\/Fitur-2026_2-300x225.jpeg\" class=\"attachment-medium size-medium wp-post-image\" alt=\"\" decoding=\"async\" loading=\"lazy\" srcset=\"https:\/\/visitaltotamegaebarroso.pt\/wp-content\/uploads\/2026\/01\/Fitur-2026_2-300x225.jpeg 300w, https:\/\/visitaltotamegaebarroso.pt\/wp-content\/uploads\/2026\/01\/Fitur-2026_2-1024x768.jpeg 1024w, https:\/\/visitaltotamegaebarroso.pt\/wp-content\/uploads\/2026\/01\/Fitur-2026_2-768x576.jpeg 768w, https:\/\/visitaltotamegaebarroso.pt\/wp-content\/uploads\/2026\/01\/Fitur-2026_2-1536x1152.jpeg 1536w, https:\/\/visitaltotamegaebarroso.pt\/wp-content\/uploads\/2026\/01\/Fitur-2026_2.jpeg 1600w\" sizes=\"(max-width: 300px) 100vw, 300px\" \/>\t\t\t\t\t\t\t\t<\/a>\n\t\t\t\t\t<\/div>\n        <div class=\"mkdf-bli-content\">\n                            <div class=\"mkdf-bli-info\">\n\t                <div itemprop=\"dateCreated\" class=\"mkdf-post-info-date entry-date published updated\">\n            <a itemprop=\"url\" href=\"https:\/\/visitaltotamegaebarroso.pt\/fr\/2026\/01\/\">\n            \n            <div class=\"mkdf-post-date-wrap\">\n                27 de janvier, 2026            <\/div>\n        <\/a>\n        <meta itemprop=\"interactionCount\" content=\"UserComments: 0\"\/>\n<\/div><div class=\"mkdf-post-info-category\">\n    <span aria-hidden=\"true\" class=\"icon_tag\"><\/span><a href=\"https:\/\/visitaltotamegaebarroso.pt\/fr\/category\/nouvelles\/\" rel=\"category tag\">Nouvelles<\/a><\/div>    <div class=\"mkdf-blog-share\">\n        <div class=\"mkdf-social-share-holder mkdf-list\">\n\t\t<ul>\n\t\t<li class=\"mkdf-facebook-share\">\n\t<a itemprop=\"url\" class=\"mkdf-share-link\" href=\"#\" onclick=\"window.open(&#039;http:\/\/www.facebook.com\/sharer\/sharer.php?u=https:\/\/visitaltotamegaebarroso.pt\/fr\/la-communaute-intercommunale-dalto-tamega-et-barroso-cimat-renforce-sa-strategie-de-promotion-touristique-a-fitur-2026\/&#039;);\">\n\t\t\t\t\t<span class=\"mkdf-social-network-icon fa fa-facebook\"><\/span>\n\t\t\t<\/a>\n<\/li><li class=\"mkdf-twitter-share\">\n\t<a itemprop=\"url\" class=\"mkdf-share-link\" href=\"#\" onclick=\"window.open(&#039;https:\/\/twitter.com\/intent\/tweet?text=La+CIMAT+a+particip%C3%A9+une+nouvelle+fois+%C3%A0+FITUR%2C+le+Salon+International+du+Tourisme+de+Madrid%2C+qui+s%26%23039%3Best+tenu+du+ https:\/\/visitaltotamegaebarroso.pt\/fr\/la-communaute-intercommunale-dalto-tamega-et-barroso-cimat-renforce-sa-strategie-de-promotion-touristique-a-fitur-2026\/&#039;, &#039;popupwindow&#039;, &#039;scrollbars=yes,width=800,height=400&#039;);\">\n\t\t\t\t\t<span class=\"mkdf-social-network-icon fa fa-twitter\"><\/span>\n\t\t\t<\/a>\n<\/li>\t<\/ul>\n<\/div>    <\/div>\n                <\/div>\n            \t\n\t        \n<h4 itemprop=\"name\" class=\"entry-title mkdf-post-title\" >\n            <a itemprop=\"url\" href=\"https:\/\/visitaltotamegaebarroso.pt\/fr\/la-communaute-intercommunale-dalto-tamega-et-barroso-cimat-renforce-sa-strategie-de-promotion-touristique-a-fitur-2026\/\" title=\"La Communaut\u00e9 Intercommunale d&rsquo;Alto T\u00e2mega et Barroso (CIMAT) renforce sa strat\u00e9gie de promotion touristique \u00e0 FITUR 2026\">\n            La Communaut\u00e9 Intercommunale d&rsquo;Alto T\u00e2mega et Barroso (CIMAT) renforce sa strat\u00e9gie de promotion touristique \u00e0 FITUR 2026            <\/a>\n    <\/h4>\t\n\t        <div class=\"mkdf-bli-excerpt\">\n\t\t        \t\t<div class=\"mkdf-post-excerpt-holder\">\n\t\t\t<p itemprop=\"description\" class=\"mkdf-post-excerpt\">\n\t\t\t\tLa CIMAT a particip\u00e9 une nouvelle fois \u00e0 FITUR, le Salon International du Tourisme de Madrid, qui s'est tenu du 21 au 25 janvier. Cette participation a permis de consolider sa strat\u00e9gie de promotion int\u00e9gr\u00e9e et d'affirmer la pr\u00e9sence du\t\t\t<\/p>\n\t\t<\/div>\n\t\t\t        \t<div class=\"mkdf-post-read-more-button\">\n\t\t<a itemprop=\"url\" href=\"https:\/\/visitaltotamegaebarroso.pt\/fr\/la-communaute-intercommunale-dalto-tamega-et-barroso-cimat-renforce-sa-strategie-de-promotion-touristique-a-fitur-2026\/\" target=\"_self\"  class=\"mkdf-btn mkdf-btn-medium mkdf-btn-simple mkdf-blog-list-button\"  >    <span class=\"mkdf-btn-text\">EN SAVOIR PLUS<\/span>    <\/a>\t<\/div>\n\t        <\/div>\n        <\/div>\n\t<\/div>\n<\/li>\t\t<\/ul>\n\t<\/div>\n\t\t<div class=\"mkdf-blog-pag-loading\">\n\t\t<div class=\"mkdf-blog-pag-bounce1\"><\/div>\n\t\t<div class=\"mkdf-blog-pag-bounce2\"><\/div>\n\t\t<div class=\"mkdf-blog-pag-bounce3\"><\/div>\n\t<\/div>\n\t<div class=\"mkdf-blog-pag-load-more\">\n\t\t<a itemprop=\"url\" href=\"\" target=\"_self\"  class=\"mkdf-btn mkdf-btn-large mkdf-btn-solid\"  >    <span class=\"mkdf-btn-text\">Load more<\/span>    <\/a>\t<\/div>\n<\/div>\t\t<\/div>\n\t<\/div>\n<\/div><\/div>[\/vc_column][\/vc_row][vc_row][vc_column]<div class=\"mkdf-video-button-holder \">\n\t<div class=\"mkdf-video-button-image\">\n\t\t<img width=\"2560\" height=\"1129\" src=\"https:\/\/visitaltotamegaebarroso.pt\/wp-content\/uploads\/2023\/03\/capaVideo-scaled.jpg\" class=\"attachment-full size-full\" alt=\"\" decoding=\"async\" loading=\"lazy\" srcset=\"https:\/\/visitaltotamegaebarroso.pt\/wp-content\/uploads\/2023\/03\/capaVideo-scaled.jpg 2560w, https:\/\/visitaltotamegaebarroso.pt\/wp-content\/uploads\/2023\/03\/capaVideo-300x132.jpg 300w, https:\/\/visitaltotamegaebarroso.pt\/wp-content\/uploads\/2023\/03\/capaVideo-1024x452.jpg 1024w, https:\/\/visitaltotamegaebarroso.pt\/wp-content\/uploads\/2023\/03\/capaVideo-768x339.jpg 768w, https:\/\/visitaltotamegaebarroso.pt\/wp-content\/uploads\/2023\/03\/capaVideo-1536x677.jpg 1536w, https:\/\/visitaltotamegaebarroso.pt\/wp-content\/uploads\/2023\/03\/capaVideo-600x265.jpg 600w\" sizes=\"(max-width: 2560px) 100vw, 2560px\" \/>\t<\/div>\n\t\t\t<a class=\"mkdf-video-button-play-image \" href=\"https:\/\/www.youtube.com\/watch?v=MDruIR_T89g\" target=\"_self\" data-rel=\"prettyPhoto[video_button_pretty_photo_939]\">\n\t\t\t<span class=\"mkdf-video-button-play-inner\">\n\t\t\t\t<img width=\"116\" height=\"116\" src=\"https:\/\/visitaltotamegaebarroso.pt\/wp-content\/uploads\/2017\/08\/h5-custom-video-play-button.png\" class=\"attachment-full size-full\" alt=\"a\" decoding=\"async\" loading=\"lazy\" srcset=\"https:\/\/visitaltotamegaebarroso.pt\/wp-content\/uploads\/2017\/08\/h5-custom-video-play-button.png 116w, https:\/\/visitaltotamegaebarroso.pt\/wp-content\/uploads\/2017\/08\/h5-custom-video-play-button-100x100.png 100w\" sizes=\"(max-width: 116px) 100vw, 116px\" \/>\t\t\t\t\t\t\t<\/span>\n\t\t<\/a>\n\t<\/div>[\/vc_column][\/vc_row][vc_row row_content_width=\u00a0\u00bbgrid\u00a0\u00bb content_text_aligment=\u00a0\u00bbcenter\u00a0\u00bb css=\u00a0\u00bb.vc_custom_1501857402235{padding-top: 115px !important;padding-bottom: 67px !important;}\u00a0\u00bb][vc_column width=\u00a0\u00bb1\/2&Prime; offset=\u00a0\u00bbvc_col-md-3&Prime;]<div class=\"mkdf-iwt clearfix  mkdf-iwt-icon-top mkdf-iwt-icon-medium\">\n\t<div class=\"mkdf-iwt-icon\">\n\t\t\t\t\t<a itemprop=\"url\" href=\"#\" target=\"_self\">\n\t\t\t\t\t\t\t\t\t    <span class=\"mkdf-icon-shortcode mkdf-circle   mkdf-icon-medium\" style=\"width: 100px;height: 100px;line-height: 100px;background-color: #1a9cd8\" data-color=\"#ffffff\">\n                    <span aria-hidden=\"true\" class=\"mkdf-icon-linear-icons lnr lnr-earth mkdf-icon-element\" style=\"color: #ffffff;font-size:34px\" ><\/span>\n                            <span class=\"mkdf-icon-shortcode-hover-layer\" ><\/span>\n            \n            <\/span>\n\t\t\t\t\t\t\t\t<\/a>\n\t\t\t<\/div>\n\t<div class=\"mkdf-iwt-content\" >\n\t\t\t\t\t<h6 class=\"mkdf-iwt-title\" >\n\t\t\t\t\t\t\t\t\t<a itemprop=\"url\" href=\"#\" target=\"_self\">\n\t\t\t\t\t\t\t\t<span class=\"mkdf-iwt-title-text\">Terre d&#039;enchantement<\/span>\n\t\t\t\t\t\t\t\t\t<\/a>\n\t\t\t\t\t\t\t<\/h6>\n\t\t\t\t\t\t\t<p class=\"mkdf-iwt-text\" >Les montagnes o\u00f9 le temps a gard\u00e9 des richesses et des secrets uniques.<\/p>\n\t\t\t<\/div>\n<\/div>[vc_empty_space height=\u00a0\u00bb40px\u00a0\u00bb][\/vc_column][vc_column width=\u00a0\u00bb1\/2&Prime; offset=\u00a0\u00bbvc_col-md-3&Prime;]<div class=\"mkdf-iwt clearfix  mkdf-iwt-icon-top mkdf-iwt-icon-medium\">\n\t<div class=\"mkdf-iwt-icon\">\n\t\t\t\t\t<a itemprop=\"url\" href=\"#\" target=\"_self\">\n\t\t\t\t\t\t\t\t\t    <span class=\"mkdf-icon-shortcode mkdf-circle   mkdf-icon-medium\" style=\"width: 100px;height: 100px;line-height: 100px;background-color: #1a9cd8\" data-color=\"#ffffff\">\n                    <span aria-hidden=\"true\" class=\"mkdf-icon-linear-icons lnr lnr-heart mkdf-icon-element\" style=\"color: #ffffff;font-size:34px\" ><\/span>\n                            <span class=\"mkdf-icon-shortcode-hover-layer\" ><\/span>\n            \n            <\/span>\n\t\t\t\t\t\t\t\t<\/a>\n\t\t\t<\/div>\n\t<div class=\"mkdf-iwt-content\" >\n\t\t\t\t\t<h6 class=\"mkdf-iwt-title\" >\n\t\t\t\t\t\t\t\t\t<a itemprop=\"url\" href=\"#\" target=\"_self\">\n\t\t\t\t\t\t\t\t<span class=\"mkdf-iwt-title-text\">R\u00e9ception des puits<\/span>\n\t\t\t\t\t\t\t\t\t<\/a>\n\t\t\t\t\t\t\t<\/h6>\n\t\t\t\t\t\t\t<p class=\"mkdf-iwt-text\" >Les habitants de l&#039;Alto T\u00e2mega e Barroso sont connus pour la caract\u00e9ristique la plus appr\u00e9ci\u00e9e des touristes, l&#039;hospitalit\u00e9.<\/p>\n\t\t\t<\/div>\n<\/div>[vc_empty_space height=\u00a0\u00bb40px\u00a0\u00bb][\/vc_column][vc_column width=\u00a0\u00bb1\/2&Prime; offset=\u00a0\u00bbvc_col-md-3&Prime;]<div class=\"mkdf-iwt clearfix  mkdf-iwt-icon-top mkdf-iwt-icon-medium\">\n\t<div class=\"mkdf-iwt-icon\">\n\t\t\t\t\t<a itemprop=\"url\" href=\"#\" target=\"_self\">\n\t\t\t\t\t\t\t\t\t    <span class=\"mkdf-icon-shortcode mkdf-circle   mkdf-icon-medium\" style=\"width: 100px;height: 100px;line-height: 100px;background-color: #1a9cd8\" data-color=\"#ffffff\">\n                    <span aria-hidden=\"true\" class=\"mkdf-icon-linear-icons lnr lnr-camera mkdf-icon-element\" style=\"color: #ffffff;font-size:34px\" ><\/span>\n                            <span class=\"mkdf-icon-shortcode-hover-layer\" ><\/span>\n            \n            <\/span>\n\t\t\t\t\t\t\t\t<\/a>\n\t\t\t<\/div>\n\t<div class=\"mkdf-iwt-content\" >\n\t\t\t\t\t<h6 class=\"mkdf-iwt-title\" >\n\t\t\t\t\t\t\t\t\t<a itemprop=\"url\" href=\"#\" target=\"_self\">\n\t\t\t\t\t\t\t\t<span class=\"mkdf-iwt-title-text\">La nature \u00e0 l&#039;\u00e9tat pur<\/span>\n\t\t\t\t\t\t\t\t\t<\/a>\n\t\t\t\t\t\t\t<\/h6>\n\t\t\t\t\t\t\t<p class=\"mkdf-iwt-text\" >Alto T\u00e2mega e Barroso, un espace touristique \u00e0 d\u00e9couvrir<\/p>\n\t\t\t<\/div>\n<\/div>[vc_empty_space height=\u00a0\u00bb40px\u00a0\u00bb][\/vc_column][vc_column width=\u00a0\u00bb1\/2&Prime; offset=\u00a0\u00bbvc_col-md-3&Prime;]<div class=\"mkdf-iwt clearfix  mkdf-iwt-icon-top mkdf-iwt-icon-medium\">\n\t<div class=\"mkdf-iwt-icon\">\n\t\t\t\t\t<a itemprop=\"url\" href=\"#\" target=\"_self\">\n\t\t\t\t\t\t\t\t\t    <span class=\"mkdf-icon-shortcode mkdf-circle   mkdf-icon-medium\" style=\"width: 100px;height: 100px;line-height: 100px;background-color: #1a9cd8\" data-color=\"#ffffff\">\n                    <span aria-hidden=\"true\" class=\"mkdf-icon-linear-icons lnr lnr-map-marker mkdf-icon-element\" style=\"color: #ffffff;font-size:34px\" ><\/span>\n                            <span class=\"mkdf-icon-shortcode-hover-layer\" ><\/span>\n            \n            <\/span>\n\t\t\t\t\t\t\t\t<\/a>\n\t\t\t<\/div>\n\t<div class=\"mkdf-iwt-content\" >\n\t\t\t\t\t<h6 class=\"mkdf-iwt-title\" >\n\t\t\t\t\t\t\t\t\t<a itemprop=\"url\" href=\"#\" target=\"_self\">\n\t\t\t\t\t\t\t\t<span class=\"mkdf-iwt-title-text\">R\u00e9gion du bien-\u00eatre<\/span>\n\t\t\t\t\t\t\t\t\t<\/a>\n\t\t\t\t\t\t\t<\/h6>\n\t\t\t\t\t\t\t<p class=\"mkdf-iwt-text\" >D\u00e9couvrez une r\u00e9gion dynamique, dont les habitants vous accueillent toujours \u00e0 bras ouverts.<\/p>\n\t\t\t<\/div>\n<\/div>[vc_empty_space height=\u00a0\u00bb40px\u00a0\u00bb][\/vc_column][\/vc_row][vc_row row_content_width=\u00a0\u00bbgrid\u00a0\u00bb css=\u00a0\u00bb.vc_custom_1680215358723{padding-top: 105px !important;padding-bottom: 110px !important;}\u00a0\u00bb parallax_background_image=\u00a0\u00bb6348&Prime;][vc_column]<div class=\"mkdf-elements-holder   mkdf-four-columns  mkdf-responsive-mode-1024 \" ><div class=\"mkdf-eh-item   mkdf-horizontal-alignment-center \"  data-item-class=\"mkdf-eh-custom-1635\"   data-768-1024=\"0 0 40px\" data-680-768=\"0 0 40px\" data-680=\"0 0 40px\">\n\t<div class=\"mkdf-eh-item-inner\">\n\t\t<div class=\"mkdf-eh-item-content mkdf-eh-custom-1635\" style=\"padding: 0\">\n\t\t\t<div class=\"mkdf-counter-holder \">\n\t<div class=\"mkdf-counter-inner\">\n\t\t\t\t\t<span class=\"mkdf-counter mkdf-random-counter\" style=\"font-size: 65px;color: #ffffff\">2921.9<\/span>\n\t\t\t\t\t\t\t\t\t\t<h6 class=\"mkdf-counter-title\" style=\"color: #ffffff\">\n\t\t\t\tSuperficie (Km2)\t\t\t<\/h6>\n\t\t\t\t\t<\/div>\n<\/div>\t\t<\/div>\n\t<\/div>\n<\/div><div class=\"mkdf-eh-item   mkdf-horizontal-alignment-center \"  data-item-class=\"mkdf-eh-custom-4092\"   data-768-1024=\"0 0 40px\" data-680-768=\"0 0 40px\" data-680=\"0 0 40px\">\n\t<div class=\"mkdf-eh-item-inner\">\n\t\t<div class=\"mkdf-eh-item-content mkdf-eh-custom-4092\" style=\"padding: 0\">\n\t\t\t<div class=\"mkdf-counter-holder \">\n\t<div class=\"mkdf-counter-inner\">\n\t\t\t\t\t<span class=\"mkdf-counter mkdf-zero-counter\" style=\"font-size: 65px;color: #ffffff\">84330<\/span>\n\t\t\t\t\t\t\t\t\t\t<h6 class=\"mkdf-counter-title\" style=\"color: #ffffff\">\n\t\t\t\tPopulation r\u00e9sidente\t\t\t<\/h6>\n\t\t\t\t\t<\/div>\n<\/div>\t\t<\/div>\n\t<\/div>\n<\/div><div class=\"mkdf-eh-item   mkdf-horizontal-alignment-center \"  data-item-class=\"mkdf-eh-custom-5013\"   data-768-1024=\"0 0 40px\" data-680-768=\"0 0 40px\" data-680=\"0 0 40px\">\n\t<div class=\"mkdf-eh-item-inner\">\n\t\t<div class=\"mkdf-eh-item-content mkdf-eh-custom-5013\" style=\"padding: 0\">\n\t\t\t<div class=\"mkdf-counter-holder \">\n\t<div class=\"mkdf-counter-inner\">\n\t\t\t\t\t<span class=\"mkdf-counter mkdf-zero-counter\" style=\"font-size: 65px;color: #ffffff\">1527<\/span>\n\t\t\t\t\t\t\t<span class=\"mkdf-counter-symbol\" style=\"font-size: 65px;color: #ffffff\">\n\t\t\tk\t\t<\/span>\n\t\t\t\t\t\t\t\t\t\t<h6 class=\"mkdf-counter-title\" style=\"color: #ffffff\">\n\t\t\t\tAltitude maximale (m)\t\t\t<\/h6>\n\t\t\t\t\t<\/div>\n<\/div>\t\t<\/div>\n\t<\/div>\n<\/div><div class=\"mkdf-eh-item   mkdf-horizontal-alignment-center \"  data-item-class=\"mkdf-eh-custom-4153\"   data-768-1024=\"0 0 40px\" data-680-768=\"0 0 40px\" data-680=\"0 0 40px\">\n\t<div class=\"mkdf-eh-item-inner\">\n\t\t<div class=\"mkdf-eh-item-content mkdf-eh-custom-4153\" style=\"padding: 0\">\n\t\t\t<div class=\"mkdf-counter-holder \">\n\t<div class=\"mkdf-counter-inner\">\n\t\t\t\t\t<span class=\"mkdf-counter mkdf-zero-counter\" style=\"font-size: 65px;color: #ffffff\">21011<\/span>\n\t\t\t\t\t\t\t\t\t\t<h6 class=\"mkdf-counter-title\" style=\"color: #ffffff\">\n\t\t\t\tZones prot\u00e9g\u00e9es (ha)\t\t\t<\/h6>\n\t\t\t\t\t<\/div>\n<\/div>\t\t<\/div>\n\t<\/div>\n<\/div><\/div>[\/vc_column][\/vc_row]<\/p>\n<\/div>","protected":false},"excerpt":{"rendered":"<p>[vc_row content_text_aligment=\u00a0\u00bbcenter\u00a0\u00bb css=\u00a0\u00bb.vc_custom_1680486215967{padding-top: 49px !important;padding-bottom: 44px !important;}\u00a0\u00bb][vc_column][vc_column_text] D\u00e9couvrez l&rsquo;Alto T\u00e2mega et le Barroso [\/vc_column_text][\/vc_column][\/vc_row][vc_row css=\u00a0\u00bb.vc_custom_1680485899998{padding-top: 50px !important;padding-bottom: 104px !important;}\u00a0\u00bb][vc_column][\/vc_column][\/vc_row][vc_row row_content_width=\u00a0\u00bbgrid\u00a0\u00bb parallax_background_image=\u00a0\u00bb6339&Prime; css=\u00a0\u00bb.vc_custom_1680214068065{padding-top: 77px !important;padding-bottom: 107px !important;}\u00a0\u00bb][vc_column][\/vc_column][\/vc_row][vc_row disable_element=\u00a0\u00bbyes\u00a0\u00bb css=\u00a0\u00bb.vc_custom_1704472626566{padding-bottom: 115px !important;}\u00a0\u00bb][vc_column][vc_empty_space height=\u00a0\u00bb20px\u00a0\u00bb][\/vc_column][\/vc_row][vc_row css=\u00a0\u00bb.vc_custom_1501857279072{padding-top: 104px !important;}\u00a0\u00bb][vc_column][\/vc_column][\/vc_row][vc_row][vc_column][\/vc_column][\/vc_row][vc_row row_content_width=\u00a0\u00bbgrid\u00a0\u00bb content_text_aligment=\u00a0\u00bbcenter\u00a0\u00bb css=\u00a0\u00bb.vc_custom_1501857402235{padding-top: 115px !important;padding-bottom: 67px [&hellip;]<\/p>\n","protected":false},"author":1,"featured_media":0,"parent":0,"menu_order":0,"comment_status":"closed","ping_status":"closed","template":"full-width.php","meta":[],"_links":{"self":[{"href":"https:\/\/visitaltotamegaebarroso.pt\/fr\/wp-json\/wp\/v2\/pages\/10641"}],"collection":[{"href":"https:\/\/visitaltotamegaebarroso.pt\/fr\/wp-json\/wp\/v2\/pages"}],"about":[{"href":"https:\/\/visitaltotamegaebarroso.pt\/fr\/wp-json\/wp\/v2\/types\/page"}],"author":[{"embeddable":true,"href":"https:\/\/visitaltotamegaebarroso.pt\/fr\/wp-json\/wp\/v2\/users\/1"}],"replies":[{"embeddable":true,"href":"https:\/\/visitaltotamegaebarroso.pt\/fr\/wp-json\/wp\/v2\/comments?post=10641"}],"version-history":[{"count":6,"href":"https:\/\/visitaltotamegaebarroso.pt\/fr\/wp-json\/wp\/v2\/pages\/10641\/revisions"}],"predecessor-version":[{"id":24856,"href":"https:\/\/visitaltotamegaebarroso.pt\/fr\/wp-json\/wp\/v2\/pages\/10641\/revisions\/24856"}],"wp:attachment":[{"href":"https:\/\/visitaltotamegaebarroso.pt\/fr\/wp-json\/wp\/v2\/media?parent=10641"}],"curies":[{"name":"wp","href":"https:\/\/api.w.org\/{rel}","templated":true}]}}