{"id":49388,"date":"2026-09-03T12:09:33","date_gmt":"2026-09-03T11:09:33","guid":{"rendered":"https:\/\/visitaltotamegaebarroso.pt\/?post_type=mec-events&#038;p=49388"},"modified":"2026-09-03T15:42:14","modified_gmt":"2026-09-03T14:42:14","slug":"chaves-chaves-lheure-des-contes-lamour-qui-bat-dans-le-coeur","status":"publish","type":"mec-events","link":"https:\/\/visitaltotamegaebarroso.pt\/fr\/events\/chaves-chaves-lheure-des-contes-lamour-qui-bat-dans-le-coeur\/","title":{"rendered":"Chaves | Chaves | L&rsquo;heure des contes &#8211; \u00ab L&rsquo;amour qui bat dans le c\u0153ur \u00bb"},"content":{"rendered":"<p>La biblioth\u00e8que propose aux plus jeunes une heure de d\u00e9couverte et d\u2019imagination, dans le cadre de la promotion de la lecture, afin d\u2019encourager le partage de livres.<\/p>\n<p>\u00ab L\u2019amour qui bat dans le c\u0153ur \u00bb, texte et illustrations de Jane Chapman. \u00ab Le petit ours a cass\u00e9 la plante pr\u00e9f\u00e9r\u00e9e de sa maman. Et si elle cessait de l\u2019aimer comme avant ? \u00bb<\/p>\n<p>Public vis\u00e9 : cycle primaire.<\/p>\n<p>Inscription pr\u00e9alable obligatoire via les coordonn\u00e9es suivantes : 276 309 380 ou par e-mail : biblioteca.municipal@chaves.pt<\/p>\n<p>Organis\u00e9 par : la municipalit\u00e9 de Chaves<\/p>\n","protected":false},"excerpt":{"rendered":"<p>La biblioth\u00e8que propose aux plus jeunes une heure de d\u00e9couverte et d\u2019imagination, dans le cadre de la promotion de la lecture, afin d\u2019encourager le partage de livres. \u00ab L\u2019amour qui bat dans le c\u0153ur \u00bb, texte et illustrations de Jane [&hellip;]<\/p>\n","protected":false},"author":6,"featured_media":49384,"comment_status":"closed","ping_status":"closed","template":"","tags":[],"mec_category":[715,1521],"_links":{"self":[{"href":"https:\/\/visitaltotamegaebarroso.pt\/fr\/wp-json\/wp\/v2\/mec-events\/49388"}],"collection":[{"href":"https:\/\/visitaltotamegaebarroso.pt\/fr\/wp-json\/wp\/v2\/mec-events"}],"about":[{"href":"https:\/\/visitaltotamegaebarroso.pt\/fr\/wp-json\/wp\/v2\/types\/mec-events"}],"author":[{"embeddable":true,"href":"https:\/\/visitaltotamegaebarroso.pt\/fr\/wp-json\/wp\/v2\/users\/6"}],"replies":[{"embeddable":true,"href":"https:\/\/visitaltotamegaebarroso.pt\/fr\/wp-json\/wp\/v2\/comments?post=49388"}],"wp:featuredmedia":[{"embeddable":true,"href":"https:\/\/visitaltotamegaebarroso.pt\/fr\/wp-json\/wp\/v2\/media\/49384"}],"wp:attachment":[{"href":"https:\/\/visitaltotamegaebarroso.pt\/fr\/wp-json\/wp\/v2\/media?parent=49388"}],"wp:term":[{"taxonomy":"post_tag","embeddable":true,"href":"https:\/\/visitaltotamegaebarroso.pt\/fr\/wp-json\/wp\/v2\/tags?post=49388"},{"taxonomy":"mec_category","embeddable":true,"href":"https:\/\/visitaltotamegaebarroso.pt\/fr\/wp-json\/wp\/v2\/mec_category?post=49388"}],"curies":[{"name":"wp","href":"https:\/\/api.w.org\/{rel}","templated":true}]}}