{"id":49358,"date":"2026-09-01T15:00:27","date_gmt":"2026-09-01T14:00:27","guid":{"rendered":"https:\/\/visitaltotamegaebarroso.pt\/events\/chaves-nos-artistes-fernando-dias\/"},"modified":"2026-09-01T15:00:27","modified_gmt":"2026-09-01T14:00:27","slug":"chaves-nos-artistes-fernando-dias","status":"publish","type":"mec-events","link":"https:\/\/visitaltotamegaebarroso.pt\/fr\/events\/chaves-nos-artistes-fernando-dias\/","title":{"rendered":"Chaves | Nos artistes &#8211; Fernando Dias"},"content":{"rendered":"<p>\u00c0 la d\u00e9couverte du regard artistique de Fernando Dias, originaire de Chaves, la salle polyvalente de la biblioth\u00e8que municipale accueille, tout au long du mois de septembre, l\u2019exposition \u00ab Perspective monochromatique \u00bb. S\u2019inscrivant dans le cycle \u00ab Nos artistes \u00bb, cette exposition sera ouverte au public jusqu\u2019au 29 septembre, avec un vernissage pr\u00e9vu demain, mercredi 2 septembre, \u00e0 17 h 30.<\/p>\n<p>\u00ab Perspective monochromatique \u00bb est le fruit du processus de recherche artistique actuel de l\u2019artiste, ax\u00e9 principalement sur le perfectionnement de la technique de l\u2019aquarelle et sur l\u2019exploration d\u2019une seule teinte.<\/p>\n","protected":false},"excerpt":{"rendered":"<p>\u00c0 la d\u00e9couverte du regard artistique de Fernando Dias, originaire de Chaves, la salle polyvalente de la biblioth\u00e8que municipale accueille, tout au long du mois de septembre, l\u2019exposition \u00ab Perspective monochromatique \u00bb. S\u2019inscrivant dans le cycle \u00ab Nos artistes \u00bb, [&hellip;]<\/p>\n","protected":false},"author":7,"featured_media":49354,"comment_status":"closed","ping_status":"closed","template":"","tags":[],"mec_category":[1666],"_links":{"self":[{"href":"https:\/\/visitaltotamegaebarroso.pt\/fr\/wp-json\/wp\/v2\/mec-events\/49358"}],"collection":[{"href":"https:\/\/visitaltotamegaebarroso.pt\/fr\/wp-json\/wp\/v2\/mec-events"}],"about":[{"href":"https:\/\/visitaltotamegaebarroso.pt\/fr\/wp-json\/wp\/v2\/types\/mec-events"}],"author":[{"embeddable":true,"href":"https:\/\/visitaltotamegaebarroso.pt\/fr\/wp-json\/wp\/v2\/users\/7"}],"replies":[{"embeddable":true,"href":"https:\/\/visitaltotamegaebarroso.pt\/fr\/wp-json\/wp\/v2\/comments?post=49358"}],"wp:featuredmedia":[{"embeddable":true,"href":"https:\/\/visitaltotamegaebarroso.pt\/fr\/wp-json\/wp\/v2\/media\/49354"}],"wp:attachment":[{"href":"https:\/\/visitaltotamegaebarroso.pt\/fr\/wp-json\/wp\/v2\/media?parent=49358"}],"wp:term":[{"taxonomy":"post_tag","embeddable":true,"href":"https:\/\/visitaltotamegaebarroso.pt\/fr\/wp-json\/wp\/v2\/tags?post=49358"},{"taxonomy":"mec_category","embeddable":true,"href":"https:\/\/visitaltotamegaebarroso.pt\/fr\/wp-json\/wp\/v2\/mec_category?post=49358"}],"curies":[{"name":"wp","href":"https:\/\/api.w.org\/{rel}","templated":true}]}}