{"id":49188,"date":"2026-08-17T15:35:23","date_gmt":"2026-08-17T14:35:23","guid":{"rendered":"https:\/\/visitaltotamegaebarroso.pt\/?post_type=mec-events&#038;p=49188"},"modified":"2026-08-17T15:39:26","modified_gmt":"2026-08-17T14:39:26","slug":"valpacos-portugalite-eloignement-de-carlos-dias","status":"publish","type":"mec-events","link":"https:\/\/visitaltotamegaebarroso.pt\/fr\/events\/valpacos-portugalite-eloignement-de-carlos-dias\/","title":{"rendered":"Valpa\u00e7os | \u00ab Portugalit\u00e9\/\u00c9loignement \u00bb, de Carlos Dias"},"content":{"rendered":"<p>\u00c0 travers la peinture, l\u2019artiste explore les concepts d\u2019identit\u00e9, d\u2019appartenance et de distance, invitant \u00e0 une r\u00e9flexion sur le lien \u00e9motionnel et culturel avec le Portugal. Les paysages, les couleurs et les nuances pr\u00e9sents dans les \u0153uvres invitent le public \u00e0 d\u00e9couvrir diff\u00e9rentes fa\u00e7ons de ressentir et d\u2019interpr\u00e9ter la portugalit\u00e9.<\/p>\n<p>Une occasion de d\u00e9couvrir le travail et la sensibilit\u00e9 artistique de Carlos Dias, dans un espace d\u00e9di\u00e9 \u00e0 la culture et \u00e0 l&rsquo;art.<\/p>\n<p>Visitez l&rsquo;exposition et laissez-vous emporter par ce voyage entre l&rsquo;identit\u00e9 portugaise et l&rsquo;\u00e9loignement.<\/p>\n","protected":false},"excerpt":{"rendered":"<p>\u00c0 travers la peinture, l\u2019artiste explore les concepts d\u2019identit\u00e9, d\u2019appartenance et de distance, invitant \u00e0 une r\u00e9flexion sur le lien \u00e9motionnel et culturel avec le Portugal. Les paysages, les couleurs et les nuances pr\u00e9sents dans les \u0153uvres invitent le public [&hellip;]<\/p>\n","protected":false},"author":6,"featured_media":49184,"comment_status":"closed","ping_status":"closed","template":"","tags":[],"mec_category":[1666],"_links":{"self":[{"href":"https:\/\/visitaltotamegaebarroso.pt\/fr\/wp-json\/wp\/v2\/mec-events\/49188"}],"collection":[{"href":"https:\/\/visitaltotamegaebarroso.pt\/fr\/wp-json\/wp\/v2\/mec-events"}],"about":[{"href":"https:\/\/visitaltotamegaebarroso.pt\/fr\/wp-json\/wp\/v2\/types\/mec-events"}],"author":[{"embeddable":true,"href":"https:\/\/visitaltotamegaebarroso.pt\/fr\/wp-json\/wp\/v2\/users\/6"}],"replies":[{"embeddable":true,"href":"https:\/\/visitaltotamegaebarroso.pt\/fr\/wp-json\/wp\/v2\/comments?post=49188"}],"wp:featuredmedia":[{"embeddable":true,"href":"https:\/\/visitaltotamegaebarroso.pt\/fr\/wp-json\/wp\/v2\/media\/49184"}],"wp:attachment":[{"href":"https:\/\/visitaltotamegaebarroso.pt\/fr\/wp-json\/wp\/v2\/media?parent=49188"}],"wp:term":[{"taxonomy":"post_tag","embeddable":true,"href":"https:\/\/visitaltotamegaebarroso.pt\/fr\/wp-json\/wp\/v2\/tags?post=49188"},{"taxonomy":"mec_category","embeddable":true,"href":"https:\/\/visitaltotamegaebarroso.pt\/fr\/wp-json\/wp\/v2\/mec_category?post=49188"}],"curies":[{"name":"wp","href":"https:\/\/api.w.org\/{rel}","templated":true}]}}