{"id":49042,"date":"2026-08-06T17:56:03","date_gmt":"2026-08-06T16:56:03","guid":{"rendered":"https:\/\/visitaltotamegaebarroso.pt\/?post_type=mec-events&#038;p=49042"},"modified":"2026-08-06T17:59:21","modified_gmt":"2026-08-06T16:59:21","slug":"montalegre-fritz-simoneta","status":"publish","type":"mec-events","link":"https:\/\/visitaltotamegaebarroso.pt\/fr\/events\/montalegre-fritz-simoneta\/","title":{"rendered":"Montalegre | Fritz Simoneta"},"content":{"rendered":"<p>Deux expositions, un m\u00eame regard.<\/p>\n<p>Entre contes r\u00e9invent\u00e9s et la force de la montagne, l\u2019artiste Fritz Simoneta pr\u00e9sente deux expositions qui invitent le public \u00e0 plonger dans un univers m\u00ealant imagination, m\u00e9moire et nature.<br \/>\n\u00ab Le Loup et le Petit Chaperon rouge (sans adjectifs) \u00bb et \u00ab Femme Montagne \u00bb seront pr\u00e9sent\u00e9es \u00e0 l\u2019\u00c9comus\u00e9e de Barroso \u2013 Espace Padre Fontes, \u00e0 Montalegre, du 15 ao\u00fbt au 15 septembre 2026.<br \/>\nUne occasion de d\u00e9couvrir deux approches distinctes, marqu\u00e9es par la sensibilit\u00e9 et le trait singulier de l\u2019artiste, dans une exp\u00e9rience d\u2019exposition qui \u00e9tablit un dialogue entre l\u2019univers des contes et l\u2019identit\u00e9 du paysage.<\/p>\n<p>Venez nous rendre visite et laissez-vous surprendre.<\/p>\n","protected":false},"excerpt":{"rendered":"<p>Deux expositions, un m\u00eame regard. Entre contes r\u00e9invent\u00e9s et la force de la montagne, l\u2019artiste Fritz Simoneta pr\u00e9sente deux expositions qui invitent le public \u00e0 plonger dans un univers m\u00ealant imagination, m\u00e9moire et nature. \u00ab Le Loup et le Petit [&hellip;]<\/p>\n","protected":false},"author":6,"featured_media":49038,"comment_status":"closed","ping_status":"closed","template":"","tags":[],"mec_category":[1666],"_links":{"self":[{"href":"https:\/\/visitaltotamegaebarroso.pt\/fr\/wp-json\/wp\/v2\/mec-events\/49042"}],"collection":[{"href":"https:\/\/visitaltotamegaebarroso.pt\/fr\/wp-json\/wp\/v2\/mec-events"}],"about":[{"href":"https:\/\/visitaltotamegaebarroso.pt\/fr\/wp-json\/wp\/v2\/types\/mec-events"}],"author":[{"embeddable":true,"href":"https:\/\/visitaltotamegaebarroso.pt\/fr\/wp-json\/wp\/v2\/users\/6"}],"replies":[{"embeddable":true,"href":"https:\/\/visitaltotamegaebarroso.pt\/fr\/wp-json\/wp\/v2\/comments?post=49042"}],"wp:featuredmedia":[{"embeddable":true,"href":"https:\/\/visitaltotamegaebarroso.pt\/fr\/wp-json\/wp\/v2\/media\/49038"}],"wp:attachment":[{"href":"https:\/\/visitaltotamegaebarroso.pt\/fr\/wp-json\/wp\/v2\/media?parent=49042"}],"wp:term":[{"taxonomy":"post_tag","embeddable":true,"href":"https:\/\/visitaltotamegaebarroso.pt\/fr\/wp-json\/wp\/v2\/tags?post=49042"},{"taxonomy":"mec_category","embeddable":true,"href":"https:\/\/visitaltotamegaebarroso.pt\/fr\/wp-json\/wp\/v2\/mec_category?post=49042"}],"curies":[{"name":"wp","href":"https:\/\/api.w.org\/{rel}","templated":true}]}}