{"id":48976,"date":"2026-08-04T17:17:59","date_gmt":"2026-08-04T16:17:59","guid":{"rendered":"https:\/\/visitaltotamegaebarroso.pt\/?post_type=mec-events&#038;p=48976"},"modified":"2026-08-04T17:19:52","modified_gmt":"2026-08-04T16:19:52","slug":"montalegre-au-dela-de-la-montagne","status":"publish","type":"mec-events","link":"https:\/\/visitaltotamegaebarroso.pt\/fr\/events\/montalegre-au-dela-de-la-montagne\/","title":{"rendered":"Montalegre | Au-del\u00e0 de la montagne"},"content":{"rendered":"<p>Le temps de nos traditions s\u00e9culaires continue d\u2019\u00eatre immortalis\u00e9 par l\u2019objectif de Tiago. Au nom de l\u2019Association Vezeira et des habitants de Fafi, nous lui exprimons notre gratitude pour ces \u00ab choses \u00bb qui pourraient un jour \u2013 esp\u00e9rons que ce ne soit pas le cas \u2013 dispara\u00eetre. Une exposition exceptionnelle, sign\u00e9e par l\u2019artiste, est pr\u00e9sent\u00e9e dans notre \u00e9comus\u00e9e ; elle a pu \u00eatre admir\u00e9e et red\u00e9couverte avec une attention toute particuli\u00e8re jusqu\u2019au 5 octobre.<\/p>\n<p>La \u00ab Vezeira das Vacas \u00bb reste une ic\u00f4ne de notre village ancr\u00e9 dans les traditions ; si vous en avez l\u2019occasion, venez la d\u00e9couvrir. Voici le t\u00e9moignage de M. Guilherme, l\u2019un des plus anciens \u00ab Vezeireiros \u00bb qui pers\u00e9v\u00e8re avec obstination. Et nous aussi, fi\u00e8rement, nous pers\u00e9v\u00e9rons.<\/p>\n","protected":false},"excerpt":{"rendered":"<p>Le temps de nos traditions s\u00e9culaires continue d\u2019\u00eatre immortalis\u00e9 par l\u2019objectif de Tiago. Au nom de l\u2019Association Vezeira et des habitants de Fafi, nous lui exprimons notre gratitude pour ces \u00ab choses \u00bb qui pourraient un jour \u2013 esp\u00e9rons que [&hellip;]<\/p>\n","protected":false},"author":8,"featured_media":48972,"comment_status":"closed","ping_status":"closed","template":"","tags":[],"mec_category":[1666],"_links":{"self":[{"href":"https:\/\/visitaltotamegaebarroso.pt\/fr\/wp-json\/wp\/v2\/mec-events\/48976"}],"collection":[{"href":"https:\/\/visitaltotamegaebarroso.pt\/fr\/wp-json\/wp\/v2\/mec-events"}],"about":[{"href":"https:\/\/visitaltotamegaebarroso.pt\/fr\/wp-json\/wp\/v2\/types\/mec-events"}],"author":[{"embeddable":true,"href":"https:\/\/visitaltotamegaebarroso.pt\/fr\/wp-json\/wp\/v2\/users\/8"}],"replies":[{"embeddable":true,"href":"https:\/\/visitaltotamegaebarroso.pt\/fr\/wp-json\/wp\/v2\/comments?post=48976"}],"wp:featuredmedia":[{"embeddable":true,"href":"https:\/\/visitaltotamegaebarroso.pt\/fr\/wp-json\/wp\/v2\/media\/48972"}],"wp:attachment":[{"href":"https:\/\/visitaltotamegaebarroso.pt\/fr\/wp-json\/wp\/v2\/media?parent=48976"}],"wp:term":[{"taxonomy":"post_tag","embeddable":true,"href":"https:\/\/visitaltotamegaebarroso.pt\/fr\/wp-json\/wp\/v2\/tags?post=48976"},{"taxonomy":"mec_category","embeddable":true,"href":"https:\/\/visitaltotamegaebarroso.pt\/fr\/wp-json\/wp\/v2\/mec_category?post=48976"}],"curies":[{"name":"wp","href":"https:\/\/api.w.org\/{rel}","templated":true}]}}