{"id":40008,"date":"2025-07-02T15:55:51","date_gmt":"2025-07-02T14:55:51","guid":{"rendered":"https:\/\/visitaltotamegaebarroso.pt\/events\/chaves-universo-cartonero\/"},"modified":"2025-07-02T15:55:51","modified_gmt":"2025-07-02T14:55:51","slug":"chaves-universo-cartonero","status":"publish","type":"mec-events","link":"https:\/\/visitaltotamegaebarroso.pt\/fr\/events\/chaves-universo-cartonero\/","title":{"rendered":"Chaves | Universo Cartonero"},"content":{"rendered":"<p>Le TEF et l&rsquo;ADRAT &#8211; Associa\u00e7\u00e3o de Desenvolvimento da Regi\u00e3o do Alto T\u00e2mega (Association de d\u00e9veloppement de la r\u00e9gion de l&rsquo;Alto T\u00e2mega) accueillent \u00e0 Chaves l&rsquo;exposition \u00ab Universo Cartonero \u00bb (Univers du cartonnier), dans le cadre de la Route du livre du cartonnier. Cette exposition, promue par ANIMAR, Casa da Esquina et Vento Norte Cartonero, en collaboration avec Multinacional Cartonera, pr\u00e9sente un voyage dans l&rsquo;univers des \u00e9diteurs de cartons, valorisant l&rsquo;\u00e9dition ind\u00e9pendante, la cr\u00e9ativit\u00e9 collective et l&rsquo;engagement en faveur de pratiques durables dans le monde du livre.<\/p>\n<p>L&rsquo;exposition sera officiellement inaugur\u00e9e le 1er juillet \u00e0 18 heures au Cineteatro Bento Martins.<\/p>\n","protected":false},"excerpt":{"rendered":"<p>Le TEF et l&rsquo;ADRAT &#8211; Associa\u00e7\u00e3o de Desenvolvimento da Regi\u00e3o do Alto T\u00e2mega (Association de d\u00e9veloppement de la r\u00e9gion de l&rsquo;Alto T\u00e2mega) accueillent \u00e0 Chaves l&rsquo;exposition \u00ab Universo Cartonero \u00bb (Univers du cartonnier), dans le cadre de la Route du [&hellip;]<\/p>\n","protected":false},"author":5,"featured_media":40004,"comment_status":"closed","ping_status":"closed","template":"","tags":[],"mec_category":[1666],"_links":{"self":[{"href":"https:\/\/visitaltotamegaebarroso.pt\/fr\/wp-json\/wp\/v2\/mec-events\/40008"}],"collection":[{"href":"https:\/\/visitaltotamegaebarroso.pt\/fr\/wp-json\/wp\/v2\/mec-events"}],"about":[{"href":"https:\/\/visitaltotamegaebarroso.pt\/fr\/wp-json\/wp\/v2\/types\/mec-events"}],"author":[{"embeddable":true,"href":"https:\/\/visitaltotamegaebarroso.pt\/fr\/wp-json\/wp\/v2\/users\/5"}],"replies":[{"embeddable":true,"href":"https:\/\/visitaltotamegaebarroso.pt\/fr\/wp-json\/wp\/v2\/comments?post=40008"}],"wp:featuredmedia":[{"embeddable":true,"href":"https:\/\/visitaltotamegaebarroso.pt\/fr\/wp-json\/wp\/v2\/media\/40004"}],"wp:attachment":[{"href":"https:\/\/visitaltotamegaebarroso.pt\/fr\/wp-json\/wp\/v2\/media?parent=40008"}],"wp:term":[{"taxonomy":"post_tag","embeddable":true,"href":"https:\/\/visitaltotamegaebarroso.pt\/fr\/wp-json\/wp\/v2\/tags?post=40008"},{"taxonomy":"mec_category","embeddable":true,"href":"https:\/\/visitaltotamegaebarroso.pt\/fr\/wp-json\/wp\/v2\/mec_category?post=40008"}],"curies":[{"name":"wp","href":"https:\/\/api.w.org\/{rel}","templated":true}]}}