{"id":38362,"date":"2025-05-10T11:20:47","date_gmt":"2025-05-10T10:20:47","guid":{"rendered":"https:\/\/visitaltotamegaebarroso.pt\/events\/chaves-donner-de-la-joie-aux-annees-mes-souvenirs\/"},"modified":"2025-05-10T11:20:47","modified_gmt":"2025-05-10T10:20:47","slug":"chaves-donner-de-la-joie-aux-annees-mes-souvenirs","status":"publish","type":"mec-events","link":"https:\/\/visitaltotamegaebarroso.pt\/fr\/events\/chaves-donner-de-la-joie-aux-annees-mes-souvenirs\/","title":{"rendered":"Chaves | Donner de la joie aux ann\u00e9es &#8211; Mes souvenirs"},"content":{"rendered":"<p>Sous la devise \u00ab Mes souvenirs \u201c, le march\u00e9 municipal accueillera le dimanche 11 mai un nouvel \u00e9v\u00e9nement social pour les personnes \u00e2g\u00e9es, \u201d Dar Alegria aos Anos \u00bb, une activit\u00e9 ludique qui se d\u00e9roulera entre 15h00 et 18h00.<br \/>\nL&rsquo;\u00e9v\u00e9nement, qui sera anim\u00e9 par le groupe \u00ab Duo Alturas \u00bb, vise \u00e0 renforcer la dynamique interg\u00e9n\u00e9rationnelle dans le cadre de la promotion de la sant\u00e9, de l&rsquo;autonomie et de l&rsquo;int\u00e9gration.<\/p>\n","protected":false},"excerpt":{"rendered":"<p>Sous la devise \u00ab Mes souvenirs \u201c, le march\u00e9 municipal accueillera le dimanche 11 mai un nouvel \u00e9v\u00e9nement social pour les personnes \u00e2g\u00e9es, \u201d Dar Alegria aos Anos \u00bb, une activit\u00e9 ludique qui se d\u00e9roulera entre 15h00 et 18h00. L&rsquo;\u00e9v\u00e9nement, [&hellip;]<\/p>\n","protected":false},"author":5,"featured_media":38358,"comment_status":"closed","ping_status":"closed","template":"","tags":[],"mec_category":[715],"_links":{"self":[{"href":"https:\/\/visitaltotamegaebarroso.pt\/fr\/wp-json\/wp\/v2\/mec-events\/38362"}],"collection":[{"href":"https:\/\/visitaltotamegaebarroso.pt\/fr\/wp-json\/wp\/v2\/mec-events"}],"about":[{"href":"https:\/\/visitaltotamegaebarroso.pt\/fr\/wp-json\/wp\/v2\/types\/mec-events"}],"author":[{"embeddable":true,"href":"https:\/\/visitaltotamegaebarroso.pt\/fr\/wp-json\/wp\/v2\/users\/5"}],"replies":[{"embeddable":true,"href":"https:\/\/visitaltotamegaebarroso.pt\/fr\/wp-json\/wp\/v2\/comments?post=38362"}],"wp:featuredmedia":[{"embeddable":true,"href":"https:\/\/visitaltotamegaebarroso.pt\/fr\/wp-json\/wp\/v2\/media\/38358"}],"wp:attachment":[{"href":"https:\/\/visitaltotamegaebarroso.pt\/fr\/wp-json\/wp\/v2\/media?parent=38362"}],"wp:term":[{"taxonomy":"post_tag","embeddable":true,"href":"https:\/\/visitaltotamegaebarroso.pt\/fr\/wp-json\/wp\/v2\/tags?post=38362"},{"taxonomy":"mec_category","embeddable":true,"href":"https:\/\/visitaltotamegaebarroso.pt\/fr\/wp-json\/wp\/v2\/mec_category?post=38362"}],"curies":[{"name":"wp","href":"https:\/\/api.w.org\/{rel}","templated":true}]}}