{"id":38256,"date":"2025-05-07T15:53:25","date_gmt":"2025-05-07T14:53:25","guid":{"rendered":"https:\/\/visitaltotamegaebarroso.pt\/events\/chaves-concert-caelestis-par-lorchestre-a-vent-de-la-caa\/"},"modified":"2025-05-07T15:53:25","modified_gmt":"2025-05-07T14:53:25","slug":"chaves-concert-caelestis-par-lorchestre-a-vent-de-la-caa","status":"publish","type":"mec-events","link":"https:\/\/visitaltotamegaebarroso.pt\/fr\/events\/chaves-concert-caelestis-par-lorchestre-a-vent-de-la-caa\/","title":{"rendered":"Chaves | Concert \u00ab Caelestis \u00bb par l&rsquo;orchestre \u00e0 vent de la CAA"},"content":{"rendered":"<p>Malgr\u00e9 les erreurs commises par l&rsquo;humanit\u00e9 au fil du temps &#8211; que ce soit par la destruction de l&rsquo;environnement, la violence ou l&rsquo;indiff\u00e9rence \u00e0 la douleur d&rsquo;autrui &#8211; la musique nous a toujours rappel\u00e9 la possibilit\u00e9 de r\u00e9demption et d&rsquo;espoir.<br \/>\nDans les \u0153uvres de compositeurs tels que Gillingham et Maslanka, nous ressentons une tension constante entre les difficult\u00e9s et la recherche d&rsquo;une nouvelle conscience. Gillingham, avec son \u00e9nergie vibrante et ses d\u00e9fis harmoniques, et Maslanka, avec son expression vive et intense, sugg\u00e8rent que, quel que soit le degr\u00e9 d&rsquo;obscurit\u00e9 de notre parcours, il y a toujours la possibilit\u00e9 d&rsquo;une transformation, d&rsquo;un \u00e9veil \u00e0 ce qui compte vraiment.<\/p>\n<p>C&rsquo;est dans ce m\u00eame esprit de renouveau que Lu\u00eds Matos se pr\u00e9pare \u00e0 cr\u00e9er le concerto pour hautbois du compositeur Mart\u00ednez Gallego. Le concerto de Gallego, avec son m\u00e9lange de sons novateurs et d&rsquo;expressions traditionnelles, refl\u00e8te l&rsquo;id\u00e9e que, m\u00eame si les temps sont difficiles, l&rsquo;art et la musique peuvent \u00eatre le vecteur d&rsquo;un r\u00e9veil collectif.<\/p>\n<p>AAChaves Wind Orchestra<br \/>\nLuis Matos &#8211; Hautbois Solo<br \/>\nLuciano Pereira &#8211; Chef d&rsquo;orchestre<\/p>\n<p>Organis\u00e9 par : Alma.Alta et Academia de Artes de Chaves<br \/>\nSoutien : Municipalit\u00e9 de Chaves<\/p>\n","protected":false},"excerpt":{"rendered":"<p>Malgr\u00e9 les erreurs commises par l&rsquo;humanit\u00e9 au fil du temps &#8211; que ce soit par la destruction de l&rsquo;environnement, la violence ou l&rsquo;indiff\u00e9rence \u00e0 la douleur d&rsquo;autrui &#8211; la musique nous a toujours rappel\u00e9 la possibilit\u00e9 de r\u00e9demption et d&rsquo;espoir. [&hellip;]<\/p>\n","protected":false},"author":5,"featured_media":38252,"comment_status":"closed","ping_status":"closed","template":"","tags":[],"mec_category":[1443],"_links":{"self":[{"href":"https:\/\/visitaltotamegaebarroso.pt\/fr\/wp-json\/wp\/v2\/mec-events\/38256"}],"collection":[{"href":"https:\/\/visitaltotamegaebarroso.pt\/fr\/wp-json\/wp\/v2\/mec-events"}],"about":[{"href":"https:\/\/visitaltotamegaebarroso.pt\/fr\/wp-json\/wp\/v2\/types\/mec-events"}],"author":[{"embeddable":true,"href":"https:\/\/visitaltotamegaebarroso.pt\/fr\/wp-json\/wp\/v2\/users\/5"}],"replies":[{"embeddable":true,"href":"https:\/\/visitaltotamegaebarroso.pt\/fr\/wp-json\/wp\/v2\/comments?post=38256"}],"wp:featuredmedia":[{"embeddable":true,"href":"https:\/\/visitaltotamegaebarroso.pt\/fr\/wp-json\/wp\/v2\/media\/38252"}],"wp:attachment":[{"href":"https:\/\/visitaltotamegaebarroso.pt\/fr\/wp-json\/wp\/v2\/media?parent=38256"}],"wp:term":[{"taxonomy":"post_tag","embeddable":true,"href":"https:\/\/visitaltotamegaebarroso.pt\/fr\/wp-json\/wp\/v2\/tags?post=38256"},{"taxonomy":"mec_category","embeddable":true,"href":"https:\/\/visitaltotamegaebarroso.pt\/fr\/wp-json\/wp\/v2\/mec_category?post=38256"}],"curies":[{"name":"wp","href":"https:\/\/api.w.org\/{rel}","templated":true}]}}