{"id":38014,"date":"2025-04-17T16:43:46","date_gmt":"2025-04-17T15:43:46","guid":{"rendered":"https:\/\/visitaltotamegaebarroso.pt\/events\/valpacos-baja-tt-norte-de-portugal\/"},"modified":"2025-04-17T16:43:46","modified_gmt":"2025-04-17T15:43:46","slug":"valpacos-baja-tt-norte-de-portugal","status":"publish","type":"mec-events","link":"https:\/\/visitaltotamegaebarroso.pt\/fr\/events\/valpacos-baja-tt-norte-de-portugal\/","title":{"rendered":"Valpa\u00e7os | Baja TT Norte de Portugal"},"content":{"rendered":"<p>L&rsquo;\u00e9v\u00e9nement sportif Baja TT Norte de Portugal, organis\u00e9 par CAMI Motorsport, est de retour \u00e0 Valpa\u00e7os pour une nouvelle \u00e9dition couronn\u00e9e de succ\u00e8s. L&rsquo;\u00e9v\u00e9nement sportif, qui compte pour le championnat portugais de cross-country, la coupe portugaise de cross-country FMP et la coupe ib\u00e9rique de cross-country, se d\u00e9roulera les 25, 26 et 27 avril, avec pour centre n\u00e9vralgique Valpa\u00e7os.<\/p>\n<p>Pour la premi\u00e8re fois en trois \u00e9ditions, les amateurs de ce sport pourront assister \u00e0 des courses de voitures et de motos, qui se d\u00e9rouleront entre les municipalit\u00e9s de Valpa\u00e7os, Macedo de Cavaleiros, Mur\u00e7a et Vimioso.<\/p>\n<p>Ne manquez pas ces trois jours d&rsquo;adr\u00e9naline pure et de nombreux fans, tant nationaux qu&rsquo;espagnols, pour voir ce qui se fait de mieux en mati\u00e8re de courses tout-terrain.<\/p>\n","protected":false},"excerpt":{"rendered":"<p>L&rsquo;\u00e9v\u00e9nement sportif Baja TT Norte de Portugal, organis\u00e9 par CAMI Motorsport, est de retour \u00e0 Valpa\u00e7os pour une nouvelle \u00e9dition couronn\u00e9e de succ\u00e8s. L&rsquo;\u00e9v\u00e9nement sportif, qui compte pour le championnat portugais de cross-country, la coupe portugaise de cross-country FMP et [&hellip;]<\/p>\n","protected":false},"author":5,"featured_media":38010,"comment_status":"closed","ping_status":"closed","template":"","tags":[],"mec_category":[721],"_links":{"self":[{"href":"https:\/\/visitaltotamegaebarroso.pt\/fr\/wp-json\/wp\/v2\/mec-events\/38014"}],"collection":[{"href":"https:\/\/visitaltotamegaebarroso.pt\/fr\/wp-json\/wp\/v2\/mec-events"}],"about":[{"href":"https:\/\/visitaltotamegaebarroso.pt\/fr\/wp-json\/wp\/v2\/types\/mec-events"}],"author":[{"embeddable":true,"href":"https:\/\/visitaltotamegaebarroso.pt\/fr\/wp-json\/wp\/v2\/users\/5"}],"replies":[{"embeddable":true,"href":"https:\/\/visitaltotamegaebarroso.pt\/fr\/wp-json\/wp\/v2\/comments?post=38014"}],"wp:featuredmedia":[{"embeddable":true,"href":"https:\/\/visitaltotamegaebarroso.pt\/fr\/wp-json\/wp\/v2\/media\/38010"}],"wp:attachment":[{"href":"https:\/\/visitaltotamegaebarroso.pt\/fr\/wp-json\/wp\/v2\/media?parent=38014"}],"wp:term":[{"taxonomy":"post_tag","embeddable":true,"href":"https:\/\/visitaltotamegaebarroso.pt\/fr\/wp-json\/wp\/v2\/tags?post=38014"},{"taxonomy":"mec_category","embeddable":true,"href":"https:\/\/visitaltotamegaebarroso.pt\/fr\/wp-json\/wp\/v2\/mec_category?post=38014"}],"curies":[{"name":"wp","href":"https:\/\/api.w.org\/{rel}","templated":true}]}}