{"id":37836,"date":"2025-04-14T14:59:16","date_gmt":"2025-04-14T13:59:16","guid":{"rendered":"https:\/\/visitaltotamegaebarroso.pt\/events\/ribeira-de-pena-celebrations-du-25-avril-2\/"},"modified":"2025-04-14T14:59:16","modified_gmt":"2025-04-14T13:59:16","slug":"ribeira-de-pena-celebrations-du-25-avril-2","status":"publish","type":"mec-events","link":"https:\/\/visitaltotamegaebarroso.pt\/fr\/events\/ribeira-de-pena-celebrations-du-25-avril-2\/","title":{"rendered":"Ribeira de Pena | C\u00e9l\u00e9brations du 25 avril"},"content":{"rendered":"<p>La municipalit\u00e9 de Ribeira de Pena c\u00e9l\u00e8bre le 25 avril avec un programme d\u00e9di\u00e9 \u00e0 la libert\u00e9, \u00e0 la d\u00e9mocratie et \u00e0 l&rsquo;histoire.<br \/>\nLes c\u00e9l\u00e9brations d\u00e9buteront le 21 avril avec l&rsquo;inauguration de l&rsquo;exposition \u00ab Campagnes de dynamisation culturelle du MAE \u00bb, qui sera pr\u00e9sent\u00e9e au mus\u00e9e de l&rsquo;\u00e9cole jusqu&rsquo;au 5 mai.<br \/>\nLe 23 avril, \u00e0 21 heures, le livre \u00ab Gravetos da Mem\u00f3ria \u00bb du professeur Manuela Vaz de Carvalho sera pr\u00e9sent\u00e9 \u00e0 la Casa da Torre.<br \/>\nLe 24 avril, \u00e0 15 heures, un d\u00e9fil\u00e9 recr\u00e9ant la manifestation du 25 avril 1974 sera organis\u00e9 par le groupe scolaire de Ribeira de Pena. Le soir, \u00e0 21h30, la pi\u00e8ce \u00ab O Tesouro \u00bb (Le tr\u00e9sor) de la compagnie th\u00e9\u00e2trale Urze sera jou\u00e9e \u00e0 l&rsquo;auditorium municipal de Ribeira de Pena, et l&rsquo;entr\u00e9e sera gratuite.<br \/>\nLe 25 avril, le programme d\u00e9butera \u00e0 11h30 avec la garde d&rsquo;honneur partag\u00e9e par les pompiers de Ribeira de Pena et de Cerva, suivie de la c\u00e9l\u00e9bration solennelle de la Journ\u00e9e de la libert\u00e9 au mus\u00e9e de l&rsquo;\u00e9cole \u00e0 11h45.<br \/>\nLes c\u00e9l\u00e9brations se termineront le 30 avril avec la projection du film \u00ab Camarade Cunhal \u00bb \u00e0 l&rsquo;auditorium municipal, la s\u00e9ance de 14h30 \u00e9tant d\u00e9di\u00e9e \u00e0 la communaut\u00e9 scolaire et celle de 21h00 \u00e9tant ouverte au grand public, avec entr\u00e9e gratuite.<\/p>\n","protected":false},"excerpt":{"rendered":"<p>La municipalit\u00e9 de Ribeira de Pena c\u00e9l\u00e8bre le 25 avril avec un programme d\u00e9di\u00e9 \u00e0 la libert\u00e9, \u00e0 la d\u00e9mocratie et \u00e0 l&rsquo;histoire. Les c\u00e9l\u00e9brations d\u00e9buteront le 21 avril avec l&rsquo;inauguration de l&rsquo;exposition \u00ab Campagnes de dynamisation culturelle du MAE [&hellip;]<\/p>\n","protected":false},"author":5,"featured_media":37832,"comment_status":"closed","ping_status":"closed","template":"","tags":[],"mec_category":[715],"_links":{"self":[{"href":"https:\/\/visitaltotamegaebarroso.pt\/fr\/wp-json\/wp\/v2\/mec-events\/37836"}],"collection":[{"href":"https:\/\/visitaltotamegaebarroso.pt\/fr\/wp-json\/wp\/v2\/mec-events"}],"about":[{"href":"https:\/\/visitaltotamegaebarroso.pt\/fr\/wp-json\/wp\/v2\/types\/mec-events"}],"author":[{"embeddable":true,"href":"https:\/\/visitaltotamegaebarroso.pt\/fr\/wp-json\/wp\/v2\/users\/5"}],"replies":[{"embeddable":true,"href":"https:\/\/visitaltotamegaebarroso.pt\/fr\/wp-json\/wp\/v2\/comments?post=37836"}],"wp:featuredmedia":[{"embeddable":true,"href":"https:\/\/visitaltotamegaebarroso.pt\/fr\/wp-json\/wp\/v2\/media\/37832"}],"wp:attachment":[{"href":"https:\/\/visitaltotamegaebarroso.pt\/fr\/wp-json\/wp\/v2\/media?parent=37836"}],"wp:term":[{"taxonomy":"post_tag","embeddable":true,"href":"https:\/\/visitaltotamegaebarroso.pt\/fr\/wp-json\/wp\/v2\/tags?post=37836"},{"taxonomy":"mec_category","embeddable":true,"href":"https:\/\/visitaltotamegaebarroso.pt\/fr\/wp-json\/wp\/v2\/mec_category?post=37836"}],"curies":[{"name":"wp","href":"https:\/\/api.w.org\/{rel}","templated":true}]}}