{"id":37507,"date":"2025-04-03T16:02:21","date_gmt":"2025-04-03T15:02:21","guid":{"rendered":"https:\/\/visitaltotamegaebarroso.pt\/events\/montalegre-xviii-carrilheiras-do-barroso\/"},"modified":"2025-04-03T16:02:21","modified_gmt":"2025-04-03T15:02:21","slug":"montalegre-xviii-carrilheiras-do-barroso","status":"publish","type":"mec-events","link":"https:\/\/visitaltotamegaebarroso.pt\/fr\/events\/montalegre-xviii-carrilheiras-do-barroso\/","title":{"rendered":"Montalegre | XVIII Carrilheiras do Barroso"},"content":{"rendered":"<p>Les Carrilheiras do Barroso sont de retour les 24 et 25 mai. Il s&rsquo;agit d&rsquo;un \u00e9v\u00e9nement de r\u00e9f\u00e9rence pour la promotion du patrimoine naturel et culturel de la municipalit\u00e9 de Montalegre. Deux jours de pur contact avec la nature o\u00f9 les participants peuvent profiter de parcours p\u00e9destres, entrer en contact avec la fabuleuse biodiversit\u00e9 locale et d\u00e9couvrir les coutumes et les traditions des villages du territoire de Barroso.<br \/>\nLe premier jour, il est propos\u00e9 de parcourir les \u00ab Faldas do Larouco \u00bb \u00e0 Santo Andr\u00e9. Le dernier jour, il est propos\u00e9 de faire une promenade litt\u00e9raire, en rappelant l&rsquo;\u0153uvre de l&rsquo;illustre \u00e9crivain du Barros\u00e3o, Bento da Cruz. Dans le cadre du centenaire de sa naissance, nous \u00e9voquerons quelques-unes de ses \u0153uvres sur un sentier entre Montalegre et Peirezes, sa ville natale.<br \/>\nParticipez !<\/p>\n<p>Inscription (jusqu&rsquo;au 21 mai)\u2b07\ufe0f <a href=\"https:\/\/forms.gle\/JfMfZZd4sbW53YGR8\">https:\/\/forms.gle\/JfMfZZd4sbW53YGR8<\/a><\/p>\n","protected":false},"excerpt":{"rendered":"<p>Les Carrilheiras do Barroso sont de retour les 24 et 25 mai. Il s&rsquo;agit d&rsquo;un \u00e9v\u00e9nement de r\u00e9f\u00e9rence pour la promotion du patrimoine naturel et culturel de la municipalit\u00e9 de Montalegre. Deux jours de pur contact avec la nature o\u00f9 [&hellip;]<\/p>\n","protected":false},"author":5,"featured_media":37503,"comment_status":"closed","ping_status":"closed","template":"","tags":[],"mec_category":[715,721],"_links":{"self":[{"href":"https:\/\/visitaltotamegaebarroso.pt\/fr\/wp-json\/wp\/v2\/mec-events\/37507"}],"collection":[{"href":"https:\/\/visitaltotamegaebarroso.pt\/fr\/wp-json\/wp\/v2\/mec-events"}],"about":[{"href":"https:\/\/visitaltotamegaebarroso.pt\/fr\/wp-json\/wp\/v2\/types\/mec-events"}],"author":[{"embeddable":true,"href":"https:\/\/visitaltotamegaebarroso.pt\/fr\/wp-json\/wp\/v2\/users\/5"}],"replies":[{"embeddable":true,"href":"https:\/\/visitaltotamegaebarroso.pt\/fr\/wp-json\/wp\/v2\/comments?post=37507"}],"wp:featuredmedia":[{"embeddable":true,"href":"https:\/\/visitaltotamegaebarroso.pt\/fr\/wp-json\/wp\/v2\/media\/37503"}],"wp:attachment":[{"href":"https:\/\/visitaltotamegaebarroso.pt\/fr\/wp-json\/wp\/v2\/media?parent=37507"}],"wp:term":[{"taxonomy":"post_tag","embeddable":true,"href":"https:\/\/visitaltotamegaebarroso.pt\/fr\/wp-json\/wp\/v2\/tags?post=37507"},{"taxonomy":"mec_category","embeddable":true,"href":"https:\/\/visitaltotamegaebarroso.pt\/fr\/wp-json\/wp\/v2\/mec_category?post=37507"}],"curies":[{"name":"wp","href":"https:\/\/api.w.org\/{rel}","templated":true}]}}