{"id":37287,"date":"2025-03-26T11:44:56","date_gmt":"2025-03-26T11:44:56","guid":{"rendered":"https:\/\/visitaltotamegaebarroso.pt\/?post_type=mec-events&#038;p=37287"},"modified":"2025-03-26T11:51:07","modified_gmt":"2025-03-26T11:51:07","slug":"chaves-camarade-cunhal","status":"publish","type":"mec-events","link":"https:\/\/visitaltotamegaebarroso.pt\/fr\/events\/chaves-camarade-cunhal\/","title":{"rendered":"Chaves | Camarade Cunhal"},"content":{"rendered":"<p>Juillet 1956. \u00c1lvaro Cunhal arrive au fort de Peniche et est plac\u00e9 dans l&rsquo;aile la plus moderne et la plus s\u00fbre de la prison, consid\u00e9r\u00e9e comme \u00e0 l&rsquo;abri des \u00e9vasions. Malgr\u00e9 le contr\u00f4le \u00e9troit exerc\u00e9 sur les prisonniers, \u00c1lvaro et ses camarades parviennent \u00e0 organiser une petite commune et \u00e0 soutenir les d\u00e9tenus les plus vuln\u00e9rables pendant qu&rsquo;ils cherchent un moyen de s&rsquo;\u00e9vader. La s\u00e9curit\u00e9 de la prison a \u00e9t\u00e9 renforc\u00e9e apr\u00e8s l&rsquo;\u00e9vasion spectaculaire de Dias Louren\u00e7o deux ans plus t\u00f4t, lorsque le leader communiste a saut\u00e9 du Segredo dans la mer en plein hiver, nageant vers la libert\u00e9. \u00c1lvaro a six cahiers avec lui, dans lesquels il consigne certains des \u00e9pisodes les plus durs de sa vie, comme le violent interrogatoire auquel il a \u00e9t\u00e9 soumis lors de sa premi\u00e8re arrestation, ses jours de folie en isolement ou la mort de son fr\u00e8re a\u00een\u00e9. La routine de la prison est difficile et r\u00e9p\u00e9titive. Un jour, l&rsquo;un de ses compagnons se rend compte qu&rsquo;il existe une faille dans la s\u00e9curit\u00e9 du fort, qu&rsquo;ils peuvent utiliser pour s&rsquo;\u00e9chapper. A l&rsquo;int\u00e9rieur et \u00e0 l&rsquo;ext\u00e9rieur de la prison, un plan d&rsquo;\u00e9vasion se met en place&#8230;<\/p>\n","protected":false},"excerpt":{"rendered":"<p>Juillet 1956. \u00c1lvaro Cunhal arrive au fort de Peniche et est plac\u00e9 dans l&rsquo;aile la plus moderne et la plus s\u00fbre de la prison, consid\u00e9r\u00e9e comme \u00e0 l&rsquo;abri des \u00e9vasions. Malgr\u00e9 le contr\u00f4le \u00e9troit exerc\u00e9 sur les prisonniers, \u00c1lvaro et [&hellip;]<\/p>\n","protected":false},"author":5,"featured_media":37283,"comment_status":"closed","ping_status":"closed","template":"","tags":[],"mec_category":[1314],"_links":{"self":[{"href":"https:\/\/visitaltotamegaebarroso.pt\/fr\/wp-json\/wp\/v2\/mec-events\/37287"}],"collection":[{"href":"https:\/\/visitaltotamegaebarroso.pt\/fr\/wp-json\/wp\/v2\/mec-events"}],"about":[{"href":"https:\/\/visitaltotamegaebarroso.pt\/fr\/wp-json\/wp\/v2\/types\/mec-events"}],"author":[{"embeddable":true,"href":"https:\/\/visitaltotamegaebarroso.pt\/fr\/wp-json\/wp\/v2\/users\/5"}],"replies":[{"embeddable":true,"href":"https:\/\/visitaltotamegaebarroso.pt\/fr\/wp-json\/wp\/v2\/comments?post=37287"}],"wp:featuredmedia":[{"embeddable":true,"href":"https:\/\/visitaltotamegaebarroso.pt\/fr\/wp-json\/wp\/v2\/media\/37283"}],"wp:attachment":[{"href":"https:\/\/visitaltotamegaebarroso.pt\/fr\/wp-json\/wp\/v2\/media?parent=37287"}],"wp:term":[{"taxonomy":"post_tag","embeddable":true,"href":"https:\/\/visitaltotamegaebarroso.pt\/fr\/wp-json\/wp\/v2\/tags?post=37287"},{"taxonomy":"mec_category","embeddable":true,"href":"https:\/\/visitaltotamegaebarroso.pt\/fr\/wp-json\/wp\/v2\/mec_category?post=37287"}],"curies":[{"name":"wp","href":"https:\/\/api.w.org\/{rel}","templated":true}]}}