{"id":36612,"date":"2025-02-25T10:18:05","date_gmt":"2025-02-25T10:18:05","guid":{"rendered":"https:\/\/visitaltotamegaebarroso.pt\/events\/chaves-borboletas-aos-montes-lancement-du-livre\/"},"modified":"2025-02-25T10:18:05","modified_gmt":"2025-02-25T10:18:05","slug":"chaves-borboletas-aos-montes-lancement-du-livre","status":"publish","type":"mec-events","link":"https:\/\/visitaltotamegaebarroso.pt\/fr\/events\/chaves-borboletas-aos-montes-lancement-du-livre\/","title":{"rendered":"Chaves | Borboletas aos Montes &#8211; Lancement du livre"},"content":{"rendered":"<p>Cet \u00e9v\u00e9nement marque le lancement d&rsquo;un livre contenant des t\u00e9moignages inspirants, des moments musicaux et de la po\u00e9sie, c\u00e9l\u00e9brant et louant la force, le courage et la r\u00e9silience des femmes qui font face, ou ont fait face, au cancer du sein.<\/p>\n<p>Entr\u00e9e libre.<\/p>\n<p>Organis\u00e9 par : Borboletas aos Montes &#8211; Associa\u00e7\u00e3o de ajuda a doentes oncol\u00f3gicos da mama<\/p>\n<p>Soutien : Munic\u00edpio de Chaves<\/p>\n","protected":false},"excerpt":{"rendered":"<p>Cet \u00e9v\u00e9nement marque le lancement d&rsquo;un livre contenant des t\u00e9moignages inspirants, des moments musicaux et de la po\u00e9sie, c\u00e9l\u00e9brant et louant la force, le courage et la r\u00e9silience des femmes qui font face, ou ont fait face, au cancer du [&hellip;]<\/p>\n","protected":false},"author":5,"featured_media":36608,"comment_status":"closed","ping_status":"closed","template":"","tags":[],"mec_category":[1521],"_links":{"self":[{"href":"https:\/\/visitaltotamegaebarroso.pt\/fr\/wp-json\/wp\/v2\/mec-events\/36612"}],"collection":[{"href":"https:\/\/visitaltotamegaebarroso.pt\/fr\/wp-json\/wp\/v2\/mec-events"}],"about":[{"href":"https:\/\/visitaltotamegaebarroso.pt\/fr\/wp-json\/wp\/v2\/types\/mec-events"}],"author":[{"embeddable":true,"href":"https:\/\/visitaltotamegaebarroso.pt\/fr\/wp-json\/wp\/v2\/users\/5"}],"replies":[{"embeddable":true,"href":"https:\/\/visitaltotamegaebarroso.pt\/fr\/wp-json\/wp\/v2\/comments?post=36612"}],"wp:featuredmedia":[{"embeddable":true,"href":"https:\/\/visitaltotamegaebarroso.pt\/fr\/wp-json\/wp\/v2\/media\/36608"}],"wp:attachment":[{"href":"https:\/\/visitaltotamegaebarroso.pt\/fr\/wp-json\/wp\/v2\/media?parent=36612"}],"wp:term":[{"taxonomy":"post_tag","embeddable":true,"href":"https:\/\/visitaltotamegaebarroso.pt\/fr\/wp-json\/wp\/v2\/tags?post=36612"},{"taxonomy":"mec_category","embeddable":true,"href":"https:\/\/visitaltotamegaebarroso.pt\/fr\/wp-json\/wp\/v2\/mec_category?post=36612"}],"curies":[{"name":"wp","href":"https:\/\/api.w.org\/{rel}","templated":true}]}}