{"id":36517,"date":"2025-02-20T11:18:44","date_gmt":"2025-02-20T11:18:44","guid":{"rendered":"https:\/\/visitaltotamegaebarroso.pt\/events\/valpacos-a-complete-unknown\/"},"modified":"2025-02-20T11:18:44","modified_gmt":"2025-02-20T11:18:44","slug":"valpacos-a-complete-unknown","status":"publish","type":"mec-events","link":"https:\/\/visitaltotamegaebarroso.pt\/fr\/events\/valpacos-a-complete-unknown\/","title":{"rendered":"Valpa\u00e7os | &lsquo;A Complete Unknown&rsquo;"},"content":{"rendered":"<p>Timoth\u00e9e Chalamet incarne Bob Dylan en 1961, lorsqu&rsquo;un jeune homme de 19 ans arrive \u00e0 New York avec sa guitare et son talent r\u00e9volutionnaire. Le film suit son ascension fulgurante sur la sc\u00e8ne musicale de Greenwich Village, ses relations avec des ic\u00f4nes de la musique et une performance r\u00e9volutionnaire qui transforme la musique am\u00e9ricaine. R\u00e9alis\u00e9 par James Mangold, le film retrace le parcours \u00e9lectrisant de Dylan, l&rsquo;un des plus grands chanteurs de tous les temps.<\/p>\n<p>Un film dramatique, projet\u00e9 le vendredi 21 f\u00e9vrier \u00e0 21 heures \u00e0 l&rsquo;auditorium d&rsquo;art et de culture Lu\u00eds Teixeira.<\/p>\n","protected":false},"excerpt":{"rendered":"<p>Timoth\u00e9e Chalamet incarne Bob Dylan en 1961, lorsqu&rsquo;un jeune homme de 19 ans arrive \u00e0 New York avec sa guitare et son talent r\u00e9volutionnaire. Le film suit son ascension fulgurante sur la sc\u00e8ne musicale de Greenwich Village, ses relations avec [&hellip;]<\/p>\n","protected":false},"author":5,"featured_media":36513,"comment_status":"closed","ping_status":"closed","template":"","tags":[],"mec_category":[1314],"_links":{"self":[{"href":"https:\/\/visitaltotamegaebarroso.pt\/fr\/wp-json\/wp\/v2\/mec-events\/36517"}],"collection":[{"href":"https:\/\/visitaltotamegaebarroso.pt\/fr\/wp-json\/wp\/v2\/mec-events"}],"about":[{"href":"https:\/\/visitaltotamegaebarroso.pt\/fr\/wp-json\/wp\/v2\/types\/mec-events"}],"author":[{"embeddable":true,"href":"https:\/\/visitaltotamegaebarroso.pt\/fr\/wp-json\/wp\/v2\/users\/5"}],"replies":[{"embeddable":true,"href":"https:\/\/visitaltotamegaebarroso.pt\/fr\/wp-json\/wp\/v2\/comments?post=36517"}],"wp:featuredmedia":[{"embeddable":true,"href":"https:\/\/visitaltotamegaebarroso.pt\/fr\/wp-json\/wp\/v2\/media\/36513"}],"wp:attachment":[{"href":"https:\/\/visitaltotamegaebarroso.pt\/fr\/wp-json\/wp\/v2\/media?parent=36517"}],"wp:term":[{"taxonomy":"post_tag","embeddable":true,"href":"https:\/\/visitaltotamegaebarroso.pt\/fr\/wp-json\/wp\/v2\/tags?post=36517"},{"taxonomy":"mec_category","embeddable":true,"href":"https:\/\/visitaltotamegaebarroso.pt\/fr\/wp-json\/wp\/v2\/mec_category?post=36517"}],"curies":[{"name":"wp","href":"https:\/\/api.w.org\/{rel}","templated":true}]}}