{"id":36279,"date":"2025-02-08T09:55:35","date_gmt":"2025-02-08T09:55:35","guid":{"rendered":"https:\/\/visitaltotamegaebarroso.pt\/events\/montalegre-9eme-edition-de-la-communaute-de-lecteurs\/"},"modified":"2025-02-08T09:55:35","modified_gmt":"2025-02-08T09:55:35","slug":"montalegre-9eme-edition-de-la-communaute-de-lecteurs","status":"publish","type":"mec-events","link":"https:\/\/visitaltotamegaebarroso.pt\/fr\/events\/montalegre-9eme-edition-de-la-communaute-de-lecteurs\/","title":{"rendered":"Montalegre | 9\u00e8me \u00e9dition de la Communaut\u00e9 de Lecteurs"},"content":{"rendered":"<p>Le 19, \u00e0 17h30, aura lieu la 56\u00e8me session de la Communaut\u00e9 de Lecteurs du R\u00e9seau des Casas do Conhecimento, accueillie cette fois par la Casa do Conhecimento Montalegre (Biblioth\u00e8que Municipale de Montalegre), et consacr\u00e9e au livre \u00ab Hist\u00f3rias da Vermelhinha \u00bb, de Bento da Cruz. Elle sera organis\u00e9e par F\u00e1tima Fernandes, maire de Montalegre.<\/p>\n<p>Inscrivez-vous et acc\u00e9dez en ligne \u00e0 cette session : <a href=\"https:\/\/goo.su\/Eu2q\">https:\/\/goo.su\/Eu2q<\/a><\/p>\n","protected":false},"excerpt":{"rendered":"<p>Le 19, \u00e0 17h30, aura lieu la 56\u00e8me session de la Communaut\u00e9 de Lecteurs du R\u00e9seau des Casas do Conhecimento, accueillie cette fois par la Casa do Conhecimento Montalegre (Biblioth\u00e8que Municipale de Montalegre), et consacr\u00e9e au livre \u00ab Hist\u00f3rias da [&hellip;]<\/p>\n","protected":false},"author":5,"featured_media":36275,"comment_status":"closed","ping_status":"closed","template":"","tags":[],"mec_category":[715],"_links":{"self":[{"href":"https:\/\/visitaltotamegaebarroso.pt\/fr\/wp-json\/wp\/v2\/mec-events\/36279"}],"collection":[{"href":"https:\/\/visitaltotamegaebarroso.pt\/fr\/wp-json\/wp\/v2\/mec-events"}],"about":[{"href":"https:\/\/visitaltotamegaebarroso.pt\/fr\/wp-json\/wp\/v2\/types\/mec-events"}],"author":[{"embeddable":true,"href":"https:\/\/visitaltotamegaebarroso.pt\/fr\/wp-json\/wp\/v2\/users\/5"}],"replies":[{"embeddable":true,"href":"https:\/\/visitaltotamegaebarroso.pt\/fr\/wp-json\/wp\/v2\/comments?post=36279"}],"wp:featuredmedia":[{"embeddable":true,"href":"https:\/\/visitaltotamegaebarroso.pt\/fr\/wp-json\/wp\/v2\/media\/36275"}],"wp:attachment":[{"href":"https:\/\/visitaltotamegaebarroso.pt\/fr\/wp-json\/wp\/v2\/media?parent=36279"}],"wp:term":[{"taxonomy":"post_tag","embeddable":true,"href":"https:\/\/visitaltotamegaebarroso.pt\/fr\/wp-json\/wp\/v2\/tags?post=36279"},{"taxonomy":"mec_category","embeddable":true,"href":"https:\/\/visitaltotamegaebarroso.pt\/fr\/wp-json\/wp\/v2\/mec_category?post=36279"}],"curies":[{"name":"wp","href":"https:\/\/api.w.org\/{rel}","templated":true}]}}