{"id":36215,"date":"2025-01-30T12:23:26","date_gmt":"2025-01-30T12:23:26","guid":{"rendered":"https:\/\/visitaltotamegaebarroso.pt\/events\/valpacos-je-suis-toujours-la\/"},"modified":"2025-01-30T12:23:26","modified_gmt":"2025-01-30T12:23:26","slug":"valpacos-je-suis-toujours-la","status":"publish","type":"mec-events","link":"https:\/\/visitaltotamegaebarroso.pt\/fr\/events\/valpacos-je-suis-toujours-la\/","title":{"rendered":"Valpa\u00e7os | Je suis toujours l\u00e0"},"content":{"rendered":"<p>Cin\u00e9ma (M12) | Rio de Janeiro, ann\u00e9es 70. Le Br\u00e9sil est confront\u00e9 \u00e0 la duret\u00e9 croissante de la dictature militaire. Eunice Paiva, m\u00e8re de cinq enfants, est contrainte de r\u00e9inventer sa vie apr\u00e8s que sa famille a \u00e9t\u00e9 victime d&rsquo;un acte violent et arbitraire de la part du gouvernement militaire.<\/p>\n<p>Un film de 136 minutes, projet\u00e9 vendredi prochain, 31 janvier, \u00e0 21 heures, \u00e0 l&rsquo;auditorium d&rsquo;art et de culture Lu\u00eds Teixeira.<\/p>\n","protected":false},"excerpt":{"rendered":"<p>Cin\u00e9ma (M12) | Rio de Janeiro, ann\u00e9es 70. Le Br\u00e9sil est confront\u00e9 \u00e0 la duret\u00e9 croissante de la dictature militaire. Eunice Paiva, m\u00e8re de cinq enfants, est contrainte de r\u00e9inventer sa vie apr\u00e8s que sa famille a \u00e9t\u00e9 victime d&rsquo;un [&hellip;]<\/p>\n","protected":false},"author":5,"featured_media":36211,"comment_status":"closed","ping_status":"closed","template":"","tags":[],"mec_category":[1314],"_links":{"self":[{"href":"https:\/\/visitaltotamegaebarroso.pt\/fr\/wp-json\/wp\/v2\/mec-events\/36215"}],"collection":[{"href":"https:\/\/visitaltotamegaebarroso.pt\/fr\/wp-json\/wp\/v2\/mec-events"}],"about":[{"href":"https:\/\/visitaltotamegaebarroso.pt\/fr\/wp-json\/wp\/v2\/types\/mec-events"}],"author":[{"embeddable":true,"href":"https:\/\/visitaltotamegaebarroso.pt\/fr\/wp-json\/wp\/v2\/users\/5"}],"replies":[{"embeddable":true,"href":"https:\/\/visitaltotamegaebarroso.pt\/fr\/wp-json\/wp\/v2\/comments?post=36215"}],"wp:featuredmedia":[{"embeddable":true,"href":"https:\/\/visitaltotamegaebarroso.pt\/fr\/wp-json\/wp\/v2\/media\/36211"}],"wp:attachment":[{"href":"https:\/\/visitaltotamegaebarroso.pt\/fr\/wp-json\/wp\/v2\/media?parent=36215"}],"wp:term":[{"taxonomy":"post_tag","embeddable":true,"href":"https:\/\/visitaltotamegaebarroso.pt\/fr\/wp-json\/wp\/v2\/tags?post=36215"},{"taxonomy":"mec_category","embeddable":true,"href":"https:\/\/visitaltotamegaebarroso.pt\/fr\/wp-json\/wp\/v2\/mec_category?post=36215"}],"curies":[{"name":"wp","href":"https:\/\/api.w.org\/{rel}","templated":true}]}}