{"id":35814,"date":"2025-01-18T09:55:32","date_gmt":"2025-01-18T09:55:32","guid":{"rendered":"https:\/\/visitaltotamegaebarroso.pt\/events\/montalegre-34eme-feira-do-fumeiro-augusto-canario\/"},"modified":"2025-01-18T09:55:32","modified_gmt":"2025-01-18T09:55:32","slug":"montalegre-34eme-feira-do-fumeiro-augusto-canario","status":"publish","type":"mec-events","link":"https:\/\/visitaltotamegaebarroso.pt\/fr\/events\/montalegre-34eme-feira-do-fumeiro-augusto-canario\/","title":{"rendered":"Montalegre | 34\u00e8me Feira do Fumeiro &#8211; Augusto Can\u00e1rio"},"content":{"rendered":"<p>Augusto Can\u00e1rio sera pr\u00e9sent \u00e0 la 34e Feira do Fumeiro. Reconnu pour son immense contribution \u00e0 la musique populaire portugaise, il promet une soir\u00e9e de f\u00eate anim\u00e9e pour tous les participants.<\/p>\n","protected":false},"excerpt":{"rendered":"<p>Augusto Can\u00e1rio sera pr\u00e9sent \u00e0 la 34e Feira do Fumeiro. Reconnu pour son immense contribution \u00e0 la musique populaire portugaise, il promet une soir\u00e9e de f\u00eate anim\u00e9e pour tous les participants.<\/p>\n","protected":false},"author":5,"featured_media":35810,"comment_status":"closed","ping_status":"closed","template":"","tags":[],"mec_category":[1443],"_links":{"self":[{"href":"https:\/\/visitaltotamegaebarroso.pt\/fr\/wp-json\/wp\/v2\/mec-events\/35814"}],"collection":[{"href":"https:\/\/visitaltotamegaebarroso.pt\/fr\/wp-json\/wp\/v2\/mec-events"}],"about":[{"href":"https:\/\/visitaltotamegaebarroso.pt\/fr\/wp-json\/wp\/v2\/types\/mec-events"}],"author":[{"embeddable":true,"href":"https:\/\/visitaltotamegaebarroso.pt\/fr\/wp-json\/wp\/v2\/users\/5"}],"replies":[{"embeddable":true,"href":"https:\/\/visitaltotamegaebarroso.pt\/fr\/wp-json\/wp\/v2\/comments?post=35814"}],"wp:featuredmedia":[{"embeddable":true,"href":"https:\/\/visitaltotamegaebarroso.pt\/fr\/wp-json\/wp\/v2\/media\/35810"}],"wp:attachment":[{"href":"https:\/\/visitaltotamegaebarroso.pt\/fr\/wp-json\/wp\/v2\/media?parent=35814"}],"wp:term":[{"taxonomy":"post_tag","embeddable":true,"href":"https:\/\/visitaltotamegaebarroso.pt\/fr\/wp-json\/wp\/v2\/tags?post=35814"},{"taxonomy":"mec_category","embeddable":true,"href":"https:\/\/visitaltotamegaebarroso.pt\/fr\/wp-json\/wp\/v2\/mec_category?post=35814"}],"curies":[{"name":"wp","href":"https:\/\/api.w.org\/{rel}","templated":true}]}}