{"id":35523,"date":"2024-12-30T11:44:52","date_gmt":"2024-12-30T11:44:52","guid":{"rendered":"https:\/\/visitaltotamegaebarroso.pt\/events\/chaves-foire-mensuelle-de-sao-pedro-de-agostem-3\/"},"modified":"2024-12-30T11:44:52","modified_gmt":"2024-12-30T11:44:52","slug":"chaves-foire-mensuelle-de-sao-pedro-de-agostem-3","status":"publish","type":"mec-events","link":"https:\/\/visitaltotamegaebarroso.pt\/fr\/events\/chaves-foire-mensuelle-de-sao-pedro-de-agostem-3\/","title":{"rendered":"Chaves | Foire mensuelle de S\u00e3o Pedro de Agost\u00e9m"},"content":{"rendered":"<p>Le premier dimanche de chaque mois, avec des points de vente de produits locaux tels que le pain, le folar, le miel, les viandes fum\u00e9es, le vin, les liqueurs, les fruits, les l\u00e9gumes, la vannerie, les v\u00eatements et bien d&rsquo;autres choses encore.<\/p>\n<p>Organis\u00e9 par : Conseil paroissial de S\u00e3o Pedro de Agost\u00e9m<br \/>\nSoutien : Comit\u00e9 des f\u00eates de Notre-Dame de la Sant\u00e9<\/p>\n","protected":false},"excerpt":{"rendered":"<p>Le premier dimanche de chaque mois, avec des points de vente de produits locaux tels que le pain, le folar, le miel, les viandes fum\u00e9es, le vin, les liqueurs, les fruits, les l\u00e9gumes, la vannerie, les v\u00eatements et bien d&rsquo;autres [&hellip;]<\/p>\n","protected":false},"author":5,"featured_media":29119,"comment_status":"closed","ping_status":"closed","template":"","tags":[],"mec_category":[728],"_links":{"self":[{"href":"https:\/\/visitaltotamegaebarroso.pt\/fr\/wp-json\/wp\/v2\/mec-events\/35523"}],"collection":[{"href":"https:\/\/visitaltotamegaebarroso.pt\/fr\/wp-json\/wp\/v2\/mec-events"}],"about":[{"href":"https:\/\/visitaltotamegaebarroso.pt\/fr\/wp-json\/wp\/v2\/types\/mec-events"}],"author":[{"embeddable":true,"href":"https:\/\/visitaltotamegaebarroso.pt\/fr\/wp-json\/wp\/v2\/users\/5"}],"replies":[{"embeddable":true,"href":"https:\/\/visitaltotamegaebarroso.pt\/fr\/wp-json\/wp\/v2\/comments?post=35523"}],"wp:featuredmedia":[{"embeddable":true,"href":"https:\/\/visitaltotamegaebarroso.pt\/fr\/wp-json\/wp\/v2\/media\/29119"}],"wp:attachment":[{"href":"https:\/\/visitaltotamegaebarroso.pt\/fr\/wp-json\/wp\/v2\/media?parent=35523"}],"wp:term":[{"taxonomy":"post_tag","embeddable":true,"href":"https:\/\/visitaltotamegaebarroso.pt\/fr\/wp-json\/wp\/v2\/tags?post=35523"},{"taxonomy":"mec_category","embeddable":true,"href":"https:\/\/visitaltotamegaebarroso.pt\/fr\/wp-json\/wp\/v2\/mec_category?post=35523"}],"curies":[{"name":"wp","href":"https:\/\/api.w.org\/{rel}","templated":true}]}}