{"id":35454,"date":"2024-12-26T14:41:45","date_gmt":"2024-12-26T14:41:45","guid":{"rendered":"https:\/\/visitaltotamegaebarroso.pt\/events\/chaves-concert-de-noel-banda-de-ervededo\/"},"modified":"2024-12-26T14:41:45","modified_gmt":"2024-12-26T14:41:45","slug":"chaves-concert-de-noel-banda-de-ervededo","status":"publish","type":"mec-events","link":"https:\/\/visitaltotamegaebarroso.pt\/fr\/events\/chaves-concert-de-noel-banda-de-ervededo\/","title":{"rendered":"Chaves | Concert de No\u00ebl Banda de Ervededo"},"content":{"rendered":"<p>Dans le but de dynamiser la ville de Chaves en cette p\u00e9riode de f\u00eates, la municipalit\u00e9 encourage l&rsquo;art et la culture locale avec deux concerts philharmoniques de la Banda Musical da Torre de Ervededo, sous la direction artistique du maestro Ricardo Lopes.<\/p>\n<p>Des moments inoubliables au son des m\u00e9lodies de No\u00ebl et des grands classiques, dans une ambiance festive et communautaire qui promet de r\u00e9chauffer les c\u0153urs des personnes pr\u00e9sentes, ils monteront pour la premi\u00e8re fois sur sc\u00e8ne le vendredi 27 d\u00e9cembre \u00e0 21h30 dans l&rsquo;auditorium du centre culturel.<\/p>\n<p>Pour cl\u00f4turer l&rsquo;ann\u00e9e 2024 avec beaucoup de musique et de joie, la Fanfare offrira \u00e0 tous les habitants de Flavi un concert de r\u00e9veillon \u00e0 l&rsquo;\u00e9glise Sagrada Fam\u00edlia de Santa Cruz, le dimanche 29 d\u00e9cembre \u00e0 16h00.<\/p>\n","protected":false},"excerpt":{"rendered":"<p>Dans le but de dynamiser la ville de Chaves en cette p\u00e9riode de f\u00eates, la municipalit\u00e9 encourage l&rsquo;art et la culture locale avec deux concerts philharmoniques de la Banda Musical da Torre de Ervededo, sous la direction artistique du maestro [&hellip;]<\/p>\n","protected":false},"author":5,"featured_media":35450,"comment_status":"closed","ping_status":"closed","template":"","tags":[],"mec_category":[1443],"_links":{"self":[{"href":"https:\/\/visitaltotamegaebarroso.pt\/fr\/wp-json\/wp\/v2\/mec-events\/35454"}],"collection":[{"href":"https:\/\/visitaltotamegaebarroso.pt\/fr\/wp-json\/wp\/v2\/mec-events"}],"about":[{"href":"https:\/\/visitaltotamegaebarroso.pt\/fr\/wp-json\/wp\/v2\/types\/mec-events"}],"author":[{"embeddable":true,"href":"https:\/\/visitaltotamegaebarroso.pt\/fr\/wp-json\/wp\/v2\/users\/5"}],"replies":[{"embeddable":true,"href":"https:\/\/visitaltotamegaebarroso.pt\/fr\/wp-json\/wp\/v2\/comments?post=35454"}],"wp:featuredmedia":[{"embeddable":true,"href":"https:\/\/visitaltotamegaebarroso.pt\/fr\/wp-json\/wp\/v2\/media\/35450"}],"wp:attachment":[{"href":"https:\/\/visitaltotamegaebarroso.pt\/fr\/wp-json\/wp\/v2\/media?parent=35454"}],"wp:term":[{"taxonomy":"post_tag","embeddable":true,"href":"https:\/\/visitaltotamegaebarroso.pt\/fr\/wp-json\/wp\/v2\/tags?post=35454"},{"taxonomy":"mec_category","embeddable":true,"href":"https:\/\/visitaltotamegaebarroso.pt\/fr\/wp-json\/wp\/v2\/mec_category?post=35454"}],"curies":[{"name":"wp","href":"https:\/\/api.w.org\/{rel}","templated":true}]}}