{"id":35231,"date":"2024-12-11T09:44:32","date_gmt":"2024-12-11T09:44:32","guid":{"rendered":"https:\/\/visitaltotamegaebarroso.pt\/events\/chaves-presentation-du-livre-chaves-et-deux-mille-ans-plus-tard\/"},"modified":"2024-12-11T09:44:32","modified_gmt":"2024-12-11T09:44:32","slug":"chaves-presentation-du-livre-chaves-et-deux-mille-ans-plus-tard","status":"publish","type":"mec-events","link":"https:\/\/visitaltotamegaebarroso.pt\/fr\/events\/chaves-presentation-du-livre-chaves-et-deux-mille-ans-plus-tard\/","title":{"rendered":"Chaves | Pr\u00e9sentation du livre \u00ab Chaves, et deux mille ans plus tard ?"},"content":{"rendered":"<p>La municipalit\u00e9 lance le livre pour enfants \u00ab Chaves, e dois mil anos depois ? \u00bb (Chaves, et deux mille ans plus tard ?), une \u00e9dition \u00e9ducative qui vise \u00e0 faire conna\u00eetre les anc\u00eatres de la r\u00e9gion. La s\u00e9ance de pr\u00e9sentation aura lieu au mus\u00e9e des thermes romains de Chaves le vendredi 13 \u00e0 18h00.<\/p>\n<p>\u00c9crit par M\u00e1rcia Santos et illustr\u00e9 par T\u00f3 Ribeiro, ce livre pour enfants raconte l&rsquo;histoire d&rsquo;Alice et de son grand-p\u00e8re, qui d\u00e9couvrent nos anc\u00eatres \u00e0 travers des d\u00e9couvertes arch\u00e9ologiques, \u00ab dont nous avons h\u00e9rit\u00e9 le sc\u00e9nario de notre histoire \u00bb et qui \u00ab perp\u00e9tuent notre identit\u00e9 culturelle \u00bb.<\/p>\n<p>Faisant r\u00e9f\u00e9rence au th\u00e8me \u00ab Chaves &#8211; 2000 ans d&rsquo;histoire \u00e0 raconter \u00bb, ce livre vise \u00e0 renforcer et \u00e0 diffuser le concept et la nouvelle image graphique de la municipalit\u00e9, tout en encourageant le go\u00fbt de la lecture et en favorisant la connaissance de l&rsquo;histoire de la municipalit\u00e9 chez les \u00e9l\u00e8ves des \u00e9coles maternelles et primaires.<\/p>\n<p>\u00c9crivaine \u00e0 ses \u00ab heures perdues \u00bb, M\u00e1rcia Santos a accept\u00e9 sans h\u00e9siter de relever le d\u00e9fi de cr\u00e9er son deuxi\u00e8me conte pour enfants. Dans cet ouvrage, l&rsquo;auteur effectue un voyage cr\u00e9atif dans le pass\u00e9 pour mettre en valeur le patrimoine culturel local. \u00ab Les Flaviens de tous les temps ! Ils ne savaient pas, et ne pouvaient pas savoir, qu&rsquo;ils seraient \u00e0 jamais connus et reconnus comme les b\u00e2tisseurs de l&rsquo;art, de la culture, de la science, de l&rsquo;architecture et de l&rsquo;ing\u00e9nierie, de la ville de Chaves, notre ville \u00bb, peut-on lire dans l&rsquo;histoire. Son premier livre pour enfants a \u00e9t\u00e9 publi\u00e9 il y a deux ans sous le titre \u00ab J&rsquo;ai un ami sous le lit \u00bb.<\/p>\n<p>Pour l&rsquo;illustrateur, T\u00f3 Ribeiro, ce fut un \u00ab grand honneur d&rsquo;illustrer un livre qui montre \u00e0 nos enfants (et \u00e0 d&rsquo;autres !) des \u00e9l\u00e9ments aussi importants de notre riche histoire et comment ils ont donn\u00e9 naissance \u00e0 la nouvelle image graphique de Chaves. C&rsquo;\u00e9tait tr\u00e8s amusant et stimulant de cr\u00e9er le dessin de grand-p\u00e8re Jo\u00e3o et d&rsquo;Alice, sur la base d&rsquo;un r\u00e9cit aussi riche \u00bb.<\/p>\n","protected":false},"excerpt":{"rendered":"<p>La municipalit\u00e9 lance le livre pour enfants \u00ab Chaves, e dois mil anos depois ? \u00bb (Chaves, et deux mille ans plus tard ?), une \u00e9dition \u00e9ducative qui vise \u00e0 faire conna\u00eetre les anc\u00eatres de la r\u00e9gion. La s\u00e9ance de [&hellip;]<\/p>\n","protected":false},"author":5,"featured_media":35227,"comment_status":"closed","ping_status":"closed","template":"","tags":[],"mec_category":[1521],"_links":{"self":[{"href":"https:\/\/visitaltotamegaebarroso.pt\/fr\/wp-json\/wp\/v2\/mec-events\/35231"}],"collection":[{"href":"https:\/\/visitaltotamegaebarroso.pt\/fr\/wp-json\/wp\/v2\/mec-events"}],"about":[{"href":"https:\/\/visitaltotamegaebarroso.pt\/fr\/wp-json\/wp\/v2\/types\/mec-events"}],"author":[{"embeddable":true,"href":"https:\/\/visitaltotamegaebarroso.pt\/fr\/wp-json\/wp\/v2\/users\/5"}],"replies":[{"embeddable":true,"href":"https:\/\/visitaltotamegaebarroso.pt\/fr\/wp-json\/wp\/v2\/comments?post=35231"}],"wp:featuredmedia":[{"embeddable":true,"href":"https:\/\/visitaltotamegaebarroso.pt\/fr\/wp-json\/wp\/v2\/media\/35227"}],"wp:attachment":[{"href":"https:\/\/visitaltotamegaebarroso.pt\/fr\/wp-json\/wp\/v2\/media?parent=35231"}],"wp:term":[{"taxonomy":"post_tag","embeddable":true,"href":"https:\/\/visitaltotamegaebarroso.pt\/fr\/wp-json\/wp\/v2\/tags?post=35231"},{"taxonomy":"mec_category","embeddable":true,"href":"https:\/\/visitaltotamegaebarroso.pt\/fr\/wp-json\/wp\/v2\/mec_category?post=35231"}],"curies":[{"name":"wp","href":"https:\/\/api.w.org\/{rel}","templated":true}]}}