{"id":34320,"date":"2024-11-08T14:11:05","date_gmt":"2024-11-08T14:11:05","guid":{"rendered":"https:\/\/visitaltotamegaebarroso.pt\/?post_type=mec-events&#038;p=34320"},"modified":"2024-11-15T12:25:40","modified_gmt":"2024-11-15T12:25:40","slug":"promenade-automnale","status":"publish","type":"mec-events","link":"https:\/\/visitaltotamegaebarroso.pt\/fr\/events\/promenade-automnale\/","title":{"rendered":"Ribeira de Pena | Promenade automnale"},"content":{"rendered":"<p>MARCHE D&rsquo;AUTOMNE POUR LA FOR\u00caT AUTOCHTONE<\/p>\n<p>La municipalit\u00e9 de Ribeira de Pena promeut la marche d&rsquo;automne pour la for\u00eat autochtone le 23 novembre.<\/p>\n<p>Le rendez-vous est fix\u00e9 \u00e0 9 heures au parc de loisirs Madragoso de Cerva.<\/p>\n<p>Le parcours s&rsquo;\u00e9tend sur environ 6 kilom\u00e8tres \u00e0 travers la for\u00eat et comprend une observation mycologique.<\/p>\n<p>Le 23 novembre est la Journ\u00e9e des for\u00eats autochtones, une date qui souligne l&rsquo;importance des esp\u00e8ces d&rsquo;arbres indig\u00e8nes pour la biodiversit\u00e9 et la durabilit\u00e9 des \u00e9cosyst\u00e8mes.<\/p>\n<p>Ces for\u00eats, adapt\u00e9es au sol et au climat local, offrent un habitat \u00e0 la faune et \u00e0 la flore et prot\u00e8gent le sol de l&rsquo;\u00e9rosion, tout en contribuant \u00e0 r\u00e9guler la qualit\u00e9 de l&rsquo;eau et de l&rsquo;air.<\/p>\n<p>Cette initiative vise \u00e0 sensibiliser \u00e0 la pr\u00e9servation et \u00e0 la reconstitution des for\u00eats indig\u00e8nes, qui sont essentielles \u00e0 la r\u00e9silience de l&rsquo;environnement, et \u00e0 mettre en garde contre les effets des esp\u00e8ces envahissantes.<\/p>\n<p>Rejoignez-nous, inscrivez-vous avant le 19 novembre \u00e0 l&rsquo;adresse suivante<\/p>\n<p><a href=\"https:\/\/forms.gle\/F7BnrjJ1BNLkXAAT8?fbclid=IwZXh0bgNhZW0CMTAAAR1YGu9N33OD8L0joXeJlS7fQMXv8k7cnPfvF2GOVUUq0Dau7MMncGX-L7E_aem_bZwcgJbk9JPVQ2g-0X5Acg\"><b>https:\/\/forms.gle\/F7BnrjJ1BNLkXAAT8<\/b><\/a><\/p>\n<p>gtf@cm-rpena.pt<\/p>\n<p>962251861<\/p>\n","protected":false},"excerpt":{"rendered":"<p>MARCHE D&rsquo;AUTOMNE POUR LA FOR\u00caT AUTOCHTONE La municipalit\u00e9 de Ribeira de Pena promeut la marche d&rsquo;automne pour la for\u00eat autochtone le 23 novembre. Le rendez-vous est fix\u00e9 \u00e0 9 heures au parc de loisirs Madragoso de Cerva. Le parcours s&rsquo;\u00e9tend [&hellip;]<\/p>\n","protected":false},"author":5,"featured_media":34316,"comment_status":"closed","ping_status":"closed","template":"","tags":[],"mec_category":[721],"_links":{"self":[{"href":"https:\/\/visitaltotamegaebarroso.pt\/fr\/wp-json\/wp\/v2\/mec-events\/34320"}],"collection":[{"href":"https:\/\/visitaltotamegaebarroso.pt\/fr\/wp-json\/wp\/v2\/mec-events"}],"about":[{"href":"https:\/\/visitaltotamegaebarroso.pt\/fr\/wp-json\/wp\/v2\/types\/mec-events"}],"author":[{"embeddable":true,"href":"https:\/\/visitaltotamegaebarroso.pt\/fr\/wp-json\/wp\/v2\/users\/5"}],"replies":[{"embeddable":true,"href":"https:\/\/visitaltotamegaebarroso.pt\/fr\/wp-json\/wp\/v2\/comments?post=34320"}],"wp:featuredmedia":[{"embeddable":true,"href":"https:\/\/visitaltotamegaebarroso.pt\/fr\/wp-json\/wp\/v2\/media\/34316"}],"wp:attachment":[{"href":"https:\/\/visitaltotamegaebarroso.pt\/fr\/wp-json\/wp\/v2\/media?parent=34320"}],"wp:term":[{"taxonomy":"post_tag","embeddable":true,"href":"https:\/\/visitaltotamegaebarroso.pt\/fr\/wp-json\/wp\/v2\/tags?post=34320"},{"taxonomy":"mec_category","embeddable":true,"href":"https:\/\/visitaltotamegaebarroso.pt\/fr\/wp-json\/wp\/v2\/mec_category?post=34320"}],"curies":[{"name":"wp","href":"https:\/\/api.w.org\/{rel}","templated":true}]}}