{"id":33784,"date":"2024-10-23T09:51:14","date_gmt":"2024-10-23T08:51:14","guid":{"rendered":"https:\/\/visitaltotamegaebarroso.pt\/?post_type=mec-events&#038;p=33784"},"modified":"2024-10-23T09:57:19","modified_gmt":"2024-10-23T08:57:19","slug":"salon-gastronomique-chevreau-chataignes-et-champignons","status":"publish","type":"mec-events","link":"https:\/\/visitaltotamegaebarroso.pt\/fr\/events\/salon-gastronomique-chevreau-chataignes-et-champignons\/","title":{"rendered":"Salon gastronomique &#8211; Chevreau, ch\u00e2taignes et champignons"},"content":{"rendered":"<p>Le menu d&rsquo;automne est app\u00e9tissant : miscarada, chevreau aux ch\u00e2taignes, velout\u00e9 de perdrix, riz aux champignons sauvages et autres plats savoureux ; quant aux douceurs, le boudin aux ch\u00e2taignes et le miel de bruy\u00e8re font partie des d\u00e9lices propos\u00e9s lors du salon gastronomique de Vila Pouca de Aguiar, qui se d\u00e9roulera les 1er, 2 et 3 novembre.<br \/>\nLes repas sont servis dans les restaurants participants. Le salon gastronomique met en avant le chevreau, les ch\u00e2taignes et les champignons, mais il y a aussi des produits locaux au menu, comme le veau maronesa et les pommes de terre de montagne.<br \/>\nParall\u00e8lement \u00e0 la gastronomie, la Foire des produits d&rsquo;automne aura lieu le premier week-end de novembre au march\u00e9 municipal, o\u00f9 vous pourrez acheter les meilleurs produits de cette p\u00e9riode de l&rsquo;ann\u00e9e ;<br \/>\nL&rsquo;\u00e9v\u00e9nement gastronomique est organis\u00e9 par la municipalit\u00e9 et l&rsquo;EHATB. Le voyage vers les meilleures saveurs de Vila Pouca de Aguiar est court et s\u00fbr jusqu&rsquo;\u00e0 la bonne table de Tr\u00e1s-os-Montes !<\/p>\n<p>&nbsp;<\/p>\n<p><a href=\"https:\/\/cm-vpaguiar.pt\/wp-content\/uploads\/2020\/11\/DESD-EMENTAS.jpg\"><strong>Voir les menus ici !<\/strong><\/a><\/p>\n","protected":false},"excerpt":{"rendered":"<p>Le menu d&rsquo;automne est app\u00e9tissant : miscarada, chevreau aux ch\u00e2taignes, velout\u00e9 de perdrix, riz aux champignons sauvages et autres plats savoureux ; quant aux douceurs, le boudin aux ch\u00e2taignes et le miel de bruy\u00e8re font partie des d\u00e9lices propos\u00e9s lors [&hellip;]<\/p>\n","protected":false},"author":5,"featured_media":33835,"comment_status":"closed","ping_status":"closed","template":"","tags":[],"mec_category":[723],"_links":{"self":[{"href":"https:\/\/visitaltotamegaebarroso.pt\/fr\/wp-json\/wp\/v2\/mec-events\/33784"}],"collection":[{"href":"https:\/\/visitaltotamegaebarroso.pt\/fr\/wp-json\/wp\/v2\/mec-events"}],"about":[{"href":"https:\/\/visitaltotamegaebarroso.pt\/fr\/wp-json\/wp\/v2\/types\/mec-events"}],"author":[{"embeddable":true,"href":"https:\/\/visitaltotamegaebarroso.pt\/fr\/wp-json\/wp\/v2\/users\/5"}],"replies":[{"embeddable":true,"href":"https:\/\/visitaltotamegaebarroso.pt\/fr\/wp-json\/wp\/v2\/comments?post=33784"}],"wp:featuredmedia":[{"embeddable":true,"href":"https:\/\/visitaltotamegaebarroso.pt\/fr\/wp-json\/wp\/v2\/media\/33835"}],"wp:attachment":[{"href":"https:\/\/visitaltotamegaebarroso.pt\/fr\/wp-json\/wp\/v2\/media?parent=33784"}],"wp:term":[{"taxonomy":"post_tag","embeddable":true,"href":"https:\/\/visitaltotamegaebarroso.pt\/fr\/wp-json\/wp\/v2\/tags?post=33784"},{"taxonomy":"mec_category","embeddable":true,"href":"https:\/\/visitaltotamegaebarroso.pt\/fr\/wp-json\/wp\/v2\/mec_category?post=33784"}],"curies":[{"name":"wp","href":"https:\/\/api.w.org\/{rel}","templated":true}]}}