{"id":33378,"date":"2024-10-05T11:27:30","date_gmt":"2024-10-05T10:27:30","guid":{"rendered":"https:\/\/visitaltotamegaebarroso.pt\/events\/montalegre-fafiao-13e-sentier-des-fraisiers\/"},"modified":"2024-10-05T11:27:30","modified_gmt":"2024-10-05T10:27:30","slug":"montalegre-fafiao-13e-sentier-des-fraisiers","status":"publish","type":"mec-events","link":"https:\/\/visitaltotamegaebarroso.pt\/fr\/events\/montalegre-fafiao-13e-sentier-des-fraisiers\/","title":{"rendered":"Montalegre | Fafi\u00e3o &#8211; 13e Sentier des fraisiers"},"content":{"rendered":"<p>Organis\u00e9e par l&rsquo;association Vezeira- Fafi\u00e3o, la 13e \u00e9dition du \u00ab Sentier des fraisiers \u00bb aura lieu le dernier samedi de ce mois.<br \/>\nLa rencontre a lieu \u00e0 10 heures \u00e0 l&rsquo;\u00e9comus\u00e9e de Barroso &#8211; Vezeira e a Serra, situ\u00e9 au c\u0153ur de ce village touristique de la commune de Montalegre.<\/p>\n<p>Inscription &#8211; <a href=\"https:\/\/forms.gle\/h9bGEw43w7ZDiieX9\">https:\/\/forms.gle\/h9bGEw43w7ZDiieX9<\/a><br \/>\nPlus d&rsquo;informations &#8211; <a href=\"mailto:eventosvezeira@gmail.com\">eventosvezeira@gmail.com<\/a><\/p>\n","protected":false},"excerpt":{"rendered":"<p>Organis\u00e9e par l&rsquo;association Vezeira- Fafi\u00e3o, la 13e \u00e9dition du \u00ab Sentier des fraisiers \u00bb aura lieu le dernier samedi de ce mois. La rencontre a lieu \u00e0 10 heures \u00e0 l&rsquo;\u00e9comus\u00e9e de Barroso &#8211; Vezeira e a Serra, situ\u00e9 au [&hellip;]<\/p>\n","protected":false},"author":5,"featured_media":33374,"comment_status":"closed","ping_status":"closed","template":"","tags":[],"mec_category":[721],"_links":{"self":[{"href":"https:\/\/visitaltotamegaebarroso.pt\/fr\/wp-json\/wp\/v2\/mec-events\/33378"}],"collection":[{"href":"https:\/\/visitaltotamegaebarroso.pt\/fr\/wp-json\/wp\/v2\/mec-events"}],"about":[{"href":"https:\/\/visitaltotamegaebarroso.pt\/fr\/wp-json\/wp\/v2\/types\/mec-events"}],"author":[{"embeddable":true,"href":"https:\/\/visitaltotamegaebarroso.pt\/fr\/wp-json\/wp\/v2\/users\/5"}],"replies":[{"embeddable":true,"href":"https:\/\/visitaltotamegaebarroso.pt\/fr\/wp-json\/wp\/v2\/comments?post=33378"}],"wp:featuredmedia":[{"embeddable":true,"href":"https:\/\/visitaltotamegaebarroso.pt\/fr\/wp-json\/wp\/v2\/media\/33374"}],"wp:attachment":[{"href":"https:\/\/visitaltotamegaebarroso.pt\/fr\/wp-json\/wp\/v2\/media?parent=33378"}],"wp:term":[{"taxonomy":"post_tag","embeddable":true,"href":"https:\/\/visitaltotamegaebarroso.pt\/fr\/wp-json\/wp\/v2\/tags?post=33378"},{"taxonomy":"mec_category","embeddable":true,"href":"https:\/\/visitaltotamegaebarroso.pt\/fr\/wp-json\/wp\/v2\/mec_category?post=33378"}],"curies":[{"name":"wp","href":"https:\/\/api.w.org\/{rel}","templated":true}]}}