{"id":32467,"date":"2024-09-11T17:25:51","date_gmt":"2024-09-11T16:25:51","guid":{"rendered":"https:\/\/visitaltotamegaebarroso.pt\/events\/chaves-aquae-flaviae-magazine-no-68\/"},"modified":"2024-09-11T17:25:51","modified_gmt":"2024-09-11T16:25:51","slug":"chaves-aquae-flaviae-magazine-no-68","status":"publish","type":"mec-events","link":"https:\/\/visitaltotamegaebarroso.pt\/fr\/events\/chaves-aquae-flaviae-magazine-no-68\/","title":{"rendered":"Chaves | Aquae Flaviae Magazine no. 68"},"content":{"rendered":"<p>La revue Aquae Flaviae est actuellement la plus grande source de connaissances sur l&rsquo;identit\u00e9, le patrimoine et les traditions de la r\u00e9gion, avec pour objectif de r\u00e9v\u00e9ler et de faire conna\u00eetre les exp\u00e9riences de l&rsquo;Alto T\u00e2mega. Sa derni\u00e8re \u00e9dition sera pr\u00e9sent\u00e9e au public le 12 septembre \u00e0 17h30 dans la salle polyvalente de la biblioth\u00e8que municipale de Chaves.<\/p>\n<p>Le num\u00e9ro 68 du groupe culturel Aquae Flaviae est compos\u00e9 de r\u00e9cits th\u00e9matiques sur les ch\u00e2teaux de Monforte de Rio Livre et de Montalegre, les remarquables Transmontanos Bento da Cruz et Abade de Ba\u00e7al et, en vedette, la comm\u00e9moration du 5e centenaire de la naissance de Lu\u00eds de Cam\u00f5es, le plus grand po\u00e8te \u00e9pique portugais du monde.<\/p>\n<p>Ce travail comprend un large \u00e9ventail d&rsquo;\u00e9tudes sur le patrimoine, la nature et l&rsquo;histoire de la r\u00e9gion, avec pour mission de r\u00e9v\u00e9ler et de faire conna\u00eetre les exp\u00e9riences et les espaces embl\u00e9matiques de l&rsquo;Alto T\u00e2mega.<\/p>\n","protected":false},"excerpt":{"rendered":"<p>La revue Aquae Flaviae est actuellement la plus grande source de connaissances sur l&rsquo;identit\u00e9, le patrimoine et les traditions de la r\u00e9gion, avec pour objectif de r\u00e9v\u00e9ler et de faire conna\u00eetre les exp\u00e9riences de l&rsquo;Alto T\u00e2mega. Sa derni\u00e8re \u00e9dition sera [&hellip;]<\/p>\n","protected":false},"author":5,"featured_media":32463,"comment_status":"closed","ping_status":"closed","template":"","tags":[],"mec_category":[715],"_links":{"self":[{"href":"https:\/\/visitaltotamegaebarroso.pt\/fr\/wp-json\/wp\/v2\/mec-events\/32467"}],"collection":[{"href":"https:\/\/visitaltotamegaebarroso.pt\/fr\/wp-json\/wp\/v2\/mec-events"}],"about":[{"href":"https:\/\/visitaltotamegaebarroso.pt\/fr\/wp-json\/wp\/v2\/types\/mec-events"}],"author":[{"embeddable":true,"href":"https:\/\/visitaltotamegaebarroso.pt\/fr\/wp-json\/wp\/v2\/users\/5"}],"replies":[{"embeddable":true,"href":"https:\/\/visitaltotamegaebarroso.pt\/fr\/wp-json\/wp\/v2\/comments?post=32467"}],"wp:featuredmedia":[{"embeddable":true,"href":"https:\/\/visitaltotamegaebarroso.pt\/fr\/wp-json\/wp\/v2\/media\/32463"}],"wp:attachment":[{"href":"https:\/\/visitaltotamegaebarroso.pt\/fr\/wp-json\/wp\/v2\/media?parent=32467"}],"wp:term":[{"taxonomy":"post_tag","embeddable":true,"href":"https:\/\/visitaltotamegaebarroso.pt\/fr\/wp-json\/wp\/v2\/tags?post=32467"},{"taxonomy":"mec_category","embeddable":true,"href":"https:\/\/visitaltotamegaebarroso.pt\/fr\/wp-json\/wp\/v2\/mec_category?post=32467"}],"curies":[{"name":"wp","href":"https:\/\/api.w.org\/{rel}","templated":true}]}}