{"id":30973,"date":"2024-08-03T16:49:06","date_gmt":"2024-08-03T15:49:06","guid":{"rendered":"https:\/\/visitaltotamegaebarroso.pt\/events\/chaves-fete-des-peuples-a-aquae-flaviae\/"},"modified":"2024-08-13T10:34:50","modified_gmt":"2024-08-13T09:34:50","slug":"chaves-fete-des-peuples-a-aquae-flaviae","status":"publish","type":"mec-events","link":"https:\/\/visitaltotamegaebarroso.pt\/fr\/events\/chaves-fete-des-peuples-a-aquae-flaviae\/","title":{"rendered":"Chaves | F\u00eate des peuples \u00e0 Aquae Flaviae"},"content":{"rendered":"<p>Chaves c\u00e9l\u00e8bre l&rsquo;\u00e2ge d&rsquo;or de l&rsquo;Empire romain \u00e0 Aquae Flaviae avec la dixi\u00e8me \u00e9dition du march\u00e9 galicien-romain \u00ab\u00a0F\u00eate des peuples \u00e0 Aquae Flaviae\u00a0\u00bb.<\/p>\n<p>Pendant trois jours, les peuples gaulois, les l\u00e9gionnaires, les gladiateurs, les s\u00e9nateurs, les musiciens, les danseurs, les mendiants, les esclaves, les fauconniers et les divinit\u00e9s seront repr\u00e9sent\u00e9s dans une effervescence constante d&rsquo;\u00e9pisodes qui d\u00e9peindront la vie quotidienne d&rsquo;Aquae Flaviae et o\u00f9 se d\u00e9rouleront les activit\u00e9s socioculturelles les plus vari\u00e9es.<\/p>\n<p>Organis\u00e9 par : Municipalit\u00e9 de Chaves<\/p>\n<p><strong><a href=\"https:\/\/www.chaves.pt\/pages\/315?event_id=1905\">Programme<\/a><\/strong><\/p>\n","protected":false},"excerpt":{"rendered":"<p>Chaves c\u00e9l\u00e8bre l&rsquo;\u00e2ge d&rsquo;or de l&rsquo;Empire romain \u00e0 Aquae Flaviae avec la dixi\u00e8me \u00e9dition du march\u00e9 galicien-romain \u00ab\u00a0F\u00eate des peuples \u00e0 Aquae Flaviae\u00a0\u00bb. Pendant trois jours, les peuples gaulois, les l\u00e9gionnaires, les gladiateurs, les s\u00e9nateurs, les musiciens, les danseurs, les [&hellip;]<\/p>\n","protected":false},"author":5,"featured_media":31241,"comment_status":"closed","ping_status":"closed","template":"","tags":[],"mec_category":[715],"_links":{"self":[{"href":"https:\/\/visitaltotamegaebarroso.pt\/fr\/wp-json\/wp\/v2\/mec-events\/30973"}],"collection":[{"href":"https:\/\/visitaltotamegaebarroso.pt\/fr\/wp-json\/wp\/v2\/mec-events"}],"about":[{"href":"https:\/\/visitaltotamegaebarroso.pt\/fr\/wp-json\/wp\/v2\/types\/mec-events"}],"author":[{"embeddable":true,"href":"https:\/\/visitaltotamegaebarroso.pt\/fr\/wp-json\/wp\/v2\/users\/5"}],"replies":[{"embeddable":true,"href":"https:\/\/visitaltotamegaebarroso.pt\/fr\/wp-json\/wp\/v2\/comments?post=30973"}],"wp:featuredmedia":[{"embeddable":true,"href":"https:\/\/visitaltotamegaebarroso.pt\/fr\/wp-json\/wp\/v2\/media\/31241"}],"wp:attachment":[{"href":"https:\/\/visitaltotamegaebarroso.pt\/fr\/wp-json\/wp\/v2\/media?parent=30973"}],"wp:term":[{"taxonomy":"post_tag","embeddable":true,"href":"https:\/\/visitaltotamegaebarroso.pt\/fr\/wp-json\/wp\/v2\/tags?post=30973"},{"taxonomy":"mec_category","embeddable":true,"href":"https:\/\/visitaltotamegaebarroso.pt\/fr\/wp-json\/wp\/v2\/mec_category?post=30973"}],"curies":[{"name":"wp","href":"https:\/\/api.w.org\/{rel}","templated":true}]}}