{"id":30957,"date":"2024-08-03T15:53:25","date_gmt":"2024-08-03T14:53:25","guid":{"rendered":"https:\/\/visitaltotamegaebarroso.pt\/events\/chaves-nos-artistes-carlos-ranna\/"},"modified":"2024-08-03T15:53:25","modified_gmt":"2024-08-03T14:53:25","slug":"chaves-nos-artistes-carlos-ranna","status":"publish","type":"mec-events","link":"https:\/\/visitaltotamegaebarroso.pt\/fr\/events\/chaves-nos-artistes-carlos-ranna\/","title":{"rendered":"Chaves | Nos artistes &#8211; Carlos Ranna"},"content":{"rendered":"<p>Carlos Ranna invite \u00e0 l&rsquo;introspection et \u00e0 l&rsquo;exploration artistique dans une exposition de peinture<\/p>\n<p>Pendant le mois d&rsquo;ao\u00fbt, la biblioth\u00e8que municipale accueille une exposition de peinture cr\u00e9ative de Carlos Ranna, un artiste visuel et illustrateur qui pr\u00e9sente une grande vari\u00e9t\u00e9 de styles et de techniques. Le vernissage est pr\u00e9vu le vendredi 2 ao\u00fbt \u00e0 17h30. Cette pr\u00e9sentation publique est une invitation \u00e0 l&rsquo;introspection et \u00e0 l&rsquo;exploration artistique, dans le cadre d&rsquo;une exp\u00e9rience stimulante et inspirante.<\/p>\n<p>L&rsquo;exposition intitul\u00e9e \u00ab\u00a0Fragments d&rsquo;une \u00e2me. En bon \u00e9tat. Beaucoup de kilom\u00e8tres parcourus. N\u00e9cessite une r\u00e9novation\u00a0\u00bb rassemble une vari\u00e9t\u00e9 d&rsquo;illustrations repr\u00e9sentant des paysages de la r\u00e9gion de Tr\u00e1s-os-Montes, des figures humaines, des visages et m\u00eame des cr\u00e2nes, des \u0153uvres qui invitent \u00e0 l&rsquo;impr\u00e9visibilit\u00e9.<\/p>\n<p>Carlos Ranna est originaire du Br\u00e9sil, mais a choisi la ville de Flavi pour y vivre. Il est dipl\u00f4m\u00e9 en arts visuels et poss\u00e8de une exp\u00e9rience en design graphique. Il a \u00e9tudi\u00e9 avec de grands noms de la sc\u00e8ne artistique internationale et a plus de dix ans d&rsquo;exp\u00e9rience dans l&rsquo;enseignement du dessin et de la peinture. Il est le fondateur de l&rsquo;\u00e9cole d&rsquo;art musical Est\u00fadio Alicerce et de l&rsquo;\u00e9cole d&rsquo;art en ligne FundamentosdoDesenho.com, et enseigne \u00e9galement en personne \u00e0 Montalegre.<\/p>\n<p>Cette exposition est organis\u00e9e par la municipalit\u00e9 et l&rsquo;entr\u00e9e est gratuite.<\/p>\n","protected":false},"excerpt":{"rendered":"<p>Carlos Ranna invite \u00e0 l&rsquo;introspection et \u00e0 l&rsquo;exploration artistique dans une exposition de peinture Pendant le mois d&rsquo;ao\u00fbt, la biblioth\u00e8que municipale accueille une exposition de peinture cr\u00e9ative de Carlos Ranna, un artiste visuel et illustrateur qui pr\u00e9sente une grande vari\u00e9t\u00e9 [&hellip;]<\/p>\n","protected":false},"author":5,"featured_media":30953,"comment_status":"closed","ping_status":"closed","template":"","tags":[],"mec_category":[715],"_links":{"self":[{"href":"https:\/\/visitaltotamegaebarroso.pt\/fr\/wp-json\/wp\/v2\/mec-events\/30957"}],"collection":[{"href":"https:\/\/visitaltotamegaebarroso.pt\/fr\/wp-json\/wp\/v2\/mec-events"}],"about":[{"href":"https:\/\/visitaltotamegaebarroso.pt\/fr\/wp-json\/wp\/v2\/types\/mec-events"}],"author":[{"embeddable":true,"href":"https:\/\/visitaltotamegaebarroso.pt\/fr\/wp-json\/wp\/v2\/users\/5"}],"replies":[{"embeddable":true,"href":"https:\/\/visitaltotamegaebarroso.pt\/fr\/wp-json\/wp\/v2\/comments?post=30957"}],"wp:featuredmedia":[{"embeddable":true,"href":"https:\/\/visitaltotamegaebarroso.pt\/fr\/wp-json\/wp\/v2\/media\/30953"}],"wp:attachment":[{"href":"https:\/\/visitaltotamegaebarroso.pt\/fr\/wp-json\/wp\/v2\/media?parent=30957"}],"wp:term":[{"taxonomy":"post_tag","embeddable":true,"href":"https:\/\/visitaltotamegaebarroso.pt\/fr\/wp-json\/wp\/v2\/tags?post=30957"},{"taxonomy":"mec_category","embeddable":true,"href":"https:\/\/visitaltotamegaebarroso.pt\/fr\/wp-json\/wp\/v2\/mec_category?post=30957"}],"curies":[{"name":"wp","href":"https:\/\/api.w.org\/{rel}","templated":true}]}}