{"id":29518,"date":"2024-07-06T11:20:15","date_gmt":"2024-07-06T10:20:15","guid":{"rendered":"https:\/\/visitaltotamegaebarroso.pt\/events\/chaves-chaves-academy-of-arts-wind-orchestra-concert-ignis\/"},"modified":"2024-07-06T11:20:15","modified_gmt":"2024-07-06T10:20:15","slug":"chaves-chaves-academy-of-arts-wind-orchestra-concert-ignis","status":"publish","type":"mec-events","link":"https:\/\/visitaltotamegaebarroso.pt\/fr\/events\/chaves-chaves-academy-of-arts-wind-orchestra-concert-ignis\/","title":{"rendered":"Chaves | Chaves Academy of Arts Wind Orchestra Concert &#8211; Ignis"},"content":{"rendered":"<p>Entrez dans le monde fascinant de la dualit\u00e9 humaine et de l&rsquo;immensit\u00e9 de l&rsquo;\u00e2me gr\u00e2ce \u00e0 un concert captivant. Explorez les profondeurs des sentiments contrast\u00e9s qui nous habitent, tandis que la musique donne vie \u00e0 cette complexit\u00e9 \u00e9motionnelle. Chaque note est le reflet de notre capacit\u00e9 \u00e0 ressentir la joie et la tristesse, l&rsquo;espoir et la m\u00e9lancolie, le tout entrelac\u00e9 dans une harmonie unique. Laissez-vous envelopper par l&rsquo;immensit\u00e9 de nos pens\u00e9es et de nos \u00e9motions, en assistant \u00e0 l&rsquo;expression musicale de la riche tapisserie qu&rsquo;est l&rsquo;\u00e2me humaine. Rejoignez-nous dans ce voyage sonore de d\u00e9couverte int\u00e9rieure, c\u00e9l\u00e9brant la dualit\u00e9 qui fait de nous des \u00eatres humains \u00e0 part enti\u00e8re. Programme : Moth &#8211; Viet Cuong Stones and Sea &#8211; Saul Gomez SolerDuende &#8211; Lu\u00eds Serrano Alarcon<\/p>\n<p>Organisation : Alma.Alta et FAI<br \/>\nSoutien : Municipalit\u00e9 de Chaves<\/p>\n","protected":false},"excerpt":{"rendered":"<p>Entrez dans le monde fascinant de la dualit\u00e9 humaine et de l&rsquo;immensit\u00e9 de l&rsquo;\u00e2me gr\u00e2ce \u00e0 un concert captivant. Explorez les profondeurs des sentiments contrast\u00e9s qui nous habitent, tandis que la musique donne vie \u00e0 cette complexit\u00e9 \u00e9motionnelle. Chaque note [&hellip;]<\/p>\n","protected":false},"author":5,"featured_media":29514,"comment_status":"closed","ping_status":"closed","template":"","tags":[],"mec_category":[715],"_links":{"self":[{"href":"https:\/\/visitaltotamegaebarroso.pt\/fr\/wp-json\/wp\/v2\/mec-events\/29518"}],"collection":[{"href":"https:\/\/visitaltotamegaebarroso.pt\/fr\/wp-json\/wp\/v2\/mec-events"}],"about":[{"href":"https:\/\/visitaltotamegaebarroso.pt\/fr\/wp-json\/wp\/v2\/types\/mec-events"}],"author":[{"embeddable":true,"href":"https:\/\/visitaltotamegaebarroso.pt\/fr\/wp-json\/wp\/v2\/users\/5"}],"replies":[{"embeddable":true,"href":"https:\/\/visitaltotamegaebarroso.pt\/fr\/wp-json\/wp\/v2\/comments?post=29518"}],"wp:featuredmedia":[{"embeddable":true,"href":"https:\/\/visitaltotamegaebarroso.pt\/fr\/wp-json\/wp\/v2\/media\/29514"}],"wp:attachment":[{"href":"https:\/\/visitaltotamegaebarroso.pt\/fr\/wp-json\/wp\/v2\/media?parent=29518"}],"wp:term":[{"taxonomy":"post_tag","embeddable":true,"href":"https:\/\/visitaltotamegaebarroso.pt\/fr\/wp-json\/wp\/v2\/tags?post=29518"},{"taxonomy":"mec_category","embeddable":true,"href":"https:\/\/visitaltotamegaebarroso.pt\/fr\/wp-json\/wp\/v2\/mec_category?post=29518"}],"curies":[{"name":"wp","href":"https:\/\/api.w.org\/{rel}","templated":true}]}}