{"id":29443,"date":"2024-07-04T11:38:26","date_gmt":"2024-07-04T10:38:26","guid":{"rendered":"https:\/\/visitaltotamegaebarroso.pt\/events\/montalegre-exposition-trotchos-et-vieilles-planches\/"},"modified":"2024-07-04T11:38:26","modified_gmt":"2024-07-04T10:38:26","slug":"montalegre-exposition-trotchos-et-vieilles-planches","status":"publish","type":"mec-events","link":"https:\/\/visitaltotamegaebarroso.pt\/fr\/events\/montalegre-exposition-trotchos-et-vieilles-planches\/","title":{"rendered":"Montalegre | Exposition : \u00ab\u00a0Trotchos et vieilles planches\u00a0\u00bb."},"content":{"rendered":"<div><strong>L&rsquo;Ecomuseu de Barroso &#8211; Espa\u00e7o Padre Fontes, \u00e0 Montalegre, a le plaisir d&rsquo;annoncer l&rsquo;exposition \u00ab\u00a0Trotchos\u00a0\u00bb &amp; vieilles planches, de Carlos Gon\u00e7alves, du 13 juillet au 15 septembre 2024.<\/strong><\/div>\n<div><\/div>\n<div>\u00ab\u00a0Carlos Gon\u00e7alves est n\u00e9 dans la ville de Montalegre. \u00c0 l&rsquo;\u00e2ge de six ans, il est parti en Angola en compagnie de ses parents, o\u00f9 il est retourn\u00e9 dans la saga de la d\u00e9colonisation \u00e0 l&rsquo;\u00e2ge de vingt ans.<\/div>\n<div><\/div>\n<div>De retour dans la \u00ab\u00a0m\u00e9tropole\u00a0\u00bb, il a effectu\u00e9 toute sa carri\u00e8re professionnelle au sein de la mairie de Montalegre, p\u00e9riode pendant laquelle il a \u00e9galement donn\u00e9 libre cours \u00e0 son esprit cr\u00e9atif, en r\u00e9alisant des t\u00e2ches oubli\u00e9es avec le temps (d\u00e9coration de foires artisanales, construction de d\u00e9cors mobiles pour les d\u00e9fil\u00e9s historiques&#8230;) et en apprenant le travail du cuir aupr\u00e8s de Jo\u00e3o Barroso (le regrett\u00e9 Jo\u00e3o das Malas).<\/div>\n<div><\/div>\n<div>Entre-temps, il s&rsquo;est int\u00e9ress\u00e9 \u00e0 la sculpture et \u00e0 la photographie, dans lesquelles il a investi du temps et une partie de ses \u00e9conomies pour le simple plaisir de rechercher l&rsquo;esth\u00e9tique dans l&rsquo;utilisation de \u00ab\u00a0trotchos et de vieilles planches\u00a0\u00bb.<\/div>\n<div><\/div>\n<div>\n<div>Montalegre est une r\u00e9gion montagneuse, desservie par des voies de communication rares et m\u00e9diocres, ce qui l&rsquo;a rendue inhospitali\u00e8re et isol\u00e9e du reste du monde au fil des ans, et l&rsquo;est encore aujourd&rsquo;hui. C&rsquo;est pourquoi Carlos Gon\u00e7alves a ressenti le besoin de cr\u00e9er son propre espace &#8211; l&rsquo;espace n&rsquo;est pas ce que l&rsquo;on voit mais ce que l&rsquo;on cherche \u00e0 d\u00e9couvrir, ce qui est cach\u00e9 au-del\u00e0 de ce qui nous appara\u00eet &#8211; et de le modeler en utilisant des branches s\u00e8ches ramass\u00e9es dans la nature, en donnant une vie esth\u00e9tique \u00e0 des morceaux de bois mis au rebut et en fixant le paysage \u00e0 travers un langage simple et po\u00e9tique qui t\u00e9moigne de la r\u00e9gion de Barroso.<\/div>\n<div><\/div>\n<div>L&rsquo;exposition \u00e0 l&rsquo;Espa\u00e7o Padre Fontes &#8211; Ecomuseu do Barroso est l&rsquo;occasion pour Carlos Gon\u00e7alves de partager une partie de son travail avec un public plus large et plus diversifi\u00e9\u00a0\u00bb.<\/div>\n<\/div>\n","protected":false},"excerpt":{"rendered":"<p>L&rsquo;Ecomuseu de Barroso &#8211; Espa\u00e7o Padre Fontes, \u00e0 Montalegre, a le plaisir d&rsquo;annoncer l&rsquo;exposition \u00ab\u00a0Trotchos\u00a0\u00bb &amp; vieilles planches, de Carlos Gon\u00e7alves, du 13 juillet au 15 septembre 2024. \u00ab\u00a0Carlos Gon\u00e7alves est n\u00e9 dans la ville de Montalegre. \u00c0 l&rsquo;\u00e2ge de [&hellip;]<\/p>\n","protected":false},"author":5,"featured_media":29439,"comment_status":"closed","ping_status":"closed","template":"","tags":[],"mec_category":[715],"_links":{"self":[{"href":"https:\/\/visitaltotamegaebarroso.pt\/fr\/wp-json\/wp\/v2\/mec-events\/29443"}],"collection":[{"href":"https:\/\/visitaltotamegaebarroso.pt\/fr\/wp-json\/wp\/v2\/mec-events"}],"about":[{"href":"https:\/\/visitaltotamegaebarroso.pt\/fr\/wp-json\/wp\/v2\/types\/mec-events"}],"author":[{"embeddable":true,"href":"https:\/\/visitaltotamegaebarroso.pt\/fr\/wp-json\/wp\/v2\/users\/5"}],"replies":[{"embeddable":true,"href":"https:\/\/visitaltotamegaebarroso.pt\/fr\/wp-json\/wp\/v2\/comments?post=29443"}],"wp:featuredmedia":[{"embeddable":true,"href":"https:\/\/visitaltotamegaebarroso.pt\/fr\/wp-json\/wp\/v2\/media\/29439"}],"wp:attachment":[{"href":"https:\/\/visitaltotamegaebarroso.pt\/fr\/wp-json\/wp\/v2\/media?parent=29443"}],"wp:term":[{"taxonomy":"post_tag","embeddable":true,"href":"https:\/\/visitaltotamegaebarroso.pt\/fr\/wp-json\/wp\/v2\/tags?post=29443"},{"taxonomy":"mec_category","embeddable":true,"href":"https:\/\/visitaltotamegaebarroso.pt\/fr\/wp-json\/wp\/v2\/mec_category?post=29443"}],"curies":[{"name":"wp","href":"https:\/\/api.w.org\/{rel}","templated":true}]}}