{"id":29152,"date":"2024-06-28T11:25:48","date_gmt":"2024-06-28T10:25:48","guid":{"rendered":"https:\/\/visitaltotamegaebarroso.pt\/events\/montalegre-concours-de-betail\/"},"modified":"2024-06-28T11:25:48","modified_gmt":"2024-06-28T10:25:48","slug":"montalegre-concours-de-betail","status":"publish","type":"mec-events","link":"https:\/\/visitaltotamegaebarroso.pt\/fr\/events\/montalegre-concours-de-betail\/","title":{"rendered":"Montalegre &#8211; Concours de b\u00e9tail"},"content":{"rendered":"<p>Le premier concours de b\u00e9tail Barros\u00e3 de l&rsquo;ann\u00e9e dans la municipalit\u00e9 de Montalegre aura lieu ce samedi dans la paroisse de Venda Nova. L&rsquo;\u00e9v\u00e9nement est organis\u00e9 par les conseils paroissiaux de Venda Nova et de Pondras, avec la collaboration de la mairie de Montalegre, sous la direction et la r\u00e9glementation de la Direction g\u00e9n\u00e9rale de l&rsquo;alimentation et des affaires v\u00e9t\u00e9rinaires (DGAV) et avec le soutien de l&rsquo;Association des \u00e9leveurs de Barros\u00e3 (AMIBA).<br \/>\nCe concours de la race Barros\u00e3, fond\u00e9 par Carlos Machado (qui a \u00e9t\u00e9 honor\u00e9), vise \u00e0 orienter les \u00e9leveurs vers le type et les caract\u00e9ristiques ethniques les plus souhaitables, \u00e0 stimuler la production bovine dans la r\u00e9gion, \u00e0 valoriser les efforts des \u00e9leveurs pour maintenir cette race autochtone et \u00e0 promouvoir la race en tant qu&rsquo;\u00e9l\u00e9ment important de la pr\u00e9servation du monde rural.<br \/>\nD\u00e9tails &#8211; \u27a1\ufe0f <a href=\"http:\/\/www.cm-montalegre.pt\/pages\/823?news_id=5802\">www.cm-montalegre.pt\/pages\/823?news_id=5802<\/a><\/p>\n","protected":false},"excerpt":{"rendered":"<p>Le premier concours de b\u00e9tail Barros\u00e3 de l&rsquo;ann\u00e9e dans la municipalit\u00e9 de Montalegre aura lieu ce samedi dans la paroisse de Venda Nova. L&rsquo;\u00e9v\u00e9nement est organis\u00e9 par les conseils paroissiaux de Venda Nova et de Pondras, avec la collaboration de [&hellip;]<\/p>\n","protected":false},"author":5,"featured_media":29143,"comment_status":"closed","ping_status":"closed","template":"","tags":[],"mec_category":[728],"_links":{"self":[{"href":"https:\/\/visitaltotamegaebarroso.pt\/fr\/wp-json\/wp\/v2\/mec-events\/29152"}],"collection":[{"href":"https:\/\/visitaltotamegaebarroso.pt\/fr\/wp-json\/wp\/v2\/mec-events"}],"about":[{"href":"https:\/\/visitaltotamegaebarroso.pt\/fr\/wp-json\/wp\/v2\/types\/mec-events"}],"author":[{"embeddable":true,"href":"https:\/\/visitaltotamegaebarroso.pt\/fr\/wp-json\/wp\/v2\/users\/5"}],"replies":[{"embeddable":true,"href":"https:\/\/visitaltotamegaebarroso.pt\/fr\/wp-json\/wp\/v2\/comments?post=29152"}],"wp:featuredmedia":[{"embeddable":true,"href":"https:\/\/visitaltotamegaebarroso.pt\/fr\/wp-json\/wp\/v2\/media\/29143"}],"wp:attachment":[{"href":"https:\/\/visitaltotamegaebarroso.pt\/fr\/wp-json\/wp\/v2\/media?parent=29152"}],"wp:term":[{"taxonomy":"post_tag","embeddable":true,"href":"https:\/\/visitaltotamegaebarroso.pt\/fr\/wp-json\/wp\/v2\/tags?post=29152"},{"taxonomy":"mec_category","embeddable":true,"href":"https:\/\/visitaltotamegaebarroso.pt\/fr\/wp-json\/wp\/v2\/mec_category?post=29152"}],"curies":[{"name":"wp","href":"https:\/\/api.w.org\/{rel}","templated":true}]}}