{"id":29124,"date":"2024-06-26T19:08:27","date_gmt":"2024-06-26T18:08:27","guid":{"rendered":"https:\/\/visitaltotamegaebarroso.pt\/events\/chaves-foire-mensuelle-de-sao-pedro-de-agostem\/"},"modified":"2024-06-26T19:08:27","modified_gmt":"2024-06-26T18:08:27","slug":"chaves-foire-mensuelle-de-sao-pedro-de-agostem","status":"publish","type":"mec-events","link":"https:\/\/visitaltotamegaebarroso.pt\/fr\/events\/chaves-foire-mensuelle-de-sao-pedro-de-agostem\/","title":{"rendered":"Chaves | Foire mensuelle de S\u00e3o Pedro de Agost\u00e9m"},"content":{"rendered":"<p>Sanctuaire de Notre-Dame de la Sant\u00e9, de 8h30 \u00e0 12h30, avec une messe \u00e0 11h dans l&rsquo;\u00e9glise de Notre-Dame de la Sant\u00e9.<\/p>\n<p>Le premier dimanche de chaque mois, la foire vend des produits locaux tels que du pain, du folar, du miel, des viandes fum\u00e9es, du vin, des liqueurs, des fruits, des l\u00e9gumes, de la vannerie, des v\u00eatements et bien d&rsquo;autres choses encore.<\/p>\n<p>Organis\u00e9 par : Conseil paroissial de S\u00e3o Pedro de Agost\u00e9m<\/p>\n<p>Soutien : Comit\u00e9 des f\u00eates de Notre-Dame de la Sant\u00e9<\/p>\n","protected":false},"excerpt":{"rendered":"<p>Sanctuaire de Notre-Dame de la Sant\u00e9, de 8h30 \u00e0 12h30, avec une messe \u00e0 11h dans l&rsquo;\u00e9glise de Notre-Dame de la Sant\u00e9. Le premier dimanche de chaque mois, la foire vend des produits locaux tels que du pain, du folar, [&hellip;]<\/p>\n","protected":false},"author":5,"featured_media":29119,"comment_status":"closed","ping_status":"closed","template":"","tags":[],"mec_category":[728],"_links":{"self":[{"href":"https:\/\/visitaltotamegaebarroso.pt\/fr\/wp-json\/wp\/v2\/mec-events\/29124"}],"collection":[{"href":"https:\/\/visitaltotamegaebarroso.pt\/fr\/wp-json\/wp\/v2\/mec-events"}],"about":[{"href":"https:\/\/visitaltotamegaebarroso.pt\/fr\/wp-json\/wp\/v2\/types\/mec-events"}],"author":[{"embeddable":true,"href":"https:\/\/visitaltotamegaebarroso.pt\/fr\/wp-json\/wp\/v2\/users\/5"}],"replies":[{"embeddable":true,"href":"https:\/\/visitaltotamegaebarroso.pt\/fr\/wp-json\/wp\/v2\/comments?post=29124"}],"wp:featuredmedia":[{"embeddable":true,"href":"https:\/\/visitaltotamegaebarroso.pt\/fr\/wp-json\/wp\/v2\/media\/29119"}],"wp:attachment":[{"href":"https:\/\/visitaltotamegaebarroso.pt\/fr\/wp-json\/wp\/v2\/media?parent=29124"}],"wp:term":[{"taxonomy":"post_tag","embeddable":true,"href":"https:\/\/visitaltotamegaebarroso.pt\/fr\/wp-json\/wp\/v2\/tags?post=29124"},{"taxonomy":"mec_category","embeddable":true,"href":"https:\/\/visitaltotamegaebarroso.pt\/fr\/wp-json\/wp\/v2\/mec_category?post=29124"}],"curies":[{"name":"wp","href":"https:\/\/api.w.org\/{rel}","templated":true}]}}