{"id":28726,"date":"2024-06-13T12:14:17","date_gmt":"2024-06-13T11:14:17","guid":{"rendered":"https:\/\/visitaltotamegaebarroso.pt\/events\/chaves-donner-de-la-joie-aux-annees-3\/"},"modified":"2024-06-13T12:14:17","modified_gmt":"2024-06-13T11:14:17","slug":"chaves-donner-de-la-joie-aux-annees-3","status":"publish","type":"mec-events","link":"https:\/\/visitaltotamegaebarroso.pt\/fr\/events\/chaves-donner-de-la-joie-aux-annees-3\/","title":{"rendered":"Chaves &#8211; Donner de la joie aux ann\u00e9es"},"content":{"rendered":"<div>Dans le but de cr\u00e9er des attitudes proactives, cette r\u00e9union dominicale sera anim\u00e9e par le groupe \u00ab\u00a0Music Star\u00a0\u00bb, qui proposera une citoyennet\u00e9 de plus en plus active et participative, avec beaucoup de plaisir et de joie. Donner aux diff\u00e9rentes g\u00e9n\u00e9rations les moyens de promouvoir la solidarit\u00e9, la coop\u00e9ration et le respect des diff\u00e9rents besoins et potentiels associ\u00e9s \u00e0 chaque \u00e2ge contribue \u00e0 la construction sociale d&rsquo;un vieillissement actif et en bonne sant\u00e9. Les personnes qui vivent des activit\u00e9s positives se sentent mieux dans leur peau et dans leur environnement, et font mieux face \u00e0 la maladie, au stress et \u00e0 d&rsquo;autres difficult\u00e9s. Le projet \u00ab\u00a0Vieillir en bonne sant\u00e9\u00a0\u00bb fait partie du Pacte pour le d\u00e9veloppement et la coh\u00e9sion territoriale d&rsquo;Alto T\u00e2mega, qui promeut des \u00e9v\u00e9nements et des c\u00e9l\u00e9brations th\u00e9matiques tout au long de l&rsquo;ann\u00e9e.<\/div>\n<div>GROUPE MUSICAL \u00ab\u00a0\u00c1FRICA STAR<\/div>\n<div><\/div>\n<div>Organis\u00e9 par : Municipalit\u00e9 de Chaves<\/div>\n","protected":false},"excerpt":{"rendered":"<p>Dans le but de cr\u00e9er des attitudes proactives, cette r\u00e9union dominicale sera anim\u00e9e par le groupe \u00ab\u00a0Music Star\u00a0\u00bb, qui proposera une citoyennet\u00e9 de plus en plus active et participative, avec beaucoup de plaisir et de joie. Donner aux diff\u00e9rentes g\u00e9n\u00e9rations [&hellip;]<\/p>\n","protected":false},"author":5,"featured_media":28722,"comment_status":"closed","ping_status":"closed","template":"","tags":[],"mec_category":[715],"_links":{"self":[{"href":"https:\/\/visitaltotamegaebarroso.pt\/fr\/wp-json\/wp\/v2\/mec-events\/28726"}],"collection":[{"href":"https:\/\/visitaltotamegaebarroso.pt\/fr\/wp-json\/wp\/v2\/mec-events"}],"about":[{"href":"https:\/\/visitaltotamegaebarroso.pt\/fr\/wp-json\/wp\/v2\/types\/mec-events"}],"author":[{"embeddable":true,"href":"https:\/\/visitaltotamegaebarroso.pt\/fr\/wp-json\/wp\/v2\/users\/5"}],"replies":[{"embeddable":true,"href":"https:\/\/visitaltotamegaebarroso.pt\/fr\/wp-json\/wp\/v2\/comments?post=28726"}],"wp:featuredmedia":[{"embeddable":true,"href":"https:\/\/visitaltotamegaebarroso.pt\/fr\/wp-json\/wp\/v2\/media\/28722"}],"wp:attachment":[{"href":"https:\/\/visitaltotamegaebarroso.pt\/fr\/wp-json\/wp\/v2\/media?parent=28726"}],"wp:term":[{"taxonomy":"post_tag","embeddable":true,"href":"https:\/\/visitaltotamegaebarroso.pt\/fr\/wp-json\/wp\/v2\/tags?post=28726"},{"taxonomy":"mec_category","embeddable":true,"href":"https:\/\/visitaltotamegaebarroso.pt\/fr\/wp-json\/wp\/v2\/mec_category?post=28726"}],"curies":[{"name":"wp","href":"https:\/\/api.w.org\/{rel}","templated":true}]}}