{"id":27230,"date":"2024-05-07T15:55:27","date_gmt":"2024-05-07T14:55:27","guid":{"rendered":"https:\/\/visitaltotamegaebarroso.pt\/events\/chaves-le-seigneur-du-porto-festival-entre-curtas\/"},"modified":"2024-05-07T15:55:27","modified_gmt":"2024-05-07T14:55:27","slug":"chaves-le-seigneur-du-porto-festival-entre-curtas","status":"publish","type":"mec-events","link":"https:\/\/visitaltotamegaebarroso.pt\/fr\/events\/chaves-le-seigneur-du-porto-festival-entre-curtas\/","title":{"rendered":"Chaves | Le Seigneur du Porto &#8211; Festival Entre Curtas"},"content":{"rendered":"<p>Animation<\/p>\n<p>O Senhor do Porto Il est n\u00e9 et a grandi \u00e0 Porto, en plein centre, contre ce qui reste du mur de Fernandina, en 1937.<br \/>Il a entendu parler de la Premi\u00e8re Guerre mondiale et a de brefs souvenirs de la Seconde. Il a vu Porto s&rsquo;unir pour la d\u00e9mocratie. Vous avez vu la construction des quatre derniers ponts (vous ne verrez plus le cinqui\u00e8me). Vous avez vu Porto reconnue comme patrimoine mondial et capitale culturelle de l&rsquo;Europe. Il a vu arriver les touristes tant acclam\u00e9s. Vous vous \u00eates vu seul. Il a vu des maisons abandonn\u00e9es. Vous avez vu des maisons transform\u00e9es en h\u00f4tels. Vous avez vu un quartier diff\u00e9rent. Il a vu un Porto qu&rsquo;il n&rsquo;avait jamais vu auparavant. Aujourd&rsquo;hui, il veut vivre le Porto qu&rsquo;il a vu et mettre le Porto qu&rsquo;il voit dans sa m\u00e9moire.<\/p>\n<p>Organisation :<br \/>Th\u00e9\u00e2tre exp\u00e9rimental Flaviense<\/p>\n","protected":false},"excerpt":{"rendered":"<p>Animation O Senhor do Porto Il est n\u00e9 et a grandi \u00e0 Porto, en plein centre, contre ce qui reste du mur de Fernandina, en 1937.Il a entendu parler de la Premi\u00e8re Guerre mondiale et a de brefs souvenirs de [&hellip;]<\/p>\n","protected":false},"author":5,"featured_media":27113,"comment_status":"closed","ping_status":"closed","template":"","tags":[],"mec_category":[715],"_links":{"self":[{"href":"https:\/\/visitaltotamegaebarroso.pt\/fr\/wp-json\/wp\/v2\/mec-events\/27230"}],"collection":[{"href":"https:\/\/visitaltotamegaebarroso.pt\/fr\/wp-json\/wp\/v2\/mec-events"}],"about":[{"href":"https:\/\/visitaltotamegaebarroso.pt\/fr\/wp-json\/wp\/v2\/types\/mec-events"}],"author":[{"embeddable":true,"href":"https:\/\/visitaltotamegaebarroso.pt\/fr\/wp-json\/wp\/v2\/users\/5"}],"replies":[{"embeddable":true,"href":"https:\/\/visitaltotamegaebarroso.pt\/fr\/wp-json\/wp\/v2\/comments?post=27230"}],"wp:featuredmedia":[{"embeddable":true,"href":"https:\/\/visitaltotamegaebarroso.pt\/fr\/wp-json\/wp\/v2\/media\/27113"}],"wp:attachment":[{"href":"https:\/\/visitaltotamegaebarroso.pt\/fr\/wp-json\/wp\/v2\/media?parent=27230"}],"wp:term":[{"taxonomy":"post_tag","embeddable":true,"href":"https:\/\/visitaltotamegaebarroso.pt\/fr\/wp-json\/wp\/v2\/tags?post=27230"},{"taxonomy":"mec_category","embeddable":true,"href":"https:\/\/visitaltotamegaebarroso.pt\/fr\/wp-json\/wp\/v2\/mec_category?post=27230"}],"curies":[{"name":"wp","href":"https:\/\/api.w.org\/{rel}","templated":true}]}}