{"id":26797,"date":"2024-04-15T15:05:51","date_gmt":"2024-04-15T14:05:51","guid":{"rendered":"https:\/\/visitaltotamegaebarroso.pt\/events\/ribeira-de-pena-3e-marche-de-solidarite\/"},"modified":"2024-04-15T15:05:51","modified_gmt":"2024-04-15T14:05:51","slug":"ribeira-de-pena-3e-marche-de-solidarite","status":"publish","type":"mec-events","link":"https:\/\/visitaltotamegaebarroso.pt\/fr\/events\/ribeira-de-pena-3e-marche-de-solidarite\/","title":{"rendered":"Ribeira de Pena &#8211; 3e marche de solidarit\u00e9"},"content":{"rendered":"<p>Dans le cadre du Mois international pour la pr\u00e9vention de la maltraitance des enfants, la Commission pour la protection des enfants et des jeunes de Ribeira de Pena, en collaboration avec la municipalit\u00e9 de Ribeira de Pena, Pena Aventura et Nicho Verde, organise une marche de solidarit\u00e9 le 4 mai.<\/p>\n<p>Nous invitons tout le monde \u00e0 participer \u00e0 cette marche, qui vise \u00e0 sensibiliser et \u00e0 attirer l&rsquo;attention sur cette r\u00e9alit\u00e9 mondiale, qui doit \u00eatre \u00e9limin\u00e9e.<\/p>\n<p>Le d\u00e9part de la marche aura lieu \u00e0 la Pra\u00e7a do Munic\u00edpio \u00e0 8h30, et nous recommandons \u00e0 tous les participants d&rsquo;apporter des v\u00eatements confortables et adapt\u00e9s \u00e0 l&rsquo;exercice physique.<\/p>\n<p>Les inscriptions peuvent se faire en ligne ou en personne aupr\u00e8s des conseils de paroisse ou des services municipaux, et co\u00fbtent deux denr\u00e9es alimentaires qui seront ensuite donn\u00e9es \u00e0 la boutique de charit\u00e9 de Ribeira de Pena.<\/p>\n<p>Les inscriptions seront ouvertes jusqu&rsquo;au 19 avril.<\/p>\n<p>N&rsquo;oubliez pas de vous joindre \u00e0 nous dans cette cause et de contribuer \u00e0 un avenir meilleur.<\/p>\n<p>\u00ab\u00a0Je serai ce que vous me donnerez&#8230; que ce soit de l&rsquo;amour !<\/p>\n<p><span style=\"color: #00ccff;\"><a style=\"color: #00ccff;\" href=\"https:\/\/forms.gle\/j6ZpETPMTt6aSdgo9\"><b><strong>Inscription<\/strong><\/b><\/a><\/span><\/p>\n","protected":false},"excerpt":{"rendered":"<p>Dans le cadre du Mois international pour la pr\u00e9vention de la maltraitance des enfants, la Commission pour la protection des enfants et des jeunes de Ribeira de Pena, en collaboration avec la municipalit\u00e9 de Ribeira de Pena, Pena Aventura et [&hellip;]<\/p>\n","protected":false},"author":5,"featured_media":26902,"comment_status":"closed","ping_status":"closed","template":"","tags":[],"mec_category":[721],"_links":{"self":[{"href":"https:\/\/visitaltotamegaebarroso.pt\/fr\/wp-json\/wp\/v2\/mec-events\/26797"}],"collection":[{"href":"https:\/\/visitaltotamegaebarroso.pt\/fr\/wp-json\/wp\/v2\/mec-events"}],"about":[{"href":"https:\/\/visitaltotamegaebarroso.pt\/fr\/wp-json\/wp\/v2\/types\/mec-events"}],"author":[{"embeddable":true,"href":"https:\/\/visitaltotamegaebarroso.pt\/fr\/wp-json\/wp\/v2\/users\/5"}],"replies":[{"embeddable":true,"href":"https:\/\/visitaltotamegaebarroso.pt\/fr\/wp-json\/wp\/v2\/comments?post=26797"}],"wp:featuredmedia":[{"embeddable":true,"href":"https:\/\/visitaltotamegaebarroso.pt\/fr\/wp-json\/wp\/v2\/media\/26902"}],"wp:attachment":[{"href":"https:\/\/visitaltotamegaebarroso.pt\/fr\/wp-json\/wp\/v2\/media?parent=26797"}],"wp:term":[{"taxonomy":"post_tag","embeddable":true,"href":"https:\/\/visitaltotamegaebarroso.pt\/fr\/wp-json\/wp\/v2\/tags?post=26797"},{"taxonomy":"mec_category","embeddable":true,"href":"https:\/\/visitaltotamegaebarroso.pt\/fr\/wp-json\/wp\/v2\/mec_category?post=26797"}],"curies":[{"name":"wp","href":"https:\/\/api.w.org\/{rel}","templated":true}]}}