{"id":26443,"date":"2024-04-07T15:05:21","date_gmt":"2024-04-07T14:05:21","guid":{"rendered":"https:\/\/visitaltotamegaebarroso.pt\/events\/chaves-25-avril-concert-philharmonique\/"},"modified":"2024-04-07T15:05:21","modified_gmt":"2024-04-07T14:05:21","slug":"chaves-25-avril-concert-philharmonique","status":"publish","type":"mec-events","link":"https:\/\/visitaltotamegaebarroso.pt\/fr\/events\/chaves-25-avril-concert-philharmonique\/","title":{"rendered":"Chaves | 25 avril Concert philharmonique"},"content":{"rendered":"<p>Dans le cadre des c\u00e9l\u00e9brations du 50e anniversaire du 25 avril, la Banda Musical da Casa de Cultura Popular de Outeiro Seco donnera un concert le 27 avril, en partenariat avec la chorale de l&rsquo;\u00e9cole Nadir Afonso.<br \/>\nPour comm\u00e9morer cet anniversaire, le concert sera divis\u00e9 en deux moments musicaux. Le premier d\u00e9butera par un concert\/r\u00e9pertoire traditionnel et le second verra la participation de la chorale susmentionn\u00e9e, sous la responsabilit\u00e9 du professeur Concei\u00e7\u00e3o Capela, qui interpr\u00e9tera des chansons de Zeca Afonso.<\/p>\n<p>Animations pour enfants<br \/>\nAlameda do Trajano &#8211; 15h<\/p>\n<p>La c\u00e9l\u00e9bration du 25 avril est plus qu&rsquo;un \u00e9v\u00e9nement pour adultes, nous allons en faire une f\u00eate de l&rsquo;enfance, de la cr\u00e9ativit\u00e9 et de l&rsquo;aventure, cr\u00e9ant des souvenirs durables et des sourires inoubliables, avec un apr\u00e8s-midi rempli d&rsquo;activit\u00e9s amusantes et cr\u00e9atives, d&rsquo;aventures et de divertissements.<br \/>\nDiverses activit\u00e9s : tour d&rsquo;escalade, descente en rappel, toboggan, maquillage et ateliers d&rsquo;artisanat.<\/p>\n<p>Organis\u00e9 par la municipalit\u00e9 de Chaves<\/p>\n","protected":false},"excerpt":{"rendered":"<p>Dans le cadre des c\u00e9l\u00e9brations du 50e anniversaire du 25 avril, la Banda Musical da Casa de Cultura Popular de Outeiro Seco donnera un concert le 27 avril, en partenariat avec la chorale de l&rsquo;\u00e9cole Nadir Afonso. Pour comm\u00e9morer cet [&hellip;]<\/p>\n","protected":false},"author":5,"featured_media":26439,"comment_status":"closed","ping_status":"closed","template":"","tags":[],"mec_category":[715],"_links":{"self":[{"href":"https:\/\/visitaltotamegaebarroso.pt\/fr\/wp-json\/wp\/v2\/mec-events\/26443"}],"collection":[{"href":"https:\/\/visitaltotamegaebarroso.pt\/fr\/wp-json\/wp\/v2\/mec-events"}],"about":[{"href":"https:\/\/visitaltotamegaebarroso.pt\/fr\/wp-json\/wp\/v2\/types\/mec-events"}],"author":[{"embeddable":true,"href":"https:\/\/visitaltotamegaebarroso.pt\/fr\/wp-json\/wp\/v2\/users\/5"}],"replies":[{"embeddable":true,"href":"https:\/\/visitaltotamegaebarroso.pt\/fr\/wp-json\/wp\/v2\/comments?post=26443"}],"wp:featuredmedia":[{"embeddable":true,"href":"https:\/\/visitaltotamegaebarroso.pt\/fr\/wp-json\/wp\/v2\/media\/26439"}],"wp:attachment":[{"href":"https:\/\/visitaltotamegaebarroso.pt\/fr\/wp-json\/wp\/v2\/media?parent=26443"}],"wp:term":[{"taxonomy":"post_tag","embeddable":true,"href":"https:\/\/visitaltotamegaebarroso.pt\/fr\/wp-json\/wp\/v2\/tags?post=26443"},{"taxonomy":"mec_category","embeddable":true,"href":"https:\/\/visitaltotamegaebarroso.pt\/fr\/wp-json\/wp\/v2\/mec_category?post=26443"}],"curies":[{"name":"wp","href":"https:\/\/api.w.org\/{rel}","templated":true}]}}