{"id":26185,"date":"2024-03-21T12:44:13","date_gmt":"2024-03-21T12:44:13","guid":{"rendered":"https:\/\/visitaltotamegaebarroso.pt\/events\/chaves-concert-de-paques-orchestre-philharmonique-de-braga\/"},"modified":"2024-03-21T12:44:13","modified_gmt":"2024-03-21T12:44:13","slug":"chaves-concert-de-paques-orchestre-philharmonique-de-braga","status":"publish","type":"mec-events","link":"https:\/\/visitaltotamegaebarroso.pt\/fr\/events\/chaves-concert-de-paques-orchestre-philharmonique-de-braga\/","title":{"rendered":"Chaves | \u00ab\u00a0Concert de P\u00e2ques\u00a0\u00bb &#8211; Orchestre philharmonique de Braga"},"content":{"rendered":"<p>La municipalit\u00e9 de Chaves offre aux Flaviens le traditionnel \u00ab\u00a0Concert de P\u00e2ques\u00a0\u00bb de l&rsquo;Orchestre Philharmonique de Braga (OFB), dirig\u00e9 par Filipe Cunha de Braga. Le programme de musique classique liturgique se distingue par sa joie et son esprit, et comprendra des \u0153uvres de Mozart (1756-1791), Haendel (1685-1759), Bach (1685-1750) et Haydn (1732-1809). Le concert comprend \u00e9galement une soliste invit\u00e9e &#8211; Liliana Nogueira (soprano), qui interpr\u00e9tera divers airs, dont l&rsquo;\u0153uvre \u00ab\u00a0Exsultate Jubilate\u00a0\u00bb, compos\u00e9e par Mozart \u00e0 l&rsquo;\u00e2ge de 17 ans et cr\u00e9\u00e9e \u00e0 Milan au cours de l&rsquo;hiver 1773.<\/p>\n<p>Dur\u00e9e : 60 minutes \/ M6. L&rsquo;entr\u00e9e est gratuite, mais les billets doivent \u00eatre obtenus \u00e0 l&rsquo;avance aupr\u00e8s de la biblioth\u00e8que municipale de Chaves et de l&rsquo;office du tourisme de Chaves.<\/p>\n<p>Organis\u00e9 par : Municipalit\u00e9 de Chaves<\/p>\n","protected":false},"excerpt":{"rendered":"<p>La municipalit\u00e9 de Chaves offre aux Flaviens le traditionnel \u00ab\u00a0Concert de P\u00e2ques\u00a0\u00bb de l&rsquo;Orchestre Philharmonique de Braga (OFB), dirig\u00e9 par Filipe Cunha de Braga. Le programme de musique classique liturgique se distingue par sa joie et son esprit, et comprendra [&hellip;]<\/p>\n","protected":false},"author":5,"featured_media":26181,"comment_status":"closed","ping_status":"closed","template":"","tags":[],"mec_category":[715],"_links":{"self":[{"href":"https:\/\/visitaltotamegaebarroso.pt\/fr\/wp-json\/wp\/v2\/mec-events\/26185"}],"collection":[{"href":"https:\/\/visitaltotamegaebarroso.pt\/fr\/wp-json\/wp\/v2\/mec-events"}],"about":[{"href":"https:\/\/visitaltotamegaebarroso.pt\/fr\/wp-json\/wp\/v2\/types\/mec-events"}],"author":[{"embeddable":true,"href":"https:\/\/visitaltotamegaebarroso.pt\/fr\/wp-json\/wp\/v2\/users\/5"}],"replies":[{"embeddable":true,"href":"https:\/\/visitaltotamegaebarroso.pt\/fr\/wp-json\/wp\/v2\/comments?post=26185"}],"wp:featuredmedia":[{"embeddable":true,"href":"https:\/\/visitaltotamegaebarroso.pt\/fr\/wp-json\/wp\/v2\/media\/26181"}],"wp:attachment":[{"href":"https:\/\/visitaltotamegaebarroso.pt\/fr\/wp-json\/wp\/v2\/media?parent=26185"}],"wp:term":[{"taxonomy":"post_tag","embeddable":true,"href":"https:\/\/visitaltotamegaebarroso.pt\/fr\/wp-json\/wp\/v2\/tags?post=26185"},{"taxonomy":"mec_category","embeddable":true,"href":"https:\/\/visitaltotamegaebarroso.pt\/fr\/wp-json\/wp\/v2\/mec_category?post=26185"}],"curies":[{"name":"wp","href":"https:\/\/api.w.org\/{rel}","templated":true}]}}