{"id":26028,"date":"2024-03-14T14:53:08","date_gmt":"2024-03-14T14:53:08","guid":{"rendered":"https:\/\/visitaltotamegaebarroso.pt\/events\/montalegre-l-championnat-du-monde-de-rallycross\/"},"modified":"2024-03-14T14:53:08","modified_gmt":"2024-03-14T14:53:08","slug":"montalegre-l-championnat-du-monde-de-rallycross","status":"publish","type":"mec-events","link":"https:\/\/visitaltotamegaebarroso.pt\/fr\/events\/montalegre-l-championnat-du-monde-de-rallycross\/","title":{"rendered":"Montalegre l Championnat du monde de rallycross"},"content":{"rendered":"<p>Le circuit international de Montalegre sera \u00e0 nouveau le th\u00e9\u00e2tre d&rsquo;une double manche du World RX &#8211; Championnat du monde de rallycross de la FIA, les 7 et 8 septembre prochains. L&rsquo;\u00e9preuve portugaise, qui continue \u00e9galement \u00e0 faire partie du championnat europ\u00e9en de rallycross, accueillera l&rsquo;une des cinq manches du calendrier mondial publi\u00e9 par la FIA, qui comprend \u00e9galement des courses en Su\u00e8de, en Hongrie, en Belgique et en Australie. La nouvelle \u00e8re du World RX mettra aux prises des voitures \u00e9lectriques et des voitures \u00e0 combustion dans un spectacle sans pr\u00e9c\u00e9dent.<\/p>\n","protected":false},"excerpt":{"rendered":"<p>Le circuit international de Montalegre sera \u00e0 nouveau le th\u00e9\u00e2tre d&rsquo;une double manche du World RX &#8211; Championnat du monde de rallycross de la FIA, les 7 et 8 septembre prochains. L&rsquo;\u00e9preuve portugaise, qui continue \u00e9galement \u00e0 faire partie du [&hellip;]<\/p>\n","protected":false},"author":5,"featured_media":26024,"comment_status":"closed","ping_status":"closed","template":"","tags":[],"mec_category":[721],"_links":{"self":[{"href":"https:\/\/visitaltotamegaebarroso.pt\/fr\/wp-json\/wp\/v2\/mec-events\/26028"}],"collection":[{"href":"https:\/\/visitaltotamegaebarroso.pt\/fr\/wp-json\/wp\/v2\/mec-events"}],"about":[{"href":"https:\/\/visitaltotamegaebarroso.pt\/fr\/wp-json\/wp\/v2\/types\/mec-events"}],"author":[{"embeddable":true,"href":"https:\/\/visitaltotamegaebarroso.pt\/fr\/wp-json\/wp\/v2\/users\/5"}],"replies":[{"embeddable":true,"href":"https:\/\/visitaltotamegaebarroso.pt\/fr\/wp-json\/wp\/v2\/comments?post=26028"}],"wp:featuredmedia":[{"embeddable":true,"href":"https:\/\/visitaltotamegaebarroso.pt\/fr\/wp-json\/wp\/v2\/media\/26024"}],"wp:attachment":[{"href":"https:\/\/visitaltotamegaebarroso.pt\/fr\/wp-json\/wp\/v2\/media?parent=26028"}],"wp:term":[{"taxonomy":"post_tag","embeddable":true,"href":"https:\/\/visitaltotamegaebarroso.pt\/fr\/wp-json\/wp\/v2\/tags?post=26028"},{"taxonomy":"mec_category","embeddable":true,"href":"https:\/\/visitaltotamegaebarroso.pt\/fr\/wp-json\/wp\/v2\/mec_category?post=26028"}],"curies":[{"name":"wp","href":"https:\/\/api.w.org\/{rel}","templated":true}]}}