{"id":25731,"date":"2024-03-06T15:18:31","date_gmt":"2024-03-06T15:18:31","guid":{"rendered":"https:\/\/visitaltotamegaebarroso.pt\/events\/chaves-cinema-la-couleur-pourpre\/"},"modified":"2024-03-06T15:22:45","modified_gmt":"2024-03-06T15:22:45","slug":"chaves-cinema-la-couleur-pourpre","status":"publish","type":"mec-events","link":"https:\/\/visitaltotamegaebarroso.pt\/fr\/events\/chaves-cinema-la-couleur-pourpre\/","title":{"rendered":"Chaves | Cinema &#8211; La couleur pourpre"},"content":{"rendered":"<p>S\u00e9par\u00e9e de sa s\u0153ur et de ses enfants, Celie doit faire face \u00e0 de nombreuses difficult\u00e9s, dont un mari violent. Avec le soutien de la chanteuse Shug Avery et de sa belle-fille, Celie trouve une force extraordinaire dans les liens ind\u00e9fectibles d&rsquo;une sororit\u00e9 d&rsquo;un nouveau genre.<\/p>\n<p><strong>Projections :<\/strong> vendredi (8 mars) : 18h et 21h30 | dimanche (10 mars) : 15h, 18h et 21h30<\/p>\n<p><strong>Dur\u00e9e :<\/strong> 2h21m<\/p>\n<p><strong>Genre :<\/strong> Drame<\/p>\n<p><strong>Classification par \u00e2ge :<\/strong> M\/12<\/p>\n<p><strong>Org :<\/strong> Teatro Experimental Flaviense<\/p>\n<p><strong>Soutien :<\/strong> Municipalit\u00e9 de Chaves<\/p>\n","protected":false},"excerpt":{"rendered":"<p>S\u00e9par\u00e9e de sa s\u0153ur et de ses enfants, Celie doit faire face \u00e0 de nombreuses difficult\u00e9s, dont un mari violent. Avec le soutien de la chanteuse Shug Avery et de sa belle-fille, Celie trouve une force extraordinaire dans les liens ind\u00e9fectibles d&rsquo;une sororit\u00e9 d&rsquo;un nouveau genre.<\/p>\n","protected":false},"author":4,"featured_media":25728,"comment_status":"closed","ping_status":"closed","template":"","tags":[],"mec_category":[715],"_links":{"self":[{"href":"https:\/\/visitaltotamegaebarroso.pt\/fr\/wp-json\/wp\/v2\/mec-events\/25731"}],"collection":[{"href":"https:\/\/visitaltotamegaebarroso.pt\/fr\/wp-json\/wp\/v2\/mec-events"}],"about":[{"href":"https:\/\/visitaltotamegaebarroso.pt\/fr\/wp-json\/wp\/v2\/types\/mec-events"}],"author":[{"embeddable":true,"href":"https:\/\/visitaltotamegaebarroso.pt\/fr\/wp-json\/wp\/v2\/users\/4"}],"replies":[{"embeddable":true,"href":"https:\/\/visitaltotamegaebarroso.pt\/fr\/wp-json\/wp\/v2\/comments?post=25731"}],"wp:featuredmedia":[{"embeddable":true,"href":"https:\/\/visitaltotamegaebarroso.pt\/fr\/wp-json\/wp\/v2\/media\/25728"}],"wp:attachment":[{"href":"https:\/\/visitaltotamegaebarroso.pt\/fr\/wp-json\/wp\/v2\/media?parent=25731"}],"wp:term":[{"taxonomy":"post_tag","embeddable":true,"href":"https:\/\/visitaltotamegaebarroso.pt\/fr\/wp-json\/wp\/v2\/tags?post=25731"},{"taxonomy":"mec_category","embeddable":true,"href":"https:\/\/visitaltotamegaebarroso.pt\/fr\/wp-json\/wp\/v2\/mec_category?post=25731"}],"curies":[{"name":"wp","href":"https:\/\/api.w.org\/{rel}","templated":true}]}}