{"id":24633,"date":"2023-12-16T16:22:11","date_gmt":"2023-12-16T16:22:11","guid":{"rendered":"https:\/\/visitaltotamegaebarroso.pt\/events\/fete-du-reveillon-du-nouvel-an\/"},"modified":"2023-12-16T16:22:11","modified_gmt":"2023-12-16T16:22:11","slug":"fete-du-reveillon-du-nouvel-an","status":"publish","type":"mec-events","link":"https:\/\/visitaltotamegaebarroso.pt\/fr\/events\/fete-du-reveillon-du-nouvel-an\/","title":{"rendered":"F\u00eate du r\u00e9veillon du Nouvel An"},"content":{"rendered":"<p>La Pra\u00e7a de Cam\u00f5es est la sc\u00e8ne choisie par la municipalit\u00e9 pour promouvoir les c\u00e9l\u00e9brations du Nouvel An, en offrant de la musique et de nombreux divertissements lors de cette nuit tr\u00e8s sp\u00e9ciale, r\u00e9chauff\u00e9e par la traditionnelle b\u00fbche du Nouvel An. L&rsquo;orchestre Costa Verde montera sur sc\u00e8ne \u00e0 partir de 22 h 30 et le clou des festivit\u00e9s sera le spectacle pyrotechnique annon\u00e7ant l&rsquo;arriv\u00e9e de l&rsquo;ann\u00e9e 2024, sur la rive droite du fleuve T\u00e2mega, pr\u00e8s du pont pi\u00e9tonnier.<\/p>\n<p>Organis\u00e9 par : Municipalit\u00e9 de Chaves<\/p>\n<p>Soutien : Turismo de Portugal IP<\/p>\n","protected":false},"excerpt":{"rendered":"<p>La Pra\u00e7a de Cam\u00f5es est la sc\u00e8ne choisie par la municipalit\u00e9 pour promouvoir les c\u00e9l\u00e9brations du Nouvel An, en offrant de la musique et de nombreux divertissements lors de cette nuit tr\u00e8s sp\u00e9ciale, r\u00e9chauff\u00e9e par la traditionnelle b\u00fbche du Nouvel [&hellip;]<\/p>\n","protected":false},"author":5,"featured_media":24629,"comment_status":"closed","ping_status":"closed","template":"","tags":[],"mec_category":[715],"_links":{"self":[{"href":"https:\/\/visitaltotamegaebarroso.pt\/fr\/wp-json\/wp\/v2\/mec-events\/24633"}],"collection":[{"href":"https:\/\/visitaltotamegaebarroso.pt\/fr\/wp-json\/wp\/v2\/mec-events"}],"about":[{"href":"https:\/\/visitaltotamegaebarroso.pt\/fr\/wp-json\/wp\/v2\/types\/mec-events"}],"author":[{"embeddable":true,"href":"https:\/\/visitaltotamegaebarroso.pt\/fr\/wp-json\/wp\/v2\/users\/5"}],"replies":[{"embeddable":true,"href":"https:\/\/visitaltotamegaebarroso.pt\/fr\/wp-json\/wp\/v2\/comments?post=24633"}],"wp:featuredmedia":[{"embeddable":true,"href":"https:\/\/visitaltotamegaebarroso.pt\/fr\/wp-json\/wp\/v2\/media\/24629"}],"wp:attachment":[{"href":"https:\/\/visitaltotamegaebarroso.pt\/fr\/wp-json\/wp\/v2\/media?parent=24633"}],"wp:term":[{"taxonomy":"post_tag","embeddable":true,"href":"https:\/\/visitaltotamegaebarroso.pt\/fr\/wp-json\/wp\/v2\/tags?post=24633"},{"taxonomy":"mec_category","embeddable":true,"href":"https:\/\/visitaltotamegaebarroso.pt\/fr\/wp-json\/wp\/v2\/mec_category?post=24633"}],"curies":[{"name":"wp","href":"https:\/\/api.w.org\/{rel}","templated":true}]}}