{"id":24468,"date":"2023-12-13T16:11:12","date_gmt":"2023-12-13T16:11:12","guid":{"rendered":"https:\/\/visitaltotamegaebarroso.pt\/events\/nadir-afonso-une-decennie-dabsence\/"},"modified":"2023-12-13T16:11:12","modified_gmt":"2023-12-13T16:11:12","slug":"nadir-afonso-une-decennie-dabsence","status":"publish","type":"mec-events","link":"https:\/\/visitaltotamegaebarroso.pt\/fr\/events\/nadir-afonso-une-decennie-dabsence\/","title":{"rendered":"\u00ab\u00a0Nadir Afonso &#8211; une d\u00e9cennie d&rsquo;absence\u00a0\u00bb"},"content":{"rendered":"<p>\u00ab\u00a0Nadir Afonso &#8211; une d\u00e9cennie d&rsquo;absence\u00a0\u00bb donne le ton du colloque organis\u00e9 \u00e0 l&rsquo;occasion du 10e anniversaire de sa mort<\/p>\n<p>Le samedi 16 d\u00e9cembre, le Mus\u00e9e d&rsquo;art contemporain Nadir Afonso (MACNA) et la Fondation Nadir Afonso marqueront le 10e anniversaire de la mort du ma\u00eetre de Flavi par un colloque sur son h\u00e9ritage artistique qui, malgr\u00e9 son absence physique, est toujours tr\u00e8s pr\u00e9sent.<\/p>\n<p>Nadir Afonso a marqu\u00e9 l&rsquo;art portugais du XXe si\u00e8cle et a \u00e9t\u00e9 l&rsquo;un des introducteurs de l&rsquo;abstraction g\u00e9om\u00e9trique au Portugal. Auteur d&rsquo;une \u0153uvre unique, o\u00f9 peinture et architecture se croisent et s&rsquo;influencent, il est d\u00e9c\u00e9d\u00e9 le 11 d\u00e9cembre 2013 \u00e0 l&rsquo;\u00e2ge de 93 ans.<\/p>\n<p>\u00ab\u00a0Nadir Afonso &#8211; une d\u00e9cennie d&rsquo;absence\u00a0\u00bb est le th\u00e8me de cette rencontre qui vise \u00e0 p\u00e9renniser l&rsquo;\u0153uvre de l&rsquo;artiste de Flavi, dont la municipalit\u00e9 l&rsquo;a honor\u00e9 en donnant son nom \u00e0 un mus\u00e9e d&rsquo;art contemporain, une \u0153uvre con\u00e7ue par l&rsquo;architecte Siza Vieira, un \u00e9quipement culturel embl\u00e9matique du nord du pays.<\/p>\n<p>La rencontre sera anim\u00e9e par des intervenants de renom : Ant\u00f3nio Quadros Ferreira, professeur \u00e0 la facult\u00e9 des beaux-arts de l&rsquo;universit\u00e9 de Porto, An\u00edbal Ferreira, professeur \u00e0 la facult\u00e9 d&rsquo;ing\u00e9nierie de l&rsquo;universit\u00e9 de Porto, le professeur F\u00e1tima Lambert, de l&rsquo;\u00e9cole d&rsquo;\u00e9ducation\/polytechnique de Porto et la pr\u00e9sidente de la fondation Nadir Afonso, Laura Afonso.<\/p>\n<p>La conf\u00e9rence, qui d\u00e9butera \u00e0 16 heures dans l&rsquo;auditorium de la MACNA, sera anim\u00e9e par Mariana Ribeiro, journaliste de l&rsquo;agence de presse Lusa. La r\u00e9union est ouverte \u00e0 la communaut\u00e9 et l&rsquo;entr\u00e9e est gratuite, dans la limite de la capacit\u00e9 de l&rsquo;auditorium.<\/p>\n<p>Le MACNA est aujourd&rsquo;hui un mus\u00e9e d&rsquo;art de premier plan \u00e0 l&rsquo;int\u00e9rieur du pays, avec un accord de collaboration avec la direction g\u00e9n\u00e9rale du patrimoine culturel et le mus\u00e9e national d&rsquo;art contemporain, qui, en plus de faire conna\u00eetre l&rsquo;artiste qui lui donne son nom, a permis d&rsquo;exposer \u00e0 Chaves un large \u00e9ventail d&rsquo;\u0153uvres de r\u00e9f\u00e9rence d&rsquo;artistes nationaux et internationaux.<\/p>\n","protected":false},"excerpt":{"rendered":"<p>\u00ab\u00a0Nadir Afonso &#8211; une d\u00e9cennie d&rsquo;absence\u00a0\u00bb donne le ton du colloque organis\u00e9 \u00e0 l&rsquo;occasion du 10e anniversaire de sa mort Le samedi 16 d\u00e9cembre, le Mus\u00e9e d&rsquo;art contemporain Nadir Afonso (MACNA) et la Fondation Nadir Afonso marqueront le 10e anniversaire [&hellip;]<\/p>\n","protected":false},"author":5,"featured_media":24464,"comment_status":"closed","ping_status":"closed","template":"","tags":[],"mec_category":[715],"_links":{"self":[{"href":"https:\/\/visitaltotamegaebarroso.pt\/fr\/wp-json\/wp\/v2\/mec-events\/24468"}],"collection":[{"href":"https:\/\/visitaltotamegaebarroso.pt\/fr\/wp-json\/wp\/v2\/mec-events"}],"about":[{"href":"https:\/\/visitaltotamegaebarroso.pt\/fr\/wp-json\/wp\/v2\/types\/mec-events"}],"author":[{"embeddable":true,"href":"https:\/\/visitaltotamegaebarroso.pt\/fr\/wp-json\/wp\/v2\/users\/5"}],"replies":[{"embeddable":true,"href":"https:\/\/visitaltotamegaebarroso.pt\/fr\/wp-json\/wp\/v2\/comments?post=24468"}],"wp:featuredmedia":[{"embeddable":true,"href":"https:\/\/visitaltotamegaebarroso.pt\/fr\/wp-json\/wp\/v2\/media\/24464"}],"wp:attachment":[{"href":"https:\/\/visitaltotamegaebarroso.pt\/fr\/wp-json\/wp\/v2\/media?parent=24468"}],"wp:term":[{"taxonomy":"post_tag","embeddable":true,"href":"https:\/\/visitaltotamegaebarroso.pt\/fr\/wp-json\/wp\/v2\/tags?post=24468"},{"taxonomy":"mec_category","embeddable":true,"href":"https:\/\/visitaltotamegaebarroso.pt\/fr\/wp-json\/wp\/v2\/mec_category?post=24468"}],"curies":[{"name":"wp","href":"https:\/\/api.w.org\/{rel}","templated":true}]}}