{"id":23956,"date":"2023-11-08T13:21:58","date_gmt":"2023-11-08T13:21:58","guid":{"rendered":"https:\/\/visitaltotamegaebarroso.pt\/events\/concert-de-la-serenade-de-coimbra\/"},"modified":"2023-11-08T13:21:58","modified_gmt":"2023-11-08T13:21:58","slug":"concert-de-la-serenade-de-coimbra","status":"publish","type":"mec-events","link":"https:\/\/visitaltotamegaebarroso.pt\/fr\/events\/concert-de-la-serenade-de-coimbra\/","title":{"rendered":"Concert de la S\u00e9r\u00e9nade de Coimbra"},"content":{"rendered":"<p>Le groupe \u00ab\u00a0Trovas &amp; Cantigas\u00a0\u00bb se consacre depuis de nombreuses ann\u00e9es \u00e0 l&rsquo;\u00e9tude et \u00e0 la diffusion du chant de Coimbra, du fado et de la guitare portugaise. Son vaste CV comprend de nombreux spectacles dans les salles les plus prestigieuses, des tourn\u00e9es dans tout le pays et \u00e0 l&rsquo;\u00e9tranger, ainsi que la participation \u00e0 des \u00e9missions de la t\u00e9l\u00e9vision nationale. Ce concert r\u00e9unira Ant\u00f3nio Jos\u00e9 Moreira \u00e0 la guitare de Coimbra, Diogo Alves \u00e0 la guitare classique et Paulo Amador et Carlos Pimentel au chant (l&rsquo;entr\u00e9e est gratuite, mais les billets doivent \u00eatre obtenus \u00e0 l&rsquo;avance aupr\u00e8s de la biblioth\u00e8que municipale et de l&rsquo;office du tourisme de Chaves).<\/p>\n<p>Organis\u00e9 par : Municipalit\u00e9 de Chaves<\/p>\n","protected":false},"excerpt":{"rendered":"<p>Le groupe \u00ab\u00a0Trovas &amp; Cantigas\u00a0\u00bb se consacre depuis de nombreuses ann\u00e9es \u00e0 l&rsquo;\u00e9tude et \u00e0 la diffusion du chant de Coimbra, du fado et de la guitare portugaise. Son vaste CV comprend de nombreux spectacles dans les salles les plus [&hellip;]<\/p>\n","protected":false},"author":5,"featured_media":23952,"comment_status":"closed","ping_status":"closed","template":"","tags":[],"mec_category":[715],"_links":{"self":[{"href":"https:\/\/visitaltotamegaebarroso.pt\/fr\/wp-json\/wp\/v2\/mec-events\/23956"}],"collection":[{"href":"https:\/\/visitaltotamegaebarroso.pt\/fr\/wp-json\/wp\/v2\/mec-events"}],"about":[{"href":"https:\/\/visitaltotamegaebarroso.pt\/fr\/wp-json\/wp\/v2\/types\/mec-events"}],"author":[{"embeddable":true,"href":"https:\/\/visitaltotamegaebarroso.pt\/fr\/wp-json\/wp\/v2\/users\/5"}],"replies":[{"embeddable":true,"href":"https:\/\/visitaltotamegaebarroso.pt\/fr\/wp-json\/wp\/v2\/comments?post=23956"}],"wp:featuredmedia":[{"embeddable":true,"href":"https:\/\/visitaltotamegaebarroso.pt\/fr\/wp-json\/wp\/v2\/media\/23952"}],"wp:attachment":[{"href":"https:\/\/visitaltotamegaebarroso.pt\/fr\/wp-json\/wp\/v2\/media?parent=23956"}],"wp:term":[{"taxonomy":"post_tag","embeddable":true,"href":"https:\/\/visitaltotamegaebarroso.pt\/fr\/wp-json\/wp\/v2\/tags?post=23956"},{"taxonomy":"mec_category","embeddable":true,"href":"https:\/\/visitaltotamegaebarroso.pt\/fr\/wp-json\/wp\/v2\/mec_category?post=23956"}],"curies":[{"name":"wp","href":"https:\/\/api.w.org\/{rel}","templated":true}]}}