{"id":23905,"date":"2023-11-08T12:08:52","date_gmt":"2023-11-08T12:08:52","guid":{"rendered":"https:\/\/visitaltotamegaebarroso.pt\/events\/presentation-du-livre-voyager-avec-luis-de-camoes\/"},"modified":"2023-11-08T12:08:52","modified_gmt":"2023-11-08T12:08:52","slug":"presentation-du-livre-voyager-avec-luis-de-camoes","status":"publish","type":"mec-events","link":"https:\/\/visitaltotamegaebarroso.pt\/fr\/events\/presentation-du-livre-voyager-avec-luis-de-camoes\/","title":{"rendered":"Pr\u00e9sentation du livre \u00ab\u00a0Voyager avec&#8230; Lu\u00eds de Cam\u00f5es\u00a0\u00bb."},"content":{"rendered":"<p>Des \u00e9tudes et des th\u00e8ses r\u00e9centes indiquent que le plus grand po\u00e8te portugais, Lu\u00eds de Cam\u00f5es, est n\u00e9 dans le village de Vilar de Nantes, dans la commune de Chaves, o\u00f9 est n\u00e9 son p\u00e8re, Sim\u00e3o Vaz de Cam\u00f5es, et o\u00f9 ont v\u00e9cu ses grands-parents paternels, comme l&rsquo;attestent les archives de l&rsquo;archev\u00each\u00e9 de Braga.<\/p>\n<p>Les grands-parents du po\u00e8te, Ant\u00e3o Vaz et Guiomar Vaz, sont n\u00e9s \u00e0 Coimbra et se seraient install\u00e9s dans cette paroisse dans leur jeunesse, o\u00f9 ils vivaient dans une maison en granit (avec leurs huit enfants de sexe masculin), encore connue aujourd&rsquo;hui sous le nom de \u00ab\u00a0maison des grands-parents de Cam\u00f5es\u00a0\u00bb, comme l&rsquo;ont montr\u00e9 les recherches g\u00e9n\u00e9alogiques, \u00e9pigraphiques et h\u00e9raldiques.<\/p>\n<p>Quelques mois avant la c\u00e9l\u00e9bration du 500e anniversaire de la naissance de l&rsquo;auteur de \u00ab\u00a0Os Lus\u00edadas\u00a0\u00bb, le livre \u00ab\u00a0Voyager avec&#8230; Lu\u00eds de Cam\u00f5es\u00a0\u00bb a \u00e9t\u00e9 lanc\u00e9 dans le cadre de la collection \u00ab\u00a0Voyager avec&#8230; Les chemins de la litt\u00e9rature\u00a0\u00bb, publi\u00e9e par la Direction r\u00e9gionale de la culture du Nord, qui vise \u00e0 faire conna\u00eetre les \u00e9crivains qui sont n\u00e9s dans le nord du Portugal, qui y ont v\u00e9cu et travaill\u00e9, qui y sont pass\u00e9s ou qui ont abord\u00e9 ce territoire dans leur \u0153uvre.<\/p>\n<p>Le livre sur le c\u00e9l\u00e8bre po\u00e8te sera lanc\u00e9 \u00e0 Chaves vendredi prochain, le 10 novembre, \u00e0 17 heures, au Museu da Regi\u00e3o Flaviense.<\/p>\n<p>R\u00e9dig\u00e9 par le professeur Docteur Seabra Pereira et publi\u00e9 par OPERA OMNIA, ce volume nous fait voyager avec Lu\u00eds de Cam\u00f5es \u00e0 travers diff\u00e9rentes g\u00e9ographies et \u00e9tablit des ponts avec ses origines possibles \u00e0 Flavi.<\/p>\n","protected":false},"excerpt":{"rendered":"<p>Des \u00e9tudes et des th\u00e8ses r\u00e9centes indiquent que le plus grand po\u00e8te portugais, Lu\u00eds de Cam\u00f5es, est n\u00e9 dans le village de Vilar de Nantes, dans la commune de Chaves, o\u00f9 est n\u00e9 son p\u00e8re, Sim\u00e3o Vaz de Cam\u00f5es, et [&hellip;]<\/p>\n","protected":false},"author":5,"featured_media":23901,"comment_status":"closed","ping_status":"closed","template":"","tags":[],"mec_category":[715],"_links":{"self":[{"href":"https:\/\/visitaltotamegaebarroso.pt\/fr\/wp-json\/wp\/v2\/mec-events\/23905"}],"collection":[{"href":"https:\/\/visitaltotamegaebarroso.pt\/fr\/wp-json\/wp\/v2\/mec-events"}],"about":[{"href":"https:\/\/visitaltotamegaebarroso.pt\/fr\/wp-json\/wp\/v2\/types\/mec-events"}],"author":[{"embeddable":true,"href":"https:\/\/visitaltotamegaebarroso.pt\/fr\/wp-json\/wp\/v2\/users\/5"}],"replies":[{"embeddable":true,"href":"https:\/\/visitaltotamegaebarroso.pt\/fr\/wp-json\/wp\/v2\/comments?post=23905"}],"wp:featuredmedia":[{"embeddable":true,"href":"https:\/\/visitaltotamegaebarroso.pt\/fr\/wp-json\/wp\/v2\/media\/23901"}],"wp:attachment":[{"href":"https:\/\/visitaltotamegaebarroso.pt\/fr\/wp-json\/wp\/v2\/media?parent=23905"}],"wp:term":[{"taxonomy":"post_tag","embeddable":true,"href":"https:\/\/visitaltotamegaebarroso.pt\/fr\/wp-json\/wp\/v2\/tags?post=23905"},{"taxonomy":"mec_category","embeddable":true,"href":"https:\/\/visitaltotamegaebarroso.pt\/fr\/wp-json\/wp\/v2\/mec_category?post=23905"}],"curies":[{"name":"wp","href":"https:\/\/api.w.org\/{rel}","templated":true}]}}