{"id":23296,"date":"2023-10-11T11:22:17","date_gmt":"2023-10-11T10:22:17","guid":{"rendered":"https:\/\/visitaltotamegaebarroso.pt\/events\/concert-de-zach-noir\/"},"modified":"2023-10-11T11:22:17","modified_gmt":"2023-10-11T10:22:17","slug":"concert-de-zach-noir","status":"publish","type":"mec-events","link":"https:\/\/visitaltotamegaebarroso.pt\/fr\/events\/concert-de-zach-noir\/","title":{"rendered":"Concert de Zach Noir"},"content":{"rendered":"<p>L&rsquo;auditorium du centre culturel Chaves accueillera un concert des artistes Zach Noir et Carlos Sanches, un duo de chanteurs introspectifs originaires de Flavi, dont les racines musicales sont similaires, mais qui obtiennent des r\u00e9sultats diff\u00e9rents. Zach Noir pr\u00e9sente un son intense et alternatif, tandis que Carlos Sanches interpr\u00e8te des chansons indie et folk.<\/p>\n<p>Ce projet de collaboration est rempli de la musicalit\u00e9 et de la perspective des deux, apportant \u00e0 la sc\u00e8ne une intimit\u00e9 et une coop\u00e9ration uniques entre les deux. Le spectacle, qui est gratuit, n\u00e9cessite le retrait pr\u00e9alable des billets \u00e0 la biblioth\u00e8que municipale, \u00e0 l&rsquo;office de tourisme de Chaves et \u00e0 l&rsquo;office de tourisme d&rsquo;Alto T\u00e2mega.<\/p>\n<p>Organis\u00e9 par : Municipalit\u00e9 de Chaves<\/p>\n","protected":false},"excerpt":{"rendered":"<p>L&rsquo;auditorium du centre culturel Chaves accueillera un concert des artistes Zach Noir et Carlos Sanches, un duo de chanteurs introspectifs originaires de Flavi, dont les racines musicales sont similaires, mais qui obtiennent des r\u00e9sultats diff\u00e9rents. Zach Noir pr\u00e9sente un son [&hellip;]<\/p>\n","protected":false},"author":5,"featured_media":23485,"comment_status":"closed","ping_status":"closed","template":"","tags":[],"mec_category":[715],"_links":{"self":[{"href":"https:\/\/visitaltotamegaebarroso.pt\/fr\/wp-json\/wp\/v2\/mec-events\/23296"}],"collection":[{"href":"https:\/\/visitaltotamegaebarroso.pt\/fr\/wp-json\/wp\/v2\/mec-events"}],"about":[{"href":"https:\/\/visitaltotamegaebarroso.pt\/fr\/wp-json\/wp\/v2\/types\/mec-events"}],"author":[{"embeddable":true,"href":"https:\/\/visitaltotamegaebarroso.pt\/fr\/wp-json\/wp\/v2\/users\/5"}],"replies":[{"embeddable":true,"href":"https:\/\/visitaltotamegaebarroso.pt\/fr\/wp-json\/wp\/v2\/comments?post=23296"}],"wp:featuredmedia":[{"embeddable":true,"href":"https:\/\/visitaltotamegaebarroso.pt\/fr\/wp-json\/wp\/v2\/media\/23485"}],"wp:attachment":[{"href":"https:\/\/visitaltotamegaebarroso.pt\/fr\/wp-json\/wp\/v2\/media?parent=23296"}],"wp:term":[{"taxonomy":"post_tag","embeddable":true,"href":"https:\/\/visitaltotamegaebarroso.pt\/fr\/wp-json\/wp\/v2\/tags?post=23296"},{"taxonomy":"mec_category","embeddable":true,"href":"https:\/\/visitaltotamegaebarroso.pt\/fr\/wp-json\/wp\/v2\/mec_category?post=23296"}],"curies":[{"name":"wp","href":"https:\/\/api.w.org\/{rel}","templated":true}]}}