{"id":22766,"date":"2023-09-25T17:57:23","date_gmt":"2023-09-25T16:57:23","guid":{"rendered":"https:\/\/visitaltotamegaebarroso.pt\/events\/veille-meteorologique-arbres\/"},"modified":"2023-09-25T17:57:23","modified_gmt":"2023-09-25T16:57:23","slug":"veille-meteorologique-arbres","status":"publish","type":"mec-events","link":"https:\/\/visitaltotamegaebarroso.pt\/fr\/events\/veille-meteorologique-arbres\/","title":{"rendered":"Veille m\u00e9t\u00e9orologique Arbres"},"content":{"rendered":"<p>F\u00e1tima Carvalho a commenc\u00e9 \u00e0 photographier dans les ann\u00e9es 1990 et expose depuis 2014. \u00c0 travers son regard photographique, elle nous pr\u00e9sente sa r\u00e9flexion personnelle sur la reconnaissance du caract\u00e8re symbolique \u00e9manant des marques du passage du temps sur les arbres les plus c\u00e9l\u00e8bres du Portugal.<\/p>\n","protected":false},"excerpt":{"rendered":"<p>F\u00e1tima Carvalho a commenc\u00e9 \u00e0 photographier dans les ann\u00e9es 1990 et expose depuis 2014. \u00c0 travers son regard photographique, elle nous pr\u00e9sente sa r\u00e9flexion personnelle sur la reconnaissance du caract\u00e8re symbolique \u00e9manant des marques du passage du temps sur les [&hellip;]<\/p>\n","protected":false},"author":5,"featured_media":22762,"comment_status":"closed","ping_status":"closed","template":"","tags":[],"mec_category":[715],"_links":{"self":[{"href":"https:\/\/visitaltotamegaebarroso.pt\/fr\/wp-json\/wp\/v2\/mec-events\/22766"}],"collection":[{"href":"https:\/\/visitaltotamegaebarroso.pt\/fr\/wp-json\/wp\/v2\/mec-events"}],"about":[{"href":"https:\/\/visitaltotamegaebarroso.pt\/fr\/wp-json\/wp\/v2\/types\/mec-events"}],"author":[{"embeddable":true,"href":"https:\/\/visitaltotamegaebarroso.pt\/fr\/wp-json\/wp\/v2\/users\/5"}],"replies":[{"embeddable":true,"href":"https:\/\/visitaltotamegaebarroso.pt\/fr\/wp-json\/wp\/v2\/comments?post=22766"}],"wp:featuredmedia":[{"embeddable":true,"href":"https:\/\/visitaltotamegaebarroso.pt\/fr\/wp-json\/wp\/v2\/media\/22762"}],"wp:attachment":[{"href":"https:\/\/visitaltotamegaebarroso.pt\/fr\/wp-json\/wp\/v2\/media?parent=22766"}],"wp:term":[{"taxonomy":"post_tag","embeddable":true,"href":"https:\/\/visitaltotamegaebarroso.pt\/fr\/wp-json\/wp\/v2\/tags?post=22766"},{"taxonomy":"mec_category","embeddable":true,"href":"https:\/\/visitaltotamegaebarroso.pt\/fr\/wp-json\/wp\/v2\/mec_category?post=22766"}],"curies":[{"name":"wp","href":"https:\/\/api.w.org\/{rel}","templated":true}]}}