{"id":21901,"date":"2023-08-04T01:13:25","date_gmt":"2023-08-04T00:13:25","guid":{"rendered":"https:\/\/visitaltotamegaebarroso.pt\/eventos\/"},"modified":"2023-08-04T02:35:40","modified_gmt":"2023-08-04T02:35:40","slug":"eventos","status":"publish","type":"page","link":"https:\/\/visitaltotamegaebarroso.pt\/es\/eventos\/","title":{"rendered":"Eventos"},"content":{"rendered":"<div class=\"mec-wrap mec-skin-grid-container  \" id=\"mec_skin_21893\">\n\n    \n            <div class=\"mec-skin-grid-events-container\" id=\"mec_skin_events_21893\">\n        <div class=\"mec-wrap colorskin-custom\">\n    <div class=\"mec-event-grid-classic\" data-widget-autoplay=\"1\" data-widget-loop=\"1\" data-widget-autoplay-time=\"3000\">\n        <div class=\"row\"><div class=\"col-md-4 col-sm-4\"><article class=\" mec-event-article mec-clear  \" itemscope>                    <div class=\"mec-event-image\"><a data-event-id=\"45201\" href=\"https:\/\/visitaltotamegaebarroso.pt\/es\/events\/vila-pouca-de-aguiar-escuela-de-teatro-tia-micas\/\" target=\"_self\" rel=\"noopener\"><img width=\"300\" height=\"300\" src=\"https:\/\/visitaltotamegaebarroso.pt\/wp-content\/uploads\/2026\/03\/tia-micas_VPA-300x300.jpg\" class=\"attachment-medium size-medium wp-post-image\" alt=\"\" loading=\"lazy\" data-mec-postid=\"45201\" \/><\/a><\/div>\n                        <div class=\"mec-event-content\">\n                                    <div class=\"mec-event-date mec-bg-color\">\n                        <span class=\"mec-start-date-label\">23 febrero 2026<\/span><span class=\"mec-end-date-label\" itemprop=\"endDate\"> - 31 diciembre 2026<\/span>                                                                    <\/div>\n                                                                <h4 class=\"mec-event-title\"><a class=\"mec-color-hover\" data-event-id=\"45201\" href=\"https:\/\/visitaltotamegaebarroso.pt\/es\/events\/vila-pouca-de-aguiar-escuela-de-teatro-tia-micas\/\" target=\"_self\" rel=\"noopener\">Vila Pouca de Aguiar | Escuela de Teatro Tia Micas<\/a><\/h4>\n                                <p class=\"mec-grid-event-location\">Sal\u00f3n Parroquial de Vila Pouca de Aguiar, Vila Pouca de Aguiar<\/p>\n                                                                            <\/div>\n            <div class=\"mec-event-footer\">\n                                <ul class=\"mec-event-sharing-wrap\">\n                    <li class=\"mec-event-share\">\n                        <a href=\"#\" class=\"mec-event-share-icon\">\n                            <i class=\"mec-sl-share\" title=\"Share\"><\/i>\n                        <\/a>\n                    <\/li>\n                    <li>\n                        <ul class=\"mec-event-sharing\">\n                            <li class=\"mec-event-social-icon\"><a class=\"facebook\" href=\"https:\/\/www.facebook.com\/sharer\/sharer.php?u=https%3A%2F%2Fvisitaltotamegaebarroso.pt%2Fes%2Fevents%2Fvila-pouca-de-aguiar-escuela-de-teatro-tia-micas%2F\" onclick=\"javascript:window.open(this.href, '', 'menubar=no,toolbar=no,resizable=yes,scrollbars=yes,height=500,width=600'); return false;\" target=\"_blank\" title=\"Compartir en Facebook\"><i class=\"mec-fa-facebook\"><\/i><span class=\"mec-social-title\">Facebook<\/span><\/a><\/li><li class=\"mec-event-social-icon\"><a class=\"twitter\" href=\"https:\/\/twitter.com\/share?url=https%3A%2F%2Fvisitaltotamegaebarroso.pt%2Fes%2Fevents%2Fvila-pouca-de-aguiar-escuela-de-teatro-tia-micas%2F\" onclick=\"javascript:window.open(this.href, '', 'menubar=no,toolbar=no,resizable=yes,scrollbars=yes,height=600,width=500'); return false;\" target=\"_blank\" title=\"Tweet\"><i class=\"mec-fa-twitter\"><\/i><span class=\"mec-social-title\">Twitter<\/span><\/a><\/li><li class=\"mec-event-social-icon\"><a class=\"linkedin\" href=\"https:\/\/www.linkedin.com\/shareArticle?mini=true&url=https%3A%2F%2Fvisitaltotamegaebarroso.pt%2Fes%2Fevents%2Fvila-pouca-de-aguiar-escuela-de-teatro-tia-micas%2F\" onclick=\"javascript:window.open(this.href, '', 'menubar=no,toolbar=no,resizable=yes,scrollbars=yes,height=600,width=500'); return false;\" target=\"_blank\" title=\"LinkedIn\"><i class=\"mec-fa-linkedin\"><\/i><span class=\"mec-social-title\">LinkedIn<\/span><\/a><\/li><li class=\"mec-event-social-icon\"><a class=\"email\" href=\"mailto:?subject=Vila%20Pouca%20de%20Aguiar%20%7C%20Escuela%20de%20Teatro%20Tia%20Micas&body=https%3A%2F%2Fvisitaltotamegaebarroso.pt%2Fes%2Fevents%2Fvila-pouca-de-aguiar-escuela-de-teatro-tia-micas%2F\" title=\"Correo electr\u00f3nico\"><i class=\"mec-fa-envelope\"><\/i><span class=\"mec-social-title\">Correo electr\u00f3nico<\/span><\/a><\/li>                        <\/ul>\n                    <\/li>\n                <\/ul>\n                                                <a class=\"mec-booking-button\" data-event-id=\"45201\" href=\"https:\/\/visitaltotamegaebarroso.pt\/es\/events\/vila-pouca-de-aguiar-escuela-de-teatro-tia-micas\/\" target=\"_self\" rel=\"noopener\">Ver detalle<\/a>            <\/div>\n        <\/article><\/div>                <div class=\"col-md-4 col-sm-4\"><article class=\" mec-event-article mec-clear  \" itemscope>                    <div class=\"mec-event-image\"><a data-event-id=\"47007\" href=\"https:\/\/visitaltotamegaebarroso.pt\/es\/events\/chaves-sepvlcrvum-memoria-aeterna-revela-los-caminos-de-la-eternidad\/\" target=\"_self\" rel=\"noopener\"><img width=\"300\" height=\"300\" src=\"https:\/\/visitaltotamegaebarroso.pt\/wp-content\/uploads\/2026\/05\/SEP-300x300.jpg\" class=\"attachment-medium size-medium wp-post-image\" alt=\"\" loading=\"lazy\" data-mec-postid=\"47007\" \/><\/a><\/div>\n                        <div class=\"mec-event-content\">\n                                    <div class=\"mec-event-date mec-bg-color\">\n                        <span class=\"mec-start-date-label\">18 mayo 2026<\/span><span class=\"mec-end-date-label\" itemprop=\"endDate\"> - 31 diciembre 2026<\/span>                                                                    <\/div>\n                                                                <h4 class=\"mec-event-title\"><a class=\"mec-color-hover\" data-event-id=\"47007\" href=\"https:\/\/visitaltotamegaebarroso.pt\/es\/events\/chaves-sepvlcrvum-memoria-aeterna-revela-los-caminos-de-la-eternidad\/\" target=\"_self\" rel=\"noopener\">Chaves | \u00abSEPVLCRVUM MEMORIA AETERNA\u00bb revela los caminos de la eternidad<\/a><\/h4>\n                                <p class=\"mec-grid-event-location\">Museu da Regi\u00e3o Flaviense<\/p>\n                                                                            <\/div>\n            <div class=\"mec-event-footer\">\n                                <ul class=\"mec-event-sharing-wrap\">\n                    <li class=\"mec-event-share\">\n                        <a href=\"#\" class=\"mec-event-share-icon\">\n                            <i class=\"mec-sl-share\" title=\"Share\"><\/i>\n                        <\/a>\n                    <\/li>\n                    <li>\n                        <ul class=\"mec-event-sharing\">\n                            <li class=\"mec-event-social-icon\"><a class=\"facebook\" href=\"https:\/\/www.facebook.com\/sharer\/sharer.php?u=https%3A%2F%2Fvisitaltotamegaebarroso.pt%2Fes%2Fevents%2Fchaves-sepvlcrvum-memoria-aeterna-revela-los-caminos-de-la-eternidad%2F\" onclick=\"javascript:window.open(this.href, '', 'menubar=no,toolbar=no,resizable=yes,scrollbars=yes,height=500,width=600'); return false;\" target=\"_blank\" title=\"Compartir en Facebook\"><i class=\"mec-fa-facebook\"><\/i><span class=\"mec-social-title\">Facebook<\/span><\/a><\/li><li class=\"mec-event-social-icon\"><a class=\"twitter\" href=\"https:\/\/twitter.com\/share?url=https%3A%2F%2Fvisitaltotamegaebarroso.pt%2Fes%2Fevents%2Fchaves-sepvlcrvum-memoria-aeterna-revela-los-caminos-de-la-eternidad%2F\" onclick=\"javascript:window.open(this.href, '', 'menubar=no,toolbar=no,resizable=yes,scrollbars=yes,height=600,width=500'); return false;\" target=\"_blank\" title=\"Tweet\"><i class=\"mec-fa-twitter\"><\/i><span class=\"mec-social-title\">Twitter<\/span><\/a><\/li><li class=\"mec-event-social-icon\"><a class=\"linkedin\" href=\"https:\/\/www.linkedin.com\/shareArticle?mini=true&url=https%3A%2F%2Fvisitaltotamegaebarroso.pt%2Fes%2Fevents%2Fchaves-sepvlcrvum-memoria-aeterna-revela-los-caminos-de-la-eternidad%2F\" onclick=\"javascript:window.open(this.href, '', 'menubar=no,toolbar=no,resizable=yes,scrollbars=yes,height=600,width=500'); return false;\" target=\"_blank\" title=\"LinkedIn\"><i class=\"mec-fa-linkedin\"><\/i><span class=\"mec-social-title\">LinkedIn<\/span><\/a><\/li><li class=\"mec-event-social-icon\"><a class=\"email\" href=\"mailto:?subject=Chaves%20%7C%20%C2%ABSEPVLCRVUM%20MEMORIA%20AETERNA%C2%BB%20revela%20los%20caminos%20de%20la%20eternidad&body=https%3A%2F%2Fvisitaltotamegaebarroso.pt%2Fes%2Fevents%2Fchaves-sepvlcrvum-memoria-aeterna-revela-los-caminos-de-la-eternidad%2F\" title=\"Correo electr\u00f3nico\"><i class=\"mec-fa-envelope\"><\/i><span class=\"mec-social-title\">Correo electr\u00f3nico<\/span><\/a><\/li>                        <\/ul>\n                    <\/li>\n                <\/ul>\n                                                <a class=\"mec-booking-button\" data-event-id=\"47007\" href=\"https:\/\/visitaltotamegaebarroso.pt\/es\/events\/chaves-sepvlcrvum-memoria-aeterna-revela-los-caminos-de-la-eternidad\/\" target=\"_self\" rel=\"noopener\">Ver detalle<\/a>            <\/div>\n        <\/article><\/div>                <div class=\"col-md-4 col-sm-4\"><article class=\" mec-event-article mec-clear  \" itemscope>                    <div class=\"mec-event-image\"><a data-event-id=\"47907\" href=\"https:\/\/visitaltotamegaebarroso.pt\/es\/events\/chaves-exposicion-el-sentido-del-arte\/\" target=\"_self\" rel=\"noopener\"><img width=\"300\" height=\"300\" src=\"https:\/\/visitaltotamegaebarroso.pt\/wp-content\/uploads\/2026\/07\/2027_MACNA-1-300x300.jpg\" class=\"attachment-medium size-medium wp-post-image\" alt=\"\" loading=\"lazy\" data-mec-postid=\"47907\" \/><\/a><\/div>\n                        <div class=\"mec-event-content\">\n                                    <div class=\"mec-event-date mec-bg-color\">\n                        <span class=\"mec-start-date-label\">04 julio 2026<\/span><span class=\"mec-end-date-label\" itemprop=\"endDate\"> - 13 junio 2027<\/span>                                                                    <\/div>\n                                                                <h4 class=\"mec-event-title\"><a class=\"mec-color-hover\" data-event-id=\"47907\" href=\"https:\/\/visitaltotamegaebarroso.pt\/es\/events\/chaves-exposicion-el-sentido-del-arte\/\" target=\"_self\" rel=\"noopener\">Chaves | Exposici\u00f3n \u00abEl sentido del arte\u00bb<\/a><\/h4>\n                                <p class=\"mec-grid-event-location\">Museo de Arte Contempor\u00e1neo Nadir Afonso, Chaves<\/p>\n                                                                            <\/div>\n            <div class=\"mec-event-footer\">\n                                <ul class=\"mec-event-sharing-wrap\">\n                    <li class=\"mec-event-share\">\n                        <a href=\"#\" class=\"mec-event-share-icon\">\n                            <i class=\"mec-sl-share\" title=\"Share\"><\/i>\n                        <\/a>\n                    <\/li>\n                    <li>\n                        <ul class=\"mec-event-sharing\">\n                            <li class=\"mec-event-social-icon\"><a class=\"facebook\" href=\"https:\/\/www.facebook.com\/sharer\/sharer.php?u=https%3A%2F%2Fvisitaltotamegaebarroso.pt%2Fes%2Fevents%2Fchaves-exposicion-el-sentido-del-arte%2F\" onclick=\"javascript:window.open(this.href, '', 'menubar=no,toolbar=no,resizable=yes,scrollbars=yes,height=500,width=600'); return false;\" target=\"_blank\" title=\"Compartir en Facebook\"><i class=\"mec-fa-facebook\"><\/i><span class=\"mec-social-title\">Facebook<\/span><\/a><\/li><li class=\"mec-event-social-icon\"><a class=\"twitter\" href=\"https:\/\/twitter.com\/share?url=https%3A%2F%2Fvisitaltotamegaebarroso.pt%2Fes%2Fevents%2Fchaves-exposicion-el-sentido-del-arte%2F\" onclick=\"javascript:window.open(this.href, '', 'menubar=no,toolbar=no,resizable=yes,scrollbars=yes,height=600,width=500'); return false;\" target=\"_blank\" title=\"Tweet\"><i class=\"mec-fa-twitter\"><\/i><span class=\"mec-social-title\">Twitter<\/span><\/a><\/li><li class=\"mec-event-social-icon\"><a class=\"linkedin\" href=\"https:\/\/www.linkedin.com\/shareArticle?mini=true&url=https%3A%2F%2Fvisitaltotamegaebarroso.pt%2Fes%2Fevents%2Fchaves-exposicion-el-sentido-del-arte%2F\" onclick=\"javascript:window.open(this.href, '', 'menubar=no,toolbar=no,resizable=yes,scrollbars=yes,height=600,width=500'); return false;\" target=\"_blank\" title=\"LinkedIn\"><i class=\"mec-fa-linkedin\"><\/i><span class=\"mec-social-title\">LinkedIn<\/span><\/a><\/li><li class=\"mec-event-social-icon\"><a class=\"email\" href=\"mailto:?subject=Chaves%20%7C%20Exposici%C3%B3n%20%C2%ABEl%20sentido%20del%20arte%C2%BB&body=https%3A%2F%2Fvisitaltotamegaebarroso.pt%2Fes%2Fevents%2Fchaves-exposicion-el-sentido-del-arte%2F\" title=\"Correo electr\u00f3nico\"><i class=\"mec-fa-envelope\"><\/i><span class=\"mec-social-title\">Correo electr\u00f3nico<\/span><\/a><\/li>                        <\/ul>\n                    <\/li>\n                <\/ul>\n                                                <a class=\"mec-booking-button\" data-event-id=\"47907\" href=\"https:\/\/visitaltotamegaebarroso.pt\/es\/events\/chaves-exposicion-el-sentido-del-arte\/\" target=\"_self\" rel=\"noopener\">Ver detalle<\/a>            <\/div>\n        <\/article><\/div><\/div>                <div class=\"row\"><div class=\"col-md-4 col-sm-4\"><article class=\" mec-event-article mec-clear  \" itemscope>                    <div class=\"mec-event-image\"><a data-event-id=\"48027\" href=\"https:\/\/visitaltotamegaebarroso.pt\/es\/events\/chaves-exposicion-pinto-cuadros-con-letras\/\" target=\"_self\" rel=\"noopener\"><img width=\"300\" height=\"300\" src=\"https:\/\/visitaltotamegaebarroso.pt\/wp-content\/uploads\/2026\/07\/CMJV_Joao-Vieira_Pinto-Quadros-por-Letras-300x300.jpg\" class=\"attachment-medium size-medium wp-post-image\" alt=\"\" loading=\"lazy\" data-mec-postid=\"48027\" \/><\/a><\/div>\n                        <div class=\"mec-event-content\">\n                                    <div class=\"mec-event-date mec-bg-color\">\n                        <span class=\"mec-start-date-label\">11 julio 2026<\/span><span class=\"mec-end-date-label\" itemprop=\"endDate\"> - 11 julio 2027<\/span>                                                                    <\/div>\n                                                                <h4 class=\"mec-event-title\"><a class=\"mec-color-hover\" data-event-id=\"48027\" href=\"https:\/\/visitaltotamegaebarroso.pt\/es\/events\/chaves-exposicion-pinto-cuadros-con-letras\/\" target=\"_self\" rel=\"noopener\">Chaves | Exposici\u00f3n \u00abPinto cuadros con letras\u00bb<\/a><\/h4>\n                                <p class=\"mec-grid-event-location\">Casa Museo Jo\u00e3o Vieira, Vidago<\/p>\n                                                                            <\/div>\n            <div class=\"mec-event-footer\">\n                                <ul class=\"mec-event-sharing-wrap\">\n                    <li class=\"mec-event-share\">\n                        <a href=\"#\" class=\"mec-event-share-icon\">\n                            <i class=\"mec-sl-share\" title=\"Share\"><\/i>\n                        <\/a>\n                    <\/li>\n                    <li>\n                        <ul class=\"mec-event-sharing\">\n                            <li class=\"mec-event-social-icon\"><a class=\"facebook\" href=\"https:\/\/www.facebook.com\/sharer\/sharer.php?u=https%3A%2F%2Fvisitaltotamegaebarroso.pt%2Fes%2Fevents%2Fchaves-exposicion-pinto-cuadros-con-letras%2F\" onclick=\"javascript:window.open(this.href, '', 'menubar=no,toolbar=no,resizable=yes,scrollbars=yes,height=500,width=600'); return false;\" target=\"_blank\" title=\"Compartir en Facebook\"><i class=\"mec-fa-facebook\"><\/i><span class=\"mec-social-title\">Facebook<\/span><\/a><\/li><li class=\"mec-event-social-icon\"><a class=\"twitter\" href=\"https:\/\/twitter.com\/share?url=https%3A%2F%2Fvisitaltotamegaebarroso.pt%2Fes%2Fevents%2Fchaves-exposicion-pinto-cuadros-con-letras%2F\" onclick=\"javascript:window.open(this.href, '', 'menubar=no,toolbar=no,resizable=yes,scrollbars=yes,height=600,width=500'); return false;\" target=\"_blank\" title=\"Tweet\"><i class=\"mec-fa-twitter\"><\/i><span class=\"mec-social-title\">Twitter<\/span><\/a><\/li><li class=\"mec-event-social-icon\"><a class=\"linkedin\" href=\"https:\/\/www.linkedin.com\/shareArticle?mini=true&url=https%3A%2F%2Fvisitaltotamegaebarroso.pt%2Fes%2Fevents%2Fchaves-exposicion-pinto-cuadros-con-letras%2F\" onclick=\"javascript:window.open(this.href, '', 'menubar=no,toolbar=no,resizable=yes,scrollbars=yes,height=600,width=500'); return false;\" target=\"_blank\" title=\"LinkedIn\"><i class=\"mec-fa-linkedin\"><\/i><span class=\"mec-social-title\">LinkedIn<\/span><\/a><\/li><li class=\"mec-event-social-icon\"><a class=\"email\" href=\"mailto:?subject=Chaves%20%7C%20Exposici%C3%B3n%20%C2%ABPinto%20cuadros%20con%20letras%C2%BB&body=https%3A%2F%2Fvisitaltotamegaebarroso.pt%2Fes%2Fevents%2Fchaves-exposicion-pinto-cuadros-con-letras%2F\" title=\"Correo electr\u00f3nico\"><i class=\"mec-fa-envelope\"><\/i><span class=\"mec-social-title\">Correo electr\u00f3nico<\/span><\/a><\/li>                        <\/ul>\n                    <\/li>\n                <\/ul>\n                                                <a class=\"mec-booking-button\" data-event-id=\"48027\" href=\"https:\/\/visitaltotamegaebarroso.pt\/es\/events\/chaves-exposicion-pinto-cuadros-con-letras\/\" target=\"_self\" rel=\"noopener\">Ver detalle<\/a>            <\/div>\n        <\/article><\/div>                <div class=\"col-md-4 col-sm-4\"><article class=\" mec-event-article mec-clear  \" itemscope>                    <div class=\"mec-event-image\"><a data-event-id=\"48316\" href=\"https:\/\/visitaltotamegaebarroso.pt\/es\/events\/vila-pouca-de-aguiar-exposicion-crear-sin-limites\/\" target=\"_self\" rel=\"noopener\"><img width=\"300\" height=\"300\" src=\"https:\/\/visitaltotamegaebarroso.pt\/wp-content\/uploads\/2026\/07\/14.09_vpa-1-300x300.jpg\" class=\"attachment-medium size-medium wp-post-image\" alt=\"\" loading=\"lazy\" data-mec-postid=\"48316\" \/><\/a><\/div>\n                        <div class=\"mec-event-content\">\n                                    <div class=\"mec-event-date mec-bg-color\">\n                        <span class=\"mec-start-date-label\">17 julio 2026<\/span><span class=\"mec-end-date-label\" itemprop=\"endDate\"> - 14 septiembre 2026<\/span>                                                                    <\/div>\n                                                                <h4 class=\"mec-event-title\"><a class=\"mec-color-hover\" data-event-id=\"48316\" href=\"https:\/\/visitaltotamegaebarroso.pt\/es\/events\/vila-pouca-de-aguiar-exposicion-crear-sin-limites\/\" target=\"_self\" rel=\"noopener\">Vila Pouca de Aguiar | Exposici\u00f3n \u00abCrear sin l\u00edmites\u00bb<\/a><\/h4>\n                                <p class=\"mec-grid-event-location\">Museu Municipal Padre Jos\u00e9 Rafael Rodrigues, Av. da Noruega 35, Vila Pouca de Aguiar<\/p>\n                                                                            <\/div>\n            <div class=\"mec-event-footer\">\n                                <ul class=\"mec-event-sharing-wrap\">\n                    <li class=\"mec-event-share\">\n                        <a href=\"#\" class=\"mec-event-share-icon\">\n                            <i class=\"mec-sl-share\" title=\"Share\"><\/i>\n                        <\/a>\n                    <\/li>\n                    <li>\n                        <ul class=\"mec-event-sharing\">\n                            <li class=\"mec-event-social-icon\"><a class=\"facebook\" href=\"https:\/\/www.facebook.com\/sharer\/sharer.php?u=https%3A%2F%2Fvisitaltotamegaebarroso.pt%2Fes%2Fevents%2Fvila-pouca-de-aguiar-exposicion-crear-sin-limites%2F\" onclick=\"javascript:window.open(this.href, '', 'menubar=no,toolbar=no,resizable=yes,scrollbars=yes,height=500,width=600'); return false;\" target=\"_blank\" title=\"Compartir en Facebook\"><i class=\"mec-fa-facebook\"><\/i><span class=\"mec-social-title\">Facebook<\/span><\/a><\/li><li class=\"mec-event-social-icon\"><a class=\"twitter\" href=\"https:\/\/twitter.com\/share?url=https%3A%2F%2Fvisitaltotamegaebarroso.pt%2Fes%2Fevents%2Fvila-pouca-de-aguiar-exposicion-crear-sin-limites%2F\" onclick=\"javascript:window.open(this.href, '', 'menubar=no,toolbar=no,resizable=yes,scrollbars=yes,height=600,width=500'); return false;\" target=\"_blank\" title=\"Tweet\"><i class=\"mec-fa-twitter\"><\/i><span class=\"mec-social-title\">Twitter<\/span><\/a><\/li><li class=\"mec-event-social-icon\"><a class=\"linkedin\" href=\"https:\/\/www.linkedin.com\/shareArticle?mini=true&url=https%3A%2F%2Fvisitaltotamegaebarroso.pt%2Fes%2Fevents%2Fvila-pouca-de-aguiar-exposicion-crear-sin-limites%2F\" onclick=\"javascript:window.open(this.href, '', 'menubar=no,toolbar=no,resizable=yes,scrollbars=yes,height=600,width=500'); return false;\" target=\"_blank\" title=\"LinkedIn\"><i class=\"mec-fa-linkedin\"><\/i><span class=\"mec-social-title\">LinkedIn<\/span><\/a><\/li><li class=\"mec-event-social-icon\"><a class=\"email\" href=\"mailto:?subject=Vila%20Pouca%20de%20Aguiar%20%7C%20Exposici%C3%B3n%20%C2%ABCrear%20sin%20l%C3%ADmites%C2%BB&body=https%3A%2F%2Fvisitaltotamegaebarroso.pt%2Fes%2Fevents%2Fvila-pouca-de-aguiar-exposicion-crear-sin-limites%2F\" title=\"Correo electr\u00f3nico\"><i class=\"mec-fa-envelope\"><\/i><span class=\"mec-social-title\">Correo electr\u00f3nico<\/span><\/a><\/li>                        <\/ul>\n                    <\/li>\n                <\/ul>\n                                                <a class=\"mec-booking-button\" data-event-id=\"48316\" href=\"https:\/\/visitaltotamegaebarroso.pt\/es\/events\/vila-pouca-de-aguiar-exposicion-crear-sin-limites\/\" target=\"_self\" rel=\"noopener\">Ver detalle<\/a>            <\/div>\n        <\/article><\/div>                <div class=\"col-md-4 col-sm-4\"><article class=\" mec-event-article mec-clear  \" itemscope>                    <div class=\"mec-event-image\"><a data-event-id=\"48459\" href=\"https:\/\/visitaltotamegaebarroso.pt\/es\/events\/chaves-cartografias-hacia-el-infinito-o-el-sentido-del-arte\/\" target=\"_self\" rel=\"noopener\"><img width=\"300\" height=\"300\" src=\"https:\/\/visitaltotamegaebarroso.pt\/wp-content\/uploads\/2026\/07\/2027-06-ate-13_MACNA-300x300.png\" class=\"attachment-medium size-medium wp-post-image\" alt=\"\" loading=\"lazy\" data-mec-postid=\"48459\" \/><\/a><\/div>\n                        <div class=\"mec-event-content\">\n                                    <div class=\"mec-event-date mec-bg-color\">\n                        <span class=\"mec-start-date-label\">24 julio 2026<\/span><span class=\"mec-end-date-label\" itemprop=\"endDate\"> - 30 junio 2027<\/span>                                                                    <\/div>\n                                                                <h4 class=\"mec-event-title\"><a class=\"mec-color-hover\" data-event-id=\"48459\" href=\"https:\/\/visitaltotamegaebarroso.pt\/es\/events\/chaves-cartografias-hacia-el-infinito-o-el-sentido-del-arte\/\" target=\"_self\" rel=\"noopener\">Chaves | Cartograf\u00edas hacia el infinito o \u00abEl sentido del arte\u00bb<\/a><\/h4>\n                                <p class=\"mec-grid-event-location\">Museo de Arte Contempor\u00e1neo Nadir Afonso, Chaves<\/p>\n                                                                            <\/div>\n            <div class=\"mec-event-footer\">\n                                <ul class=\"mec-event-sharing-wrap\">\n                    <li class=\"mec-event-share\">\n                        <a href=\"#\" class=\"mec-event-share-icon\">\n                            <i class=\"mec-sl-share\" title=\"Share\"><\/i>\n                        <\/a>\n                    <\/li>\n                    <li>\n                        <ul class=\"mec-event-sharing\">\n                            <li class=\"mec-event-social-icon\"><a class=\"facebook\" href=\"https:\/\/www.facebook.com\/sharer\/sharer.php?u=https%3A%2F%2Fvisitaltotamegaebarroso.pt%2Fes%2Fevents%2Fchaves-cartografias-hacia-el-infinito-o-el-sentido-del-arte%2F\" onclick=\"javascript:window.open(this.href, '', 'menubar=no,toolbar=no,resizable=yes,scrollbars=yes,height=500,width=600'); return false;\" target=\"_blank\" title=\"Compartir en Facebook\"><i class=\"mec-fa-facebook\"><\/i><span class=\"mec-social-title\">Facebook<\/span><\/a><\/li><li class=\"mec-event-social-icon\"><a class=\"twitter\" href=\"https:\/\/twitter.com\/share?url=https%3A%2F%2Fvisitaltotamegaebarroso.pt%2Fes%2Fevents%2Fchaves-cartografias-hacia-el-infinito-o-el-sentido-del-arte%2F\" onclick=\"javascript:window.open(this.href, '', 'menubar=no,toolbar=no,resizable=yes,scrollbars=yes,height=600,width=500'); return false;\" target=\"_blank\" title=\"Tweet\"><i class=\"mec-fa-twitter\"><\/i><span class=\"mec-social-title\">Twitter<\/span><\/a><\/li><li class=\"mec-event-social-icon\"><a class=\"linkedin\" href=\"https:\/\/www.linkedin.com\/shareArticle?mini=true&url=https%3A%2F%2Fvisitaltotamegaebarroso.pt%2Fes%2Fevents%2Fchaves-cartografias-hacia-el-infinito-o-el-sentido-del-arte%2F\" onclick=\"javascript:window.open(this.href, '', 'menubar=no,toolbar=no,resizable=yes,scrollbars=yes,height=600,width=500'); return false;\" target=\"_blank\" title=\"LinkedIn\"><i class=\"mec-fa-linkedin\"><\/i><span class=\"mec-social-title\">LinkedIn<\/span><\/a><\/li><li class=\"mec-event-social-icon\"><a class=\"email\" href=\"mailto:?subject=Chaves%20%7C%20Cartograf%C3%ADas%20hacia%20el%20infinito%20o%20%C2%ABEl%20sentido%20del%20arte%C2%BB&body=https%3A%2F%2Fvisitaltotamegaebarroso.pt%2Fes%2Fevents%2Fchaves-cartografias-hacia-el-infinito-o-el-sentido-del-arte%2F\" title=\"Correo electr\u00f3nico\"><i class=\"mec-fa-envelope\"><\/i><span class=\"mec-social-title\">Correo electr\u00f3nico<\/span><\/a><\/li>                        <\/ul>\n                    <\/li>\n                <\/ul>\n                                                <a class=\"mec-booking-button\" data-event-id=\"48459\" href=\"https:\/\/visitaltotamegaebarroso.pt\/es\/events\/chaves-cartografias-hacia-el-infinito-o-el-sentido-del-arte\/\" target=\"_self\" rel=\"noopener\">Ver detalle<\/a>            <\/div>\n        <\/article><\/div><\/div>                <div class=\"row\"><div class=\"col-md-4 col-sm-4\"><article class=\" mec-event-article mec-clear  \" itemscope>                    <div class=\"mec-event-image\"><a data-event-id=\"48275\" href=\"https:\/\/visitaltotamegaebarroso.pt\/es\/events\/montalegre-entre-suenos-y-paisajes\/\" target=\"_self\" rel=\"noopener\"><img width=\"300\" height=\"300\" src=\"https:\/\/visitaltotamegaebarroso.pt\/wp-content\/uploads\/2026\/07\/ecomuseu_mtg-300x300.jpg\" class=\"attachment-medium size-medium wp-post-image\" alt=\"\" loading=\"lazy\" data-mec-postid=\"48275\" \/><\/a><\/div>\n                        <div class=\"mec-event-content\">\n                                    <div class=\"mec-event-date mec-bg-color\">\n                        <span class=\"mec-start-date-label\">25 julio 2026<\/span><span class=\"mec-end-date-label\" itemprop=\"endDate\"> - 13 octubre 2026<\/span>                                                                    <\/div>\n                                                                <h4 class=\"mec-event-title\"><a class=\"mec-color-hover\" data-event-id=\"48275\" href=\"https:\/\/visitaltotamegaebarroso.pt\/es\/events\/montalegre-entre-suenos-y-paisajes\/\" target=\"_self\" rel=\"noopener\">Montalegre | Entre sue\u00f1os y paisajes<\/a><\/h4>\n                                <p class=\"mec-grid-event-location\"><\/p>\n                                                                            <\/div>\n            <div class=\"mec-event-footer\">\n                                <ul class=\"mec-event-sharing-wrap\">\n                    <li class=\"mec-event-share\">\n                        <a href=\"#\" class=\"mec-event-share-icon\">\n                            <i class=\"mec-sl-share\" title=\"Share\"><\/i>\n                        <\/a>\n                    <\/li>\n                    <li>\n                        <ul class=\"mec-event-sharing\">\n                            <li class=\"mec-event-social-icon\"><a class=\"facebook\" href=\"https:\/\/www.facebook.com\/sharer\/sharer.php?u=https%3A%2F%2Fvisitaltotamegaebarroso.pt%2Fes%2Fevents%2Fmontalegre-entre-suenos-y-paisajes%2F\" onclick=\"javascript:window.open(this.href, '', 'menubar=no,toolbar=no,resizable=yes,scrollbars=yes,height=500,width=600'); return false;\" target=\"_blank\" title=\"Compartir en Facebook\"><i class=\"mec-fa-facebook\"><\/i><span class=\"mec-social-title\">Facebook<\/span><\/a><\/li><li class=\"mec-event-social-icon\"><a class=\"twitter\" href=\"https:\/\/twitter.com\/share?url=https%3A%2F%2Fvisitaltotamegaebarroso.pt%2Fes%2Fevents%2Fmontalegre-entre-suenos-y-paisajes%2F\" onclick=\"javascript:window.open(this.href, '', 'menubar=no,toolbar=no,resizable=yes,scrollbars=yes,height=600,width=500'); return false;\" target=\"_blank\" title=\"Tweet\"><i class=\"mec-fa-twitter\"><\/i><span class=\"mec-social-title\">Twitter<\/span><\/a><\/li><li class=\"mec-event-social-icon\"><a class=\"linkedin\" href=\"https:\/\/www.linkedin.com\/shareArticle?mini=true&url=https%3A%2F%2Fvisitaltotamegaebarroso.pt%2Fes%2Fevents%2Fmontalegre-entre-suenos-y-paisajes%2F\" onclick=\"javascript:window.open(this.href, '', 'menubar=no,toolbar=no,resizable=yes,scrollbars=yes,height=600,width=500'); return false;\" target=\"_blank\" title=\"LinkedIn\"><i class=\"mec-fa-linkedin\"><\/i><span class=\"mec-social-title\">LinkedIn<\/span><\/a><\/li><li class=\"mec-event-social-icon\"><a class=\"email\" href=\"mailto:?subject=Montalegre%20%7C%20Entre%20sue%C3%B1os%20y%20paisajes&body=https%3A%2F%2Fvisitaltotamegaebarroso.pt%2Fes%2Fevents%2Fmontalegre-entre-suenos-y-paisajes%2F\" title=\"Correo electr\u00f3nico\"><i class=\"mec-fa-envelope\"><\/i><span class=\"mec-social-title\">Correo electr\u00f3nico<\/span><\/a><\/li>                        <\/ul>\n                    <\/li>\n                <\/ul>\n                                                <a class=\"mec-booking-button\" data-event-id=\"48275\" href=\"https:\/\/visitaltotamegaebarroso.pt\/es\/events\/montalegre-entre-suenos-y-paisajes\/\" target=\"_self\" rel=\"noopener\">Ver detalle<\/a>            <\/div>\n        <\/article><\/div>                <div class=\"col-md-4 col-sm-4\"><article class=\" mec-event-article mec-clear  \" itemscope>                    <div class=\"mec-event-image\"><a data-event-id=\"48417\" href=\"https:\/\/visitaltotamegaebarroso.pt\/es\/events\/chaves-joao-vieira-pinto-quadros-por-letras\/\" target=\"_self\" rel=\"noopener\"><img width=\"300\" height=\"300\" src=\"https:\/\/visitaltotamegaebarroso.pt\/wp-content\/uploads\/2026\/07\/31.07.2027-2-300x300.jpg\" class=\"attachment-medium size-medium wp-post-image\" alt=\"\" loading=\"lazy\" data-mec-postid=\"48417\" \/><\/a><\/div>\n                        <div class=\"mec-event-content\">\n                                    <div class=\"mec-event-date mec-bg-color\">\n                        <span class=\"mec-start-date-label\">01 agosto 2026<\/span><span class=\"mec-end-date-label\" itemprop=\"endDate\"> - 30 junio 2027<\/span>                                                                    <\/div>\n                                                                <h4 class=\"mec-event-title\"><a class=\"mec-color-hover\" data-event-id=\"48417\" href=\"https:\/\/visitaltotamegaebarroso.pt\/es\/events\/chaves-joao-vieira-pinto-quadros-por-letras\/\" target=\"_self\" rel=\"noopener\">Chaves | Jo\u00e3o Vieira &#8211; Pinto Quadros por Letras<\/a><\/h4>\n                                <p class=\"mec-grid-event-location\">Casa Museo Jo\u00e3o Vieira, Vidago<\/p>\n                                                                            <\/div>\n            <div class=\"mec-event-footer\">\n                                <ul class=\"mec-event-sharing-wrap\">\n                    <li class=\"mec-event-share\">\n                        <a href=\"#\" class=\"mec-event-share-icon\">\n                            <i class=\"mec-sl-share\" title=\"Share\"><\/i>\n                        <\/a>\n                    <\/li>\n                    <li>\n                        <ul class=\"mec-event-sharing\">\n                            <li class=\"mec-event-social-icon\"><a class=\"facebook\" href=\"https:\/\/www.facebook.com\/sharer\/sharer.php?u=https%3A%2F%2Fvisitaltotamegaebarroso.pt%2Fes%2Fevents%2Fchaves-joao-vieira-pinto-quadros-por-letras%2F\" onclick=\"javascript:window.open(this.href, '', 'menubar=no,toolbar=no,resizable=yes,scrollbars=yes,height=500,width=600'); return false;\" target=\"_blank\" title=\"Compartir en Facebook\"><i class=\"mec-fa-facebook\"><\/i><span class=\"mec-social-title\">Facebook<\/span><\/a><\/li><li class=\"mec-event-social-icon\"><a class=\"twitter\" href=\"https:\/\/twitter.com\/share?url=https%3A%2F%2Fvisitaltotamegaebarroso.pt%2Fes%2Fevents%2Fchaves-joao-vieira-pinto-quadros-por-letras%2F\" onclick=\"javascript:window.open(this.href, '', 'menubar=no,toolbar=no,resizable=yes,scrollbars=yes,height=600,width=500'); return false;\" target=\"_blank\" title=\"Tweet\"><i class=\"mec-fa-twitter\"><\/i><span class=\"mec-social-title\">Twitter<\/span><\/a><\/li><li class=\"mec-event-social-icon\"><a class=\"linkedin\" href=\"https:\/\/www.linkedin.com\/shareArticle?mini=true&url=https%3A%2F%2Fvisitaltotamegaebarroso.pt%2Fes%2Fevents%2Fchaves-joao-vieira-pinto-quadros-por-letras%2F\" onclick=\"javascript:window.open(this.href, '', 'menubar=no,toolbar=no,resizable=yes,scrollbars=yes,height=600,width=500'); return false;\" target=\"_blank\" title=\"LinkedIn\"><i class=\"mec-fa-linkedin\"><\/i><span class=\"mec-social-title\">LinkedIn<\/span><\/a><\/li><li class=\"mec-event-social-icon\"><a class=\"email\" href=\"mailto:?subject=Chaves%20%7C%20Jo%C3%A3o%20Vieira%20-%20Pinto%20Quadros%20por%20Letras&body=https%3A%2F%2Fvisitaltotamegaebarroso.pt%2Fes%2Fevents%2Fchaves-joao-vieira-pinto-quadros-por-letras%2F\" title=\"Correo electr\u00f3nico\"><i class=\"mec-fa-envelope\"><\/i><span class=\"mec-social-title\">Correo electr\u00f3nico<\/span><\/a><\/li>                        <\/ul>\n                    <\/li>\n                <\/ul>\n                                                <a class=\"mec-booking-button\" data-event-id=\"48417\" href=\"https:\/\/visitaltotamegaebarroso.pt\/es\/events\/chaves-joao-vieira-pinto-quadros-por-letras\/\" target=\"_self\" rel=\"noopener\">Ver detalle<\/a>            <\/div>\n        <\/article><\/div>        <div class=\"col-md-4 col-sm-4\"><article class=\" mec-event-article mec-clear  \" itemscope>                    <div class=\"mec-event-image\"><a data-event-id=\"49078\" href=\"https:\/\/visitaltotamegaebarroso.pt\/es\/events\/boticas-alemdatela-kina-barbosa\/\" target=\"_self\" rel=\"noopener\"><img width=\"300\" height=\"300\" src=\"https:\/\/visitaltotamegaebarroso.pt\/wp-content\/uploads\/2026\/08\/2026_Alem-do-Tempo-300x300.jpg\" class=\"attachment-medium size-medium wp-post-image\" alt=\"\" loading=\"lazy\" data-mec-postid=\"49078\" \/><\/a><\/div>\n                        <div class=\"mec-event-content\">\n                                    <div class=\"mec-event-date mec-bg-color\">\n                        <span class=\"mec-start-date-label\">01 agosto 2026<\/span><span class=\"mec-end-date-label\" itemprop=\"endDate\"> - 30 septiembre 2026<\/span>                                                                    <\/div>\n                                                                <h4 class=\"mec-event-title\"><a class=\"mec-color-hover\" data-event-id=\"49078\" href=\"https:\/\/visitaltotamegaebarroso.pt\/es\/events\/boticas-alemdatela-kina-barbosa\/\" target=\"_self\" rel=\"noopener\">Boticas | Al\u00e9mdaTela &#8211; Kina Barbosa<\/a><\/h4>\n                                <p class=\"mec-grid-event-location\">Ecomuseo de Barroso - Museo Rural de Boticas, Boticas<\/p>\n                                                                            <\/div>\n            <div class=\"mec-event-footer\">\n                                <ul class=\"mec-event-sharing-wrap\">\n                    <li class=\"mec-event-share\">\n                        <a href=\"#\" class=\"mec-event-share-icon\">\n                            <i class=\"mec-sl-share\" title=\"Share\"><\/i>\n                        <\/a>\n                    <\/li>\n                    <li>\n                        <ul class=\"mec-event-sharing\">\n                            <li class=\"mec-event-social-icon\"><a class=\"facebook\" href=\"https:\/\/www.facebook.com\/sharer\/sharer.php?u=https%3A%2F%2Fvisitaltotamegaebarroso.pt%2Fes%2Fevents%2Fboticas-alemdatela-kina-barbosa%2F\" onclick=\"javascript:window.open(this.href, '', 'menubar=no,toolbar=no,resizable=yes,scrollbars=yes,height=500,width=600'); return false;\" target=\"_blank\" title=\"Compartir en Facebook\"><i class=\"mec-fa-facebook\"><\/i><span class=\"mec-social-title\">Facebook<\/span><\/a><\/li><li class=\"mec-event-social-icon\"><a class=\"twitter\" href=\"https:\/\/twitter.com\/share?url=https%3A%2F%2Fvisitaltotamegaebarroso.pt%2Fes%2Fevents%2Fboticas-alemdatela-kina-barbosa%2F\" onclick=\"javascript:window.open(this.href, '', 'menubar=no,toolbar=no,resizable=yes,scrollbars=yes,height=600,width=500'); return false;\" target=\"_blank\" title=\"Tweet\"><i class=\"mec-fa-twitter\"><\/i><span class=\"mec-social-title\">Twitter<\/span><\/a><\/li><li class=\"mec-event-social-icon\"><a class=\"linkedin\" href=\"https:\/\/www.linkedin.com\/shareArticle?mini=true&url=https%3A%2F%2Fvisitaltotamegaebarroso.pt%2Fes%2Fevents%2Fboticas-alemdatela-kina-barbosa%2F\" onclick=\"javascript:window.open(this.href, '', 'menubar=no,toolbar=no,resizable=yes,scrollbars=yes,height=600,width=500'); return false;\" target=\"_blank\" title=\"LinkedIn\"><i class=\"mec-fa-linkedin\"><\/i><span class=\"mec-social-title\">LinkedIn<\/span><\/a><\/li><li class=\"mec-event-social-icon\"><a class=\"email\" href=\"mailto:?subject=Boticas%20%7C%20Al%C3%A9mdaTela%20-%20Kina%20Barbosa&body=https%3A%2F%2Fvisitaltotamegaebarroso.pt%2Fes%2Fevents%2Fboticas-alemdatela-kina-barbosa%2F\" title=\"Correo electr\u00f3nico\"><i class=\"mec-fa-envelope\"><\/i><span class=\"mec-social-title\">Correo electr\u00f3nico<\/span><\/a><\/li>                        <\/ul>\n                    <\/li>\n                <\/ul>\n                                                <a class=\"mec-booking-button\" data-event-id=\"49078\" href=\"https:\/\/visitaltotamegaebarroso.pt\/es\/events\/boticas-alemdatela-kina-barbosa\/\" target=\"_self\" rel=\"noopener\">Ver detalle<\/a>            <\/div>\n        <\/article><\/div><\/div>                <div class=\"row\"><div class=\"col-md-4 col-sm-4\"><article class=\" mec-event-article mec-clear  \" itemscope>                    <div class=\"mec-event-image\"><a data-event-id=\"48978\" href=\"https:\/\/visitaltotamegaebarroso.pt\/es\/events\/montalegre-mas-alla-de-la-montana\/\" target=\"_self\" rel=\"noopener\"><img width=\"300\" height=\"300\" src=\"https:\/\/visitaltotamegaebarroso.pt\/wp-content\/uploads\/2026\/08\/ecomuseu-faf-300x300.jpeg\" class=\"attachment-medium size-medium wp-post-image\" alt=\"\" loading=\"lazy\" data-mec-postid=\"48978\" \/><\/a><\/div>\n                        <div class=\"mec-event-content\">\n                                    <div class=\"mec-event-date mec-bg-color\">\n                        <span class=\"mec-start-date-label\">05 agosto 2026<\/span><span class=\"mec-end-date-label\" itemprop=\"endDate\"> - 05 octubre 2026<\/span>                                                                    <\/div>\n                                                                <h4 class=\"mec-event-title\"><a class=\"mec-color-hover\" data-event-id=\"48978\" href=\"https:\/\/visitaltotamegaebarroso.pt\/es\/events\/montalegre-mas-alla-de-la-montana\/\" target=\"_self\" rel=\"noopener\">Montalegre | M\u00e1s all\u00e1 de la monta\u00f1a<\/a><\/h4>\n                                <p class=\"mec-grid-event-location\">Ecomuseo de Barroso - Vezeira e a Serra, Montalegre<\/p>\n                                                                            <\/div>\n            <div class=\"mec-event-footer\">\n                                <ul class=\"mec-event-sharing-wrap\">\n                    <li class=\"mec-event-share\">\n                        <a href=\"#\" class=\"mec-event-share-icon\">\n                            <i class=\"mec-sl-share\" title=\"Share\"><\/i>\n                        <\/a>\n                    <\/li>\n                    <li>\n                        <ul class=\"mec-event-sharing\">\n                            <li class=\"mec-event-social-icon\"><a class=\"facebook\" href=\"https:\/\/www.facebook.com\/sharer\/sharer.php?u=https%3A%2F%2Fvisitaltotamegaebarroso.pt%2Fes%2Fevents%2Fmontalegre-mas-alla-de-la-montana%2F\" onclick=\"javascript:window.open(this.href, '', 'menubar=no,toolbar=no,resizable=yes,scrollbars=yes,height=500,width=600'); return false;\" target=\"_blank\" title=\"Compartir en Facebook\"><i class=\"mec-fa-facebook\"><\/i><span class=\"mec-social-title\">Facebook<\/span><\/a><\/li><li class=\"mec-event-social-icon\"><a class=\"twitter\" href=\"https:\/\/twitter.com\/share?url=https%3A%2F%2Fvisitaltotamegaebarroso.pt%2Fes%2Fevents%2Fmontalegre-mas-alla-de-la-montana%2F\" onclick=\"javascript:window.open(this.href, '', 'menubar=no,toolbar=no,resizable=yes,scrollbars=yes,height=600,width=500'); return false;\" target=\"_blank\" title=\"Tweet\"><i class=\"mec-fa-twitter\"><\/i><span class=\"mec-social-title\">Twitter<\/span><\/a><\/li><li class=\"mec-event-social-icon\"><a class=\"linkedin\" href=\"https:\/\/www.linkedin.com\/shareArticle?mini=true&url=https%3A%2F%2Fvisitaltotamegaebarroso.pt%2Fes%2Fevents%2Fmontalegre-mas-alla-de-la-montana%2F\" onclick=\"javascript:window.open(this.href, '', 'menubar=no,toolbar=no,resizable=yes,scrollbars=yes,height=600,width=500'); return false;\" target=\"_blank\" title=\"LinkedIn\"><i class=\"mec-fa-linkedin\"><\/i><span class=\"mec-social-title\">LinkedIn<\/span><\/a><\/li><li class=\"mec-event-social-icon\"><a class=\"email\" href=\"mailto:?subject=Montalegre%20%7C%20M%C3%A1s%20all%C3%A1%20de%20la%20monta%C3%B1a&body=https%3A%2F%2Fvisitaltotamegaebarroso.pt%2Fes%2Fevents%2Fmontalegre-mas-alla-de-la-montana%2F\" title=\"Correo electr\u00f3nico\"><i class=\"mec-fa-envelope\"><\/i><span class=\"mec-social-title\">Correo electr\u00f3nico<\/span><\/a><\/li>                        <\/ul>\n                    <\/li>\n                <\/ul>\n                                                <a class=\"mec-booking-button\" data-event-id=\"48978\" href=\"https:\/\/visitaltotamegaebarroso.pt\/es\/events\/montalegre-mas-alla-de-la-montana\/\" target=\"_self\" rel=\"noopener\">Ver detalle<\/a>            <\/div>\n        <\/article><\/div>                <div class=\"col-md-4 col-sm-4\"><article class=\"mec-past-event mec-event-article mec-clear  \" itemscope>                    <div class=\"mec-event-image\"><a data-event-id=\"48737\" href=\"https:\/\/visitaltotamegaebarroso.pt\/es\/events\/chaves-feria-de-las-varandas-2\/\" target=\"_self\" rel=\"noopener\"><img width=\"300\" height=\"300\" src=\"https:\/\/visitaltotamegaebarroso.pt\/wp-content\/uploads\/2024\/03\/feira_das_varandas-300x300.jpg\" class=\"attachment-medium size-medium wp-post-image\" alt=\"\" loading=\"lazy\" data-mec-postid=\"48737\" \/><\/a><\/div>\n                        <div class=\"mec-event-content\">\n                                    <div class=\"mec-event-date mec-bg-color\">\n                        <span class=\"mec-start-date-label\">08 agosto 2026<\/span><span class=\"mec-end-date-label\" itemprop=\"endDate\"> - 05 septiembre 2026<\/span>                                                                    <\/div>\n                                                                <h4 class=\"mec-event-title\"><a class=\"mec-color-hover\" data-event-id=\"48737\" href=\"https:\/\/visitaltotamegaebarroso.pt\/es\/events\/chaves-feria-de-las-varandas-2\/\" target=\"_self\" rel=\"noopener\">Chaves | Feria de las Varandas<\/a><\/h4>\n                                <p class=\"mec-grid-event-location\">Largo do Arrabalde, Chaves<\/p>\n                                                                            <\/div>\n            <div class=\"mec-event-footer\">\n                                <ul class=\"mec-event-sharing-wrap\">\n                    <li class=\"mec-event-share\">\n                        <a href=\"#\" class=\"mec-event-share-icon\">\n                            <i class=\"mec-sl-share\" title=\"Share\"><\/i>\n                        <\/a>\n                    <\/li>\n                    <li>\n                        <ul class=\"mec-event-sharing\">\n                            <li class=\"mec-event-social-icon\"><a class=\"facebook\" href=\"https:\/\/www.facebook.com\/sharer\/sharer.php?u=https%3A%2F%2Fvisitaltotamegaebarroso.pt%2Fes%2Fevents%2Fchaves-feria-de-las-varandas-2%2F\" onclick=\"javascript:window.open(this.href, '', 'menubar=no,toolbar=no,resizable=yes,scrollbars=yes,height=500,width=600'); return false;\" target=\"_blank\" title=\"Compartir en Facebook\"><i class=\"mec-fa-facebook\"><\/i><span class=\"mec-social-title\">Facebook<\/span><\/a><\/li><li class=\"mec-event-social-icon\"><a class=\"twitter\" href=\"https:\/\/twitter.com\/share?url=https%3A%2F%2Fvisitaltotamegaebarroso.pt%2Fes%2Fevents%2Fchaves-feria-de-las-varandas-2%2F\" onclick=\"javascript:window.open(this.href, '', 'menubar=no,toolbar=no,resizable=yes,scrollbars=yes,height=600,width=500'); return false;\" target=\"_blank\" title=\"Tweet\"><i class=\"mec-fa-twitter\"><\/i><span class=\"mec-social-title\">Twitter<\/span><\/a><\/li><li class=\"mec-event-social-icon\"><a class=\"linkedin\" href=\"https:\/\/www.linkedin.com\/shareArticle?mini=true&url=https%3A%2F%2Fvisitaltotamegaebarroso.pt%2Fes%2Fevents%2Fchaves-feria-de-las-varandas-2%2F\" onclick=\"javascript:window.open(this.href, '', 'menubar=no,toolbar=no,resizable=yes,scrollbars=yes,height=600,width=500'); return false;\" target=\"_blank\" title=\"LinkedIn\"><i class=\"mec-fa-linkedin\"><\/i><span class=\"mec-social-title\">LinkedIn<\/span><\/a><\/li><li class=\"mec-event-social-icon\"><a class=\"email\" href=\"mailto:?subject=Chaves%20%7C%20Feria%20de%20las%20Varandas&body=https%3A%2F%2Fvisitaltotamegaebarroso.pt%2Fes%2Fevents%2Fchaves-feria-de-las-varandas-2%2F\" title=\"Correo electr\u00f3nico\"><i class=\"mec-fa-envelope\"><\/i><span class=\"mec-social-title\">Correo electr\u00f3nico<\/span><\/a><\/li>                        <\/ul>\n                    <\/li>\n                <\/ul>\n                                                <a class=\"mec-booking-button\" data-event-id=\"48737\" href=\"https:\/\/visitaltotamegaebarroso.pt\/es\/events\/chaves-feria-de-las-varandas-2\/\" target=\"_self\" rel=\"noopener\">Ver detalle<\/a>            <\/div>\n        <\/article><\/div>                <div class=\"col-md-4 col-sm-4\"><article class=\"mec-past-event mec-event-article mec-clear  \" itemscope>                    <div class=\"mec-event-image\"><a data-event-id=\"38208\" href=\"https:\/\/visitaltotamegaebarroso.pt\/es\/events\/chaves-la-hora-del-cuento-9\/\" target=\"_self\" rel=\"noopener\"><img width=\"300\" height=\"300\" src=\"https:\/\/visitaltotamegaebarroso.pt\/wp-content\/uploads\/2024\/11\/horadoconto-1-300x300.jpeg\" class=\"attachment-medium size-medium wp-post-image\" alt=\"\" loading=\"lazy\" data-mec-postid=\"38208\" \/><\/a><\/div>\n                        <div class=\"mec-event-content\">\n                                    <div class=\"mec-event-date mec-bg-color\">\n                        <span class=\"mec-start-date-label\">11 agosto 2026<\/span><span class=\"mec-end-date-label\" itemprop=\"endDate\"> - 08 septiembre 2026<\/span>                                                                    <\/div>\n                                                                <h4 class=\"mec-event-title\"><a class=\"mec-color-hover\" data-event-id=\"38208\" href=\"https:\/\/visitaltotamegaebarroso.pt\/es\/events\/chaves-la-hora-del-cuento-9\/\" target=\"_self\" rel=\"noopener\">Chaves | La Hora del Cuento<\/a><\/h4>\n                                <p class=\"mec-grid-event-location\">Biblioteca Municipal de Chaves, Chaves<\/p>\n                                                                            <\/div>\n            <div class=\"mec-event-footer\">\n                                <ul class=\"mec-event-sharing-wrap\">\n                    <li class=\"mec-event-share\">\n                        <a href=\"#\" class=\"mec-event-share-icon\">\n                            <i class=\"mec-sl-share\" title=\"Share\"><\/i>\n                        <\/a>\n                    <\/li>\n                    <li>\n                        <ul class=\"mec-event-sharing\">\n                            <li class=\"mec-event-social-icon\"><a class=\"facebook\" href=\"https:\/\/www.facebook.com\/sharer\/sharer.php?u=https%3A%2F%2Fvisitaltotamegaebarroso.pt%2Fes%2Fevents%2Fchaves-la-hora-del-cuento-9%2F\" onclick=\"javascript:window.open(this.href, '', 'menubar=no,toolbar=no,resizable=yes,scrollbars=yes,height=500,width=600'); return false;\" target=\"_blank\" title=\"Compartir en Facebook\"><i class=\"mec-fa-facebook\"><\/i><span class=\"mec-social-title\">Facebook<\/span><\/a><\/li><li class=\"mec-event-social-icon\"><a class=\"twitter\" href=\"https:\/\/twitter.com\/share?url=https%3A%2F%2Fvisitaltotamegaebarroso.pt%2Fes%2Fevents%2Fchaves-la-hora-del-cuento-9%2F\" onclick=\"javascript:window.open(this.href, '', 'menubar=no,toolbar=no,resizable=yes,scrollbars=yes,height=600,width=500'); return false;\" target=\"_blank\" title=\"Tweet\"><i class=\"mec-fa-twitter\"><\/i><span class=\"mec-social-title\">Twitter<\/span><\/a><\/li><li class=\"mec-event-social-icon\"><a class=\"linkedin\" href=\"https:\/\/www.linkedin.com\/shareArticle?mini=true&url=https%3A%2F%2Fvisitaltotamegaebarroso.pt%2Fes%2Fevents%2Fchaves-la-hora-del-cuento-9%2F\" onclick=\"javascript:window.open(this.href, '', 'menubar=no,toolbar=no,resizable=yes,scrollbars=yes,height=600,width=500'); return false;\" target=\"_blank\" title=\"LinkedIn\"><i class=\"mec-fa-linkedin\"><\/i><span class=\"mec-social-title\">LinkedIn<\/span><\/a><\/li><li class=\"mec-event-social-icon\"><a class=\"email\" href=\"mailto:?subject=Chaves%20%7C%20La%20Hora%20del%20Cuento&body=https%3A%2F%2Fvisitaltotamegaebarroso.pt%2Fes%2Fevents%2Fchaves-la-hora-del-cuento-9%2F\" title=\"Correo electr\u00f3nico\"><i class=\"mec-fa-envelope\"><\/i><span class=\"mec-social-title\">Correo electr\u00f3nico<\/span><\/a><\/li>                        <\/ul>\n                    <\/li>\n                <\/ul>\n                                                <a class=\"mec-booking-button\" data-event-id=\"38208\" href=\"https:\/\/visitaltotamegaebarroso.pt\/es\/events\/chaves-la-hora-del-cuento-9\/\" target=\"_self\" rel=\"noopener\">Ver detalle<\/a>            <\/div>\n        <\/article><\/div><\/div>                        \t<\/div>\n<\/div>\n\n    <\/div>\n    <div class=\"mec-skin-grid-no-events-container mec-util-hidden\" id=\"mec_skin_no_events_21893\">\n        \u00a1No hay eventos!    <\/div>\n    \n    <div class=\"mec-load-more-wrap\">\n                <div tabindex=\"0\" onkeydown=\"if(event.keyCode===13){jQuery(this).trigger('click');}\" class=\"mec-load-more-button \">Cargas m\u00e1s<\/div>\n            <\/div>\n<\/div>\n\n","protected":false},"excerpt":{"rendered":"La Biblioteca ofrece a los m\u00e1s peque\u00f1os una hora de descubrimiento e imaginaci\u00f3n, en el marco de la promoci\u00f3n de la lectura, con el fin de fomentar el intercambio de libros. \u00abAqu\u00ed estamos\u00bb, texto e ilustraciones de Oliver Jeffers Sinopsis: [...]","protected":false},"author":1,"featured_media":0,"parent":0,"menu_order":0,"comment_status":"closed","ping_status":"closed","template":"","meta":[],"_links":{"self":[{"href":"https:\/\/visitaltotamegaebarroso.pt\/es\/wp-json\/wp\/v2\/pages\/21901"}],"collection":[{"href":"https:\/\/visitaltotamegaebarroso.pt\/es\/wp-json\/wp\/v2\/pages"}],"about":[{"href":"https:\/\/visitaltotamegaebarroso.pt\/es\/wp-json\/wp\/v2\/types\/page"}],"author":[{"embeddable":true,"href":"https:\/\/visitaltotamegaebarroso.pt\/es\/wp-json\/wp\/v2\/users\/1"}],"replies":[{"embeddable":true,"href":"https:\/\/visitaltotamegaebarroso.pt\/es\/wp-json\/wp\/v2\/comments?post=21901"}],"version-history":[{"count":1,"href":"https:\/\/visitaltotamegaebarroso.pt\/es\/wp-json\/wp\/v2\/pages\/21901\/revisions"}],"predecessor-version":[{"id":21927,"href":"https:\/\/visitaltotamegaebarroso.pt\/es\/wp-json\/wp\/v2\/pages\/21901\/revisions\/21927"}],"wp:attachment":[{"href":"https:\/\/visitaltotamegaebarroso.pt\/es\/wp-json\/wp\/v2\/media?parent=21901"}],"curies":[{"name":"wp","href":"https:\/\/api.w.org\/{rel}","templated":true}]}}