{"id":49360,"date":"2026-09-01T15:00:27","date_gmt":"2026-09-01T14:00:27","guid":{"rendered":"https:\/\/visitaltotamegaebarroso.pt\/events\/chaves-nuestros-artistas-fernando-dias\/"},"modified":"2026-09-01T15:00:27","modified_gmt":"2026-09-01T14:00:27","slug":"chaves-nuestros-artistas-fernando-dias","status":"publish","type":"mec-events","link":"https:\/\/visitaltotamegaebarroso.pt\/es\/events\/chaves-nuestros-artistas-fernando-dias\/","title":{"rendered":"Chaves | Nuestros artistas &#8211; Fernando Dias"},"content":{"rendered":"<p>En un recorrido por la visi\u00f3n art\u00edstica de Fernando Dias, natural de Chaves, la Sala Polivalente de la Biblioteca Municipal acoge, durante el mes de septiembre, la muestra \u00abPerspectiva monocrom\u00e1tica\u00bb. Enmarcada en el ciclo \u00abNuestros artistas\u00bb, esta exposici\u00f3n permanecer\u00e1 abierta hasta el d\u00eda 29, y su inauguraci\u00f3n est\u00e1 prevista para ma\u00f1ana, mi\u00e9rcoles 2 de septiembre, a las 17:30 horas.<\/p>\n<p>\u00abPerspectiva monocrom\u00e1tica\u00bb es el resultado del actual proceso de investigaci\u00f3n art\u00edstica del autor, centrado sobre todo en el perfeccionamiento de la t\u00e9cnica de la acuarela y en la exploraci\u00f3n de un \u00fanico tono.<\/p>\n","protected":false},"excerpt":{"rendered":"<p>En un recorrido por la visi\u00f3n art\u00edstica de Fernando Dias, natural de Chaves, la Sala Polivalente de la Biblioteca Municipal acoge, durante el mes de septiembre, la muestra \u00abPerspectiva monocrom\u00e1tica\u00bb. Enmarcada en el ciclo \u00abNuestros artistas\u00bb, esta exposici\u00f3n permanecer\u00e1 abierta [&hellip;]<\/p>\n","protected":false},"author":7,"featured_media":49356,"comment_status":"closed","ping_status":"closed","template":"","tags":[],"mec_category":[1668],"_links":{"self":[{"href":"https:\/\/visitaltotamegaebarroso.pt\/es\/wp-json\/wp\/v2\/mec-events\/49360"}],"collection":[{"href":"https:\/\/visitaltotamegaebarroso.pt\/es\/wp-json\/wp\/v2\/mec-events"}],"about":[{"href":"https:\/\/visitaltotamegaebarroso.pt\/es\/wp-json\/wp\/v2\/types\/mec-events"}],"author":[{"embeddable":true,"href":"https:\/\/visitaltotamegaebarroso.pt\/es\/wp-json\/wp\/v2\/users\/7"}],"replies":[{"embeddable":true,"href":"https:\/\/visitaltotamegaebarroso.pt\/es\/wp-json\/wp\/v2\/comments?post=49360"}],"wp:featuredmedia":[{"embeddable":true,"href":"https:\/\/visitaltotamegaebarroso.pt\/es\/wp-json\/wp\/v2\/media\/49356"}],"wp:attachment":[{"href":"https:\/\/visitaltotamegaebarroso.pt\/es\/wp-json\/wp\/v2\/media?parent=49360"}],"wp:term":[{"taxonomy":"post_tag","embeddable":true,"href":"https:\/\/visitaltotamegaebarroso.pt\/es\/wp-json\/wp\/v2\/tags?post=49360"},{"taxonomy":"mec_category","embeddable":true,"href":"https:\/\/visitaltotamegaebarroso.pt\/es\/wp-json\/wp\/v2\/mec_category?post=49360"}],"curies":[{"name":"wp","href":"https:\/\/api.w.org\/{rel}","templated":true}]}}