{"id":48978,"date":"2026-08-04T17:17:59","date_gmt":"2026-08-04T16:17:59","guid":{"rendered":"https:\/\/visitaltotamegaebarroso.pt\/?post_type=mec-events&#038;p=48978"},"modified":"2026-08-04T17:21:46","modified_gmt":"2026-08-04T16:21:46","slug":"montalegre-mas-alla-de-la-montana","status":"publish","type":"mec-events","link":"https:\/\/visitaltotamegaebarroso.pt\/es\/events\/montalegre-mas-alla-de-la-montana\/","title":{"rendered":"Montalegre | M\u00e1s all\u00e1 de la monta\u00f1a"},"content":{"rendered":"<p>El esp\u00edritu de nuestras tradiciones seculares sigue conserv\u00e1ndose a trav\u00e9s del objetivo de Tiago; en nombre de la Asociaci\u00f3n Vezeira y del pueblo de Fafi, agradecemos estas im\u00e1genes que podr\u00edan ser \u00abesas cosas\u00bb que alg\u00fan d\u00eda, esperemos que no, desaparezcan. Queda una excepcional exposici\u00f3n de autor en nuestro ecomuseo, que se ha podido visitar y volver a visitar con especial atenci\u00f3n hasta el 5 de octubre.<\/p>\n<p>La Vezeira das Vacas sigue siendo un icono de nuestro pueblo, fundado sobre las tradiciones; si tienes ocasi\u00f3n, ac\u00e9rcate a verla. Queda aqu\u00ed el testimonio del se\u00f1or Guilherme, uno de los vezeireiros m\u00e1s veteranos que sigue empe\u00f1ado en mantener la tradici\u00f3n. Y nosotros, con orgullo, tambi\u00e9n seguimos empe\u00f1ados.<\/p>\n","protected":false},"excerpt":{"rendered":"<p>El esp\u00edritu de nuestras tradiciones seculares sigue conserv\u00e1ndose a trav\u00e9s del objetivo de Tiago; en nombre de la Asociaci\u00f3n Vezeira y del pueblo de Fafi, agradecemos estas im\u00e1genes que podr\u00edan ser \u00abesas cosas\u00bb que alg\u00fan d\u00eda, esperemos que no, desaparezcan. [&hellip;]<\/p>\n","protected":false},"author":8,"featured_media":48974,"comment_status":"closed","ping_status":"closed","template":"","tags":[],"mec_category":[1668],"_links":{"self":[{"href":"https:\/\/visitaltotamegaebarroso.pt\/es\/wp-json\/wp\/v2\/mec-events\/48978"}],"collection":[{"href":"https:\/\/visitaltotamegaebarroso.pt\/es\/wp-json\/wp\/v2\/mec-events"}],"about":[{"href":"https:\/\/visitaltotamegaebarroso.pt\/es\/wp-json\/wp\/v2\/types\/mec-events"}],"author":[{"embeddable":true,"href":"https:\/\/visitaltotamegaebarroso.pt\/es\/wp-json\/wp\/v2\/users\/8"}],"replies":[{"embeddable":true,"href":"https:\/\/visitaltotamegaebarroso.pt\/es\/wp-json\/wp\/v2\/comments?post=48978"}],"wp:featuredmedia":[{"embeddable":true,"href":"https:\/\/visitaltotamegaebarroso.pt\/es\/wp-json\/wp\/v2\/media\/48974"}],"wp:attachment":[{"href":"https:\/\/visitaltotamegaebarroso.pt\/es\/wp-json\/wp\/v2\/media?parent=48978"}],"wp:term":[{"taxonomy":"post_tag","embeddable":true,"href":"https:\/\/visitaltotamegaebarroso.pt\/es\/wp-json\/wp\/v2\/tags?post=48978"},{"taxonomy":"mec_category","embeddable":true,"href":"https:\/\/visitaltotamegaebarroso.pt\/es\/wp-json\/wp\/v2\/mec_category?post=48978"}],"curies":[{"name":"wp","href":"https:\/\/api.w.org\/{rel}","templated":true}]}}