{"id":40010,"date":"2025-07-02T15:55:51","date_gmt":"2025-07-02T14:55:51","guid":{"rendered":"https:\/\/visitaltotamegaebarroso.pt\/events\/chaves-universo-cartonero\/"},"modified":"2025-07-02T15:55:51","modified_gmt":"2025-07-02T14:55:51","slug":"chaves-universo-cartonero","status":"publish","type":"mec-events","link":"https:\/\/visitaltotamegaebarroso.pt\/es\/events\/chaves-universo-cartonero\/","title":{"rendered":"Chaves | Universo Cartonero"},"content":{"rendered":"<p>El TEF y ADRAT &#8211; Associa\u00e7\u00e3o de Desenvolvimento da Regi\u00e3o do Alto T\u00e2mega (Asociaci\u00f3n de Desarrollo de la Regi\u00f3n del Alto T\u00e2mega) acogen en Chaves la exposici\u00f3n \u00abUniverso Cartonero\u00bb, dentro de la Ruta del Libro Cartonero. Esta exposici\u00f3n, promovida por ANIMAR, Casa da Esquina y Vento Norte Cartonero, en colaboraci\u00f3n con Multinacional Cartonera, presenta un recorrido por el universo de las editoriales cartoneras, valorizando la edici\u00f3n independiente, la creatividad colectiva y el compromiso con pr\u00e1cticas sostenibles en el mundo del libro.<\/p>\n<p>El 1 de julio, la exposici\u00f3n se inaugurar\u00e1 oficialmente a las 18.00 horas en el Cineteatro Bento Martins.<\/p>\n","protected":false},"excerpt":{"rendered":"<p>El TEF y ADRAT &#8211; Associa\u00e7\u00e3o de Desenvolvimento da Regi\u00e3o do Alto T\u00e2mega (Asociaci\u00f3n de Desarrollo de la Regi\u00f3n del Alto T\u00e2mega) acogen en Chaves la exposici\u00f3n \u00abUniverso Cartonero\u00bb, dentro de la Ruta del Libro Cartonero. Esta exposici\u00f3n, promovida por [&hellip;]<\/p>\n","protected":false},"author":5,"featured_media":40006,"comment_status":"closed","ping_status":"closed","template":"","tags":[],"mec_category":[1668],"_links":{"self":[{"href":"https:\/\/visitaltotamegaebarroso.pt\/es\/wp-json\/wp\/v2\/mec-events\/40010"}],"collection":[{"href":"https:\/\/visitaltotamegaebarroso.pt\/es\/wp-json\/wp\/v2\/mec-events"}],"about":[{"href":"https:\/\/visitaltotamegaebarroso.pt\/es\/wp-json\/wp\/v2\/types\/mec-events"}],"author":[{"embeddable":true,"href":"https:\/\/visitaltotamegaebarroso.pt\/es\/wp-json\/wp\/v2\/users\/5"}],"replies":[{"embeddable":true,"href":"https:\/\/visitaltotamegaebarroso.pt\/es\/wp-json\/wp\/v2\/comments?post=40010"}],"wp:featuredmedia":[{"embeddable":true,"href":"https:\/\/visitaltotamegaebarroso.pt\/es\/wp-json\/wp\/v2\/media\/40006"}],"wp:attachment":[{"href":"https:\/\/visitaltotamegaebarroso.pt\/es\/wp-json\/wp\/v2\/media?parent=40010"}],"wp:term":[{"taxonomy":"post_tag","embeddable":true,"href":"https:\/\/visitaltotamegaebarroso.pt\/es\/wp-json\/wp\/v2\/tags?post=40010"},{"taxonomy":"mec_category","embeddable":true,"href":"https:\/\/visitaltotamegaebarroso.pt\/es\/wp-json\/wp\/v2\/mec_category?post=40010"}],"curies":[{"name":"wp","href":"https:\/\/api.w.org\/{rel}","templated":true}]}}