{"id":38364,"date":"2025-05-10T11:20:47","date_gmt":"2025-05-10T10:20:47","guid":{"rendered":"https:\/\/visitaltotamegaebarroso.pt\/events\/chaves-dar-alegria-a-los-anos-mis-recuerdos\/"},"modified":"2025-05-10T11:20:47","modified_gmt":"2025-05-10T10:20:47","slug":"chaves-dar-alegria-a-los-anos-mis-recuerdos","status":"publish","type":"mec-events","link":"https:\/\/visitaltotamegaebarroso.pt\/es\/events\/chaves-dar-alegria-a-los-anos-mis-recuerdos\/","title":{"rendered":"Chaves | Dar Alegr\u00eda a los A\u00f1os &#8211; Mis Recuerdos"},"content":{"rendered":"<p>Bajo el lema \u00abMis Recuerdos\u00bb, el Mercado Municipal acoger\u00e1 el domingo 11 de mayo otro evento social para mayores, \u00abDar Alegria aos Anos\u00bb, una actividad l\u00fadica que tendr\u00e1 lugar entre las 15:00 y las 18:00 horas.<br \/>\nEl evento, que contar\u00e1 con la animaci\u00f3n musical del grupo \u00abD\u00fao Alturas\u00bb, pretende reforzar las din\u00e1micas intergeneracionales en la promoci\u00f3n de la salud, la autonom\u00eda y la integraci\u00f3n.<\/p>\n","protected":false},"excerpt":{"rendered":"<p>Bajo el lema \u00abMis Recuerdos\u00bb, el Mercado Municipal acoger\u00e1 el domingo 11 de mayo otro evento social para mayores, \u00abDar Alegria aos Anos\u00bb, una actividad l\u00fadica que tendr\u00e1 lugar entre las 15:00 y las 18:00 horas. El evento, que contar\u00e1 [&hellip;]<\/p>\n","protected":false},"author":5,"featured_media":38360,"comment_status":"closed","ping_status":"closed","template":"","tags":[],"mec_category":[716],"_links":{"self":[{"href":"https:\/\/visitaltotamegaebarroso.pt\/es\/wp-json\/wp\/v2\/mec-events\/38364"}],"collection":[{"href":"https:\/\/visitaltotamegaebarroso.pt\/es\/wp-json\/wp\/v2\/mec-events"}],"about":[{"href":"https:\/\/visitaltotamegaebarroso.pt\/es\/wp-json\/wp\/v2\/types\/mec-events"}],"author":[{"embeddable":true,"href":"https:\/\/visitaltotamegaebarroso.pt\/es\/wp-json\/wp\/v2\/users\/5"}],"replies":[{"embeddable":true,"href":"https:\/\/visitaltotamegaebarroso.pt\/es\/wp-json\/wp\/v2\/comments?post=38364"}],"wp:featuredmedia":[{"embeddable":true,"href":"https:\/\/visitaltotamegaebarroso.pt\/es\/wp-json\/wp\/v2\/media\/38360"}],"wp:attachment":[{"href":"https:\/\/visitaltotamegaebarroso.pt\/es\/wp-json\/wp\/v2\/media?parent=38364"}],"wp:term":[{"taxonomy":"post_tag","embeddable":true,"href":"https:\/\/visitaltotamegaebarroso.pt\/es\/wp-json\/wp\/v2\/tags?post=38364"},{"taxonomy":"mec_category","embeddable":true,"href":"https:\/\/visitaltotamegaebarroso.pt\/es\/wp-json\/wp\/v2\/mec_category?post=38364"}],"curies":[{"name":"wp","href":"https:\/\/api.w.org\/{rel}","templated":true}]}}