{"id":38102,"date":"2025-04-23T15:23:23","date_gmt":"2025-04-23T14:23:23","guid":{"rendered":"https:\/\/visitaltotamegaebarroso.pt\/events\/vila-pouca-de-aguiar-iii-foro-peregrino\/"},"modified":"2025-04-23T15:23:23","modified_gmt":"2025-04-23T14:23:23","slug":"vila-pouca-de-aguiar-iii-foro-peregrino","status":"publish","type":"mec-events","link":"https:\/\/visitaltotamegaebarroso.pt\/es\/events\/vila-pouca-de-aguiar-iii-foro-peregrino\/","title":{"rendered":"Vila Pouca de Aguiar | III Foro Peregrino"},"content":{"rendered":"<p>El III Foro del Peregrino se celebrar\u00e1 los d\u00edas 22, 23 y 24 de mayo en el emblem\u00e1tico Casino de Pedras Salgadas y en el auditorio de la Santa Casa da Miseric\u00f3rdia de Vila Pouca de Aguiar.<\/p>\n<p>Organizado por la Federaci\u00f3n Portuguesa del Camino de Santiago, el evento incluye mesas redondas, testimonios de peregrinos, entrega de insignias de hospitalidad jacobea, momentos culturales, una sesi\u00f3n de formaci\u00f3n, un paseo por el tramo local del Camino de Santiago y una visita a los albergues de Parada y Sabroso de Aguiar.<br \/>\nTres d\u00edas para reflexionar, compartir y vivir el esp\u00edritu jacobeo.<\/p>\n","protected":false},"excerpt":{"rendered":"<p>El III Foro del Peregrino se celebrar\u00e1 los d\u00edas 22, 23 y 24 de mayo en el emblem\u00e1tico Casino de Pedras Salgadas y en el auditorio de la Santa Casa da Miseric\u00f3rdia de Vila Pouca de Aguiar. Organizado por la [&hellip;]<\/p>\n","protected":false},"author":5,"featured_media":38098,"comment_status":"closed","ping_status":"closed","template":"","tags":[],"mec_category":[1648],"_links":{"self":[{"href":"https:\/\/visitaltotamegaebarroso.pt\/es\/wp-json\/wp\/v2\/mec-events\/38102"}],"collection":[{"href":"https:\/\/visitaltotamegaebarroso.pt\/es\/wp-json\/wp\/v2\/mec-events"}],"about":[{"href":"https:\/\/visitaltotamegaebarroso.pt\/es\/wp-json\/wp\/v2\/types\/mec-events"}],"author":[{"embeddable":true,"href":"https:\/\/visitaltotamegaebarroso.pt\/es\/wp-json\/wp\/v2\/users\/5"}],"replies":[{"embeddable":true,"href":"https:\/\/visitaltotamegaebarroso.pt\/es\/wp-json\/wp\/v2\/comments?post=38102"}],"wp:featuredmedia":[{"embeddable":true,"href":"https:\/\/visitaltotamegaebarroso.pt\/es\/wp-json\/wp\/v2\/media\/38098"}],"wp:attachment":[{"href":"https:\/\/visitaltotamegaebarroso.pt\/es\/wp-json\/wp\/v2\/media?parent=38102"}],"wp:term":[{"taxonomy":"post_tag","embeddable":true,"href":"https:\/\/visitaltotamegaebarroso.pt\/es\/wp-json\/wp\/v2\/tags?post=38102"},{"taxonomy":"mec_category","embeddable":true,"href":"https:\/\/visitaltotamegaebarroso.pt\/es\/wp-json\/wp\/v2\/mec_category?post=38102"}],"curies":[{"name":"wp","href":"https:\/\/api.w.org\/{rel}","templated":true}]}}